{"id":767,"date":"2017-12-03T14:21:46","date_gmt":"2017-12-03T14:21:46","guid":{"rendered":"http:\/\/chateau-de-valangin.ch\/NEWSITE\/?page_id=767"},"modified":"2024-01-06T15:37:26","modified_gmt":"2024-01-06T14:37:26","slug":"geschichte","status":"publish","type":"page","link":"https:\/\/chateau-de-valangin.ch\/de\/geschichte\/","title":{"rendered":"GESCHICHTE"},"content":{"rendered":"<div class=\"wpb-content-wrapper\"><p>[vc_row bg_type=&#8220;image&#8220; parallax_style=&#8220;vcpb-default&#8220; bg_image_new=&#8220;id^18|url^http:\/\/chateau-de-valangin.ch\/NEWSITE\/wp-content\/uploads\/2017\/11\/valangin-b-lv-2.jpg|caption^null|alt^null|title^valangin-b-lv-2|description^null&#8220; bg_image_repeat=&#8220;no-repeat&#8220; bg_override=&#8220;full&#8220; enable_overlay=&#8220;enable_overlay_value&#8220; overlay_color=&#8220;rgba(89,6,48,0.96)&#8220; overlay_pattern=&#8220;transperant&#8220; overlay_pattern_opacity=&#8220;90&#8243;][vc_column][vc_row_inner css=&#8220;.vc_custom_1512319007698{padding-top: 20px !important;padding-bottom: 20px !important;}&#8220;][vc_column_inner css=&#8220;.vc_custom_1512318898074{background-position: center !important;background-repeat: no-repeat !important;background-size: cover !important;}&#8220;]<div id=\"ultimate-heading-99056a9643818fbde\" class=\"uvc-heading ult-adjust-bottom-margin ultimate-heading-99056a9643818fbde uvc-8175 Titre_Page\" data-hspacer=\"no_spacer\"  data-halign=\"center\" style=\"text-align:center\"><div class=\"uvc-heading-spacer no_spacer\" style=\"top\"><\/div><div class=\"uvc-main-heading ult-responsive\"  data-ultimate-target='.uvc-heading.ultimate-heading-99056a9643818fbde h1'  data-responsive-json-new='{\"font-size\":\"desktop:40px;\",\"line-height\":\"\"}' ><h1 style=\"font-weight:normal;color:#ffffff;\">Geschichte<\/h1><\/div><\/div>[\/vc_column_inner][\/vc_row_inner][\/vc_column][\/vc_row][vc_row][vc_column][vc_row_inner][vc_column_inner width=&#8220;1\/2&#8243;]<div id=\"ultimate-heading-4666a9643818fc34\" class=\"uvc-heading ult-adjust-bottom-margin ultimate-heading-4666a9643818fc34 uvc-1842 \" data-hspacer=\"no_spacer\"  data-halign=\"left\" style=\"text-align:left\"><div class=\"uvc-heading-spacer no_spacer\" style=\"top\"><\/div><div class=\"uvc-main-heading ult-responsive\"  data-ultimate-target='.uvc-heading.ultimate-heading-4666a9643818fc34 h3'  data-responsive-json-new='{\"font-size\":\"desktop:10px;\",\"line-height\":\"\"}' ><h3 style=\"font-weight:normal;color:#737373;\">DIE GESCHICHTE DES SCHLOSSES<\/h3><\/div><\/div><div id=\"ultimate-heading-54276a9643818fc74\" class=\"uvc-heading ult-adjust-bottom-margin ultimate-heading-54276a9643818fc74 uvc-6054 Titre_h2Home\" data-hspacer=\"no_spacer\"  data-halign=\"left\" style=\"text-align:left\"><div class=\"uvc-heading-spacer no_spacer\" style=\"top\"><\/div><div class=\"uvc-main-heading ult-responsive\"  data-ultimate-target='.uvc-heading.ultimate-heading-54276a9643818fc74 h2'  data-responsive-json-new='{\"font-size\":\"\",\"line-height\":\"\"}' ><h2 style=\"font-weight:normal;margin-top:-20px;\">Kurzer historischer \u00dcberblick<\/h2><\/div><\/div>[vc_column_text]Das Schloss Valangin war von der Mitte des 12. Jahrhunderts bis 1566 die Residenz der Herren von Valangin, deren Herrschaftsgebiet sich \u00fcber ein weites Gebiet erstreckte. In den Texten erscheint das Schloss zwar erst gegen Ende des 13. Jahrhunderts, aber die Anwesenheit von Feudalherren ab Mitte des 12. Jahrhunderts l\u00e4sst darauf schliessen, dass der Felsvorsprung, auf dem sich das Schloss befindet, bereits zu dieser Zeit befestigt war.<\/p>\n<p>Die \u00e4ltesten heute sichtbaren Geb\u00e4udeteile stammen aus dem 13. Jahrhundert. Zu dieser Zeit befand sich die Burg nur zuoberst auf dem Felsen. Sie bestand aus einem Hof, der von einer Mauer umgeben war, und einem befestigten Wohnturm (Donjon), dem heutigen Museum, der damals als Wohngeb\u00e4ude und wichtigste Befestigungsanlage diente. Im Laufe des 14. und fr\u00fchen 15. Jahrhunderts wurden zwei weitere T\u00fcrme errichtet.[\/vc_column_text][\/vc_column_inner][vc_column_inner width=&#8220;1\/2&#8243;][vc_single_image image=&#8220;3291&#8243; img_size=&#8220;full&#8220;][\/vc_column_inner][\/vc_row_inner][\/vc_column][\/vc_row][vc_row bg_type=&#8220;bg_color&#8220; bg_override=&#8220;full&#8220; bg_color_value=&#8220;#ffffff&#8220;][vc_column][vc_row_inner][vc_column_inner width=&#8220;1\/2&#8243;][vc_single_image image=&#8220;3289&#8243; img_size=&#8220;full&#8220;][\/vc_column_inner][vc_column_inner width=&#8220;1\/2&#8243;][vc_column_text]Mit den aufkommenden Feuerwaffen \u00e4nderten sich die milit\u00e4rischen Anforderungen an eine Festung. Ab 1430 wurden Anpassungen begonnen, die Burg wurde jedoch erst gegen Ende des 15. Jahrhunderts mit einer zweiten Ringmauer (Vorwall oder &#8222;Fausse Braye&#8220;) versehen, die von elf halbkreisf\u00f6rmigen T\u00fcrmen flankiert wurde.<\/p>\n<p>Ab Mitte des 15. Jahrhunderts wurde die Burganlage gr\u00fcndlich renoviert und der Wohnturm wohnlicher gestaltet, zu Beginn des 16. Jahrhunderts wurden im ehemaligen Hof weitere Geb\u00e4ude errichtet.<\/p>\n<p>Ab 1592 geh\u00f6rte das Schloss Valangin zum Gebiet der Grafen von Neuenburg und spielte ab da nur noch eine untergeordnete Rolle. Das Geb\u00e4ude, das zun\u00e4chst noch von einem Hauptmann und einem Schlossverwalter bewohnt war, wurde bald an einen einfachen Hausmeister und dann an einen Kerkermeister \u00fcbergeben.[\/vc_column_text][\/vc_column_inner][\/vc_row_inner][\/vc_column][\/vc_row][vc_row][vc_column][vc_row_inner][vc_column_inner width=&#8220;1\/2&#8243;][vc_column_text]Fortan befanden sich in dem Geb\u00e4ude ein Kerker. Bei einem Brand im Jahr 1747, wurde ein Fl\u00fcgel des Schlosses ganz zerst\u00f6rt, und der Wohnturm stark besch\u00e4digt. Nur der Wohnturm entkam den Flammen. Zwischen 1769 und 1772 wurde er restauriert und zum Teil wieder aufgebaut, obwohl K\u00f6nig Friedrich II. von Preussen nicht verstand, weshalb die B\u00fcrger von Valangin so an dieser &#8222;alten Bruchbude&#8220; hingen.<\/p>\n<p>Ab 1894 richtete die Soci\u00e9t\u00e9 d&#8217;Histoire et d&#8217;Arch\u00e9ologie du canton de Neuch\u00e2tel (SHAN) im Schloss das heutige Museum ein. Umfangreiche Restaurierungs- und Bauarbeiten in den Jahren 1896-98, 1900, 1905-16 trugen dazu bei, die Geb\u00e4ude zu erhalten und aufzuwerten. Die Restaurierungsarbeiten wurden 1996 mit dem Bau eines neuen Eingangs, eines L\u00f6schwassertanks f\u00fcr den Brandfall und eines Luftschutzkellers f\u00fcr die Kulturg\u00fcter abgeschlossen.[\/vc_column_text][\/vc_column_inner][vc_column_inner width=&#8220;1\/2&#8243;][vc_single_image image=&#8220;3293&#8243; img_size=&#8220;full&#8220;][\/vc_column_inner][\/vc_row_inner][\/vc_column][\/vc_row][vc_row][vc_column css=&#8220;.vc_custom_1518177542142{margin-top: -35px !important;margin-bottom: -35px !important;}&#8220;]<div class=\"templatera_shortcode\"><div class=\"vc_row wpb_row vc_row-fluid vc_row-o-content-middle vc_row-flex\"><div class=\"wpb_column vc_column_container vc_col-sm-12\"><div class=\"vc_column-inner\"><div class=\"wpb_wrapper\"><div id=\"ultimate-heading-68986a96438191fbe\" class=\"uvc-heading ult-adjust-bottom-margin ultimate-heading-68986a96438191fbe uvc-1590 \" data-hspacer=\"no_spacer\"  data-halign=\"center\" style=\"text-align:center\"><div class=\"uvc-heading-spacer no_spacer\" style=\"top\"><\/div><div class=\"uvc-main-heading ult-responsive\"  data-ultimate-target='.uvc-heading.ultimate-heading-68986a96438191fbe h3'  data-responsive-json-new='{\"font-size\":\"\",\"line-height\":\"\"}' ><h3 style=\"font-weight:normal;color:#818693;\">Newsletter<\/h3><\/div><div class=\"uvc-sub-heading ult-responsive\"  data-ultimate-target='.uvc-heading.ultimate-heading-68986a96438191fbe .uvc-sub-heading '  data-responsive-json-new='{\"font-size\":\"\",\"line-height\":\"\"}'  style=\"font-weight:normal;color:#ffffff;margin-top:20px;\">\r\n<p style=\"text-align: center;\">BLEIBEN SIE AUF DEM LAUFENDEN, ABONNIEREN SIE UNSEREN NEWSLETTER!\r\n(Bemerkung: der Newsletter ist Franz\u00f6sisch)<\/p>\r\n<\/div><\/div>\n\t<div class=\"wpb_text_column wpb_content_element\" >\n\t\t<div class=\"wpb_wrapper\">\n\t\t\t<p><center>  \n  \n  <div class=\"\n    mailpoet_form_popup_overlay\n      \"><\/div>\n  <div\n    id=\"mailpoet_form_2\"\n    class=\"\n      mailpoet_form\n      mailpoet_form_shortcode\n      mailpoet_form_position_\n      mailpoet_form_animation_\n    \"\n      >\n\n    <style type=\"text\/css\">\n     #mailpoet_form_2 .mailpoet_form {  }\n#mailpoet_form_2 .mailpoet_paragraph {  }\n#mailpoet_form_2 .mailpoet_segment_label, #mailpoet_form_2 .mailpoet_text_label, #mailpoet_form_2 .mailpoet_textarea_label, #mailpoet_form_2 .mailpoet_select_label, #mailpoet_form_2 .mailpoet_radio_label, #mailpoet_form_2 .mailpoet_checkbox_label, #mailpoet_form_2 .mailpoet_list_label, #mailpoet_form_2 .mailpoet_date_label {  }\n#mailpoet_form_2 .mailpoet_text, #mailpoet_form_2 .mailpoet_textarea, #mailpoet_form_2 .mailpoet_select, #mailpoet_form_2 .mailpoet_date_month, #mailpoet_form_2 .mailpoet_date_day, #mailpoet_form_2 .mailpoet_date_year, #mailpoet_form_2 .mailpoet_date {  }\n#mailpoet_form_2 .mailpoet_text, #mailpoet_form_2 .mailpoet_textarea {  }\n#mailpoet_form_2 .mailpoet_checkbox {  }\n#mailpoet_form_2 .mailpoet_submit input {  }\n#mailpoet_form_2 .mailpoet_divider {  }\n#mailpoet_form_2 .mailpoet_message {  }\n#mailpoet_form_2 .mailpoet_validate_success { color: #468847; }\n#mailpoet_form_2 .mailpoet_validate_error { color: #b94a48; }#mailpoet_form_2{border-radius: 0px;text-align: left;}#mailpoet_form_2 form.mailpoet_form {padding: 20px;}#mailpoet_form_2{width: 100%;}#mailpoet_form_2 .mailpoet_message {margin: 0; padding: 0 20px;}#mailpoet_form_2 .mailpoet_paragraph.last {margin-bottom: 0} @media (max-width: 500px) {#mailpoet_form_2 {background-image: none;}} @media (min-width: 500px) {#mailpoet_form_2 .last .mailpoet_paragraph:last-child {margin-bottom: 0}}  @media (max-width: 500px) {#mailpoet_form_2 .mailpoet_form_column:last-child .mailpoet_paragraph:last-child {margin-bottom: 0}} \n    <\/style>\n\n    <form\n      target=\"_self\"\n      method=\"post\"\n      action=\"https:\/\/chateau-de-valangin.ch\/NEWSITE\/wp-admin\/admin-post.php?action=mailpoet_subscription_form\"\n      class=\"mailpoet_form mailpoet_form_form mailpoet_form_shortcode\"\n      novalidate\n      data-delay=\"\"\n      data-exit-intent-enabled=\"\"\n      data-trigger-mode=\"\"\n      data-click-trigger-selector=\"\"\n      data-font-family=\"\"\n      data-cookie-expiration-time=\"\"\n    >\n      <input type=\"hidden\" name=\"data[form_id]\" value=\"2\" \/>\n      <input type=\"hidden\" name=\"token\" value=\"11d1dc5a37\" \/>\n      <input type=\"hidden\" name=\"api_version\" value=\"v1\" \/>\n      <input type=\"hidden\" name=\"endpoint\" value=\"subscribers\" \/>\n      <input type=\"hidden\" name=\"mailpoet_method\" value=\"subscribe\" \/>\n\n      <label class=\"mailpoet_hp_email_label\" style=\"display: none !important;\">Bitte dieses Feld leer lassen<input type=\"email\" name=\"data[email]\"\/><\/label><div class=\"mailpoet_paragraph \"><input type=\"email\" autocomplete=\"email\" class=\"mailpoet_text\" id=\"form_email_2\" name=\"data[form_field_NTVkYTQ0Y2ZlMjY3X2VtYWls]\" title=\"E-mail\" value=\"\" style=\"padding:5px;margin: 0 auto 0 0;\" data-automation-id=\"form_email\"  placeholder=\"E-mail *\" aria-label=\"E-mail *\" data-parsley-errors-container=\".mailpoet_error_1rgw4\" data-parsley-required=\"true\" required aria-required=\"true\" data-parsley-minlength=\"6\" data-parsley-maxlength=\"150\" data-parsley-type-message=\"Dieser Wert sollte eine g\u00fcltige E-Mail-Adresse sein.\" data-parsley-required-message=\"Dieses Feld wird ben\u00f6tigt.\"\/><span class=\"mailpoet_error_1rgw4\"><\/span><\/div>\n<div class=\"mailpoet_paragraph \"><input type=\"submit\" class=\"mailpoet_submit\" value=\"ABONNIEREN\" data-automation-id=\"subscribe-submit-button\" style=\"padding:5px;margin: 0 auto 0 0;border-color:transparent;\" \/><span class=\"mailpoet_form_loading\"><span class=\"mailpoet_bounce1\"><\/span><span class=\"mailpoet_bounce2\"><\/span><span class=\"mailpoet_bounce3\"><\/span><\/span><\/div>\n\n      <div class=\"mailpoet_message\">\n        <p class=\"mailpoet_validate_success\"\n                style=\"display:none;\"\n                >Bitte \u00fcberpr\u00fcfen Sie Ihren Posteingang, um Ihr Abonnement zu best\u00e4tigen. Sehen Sie ggf. auch im Spamordner nach.\n        <\/p>\n        <p class=\"mailpoet_validate_error\"\n                style=\"display:none;\"\n                >        <\/p>\n      <\/div>\n    <\/form>\n\n      <\/div>\n\n  <\/center><\/p>\n\n\t\t<\/div>\n\t<\/div>\n<\/div><\/div><\/div><\/div><!-- Row Backgrounds --><div class=\"upb_color\" data-bg-override=\"full\" data-bg-color=\"rgba(89,6,48,0.96)\" data-fadeout=\"\" data-fadeout-percentage=\"30\" data-parallax-content=\"\" data-parallax-content-sense=\"30\" data-row-effect-mobile-disable=\"true\" data-img-parallax-mobile-disable=\"true\" data-rtl=\"false\"  data-custom-vc-row=\"\"  data-vc=\"7.9\"  data-is_old_vc=\"\"  data-theme-support=\"\"   data-overlay=\"true\" data-overlay-color=\"rgba(89,6,48,0.96)\" data-overlay-pattern=\"\" data-overlay-pattern-opacity=\"0.9\" data-overlay-pattern-size=\"\" data-overlay-pattern-attachment=\"scroll\"    ><\/div><\/div>[\/vc_column][\/vc_row]<\/p>\n<\/div>","protected":false},"excerpt":{"rendered":"Newsletter BLEIBEN SIE AUF DEM LAUFENDEN, ABONNIEREN SIE UNSEREN NEWSLETTER! (Bemerkung: der Newsletter ist Franz\u00f6sisch) Bitte dieses Feld leer lassen Bitte \u00fcberpr\u00fcfen Sie Ihren Posteingang, um<span class=\"excerpt-hellip\"> [\u2026]<\/span>","protected":false},"author":1,"featured_media":0,"parent":0,"menu_order":0,"comment_status":"closed","ping_status":"closed","template":"","meta":{"footnotes":""},"class_list":["post-767","page","type-page","status-publish","hentry"],"_links":{"self":[{"href":"https:\/\/chateau-de-valangin.ch\/de\/wp-json\/wp\/v2\/pages\/767","targetHints":{"allow":["GET"]}}],"collection":[{"href":"https:\/\/chateau-de-valangin.ch\/de\/wp-json\/wp\/v2\/pages"}],"about":[{"href":"https:\/\/chateau-de-valangin.ch\/de\/wp-json\/wp\/v2\/types\/page"}],"author":[{"embeddable":true,"href":"https:\/\/chateau-de-valangin.ch\/de\/wp-json\/wp\/v2\/users\/1"}],"replies":[{"embeddable":true,"href":"https:\/\/chateau-de-valangin.ch\/de\/wp-json\/wp\/v2\/comments?post=767"}],"version-history":[{"count":12,"href":"https:\/\/chateau-de-valangin.ch\/de\/wp-json\/wp\/v2\/pages\/767\/revisions"}],"predecessor-version":[{"id":4160,"href":"https:\/\/chateau-de-valangin.ch\/de\/wp-json\/wp\/v2\/pages\/767\/revisions\/4160"}],"wp:attachment":[{"href":"https:\/\/chateau-de-valangin.ch\/de\/wp-json\/wp\/v2\/media?parent=767"}],"curies":[{"name":"wp","href":"https:\/\/api.w.org\/{rel}","templated":true}]}}