{"id":2475,"date":"2018-01-22T20:50:39","date_gmt":"2018-01-22T20:50:39","guid":{"rendered":"http:\/\/chateau-de-valangin.ch\/NEWSITE\/visites_et_ateliers\/"},"modified":"2024-07-05T19:14:44","modified_gmt":"2024-07-05T17:14:44","slug":"fuehrungen-und-workshops","status":"publish","type":"page","link":"https:\/\/chateau-de-valangin.ch\/de\/fuehrungen-und-workshops\/","title":{"rendered":"FUEHRUNGEN UND WORKSHOPS"},"content":{"rendered":"<div class=\"wpb-content-wrapper\"><p>[vc_row bg_type=&#8220;image&#8220; parallax_style=&#8220;vcpb-default&#8220; bg_image_new=&#8220;id^18|url^http:\/\/chateau-de-valangin.ch\/NEWSITE\/wp-content\/uploads\/2017\/11\/valangin-b-lv-2.jpg|caption^null|alt^null|title^valangin-b-lv-2|description^null&#8220; bg_image_repeat=&#8220;no-repeat&#8220; bg_override=&#8220;full&#8220; enable_overlay=&#8220;enable_overlay_value&#8220; overlay_color=&#8220;rgba(89,6,48,0.96)&#8220; overlay_pattern=&#8220;transperant&#8220; overlay_pattern_opacity=&#8220;90&#8243;][vc_column][vc_row_inner css=&#8220;.vc_custom_1512319007698{padding-top: 20px !important;padding-bottom: 20px !important;}&#8220;][vc_column_inner css=&#8220;.vc_custom_1512318898074{background-position: center !important;background-repeat: no-repeat !important;background-size: cover !important;}&#8220;]<div id=\"ultimate-heading-44686a96344eaa74d\" class=\"uvc-heading ult-adjust-bottom-margin ultimate-heading-44686a96344eaa74d uvc-6727 Titre_Page\" data-hspacer=\"no_spacer\"  data-halign=\"center\" style=\"text-align:center\"><div class=\"uvc-heading-spacer no_spacer\" style=\"top\"><\/div><div class=\"uvc-main-heading ult-responsive\"  data-ultimate-target='.uvc-heading.ultimate-heading-44686a96344eaa74d h1'  data-responsive-json-new='{\"font-size\":\"desktop:40px;\",\"line-height\":\"\"}' ><h1 style=\"font-weight:normal;color:#ffffff;\">F\u00fchrungen und Workshops<\/h1><\/div><\/div>[\/vc_column_inner][\/vc_row_inner][\/vc_column][\/vc_row][vc_row el_id=&#8220;fuhrungen&#8220;][vc_column][vc_row_inner][vc_column_inner width=&#8220;1\/2&#8243;]<div class=\"ult-spacer spacer-6a96344eaa7b3\" data-id=\"6a96344eaa7b3\" data-height=\"20\" data-height-mobile=\"10\" data-height-tab=\"15\" data-height-tab-portrait=\"15\" data-height-mobile-landscape=\"10\" style=\"clear:both;display:block;\"><\/div><div id=\"ultimate-heading-77466a96344eaa7e9\" class=\"uvc-heading ult-adjust-bottom-margin ultimate-heading-77466a96344eaa7e9 uvc-4916 \" data-hspacer=\"no_spacer\"  data-halign=\"left\" style=\"text-align:left\"><div class=\"uvc-heading-spacer no_spacer\" style=\"top\"><\/div><div class=\"uvc-main-heading ult-responsive\"  data-ultimate-target='.uvc-heading.ultimate-heading-77466a96344eaa7e9 h3'  data-responsive-json-new='{\"font-size\":\"desktop:10px;\",\"line-height\":\"\"}' ><h3 style=\"font-weight:normal;color:#737373;\">GEF\u00dcHRTE BESICHTIGUNGEN<\/h3><\/div><\/div><div id=\"ultimate-heading-72136a96344eaa826\" class=\"uvc-heading ult-adjust-bottom-margin ultimate-heading-72136a96344eaa826 uvc-2772 Titre_h2Home\" data-hspacer=\"no_spacer\"  data-halign=\"left\" style=\"text-align:left\"><div class=\"uvc-heading-spacer no_spacer\" style=\"top\"><\/div><div class=\"uvc-main-heading ult-responsive\"  data-ultimate-target='.uvc-heading.ultimate-heading-72136a96344eaa826 h2'  data-responsive-json-new='{\"font-size\":\"\",\"line-height\":\"\"}' ><h2 style=\"font-weight:normal;margin-top:-20px;\">F\u00fchrungen<\/h2><\/div><\/div>[vc_column_text css=&#8220;&#8220;]Das Schloss und Museum Valangin bietet verschiedene F\u00fchrungen an, die auch miteinander kombiniert werden k\u00f6nnen. Untenstehend finden Sie weitere Informationen zu den einzelnen F\u00fchrungen!<\/p>\n<p>Gerne organisieren wir f\u00fcr Ihre Gruppe im Anschluss an eine F\u00fchrung einen Ap\u00e9ro oder Kaffee\/Tee\/Kuchen (Preis auf Anfrage).[\/vc_column_text][\/vc_column_inner][vc_column_inner width=&#8220;1\/2&#8243;][vc_single_image image=&#8220;3295&#8243; img_size=&#8220;full&#8220;][\/vc_column_inner][\/vc_row_inner][vc_row_inner css=&#8220;.vc_custom_1516927496478{margin-top: -40px !important;background-color: #efefef !important;background-position: center !important;background-repeat: no-repeat !important;background-size: contain !important;}&#8220;][vc_column_inner width=&#8220;1\/2&#8243;]<div class=\"ult_exp_section_layer ult-adjust-bottom-margin  \" >\n\t\t<div id=\"uvc-exp-wrap-5513\" role=\"button\" tabindex=\"0\" aria-pressed=\"false\"  data-ultimate-target='#uvc-exp-wrap-5513'  data-responsive-json-new='{\"font-size\":\"desktop:20px;\",\"line-height\":\"desktop:20px;\"}'  class=\"ult_exp_section  ult-responsive \" style=\"color:#590630;background-color:#efefef; font-weight:normal;margin-top:-25px;padding:0px;text-align:left;\" data-textcolor=\"#590630\"data-texthover=\"#000000\"data-icncolor=\"#590630\"data-ihover=\"#000000\"data-height=\"0\"data-cntbg=\"#efefef\"data-cnthvrbg=\"#efefef\"data-headerbg=\"#efefef\"data-headerhover=\"#efefef\"data-title=\"Das Schloss\"data-newtitle=\"Das Schloss\"data-icon=\"Defaults-chevron-right\"data-newicon=\"Defaults-chevron-down\"data-activeicon=\"#000000\"data-effect=\"slideToggle\"data-override=\"0\"data-activetitle=\"#590630\"data-activebg=\"#efefef\"data-img=\"\"data-newimg=\"\"><div class=\"ult_exp_section-main ult_expleft_icon\">\t<div class=\"ult-just-icon-wrapper ult_exp_icon\">\n\t\t\t\t\t<div class=\"align-icon \">\n\t\t\t\t\t\t\n<span class=\"aio-icon  none  ult_expsection_icon \"  style=\"color:#590630;font-size:15px;\">\n\t<i class=\"Defaults-chevron-right ult_ex_icon\"  ><\/i>\n<\/span>\n\t\t\t\t\t<\/div>\n\t\t\t\t<\/div>\n\t\t\t\t<div class=\"ult_expheader\" >Das Schloss\n\t\t\t\t<\/div>\n\t\t\t<\/div>\n\t\t<\/div><div class=\"ult_exp_content \" style=\"background-color:#efefef;  \"><div class=\"ult_ecpsub_cont\" style=\" \" >[vc_column_text]<\/p>\n<p style=\"text-align: left;\">Entdecken Sie die verschiedenen R\u00e4ume des Schlosses von Valangin, seine Geschichte, ungew\u00f6hnliche Exponate, gekl\u00f6ppelte Kissen&#8230;<\/p>\n<p style=\"text-align: left;\"><strong><span style=\"color: #590630;\">Dauer:<\/span><\/strong> ca. 1 Std.<br \/>\n<strong><span style=\"color: #590630;\">Preis:<\/span><\/strong> 100.- (zuz\u00fcglich Eintritte)<br \/>\n<strong><span style=\"color: #590630;\">Sprachen:<\/span><\/strong> Franz\u00f6sisch, Deutsch, Spanisch, Italienisch, Englisch<\/p>\n<p>[\/vc_column_text]<\/div><\/div>\n\n\t\t\t<\/div><div class=\"ult_exp_section_layer ult-adjust-bottom-margin  \" >\n\t\t<div id=\"uvc-exp-wrap-4536\" role=\"button\" tabindex=\"0\" aria-pressed=\"false\"  data-ultimate-target='#uvc-exp-wrap-4536'  data-responsive-json-new='{\"font-size\":\"desktop:20px;\",\"line-height\":\"desktop:20px;\"}'  class=\"ult_exp_section  ult-responsive \" style=\"color:#590630;background-color:#efefef; font-weight:normal;margin-top:-25px;padding:0px;text-align:left;\" data-textcolor=\"#590630\"data-texthover=\"#000000\"data-icncolor=\"#590630\"data-ihover=\"#000000\"data-height=\"0\"data-cntbg=\"#efefef\"data-cnthvrbg=\"#efefef\"data-headerbg=\"#efefef\"data-headerhover=\"#efefef\"data-title=\"Der unterirdische Gang\"data-newtitle=\"Der unterirdische Gang\"data-icon=\"Defaults-chevron-right\"data-newicon=\"Defaults-chevron-down\"data-activeicon=\"#000000\"data-effect=\"slideToggle\"data-override=\"0\"data-activetitle=\"#590630\"data-activebg=\"#efefef\"data-img=\"\"data-newimg=\"\"><div class=\"ult_exp_section-main ult_expleft_icon\">\t<div class=\"ult-just-icon-wrapper ult_exp_icon\">\n\t\t\t\t\t<div class=\"align-icon \">\n\t\t\t\t\t\t\n<span class=\"aio-icon  none  ult_expsection_icon \"  style=\"color:#590630;font-size:15px;\">\n\t<i class=\"Defaults-chevron-right ult_ex_icon\"  ><\/i>\n<\/span>\n\t\t\t\t\t<\/div>\n\t\t\t\t<\/div>\n\t\t\t\t<div class=\"ult_expheader\" >Der unterirdische Gang\n\t\t\t\t<\/div>\n\t\t\t<\/div>\n\t\t<\/div><div class=\"ult_exp_content \" style=\"background-color:#efefef;  \"><div class=\"ult_ecpsub_cont\" style=\" \" >[vc_column_text]<\/p>\n<p style=\"text-align: left;\">Der &#8222;Geheimgang&#8220; und seine achtbeinigen Bewohner.<br \/>\nUm was handelt es sich bei dem unterirdischen Geheimgang, der weder unterirdisch noch geheim ist? Kommen Sie und verlaufen Sie sich unterhalb des Schlosses!<\/p>\n<p style=\"text-align: left;\"><strong><span style=\"color: #590630;\">Dauer:<\/span><\/strong> ca. 30 Min.<br \/>\n<strong><span style=\"color: #590630;\">Preis:<\/span><\/strong> 50.- (zuz\u00fcglich Eintritte)<br \/>\n<strong><span style=\"color: #590630;\">Sprachen:<\/span><\/strong> Franz\u00f6sisch, Deutsch, Spanisch, Italienisch, Englisch<\/p>\n<p>[\/vc_column_text]<\/div><\/div>\n\n\t\t\t<\/div><div class=\"ult_exp_section_layer ult-adjust-bottom-margin  \" >\n\t\t<div id=\"uvc-exp-wrap-4080\" role=\"button\" tabindex=\"0\" aria-pressed=\"false\"  data-ultimate-target='#uvc-exp-wrap-4080'  data-responsive-json-new='{\"font-size\":\"desktop:20px;\",\"line-height\":\"desktop:20px;\"}'  class=\"ult_exp_section  ult-responsive \" style=\"color:#590630;background-color:#efefef; font-weight:normal;margin-top:-25px;padding:0px;text-align:left;\" data-textcolor=\"#590630\"data-texthover=\"#000000\"data-icncolor=\"#590630\"data-ihover=\"#000000\"data-height=\"0\"data-cntbg=\"#efefef\"data-cnthvrbg=\"#efefef\"data-headerbg=\"#efefef\"data-headerhover=\"#efefef\"data-title=\"Die Wechselausstellung\"data-newtitle=\"Die Wechselausstellung\"data-icon=\"Defaults-chevron-right\"data-newicon=\"Defaults-chevron-down\"data-activeicon=\"#000000\"data-effect=\"slideToggle\"data-override=\"0\"data-activetitle=\"#590630\"data-activebg=\"#efefef\"data-img=\"\"data-newimg=\"\"><div class=\"ult_exp_section-main ult_expleft_icon\">\t<div class=\"ult-just-icon-wrapper ult_exp_icon\">\n\t\t\t\t\t<div class=\"align-icon \">\n\t\t\t\t\t\t\n<span class=\"aio-icon  none  ult_expsection_icon \"  style=\"color:#590630;font-size:15px;\">\n\t<i class=\"Defaults-chevron-right ult_ex_icon\"  ><\/i>\n<\/span>\n\t\t\t\t\t<\/div>\n\t\t\t\t<\/div>\n\t\t\t\t<div class=\"ult_expheader\" >Die Wechselausstellung\n\t\t\t\t<\/div>\n\t\t\t<\/div>\n\t\t<\/div><div class=\"ult_exp_content \" style=\"background-color:#efefef;  \"><div class=\"ult_ecpsub_cont\" style=\" \" >[vc_column_text]<\/p>\n<p style=\"text-align: left;\">Jedes Jahr pr\u00e4sentiert das Schloss Valangin eine neue, zeitlich befristete Ausstellung zu einem bestimmten Thema. Besuchen Sie die Ausstellung in Begleitung einer F\u00fchrerin oder eines F\u00fchrers. Dabei erfahren Sie nicht nur alles \u00fcber den Inhalt der Ausstellung, sondern erhalten dar\u00fcber hinaus auch einen Einblick in die Art und Weise, wie eine Ausstellung zusammengestellt wird und warum gerade dieses Thema ausgew\u00e4hlt wurde.<\/p>\n<p style=\"text-align: left;\"><strong><span style=\"color: #590630;\">Dauer:<\/span><\/strong> ca. 45 Min.<br \/>\n<strong><span style=\"color: #590630;\">Preis:<\/span><\/strong> 80.- (zuz\u00fcglich Eintritte)<br \/>\n<strong><span style=\"color: #590630;\">Sprachen:<\/span><\/strong> Franz\u00f6sisch, Deutsch, Spanisch, Italienisch, Englisch<\/p>\n<p>[\/vc_column_text]<\/div><\/div>\n\n\t\t\t<\/div>[\/vc_column_inner][vc_column_inner width=&#8220;1\/2&#8243;]<div class=\"ult_exp_section_layer ult-adjust-bottom-margin  \" >\n\t\t<div id=\"uvc-exp-wrap-8401\" role=\"button\" tabindex=\"0\" aria-pressed=\"false\"  data-ultimate-target='#uvc-exp-wrap-8401'  data-responsive-json-new='{\"font-size\":\"desktop:20px;\",\"line-height\":\"desktop:20px;\"}'  class=\"ult_exp_section  ult-responsive \" style=\"color:#590630;background-color:#efefef; font-weight:normal;margin-top:-25px;padding:0px;text-align:left;\" data-textcolor=\"#590630\"data-texthover=\"#000000\"data-icncolor=\"#590630\"data-ihover=\"#000000\"data-height=\"0\"data-cntbg=\"#efefef\"data-cnthvrbg=\"#efefef\"data-headerbg=\"#efefef\"data-headerhover=\"#efefef\"data-title=\"Der Kompaktus\"data-newtitle=\"Der Kompaktus\"data-icon=\"Defaults-chevron-right\"data-newicon=\"Defaults-chevron-down\"data-activeicon=\"#000000\"data-effect=\"slideToggle\"data-override=\"0\"data-activetitle=\"#590630\"data-activebg=\"#efefef\"data-img=\"\"data-newimg=\"\"><div class=\"ult_exp_section-main ult_expleft_icon\">\t<div class=\"ult-just-icon-wrapper ult_exp_icon\">\n\t\t\t\t\t<div class=\"align-icon \">\n\t\t\t\t\t\t\n<span class=\"aio-icon  none  ult_expsection_icon \"  style=\"color:#590630;font-size:15px;\">\n\t<i class=\"Defaults-chevron-right ult_ex_icon\"  ><\/i>\n<\/span>\n\t\t\t\t\t<\/div>\n\t\t\t\t<\/div>\n\t\t\t\t<div class=\"ult_expheader\" >Der Kompaktus\n\t\t\t\t<\/div>\n\t\t\t<\/div>\n\t\t<\/div><div class=\"ult_exp_content \" style=\"background-color:#efefef;  \"><div class=\"ult_ecpsub_cont\" style=\" \" >[vc_column_text]Betreten Sie die Welt der Menschen, die das Inventar von gekl\u00f6ppelten Spitzen, Brillen und Modeb\u00fcchern erfassen, und Sie werden alles oder fast alles \u00fcber die Bedeutung der Arbeit eines Konservators oder einer Konservatorin und die Sch\u00f6nheit der verborgenen Sammlungen des Museums erfahren.<\/p>\n<p style=\"text-align: left;\"><strong><span style=\"color: #590630;\">Dauer:<\/span><\/strong> ca. 1 Std.<br \/>\n<strong><span style=\"color: #590630;\">Preis:<\/span><\/strong> 100.-\u00a0 (maximal 8 Personen, zuz\u00fcglich Eintritte)<br \/>\n<strong><span style=\"color: #590630;\">Sprachen:<\/span><\/strong> Franz\u00f6sisch, Deutsch, Spanisch, Italienisch, Englisch<\/p>\n<p>[\/vc_column_text]<\/div><\/div>\n\n\t\t\t<\/div><div class=\"ult_exp_section_layer ult-adjust-bottom-margin  \" >\n\t\t<div id=\"uvc-exp-wrap-1606\" role=\"button\" tabindex=\"0\" aria-pressed=\"false\"  data-ultimate-target='#uvc-exp-wrap-1606'  data-responsive-json-new='{\"font-size\":\"desktop:20px;\",\"line-height\":\"desktop:20px;\"}'  class=\"ult_exp_section  ult-responsive \" style=\"color:#590630;background-color:#efefef; font-weight:normal;margin-top:-25px;padding:0px;text-align:left;\" data-textcolor=\"#590630\"data-texthover=\"#000000\"data-icncolor=\"#590630\"data-ihover=\"#000000\"data-height=\"0\"data-cntbg=\"#efefef\"data-cnthvrbg=\"#efefef\"data-headerbg=\"#efefef\"data-headerhover=\"#efefef\"data-title=\"Das Schloss im Kerzenschein\"data-newtitle=\"Das Schloss im Kerzenschein\"data-icon=\"Defaults-chevron-right\"data-newicon=\"Defaults-chevron-down\"data-activeicon=\"#000000\"data-effect=\"slideToggle\"data-override=\"0\"data-activetitle=\"#590630\"data-activebg=\"#efefef\"data-img=\"\"data-newimg=\"\"><div class=\"ult_exp_section-main ult_expleft_icon\">\t<div class=\"ult-just-icon-wrapper ult_exp_icon\">\n\t\t\t\t\t<div class=\"align-icon \">\n\t\t\t\t\t\t\n<span class=\"aio-icon  none  ult_expsection_icon \"  style=\"color:#590630;font-size:15px;\">\n\t<i class=\"Defaults-chevron-right ult_ex_icon\"  ><\/i>\n<\/span>\n\t\t\t\t\t<\/div>\n\t\t\t\t<\/div>\n\t\t\t\t<div class=\"ult_expheader\" >Das Schloss im Kerzenschein\n\t\t\t\t<\/div>\n\t\t\t<\/div>\n\t\t<\/div><div class=\"ult_exp_content \" style=\"background-color:#efefef;  \"><div class=\"ult_ecpsub_cont\" style=\" \" >[vc_column_text]<\/p>\n<p style=\"text-align: left;\">Folgen Sie der Laterne unserer F\u00fchrerin \u00fcber den n\u00e4chtlichen Wehrgang zu den finsteren R\u00e4umen des n\u00e4chtlichen Schlosses.<br \/>\nIm Schein der Taschenlampen herrscht im Schloss eine mysteri\u00f6se Atmosph\u00e4re und die dunklen Ecken werden Ihnen Ihnen ungeahnte Details offenbaren.<\/p>\n<p style=\"text-align: left;\"><strong><span style=\"color: #590630;\">Dauer:<\/span><\/strong> ca. 1.5 Std.<br \/>\n<strong><span style=\"color: #590630;\">Preis:<\/span><\/strong> 150.- (zuz\u00fcglich Eintritte)<br \/>\n<strong><span style=\"color: #590630;\">Sprachen:<\/span><\/strong> Franz\u00f6sisch, Deutsch, Spanisch, Italienisch, Englisch<\/p>\n<p>[\/vc_column_text]<\/div><\/div>\n\n\t\t\t<\/div><div class=\"ult_exp_section_layer ult-adjust-bottom-margin  \" >\n\t\t<div id=\"uvc-exp-wrap-6012\" role=\"button\" tabindex=\"0\" aria-pressed=\"false\"  data-ultimate-target='#uvc-exp-wrap-6012'  data-responsive-json-new='{\"font-size\":\"desktop:20px;\",\"line-height\":\"desktop:20px;\"}'  class=\"ult_exp_section  ult-responsive \" style=\"color:#590630;background-color:#efefef; font-weight:normal;margin-top:-25px;padding:0px;text-align:left;\" data-textcolor=\"#590630\"data-texthover=\"#000000\"data-icncolor=\"#590630\"data-ihover=\"#000000\"data-height=\"0\"data-cntbg=\"#efefef\"data-cnthvrbg=\"#efefef\"data-headerbg=\"#efefef\"data-headerhover=\"#efefef\"data-title=\"Allgemeine Bedingungen\"data-newtitle=\"Allgemeine Bedingungen\"data-icon=\"Defaults-chevron-right\"data-newicon=\"Defaults-chevron-down\"data-activeicon=\"#000000\"data-effect=\"slideToggle\"data-override=\"0\"data-activetitle=\"#590630\"data-activebg=\"#efefef\"data-img=\"\"data-newimg=\"\"><div class=\"ult_exp_section-main ult_expleft_icon\">\t<div class=\"ult-just-icon-wrapper ult_exp_icon\">\n\t\t\t\t\t<div class=\"align-icon \">\n\t\t\t\t\t\t\n<span class=\"aio-icon  none  ult_expsection_icon \"  style=\"color:#590630;font-size:15px;\">\n\t<i class=\"Defaults-chevron-right ult_ex_icon\"  ><\/i>\n<\/span>\n\t\t\t\t\t<\/div>\n\t\t\t\t<\/div>\n\t\t\t\t<div class=\"ult_expheader\" >Allgemeine Bedingungen\n\t\t\t\t<\/div>\n\t\t\t<\/div>\n\t\t<\/div><div class=\"ult_exp_content \" style=\"background-color:#efefef;  \"><div class=\"ult_ecpsub_cont\" style=\" \" >[vc_column_text]<\/p>\n<p style=\"text-align: left;\"><span style=\"color: #590630;\"><strong>Reservierung:<\/strong><\/span> Per E-Mail oder Telefon. Bei einer provisorischen Vorreservierung muss die definitive Zu- oder Absage innerhalb einer Woche erfolgen.<br \/>\nBitte teilen Sie uns eine eventuelle Versp\u00e4tung unter der Nummer 032 857 23 83 mit. In diesem Fall kann es passieren, dass wir Ihre Besichtigung abk\u00fcrzen m\u00fcssen (je nachdem, wie unserer Terminplan aussieht). In Rechnung gestellt wird auf jeden Fall die gebuchte und best\u00e4tigte Dauer. Vielen Dank f\u00fcr Ihr Verst\u00e4ndnis.<br \/>\n<strong><span style=\"color: #590630;\">Stornierung:<\/span><\/strong> Bis sp\u00e4testens 48 Stunden vor dem gebuchten Termin, andernfalls werden die Leistungen in Rechnung gestellt.<br \/>\n<span style=\"color: #590630;\"><strong>Bezahlung:<\/strong><\/span> Vor Ort in Bar oder mit Twint. Kartenzahlung ist NICHT m\u00f6glich. Auf Wunsch k\u00f6nnen wir Ihnen eine Rechnung ausstellen.<\/p>\n<p>[\/vc_column_text]<\/div><\/div>\n\n\t\t\t<\/div>[\/vc_column_inner][\/vc_row_inner][\/vc_column][\/vc_row][vc_row bg_type=&#8220;bg_color&#8220; bg_override=&#8220;full&#8220; el_id=&#8220;workshops&#8220; bg_color_value=&#8220;#efefef&#8220;][vc_column][vc_row_inner css=&#8220;.vc_custom_1516927883586{margin-bottom: -40px !important;}&#8220;][vc_column_inner width=&#8220;1\/2&#8243;][vc_single_image image=&#8220;2378&#8243; img_size=&#8220;full&#8220;][\/vc_column_inner][vc_column_inner width=&#8220;1\/2&#8243;]<div class=\"ult-spacer spacer-6a96344eaaae8\" data-id=\"6a96344eaaae8\" data-height=\"10\" data-height-mobile=\"0\" data-height-tab=\"5\" data-height-tab-portrait=\"5\" data-height-mobile-landscape=\"0\" style=\"clear:both;display:block;\"><\/div><div id=\"ultimate-heading-26236a96344eaab19\" class=\"uvc-heading ult-adjust-bottom-margin ultimate-heading-26236a96344eaab19 uvc-7198 \" data-hspacer=\"no_spacer\"  data-halign=\"left\" style=\"text-align:left\"><div class=\"uvc-heading-spacer no_spacer\" style=\"top\"><\/div><div class=\"uvc-main-heading ult-responsive\"  data-ultimate-target='.uvc-heading.ultimate-heading-26236a96344eaab19 h3'  data-responsive-json-new='{\"font-size\":\"desktop:10px;\",\"line-height\":\"\"}' ><h3 style=\"font-weight:normal;color:#737373;\">WORKSHOPS F\u00dcR KINDER UND SCHULKLASSEN<\/h3><\/div><\/div><div id=\"ultimate-heading-75396a96344eaab55\" class=\"uvc-heading ult-adjust-bottom-margin ultimate-heading-75396a96344eaab55 uvc-4522 Titre_h2Home\" data-hspacer=\"no_spacer\"  data-halign=\"left\" style=\"text-align:left\"><div class=\"uvc-heading-spacer no_spacer\" style=\"top\"><\/div><div class=\"uvc-main-heading ult-responsive\"  data-ultimate-target='.uvc-heading.ultimate-heading-75396a96344eaab55 h2'  data-responsive-json-new='{\"font-size\":\"\",\"line-height\":\"\"}' ><h2 style=\"font-weight:normal;margin-top:-20px;\">Workshops<\/h2><\/div><\/div>[vc_column_text]Seit 2018 bieten wir mehrere kindgerechte Workshops und F\u00fchrungen an. Diese k\u00f6nnen von Schulklassen, f\u00fcr Geburtstage oder f\u00fcr andere Gelegenheiten gebucht werden. Weitere Details finden Sie, wenn Sie auf den Link zu den jeweiligen Workshops klicken. F\u00fcr weitere Informationen lesen Sie bitte auch die Allgemeinen Gesch\u00e4ftsbedingungen.[\/vc_column_text][\/vc_column_inner][\/vc_row_inner]<div class=\"ult-spacer spacer-6a96344eaab94\" data-id=\"6a96344eaab94\" data-height=\"-60\" data-height-mobile=\"0\" data-height-tab=\"0\" data-height-tab-portrait=\"0\" data-height-mobile-landscape=\"0\" style=\"clear:both;display:block;\"><\/div>[vc_row_inner css=&#8220;.vc_custom_1516928286374{margin-top: -20px !important;background-color: #ffffff !important;}&#8220;][vc_column_inner width=&#8220;1\/2&#8243;]<div class=\"ult_exp_section_layer ult-adjust-bottom-margin  \" >\n\t\t<div id=\"uvc-exp-wrap-3219\" role=\"button\" tabindex=\"0\" aria-pressed=\"false\"  data-ultimate-target='#uvc-exp-wrap-3219'  data-responsive-json-new='{\"font-size\":\"desktop:20px;\",\"line-height\":\"desktop:20px;\"}'  class=\"ult_exp_section  ult-responsive \" style=\"color:#590630;background-color:#ffffff; font-weight:normal;margin-top:-25px;padding:0px;text-align:left;\" data-textcolor=\"#590630\"data-texthover=\"#000000\"data-icncolor=\"#590630\"data-ihover=\"#000000\"data-height=\"0\"data-cntbg=\"#ffffff\"data-cnthvrbg=\"#ffffff\"data-headerbg=\"#ffffff\"data-headerhover=\"#ffffff\"data-title=\"Der Geschichte(n)spaziergang\"data-newtitle=\"Der Geschichte(n)spaziergang\"data-icon=\"Defaults-chevron-right\"data-newicon=\"Defaults-chevron-down\"data-activeicon=\"#000000\"data-effect=\"slideToggle\"data-override=\"0\"data-activetitle=\"#590630\"data-activebg=\"#ffffff\"data-img=\"\"data-newimg=\"\"><div class=\"ult_exp_section-main ult_expleft_icon\">\t<div class=\"ult-just-icon-wrapper ult_exp_icon\">\n\t\t\t\t\t<div class=\"align-icon \">\n\t\t\t\t\t\t\n<span class=\"aio-icon  none  ult_expsection_icon \"  style=\"color:#590630;font-size:15px;\">\n\t<i class=\"Defaults-chevron-right ult_ex_icon\"  ><\/i>\n<\/span>\n\t\t\t\t\t<\/div>\n\t\t\t\t<\/div>\n\t\t\t\t<div class=\"ult_expheader\" >Der Geschichte(n)spaziergang\n\t\t\t\t<\/div>\n\t\t\t<\/div>\n\t\t<\/div><div class=\"ult_exp_content \" style=\"background-color:#ffffff;  \"><div class=\"ult_ecpsub_cont\" style=\" \" >[vc_column_text]<\/p>\n<p style=\"text-align: left;\">F\u00fcr die Kleinsten! Unsere Geschichtenerz\u00e4hlerin f\u00fchrt die Kinder durch einige R\u00e4ume des Schlosses und erz\u00e4hlt ihnen die Geschichte der verschiedenen Gegenst\u00e4nde. Vielleicht verstecken sich dort auch ein Ritter oder ein Burgfr\u00e4ulein, ein Drache oder ein Gespenst&#8230;? Lassen Sie es die Kinder selbst herausfinden.<\/p>\n<p style=\"text-align: left;\"><strong><span style=\"color: #590630;\">Alter:<\/span><\/strong> Ab 4 Jahren<br \/>\n<strong><span style=\"color: #590630;\">Dauer:<\/span><\/strong> 1 Std.<br \/>\n<strong>Preis:<\/strong> 75.- (zuz\u00fcglich Eintritte)<\/p>\n<p>[\/vc_column_text]<\/div><\/div>\n\n\t\t\t<\/div><div class=\"ult_exp_section_layer ult-adjust-bottom-margin  \" >\n\t\t<div id=\"uvc-exp-wrap-2101\" role=\"button\" tabindex=\"0\" aria-pressed=\"false\"  data-ultimate-target='#uvc-exp-wrap-2101'  data-responsive-json-new='{\"font-size\":\"desktop:20px;\",\"line-height\":\"desktop:20px;\"}'  class=\"ult_exp_section  ult-responsive \" style=\"color:#590630;background-color:#ffffff; font-weight:normal;margin-top:-25px;padding:0px;text-align:left;\" data-textcolor=\"#590630\"data-texthover=\"#000000\"data-icncolor=\"#590630\"data-ihover=\"#000000\"data-height=\"0\"data-cntbg=\"#ffffff\"data-cnthvrbg=\"#ffffff\"data-headerbg=\"#ffffff\"data-headerhover=\"#ffffff\"data-title=\"Die Schlossf\u00fchrung\"data-newtitle=\"Die Schlossf\u00fchrung\"data-icon=\"Defaults-chevron-right\"data-newicon=\"Defaults-chevron-down\"data-activeicon=\"#000000\"data-effect=\"slideToggle\"data-override=\"0\"data-activetitle=\"#590630\"data-activebg=\"#ffffff\"data-img=\"\"data-newimg=\"\"><div class=\"ult_exp_section-main ult_expleft_icon\">\t<div class=\"ult-just-icon-wrapper ult_exp_icon\">\n\t\t\t\t\t<div class=\"align-icon \">\n\t\t\t\t\t\t\n<span class=\"aio-icon  none  ult_expsection_icon \"  style=\"color:#590630;font-size:15px;\">\n\t<i class=\"Defaults-chevron-right ult_ex_icon\"  ><\/i>\n<\/span>\n\t\t\t\t\t<\/div>\n\t\t\t\t<\/div>\n\t\t\t\t<div class=\"ult_expheader\" >Die Schlossf\u00fchrung\n\t\t\t\t<\/div>\n\t\t\t<\/div>\n\t\t<\/div><div class=\"ult_exp_content \" style=\"background-color:#ffffff;  \"><div class=\"ult_ecpsub_cont\" style=\" \" >[vc_column_text]<\/p>\n<p style=\"text-align: left;\">Entdecken Sie die Geschichte und die verschiedenen R\u00e4ume des Schlosses in Begleitung einer Fremdenf\u00fchrerin oder eines Fremdenf\u00fchrers. Die F\u00fchrung ist auf das Alter der Kinder abgestimmt. Die Kinder werden ausdr\u00fccklich dazu eingeladen, Gegenst\u00e4nde zu erraten und Fragen zu den Exponaten und ihrer Verwendung, den R\u00e4umen, das Museum und \u00fcber das kulturelle Erbe zu stellen.<\/p>\n<p style=\"text-align: left;\"><strong><span style=\"color: #590630;\">Alter:<\/span><\/strong> Ab 5 Jahren<br \/>\n<strong><span style=\"color: #590630;\">Dauer:<\/span><\/strong> 1 &#8211; 1.5 Std.<br \/>\n<strong><span style=\"color: #590630;\">Preis:<\/span><\/strong> 75.- pro Klasse (zuz\u00fcglich Eintritte)<\/p>\n<p>[\/vc_column_text]<\/div><\/div>\n\n\t\t\t<\/div><div class=\"ult_exp_section_layer ult-adjust-bottom-margin  \" >\n\t\t<div id=\"uvc-exp-wrap-4413\" role=\"button\" tabindex=\"0\" aria-pressed=\"false\"  data-ultimate-target='#uvc-exp-wrap-4413'  data-responsive-json-new='{\"font-size\":\"desktop:20px;\",\"line-height\":\"desktop:20px;\"}'  class=\"ult_exp_section  ult-responsive \" style=\"color:#590630;background-color:#ffffff; font-weight:normal;margin-top:-25px;padding:0px;text-align:left;\" data-textcolor=\"#590630\"data-texthover=\"#000000\"data-icncolor=\"#590630\"data-ihover=\"#000000\"data-height=\"0\"data-cntbg=\"#ffffff\"data-cnthvrbg=\"#ffffff\"data-headerbg=\"#ffffff\"data-headerhover=\"#ffffff\"data-title=\"Die historische R\u00e4tselrallye\"data-newtitle=\"Die historische R\u00e4tselrallye\"data-icon=\"Defaults-chevron-right\"data-newicon=\"Defaults-chevron-down\"data-activeicon=\"#000000\"data-effect=\"slideToggle\"data-override=\"0\"data-activetitle=\"#590630\"data-activebg=\"#ffffff\"data-img=\"\"data-newimg=\"\"><div class=\"ult_exp_section-main ult_expleft_icon\">\t<div class=\"ult-just-icon-wrapper ult_exp_icon\">\n\t\t\t\t\t<div class=\"align-icon \">\n\t\t\t\t\t\t\n<span class=\"aio-icon  none  ult_expsection_icon \"  style=\"color:#590630;font-size:15px;\">\n\t<i class=\"Defaults-chevron-right ult_ex_icon\"  ><\/i>\n<\/span>\n\t\t\t\t\t<\/div>\n\t\t\t\t<\/div>\n\t\t\t\t<div class=\"ult_expheader\" >Die historische R\u00e4tselrallye\n\t\t\t\t<\/div>\n\t\t\t<\/div>\n\t\t<\/div><div class=\"ult_exp_content \" style=\"background-color:#ffffff;  \"><div class=\"ult_ecpsub_cont\" style=\" \" >[vc_column_text]<\/p>\n<p style=\"text-align: left;\">Nach der Begr\u00fcssung und einer kurzen Einf\u00fchrung \u00fcber die Geschichte des Schlosses begeben sich die Sch\u00fclerinnen und Sch\u00fcler &#8211; je nach Alter allein oder in Begleitung &#8211; auf einen Rundgang, bei dem sie verschiedene Fragen beantworten k\u00f6nnen. Am Ende werden die Fragen gemeinsam beantwortet und korrigiert.<\/p>\n<p style=\"text-align: left;\"><strong><span style=\"color: #590630;\">Alter:<\/span><\/strong> Ab 8 Jahren<br \/>\n<strong><span style=\"color: #590630;\">Dauer:<\/span><\/strong> 1.5 Std.<br \/>\n<strong><span style=\"color: #590630;\">Preis:<\/span><\/strong> 115.- pro Klasse (zuz\u00fcglich Eintritte)<\/p>\n<p>[\/vc_column_text]<\/div><\/div>\n\n\t\t\t<\/div><div class=\"ult_exp_section_layer ult-adjust-bottom-margin  \" >\n\t\t<div id=\"uvc-exp-wrap-9231\" role=\"button\" tabindex=\"0\" aria-pressed=\"false\"  data-ultimate-target='#uvc-exp-wrap-9231'  data-responsive-json-new='{\"font-size\":\"desktop:20px;\",\"line-height\":\"desktop:20px;\"}'  class=\"ult_exp_section  ult-responsive \" style=\"color:#590630;background-color:#ffffff; font-weight:normal;margin-top:-25px;padding:0px;text-align:left;\" data-textcolor=\"#590630\"data-texthover=\"#000000\"data-icncolor=\"#590630\"data-ihover=\"#000000\"data-height=\"0\"data-cntbg=\"#ffffff\"data-cnthvrbg=\"#ffffff\"data-headerbg=\"#ffffff\"data-headerhover=\"#ffffff\"data-title=\"Der unterirdische Geheimgang\"data-newtitle=\"Der unterirdische Geheimgang\"data-icon=\"Defaults-chevron-right\"data-newicon=\"Defaults-chevron-down\"data-activeicon=\"#000000\"data-effect=\"slideToggle\"data-override=\"0\"data-activetitle=\"#590630\"data-activebg=\"#ffffff\"data-img=\"\"data-newimg=\"\"><div class=\"ult_exp_section-main ult_expleft_icon\">\t<div class=\"ult-just-icon-wrapper ult_exp_icon\">\n\t\t\t\t\t<div class=\"align-icon \">\n\t\t\t\t\t\t\n<span class=\"aio-icon  none  ult_expsection_icon \"  style=\"color:#590630;font-size:15px;\">\n\t<i class=\"Defaults-chevron-right ult_ex_icon\"  ><\/i>\n<\/span>\n\t\t\t\t\t<\/div>\n\t\t\t\t<\/div>\n\t\t\t\t<div class=\"ult_expheader\" >Der unterirdische Geheimgang\n\t\t\t\t<\/div>\n\t\t\t<\/div>\n\t\t<\/div><div class=\"ult_exp_content \" style=\"background-color:#ffffff;  \"><div class=\"ult_ecpsub_cont\" style=\" \" >[vc_column_text]<\/p>\n<p style=\"text-align: left;\">Was hat es mit dem ber\u00fchmten unterirdischen Geheimgang auf sich, der eigentlich weder geheim noch unterirdisch ist? Verlaufen Sie sich mit unserer F\u00fchrerin unterhalb des Schlosses!<\/p>\n<p style=\"text-align: left;\"><strong><span style=\"color: #590630;\">Alter:<\/span><\/strong> Ab 8 Jahren<br \/>\n<strong><span style=\"color: #590630;\">Dauer:<\/span><\/strong> ca. 30 Minuten<br \/>\n<strong><span style=\"color: #590630;\">Preis:<\/span><\/strong> 30.- pro Klasse (zuz\u00fcglich Eintritte)<\/p>\n<p>[\/vc_column_text]<\/div><\/div>\n\n\t\t\t<\/div>[\/vc_column_inner][vc_column_inner width=&#8220;1\/2&#8243;]<div class=\"ult_exp_section_layer ult-adjust-bottom-margin  \" >\n\t\t<div id=\"uvc-exp-wrap-3800\" role=\"button\" tabindex=\"0\" aria-pressed=\"false\"  data-ultimate-target='#uvc-exp-wrap-3800'  data-responsive-json-new='{\"font-size\":\"desktop:20px;\",\"line-height\":\"desktop:20px;\"}'  class=\"ult_exp_section  ult-responsive \" style=\"color:#590630;background-color:#ffffff; font-weight:normal;margin-top:-25px;padding:0px;text-align:left;\" data-textcolor=\"#590630\"data-texthover=\"#000000\"data-icncolor=\"#590630\"data-ihover=\"#000000\"data-height=\"0\"data-cntbg=\"#ffffff\"data-cnthvrbg=\"#ffffff\"data-headerbg=\"#ffffff\"data-headerhover=\"#ffffff\"data-title=\"Die Ritterwappen\"data-newtitle=\"Die Ritterwappen\"data-icon=\"Defaults-chevron-right\"data-newicon=\"Defaults-chevron-down\"data-activeicon=\"#000000\"data-effect=\"slideToggle\"data-override=\"0\"data-activetitle=\"#590630\"data-activebg=\"#ffffff\"data-img=\"\"data-newimg=\"\"><div class=\"ult_exp_section-main ult_expleft_icon\">\t<div class=\"ult-just-icon-wrapper ult_exp_icon\">\n\t\t\t\t\t<div class=\"align-icon \">\n\t\t\t\t\t\t\n<span class=\"aio-icon  none  ult_expsection_icon \"  style=\"color:#590630;font-size:15px;\">\n\t<i class=\"Defaults-chevron-right ult_ex_icon\"  ><\/i>\n<\/span>\n\t\t\t\t\t<\/div>\n\t\t\t\t<\/div>\n\t\t\t\t<div class=\"ult_expheader\" >Die Ritterwappen\n\t\t\t\t<\/div>\n\t\t\t<\/div>\n\t\t<\/div><div class=\"ult_exp_content \" style=\"background-color:#ffffff;  \"><div class=\"ult_ecpsub_cont\" style=\" \" >[vc_column_text]<\/p>\n<p style=\"text-align: left;\">Nach welchen Regeln wurden eigentlich im Mittelalter die Wappen gestaltet? Nach einer kurzen Einf\u00fchrung in die Heraldik und Beispielen von Farben und Symbolen entwerfen die Kinder ihr eigenes Wappen auf einem Schild aus Karton oder Holz (15.- Aufpreis f\u00fcr Holz).<\/p>\n<p style=\"text-align: left;\"><strong><span style=\"color: #590630;\">Alter:<\/span><\/strong> Ab 8 Jahren<br \/>\n<strong><span style=\"color: #590630;\">Dauer:<\/span><\/strong> ca. 2 Std.<br \/>\n<strong><span style=\"color: #590630;\">Preis:<\/span><\/strong> 150.&#8211; (zuz\u00fcglich Eintritte)<\/p>\n<p>[\/vc_column_text]<\/div><\/div>\n\n\t\t\t<\/div><div class=\"ult_exp_section_layer ult-adjust-bottom-margin  \" >\n\t\t<div id=\"uvc-exp-wrap-4276\" role=\"button\" tabindex=\"0\" aria-pressed=\"false\"  data-ultimate-target='#uvc-exp-wrap-4276'  data-responsive-json-new='{\"font-size\":\"desktop:20px;\",\"line-height\":\"desktop:20px;\"}'  class=\"ult_exp_section  ult-responsive \" style=\"color:#590630;background-color:#ffffff; font-weight:normal;margin-top:-25px;padding:0px;text-align:left;\" data-textcolor=\"#590630\"data-texthover=\"#000000\"data-icncolor=\"#590630\"data-ihover=\"#000000\"data-height=\"0\"data-cntbg=\"#ffffff\"data-cnthvrbg=\"#ffffff\"data-headerbg=\"#ffffff\"data-headerhover=\"#ffffff\"data-title=\"Das Exponat in allen seinen Formen\"data-newtitle=\"Das Exponat in allen seinen Formen\"data-icon=\"Defaults-chevron-right\"data-newicon=\"Defaults-chevron-down\"data-activeicon=\"#000000\"data-effect=\"slideToggle\"data-override=\"0\"data-activetitle=\"#590630\"data-activebg=\"#ffffff\"data-img=\"\"data-newimg=\"\"><div class=\"ult_exp_section-main ult_expleft_icon\">\t<div class=\"ult-just-icon-wrapper ult_exp_icon\">\n\t\t\t\t\t<div class=\"align-icon \">\n\t\t\t\t\t\t\n<span class=\"aio-icon  none  ult_expsection_icon \"  style=\"color:#590630;font-size:15px;\">\n\t<i class=\"Defaults-chevron-right ult_ex_icon\"  ><\/i>\n<\/span>\n\t\t\t\t\t<\/div>\n\t\t\t\t<\/div>\n\t\t\t\t<div class=\"ult_expheader\" >Das Exponat in allen seinen Formen\n\t\t\t\t<\/div>\n\t\t\t<\/div>\n\t\t<\/div><div class=\"ult_exp_content \" style=\"background-color:#ffffff;  \"><div class=\"ult_ecpsub_cont\" style=\" \" >[vc_column_text]<\/p>\n<p style=\"text-align: left;\">Warum gibt es in einem Museum so viele Objekte? Warum sind sie wichtig genug, damit man sie sammelt und in ein Museum aufnimmt? Diese und weitere Fragen werden in diesem Workshop beantwortet, in dem wir die verschiedenen Arten von Gegenst\u00e4nden kennenlernen!<br \/>\nDie Kinder werden aufgefordert, Gegenst\u00e4nde zu beschreiben und zu vermessen, sie zu zeichnen und zu fotografieren und dann in die Datenbank des Museums zu \u00fcbertragen.<\/p>\n<p style=\"text-align: left;\"><strong><span style=\"color: #590630;\">Alter:<\/span><\/strong> Ab 10 Jahren<br \/>\n<strong><span style=\"color: #590630;\">Dauer:<\/span><\/strong> 2 Std.<br \/>\n<strong><span style=\"color: #590630;\">Preis:<\/span><\/strong> 150.- pro Klasse (zuz\u00fcglich Eintritte)<\/p>\n<p>[\/vc_column_text]<\/div><\/div>\n\n\t\t\t<\/div><div class=\"ult_exp_section_layer ult-adjust-bottom-margin  \" >\n\t\t<div id=\"uvc-exp-wrap-6181\" role=\"button\" tabindex=\"0\" aria-pressed=\"false\"  data-ultimate-target='#uvc-exp-wrap-6181'  data-responsive-json-new='{\"font-size\":\"desktop:20px;\",\"line-height\":\"desktop:20px;\"}'  class=\"ult_exp_section  ult-responsive \" style=\"color:#590630;background-color:#ffffff; font-weight:normal;margin-top:-25px;padding:0px;text-align:left;\" data-textcolor=\"#590630\"data-texthover=\"#000000\"data-icncolor=\"#590630\"data-ihover=\"#000000\"data-height=\"0\"data-cntbg=\"#ffffff\"data-cnthvrbg=\"#ffffff\"data-headerbg=\"#ffffff\"data-headerhover=\"#ffffff\"data-title=\"Das Glas und die Glasmalerei\"data-newtitle=\"Das Glas und die Glasmalerei\"data-icon=\"Defaults-chevron-right\"data-newicon=\"Defaults-chevron-down\"data-activeicon=\"#000000\"data-effect=\"slideToggle\"data-override=\"0\"data-activetitle=\"#590630\"data-activebg=\"#ffffff\"data-img=\"\"data-newimg=\"\"><div class=\"ult_exp_section-main ult_expleft_icon\">\t<div class=\"ult-just-icon-wrapper ult_exp_icon\">\n\t\t\t\t\t<div class=\"align-icon \">\n\t\t\t\t\t\t\n<span class=\"aio-icon  none  ult_expsection_icon \"  style=\"color:#590630;font-size:15px;\">\n\t<i class=\"Defaults-chevron-right ult_ex_icon\"  ><\/i>\n<\/span>\n\t\t\t\t\t<\/div>\n\t\t\t\t<\/div>\n\t\t\t\t<div class=\"ult_expheader\" >Das Glas und die Glasmalerei\n\t\t\t\t<\/div>\n\t\t\t<\/div>\n\t\t<\/div><div class=\"ult_exp_content \" style=\"background-color:#ffffff;  \"><div class=\"ult_ecpsub_cont\" style=\" \" >[vc_column_text]<\/p>\n<p style=\"text-align: left;\">Seit wann gibt es eigentlich Fenster aus Glas und wie sahen sie fr\u00fcher aus? Und warum haben Kirchen Glasmalereien?<br \/>\nEine F\u00fchrung durch das St\u00e4dtchen Valangin und seine Stiftskirche l\u00e4sst keine dieser Fragen offen.<\/p>\n<p style=\"text-align: left;\"><strong><span style=\"color: #590630;\">Alter:<\/span><\/strong> Ab 10 Jahren<br \/>\n<strong><span style=\"color: #590630;\">Dauer:<\/span><\/strong> 2 Std.<br \/>\n<strong><span style=\"color: #590630;\">Preis:<\/span><\/strong> 150.- pro Klasse (zuz\u00fcglich Eintritte)<\/p>\n<p>[\/vc_column_text]<\/div><\/div>\n\n\t\t\t<\/div><div class=\"ult_exp_section_layer ult-adjust-bottom-margin  \" >\n\t\t<div id=\"uvc-exp-wrap-5912\" role=\"button\" tabindex=\"0\" aria-pressed=\"false\"  data-ultimate-target='#uvc-exp-wrap-5912'  data-responsive-json-new='{\"font-size\":\"desktop:20px;\",\"line-height\":\"desktop:20px;\"}'  class=\"ult_exp_section  ult-responsive \" style=\"color:#590630;background-color:#ffffff; font-weight:normal;margin-top:-25px;padding:0px;text-align:left;\" data-textcolor=\"#590630\"data-texthover=\"#000000\"data-icncolor=\"#590630\"data-ihover=\"#000000\"data-height=\"0\"data-cntbg=\"#ffffff\"data-cnthvrbg=\"#ffffff\"data-headerbg=\"#ffffff\"data-headerhover=\"#ffffff\"data-title=\"Die Schatzsuche\"data-newtitle=\"Die Schatzsuche\"data-icon=\"Defaults-chevron-right\"data-newicon=\"Defaults-chevron-down\"data-activeicon=\"#000000\"data-effect=\"slideToggle\"data-override=\"0\"data-activetitle=\"#590630\"data-activebg=\"#ffffff\"data-img=\"\"data-newimg=\"\"><div class=\"ult_exp_section-main ult_expleft_icon\">\t<div class=\"ult-just-icon-wrapper ult_exp_icon\">\n\t\t\t\t\t<div class=\"align-icon \">\n\t\t\t\t\t\t\n<span class=\"aio-icon  none  ult_expsection_icon \"  style=\"color:#590630;font-size:15px;\">\n\t<i class=\"Defaults-chevron-right ult_ex_icon\"  ><\/i>\n<\/span>\n\t\t\t\t\t<\/div>\n\t\t\t\t<\/div>\n\t\t\t\t<div class=\"ult_expheader\" >Die Schatzsuche\n\t\t\t\t<\/div>\n\t\t\t<\/div>\n\t\t<\/div><div class=\"ult_exp_content \" style=\"background-color:#ffffff;  \"><div class=\"ult_ecpsub_cont\" style=\" \" >[vc_column_text]<\/p>\n<p style=\"text-align: left;\">Einige der vorgeschlagenen Aktivit\u00e4ten k\u00f6nnen durch eine Schatzsuche \/ Schnitzeljagd erg\u00e4nzt werden.<\/p>\n<p style=\"text-align: left;\"><strong><span style=\"color: #590630;\">Alter:<\/span><\/strong> Der Schwierigkeitsgrad wird dem Alter angepasst<br \/>\n<strong><span style=\"color: #590630;\">Dauer:<\/span><\/strong> ca. 30 Min. zus\u00e4tzlich<br \/>\n<strong><span style=\"color: #590630;\">Preis:<\/span><\/strong> 3.- pro Kind zus\u00e4tzlich<\/p>\n<p>[\/vc_column_text]<\/div><\/div>\n\n\t\t\t<\/div><div class=\"ult_exp_section_layer ult-adjust-bottom-margin  \" >\n\t\t<div id=\"uvc-exp-wrap-1888\" role=\"button\" tabindex=\"0\" aria-pressed=\"false\"  data-ultimate-target='#uvc-exp-wrap-1888'  data-responsive-json-new='{\"font-size\":\"desktop:20px;\",\"line-height\":\"desktop:20px;\"}'  class=\"ult_exp_section  ult-responsive \" style=\"color:#590630;background-color:#ffffff; font-weight:normal;margin-top:-25px;padding:0px;text-align:left;\" data-textcolor=\"#590630\"data-texthover=\"#000000\"data-icncolor=\"#590630\"data-ihover=\"#000000\"data-height=\"0\"data-cntbg=\"#ffffff\"data-cnthvrbg=\"#ffffff\"data-headerbg=\"#ffffff\"data-headerhover=\"#ffffff\"data-title=\"Allgemeine Bedingungen\"data-newtitle=\"Allgemeine Bedingungen\"data-icon=\"Defaults-chevron-right\"data-newicon=\"Defaults-chevron-down\"data-activeicon=\"#000000\"data-effect=\"slideToggle\"data-override=\"0\"data-activetitle=\"#590630\"data-activebg=\"#ffffff\"data-img=\"\"data-newimg=\"\"><div class=\"ult_exp_section-main ult_expleft_icon\">\t<div class=\"ult-just-icon-wrapper ult_exp_icon\">\n\t\t\t\t\t<div class=\"align-icon \">\n\t\t\t\t\t\t\n<span class=\"aio-icon  none  ult_expsection_icon \"  style=\"color:#590630;font-size:15px;\">\n\t<i class=\"Defaults-chevron-right ult_ex_icon\"  ><\/i>\n<\/span>\n\t\t\t\t\t<\/div>\n\t\t\t\t<\/div>\n\t\t\t\t<div class=\"ult_expheader\" >Allgemeine Bedingungen\n\t\t\t\t<\/div>\n\t\t\t<\/div>\n\t\t<\/div><div class=\"ult_exp_content \" style=\"background-color:#ffffff;  \"><div class=\"ult_ecpsub_cont\" style=\" \" >[vc_column_text]<\/p>\n<p style=\"text-align: left;\"><span style=\"color: #590630;\"><strong>Reservierung<\/strong>:<\/span> Per E-Mail oder Telefon. Bei einer provisorischen Vorreservierung muss die definitive Zu- oder Absage innerhalb einer Woche erfolgen.<br \/>\n<span style=\"color: #590630;\"><strong>Stornierung<\/strong>:<\/span> Bis sp\u00e4testens 48 Stunden vor dem gebuchten Termin, andernfalls wird der Workshop in Rechnung gestellt.<br \/>\n<span style=\"color: #590630;\"><strong>Bezahlung<\/strong>:<\/span> Vor Ort in Bar oder mit Twint. Kartenzahlung ist NICHT m\u00f6glich. Auf Wunsch k\u00f6nnen wir Ihnen eine Rechnung ausstellen.<br \/>\n<span style=\"color: #590630;\"><strong>F\u00fcr Schulklassen:<br \/>\n<\/strong><\/span>&#8211; Die Sch\u00fclerinnen und Sch\u00fcler stehen unter der Aufsicht und Verantwortung der Lehrpersonen.<br \/>\n&#8211; Wir bitten die Lehrpersonen um aktives Mitmachen.<br \/>\n&#8211; Auf Anfrage ist es m\u00f6glich, gegen einen Aufpreis von 40.- eine:n zweite:n Kulturvermittler:in zu buchen<\/p>\n<p>[\/vc_column_text]<\/div><\/div>\n\n\t\t\t<\/div>[\/vc_column_inner][\/vc_row_inner][\/vc_column][\/vc_row][vc_row bg_type=&#8220;bg_color&#8220; bg_override=&#8220;full&#8220; bg_color_value=&#8220;#ffffff&#8220; el_id=&#8220;kindersgeburtstagen&#8220;][vc_column][vc_row_inner][vc_column_inner width=&#8220;1\/2&#8243;]<div class=\"ult-spacer spacer-6a96344eaaf44\" data-id=\"6a96344eaaf44\" data-height=\"10\" data-height-mobile=\"0\" data-height-tab=\"5\" data-height-tab-portrait=\"5\" data-height-mobile-landscape=\"0\" style=\"clear:both;display:block;\"><\/div><div id=\"ultimate-heading-3446a96344eaaf79\" class=\"uvc-heading ult-adjust-bottom-margin ultimate-heading-3446a96344eaaf79 uvc-6834 \" data-hspacer=\"no_spacer\"  data-halign=\"left\" style=\"text-align:left\"><div class=\"uvc-heading-spacer no_spacer\" style=\"top\"><\/div><div class=\"uvc-main-heading ult-responsive\"  data-ultimate-target='.uvc-heading.ultimate-heading-3446a96344eaaf79 h3'  data-responsive-json-new='{\"font-size\":\"desktop:10px;\",\"line-height\":\"\"}' ><h3 style=\"font-weight:normal;color:#737373;\">LASST UNS EINEN VERBORGENEN SCHATZ SUCHEN!<\/h3><\/div><\/div><div id=\"ultimate-heading-4836a96344eaafb4\" class=\"uvc-heading ult-adjust-bottom-margin ultimate-heading-4836a96344eaafb4 uvc-139 Titre_h2Home\" data-hspacer=\"no_spacer\"  data-halign=\"left\" style=\"text-align:left\"><div class=\"uvc-heading-spacer no_spacer\" style=\"top\"><\/div><div class=\"uvc-main-heading ult-responsive\"  data-ultimate-target='.uvc-heading.ultimate-heading-4836a96344eaafb4 h2'  data-responsive-json-new='{\"font-size\":\"\",\"line-height\":\"\"}' ><h2 style=\"font-weight:normal;margin-top:-20px;\">Kindergeburtstage<\/h2><\/div><\/div>[vc_column_text]<\/p>\n<p style=\"text-align: left;\"><span style=\"color: #590630;\">Reservierung per Telefon: +41 (0)32 857 23 83<\/span><br \/>\n<span style=\"color: #590630;\">oder E-Mail: info@chateau-de-valangin.ch<\/span><\/p>\n<p>[\/vc_column_text]<div class=\"ult-spacer spacer-6a96344eaafe8\" data-id=\"6a96344eaafe8\" data-height=\"10\" data-height-mobile=\"5\" data-height-tab=\"10\" data-height-tab-portrait=\"10\" data-height-mobile-landscape=\"5\" style=\"clear:both;display:block;\"><\/div><div class=\"ult_exp_section_layer ult-adjust-bottom-margin  \" >\n\t\t<div id=\"uvc-exp-wrap-7427\" role=\"button\" tabindex=\"0\" aria-pressed=\"false\"  data-ultimate-target='#uvc-exp-wrap-7427'  data-responsive-json-new='{\"font-size\":\"desktop:20px;\",\"line-height\":\"desktop:20px;\"}'  class=\"ult_exp_section  ult-responsive \" style=\"color:#590630;background-color:#ffffff; font-weight:normal;margin-top:-25px;padding:0px;text-align:left;\" data-textcolor=\"#590630\"data-texthover=\"#000000\"data-icncolor=\"#590630\"data-ihover=\"#000000\"data-height=\"0\"data-cntbg=\"#ffffff\"data-cnthvrbg=\"#ffffff\"data-headerbg=\"#ffffff\"data-headerhover=\"#ffffff\"data-title=\"Die Schatzsuche\"data-newtitle=\"Die Schatzsuche\"data-icon=\"Defaults-chevron-right\"data-newicon=\"Defaults-chevron-down\"data-activeicon=\"#000000\"data-effect=\"slideToggle\"data-override=\"0\"data-activetitle=\"#590630\"data-activebg=\"#ffffff\"data-img=\"\"data-newimg=\"\"><div class=\"ult_exp_section-main ult_expleft_icon\">\t<div class=\"ult-just-icon-wrapper ult_exp_icon\">\n\t\t\t\t\t<div class=\"align-icon \">\n\t\t\t\t\t\t\n<span class=\"aio-icon  none  ult_expsection_icon \"  style=\"color:#590630;font-size:15px;\">\n\t<i class=\"Defaults-chevron-right ult_ex_icon\"  ><\/i>\n<\/span>\n\t\t\t\t\t<\/div>\n\t\t\t\t<\/div>\n\t\t\t\t<div class=\"ult_expheader\" >Die Schatzsuche\n\t\t\t\t<\/div>\n\t\t\t<\/div>\n\t\t<\/div><div class=\"ult_exp_content \" style=\"background-color:#ffffff;  \"><div class=\"ult_ecpsub_cont\" style=\" \" >[vc_column_text]<\/p>\n<p style=\"text-align: left;\">Unsere Schatzsuchen folgen zwar immer ungef\u00e4hr dem gleichen Schema, sind jedoch auf das Alter der Kinder abgestimmt.<br \/>\nDas Spiel beginnt mit einer Geschichte \u00fcber den Schatz und es werden Gruppen gebildet. Danach suchen die Kinder \u00fcberall im Schloss nach Hinweisen. Schliesslich geht es raus in den Schlosspark &#8211; im Prinzip bei jedem Wetter &#8211; wo weitere Hinweise zuerst zum Schl\u00fcssel, danach zur Schatztruhe f\u00fchren. Am Ende erh\u00e4lt jedes Kind einen Teil des Schatzes (Goldm\u00fcnzen aus Schokolade).<br \/>\n<span style=\"color: #590630;\"><strong>Preis:<\/strong><\/span> CHF 14.- pro Kind bzw. mindestens CHF 84.-. Die beiden Eltern sind eingeladen. Zus\u00e4tzliche Erwachsene bezahlen den normalen Eintritt von CHF 8.- bzw. 6.- (AHV).<br \/>\n<span style=\"color: #590630;\"><strong>Dauer:<\/strong><\/span> Die Einf\u00fchrung und die Schatzsuche dauern ungef\u00e4hr 1 Std. 30 Minuten<br \/>\n<span style=\"color: #590630;\"><strong>Anzahl Kinder:<\/strong><\/span> Kinder von 4 bis 8 Jahren, maximal 8 Kinder; ab 8 Jahren (3. Kl. Prim oder 5. Kl. Harmos), maximal 12 Kinder.<br \/>\n<span style=\"color: #590630;\"><strong>Betreuung:<\/strong><\/span> Unsere Betreuer:innen k\u00fcmmern sich im Prinzip allein um die Kinder. Die erwachsenen Begleitpersonen k\u00f6nnen wahlweise das Spiel beobachten, den Raum f\u00fcr den Imbiss herrichten oder das Schloss besichtigen.<br \/>\n<span style=\"color: #590630;\"><strong>Zeitplan:<\/strong><\/span> Die Schatzsuche muss zwischen 14:00 und 14:15 Uhr beginnen. Sie endet gegen 15:45 Uhr, danach kann der Imbiss \/ das Zvieri bis 17:00 Uhr in dem daf\u00fcr vorgesehenen Raum eingenommen werden. Es wird empfohlen, dass die anderen Eltern ihre Kinder um 16:45 Uhr abholen. Bei \u00fcberm\u00e4ssiger Zeit\u00fcberschreitung kann ein Zuschlag erhoben werden. Am Samstag k\u00f6nnen auch von 10:30 bis 13:30 Uhr Kindergeburtstage stattfinden.<br \/>\n<span style=\"color: #590630;\"><strong>Tage:<\/strong><\/span> Mittwoch bis Samstag, vom 1. M\u00e4rz bis Ende Oktober. Im November k\u00f6nnen gegen Zahlung eines Zuschlags von CHF 40.- Geburtstage gebucht werden, nur mittwochs.<br \/>\n<span style=\"color: #590630;\"><strong>F\u00fcr einen gelungenen Kindergeburtstag ben\u00f6tigen wir folgende Angaben von Ihnen:<br \/>\n<\/strong><\/span>1) Name des Geburtstagskindes.<br \/>\n2) die genaue Anzahl aller Kinder (bis sp\u00e4testens 2 Tage vor dem Geburtstagsfestli)<br \/>\n3) das Alter des Geburtstagskindes und seiner G\u00e4ste. Wenn gr\u00f6ssere \/ kleinere Kinder dabei sind (z.B. Geschwister), teilen sie uns das bitte ebenfalls mit<\/p>\n<p>[\/vc_column_text]<\/div><\/div>\n\n\t\t\t<\/div><div class=\"ult_exp_section_layer ult-adjust-bottom-margin  \" >\n\t\t<div id=\"uvc-exp-wrap-4359\" role=\"button\" tabindex=\"0\" aria-pressed=\"false\"  data-ultimate-target='#uvc-exp-wrap-4359'  data-responsive-json-new='{\"font-size\":\"desktop:20px;\",\"line-height\":\"desktop:20px;\"}'  class=\"ult_exp_section  ult-responsive \" style=\"color:#590630;background-color:#ffffff; font-weight:normal;margin-top:-25px;padding:0px;text-align:left;\" data-textcolor=\"#590630\"data-texthover=\"#000000\"data-icncolor=\"#590630\"data-ihover=\"#000000\"data-height=\"0\"data-cntbg=\"#ffffff\"data-cnthvrbg=\"#ffffff\"data-headerbg=\"#ffffff\"data-headerhover=\"#ffffff\"data-title=\"Das Zvieri \/ der Imbiss\"data-newtitle=\"Das Zvieri \/ der Imbiss\"data-icon=\"Defaults-chevron-right\"data-newicon=\"Defaults-chevron-down\"data-activeicon=\"#000000\"data-effect=\"slideToggle\"data-override=\"0\"data-activetitle=\"#590630\"data-activebg=\"#ffffff\"data-img=\"\"data-newimg=\"\"><div class=\"ult_exp_section-main ult_expleft_icon\">\t<div class=\"ult-just-icon-wrapper ult_exp_icon\">\n\t\t\t\t\t<div class=\"align-icon \">\n\t\t\t\t\t\t\n<span class=\"aio-icon  none  ult_expsection_icon \"  style=\"color:#590630;font-size:15px;\">\n\t<i class=\"Defaults-chevron-right ult_ex_icon\"  ><\/i>\n<\/span>\n\t\t\t\t\t<\/div>\n\t\t\t\t<\/div>\n\t\t\t\t<div class=\"ult_expheader\" >Das Zvieri \/ der Imbiss\n\t\t\t\t<\/div>\n\t\t\t<\/div>\n\t\t<\/div><div class=\"ult_exp_content \" style=\"background-color:#ffffff;  \"><div class=\"ult_ecpsub_cont\" style=\" \" >[vc_column_text]<\/p>\n<p style=\"text-align: left;\">Gerne vermieten wir Ihnen den &#8222;kleinen Rittersaal&#8220;, einen ritterlich dekorierten und mit Tisch, Tischtuch und B\u00e4nken ausgestatteten Raum. Gerne stellen wir Ihnen auch bunte Teller und Becher, L\u00f6ffel und Kr\u00fcge mit frischem Leitungswasser zur Verf\u00fcgung.<\/p>\n<p style=\"text-align: left;\"><strong>F\u00fcr die Bereitstellung von Snacks, Getr\u00e4nken und Kuchen sind die Eltern selbst verantwortlich.<\/strong> Auf Anfrage kann ein:e Animateur:in des Schlosses gebucht werden (CHF 30.- pro Stunde).<\/p>\n<p style=\"text-align: left;\"><strong><span style=\"color: #590630;\">Mietpreis:<\/span><\/strong> 60.-, inkl. Tischw\u00e4sche und Geschirr<\/p>\n<p>[\/vc_column_text]<\/div><\/div>\n\n\t\t\t<\/div><div class=\"ult_exp_section_layer ult-adjust-bottom-margin  \" >\n\t\t<div id=\"uvc-exp-wrap-8525\" role=\"button\" tabindex=\"0\" aria-pressed=\"false\"  data-ultimate-target='#uvc-exp-wrap-8525'  data-responsive-json-new='{\"font-size\":\"desktop:20px;\",\"line-height\":\"desktop:20px;\"}'  class=\"ult_exp_section  ult-responsive \" style=\"color:#590630;background-color:#ffffff; font-weight:normal;margin-top:-25px;padding:0px;text-align:left;\" data-textcolor=\"#590630\"data-texthover=\"#000000\"data-icncolor=\"#590630\"data-ihover=\"#000000\"data-height=\"0\"data-cntbg=\"#ffffff\"data-cnthvrbg=\"#ffffff\"data-headerbg=\"#ffffff\"data-headerhover=\"#ffffff\"data-title=\"Allgemeine Bedingungen\"data-newtitle=\"Allgemeine Bedingungen\"data-icon=\"Defaults-chevron-right\"data-newicon=\"Defaults-chevron-down\"data-activeicon=\"#000000\"data-effect=\"slideToggle\"data-override=\"0\"data-activetitle=\"#590630\"data-activebg=\"#ffffff\"data-img=\"\"data-newimg=\"\"><div class=\"ult_exp_section-main ult_expleft_icon\">\t<div class=\"ult-just-icon-wrapper ult_exp_icon\">\n\t\t\t\t\t<div class=\"align-icon \">\n\t\t\t\t\t\t\n<span class=\"aio-icon  none  ult_expsection_icon \"  style=\"color:#590630;font-size:15px;\">\n\t<i class=\"Defaults-chevron-right ult_ex_icon\"  ><\/i>\n<\/span>\n\t\t\t\t\t<\/div>\n\t\t\t\t<\/div>\n\t\t\t\t<div class=\"ult_expheader\" >Allgemeine Bedingungen\n\t\t\t\t<\/div>\n\t\t\t<\/div>\n\t\t<\/div><div class=\"ult_exp_content \" style=\"background-color:#ffffff;  \"><div class=\"ult_ecpsub_cont\" style=\" \" >[vc_column_text]<\/p>\n<p style=\"text-align: left;\"><span style=\"color: #590630;\"><strong>Reservierung:<\/strong><\/span> Per E-Mail oder Telefon. Bei einer provisorischen Vorreservierung muss die definitive Zu- oder Absage innerhalb einer Woche erfolgen.<br \/>\n<span style=\"color: #590630;\"><strong>Bezahlung:<\/strong><\/span> Vor Ort in Bar oder mit Twint. Kartenzahlung ist NICHT m\u00f6glich. Auf Wunsch k\u00f6nnen wir Ihnen eine Rechnung ausstellen.<\/p>\n<p>[\/vc_column_text]<\/div><\/div>\n\n\t\t\t<\/div>[\/vc_column_inner][vc_column_inner width=&#8220;1\/2&#8243;][vc_images_carousel images=&#8220;2379&#8243; img_size=&#8220;500&#215;400&#8243; autoplay=&#8220;yes&#8220; hide_pagination_control=&#8220;yes&#8220; wrap=&#8220;yes&#8220;][\/vc_column_inner][\/vc_row_inner][\/vc_column][\/vc_row][vc_row][vc_column css=&#8220;.vc_custom_1518177542142{margin-top: -35px !important;margin-bottom: -35px !important;}&#8220;]<div class=\"templatera_shortcode\"><div class=\"vc_row wpb_row vc_row-fluid vc_row-o-content-middle vc_row-flex\"><div class=\"wpb_column vc_column_container vc_col-sm-12\"><div class=\"vc_column-inner\"><div class=\"wpb_wrapper\"><div id=\"ultimate-heading-89826a96344eacb54\" class=\"uvc-heading ult-adjust-bottom-margin ultimate-heading-89826a96344eacb54 uvc-349 \" data-hspacer=\"no_spacer\"  data-halign=\"center\" style=\"text-align:center\"><div class=\"uvc-heading-spacer no_spacer\" style=\"top\"><\/div><div class=\"uvc-main-heading ult-responsive\"  data-ultimate-target='.uvc-heading.ultimate-heading-89826a96344eacb54 h3'  data-responsive-json-new='{\"font-size\":\"\",\"line-height\":\"\"}' ><h3 style=\"font-weight:normal;color:#818693;\">Newsletter<\/h3><\/div><div class=\"uvc-sub-heading ult-responsive\"  data-ultimate-target='.uvc-heading.ultimate-heading-89826a96344eacb54 .uvc-sub-heading '  data-responsive-json-new='{\"font-size\":\"\",\"line-height\":\"\"}'  style=\"font-weight:normal;color:#ffffff;margin-top:20px;\">\r\n<p style=\"text-align: center;\">BLEIBEN SIE AUF DEM LAUFENDEN, ABONNIEREN SIE UNSEREN NEWSLETTER!\r\n(Bemerkung: der Newsletter ist Franz\u00f6sisch)<\/p>\r\n<\/div><\/div>\n\t<div class=\"wpb_text_column wpb_content_element\" >\n\t\t<div class=\"wpb_wrapper\">\n\t\t\t<p><center>  \n  \n  <div class=\"\n    mailpoet_form_popup_overlay\n      \"><\/div>\n  <div\n    id=\"mailpoet_form_2\"\n    class=\"\n      mailpoet_form\n      mailpoet_form_shortcode\n      mailpoet_form_position_\n      mailpoet_form_animation_\n    \"\n      >\n\n    <style type=\"text\/css\">\n     #mailpoet_form_2 .mailpoet_form {  }\n#mailpoet_form_2 .mailpoet_paragraph {  }\n#mailpoet_form_2 .mailpoet_segment_label, #mailpoet_form_2 .mailpoet_text_label, #mailpoet_form_2 .mailpoet_textarea_label, #mailpoet_form_2 .mailpoet_select_label, #mailpoet_form_2 .mailpoet_radio_label, #mailpoet_form_2 .mailpoet_checkbox_label, #mailpoet_form_2 .mailpoet_list_label, #mailpoet_form_2 .mailpoet_date_label {  }\n#mailpoet_form_2 .mailpoet_text, #mailpoet_form_2 .mailpoet_textarea, #mailpoet_form_2 .mailpoet_select, #mailpoet_form_2 .mailpoet_date_month, #mailpoet_form_2 .mailpoet_date_day, #mailpoet_form_2 .mailpoet_date_year, #mailpoet_form_2 .mailpoet_date {  }\n#mailpoet_form_2 .mailpoet_text, #mailpoet_form_2 .mailpoet_textarea {  }\n#mailpoet_form_2 .mailpoet_checkbox {  }\n#mailpoet_form_2 .mailpoet_submit input {  }\n#mailpoet_form_2 .mailpoet_divider {  }\n#mailpoet_form_2 .mailpoet_message {  }\n#mailpoet_form_2 .mailpoet_validate_success { color: #468847; }\n#mailpoet_form_2 .mailpoet_validate_error { color: #b94a48; }#mailpoet_form_2{border-radius: 0px;text-align: left;}#mailpoet_form_2 form.mailpoet_form {padding: 20px;}#mailpoet_form_2{width: 100%;}#mailpoet_form_2 .mailpoet_message {margin: 0; padding: 0 20px;}#mailpoet_form_2 .mailpoet_paragraph.last {margin-bottom: 0} @media (max-width: 500px) {#mailpoet_form_2 {background-image: none;}} @media (min-width: 500px) {#mailpoet_form_2 .last .mailpoet_paragraph:last-child {margin-bottom: 0}}  @media (max-width: 500px) {#mailpoet_form_2 .mailpoet_form_column:last-child .mailpoet_paragraph:last-child {margin-bottom: 0}} \n    <\/style>\n\n    <form\n      target=\"_self\"\n      method=\"post\"\n      action=\"https:\/\/chateau-de-valangin.ch\/NEWSITE\/wp-admin\/admin-post.php?action=mailpoet_subscription_form\"\n      class=\"mailpoet_form mailpoet_form_form mailpoet_form_shortcode\"\n      novalidate\n      data-delay=\"\"\n      data-exit-intent-enabled=\"\"\n      data-trigger-mode=\"\"\n      data-click-trigger-selector=\"\"\n      data-font-family=\"\"\n      data-cookie-expiration-time=\"\"\n    >\n      <input type=\"hidden\" name=\"data[form_id]\" value=\"2\" \/>\n      <input type=\"hidden\" name=\"token\" value=\"11d1dc5a37\" \/>\n      <input type=\"hidden\" name=\"api_version\" value=\"v1\" \/>\n      <input type=\"hidden\" name=\"endpoint\" value=\"subscribers\" \/>\n      <input type=\"hidden\" name=\"mailpoet_method\" value=\"subscribe\" \/>\n\n      <label class=\"mailpoet_hp_email_label\" style=\"display: none !important;\">Bitte dieses Feld leer lassen<input type=\"email\" name=\"data[email]\"\/><\/label><div class=\"mailpoet_paragraph \"><input type=\"email\" autocomplete=\"email\" class=\"mailpoet_text\" id=\"form_email_2\" name=\"data[form_field_NTVkYTQ0Y2ZlMjY3X2VtYWls]\" title=\"E-mail\" value=\"\" style=\"padding:5px;margin: 0 auto 0 0;\" data-automation-id=\"form_email\"  placeholder=\"E-mail *\" aria-label=\"E-mail *\" data-parsley-errors-container=\".mailpoet_error_9rful\" data-parsley-required=\"true\" required aria-required=\"true\" data-parsley-minlength=\"6\" data-parsley-maxlength=\"150\" data-parsley-type-message=\"Dieser Wert sollte eine g\u00fcltige E-Mail-Adresse sein.\" data-parsley-required-message=\"Dieses Feld wird ben\u00f6tigt.\"\/><span class=\"mailpoet_error_9rful\"><\/span><\/div>\n<div class=\"mailpoet_paragraph \"><input type=\"submit\" class=\"mailpoet_submit\" value=\"ABONNIEREN\" data-automation-id=\"subscribe-submit-button\" style=\"padding:5px;margin: 0 auto 0 0;border-color:transparent;\" \/><span class=\"mailpoet_form_loading\"><span class=\"mailpoet_bounce1\"><\/span><span class=\"mailpoet_bounce2\"><\/span><span class=\"mailpoet_bounce3\"><\/span><\/span><\/div>\n\n      <div class=\"mailpoet_message\">\n        <p class=\"mailpoet_validate_success\"\n                style=\"display:none;\"\n                >Bitte \u00fcberpr\u00fcfen Sie Ihren Posteingang, um Ihr Abonnement zu best\u00e4tigen. Sehen Sie ggf. auch im Spamordner nach.\n        <\/p>\n        <p class=\"mailpoet_validate_error\"\n                style=\"display:none;\"\n                >        <\/p>\n      <\/div>\n    <\/form>\n\n      <\/div>\n\n  <\/center><\/p>\n\n\t\t<\/div>\n\t<\/div>\n<\/div><\/div><\/div><\/div><!-- Row Backgrounds --><div class=\"upb_color\" data-bg-override=\"full\" data-bg-color=\"rgba(89,6,48,0.96)\" data-fadeout=\"\" data-fadeout-percentage=\"30\" data-parallax-content=\"\" data-parallax-content-sense=\"30\" data-row-effect-mobile-disable=\"true\" data-img-parallax-mobile-disable=\"true\" data-rtl=\"false\"  data-custom-vc-row=\"\"  data-vc=\"7.9\"  data-is_old_vc=\"\"  data-theme-support=\"\"   data-overlay=\"true\" data-overlay-color=\"rgba(89,6,48,0.96)\" data-overlay-pattern=\"\" data-overlay-pattern-opacity=\"0.9\" data-overlay-pattern-size=\"\" data-overlay-pattern-attachment=\"scroll\"    ><\/div><\/div>[\/vc_column][\/vc_row]<\/p>\n<\/div>","protected":false},"excerpt":{"rendered":"Newsletter BLEIBEN SIE AUF DEM LAUFENDEN, ABONNIEREN SIE UNSEREN NEWSLETTER! (Bemerkung: der Newsletter ist Franz\u00f6sisch) Bitte dieses Feld leer lassen Bitte \u00fcberpr\u00fcfen Sie Ihren Posteingang, um<span class=\"excerpt-hellip\"> [\u2026]<\/span>","protected":false},"author":1,"featured_media":0,"parent":0,"menu_order":0,"comment_status":"closed","ping_status":"closed","template":"","meta":{"footnotes":""},"class_list":["post-2475","page","type-page","status-publish","hentry"],"_links":{"self":[{"href":"https:\/\/chateau-de-valangin.ch\/de\/wp-json\/wp\/v2\/pages\/2475","targetHints":{"allow":["GET"]}}],"collection":[{"href":"https:\/\/chateau-de-valangin.ch\/de\/wp-json\/wp\/v2\/pages"}],"about":[{"href":"https:\/\/chateau-de-valangin.ch\/de\/wp-json\/wp\/v2\/types\/page"}],"author":[{"embeddable":true,"href":"https:\/\/chateau-de-valangin.ch\/de\/wp-json\/wp\/v2\/users\/1"}],"replies":[{"embeddable":true,"href":"https:\/\/chateau-de-valangin.ch\/de\/wp-json\/wp\/v2\/comments?post=2475"}],"version-history":[{"count":44,"href":"https:\/\/chateau-de-valangin.ch\/de\/wp-json\/wp\/v2\/pages\/2475\/revisions"}],"predecessor-version":[{"id":4497,"href":"https:\/\/chateau-de-valangin.ch\/de\/wp-json\/wp\/v2\/pages\/2475\/revisions\/4497"}],"wp:attachment":[{"href":"https:\/\/chateau-de-valangin.ch\/de\/wp-json\/wp\/v2\/media?parent=2475"}],"curies":[{"name":"wp","href":"https:\/\/api.w.org\/{rel}","templated":true}]}}