{"id":2443,"date":"2017-12-03T00:10:21","date_gmt":"2017-12-03T00:10:21","guid":{"rendered":"http:\/\/chateau-de-valangin.ch\/NEWSITE\/galerie-photos\/"},"modified":"2024-01-06T16:03:31","modified_gmt":"2024-01-06T15:03:31","slug":"fotogalerie","status":"publish","type":"page","link":"https:\/\/chateau-de-valangin.ch\/de\/fotogalerie\/","title":{"rendered":"FOTOGALERIE"},"content":{"rendered":"<div class=\"wpb-content-wrapper\"><p>[vc_row bg_type=&#8220;image&#8220; parallax_style=&#8220;vcpb-default&#8220; bg_image_new=&#8220;id^18|url^http:\/\/chateau-de-valangin.ch\/NEWSITE\/wp-content\/uploads\/2017\/11\/valangin-b-lv-2.jpg|caption^null|alt^null|title^valangin-b-lv-2|description^null&#8220; bg_image_repeat=&#8220;no-repeat&#8220; bg_override=&#8220;full&#8220; enable_overlay=&#8220;enable_overlay_value&#8220; overlay_color=&#8220;rgba(89,6,48,0.96)&#8220; overlay_pattern=&#8220;transperant&#8220; overlay_pattern_opacity=&#8220;90&#8243;][vc_column][vc_row_inner css=&#8220;.vc_custom_1512319007698{padding-top: 20px !important;padding-bottom: 20px !important;}&#8220;][vc_column_inner css=&#8220;.vc_custom_1512318898074{background-position: center !important;background-repeat: no-repeat !important;background-size: cover !important;}&#8220;]<div id=\"ultimate-heading-56906a9642d9385c1\" class=\"uvc-heading ult-adjust-bottom-margin ultimate-heading-56906a9642d9385c1 uvc-5955 Titre_Page\" data-hspacer=\"no_spacer\"  data-halign=\"center\" style=\"text-align:center\"><div class=\"uvc-heading-spacer no_spacer\" style=\"top\"><\/div><div class=\"uvc-main-heading ult-responsive\"  data-ultimate-target='.uvc-heading.ultimate-heading-56906a9642d9385c1 h1'  data-responsive-json-new='{\"font-size\":\"desktop:40px;\",\"line-height\":\"\"}' ><h1 style=\"font-weight:normal;color:#ffffff;\">Fotogalerie<\/h1><\/div><\/div>[\/vc_column_inner][\/vc_row_inner][\/vc_column][\/vc_row][vc_row bg_type=&#8220;bg_color&#8220; bg_override=&#8220;full&#8220; bg_color_value=&#8220;#efefef&#8220;][vc_column][vc_row_inner][vc_column_inner width=&#8220;1\/2&#8243;][vc_images_carousel images=&#8220;3253,3255,3257,3259,3261,3263&#8243; img_size=&#8220;500&#215;500&#8243; autoplay=&#8220;yes&#8220; wrap=&#8220;yes&#8220;][\/vc_column_inner][vc_column_inner width=&#8220;1\/2&#8243;]<div class=\"ult-spacer spacer-6a9642d938618\" data-id=\"6a9642d938618\" data-height=\"15\" data-height-mobile=\"5\" data-height-tab=\"10\" data-height-tab-portrait=\"10\" data-height-mobile-landscape=\"5\" style=\"clear:both;display:block;\"><\/div><div id=\"ultimate-heading-31306a9642d938650\" class=\"uvc-heading ult-adjust-bottom-margin ultimate-heading-31306a9642d938650 uvc-9919 \" data-hspacer=\"no_spacer\"  data-halign=\"left\" style=\"text-align:left\"><div class=\"uvc-heading-spacer no_spacer\" style=\"top\"><\/div><div class=\"uvc-main-heading ult-responsive\"  data-ultimate-target='.uvc-heading.ultimate-heading-31306a9642d938650 h3'  data-responsive-json-new='{\"font-size\":\"desktop:10px;\",\"line-height\":\"\"}' ><h3 style=\"font-weight:normal;color:#737373;\">ENTDECKEN SIE<\/h3><\/div><\/div><div id=\"ultimate-heading-4136a9642d93868f\" class=\"uvc-heading ult-adjust-bottom-margin ultimate-heading-4136a9642d93868f uvc-3916 Titre_h2Home\" data-hspacer=\"no_spacer\"  data-halign=\"left\" style=\"text-align:left\"><div class=\"uvc-heading-spacer no_spacer\" style=\"top\"><\/div><div class=\"uvc-main-heading ult-responsive\"  data-ultimate-target='.uvc-heading.ultimate-heading-4136a9642d93868f h2'  data-responsive-json-new='{\"font-size\":\"\",\"line-height\":\"\"}' ><h2 style=\"font-weight:normal;margin-top:-20px;\">Die K\u00fcche<\/h2><\/div><\/div>[vc_column_text]Der monumentale Kamin und der Brotbackofen stammen beide aus dem Umbau des Schlosses im 15. Jahrhundert. In dem &#8222;Aschenbeh\u00e4lter&#8220; unter dem Brotofen wurde die Asche des Feuers direkt aufgefangen, um sie f\u00fcr die W\u00e4sche zu verwenden. Der mechanische Drehspiess stammt aus dem 16. Jahrhundert. Der Mechanismus dreht sich mithilfe des Steins als Gegengewicht und den Umlenkrollen.\u00a0 In diesem Raum, der urspr\u00fcnglich noch gr\u00f6sser war, werden viele ungew\u00f6hnliche K\u00fcchenutensilien vom 17. bis 19. Jahrhundert ausgestellt.<\/p>\n<p><span style=\"color: #590630; font-size: 10pt;\"><strong>&gt;<\/strong> Klicken Sie auf das Bild, um die Slideshow zu sehen.<\/span>[\/vc_column_text][\/vc_column_inner][\/vc_row_inner][\/vc_column][\/vc_row][vc_row][vc_column][vc_row_inner][vc_column_inner width=&#8220;1\/2&#8243;]<div class=\"ult-spacer spacer-6a9642d9386c7\" data-id=\"6a9642d9386c7\" data-height=\"15\" data-height-mobile=\"5\" data-height-tab=\"10\" data-height-tab-portrait=\"10\" data-height-mobile-landscape=\"5\" style=\"clear:both;display:block;\"><\/div><div id=\"ultimate-heading-54586a9642d9386f6\" class=\"uvc-heading ult-adjust-bottom-margin ultimate-heading-54586a9642d9386f6 uvc-7145 \" data-hspacer=\"no_spacer\"  data-halign=\"left\" style=\"text-align:left\"><div class=\"uvc-heading-spacer no_spacer\" style=\"top\"><\/div><div class=\"uvc-main-heading ult-responsive\"  data-ultimate-target='.uvc-heading.ultimate-heading-54586a9642d9386f6 h3'  data-responsive-json-new='{\"font-size\":\"desktop:10px;\",\"line-height\":\"\"}' ><h3 style=\"font-weight:normal;color:#737373;\">ENTDECKEN SIE<\/h3><\/div><\/div><div id=\"ultimate-heading-34646a9642d938731\" class=\"uvc-heading ult-adjust-bottom-margin ultimate-heading-34646a9642d938731 uvc-6565 Titre_h2Home\" data-hspacer=\"no_spacer\"  data-halign=\"left\" style=\"text-align:left\"><div class=\"uvc-heading-spacer no_spacer\" style=\"top\"><\/div><div class=\"uvc-main-heading ult-responsive\"  data-ultimate-target='.uvc-heading.ultimate-heading-34646a9642d938731 h2'  data-responsive-json-new='{\"font-size\":\"\",\"line-height\":\"\"}' ><h2 style=\"font-weight:normal;margin-top:-20px;\">Der Rittersaal<\/h2><\/div><\/div>[vc_column_text]Der Rittersaal oder Saal der St\u00e4nde geh\u00f6rt zum urspr\u00fcnglichen Wohnturm, und wurde im 14. Jahrhundert errichtet. Der Raum erstreckte sich urspr\u00fcnglich \u00fcber die gesamte Fl\u00e4che des Turms. Hier, auf der Adelsetage, assen, schliefen und lebten die Herren von Valangin mit ihren Familien und Gefolgsleuten. Im 15. Jahrhundert wurden Trennmauern errichtet, um mehrere kleinere R\u00e4ume zu schaffen. Auch die Fenster wurden vergr\u00f6ssert. Diese \u00c4nderungen erfolgten im Rahmen der von Guillemette de Vergy gew\u00fcnschten Umbauten, um das Schloss zu einem angenehmeren Ort zum Leben zu machen. Zwischen 1772 und 1848 tagte das Gericht der Drei St\u00e4nde von Valangin in diesem Saal.<\/p>\n<p><span style=\"color: #590630; font-size: 10pt;\"><strong>&gt;<\/strong> Klicken Sie auf das Bild, um die Slideshow zu sehen.<\/span>[\/vc_column_text][\/vc_column_inner][vc_column_inner width=&#8220;1\/2&#8243;][vc_images_carousel images=&#8220;3265,3267,3269,3229,3271,3273&#8243; img_size=&#8220;500&#215;500&#8243; autoplay=&#8220;yes&#8220; wrap=&#8220;yes&#8220;][\/vc_column_inner][\/vc_row_inner][\/vc_column][\/vc_row][vc_row bg_type=&#8220;bg_color&#8220; bg_override=&#8220;full&#8220; bg_color_value=&#8220;#efefef&#8220;][vc_column][vc_row_inner][vc_column_inner width=&#8220;1\/2&#8243;][vc_images_carousel images=&#8220;3275,3277,3279,3281,3283&#8243; img_size=&#8220;500&#215;500&#8243; autoplay=&#8220;yes&#8220; wrap=&#8220;yes&#8220;][\/vc_column_inner][vc_column_inner width=&#8220;1\/2&#8243;]<div class=\"ult-spacer spacer-6a9642d93876c\" data-id=\"6a9642d93876c\" data-height=\"15\" data-height-mobile=\"5\" data-height-tab=\"10\" data-height-tab-portrait=\"10\" data-height-mobile-landscape=\"5\" style=\"clear:both;display:block;\"><\/div><div id=\"ultimate-heading-1896a9642d9387a5\" class=\"uvc-heading ult-adjust-bottom-margin ultimate-heading-1896a9642d9387a5 uvc-13 \" data-hspacer=\"no_spacer\"  data-halign=\"left\" style=\"text-align:left\"><div class=\"uvc-heading-spacer no_spacer\" style=\"top\"><\/div><div class=\"uvc-main-heading ult-responsive\"  data-ultimate-target='.uvc-heading.ultimate-heading-1896a9642d9387a5 h3'  data-responsive-json-new='{\"font-size\":\"desktop:10px;\",\"line-height\":\"\"}' ><h3 style=\"font-weight:normal;color:#737373;\">ENTDECKEN SIE<\/h3><\/div><\/div><div id=\"ultimate-heading-29376a9642d9387e0\" class=\"uvc-heading ult-adjust-bottom-margin ultimate-heading-29376a9642d9387e0 uvc-3458 Titre_h2Home\" data-hspacer=\"no_spacer\"  data-halign=\"left\" style=\"text-align:left\"><div class=\"uvc-heading-spacer no_spacer\" style=\"top\"><\/div><div class=\"uvc-main-heading ult-responsive\"  data-ultimate-target='.uvc-heading.ultimate-heading-29376a9642d9387e0 h2'  data-responsive-json-new='{\"font-size\":\"\",\"line-height\":\"\"}' ><h2 style=\"font-weight:normal;margin-top:-20px;\">Der Raum von Guillemette de Vergy<\/h2><\/div><\/div>[vc_column_text]Dieser Raum wurde nach einer der einflussreichsten Pers\u00f6nlichkeiten des Schloss Valangin benannt. Guillemette de Vergy, die Ehefrau von Claude von Aarberg, begann etwa ab den 1490er Jahren, den Wohnturm wohnlicher zu gestalten: das Schloss wurde in Richtung des St\u00e4dtchens vergr\u00f6ssert und an der S\u00fcdostecke der Burg wurde ein quadratischer Turm mit Latrinen errichtet. Auf der Spitze dieses Anbaus befindet sich der Raum von Guillemette de Vergy, die sich hier besonders gerne aufhielt. In diesen R\u00e4umen soll sie 1543 ihre letzten Tage verbracht haben, als sie bereits pflegebed\u00fcrftig war.<br \/>\nHeute sind hier Spielsachen vom 17. bis 20. Jahrhundert ausgestellt.<\/p>\n<p><span style=\"color: #590630; font-size: 10pt;\"><strong>&gt;<\/strong> Klicken Sie auf das Bild, um die Slideshow zu sehen.<\/span>[\/vc_column_text][\/vc_column_inner][\/vc_row_inner][\/vc_column][\/vc_row][vc_row][vc_column][vc_row_inner][vc_column_inner width=&#8220;1\/2&#8243;]<div class=\"ult-spacer spacer-6a9642d938814\" data-id=\"6a9642d938814\" data-height=\"15\" data-height-mobile=\"5\" data-height-tab=\"10\" data-height-tab-portrait=\"10\" data-height-mobile-landscape=\"5\" style=\"clear:both;display:block;\"><\/div><div id=\"ultimate-heading-79026a9642d938845\" class=\"uvc-heading ult-adjust-bottom-margin ultimate-heading-79026a9642d938845 uvc-9872 \" data-hspacer=\"no_spacer\"  data-halign=\"left\" style=\"text-align:left\"><div class=\"uvc-heading-spacer no_spacer\" style=\"top\"><\/div><div class=\"uvc-main-heading ult-responsive\"  data-ultimate-target='.uvc-heading.ultimate-heading-79026a9642d938845 h3'  data-responsive-json-new='{\"font-size\":\"desktop:10px;\",\"line-height\":\"\"}' ><h3 style=\"font-weight:normal;color:#737373;\">ENTDECKEN SIE<\/h3><\/div><\/div><div id=\"ultimate-heading-94486a9642d93887f\" class=\"uvc-heading ult-adjust-bottom-margin ultimate-heading-94486a9642d93887f uvc-2657 Titre_h2Home\" data-hspacer=\"no_spacer\"  data-halign=\"left\" style=\"text-align:left\"><div class=\"uvc-heading-spacer no_spacer\" style=\"top\"><\/div><div class=\"uvc-main-heading ult-responsive\"  data-ultimate-target='.uvc-heading.ultimate-heading-94486a9642d93887f h2'  data-responsive-json-new='{\"font-size\":\"\",\"line-height\":\"\"}' ><h2 style=\"font-weight:normal;margin-top:-20px;\">Der unterirdische Gang<\/h2><\/div><\/div>[vc_column_text]Trotz seines Namens ist der unterirdische Geheimgang weder unterirdisch noch geheim&#8230; Es handelt sich vielmehr um einen Verteidigungstunnel, der am Berghang entlang der \u00e4usseren Festungsmauer gebaut wurde! Der Bau der dicken Aussenmauern begann um 1450 und wurde fast ein halbes Jahrhundert sp\u00e4ter beendet. Der schmale Tunnel ist mit Schiessscharten ausgestattet und wurde als zweiter Wehrgang genutzt. Die oberen Etagen des Verteidigungssystems konnten \u00fcber Leitern erreicht werden, die heute nicht mehr vorhanden sind. Der gew\u00f6lbte Korridor aus Kalkstein ist fast 50 Meter lang.<\/p>\n<p><span style=\"color: #590630; font-size: 10pt;\"><strong>&gt;<\/strong> Klicken Sie auf das Bild, um die Slideshow zu sehen.<\/span>[\/vc_column_text][\/vc_column_inner][vc_column_inner width=&#8220;1\/2&#8243;][vc_images_carousel images=&#8220;3285,3287&#8243; img_size=&#8220;500&#215;500&#8243; autoplay=&#8220;yes&#8220; wrap=&#8220;yes&#8220;][\/vc_column_inner][\/vc_row_inner][\/vc_column][\/vc_row][vc_row bg_type=&#8220;bg_color&#8220; bg_override=&#8220;full&#8220; bg_color_value=&#8220;#efefef&#8220;][vc_column][vc_row_inner][vc_column_inner width=&#8220;1\/2&#8243;][vc_images_carousel images=&#8220;418&#8243; img_size=&#8220;500&#215;500&#8243; autoplay=&#8220;yes&#8220; wrap=&#8220;yes&#8220;][\/vc_column_inner][vc_column_inner width=&#8220;1\/2&#8243;]<div class=\"ult-spacer spacer-6a9642d9388b1\" data-id=\"6a9642d9388b1\" data-height=\"15\" data-height-mobile=\"5\" data-height-tab=\"10\" data-height-tab-portrait=\"10\" data-height-mobile-landscape=\"5\" style=\"clear:both;display:block;\"><\/div><div id=\"ultimate-heading-50926a9642d9388df\" class=\"uvc-heading ult-adjust-bottom-margin ultimate-heading-50926a9642d9388df uvc-9276 \" data-hspacer=\"no_spacer\"  data-halign=\"left\" style=\"text-align:left\"><div class=\"uvc-heading-spacer no_spacer\" style=\"top\"><\/div><div class=\"uvc-main-heading ult-responsive\"  data-ultimate-target='.uvc-heading.ultimate-heading-50926a9642d9388df h3'  data-responsive-json-new='{\"font-size\":\"desktop:10px;\",\"line-height\":\"\"}' ><h3 style=\"font-weight:normal;color:#737373;\">ENTDECKEN SIE<\/h3><\/div><\/div><div id=\"ultimate-heading-78576a9642d93891c\" class=\"uvc-heading ult-adjust-bottom-margin ultimate-heading-78576a9642d93891c uvc-5891 Titre_h2Home\" data-hspacer=\"no_spacer\"  data-halign=\"left\" style=\"text-align:left\"><div class=\"uvc-heading-spacer no_spacer\" style=\"top\"><\/div><div class=\"uvc-main-heading ult-responsive\"  data-ultimate-target='.uvc-heading.ultimate-heading-78576a9642d93891c h2'  data-responsive-json-new='{\"font-size\":\"\",\"line-height\":\"\"}' ><h2 style=\"font-weight:normal;margin-top:-20px;\">Der Schlosspark<\/h2><\/div><\/div>[vc_column_text]Innerhalb der Schlossmauern erstreckt sich ein grosser Park \u00fcber mehrere Terrassen, der die vielf\u00e4ltige Baugeschichte des Ortes hervorhebt. Der heutige Haupteingang auf der Seite des St\u00e4dtchens wurde erst im 16. Jahrhundert angelegt. So auch die Fenster, welche die zweist\u00f6ckige Fassade schm\u00fccken: der Unterhof wurde damals als Stall genutzt, mit vielleicht einem Wohntrakt im ersten Stock.<br \/>\nDer Gef\u00e4ngnisturm hatte, wie sein Name schon vermuten l\u00e4sst, mehrere Zellen im Inneren. Bevor er im 17. Jahrhundert umgebaut wurde, war er ein einfacher Wachturm aus dem 14. Jahrhundert. An der Stelle der heutigen oberen Terrasse befanden sich bis zum verheerenden Brand von 1749 die j\u00fcngsten Geb\u00e4udeteile aus dem 15.\u00a0 Jahrhundert.<\/p>\n<p><span style=\"color: #590630; font-size: 10pt;\"><strong>&gt;<\/strong> Klicken Sie auf das Bild, um die Slideshow zu sehen.<\/span>[\/vc_column_text][\/vc_column_inner][\/vc_row_inner][\/vc_column][\/vc_row][vc_row][vc_column css=&#8220;.vc_custom_1518177542142{margin-top: -35px !important;margin-bottom: -35px !important;}&#8220;]<div class=\"templatera_shortcode\"><div class=\"vc_row wpb_row vc_row-fluid vc_row-o-content-middle vc_row-flex\"><div class=\"wpb_column vc_column_container vc_col-sm-12\"><div class=\"vc_column-inner\"><div class=\"wpb_wrapper\"><div id=\"ultimate-heading-51416a9642d93a6dc\" class=\"uvc-heading ult-adjust-bottom-margin ultimate-heading-51416a9642d93a6dc uvc-3574 \" data-hspacer=\"no_spacer\"  data-halign=\"center\" style=\"text-align:center\"><div class=\"uvc-heading-spacer no_spacer\" style=\"top\"><\/div><div class=\"uvc-main-heading ult-responsive\"  data-ultimate-target='.uvc-heading.ultimate-heading-51416a9642d93a6dc h3'  data-responsive-json-new='{\"font-size\":\"\",\"line-height\":\"\"}' ><h3 style=\"font-weight:normal;color:#818693;\">Newsletter<\/h3><\/div><div class=\"uvc-sub-heading ult-responsive\"  data-ultimate-target='.uvc-heading.ultimate-heading-51416a9642d93a6dc .uvc-sub-heading '  data-responsive-json-new='{\"font-size\":\"\",\"line-height\":\"\"}'  style=\"font-weight:normal;color:#ffffff;margin-top:20px;\">\r\n<p style=\"text-align: center;\">BLEIBEN SIE AUF DEM LAUFENDEN, ABONNIEREN SIE UNSEREN NEWSLETTER!\r\n(Bemerkung: der Newsletter ist Franz\u00f6sisch)<\/p>\r\n<\/div><\/div>\n\t<div class=\"wpb_text_column wpb_content_element\" >\n\t\t<div class=\"wpb_wrapper\">\n\t\t\t<p><center>  \n  \n  <div class=\"\n    mailpoet_form_popup_overlay\n      \"><\/div>\n  <div\n    id=\"mailpoet_form_2\"\n    class=\"\n      mailpoet_form\n      mailpoet_form_shortcode\n      mailpoet_form_position_\n      mailpoet_form_animation_\n    \"\n      >\n\n    <style type=\"text\/css\">\n     #mailpoet_form_2 .mailpoet_form {  }\n#mailpoet_form_2 .mailpoet_paragraph {  }\n#mailpoet_form_2 .mailpoet_segment_label, #mailpoet_form_2 .mailpoet_text_label, #mailpoet_form_2 .mailpoet_textarea_label, #mailpoet_form_2 .mailpoet_select_label, #mailpoet_form_2 .mailpoet_radio_label, #mailpoet_form_2 .mailpoet_checkbox_label, #mailpoet_form_2 .mailpoet_list_label, #mailpoet_form_2 .mailpoet_date_label {  }\n#mailpoet_form_2 .mailpoet_text, #mailpoet_form_2 .mailpoet_textarea, #mailpoet_form_2 .mailpoet_select, #mailpoet_form_2 .mailpoet_date_month, #mailpoet_form_2 .mailpoet_date_day, #mailpoet_form_2 .mailpoet_date_year, #mailpoet_form_2 .mailpoet_date {  }\n#mailpoet_form_2 .mailpoet_text, #mailpoet_form_2 .mailpoet_textarea {  }\n#mailpoet_form_2 .mailpoet_checkbox {  }\n#mailpoet_form_2 .mailpoet_submit input {  }\n#mailpoet_form_2 .mailpoet_divider {  }\n#mailpoet_form_2 .mailpoet_message {  }\n#mailpoet_form_2 .mailpoet_validate_success { color: #468847; }\n#mailpoet_form_2 .mailpoet_validate_error { color: #b94a48; }#mailpoet_form_2{border-radius: 0px;text-align: left;}#mailpoet_form_2 form.mailpoet_form {padding: 20px;}#mailpoet_form_2{width: 100%;}#mailpoet_form_2 .mailpoet_message {margin: 0; padding: 0 20px;}#mailpoet_form_2 .mailpoet_paragraph.last {margin-bottom: 0} @media (max-width: 500px) {#mailpoet_form_2 {background-image: none;}} @media (min-width: 500px) {#mailpoet_form_2 .last .mailpoet_paragraph:last-child {margin-bottom: 0}}  @media (max-width: 500px) {#mailpoet_form_2 .mailpoet_form_column:last-child .mailpoet_paragraph:last-child {margin-bottom: 0}} \n    <\/style>\n\n    <form\n      target=\"_self\"\n      method=\"post\"\n      action=\"https:\/\/chateau-de-valangin.ch\/NEWSITE\/wp-admin\/admin-post.php?action=mailpoet_subscription_form\"\n      class=\"mailpoet_form mailpoet_form_form mailpoet_form_shortcode\"\n      novalidate\n      data-delay=\"\"\n      data-exit-intent-enabled=\"\"\n      data-trigger-mode=\"\"\n      data-click-trigger-selector=\"\"\n      data-font-family=\"\"\n      data-cookie-expiration-time=\"\"\n    >\n      <input type=\"hidden\" name=\"data[form_id]\" value=\"2\" \/>\n      <input type=\"hidden\" name=\"token\" value=\"11d1dc5a37\" \/>\n      <input type=\"hidden\" name=\"api_version\" value=\"v1\" \/>\n      <input type=\"hidden\" name=\"endpoint\" value=\"subscribers\" \/>\n      <input type=\"hidden\" name=\"mailpoet_method\" value=\"subscribe\" \/>\n\n      <label class=\"mailpoet_hp_email_label\" style=\"display: none !important;\">Bitte dieses Feld leer lassen<input type=\"email\" name=\"data[email]\"\/><\/label><div class=\"mailpoet_paragraph \"><input type=\"email\" autocomplete=\"email\" class=\"mailpoet_text\" id=\"form_email_2\" name=\"data[form_field_NTVkYTQ0Y2ZlMjY3X2VtYWls]\" title=\"E-mail\" value=\"\" style=\"padding:5px;margin: 0 auto 0 0;\" data-automation-id=\"form_email\"  placeholder=\"E-mail *\" aria-label=\"E-mail *\" data-parsley-errors-container=\".mailpoet_error_q9t3s\" data-parsley-required=\"true\" required aria-required=\"true\" data-parsley-minlength=\"6\" data-parsley-maxlength=\"150\" data-parsley-type-message=\"Dieser Wert sollte eine g\u00fcltige E-Mail-Adresse sein.\" data-parsley-required-message=\"Dieses Feld wird ben\u00f6tigt.\"\/><span class=\"mailpoet_error_q9t3s\"><\/span><\/div>\n<div class=\"mailpoet_paragraph \"><input type=\"submit\" class=\"mailpoet_submit\" value=\"ABONNIEREN\" data-automation-id=\"subscribe-submit-button\" style=\"padding:5px;margin: 0 auto 0 0;border-color:transparent;\" \/><span class=\"mailpoet_form_loading\"><span class=\"mailpoet_bounce1\"><\/span><span class=\"mailpoet_bounce2\"><\/span><span class=\"mailpoet_bounce3\"><\/span><\/span><\/div>\n\n      <div class=\"mailpoet_message\">\n        <p class=\"mailpoet_validate_success\"\n                style=\"display:none;\"\n                >Bitte \u00fcberpr\u00fcfen Sie Ihren Posteingang, um Ihr Abonnement zu best\u00e4tigen. Sehen Sie ggf. auch im Spamordner nach.\n        <\/p>\n        <p class=\"mailpoet_validate_error\"\n                style=\"display:none;\"\n                >        <\/p>\n      <\/div>\n    <\/form>\n\n      <\/div>\n\n  <\/center><\/p>\n\n\t\t<\/div>\n\t<\/div>\n<\/div><\/div><\/div><\/div><!-- Row Backgrounds --><div class=\"upb_color\" data-bg-override=\"full\" data-bg-color=\"rgba(89,6,48,0.96)\" data-fadeout=\"\" data-fadeout-percentage=\"30\" data-parallax-content=\"\" data-parallax-content-sense=\"30\" data-row-effect-mobile-disable=\"true\" data-img-parallax-mobile-disable=\"true\" data-rtl=\"false\"  data-custom-vc-row=\"\"  data-vc=\"7.9\"  data-is_old_vc=\"\"  data-theme-support=\"\"   data-overlay=\"true\" data-overlay-color=\"rgba(89,6,48,0.96)\" data-overlay-pattern=\"\" data-overlay-pattern-opacity=\"0.9\" data-overlay-pattern-size=\"\" data-overlay-pattern-attachment=\"scroll\"    ><\/div><\/div>[\/vc_column][\/vc_row]<\/p>\n<\/div>","protected":false},"excerpt":{"rendered":"Newsletter BLEIBEN SIE AUF DEM LAUFENDEN, ABONNIEREN SIE UNSEREN NEWSLETTER! (Bemerkung: der Newsletter ist Franz\u00f6sisch) Bitte dieses Feld leer lassen Bitte \u00fcberpr\u00fcfen Sie Ihren Posteingang, um<span class=\"excerpt-hellip\"> [\u2026]<\/span>","protected":false},"author":1,"featured_media":0,"parent":0,"menu_order":0,"comment_status":"closed","ping_status":"closed","template":"","meta":{"footnotes":""},"class_list":["post-2443","page","type-page","status-publish","hentry"],"_links":{"self":[{"href":"https:\/\/chateau-de-valangin.ch\/de\/wp-json\/wp\/v2\/pages\/2443","targetHints":{"allow":["GET"]}}],"collection":[{"href":"https:\/\/chateau-de-valangin.ch\/de\/wp-json\/wp\/v2\/pages"}],"about":[{"href":"https:\/\/chateau-de-valangin.ch\/de\/wp-json\/wp\/v2\/types\/page"}],"author":[{"embeddable":true,"href":"https:\/\/chateau-de-valangin.ch\/de\/wp-json\/wp\/v2\/users\/1"}],"replies":[{"embeddable":true,"href":"https:\/\/chateau-de-valangin.ch\/de\/wp-json\/wp\/v2\/comments?post=2443"}],"version-history":[{"count":16,"href":"https:\/\/chateau-de-valangin.ch\/de\/wp-json\/wp\/v2\/pages\/2443\/revisions"}],"predecessor-version":[{"id":4168,"href":"https:\/\/chateau-de-valangin.ch\/de\/wp-json\/wp\/v2\/pages\/2443\/revisions\/4168"}],"wp:attachment":[{"href":"https:\/\/chateau-de-valangin.ch\/de\/wp-json\/wp\/v2\/media?parent=2443"}],"curies":[{"name":"wp","href":"https:\/\/api.w.org\/{rel}","templated":true}]}}