{"id":2438,"date":"2017-12-02T22:47:45","date_gmt":"2017-12-02T22:47:45","guid":{"rendered":"http:\/\/chateau-de-valangin.ch\/NEWSITE\/expositions\/"},"modified":"2026-02-27T19:04:29","modified_gmt":"2026-02-27T18:04:29","slug":"ausstellungen","status":"publish","type":"page","link":"https:\/\/chateau-de-valangin.ch\/de\/ausstellungen\/","title":{"rendered":"AUSSTELLUNGEN"},"content":{"rendered":"<div class=\"wpb-content-wrapper\"><p>[vc_row bg_type=&#8220;image&#8220; parallax_style=&#8220;vcpb-default&#8220; bg_image_new=&#8220;id^18|url^http:\/\/chateau-de-valangin.ch\/NEWSITE\/wp-content\/uploads\/2017\/11\/valangin-b-lv-2.jpg|caption^null|alt^null|title^valangin-b-lv-2|description^null&#8220; bg_image_repeat=&#8220;no-repeat&#8220; bg_override=&#8220;full&#8220; enable_overlay=&#8220;enable_overlay_value&#8220; overlay_color=&#8220;rgba(89,6,48,0.96)&#8220; overlay_pattern=&#8220;transperant&#8220; overlay_pattern_opacity=&#8220;90&#8243;][vc_column][vc_row_inner css=&#8220;.vc_custom_1512319007698{padding-top: 20px !important;padding-bottom: 20px !important;}&#8220;][vc_column_inner css=&#8220;.vc_custom_1512318898074{background-position: center !important;background-repeat: no-repeat !important;background-size: cover !important;}&#8220;]<div id=\"ultimate-heading-58656a96365745d14\" class=\"uvc-heading ult-adjust-bottom-margin ultimate-heading-58656a96365745d14 uvc-9106 Titre_Page\" data-hspacer=\"no_spacer\"  data-halign=\"center\" style=\"text-align:center\"><div class=\"uvc-heading-spacer no_spacer\" style=\"top\"><\/div><div class=\"uvc-main-heading ult-responsive\"  data-ultimate-target='.uvc-heading.ultimate-heading-58656a96365745d14 h1'  data-responsive-json-new='{\"font-size\":\"desktop:40px;\",\"line-height\":\"\"}' ><h1 style=\"font-weight:normal;color:#ffffff;\">Ausstellungen<\/h1><\/div><\/div>[\/vc_column_inner][\/vc_row_inner][\/vc_column][\/vc_row][vc_row bg_type=&#8220;bg_color&#8220; bg_override=&#8220;full&#8220; el_id=&#8220;daueraustellung&#8220; bg_color_value=&#8220;#ffffff&#8220;][vc_column][vc_row_inner equal_height=&#8220;yes&#8220;][vc_column_inner width=&#8220;1\/2&#8243;]<div class=\"ult-spacer spacer-6a96365745d94\" data-id=\"6a96365745d94\" data-height=\"15\" data-height-mobile=\"5\" data-height-tab=\"10\" data-height-tab-portrait=\"10\" data-height-mobile-landscape=\"5\" style=\"clear:both;display:block;\"><\/div><div id=\"ultimate-heading-69516a96365745de2\" class=\"uvc-heading ult-adjust-bottom-margin ultimate-heading-69516a96365745de2 uvc-9728 \" data-hspacer=\"no_spacer\"  data-halign=\"left\" style=\"text-align:left\"><div class=\"uvc-heading-spacer no_spacer\" style=\"top\"><\/div><div class=\"uvc-main-heading ult-responsive\"  data-ultimate-target='.uvc-heading.ultimate-heading-69516a96365745de2 h3'  data-responsive-json-new='{\"font-size\":\"desktop:10px;\",\"line-height\":\"\"}' ><h3 style=\"font-weight:normal;color:#737373;\">BESUCHEN SIE UNSERE<\/h3><\/div><\/div><div id=\"ultimate-heading-71846a96365745e41\" class=\"uvc-heading ult-adjust-bottom-margin ultimate-heading-71846a96365745e41 uvc-2837 Titre_h2Home\" data-hspacer=\"no_spacer\"  data-halign=\"left\" style=\"text-align:left\"><div class=\"uvc-heading-spacer no_spacer\" style=\"top\"><\/div><div class=\"uvc-main-heading ult-responsive\"  data-ultimate-target='.uvc-heading.ultimate-heading-71846a96365745e41 h2'  data-responsive-json-new='{\"font-size\":\"\",\"line-height\":\"\"}' ><h2 style=\"font-weight:normal;margin-top:-20px;\">St\u00e4ndige Ausstellung<\/h2><\/div><\/div>[vc_column_text]Auf einem Rundgang durch 14 R\u00e4ume auf drei Etagen bietet das Schloss und Museum Valangin den Besucherinnen und Besuchern einen reichen Einblick in die Geschichte des Val-de-Ruz und der angrenzenden Gebiete. Dank einer immersiven Museumsgestaltung bietet das mittelalterliche Geb\u00e4ude selbst den wundersch\u00f6nen Rahmen, in dem die Besucherinnen und Besucher in die Atmosph\u00e4re eines Ortes eintauchen, der f\u00fcr viele Jahrhunderte ein Sitz der Macht war.<br \/>\nDie meisten der ausgestellten Alltagsgegenst\u00e4nde wurden zwischen dem 17. und 19. Jahrhundert verwendet: vom Brotofen, der vor 400 Jahren hochmodern war, bis zu den Messern, mit denen Zucker gebrochen wurde, und nat\u00fcrlich eine grosse Sammlung von M\u00f6beln aus verschiedenen Epochen.<br \/>\nImposante Hochzeitstruhen aus dem 17. Jahrhundert schm\u00fccken den grossen Rittersaal. Ein ganzer Raum ist einer der bedeutendsten Sammlungen des Schlosses gewidmet: der Spitze. Gekl\u00f6ppelte Spitze spielte zwischen dem 18. und bis Mitte des 19. Jahrhunderts in unserer Region neben der Uhrenindustrie eine wichtige wirtschaftliche Rolle.[\/vc_column_text][\/vc_column_inner][vc_column_inner width=&#8220;1\/2&#8243;][vc_media_grid gap=&#8220;3&#8243; grid_id=&#8220;vc_gid:1772215449894-0fc5e6bb-918e-0&#8243; include=&#8220;3255,3257,3259,3277,3261,3263,3267,3283,3319,3279,3281,3269&#8243;][\/vc_column_inner][\/vc_row_inner][\/vc_column][\/vc_row][vc_row bg_type=&#8220;image&#8220; parallax_style=&#8220;vcpb-default&#8220; bg_image_new=&#8220;id^1753|url^http:\/\/chateau-de-valangin.ch\/NEWSITE\/wp-content\/uploads\/2018\/01\/33-cha\u0302teau-de-valangin_photo-noemi-tirro.jpg|caption^null|alt^null|title^33-cha\u0302teau-de-valangin_photo-noemi-tirro|description^null&#8220; bg_image_repeat=&#8220;no-repeat&#8220; bg_override=&#8220;full&#8220; enable_overlay=&#8220;enable_overlay_value&#8220; overlay_color=&#8220;rgba(89,6,48,0.96)&#8220; overlay_pattern=&#8220;transperant&#8220; overlay_pattern_opacity=&#8220;90&#8243; el_id=&#8220;sonderaustellung&#8220;][vc_column][vc_row_inner el_class=&#8220;Txt_DarkBg&#8220;][vc_column_inner width=&#8220;2\/3&#8243;][vc_column_text css=&#8220;&#8220;][\/vc_column_text][\/vc_column_inner][vc_column_inner width=&#8220;1\/3&#8243;]<div class=\"ult-spacer spacer-6a96365753419\" data-id=\"6a96365753419\" data-height=\"10\" data-height-mobile=\"0\" data-height-tab=\"5\" data-height-tab-portrait=\"5\" data-height-mobile-landscape=\"0\" style=\"clear:both;display:block;\"><\/div><div id=\"ultimate-heading-82946a9636575345d\" class=\"uvc-heading ult-adjust-bottom-margin ultimate-heading-82946a9636575345d uvc-9705 \" data-hspacer=\"no_spacer\"  data-halign=\"left\" style=\"text-align:left\"><div class=\"uvc-heading-spacer no_spacer\" style=\"top\"><\/div><div class=\"uvc-main-heading ult-responsive\"  data-ultimate-target='.uvc-heading.ultimate-heading-82946a9636575345d h3'  data-responsive-json-new='{\"font-size\":\"\",\"line-height\":\"\"}' ><h3 style=\"font-weight:normal;\">Die Wechselausstellungen<\/h3><\/div><\/div><div id=\"ultimate-heading-2486a963657534a3\" class=\"uvc-heading ult-adjust-bottom-margin ultimate-heading-2486a963657534a3 uvc-7273 Titre_h2Home\" data-hspacer=\"no_spacer\"  data-halign=\"left\" style=\"text-align:left\"><div class=\"uvc-heading-spacer no_spacer\" style=\"top\"><\/div><div class=\"uvc-main-heading ult-responsive\"  data-ultimate-target='.uvc-heading.ultimate-heading-2486a963657534a3 h2'  data-responsive-json-new='{\"font-size\":\"\",\"line-height\":\"\"}' ><h2 style=\"font-weight:normal;margin-top:-20px;\">Tempor\u00e4re Ausstellungen<\/h2><\/div><\/div>[vc_column_text]Die j\u00e4hrlich wechselnden Ausstellungen zu den unterschiedlichsten Themen werden Ihre Synapsen zum Gl\u00fchen bringen![\/vc_column_text][\/vc_column_inner][\/vc_row_inner][\/vc_column][\/vc_row][vc_row disable_element=&#8220;yes&#8220; bg_type=&#8220;bg_color&#8220; bg_override=&#8220;full&#8220; bg_color_value=&#8220;#ffffff&#8220; el_id=&#8220;la-vitrine-du-collectionneur&#8220;][vc_column][vc_row_inner][vc_column_inner width=&#8220;1\/2&#8243;][vc_images_carousel images=&#8220;2063&#8243; img_size=&#8220;500&#215;500&#8243; autoplay=&#8220;yes&#8220; wrap=&#8220;yes&#8220;][\/vc_column_inner][vc_column_inner width=&#8220;1\/2&#8243;]<div class=\"ult-spacer spacer-6a963657534e1\" data-id=\"6a963657534e1\" data-height=\"20\" data-height-mobile=\"10\" data-height-tab=\"15\" data-height-tab-portrait=\"15\" data-height-mobile-landscape=\"10\" style=\"clear:both;display:block;\"><\/div><div id=\"ultimate-heading-81166a96365753519\" class=\"uvc-heading ult-adjust-bottom-margin ultimate-heading-81166a96365753519 uvc-1652 \" data-hspacer=\"no_spacer\"  data-halign=\"left\" style=\"text-align:left\"><div class=\"uvc-heading-spacer no_spacer\" style=\"top\"><\/div><div class=\"uvc-main-heading ult-responsive\"  data-ultimate-target='.uvc-heading.ultimate-heading-81166a96365753519 h3'  data-responsive-json-new='{\"font-size\":\"desktop:10px;\",\"line-height\":\"\"}' ><h3 style=\"font-weight:normal;color:#737373;\">EXPOSITION<\/h3><\/div><\/div><div id=\"ultimate-heading-59406a96365753555\" class=\"uvc-heading ult-adjust-bottom-margin ultimate-heading-59406a96365753555 uvc-8311 Titre_h2Home\" data-hspacer=\"no_spacer\"  data-halign=\"left\" style=\"text-align:left\"><div class=\"uvc-heading-spacer no_spacer\" style=\"top\"><\/div><div class=\"uvc-main-heading ult-responsive\"  data-ultimate-target='.uvc-heading.ultimate-heading-59406a96365753555 h2'  data-responsive-json-new='{\"font-size\":\"\",\"line-height\":\"\"}' ><h2 style=\"font-weight:normal;margin-top:-20px;\">La vitrine du collectionneur<\/h2><\/div><\/div>[vc_column_text]Txt<\/p>\n<p><span style=\"color: #590630; font-size: 10pt;\"><strong>&gt;<\/strong> Cliquez sur l&#8217;image pour voir le diaporama.<\/span>[\/vc_column_text][\/vc_column_inner][\/vc_row_inner][\/vc_column][\/vc_row][vc_row bg_type=&#8220;bg_color&#8220; bg_override=&#8220;full&#8220; bg_color_value=&#8220;#ffffff&#8220; el_id=&#8220;valangarten&#8220;][vc_column][vc_row_inner][vc_column_inner width=&#8220;1\/2&#8243;][vc_images_carousel images=&#8220;4228,4240,4238,4234,4232,4230,4236&#8243; img_size=&#8220;500&#215;500&#8243; autoplay=&#8220;yes&#8220; wrap=&#8220;yes&#8220;][\/vc_column_inner][vc_column_inner width=&#8220;1\/2&#8243;]<div class=\"ult-spacer spacer-6a9636575358a\" data-id=\"6a9636575358a\" data-height=\"15\" data-height-mobile=\"5\" data-height-tab=\"10\" data-height-tab-portrait=\"10\" data-height-mobile-landscape=\"5\" style=\"clear:both;display:block;\"><\/div><div id=\"ultimate-heading-94256a963657535b8\" class=\"uvc-heading ult-adjust-bottom-margin ultimate-heading-94256a963657535b8 uvc-646 \" data-hspacer=\"no_spacer\"  data-halign=\"left\" style=\"text-align:left\"><div class=\"uvc-heading-spacer no_spacer\" style=\"top\"><\/div><div class=\"uvc-main-heading ult-responsive\"  data-ultimate-target='.uvc-heading.ultimate-heading-94256a963657535b8 h3'  data-responsive-json-new='{\"font-size\":\"desktop:10px;\",\"line-height\":\"\"}' ><h3 style=\"font-weight:normal;color:#737373;\">PARK UND G\u00c4RTEN<\/h3><\/div><\/div><div id=\"ultimate-heading-56396a963657535f2\" class=\"uvc-heading ult-adjust-bottom-margin ultimate-heading-56396a963657535f2 uvc-9152 Titre_h2Home\" data-hspacer=\"no_spacer\"  data-halign=\"left\" style=\"text-align:left\"><div class=\"uvc-heading-spacer no_spacer\" style=\"top\"><\/div><div class=\"uvc-main-heading ult-responsive\"  data-ultimate-target='.uvc-heading.ultimate-heading-56396a963657535f2 h2'  data-responsive-json-new='{\"font-size\":\"\",\"line-height\":\"\"}' ><h2 style=\"font-weight:normal;margin-top:-20px;\">Valanjardin<\/h2><\/div><div class=\"uvc-sub-heading ult-responsive\"  data-ultimate-target='.uvc-heading.ultimate-heading-56396a963657535f2 .uvc-sub-heading '  data-responsive-json-new='{\"font-size\":\"\",\"line-height\":\"\"}'  style=\"font-weight:normal;\">Der mittelalterliche Garten!<\/div><\/div>[vc_column_text]Valanjardin ist eine Rekonstruktion der sp\u00e4tmittelalterlichen Nutzpflanzenlandschaft in unserer Region.<\/p>\n<p>Die Schaug\u00e4rten des Valanjardin sind in neun verschiedene Bereiche gegliedert: Neun G\u00e4rten, neun Welten&#8230; Aber ein zusammenh\u00e4ngendes Ganzes! Vom Seifenkraut, das zum Waschen verwendet wird, \u00fcber die Weinrebe, dem Kleinen Wiesenkopf mit seinem zarten Gurkengeschmack und seiner blutstillenden Wirkung bis hin zum Cardy, Kohl und Bohnen als Nahrungsmittel gibt es viel \u00fcber die Pflanzen um uns herum zu lernen.<\/p>\n<p>Alle der rund 200 Arten im Valanjardin sind in historischen und arch\u00e4ologischen Quellen belegt. Die Pflanzen, die Sie zu sehen bekommen, sind alle in einem kontinentalen Klima zuhause.<\/p>\n<p>Auf Anfrage sind F\u00fchrungen durch die G\u00e4rten m\u00f6glich, auch Workshops und Kindergeburtstage werden angeboten. Eintritt frei, Spenden willkommen.<\/p>\n<p><span style=\"color: #590630; font-size: 10pt;\"><strong>&gt;<\/strong> Klicken Sie auf das Bild, um die Slideshow zu sehen.<\/span>[\/vc_column_text][\/vc_column_inner][\/vc_row_inner][\/vc_column][\/vc_row][vc_row bg_type=&#8220;bg_color&#8220; bg_override=&#8220;full&#8220; bg_color_value=&#8220;#ffffff&#8220; el_id=&#8220;mangelune-garten&#8220;][vc_column][vc_row_inner][vc_column_inner width=&#8220;1\/2&#8243;]<div class=\"ult-spacer spacer-6a96365753628\" data-id=\"6a96365753628\" data-height=\"15\" data-height-mobile=\"5\" data-height-tab=\"10\" data-height-tab-portrait=\"10\" data-height-mobile-landscape=\"5\" style=\"clear:both;display:block;\"><\/div><div id=\"ultimate-heading-82276a96365753655\" class=\"uvc-heading ult-adjust-bottom-margin ultimate-heading-82276a96365753655 uvc-4209 \" data-hspacer=\"no_spacer\"  data-halign=\"left\" style=\"text-align:left\"><div class=\"uvc-heading-spacer no_spacer\" style=\"top\"><\/div><div class=\"uvc-main-heading ult-responsive\"  data-ultimate-target='.uvc-heading.ultimate-heading-82276a96365753655 h3'  data-responsive-json-new='{\"font-size\":\"desktop:10px;\",\"line-height\":\"\"}' ><h3 style=\"font-weight:normal;color:#737373;\">PARK UND G\u00c4RTEN<\/h3><\/div><\/div><div id=\"ultimate-heading-35666a9636575368f\" class=\"uvc-heading ult-adjust-bottom-margin ultimate-heading-35666a9636575368f uvc-8989 Titre_h2Home\" data-hspacer=\"no_spacer\"  data-halign=\"left\" style=\"text-align:left\"><div class=\"uvc-heading-spacer no_spacer\" style=\"top\"><\/div><div class=\"uvc-main-heading ult-responsive\"  data-ultimate-target='.uvc-heading.ultimate-heading-35666a9636575368f h2'  data-responsive-json-new='{\"font-size\":\"\",\"line-height\":\"\"}' ><h2 style=\"font-weight:normal;margin-top:-20px;\">Skulpturenpark ``Jardin Mangelune``<\/h2><\/div><\/div>[vc_column_text]In Zusammenarbeit mit dem Bildhauer Gaspard Delachaux entstand ein umfangreiches Projekt zum Thema \u00ab der Mensch, seine Fantasiewelten, Monster, Hybriden und ihre Darstellung in der Kunst, Architektur und Legenden. \u00bb<\/p>\n<p>Im Fokus stand die Errichtung des im Schlosspark angesiedelten Skulpturengartens mit dem Titel \u00ab Jardin Mangelune \u2013 Gaspard Delachaux \u00bb. Dieser zeigt die steinernen Figuren des K\u00fcnstlers eingebettet in die Kulisse des Schlosses. Animalische Fantasiegestalten interagieren in zahlreiche Inszenierungen, mit den W\u00e4llen und der \u00fcppigen Vegetation.<\/p>\n<p><span style=\"color: #590630; font-size: 10pt;\"><strong>&gt;<\/strong> Klicken Sie auf das Bild, um die Slideshow zu sehen.<\/span>[\/vc_column_text][\/vc_column_inner][vc_column_inner width=&#8220;1\/2&#8243;][vc_images_carousel images=&#8220;2337&#8243; img_size=&#8220;500&#215;500&#8243; autoplay=&#8220;yes&#8220; wrap=&#8220;yes&#8220;][\/vc_column_inner][\/vc_row_inner][\/vc_column][\/vc_row][vc_row bg_type=&#8220;bg_color&#8220; bg_override=&#8220;full&#8220; bg_color_value=&#8220;#efefef&#8220;][vc_column][vc_row_inner el_class=&#8220;allevent_page_custom&#8220;][vc_column_inner]<div id=\"ultimate-heading-27506a963657536d0\" class=\"uvc-heading ult-adjust-bottom-margin ultimate-heading-27506a963657536d0 uvc-293 \" data-hspacer=\"no_spacer\"  data-halign=\"left\" style=\"text-align:left\"><div class=\"uvc-heading-spacer no_spacer\" style=\"top\"><\/div><div class=\"uvc-main-heading ult-responsive\"  data-ultimate-target='.uvc-heading.ultimate-heading-27506a963657536d0 h2'  data-responsive-json-new='{\"font-size\":\"desktop:35px;\",\"line-height\":\"\"}' ><h2 style=\"font-weight:normal;\">Archiv<\/h2><\/div><\/div><div class=\"ult_exp_section_layer ult-adjust-bottom-margin  \" >\n\t\t<div id=\"uvc-exp-wrap-4639\" role=\"button\" tabindex=\"0\" aria-pressed=\"false\"  data-ultimate-target='#uvc-exp-wrap-4639'  data-responsive-json-new='{\"font-size\":\"desktop:20px;\",\"line-height\":\"desktop:20px;\"}'  class=\"ult_exp_section  ult-responsive \" style=\"color:#590630;background-color:#dbdbdb; font-weight:normal;  text-align:center;\" data-textcolor=\"#590630\"data-texthover=\"#000000\"data-icncolor=\"#333333\"data-ihover=\"#333333\"data-height=\"0\"data-cntbg=\"#dbdbdb\"data-cnthvrbg=\"#e5e5e5\"data-headerbg=\"#dbdbdb\"data-headerhover=\"#e5e5e5\"data-title=\"VERGANGENE AUSSTELLUNGEN\"data-newtitle=\"SCHLIESSEN\"data-icon=\"\"data-newicon=\"\"data-activeicon=\"#333333\"data-effect=\"slideToggle\"data-override=\"0\"data-activetitle=\"#590630\"data-activebg=\"#dbdbdb\"data-img=\"\"data-newimg=\"\"><div  class=\"ult_exp_section-main \">\n\t\t\t\t\t<div class=\"ult_expheader\" >VERGANGENE AUSSTELLUNGEN\n\t\t\t\t\t <\/div><\/div>\n\t\t\t\t<\/div><div class=\"ult_exp_content \" style=\"background-color:#efefef;  \"><div class=\"ult_ecpsub_cont\" style=\" \" >[vc_column_text]<style>\r\n\t.Extrait_Expos_arc{float:left;height:70px;width:100%;background-color:#FFBC2F;color:#FFF;margin-top:0px;border-radius:0px;}\r\n\t@media screen and (max-width:900px){.Extrait_Expos_arc{height:210px;margin-top:0px;}}\r\n\t.Extrait_Expos_Container_arc{height:70px;background-color:#FFBC2F;margin:0 auto;text-align:center;}\r\n\t@media screen and (max-width:900px){.Extrait_Expos_Container_arc{height:180px;width:100%;}}\r\n\t.Extrait_Expos_arc a:hover{text-decoration:none;}\r\n\t.Date_Expos_all_arc{float:left;width:20%;height:70px;margin-bottom:10px;}\r\n\t@media screen and (max-width:900px){.Date_Expos_all_arc{float:left;width:100%;height:70px;margin-bottom:-10px;}}\r\n\t.Date_Expos_1_arc{float:left;width:45%;text-align:center;margin-top:5px;}\r\n\t.Date_Expos_1_2_arc{float:left;width:45%;text-align:center;margin-top:5px;}\r\n\t.Date_Expos_sep_arc{float:left;text-align:center;width:10%;margin-top:-15px;}\r\n\t.Date_Expos_2_arc{float:left;width:45%;text-align:center;margin-top:5px;}\r\n\t.timecss_d_arc {font-size:20px;font-weight:500;margin:0;}\r\n\t.timecss_f_arc {font-size:10px;text-transform:uppercase;margin-top:-5px;}\r\n\t.timecss_y_arc {font-size:11px;margin-top:-28px;}\r\n\t.Date_Expos_sep_arc{padding-top:20px}\r\n\t.Cat_Expos_arc{color:#590630;text-transform:uppercase;font-weight:300;letter-spacing:5px;font-size:8px;}\r\n\t@media screen and (max-width:900px){.Cat_Expos_arc{float:left;height:20px;width:100%;margin:0 10px;}}\r\n\t.Cat_Expos_arc{float:left;height:20px;width:60%;line-height:1.5;margin-top:7px;}\r\n\t@media screen and (max-width:900px){.Cat_Expos_arc{float:left;text-align:center;height:20px;width:100%;margin:10px 0 auto;}}\r\n\t@media screen and (max-width:900px){.Cat_Expos_arc_cont{margin:0 10px;width:90%;}}\r\n\t.Titre_Expos_arc a{float:left;height:50px;width:60%;font-weight:100;font-size:17px;line-height:1.2;color:#fff;text-rendering:auto;margin-top:-10px;}\r\n\t@media screen and (max-width:900px){.Titre_Expos_arc a{height:30px;margin:10px 0 auto;width:100%;line-break:auto;}}\r\n\t@media screen and (max-width:900px){.Titre_Expos_arc_cont{margin:0 5%;width:90%;}}\r\n\t.Image_Expos_arc{float:left;width:20%;overflow:hidden;position:relative;max-height:70px;margin-top:-27px;}\r\n\t@media screen and (max-width:900px){.Image_Expos_arc{float:left;max-height:150px;width:100%;margin-top:10px;}}\r\n\t.Date_Expos_all_arc,.Cat_Expos_arc,.Titre_Expos_arc a{display:flex;justify-content:center;align-items:center;}\r\n\t.desk{display:flex;}.mob{display:none;}\r\n\t@media screen and (max-width:900px){.desk{display:none;}.mob{display:flex;}}\r\n<\/style>\r\n\r\n<div class=\"Extrait_Expos_arc\">\r\n\t<div class=\"Extrait_Expos_Container_arc\">\r\n\t\t4790\r\n\t\t<div class=\"Cat_Expos_arc\"><div class=\"Cat_Events_arc_cont\">AUSSTELLUNG<\/div><\/div>\r\n\t\t<div class=\"Titre_Expos_arc\"><div class=\"Titre_Events_arc_cont\"><a href=\"https:\/\/chateau-de-valangin.ch\/de\/austellungen\/au-poil-exposition-temporaire\/\">Au Poil! Une histoire chevelue et poilue<\/a><\/div><\/div>\t\t\r\n\t\t<div class=\"Image_Expos_arc\"><a href=\"https:\/\/chateau-de-valangin.ch\/de\/austellungen\/au-poil-exposition-temporaire\/\"><span class=\"desk\"><\/span><span class=\"mob\"><\/span><\/a><\/div>\r\n\t<\/div>\r\n<\/div><style>\r\n\t.Extrait_Expos_arc{float:left;height:70px;width:100%;background-color:#FFBC2F;color:#FFF;margin-top:0px;border-radius:0px;}\r\n\t@media screen and (max-width:900px){.Extrait_Expos_arc{height:210px;margin-top:0px;}}\r\n\t.Extrait_Expos_Container_arc{height:70px;background-color:#FFBC2F;margin:0 auto;text-align:center;}\r\n\t@media screen and (max-width:900px){.Extrait_Expos_Container_arc{height:180px;width:100%;}}\r\n\t.Extrait_Expos_arc a:hover{text-decoration:none;}\r\n\t.Date_Expos_all_arc{float:left;width:20%;height:70px;margin-bottom:10px;}\r\n\t@media screen and (max-width:900px){.Date_Expos_all_arc{float:left;width:100%;height:70px;margin-bottom:-10px;}}\r\n\t.Date_Expos_1_arc{float:left;width:45%;text-align:center;margin-top:5px;}\r\n\t.Date_Expos_1_2_arc{float:left;width:45%;text-align:center;margin-top:5px;}\r\n\t.Date_Expos_sep_arc{float:left;text-align:center;width:10%;margin-top:-15px;}\r\n\t.Date_Expos_2_arc{float:left;width:45%;text-align:center;margin-top:5px;}\r\n\t.timecss_d_arc {font-size:20px;font-weight:500;margin:0;}\r\n\t.timecss_f_arc {font-size:10px;text-transform:uppercase;margin-top:-5px;}\r\n\t.timecss_y_arc {font-size:11px;margin-top:-28px;}\r\n\t.Date_Expos_sep_arc{padding-top:20px}\r\n\t.Cat_Expos_arc{color:#590630;text-transform:uppercase;font-weight:300;letter-spacing:5px;font-size:8px;}\r\n\t@media screen and (max-width:900px){.Cat_Expos_arc{float:left;height:20px;width:100%;margin:0 10px;}}\r\n\t.Cat_Expos_arc{float:left;height:20px;width:60%;line-height:1.5;margin-top:7px;}\r\n\t@media screen and (max-width:900px){.Cat_Expos_arc{float:left;text-align:center;height:20px;width:100%;margin:10px 0 auto;}}\r\n\t@media screen and (max-width:900px){.Cat_Expos_arc_cont{margin:0 10px;width:90%;}}\r\n\t.Titre_Expos_arc a{float:left;height:50px;width:60%;font-weight:100;font-size:17px;line-height:1.2;color:#fff;text-rendering:auto;margin-top:-10px;}\r\n\t@media screen and (max-width:900px){.Titre_Expos_arc a{height:30px;margin:10px 0 auto;width:100%;line-break:auto;}}\r\n\t@media screen and (max-width:900px){.Titre_Expos_arc_cont{margin:0 5%;width:90%;}}\r\n\t.Image_Expos_arc{float:left;width:20%;overflow:hidden;position:relative;max-height:70px;margin-top:-27px;}\r\n\t@media screen and (max-width:900px){.Image_Expos_arc{float:left;max-height:150px;width:100%;margin-top:10px;}}\r\n\t.Date_Expos_all_arc,.Cat_Expos_arc,.Titre_Expos_arc a{display:flex;justify-content:center;align-items:center;}\r\n\t.desk{display:flex;}.mob{display:none;}\r\n\t@media screen and (max-width:900px){.desk{display:none;}.mob{display:flex;}}\r\n<\/style>\r\n\r\n<div class=\"Extrait_Expos_arc\">\r\n\t<div class=\"Extrait_Expos_Container_arc\">\r\n\t\t4796\r\n\t\t<div class=\"Cat_Expos_arc\"><div class=\"Cat_Events_arc_cont\">Sammlervitrine<\/div><\/div>\r\n\t\t<div class=\"Titre_Expos_arc\"><div class=\"Titre_Events_arc_cont\"><a href=\"https:\/\/chateau-de-valangin.ch\/de\/austellungen\/televiseurs-portables-sylvain-paroz\/\">T\u00e9l\u00e9viseurs portables: une r\u00e9volution en poche<\/a><\/div><\/div>\t\t\r\n\t\t<div class=\"Image_Expos_arc\"><a href=\"https:\/\/chateau-de-valangin.ch\/de\/austellungen\/televiseurs-portables-sylvain-paroz\/\"><span class=\"desk\"><\/span><span class=\"mob\"><\/span><\/a><\/div>\r\n\t<\/div>\r\n<\/div><style>\r\n\t.Extrait_Expos_arc{float:left;height:70px;width:100%;background-color:#FFBC2F;color:#FFF;margin-top:0px;border-radius:0px;}\r\n\t@media screen and (max-width:900px){.Extrait_Expos_arc{height:210px;margin-top:0px;}}\r\n\t.Extrait_Expos_Container_arc{height:70px;background-color:#FFBC2F;margin:0 auto;text-align:center;}\r\n\t@media screen and (max-width:900px){.Extrait_Expos_Container_arc{height:180px;width:100%;}}\r\n\t.Extrait_Expos_arc a:hover{text-decoration:none;}\r\n\t.Date_Expos_all_arc{float:left;width:20%;height:70px;margin-bottom:10px;}\r\n\t@media screen and (max-width:900px){.Date_Expos_all_arc{float:left;width:100%;height:70px;margin-bottom:-10px;}}\r\n\t.Date_Expos_1_arc{float:left;width:45%;text-align:center;margin-top:5px;}\r\n\t.Date_Expos_1_2_arc{float:left;width:45%;text-align:center;margin-top:5px;}\r\n\t.Date_Expos_sep_arc{float:left;text-align:center;width:10%;margin-top:-15px;}\r\n\t.Date_Expos_2_arc{float:left;width:45%;text-align:center;margin-top:5px;}\r\n\t.timecss_d_arc {font-size:20px;font-weight:500;margin:0;}\r\n\t.timecss_f_arc {font-size:10px;text-transform:uppercase;margin-top:-5px;}\r\n\t.timecss_y_arc {font-size:11px;margin-top:-28px;}\r\n\t.Date_Expos_sep_arc{padding-top:20px}\r\n\t.Cat_Expos_arc{color:#590630;text-transform:uppercase;font-weight:300;letter-spacing:5px;font-size:8px;}\r\n\t@media screen and (max-width:900px){.Cat_Expos_arc{float:left;height:20px;width:100%;margin:0 10px;}}\r\n\t.Cat_Expos_arc{float:left;height:20px;width:60%;line-height:1.5;margin-top:7px;}\r\n\t@media screen and (max-width:900px){.Cat_Expos_arc{float:left;text-align:center;height:20px;width:100%;margin:10px 0 auto;}}\r\n\t@media screen and (max-width:900px){.Cat_Expos_arc_cont{margin:0 10px;width:90%;}}\r\n\t.Titre_Expos_arc a{float:left;height:50px;width:60%;font-weight:100;font-size:17px;line-height:1.2;color:#fff;text-rendering:auto;margin-top:-10px;}\r\n\t@media screen and (max-width:900px){.Titre_Expos_arc a{height:30px;margin:10px 0 auto;width:100%;line-break:auto;}}\r\n\t@media screen and (max-width:900px){.Titre_Expos_arc_cont{margin:0 5%;width:90%;}}\r\n\t.Image_Expos_arc{float:left;width:20%;overflow:hidden;position:relative;max-height:70px;margin-top:-27px;}\r\n\t@media screen and (max-width:900px){.Image_Expos_arc{float:left;max-height:150px;width:100%;margin-top:10px;}}\r\n\t.Date_Expos_all_arc,.Cat_Expos_arc,.Titre_Expos_arc a{display:flex;justify-content:center;align-items:center;}\r\n\t.desk{display:flex;}.mob{display:none;}\r\n\t@media screen and (max-width:900px){.desk{display:none;}.mob{display:flex;}}\r\n<\/style>\r\n\r\n<div class=\"Extrait_Expos_arc\">\r\n\t<div class=\"Extrait_Expos_Container_arc\">\r\n\t\t4398\r\n\t\t<div class=\"Cat_Expos_arc\"><div class=\"Cat_Events_arc_cont\">Sammlervitrine<\/div><\/div>\r\n\t\t<div class=\"Titre_Expos_arc\"><div class=\"Titre_Events_arc_cont\"><a href=\"https:\/\/chateau-de-valangin.ch\/de\/austellungen\/corbillards-et-voitures-de-pompier-miniatures\/\">Modelle von Leichenwagen und Feuerwehrfahrzeugen<\/a><\/div><\/div>\t\t\r\n\t\t<div class=\"Image_Expos_arc\"><a href=\"https:\/\/chateau-de-valangin.ch\/de\/austellungen\/corbillards-et-voitures-de-pompier-miniatures\/\"><span class=\"desk\"><img loading=\"lazy\" decoding=\"async\" width=\"300\" height=\"89\" src=\"https:\/\/chateau-de-valangin.ch\/NEWSITE\/wp-content\/uploads\/2024\/02\/corbillards-300x89.jpg\" class=\"attachment-medium size-medium\" alt=\"exposition temporaire mod\u00e8les r\u00e9duits de corbillards\" srcset=\"https:\/\/chateau-de-valangin.ch\/NEWSITE\/wp-content\/uploads\/2024\/02\/corbillards-300x89.jpg 300w, https:\/\/chateau-de-valangin.ch\/NEWSITE\/wp-content\/uploads\/2024\/02\/corbillards-1024x303.jpg 1024w, https:\/\/chateau-de-valangin.ch\/NEWSITE\/wp-content\/uploads\/2024\/02\/corbillards-768x227.jpg 768w, https:\/\/chateau-de-valangin.ch\/NEWSITE\/wp-content\/uploads\/2024\/02\/corbillards-1536x454.jpg 1536w, https:\/\/chateau-de-valangin.ch\/NEWSITE\/wp-content\/uploads\/2024\/02\/corbillards-150x44.jpg 150w, https:\/\/chateau-de-valangin.ch\/NEWSITE\/wp-content\/uploads\/2024\/02\/corbillards-480x142.jpg 480w, https:\/\/chateau-de-valangin.ch\/NEWSITE\/wp-content\/uploads\/2024\/02\/corbillards-1320x391.jpg 1320w, https:\/\/chateau-de-valangin.ch\/NEWSITE\/wp-content\/uploads\/2024\/02\/corbillards.jpg 1920w\" sizes=\"auto, (max-width:767px) 300px, 300px\" \/><\/span><span class=\"mob\"><img loading=\"lazy\" decoding=\"async\" width=\"1024\" height=\"303\" src=\"https:\/\/chateau-de-valangin.ch\/NEWSITE\/wp-content\/uploads\/2024\/02\/corbillards-1024x303.jpg\" class=\"attachment-large size-large\" alt=\"exposition temporaire mod\u00e8les r\u00e9duits de corbillards\" srcset=\"https:\/\/chateau-de-valangin.ch\/NEWSITE\/wp-content\/uploads\/2024\/02\/corbillards-1024x303.jpg 1024w, https:\/\/chateau-de-valangin.ch\/NEWSITE\/wp-content\/uploads\/2024\/02\/corbillards-300x89.jpg 300w, https:\/\/chateau-de-valangin.ch\/NEWSITE\/wp-content\/uploads\/2024\/02\/corbillards-768x227.jpg 768w, https:\/\/chateau-de-valangin.ch\/NEWSITE\/wp-content\/uploads\/2024\/02\/corbillards-1536x454.jpg 1536w, https:\/\/chateau-de-valangin.ch\/NEWSITE\/wp-content\/uploads\/2024\/02\/corbillards-150x44.jpg 150w, https:\/\/chateau-de-valangin.ch\/NEWSITE\/wp-content\/uploads\/2024\/02\/corbillards-480x142.jpg 480w, https:\/\/chateau-de-valangin.ch\/NEWSITE\/wp-content\/uploads\/2024\/02\/corbillards-1320x391.jpg 1320w, https:\/\/chateau-de-valangin.ch\/NEWSITE\/wp-content\/uploads\/2024\/02\/corbillards.jpg 1920w\" sizes=\"auto, (max-width:767px) 480px, (max-width:1024px) 100vw, 1024px\" \/><\/span><\/a><\/div>\r\n\t<\/div>\r\n<\/div><style>\r\n\t.Extrait_Expos_arc{float:left;height:70px;width:100%;background-color:#FFBC2F;color:#FFF;margin-top:0px;border-radius:0px;}\r\n\t@media screen and (max-width:900px){.Extrait_Expos_arc{height:210px;margin-top:0px;}}\r\n\t.Extrait_Expos_Container_arc{height:70px;background-color:#FFBC2F;margin:0 auto;text-align:center;}\r\n\t@media screen and (max-width:900px){.Extrait_Expos_Container_arc{height:180px;width:100%;}}\r\n\t.Extrait_Expos_arc a:hover{text-decoration:none;}\r\n\t.Date_Expos_all_arc{float:left;width:20%;height:70px;margin-bottom:10px;}\r\n\t@media screen and (max-width:900px){.Date_Expos_all_arc{float:left;width:100%;height:70px;margin-bottom:-10px;}}\r\n\t.Date_Expos_1_arc{float:left;width:45%;text-align:center;margin-top:5px;}\r\n\t.Date_Expos_1_2_arc{float:left;width:45%;text-align:center;margin-top:5px;}\r\n\t.Date_Expos_sep_arc{float:left;text-align:center;width:10%;margin-top:-15px;}\r\n\t.Date_Expos_2_arc{float:left;width:45%;text-align:center;margin-top:5px;}\r\n\t.timecss_d_arc {font-size:20px;font-weight:500;margin:0;}\r\n\t.timecss_f_arc {font-size:10px;text-transform:uppercase;margin-top:-5px;}\r\n\t.timecss_y_arc {font-size:11px;margin-top:-28px;}\r\n\t.Date_Expos_sep_arc{padding-top:20px}\r\n\t.Cat_Expos_arc{color:#590630;text-transform:uppercase;font-weight:300;letter-spacing:5px;font-size:8px;}\r\n\t@media screen and (max-width:900px){.Cat_Expos_arc{float:left;height:20px;width:100%;margin:0 10px;}}\r\n\t.Cat_Expos_arc{float:left;height:20px;width:60%;line-height:1.5;margin-top:7px;}\r\n\t@media screen and (max-width:900px){.Cat_Expos_arc{float:left;text-align:center;height:20px;width:100%;margin:10px 0 auto;}}\r\n\t@media screen and (max-width:900px){.Cat_Expos_arc_cont{margin:0 10px;width:90%;}}\r\n\t.Titre_Expos_arc a{float:left;height:50px;width:60%;font-weight:100;font-size:17px;line-height:1.2;color:#fff;text-rendering:auto;margin-top:-10px;}\r\n\t@media screen and (max-width:900px){.Titre_Expos_arc a{height:30px;margin:10px 0 auto;width:100%;line-break:auto;}}\r\n\t@media screen and (max-width:900px){.Titre_Expos_arc_cont{margin:0 5%;width:90%;}}\r\n\t.Image_Expos_arc{float:left;width:20%;overflow:hidden;position:relative;max-height:70px;margin-top:-27px;}\r\n\t@media screen and (max-width:900px){.Image_Expos_arc{float:left;max-height:150px;width:100%;margin-top:10px;}}\r\n\t.Date_Expos_all_arc,.Cat_Expos_arc,.Titre_Expos_arc a{display:flex;justify-content:center;align-items:center;}\r\n\t.desk{display:flex;}.mob{display:none;}\r\n\t@media screen and (max-width:900px){.desk{display:none;}.mob{display:flex;}}\r\n<\/style>\r\n\r\n<div class=\"Extrait_Expos_arc\">\r\n\t<div class=\"Extrait_Expos_Container_arc\">\r\n\t\t4335\r\n\t\t<div class=\"Cat_Expos_arc\"><div class=\"Cat_Events_arc_cont\">AUSSTELLUNG<\/div><\/div>\r\n\t\t<div class=\"Titre_Expos_arc\"><div class=\"Titre_Events_arc_cont\"><a href=\"https:\/\/chateau-de-valangin.ch\/de\/austellungen\/valangin-au-feminin-3-femmes-3-vies-3-siecles\/\">Valangin au f\u00e9minin &#8211; 3 Frauen, 3 Leben, 3 Jahrhunderte<\/a><\/div><\/div>\t\t\r\n\t\t<div class=\"Image_Expos_arc\"><a href=\"https:\/\/chateau-de-valangin.ch\/de\/austellungen\/valangin-au-feminin-3-femmes-3-vies-3-siecles\/\"><span class=\"desk\"><img loading=\"lazy\" decoding=\"async\" width=\"300\" height=\"113\" src=\"https:\/\/chateau-de-valangin.ch\/NEWSITE\/wp-content\/uploads\/2024\/02\/dossier-val_ofeminin_bandeau-web-300x113.jpg\" class=\"attachment-medium size-medium\" alt=\"\" srcset=\"https:\/\/chateau-de-valangin.ch\/NEWSITE\/wp-content\/uploads\/2024\/02\/dossier-val_ofeminin_bandeau-web-300x113.jpg 300w, https:\/\/chateau-de-valangin.ch\/NEWSITE\/wp-content\/uploads\/2024\/02\/dossier-val_ofeminin_bandeau-web-1024x385.jpg 1024w, https:\/\/chateau-de-valangin.ch\/NEWSITE\/wp-content\/uploads\/2024\/02\/dossier-val_ofeminin_bandeau-web-768x289.jpg 768w, https:\/\/chateau-de-valangin.ch\/NEWSITE\/wp-content\/uploads\/2024\/02\/dossier-val_ofeminin_bandeau-web-150x56.jpg 150w, https:\/\/chateau-de-valangin.ch\/NEWSITE\/wp-content\/uploads\/2024\/02\/dossier-val_ofeminin_bandeau-web-480x180.jpg 480w, https:\/\/chateau-de-valangin.ch\/NEWSITE\/wp-content\/uploads\/2024\/02\/dossier-val_ofeminin_bandeau-web-rotated.jpg 1226w\" sizes=\"auto, (max-width:767px) 300px, 300px\" \/><\/span><span class=\"mob\"><img loading=\"lazy\" decoding=\"async\" width=\"1024\" height=\"385\" src=\"https:\/\/chateau-de-valangin.ch\/NEWSITE\/wp-content\/uploads\/2024\/02\/dossier-val_ofeminin_bandeau-web-1024x385.jpg\" class=\"attachment-large size-large\" alt=\"\" srcset=\"https:\/\/chateau-de-valangin.ch\/NEWSITE\/wp-content\/uploads\/2024\/02\/dossier-val_ofeminin_bandeau-web-1024x385.jpg 1024w, https:\/\/chateau-de-valangin.ch\/NEWSITE\/wp-content\/uploads\/2024\/02\/dossier-val_ofeminin_bandeau-web-300x113.jpg 300w, https:\/\/chateau-de-valangin.ch\/NEWSITE\/wp-content\/uploads\/2024\/02\/dossier-val_ofeminin_bandeau-web-768x289.jpg 768w, https:\/\/chateau-de-valangin.ch\/NEWSITE\/wp-content\/uploads\/2024\/02\/dossier-val_ofeminin_bandeau-web-150x56.jpg 150w, https:\/\/chateau-de-valangin.ch\/NEWSITE\/wp-content\/uploads\/2024\/02\/dossier-val_ofeminin_bandeau-web-480x180.jpg 480w, https:\/\/chateau-de-valangin.ch\/NEWSITE\/wp-content\/uploads\/2024\/02\/dossier-val_ofeminin_bandeau-web-rotated.jpg 1226w\" sizes=\"auto, (max-width:767px) 480px, (max-width:1024px) 100vw, 1024px\" \/><\/span><\/a><\/div>\r\n\t<\/div>\r\n<\/div><style>\r\n\t.Extrait_Expos_arc{float:left;height:70px;width:100%;background-color:#FFBC2F;color:#FFF;margin-top:0px;border-radius:0px;}\r\n\t@media screen and (max-width:900px){.Extrait_Expos_arc{height:210px;margin-top:0px;}}\r\n\t.Extrait_Expos_Container_arc{height:70px;background-color:#FFBC2F;margin:0 auto;text-align:center;}\r\n\t@media screen and (max-width:900px){.Extrait_Expos_Container_arc{height:180px;width:100%;}}\r\n\t.Extrait_Expos_arc a:hover{text-decoration:none;}\r\n\t.Date_Expos_all_arc{float:left;width:20%;height:70px;margin-bottom:10px;}\r\n\t@media screen and (max-width:900px){.Date_Expos_all_arc{float:left;width:100%;height:70px;margin-bottom:-10px;}}\r\n\t.Date_Expos_1_arc{float:left;width:45%;text-align:center;margin-top:5px;}\r\n\t.Date_Expos_1_2_arc{float:left;width:45%;text-align:center;margin-top:5px;}\r\n\t.Date_Expos_sep_arc{float:left;text-align:center;width:10%;margin-top:-15px;}\r\n\t.Date_Expos_2_arc{float:left;width:45%;text-align:center;margin-top:5px;}\r\n\t.timecss_d_arc {font-size:20px;font-weight:500;margin:0;}\r\n\t.timecss_f_arc {font-size:10px;text-transform:uppercase;margin-top:-5px;}\r\n\t.timecss_y_arc {font-size:11px;margin-top:-28px;}\r\n\t.Date_Expos_sep_arc{padding-top:20px}\r\n\t.Cat_Expos_arc{color:#590630;text-transform:uppercase;font-weight:300;letter-spacing:5px;font-size:8px;}\r\n\t@media screen and (max-width:900px){.Cat_Expos_arc{float:left;height:20px;width:100%;margin:0 10px;}}\r\n\t.Cat_Expos_arc{float:left;height:20px;width:60%;line-height:1.5;margin-top:7px;}\r\n\t@media screen and (max-width:900px){.Cat_Expos_arc{float:left;text-align:center;height:20px;width:100%;margin:10px 0 auto;}}\r\n\t@media screen and (max-width:900px){.Cat_Expos_arc_cont{margin:0 10px;width:90%;}}\r\n\t.Titre_Expos_arc a{float:left;height:50px;width:60%;font-weight:100;font-size:17px;line-height:1.2;color:#fff;text-rendering:auto;margin-top:-10px;}\r\n\t@media screen and (max-width:900px){.Titre_Expos_arc a{height:30px;margin:10px 0 auto;width:100%;line-break:auto;}}\r\n\t@media screen and (max-width:900px){.Titre_Expos_arc_cont{margin:0 5%;width:90%;}}\r\n\t.Image_Expos_arc{float:left;width:20%;overflow:hidden;position:relative;max-height:70px;margin-top:-27px;}\r\n\t@media screen and (max-width:900px){.Image_Expos_arc{float:left;max-height:150px;width:100%;margin-top:10px;}}\r\n\t.Date_Expos_all_arc,.Cat_Expos_arc,.Titre_Expos_arc a{display:flex;justify-content:center;align-items:center;}\r\n\t.desk{display:flex;}.mob{display:none;}\r\n\t@media screen and (max-width:900px){.desk{display:none;}.mob{display:flex;}}\r\n<\/style>\r\n\r\n<div class=\"Extrait_Expos_arc\">\r\n\t<div class=\"Extrait_Expos_Container_arc\">\r\n\t\t2495\r\n\t\t<div class=\"Cat_Expos_arc\"><div class=\"Cat_Events_arc_cont\">AUSSTELLUNG<\/div><\/div>\r\n\t\t<div class=\"Titre_Expos_arc\"><div class=\"Titre_Events_arc_cont\"><a href=\"https:\/\/chateau-de-valangin.ch\/de\/austellungen\/ceci-est-mon-titre-dexposition-2\/\">Das ist meine Autelllung Titel 2<\/a><\/div><\/div>\t\t\r\n\t\t<div class=\"Image_Expos_arc\"><a href=\"https:\/\/chateau-de-valangin.ch\/de\/austellungen\/ceci-est-mon-titre-dexposition-2\/\"><span class=\"desk\"><\/span><span class=\"mob\"><\/span><\/a><\/div>\r\n\t<\/div>\r\n<\/div>[\/vc_column_text]<\/div><\/div>\n\n\t\t\t<\/div>[\/vc_column_inner][\/vc_row_inner][\/vc_column][\/vc_row][vc_row][vc_column css=&#8220;.vc_custom_1518177542142{margin-top: -35px !important;margin-bottom: -35px !important;}&#8220;]<div class=\"templatera_shortcode\"><div class=\"vc_row wpb_row vc_row-fluid vc_row-o-content-middle vc_row-flex\"><div class=\"wpb_column vc_column_container vc_col-sm-12\"><div class=\"vc_column-inner\"><div class=\"wpb_wrapper\"><div id=\"ultimate-heading-7266a96365787af8\" class=\"uvc-heading ult-adjust-bottom-margin ultimate-heading-7266a96365787af8 uvc-94 \" data-hspacer=\"no_spacer\"  data-halign=\"center\" style=\"text-align:center\"><div class=\"uvc-heading-spacer no_spacer\" style=\"top\"><\/div><div class=\"uvc-main-heading ult-responsive\"  data-ultimate-target='.uvc-heading.ultimate-heading-7266a96365787af8 h3'  data-responsive-json-new='{\"font-size\":\"\",\"line-height\":\"\"}' ><h3 style=\"font-weight:normal;color:#818693;\">Newsletter<\/h3><\/div><div class=\"uvc-sub-heading ult-responsive\"  data-ultimate-target='.uvc-heading.ultimate-heading-7266a96365787af8 .uvc-sub-heading '  data-responsive-json-new='{\"font-size\":\"\",\"line-height\":\"\"}'  style=\"font-weight:normal;color:#ffffff;margin-top:20px;\">\r\n<p style=\"text-align: center;\">BLEIBEN SIE AUF DEM LAUFENDEN, ABONNIEREN SIE UNSEREN NEWSLETTER!\r\n(Bemerkung: der Newsletter ist Franz\u00f6sisch)<\/p>\r\n<\/div><\/div>\n\t<div class=\"wpb_text_column wpb_content_element\" >\n\t\t<div class=\"wpb_wrapper\">\n\t\t\t<p><center>  \n  \n  <div class=\"\n    mailpoet_form_popup_overlay\n      \"><\/div>\n  <div\n    id=\"mailpoet_form_2\"\n    class=\"\n      mailpoet_form\n      mailpoet_form_shortcode\n      mailpoet_form_position_\n      mailpoet_form_animation_\n    \"\n      >\n\n    <style type=\"text\/css\">\n     #mailpoet_form_2 .mailpoet_form {  }\n#mailpoet_form_2 .mailpoet_paragraph {  }\n#mailpoet_form_2 .mailpoet_segment_label, #mailpoet_form_2 .mailpoet_text_label, #mailpoet_form_2 .mailpoet_textarea_label, #mailpoet_form_2 .mailpoet_select_label, #mailpoet_form_2 .mailpoet_radio_label, #mailpoet_form_2 .mailpoet_checkbox_label, #mailpoet_form_2 .mailpoet_list_label, #mailpoet_form_2 .mailpoet_date_label {  }\n#mailpoet_form_2 .mailpoet_text, #mailpoet_form_2 .mailpoet_textarea, #mailpoet_form_2 .mailpoet_select, #mailpoet_form_2 .mailpoet_date_month, #mailpoet_form_2 .mailpoet_date_day, #mailpoet_form_2 .mailpoet_date_year, #mailpoet_form_2 .mailpoet_date {  }\n#mailpoet_form_2 .mailpoet_text, #mailpoet_form_2 .mailpoet_textarea {  }\n#mailpoet_form_2 .mailpoet_checkbox {  }\n#mailpoet_form_2 .mailpoet_submit input {  }\n#mailpoet_form_2 .mailpoet_divider {  }\n#mailpoet_form_2 .mailpoet_message {  }\n#mailpoet_form_2 .mailpoet_validate_success { color: #468847; }\n#mailpoet_form_2 .mailpoet_validate_error { color: #b94a48; }#mailpoet_form_2{border-radius: 0px;text-align: left;}#mailpoet_form_2 form.mailpoet_form {padding: 20px;}#mailpoet_form_2{width: 100%;}#mailpoet_form_2 .mailpoet_message {margin: 0; padding: 0 20px;}#mailpoet_form_2 .mailpoet_paragraph.last {margin-bottom: 0} @media (max-width: 500px) {#mailpoet_form_2 {background-image: none;}} @media (min-width: 500px) {#mailpoet_form_2 .last .mailpoet_paragraph:last-child {margin-bottom: 0}}  @media (max-width: 500px) {#mailpoet_form_2 .mailpoet_form_column:last-child .mailpoet_paragraph:last-child {margin-bottom: 0}} \n    <\/style>\n\n    <form\n      target=\"_self\"\n      method=\"post\"\n      action=\"https:\/\/chateau-de-valangin.ch\/NEWSITE\/wp-admin\/admin-post.php?action=mailpoet_subscription_form\"\n      class=\"mailpoet_form mailpoet_form_form mailpoet_form_shortcode\"\n      novalidate\n      data-delay=\"\"\n      data-exit-intent-enabled=\"\"\n      data-trigger-mode=\"\"\n      data-click-trigger-selector=\"\"\n      data-font-family=\"\"\n      data-cookie-expiration-time=\"\"\n    >\n      <input type=\"hidden\" name=\"data[form_id]\" value=\"2\" \/>\n      <input type=\"hidden\" name=\"token\" value=\"11d1dc5a37\" \/>\n      <input type=\"hidden\" name=\"api_version\" value=\"v1\" \/>\n      <input type=\"hidden\" name=\"endpoint\" value=\"subscribers\" \/>\n      <input type=\"hidden\" name=\"mailpoet_method\" value=\"subscribe\" \/>\n\n      <label class=\"mailpoet_hp_email_label\" style=\"display: none !important;\">Bitte dieses Feld leer lassen<input type=\"email\" name=\"data[email]\"\/><\/label><div class=\"mailpoet_paragraph \"><input type=\"email\" autocomplete=\"email\" class=\"mailpoet_text\" id=\"form_email_2\" name=\"data[form_field_NTVkYTQ0Y2ZlMjY3X2VtYWls]\" title=\"E-mail\" value=\"\" style=\"padding:5px;margin: 0 auto 0 0;\" data-automation-id=\"form_email\"  placeholder=\"E-mail *\" aria-label=\"E-mail *\" data-parsley-errors-container=\".mailpoet_error_1yzuv\" data-parsley-required=\"true\" required aria-required=\"true\" data-parsley-minlength=\"6\" data-parsley-maxlength=\"150\" data-parsley-type-message=\"Dieser Wert sollte eine g\u00fcltige E-Mail-Adresse sein.\" data-parsley-required-message=\"Dieses Feld wird ben\u00f6tigt.\"\/><span class=\"mailpoet_error_1yzuv\"><\/span><\/div>\n<div class=\"mailpoet_paragraph \"><input type=\"submit\" class=\"mailpoet_submit\" value=\"ABONNIEREN\" data-automation-id=\"subscribe-submit-button\" style=\"padding:5px;margin: 0 auto 0 0;border-color:transparent;\" \/><span class=\"mailpoet_form_loading\"><span class=\"mailpoet_bounce1\"><\/span><span class=\"mailpoet_bounce2\"><\/span><span class=\"mailpoet_bounce3\"><\/span><\/span><\/div>\n\n      <div class=\"mailpoet_message\">\n        <p class=\"mailpoet_validate_success\"\n                style=\"display:none;\"\n                >Bitte \u00fcberpr\u00fcfen Sie Ihren Posteingang, um Ihr Abonnement zu best\u00e4tigen. Sehen Sie ggf. auch im Spamordner nach.\n        <\/p>\n        <p class=\"mailpoet_validate_error\"\n                style=\"display:none;\"\n                >        <\/p>\n      <\/div>\n    <\/form>\n\n      <\/div>\n\n  <\/center><\/p>\n\n\t\t<\/div>\n\t<\/div>\n<\/div><\/div><\/div><\/div><!-- Row Backgrounds --><div class=\"upb_color\" data-bg-override=\"full\" data-bg-color=\"rgba(89,6,48,0.96)\" data-fadeout=\"\" data-fadeout-percentage=\"30\" data-parallax-content=\"\" data-parallax-content-sense=\"30\" data-row-effect-mobile-disable=\"true\" data-img-parallax-mobile-disable=\"true\" data-rtl=\"false\"  data-custom-vc-row=\"\"  data-vc=\"7.9\"  data-is_old_vc=\"\"  data-theme-support=\"\"   data-overlay=\"true\" data-overlay-color=\"rgba(89,6,48,0.96)\" data-overlay-pattern=\"\" data-overlay-pattern-opacity=\"0.9\" data-overlay-pattern-size=\"\" data-overlay-pattern-attachment=\"scroll\"    ><\/div><\/div>[\/vc_column][\/vc_row]<\/p>\n<\/div>","protected":false},"excerpt":{"rendered":"Newsletter BLEIBEN SIE AUF DEM LAUFENDEN, ABONNIEREN SIE UNSEREN NEWSLETTER! (Bemerkung: der Newsletter ist Franz\u00f6sisch) Bitte dieses Feld leer lassen Bitte \u00fcberpr\u00fcfen Sie Ihren Posteingang, um<span class=\"excerpt-hellip\"> [\u2026]<\/span>","protected":false},"author":1,"featured_media":0,"parent":0,"menu_order":0,"comment_status":"closed","ping_status":"closed","template":"","meta":{"footnotes":""},"class_list":["post-2438","page","type-page","status-publish","hentry"],"_links":{"self":[{"href":"https:\/\/chateau-de-valangin.ch\/de\/wp-json\/wp\/v2\/pages\/2438","targetHints":{"allow":["GET"]}}],"collection":[{"href":"https:\/\/chateau-de-valangin.ch\/de\/wp-json\/wp\/v2\/pages"}],"about":[{"href":"https:\/\/chateau-de-valangin.ch\/de\/wp-json\/wp\/v2\/types\/page"}],"author":[{"embeddable":true,"href":"https:\/\/chateau-de-valangin.ch\/de\/wp-json\/wp\/v2\/users\/1"}],"replies":[{"embeddable":true,"href":"https:\/\/chateau-de-valangin.ch\/de\/wp-json\/wp\/v2\/comments?post=2438"}],"version-history":[{"count":35,"href":"https:\/\/chateau-de-valangin.ch\/de\/wp-json\/wp\/v2\/pages\/2438\/revisions"}],"predecessor-version":[{"id":4898,"href":"https:\/\/chateau-de-valangin.ch\/de\/wp-json\/wp\/v2\/pages\/2438\/revisions\/4898"}],"wp:attachment":[{"href":"https:\/\/chateau-de-valangin.ch\/de\/wp-json\/wp\/v2\/media?parent=2438"}],"curies":[{"name":"wp","href":"https:\/\/api.w.org\/{rel}","templated":true}]}}