{"id":2423,"date":"2017-12-02T18:11:17","date_gmt":"2017-12-02T18:11:17","guid":{"rendered":"http:\/\/chateau-de-valangin.ch\/NEWSITE\/agenda\/"},"modified":"2026-02-27T18:59:04","modified_gmt":"2026-02-27T17:59:04","slug":"kalender","status":"publish","type":"page","link":"https:\/\/chateau-de-valangin.ch\/de\/kalender\/","title":{"rendered":"KALENDER"},"content":{"rendered":"<div class=\"wpb-content-wrapper\"><p>[vc_row bg_type=&#8220;image&#8220; parallax_style=&#8220;vcpb-default&#8220; bg_image_new=&#8220;id^18|url^http:\/\/chateau-de-valangin.ch\/NEWSITE\/wp-content\/uploads\/2017\/11\/valangin-b-lv-2.jpg|caption^null|alt^null|title^valangin-b-lv-2|description^null&#8220; bg_image_repeat=&#8220;no-repeat&#8220; bg_override=&#8220;full&#8220; enable_overlay=&#8220;enable_overlay_value&#8220; overlay_color=&#8220;rgba(89,6,48,0.96)&#8220; overlay_pattern=&#8220;transperant&#8220; overlay_pattern_opacity=&#8220;90&#8243;][vc_column][vc_row_inner css=&#8220;.vc_custom_1512319007698{padding-top: 20px !important;padding-bottom: 20px !important;}&#8220;][vc_column_inner css=&#8220;.vc_custom_1512318898074{background-position: center !important;background-repeat: no-repeat !important;background-size: cover !important;}&#8220;]<div id=\"ultimate-heading-30136a9642db528ae\" class=\"uvc-heading ult-adjust-bottom-margin ultimate-heading-30136a9642db528ae uvc-1192 Titre_Page\" data-hspacer=\"no_spacer\"  data-halign=\"center\" style=\"text-align:center\"><div class=\"uvc-heading-spacer no_spacer\" style=\"top\"><\/div><div class=\"uvc-main-heading ult-responsive\"  data-ultimate-target='.uvc-heading.ultimate-heading-30136a9642db528ae h1'  data-responsive-json-new='{\"font-size\":\"desktop:40px;\",\"line-height\":\"\"}' ><h1 style=\"font-weight:normal;color:#ffffff;\">Kalender<\/h1><\/div><\/div>[\/vc_column_inner][\/vc_row_inner][\/vc_column][\/vc_row][vc_row][vc_column][vc_row_inner][vc_column_inner width=&#8220;1\/3&#8243;]<div class=\"ult-spacer spacer-6a9642db5290b\" data-id=\"6a9642db5290b\" data-height=\"10\" data-height-mobile=\"0\" data-height-tab=\"5\" data-height-tab-portrait=\"5\" data-height-mobile-landscape=\"0\" style=\"clear:both;display:block;\"><\/div><div id=\"ultimate-heading-62586a9642db52941\" class=\"uvc-heading ult-adjust-bottom-margin ultimate-heading-62586a9642db52941 uvc-2619 \" data-hspacer=\"no_spacer\"  data-halign=\"left\" style=\"text-align:left\"><div class=\"uvc-heading-spacer no_spacer\" style=\"top\"><\/div><div class=\"uvc-main-heading ult-responsive\"  data-ultimate-target='.uvc-heading.ultimate-heading-62586a9642db52941 h3'  data-responsive-json-new='{\"font-size\":\"\",\"line-height\":\"\"}' ><h3 style=\"font-weight:normal;\">Veranstaltungen im Schloss<\/h3><\/div><\/div><div id=\"ultimate-heading-11666a9642db52987\" class=\"uvc-heading ult-adjust-bottom-margin ultimate-heading-11666a9642db52987 uvc-3795 Titre_h2Home\" data-hspacer=\"no_spacer\"  data-halign=\"left\" style=\"text-align:left\"><div class=\"uvc-heading-spacer no_spacer\" style=\"top\"><\/div><div class=\"uvc-main-heading ult-responsive\"  data-ultimate-target='.uvc-heading.ultimate-heading-11666a9642db52987 h2'  data-responsive-json-new='{\"font-size\":\"\",\"line-height\":\"\"}' ><h2 style=\"font-weight:normal;margin-top:-20px;\">Kalender<\/h2><\/div><\/div>[vc_column_text]Entdecken Sie unsere Themenworkshops, Konzerte, Veranstaltungen und Feste und verbringen Sie eine sch\u00f6ne Zeit in einer zauberhaften Umgebung! Wir freuen uns, Sie an einem unserer Anl\u00e4sse begr\u00fcssen zu d\u00fcrfen!<\/p>\n<p>Bitte beachten Sie, dass die meisten Anl\u00e4sse und F\u00fchrungen in Franz\u00f6sischer Sprache stattfinden. Franz\u00f6sischsprachige Aktivit\u00e4ten werden nur auf Franz\u00f6sisch ausgeschrieben. Ausnahmen werden ausdr\u00fccklich erw\u00e4hnt und auf Deutsch ausgeschrieben.<\/p>\n<p>Auf Anfrage organisieren wir gerne f\u00fcr Sie <a href=\"https:\/\/chateau-de-valangin.ch\/de\/fuehrungen-und-workshops\/\">F\u00fchrungen oder Themenworkshops auf Deutsch<\/a>.[\/vc_column_text][\/vc_column_inner][vc_column_inner width=&#8220;2\/3&#8243;][vc_column_text css=&#8220;&#8220;]<style>\r\n\t.Extrait_Events_arc{float:left;height:70px;width:100%;background-color:#590630;color:#FFF;margin-top:0px;border-radius:0px;}\r\n\t@media screen and (max-width:900px){.Extrait_Events_arc{height:210px;margin-top:30px;}}\r\n\t.Extrait_Events_Container_arc{height:70px;background-color:#590630;margin:0 auto;text-align:center;}\r\n\t@media screen and (max-width:900px){.Extrait_Events_Container_arc{height:180px;width:100%;}}\r\n\t.Extrait_Events_arc a:hover{text-decoration:none;}\r\n\t.Date_Events_all_arc{float:left;width:20%;height:70px;margin-bottom:10px;}\r\n\t@media screen and (max-width:900px){.Date_Events_all_arc{float:left;width:100%;height:70px;margin-bottom:10px;}}\r\n\t.Date_Events_1_arc{float:left;width:45%;text-align:center;margin-top:5px;}\r\n\t.Date_Events_1_2_arc{float:left;width:32%;text-align:center;margin-top:5px;}\r\n\t.Date_Events_sep_arc{float:left;text-align:center;width:10%;margin-top:-15px;}\r\n\t.Date_Events_2_arc{float:left;width:45%;text-align:center;margin-top:5px;}\r\n\t.timecss_d_arc {font-size:20px;font-weight:500;margin:0;}\r\n\t.timecss_f_arc {font-size:10px;text-transform:uppercase;margin-top:-5px;}\r\n\t.timecss_y_arc {font-size:11px;margin-top:-28px;}\r\n\t.Date_Events_sep_arc{padding-top:20px}\r\n\t.Cat_Events_arc{color:#e3c022;text-transform:uppercase;font-weight:300;letter-spacing:5px;font-size:8px;}\r\n\t@media screen and (max-width:900px){.Cat_Events_arc{float:left;height:20px;width:100%;margin:0 10px;}}\r\n\t.Cat_Events_arc{float:left;height:20px;width:60%;line-height:1.5;margin-top:7px;}\r\n\t@media screen and (max-width:900px){.Cat_Events_arc{float:left;text-align:center;height:20px;width:100%;margin:10px 0 auto;}}\r\n\t@media screen and (max-width:900px){.Cat_Events_arc_cont{margin:0 10px;width:90%;}}\r\n\t.Titre_Events_arc a{float:left;height:50px;width:60%;font-weight:100;font-size:17px;line-height:1.2;color:#fff;text-rendering:auto;margin-top:-10px;}\r\n\t@media screen and (max-width:900px){.Titre_Events_arc a{height:30px;margin:10px 0 auto;width:100%;line-break:auto;}}\r\n\t@media screen and (max-width:900px){.Titre_Events_arc_cont{margin:0 5%;width:90%;}}\r\n\t.Image_Events_arc{float:left;width:20%;overflow:hidden;position:relative;max-height:70px;margin-top:-27px;}\r\n\t@media screen and (max-width:900px){.Image_Events_arc{float:left;max-height:150px;width:100%;margin-top:10px;}}\r\n\t.Date_Events_all_arc,.Cat_Events_arc,.Titre_Events_arc a{display:flex;justify-content:center;align-items:center;}\r\n\t.desk{display:flex;}.mob{display:none;}\r\n\t@media screen and (max-width:900px){.desk{display:none;}.mob{display:flex;}}\r\n<\/style>\r\n\r\n<div class=\"Extrait_Events_arc\">\r\n\t<div class=\"Extrait_Events_Container_arc\">\r\n\t\t5041\r\n\t\t<div class=\"Cat_Events_arc\"><div class=\"Cat_Events_arc_cont\">ANIMATION, F\u00dcHRUNG, und KULTURERBE<\/div><\/div>\r\n\t\t<div class=\"Titre_Events_arc\"><div class=\"Titre_Events_arc_cont\"><a href=\"https:\/\/chateau-de-valangin.ch\/de\/kalender\/le-patrimoine-en-peril-faire-dans-la-dentelle\/\">Mit Finger-SPITZEN-gef\u00fchl: Gef\u00e4hrdetes Kulturerbe bewahren (Europ\u00e4ischer Tag des Denkmals)<\/a><\/div><\/div>\t\t\r\n\t\t<div class=\"Image_Events_arc\"><a href=\"https:\/\/chateau-de-valangin.ch\/de\/kalender\/le-patrimoine-en-peril-faire-dans-la-dentelle\/\"><span class=\"desk\"><img loading=\"lazy\" decoding=\"async\" width=\"300\" height=\"224\" src=\"https:\/\/chateau-de-valangin.ch\/NEWSITE\/wp-content\/uploads\/2026\/07\/women_making_lace._watercolour_after_q._van_brekelenkam._wellcome_l0050544-300x224.jpg\" class=\"attachment-medium size-medium\" alt=\"Kl\u00f6ppeln und Spitzen\" srcset=\"https:\/\/chateau-de-valangin.ch\/NEWSITE\/wp-content\/uploads\/2026\/07\/women_making_lace._watercolour_after_q._van_brekelenkam._wellcome_l0050544-300x224.jpg 300w, https:\/\/chateau-de-valangin.ch\/NEWSITE\/wp-content\/uploads\/2026\/07\/women_making_lace._watercolour_after_q._van_brekelenkam._wellcome_l0050544-1024x766.jpg 1024w, https:\/\/chateau-de-valangin.ch\/NEWSITE\/wp-content\/uploads\/2026\/07\/women_making_lace._watercolour_after_q._van_brekelenkam._wellcome_l0050544-768x574.jpg 768w, https:\/\/chateau-de-valangin.ch\/NEWSITE\/wp-content\/uploads\/2026\/07\/women_making_lace._watercolour_after_q._van_brekelenkam._wellcome_l0050544-1536x1149.jpg 1536w, https:\/\/chateau-de-valangin.ch\/NEWSITE\/wp-content\/uploads\/2026\/07\/women_making_lace._watercolour_after_q._van_brekelenkam._wellcome_l0050544-2048x1531.jpg 2048w, https:\/\/chateau-de-valangin.ch\/NEWSITE\/wp-content\/uploads\/2026\/07\/women_making_lace._watercolour_after_q._van_brekelenkam._wellcome_l0050544-100x75.jpg 100w, https:\/\/chateau-de-valangin.ch\/NEWSITE\/wp-content\/uploads\/2026\/07\/women_making_lace._watercolour_after_q._van_brekelenkam._wellcome_l0050544-960x720.jpg 960w, https:\/\/chateau-de-valangin.ch\/NEWSITE\/wp-content\/uploads\/2026\/07\/women_making_lace._watercolour_after_q._van_brekelenkam._wellcome_l0050544-480x359.jpg 480w, https:\/\/chateau-de-valangin.ch\/NEWSITE\/wp-content\/uploads\/2026\/07\/women_making_lace._watercolour_after_q._van_brekelenkam._wellcome_l0050544-1320x987.jpg 1320w\" sizes=\"auto, (max-width:767px) 300px, 300px\" \/><\/span><span class=\"mob\"><img loading=\"lazy\" decoding=\"async\" width=\"1024\" height=\"766\" src=\"https:\/\/chateau-de-valangin.ch\/NEWSITE\/wp-content\/uploads\/2026\/07\/women_making_lace._watercolour_after_q._van_brekelenkam._wellcome_l0050544-1024x766.jpg\" class=\"attachment-large size-large\" alt=\"Kl\u00f6ppeln und Spitzen\" srcset=\"https:\/\/chateau-de-valangin.ch\/NEWSITE\/wp-content\/uploads\/2026\/07\/women_making_lace._watercolour_after_q._van_brekelenkam._wellcome_l0050544-1024x766.jpg 1024w, https:\/\/chateau-de-valangin.ch\/NEWSITE\/wp-content\/uploads\/2026\/07\/women_making_lace._watercolour_after_q._van_brekelenkam._wellcome_l0050544-300x224.jpg 300w, https:\/\/chateau-de-valangin.ch\/NEWSITE\/wp-content\/uploads\/2026\/07\/women_making_lace._watercolour_after_q._van_brekelenkam._wellcome_l0050544-768x574.jpg 768w, https:\/\/chateau-de-valangin.ch\/NEWSITE\/wp-content\/uploads\/2026\/07\/women_making_lace._watercolour_after_q._van_brekelenkam._wellcome_l0050544-1536x1149.jpg 1536w, https:\/\/chateau-de-valangin.ch\/NEWSITE\/wp-content\/uploads\/2026\/07\/women_making_lace._watercolour_after_q._van_brekelenkam._wellcome_l0050544-2048x1531.jpg 2048w, https:\/\/chateau-de-valangin.ch\/NEWSITE\/wp-content\/uploads\/2026\/07\/women_making_lace._watercolour_after_q._van_brekelenkam._wellcome_l0050544-100x75.jpg 100w, https:\/\/chateau-de-valangin.ch\/NEWSITE\/wp-content\/uploads\/2026\/07\/women_making_lace._watercolour_after_q._van_brekelenkam._wellcome_l0050544-480x359.jpg 480w, https:\/\/chateau-de-valangin.ch\/NEWSITE\/wp-content\/uploads\/2026\/07\/women_making_lace._watercolour_after_q._van_brekelenkam._wellcome_l0050544-1320x987.jpg 1320w\" sizes=\"auto, (max-width:767px) 480px, (max-width:1024px) 100vw, 1024px\" \/><\/span><\/a><\/div>\r\n\t<\/div>\r\n<\/div><style>\r\n\t.Extrait_Events_arc{float:left;height:70px;width:100%;background-color:#590630;color:#FFF;margin-top:0px;border-radius:0px;}\r\n\t@media screen and (max-width:900px){.Extrait_Events_arc{height:210px;margin-top:30px;}}\r\n\t.Extrait_Events_Container_arc{height:70px;background-color:#590630;margin:0 auto;text-align:center;}\r\n\t@media screen and (max-width:900px){.Extrait_Events_Container_arc{height:180px;width:100%;}}\r\n\t.Extrait_Events_arc a:hover{text-decoration:none;}\r\n\t.Date_Events_all_arc{float:left;width:20%;height:70px;margin-bottom:10px;}\r\n\t@media screen and (max-width:900px){.Date_Events_all_arc{float:left;width:100%;height:70px;margin-bottom:10px;}}\r\n\t.Date_Events_1_arc{float:left;width:45%;text-align:center;margin-top:5px;}\r\n\t.Date_Events_1_2_arc{float:left;width:32%;text-align:center;margin-top:5px;}\r\n\t.Date_Events_sep_arc{float:left;text-align:center;width:10%;margin-top:-15px;}\r\n\t.Date_Events_2_arc{float:left;width:45%;text-align:center;margin-top:5px;}\r\n\t.timecss_d_arc {font-size:20px;font-weight:500;margin:0;}\r\n\t.timecss_f_arc {font-size:10px;text-transform:uppercase;margin-top:-5px;}\r\n\t.timecss_y_arc {font-size:11px;margin-top:-28px;}\r\n\t.Date_Events_sep_arc{padding-top:20px}\r\n\t.Cat_Events_arc{color:#e3c022;text-transform:uppercase;font-weight:300;letter-spacing:5px;font-size:8px;}\r\n\t@media screen and (max-width:900px){.Cat_Events_arc{float:left;height:20px;width:100%;margin:0 10px;}}\r\n\t.Cat_Events_arc{float:left;height:20px;width:60%;line-height:1.5;margin-top:7px;}\r\n\t@media screen and (max-width:900px){.Cat_Events_arc{float:left;text-align:center;height:20px;width:100%;margin:10px 0 auto;}}\r\n\t@media screen and (max-width:900px){.Cat_Events_arc_cont{margin:0 10px;width:90%;}}\r\n\t.Titre_Events_arc a{float:left;height:50px;width:60%;font-weight:100;font-size:17px;line-height:1.2;color:#fff;text-rendering:auto;margin-top:-10px;}\r\n\t@media screen and (max-width:900px){.Titre_Events_arc a{height:30px;margin:10px 0 auto;width:100%;line-break:auto;}}\r\n\t@media screen and (max-width:900px){.Titre_Events_arc_cont{margin:0 5%;width:90%;}}\r\n\t.Image_Events_arc{float:left;width:20%;overflow:hidden;position:relative;max-height:70px;margin-top:-27px;}\r\n\t@media screen and (max-width:900px){.Image_Events_arc{float:left;max-height:150px;width:100%;margin-top:10px;}}\r\n\t.Date_Events_all_arc,.Cat_Events_arc,.Titre_Events_arc a{display:flex;justify-content:center;align-items:center;}\r\n\t.desk{display:flex;}.mob{display:none;}\r\n\t@media screen and (max-width:900px){.desk{display:none;}.mob{display:flex;}}\r\n<\/style>\r\n\r\n<div class=\"Extrait_Events_arc\">\r\n\t<div class=\"Extrait_Events_Container_arc\">\r\n\t\t5021\r\n\t\t<div class=\"Cat_Events_arc\"><div class=\"Cat_Events_arc_cont\">WORKSHOP<\/div><\/div>\r\n\t\t<div class=\"Titre_Events_arc\"><div class=\"Titre_Events_arc_cont\"><a href=\"https:\/\/chateau-de-valangin.ch\/de\/kalender\/der-graines-dans-mon-jardin-2026\/\">Der graines dans mon jardin (atelier 8-10 ans)<\/a><\/div><\/div>\t\t\r\n\t\t<div class=\"Image_Events_arc\"><a href=\"https:\/\/chateau-de-valangin.ch\/de\/kalender\/der-graines-dans-mon-jardin-2026\/\"><span class=\"desk\"><img loading=\"lazy\" decoding=\"async\" width=\"300\" height=\"231\" src=\"https:\/\/chateau-de-valangin.ch\/NEWSITE\/wp-content\/uploads\/2024\/07\/upper_rhenish_master_-_the_little_garden_of_paradise_-_google_art_project-300x231.jpg\" class=\"attachment-medium size-medium\" alt=\"Le petit jardin du Paradis\" srcset=\"https:\/\/chateau-de-valangin.ch\/NEWSITE\/wp-content\/uploads\/2024\/07\/upper_rhenish_master_-_the_little_garden_of_paradise_-_google_art_project-300x231.jpg 300w, https:\/\/chateau-de-valangin.ch\/NEWSITE\/wp-content\/uploads\/2024\/07\/upper_rhenish_master_-_the_little_garden_of_paradise_-_google_art_project-1024x788.jpg 1024w, https:\/\/chateau-de-valangin.ch\/NEWSITE\/wp-content\/uploads\/2024\/07\/upper_rhenish_master_-_the_little_garden_of_paradise_-_google_art_project-768x591.jpg 768w, https:\/\/chateau-de-valangin.ch\/NEWSITE\/wp-content\/uploads\/2024\/07\/upper_rhenish_master_-_the_little_garden_of_paradise_-_google_art_project-1536x1181.jpg 1536w, https:\/\/chateau-de-valangin.ch\/NEWSITE\/wp-content\/uploads\/2024\/07\/upper_rhenish_master_-_the_little_garden_of_paradise_-_google_art_project-2048x1575.jpg 2048w, https:\/\/chateau-de-valangin.ch\/NEWSITE\/wp-content\/uploads\/2024\/07\/upper_rhenish_master_-_the_little_garden_of_paradise_-_google_art_project-98x75.jpg 98w, https:\/\/chateau-de-valangin.ch\/NEWSITE\/wp-content\/uploads\/2024\/07\/upper_rhenish_master_-_the_little_garden_of_paradise_-_google_art_project-480x369.jpg 480w, https:\/\/chateau-de-valangin.ch\/NEWSITE\/wp-content\/uploads\/2024\/07\/upper_rhenish_master_-_the_little_garden_of_paradise_-_google_art_project-1320x1015.jpg 1320w\" sizes=\"auto, (max-width:767px) 300px, 300px\" \/><\/span><span class=\"mob\"><img loading=\"lazy\" decoding=\"async\" width=\"1024\" height=\"788\" src=\"https:\/\/chateau-de-valangin.ch\/NEWSITE\/wp-content\/uploads\/2024\/07\/upper_rhenish_master_-_the_little_garden_of_paradise_-_google_art_project-1024x788.jpg\" class=\"attachment-large size-large\" alt=\"Le petit jardin du Paradis\" srcset=\"https:\/\/chateau-de-valangin.ch\/NEWSITE\/wp-content\/uploads\/2024\/07\/upper_rhenish_master_-_the_little_garden_of_paradise_-_google_art_project-1024x788.jpg 1024w, https:\/\/chateau-de-valangin.ch\/NEWSITE\/wp-content\/uploads\/2024\/07\/upper_rhenish_master_-_the_little_garden_of_paradise_-_google_art_project-300x231.jpg 300w, https:\/\/chateau-de-valangin.ch\/NEWSITE\/wp-content\/uploads\/2024\/07\/upper_rhenish_master_-_the_little_garden_of_paradise_-_google_art_project-768x591.jpg 768w, https:\/\/chateau-de-valangin.ch\/NEWSITE\/wp-content\/uploads\/2024\/07\/upper_rhenish_master_-_the_little_garden_of_paradise_-_google_art_project-1536x1181.jpg 1536w, https:\/\/chateau-de-valangin.ch\/NEWSITE\/wp-content\/uploads\/2024\/07\/upper_rhenish_master_-_the_little_garden_of_paradise_-_google_art_project-2048x1575.jpg 2048w, https:\/\/chateau-de-valangin.ch\/NEWSITE\/wp-content\/uploads\/2024\/07\/upper_rhenish_master_-_the_little_garden_of_paradise_-_google_art_project-98x75.jpg 98w, https:\/\/chateau-de-valangin.ch\/NEWSITE\/wp-content\/uploads\/2024\/07\/upper_rhenish_master_-_the_little_garden_of_paradise_-_google_art_project-480x369.jpg 480w, https:\/\/chateau-de-valangin.ch\/NEWSITE\/wp-content\/uploads\/2024\/07\/upper_rhenish_master_-_the_little_garden_of_paradise_-_google_art_project-1320x1015.jpg 1320w\" sizes=\"auto, (max-width:767px) 480px, (max-width:1024px) 100vw, 1024px\" \/><\/span><\/a><\/div>\r\n\t<\/div>\r\n<\/div><style>\r\n\t.Extrait_Events_arc{float:left;height:70px;width:100%;background-color:#590630;color:#FFF;margin-top:0px;border-radius:0px;}\r\n\t@media screen and (max-width:900px){.Extrait_Events_arc{height:210px;margin-top:30px;}}\r\n\t.Extrait_Events_Container_arc{height:70px;background-color:#590630;margin:0 auto;text-align:center;}\r\n\t@media screen and (max-width:900px){.Extrait_Events_Container_arc{height:180px;width:100%;}}\r\n\t.Extrait_Events_arc a:hover{text-decoration:none;}\r\n\t.Date_Events_all_arc{float:left;width:20%;height:70px;margin-bottom:10px;}\r\n\t@media screen and (max-width:900px){.Date_Events_all_arc{float:left;width:100%;height:70px;margin-bottom:10px;}}\r\n\t.Date_Events_1_arc{float:left;width:45%;text-align:center;margin-top:5px;}\r\n\t.Date_Events_1_2_arc{float:left;width:32%;text-align:center;margin-top:5px;}\r\n\t.Date_Events_sep_arc{float:left;text-align:center;width:10%;margin-top:-15px;}\r\n\t.Date_Events_2_arc{float:left;width:45%;text-align:center;margin-top:5px;}\r\n\t.timecss_d_arc {font-size:20px;font-weight:500;margin:0;}\r\n\t.timecss_f_arc {font-size:10px;text-transform:uppercase;margin-top:-5px;}\r\n\t.timecss_y_arc {font-size:11px;margin-top:-28px;}\r\n\t.Date_Events_sep_arc{padding-top:20px}\r\n\t.Cat_Events_arc{color:#e3c022;text-transform:uppercase;font-weight:300;letter-spacing:5px;font-size:8px;}\r\n\t@media screen and (max-width:900px){.Cat_Events_arc{float:left;height:20px;width:100%;margin:0 10px;}}\r\n\t.Cat_Events_arc{float:left;height:20px;width:60%;line-height:1.5;margin-top:7px;}\r\n\t@media screen and (max-width:900px){.Cat_Events_arc{float:left;text-align:center;height:20px;width:100%;margin:10px 0 auto;}}\r\n\t@media screen and (max-width:900px){.Cat_Events_arc_cont{margin:0 10px;width:90%;}}\r\n\t.Titre_Events_arc a{float:left;height:50px;width:60%;font-weight:100;font-size:17px;line-height:1.2;color:#fff;text-rendering:auto;margin-top:-10px;}\r\n\t@media screen and (max-width:900px){.Titre_Events_arc a{height:30px;margin:10px 0 auto;width:100%;line-break:auto;}}\r\n\t@media screen and (max-width:900px){.Titre_Events_arc_cont{margin:0 5%;width:90%;}}\r\n\t.Image_Events_arc{float:left;width:20%;overflow:hidden;position:relative;max-height:70px;margin-top:-27px;}\r\n\t@media screen and (max-width:900px){.Image_Events_arc{float:left;max-height:150px;width:100%;margin-top:10px;}}\r\n\t.Date_Events_all_arc,.Cat_Events_arc,.Titre_Events_arc a{display:flex;justify-content:center;align-items:center;}\r\n\t.desk{display:flex;}.mob{display:none;}\r\n\t@media screen and (max-width:900px){.desk{display:none;}.mob{display:flex;}}\r\n<\/style>\r\n\r\n<div class=\"Extrait_Events_arc\">\r\n\t<div class=\"Extrait_Events_Container_arc\">\r\n\t\t4882\r\n\t\t<div class=\"Cat_Events_arc\"><div class=\"Cat_Events_arc_cont\">ANIMATION<\/div><\/div>\r\n\t\t<div class=\"Titre_Events_arc\"><div class=\"Titre_Events_arc_cont\"><a href=\"https:\/\/chateau-de-valangin.ch\/de\/kalender\/kloeppeln-20260927\/\">Kl\u00f6pplerinnen zeigen ihre Kunst<\/a><\/div><\/div>\t\t\r\n\t\t<div class=\"Image_Events_arc\"><a href=\"https:\/\/chateau-de-valangin.ch\/de\/kalender\/kloeppeln-20260927\/\"><span class=\"desk\"><img loading=\"lazy\" decoding=\"async\" width=\"300\" height=\"225\" src=\"https:\/\/chateau-de-valangin.ch\/NEWSITE\/wp-content\/uploads\/2025\/01\/20240728_152703-300x225.jpg\" class=\"attachment-medium size-medium\" alt=\"d\u00e9monstration de dentelli\u00e8res\" srcset=\"https:\/\/chateau-de-valangin.ch\/NEWSITE\/wp-content\/uploads\/2025\/01\/20240728_152703-300x225.jpg 300w, https:\/\/chateau-de-valangin.ch\/NEWSITE\/wp-content\/uploads\/2025\/01\/20240728_152703-1024x768.jpg 1024w, https:\/\/chateau-de-valangin.ch\/NEWSITE\/wp-content\/uploads\/2025\/01\/20240728_152703-768x576.jpg 768w, https:\/\/chateau-de-valangin.ch\/NEWSITE\/wp-content\/uploads\/2025\/01\/20240728_152703-1536x1152.jpg 1536w, https:\/\/chateau-de-valangin.ch\/NEWSITE\/wp-content\/uploads\/2025\/01\/20240728_152703-2048x1536.jpg 2048w, https:\/\/chateau-de-valangin.ch\/NEWSITE\/wp-content\/uploads\/2025\/01\/20240728_152703-100x75.jpg 100w, https:\/\/chateau-de-valangin.ch\/NEWSITE\/wp-content\/uploads\/2025\/01\/20240728_152703-960x720.jpg 960w, https:\/\/chateau-de-valangin.ch\/NEWSITE\/wp-content\/uploads\/2025\/01\/20240728_152703-480x360.jpg 480w, https:\/\/chateau-de-valangin.ch\/NEWSITE\/wp-content\/uploads\/2025\/01\/20240728_152703-1320x990.jpg 1320w\" sizes=\"auto, (max-width:767px) 300px, 300px\" \/><\/span><span class=\"mob\"><img loading=\"lazy\" decoding=\"async\" width=\"1024\" height=\"768\" src=\"https:\/\/chateau-de-valangin.ch\/NEWSITE\/wp-content\/uploads\/2025\/01\/20240728_152703-1024x768.jpg\" class=\"attachment-large size-large\" alt=\"d\u00e9monstration de dentelli\u00e8res\" srcset=\"https:\/\/chateau-de-valangin.ch\/NEWSITE\/wp-content\/uploads\/2025\/01\/20240728_152703-1024x768.jpg 1024w, https:\/\/chateau-de-valangin.ch\/NEWSITE\/wp-content\/uploads\/2025\/01\/20240728_152703-300x225.jpg 300w, https:\/\/chateau-de-valangin.ch\/NEWSITE\/wp-content\/uploads\/2025\/01\/20240728_152703-768x576.jpg 768w, https:\/\/chateau-de-valangin.ch\/NEWSITE\/wp-content\/uploads\/2025\/01\/20240728_152703-1536x1152.jpg 1536w, https:\/\/chateau-de-valangin.ch\/NEWSITE\/wp-content\/uploads\/2025\/01\/20240728_152703-2048x1536.jpg 2048w, https:\/\/chateau-de-valangin.ch\/NEWSITE\/wp-content\/uploads\/2025\/01\/20240728_152703-100x75.jpg 100w, https:\/\/chateau-de-valangin.ch\/NEWSITE\/wp-content\/uploads\/2025\/01\/20240728_152703-960x720.jpg 960w, https:\/\/chateau-de-valangin.ch\/NEWSITE\/wp-content\/uploads\/2025\/01\/20240728_152703-480x360.jpg 480w, https:\/\/chateau-de-valangin.ch\/NEWSITE\/wp-content\/uploads\/2025\/01\/20240728_152703-1320x990.jpg 1320w\" sizes=\"auto, (max-width:767px) 480px, (max-width:1024px) 100vw, 1024px\" \/><\/span><\/a><\/div>\r\n\t<\/div>\r\n<\/div><style>\r\n\t.Extrait_Events_arc{float:left;height:70px;width:100%;background-color:#590630;color:#FFF;margin-top:0px;border-radius:0px;}\r\n\t@media screen and (max-width:900px){.Extrait_Events_arc{height:210px;margin-top:30px;}}\r\n\t.Extrait_Events_Container_arc{height:70px;background-color:#590630;margin:0 auto;text-align:center;}\r\n\t@media screen and (max-width:900px){.Extrait_Events_Container_arc{height:180px;width:100%;}}\r\n\t.Extrait_Events_arc a:hover{text-decoration:none;}\r\n\t.Date_Events_all_arc{float:left;width:20%;height:70px;margin-bottom:10px;}\r\n\t@media screen and (max-width:900px){.Date_Events_all_arc{float:left;width:100%;height:70px;margin-bottom:10px;}}\r\n\t.Date_Events_1_arc{float:left;width:45%;text-align:center;margin-top:5px;}\r\n\t.Date_Events_1_2_arc{float:left;width:32%;text-align:center;margin-top:5px;}\r\n\t.Date_Events_sep_arc{float:left;text-align:center;width:10%;margin-top:-15px;}\r\n\t.Date_Events_2_arc{float:left;width:45%;text-align:center;margin-top:5px;}\r\n\t.timecss_d_arc {font-size:20px;font-weight:500;margin:0;}\r\n\t.timecss_f_arc {font-size:10px;text-transform:uppercase;margin-top:-5px;}\r\n\t.timecss_y_arc {font-size:11px;margin-top:-28px;}\r\n\t.Date_Events_sep_arc{padding-top:20px}\r\n\t.Cat_Events_arc{color:#e3c022;text-transform:uppercase;font-weight:300;letter-spacing:5px;font-size:8px;}\r\n\t@media screen and (max-width:900px){.Cat_Events_arc{float:left;height:20px;width:100%;margin:0 10px;}}\r\n\t.Cat_Events_arc{float:left;height:20px;width:60%;line-height:1.5;margin-top:7px;}\r\n\t@media screen and (max-width:900px){.Cat_Events_arc{float:left;text-align:center;height:20px;width:100%;margin:10px 0 auto;}}\r\n\t@media screen and (max-width:900px){.Cat_Events_arc_cont{margin:0 10px;width:90%;}}\r\n\t.Titre_Events_arc a{float:left;height:50px;width:60%;font-weight:100;font-size:17px;line-height:1.2;color:#fff;text-rendering:auto;margin-top:-10px;}\r\n\t@media screen and (max-width:900px){.Titre_Events_arc a{height:30px;margin:10px 0 auto;width:100%;line-break:auto;}}\r\n\t@media screen and (max-width:900px){.Titre_Events_arc_cont{margin:0 5%;width:90%;}}\r\n\t.Image_Events_arc{float:left;width:20%;overflow:hidden;position:relative;max-height:70px;margin-top:-27px;}\r\n\t@media screen and (max-width:900px){.Image_Events_arc{float:left;max-height:150px;width:100%;margin-top:10px;}}\r\n\t.Date_Events_all_arc,.Cat_Events_arc,.Titre_Events_arc a{display:flex;justify-content:center;align-items:center;}\r\n\t.desk{display:flex;}.mob{display:none;}\r\n\t@media screen and (max-width:900px){.desk{display:none;}.mob{display:flex;}}\r\n<\/style>\r\n\r\n<div class=\"Extrait_Events_arc\">\r\n\t<div class=\"Extrait_Events_Container_arc\">\r\n\t\t5012\r\n\t\t<div class=\"Cat_Events_arc\"><div class=\"Cat_Events_arc_cont\">VERANSTALTUNG<\/div><\/div>\r\n\t\t<div class=\"Titre_Events_arc\"><div class=\"Titre_Events_arc_cont\"><a href=\"https:\/\/chateau-de-valangin.ch\/de\/kalender\/fete-de-la-courge-2026\/\">F\u00eate de la Courge 2026<\/a><\/div><\/div>\t\t\r\n\t\t<div class=\"Image_Events_arc\"><a href=\"https:\/\/chateau-de-valangin.ch\/de\/kalender\/fete-de-la-courge-2026\/\"><span class=\"desk\"><img loading=\"lazy\" decoding=\"async\" width=\"300\" height=\"199\" src=\"https:\/\/chateau-de-valangin.ch\/NEWSITE\/wp-content\/uploads\/2026\/07\/a_merry_halloween.__with_three_jack-o-lanterns_cropped-300x199.jpg\" class=\"attachment-medium size-medium\" alt=\"\" srcset=\"https:\/\/chateau-de-valangin.ch\/NEWSITE\/wp-content\/uploads\/2026\/07\/a_merry_halloween.__with_three_jack-o-lanterns_cropped-300x199.jpg 300w, https:\/\/chateau-de-valangin.ch\/NEWSITE\/wp-content\/uploads\/2026\/07\/a_merry_halloween.__with_three_jack-o-lanterns_cropped-1024x678.jpg 1024w, https:\/\/chateau-de-valangin.ch\/NEWSITE\/wp-content\/uploads\/2026\/07\/a_merry_halloween.__with_three_jack-o-lanterns_cropped-768x508.jpg 768w, https:\/\/chateau-de-valangin.ch\/NEWSITE\/wp-content\/uploads\/2026\/07\/a_merry_halloween.__with_three_jack-o-lanterns_cropped-1536x1017.jpg 1536w, https:\/\/chateau-de-valangin.ch\/NEWSITE\/wp-content\/uploads\/2026\/07\/a_merry_halloween.__with_three_jack-o-lanterns_cropped-2048x1356.jpg 2048w, https:\/\/chateau-de-valangin.ch\/NEWSITE\/wp-content\/uploads\/2026\/07\/a_merry_halloween.__with_three_jack-o-lanterns_cropped-113x75.jpg 113w, https:\/\/chateau-de-valangin.ch\/NEWSITE\/wp-content\/uploads\/2026\/07\/a_merry_halloween.__with_three_jack-o-lanterns_cropped-480x318.jpg 480w, https:\/\/chateau-de-valangin.ch\/NEWSITE\/wp-content\/uploads\/2026\/07\/a_merry_halloween.__with_three_jack-o-lanterns_cropped-1320x874.jpg 1320w\" sizes=\"auto, (max-width:767px) 300px, 300px\" \/><\/span><span class=\"mob\"><img loading=\"lazy\" decoding=\"async\" width=\"1024\" height=\"678\" src=\"https:\/\/chateau-de-valangin.ch\/NEWSITE\/wp-content\/uploads\/2026\/07\/a_merry_halloween.__with_three_jack-o-lanterns_cropped-1024x678.jpg\" class=\"attachment-large size-large\" alt=\"\" srcset=\"https:\/\/chateau-de-valangin.ch\/NEWSITE\/wp-content\/uploads\/2026\/07\/a_merry_halloween.__with_three_jack-o-lanterns_cropped-1024x678.jpg 1024w, https:\/\/chateau-de-valangin.ch\/NEWSITE\/wp-content\/uploads\/2026\/07\/a_merry_halloween.__with_three_jack-o-lanterns_cropped-300x199.jpg 300w, https:\/\/chateau-de-valangin.ch\/NEWSITE\/wp-content\/uploads\/2026\/07\/a_merry_halloween.__with_three_jack-o-lanterns_cropped-768x508.jpg 768w, https:\/\/chateau-de-valangin.ch\/NEWSITE\/wp-content\/uploads\/2026\/07\/a_merry_halloween.__with_three_jack-o-lanterns_cropped-1536x1017.jpg 1536w, https:\/\/chateau-de-valangin.ch\/NEWSITE\/wp-content\/uploads\/2026\/07\/a_merry_halloween.__with_three_jack-o-lanterns_cropped-2048x1356.jpg 2048w, https:\/\/chateau-de-valangin.ch\/NEWSITE\/wp-content\/uploads\/2026\/07\/a_merry_halloween.__with_three_jack-o-lanterns_cropped-113x75.jpg 113w, https:\/\/chateau-de-valangin.ch\/NEWSITE\/wp-content\/uploads\/2026\/07\/a_merry_halloween.__with_three_jack-o-lanterns_cropped-480x318.jpg 480w, https:\/\/chateau-de-valangin.ch\/NEWSITE\/wp-content\/uploads\/2026\/07\/a_merry_halloween.__with_three_jack-o-lanterns_cropped-1320x874.jpg 1320w\" sizes=\"auto, (max-width:767px) 480px, (max-width:1024px) 100vw, 1024px\" \/><\/span><\/a><\/div>\r\n\t<\/div>\r\n<\/div><style>\r\n\t.Extrait_Events_arc{float:left;height:70px;width:100%;background-color:#590630;color:#FFF;margin-top:0px;border-radius:0px;}\r\n\t@media screen and (max-width:900px){.Extrait_Events_arc{height:210px;margin-top:30px;}}\r\n\t.Extrait_Events_Container_arc{height:70px;background-color:#590630;margin:0 auto;text-align:center;}\r\n\t@media screen and (max-width:900px){.Extrait_Events_Container_arc{height:180px;width:100%;}}\r\n\t.Extrait_Events_arc a:hover{text-decoration:none;}\r\n\t.Date_Events_all_arc{float:left;width:20%;height:70px;margin-bottom:10px;}\r\n\t@media screen and (max-width:900px){.Date_Events_all_arc{float:left;width:100%;height:70px;margin-bottom:10px;}}\r\n\t.Date_Events_1_arc{float:left;width:45%;text-align:center;margin-top:5px;}\r\n\t.Date_Events_1_2_arc{float:left;width:32%;text-align:center;margin-top:5px;}\r\n\t.Date_Events_sep_arc{float:left;text-align:center;width:10%;margin-top:-15px;}\r\n\t.Date_Events_2_arc{float:left;width:45%;text-align:center;margin-top:5px;}\r\n\t.timecss_d_arc {font-size:20px;font-weight:500;margin:0;}\r\n\t.timecss_f_arc {font-size:10px;text-transform:uppercase;margin-top:-5px;}\r\n\t.timecss_y_arc {font-size:11px;margin-top:-28px;}\r\n\t.Date_Events_sep_arc{padding-top:20px}\r\n\t.Cat_Events_arc{color:#e3c022;text-transform:uppercase;font-weight:300;letter-spacing:5px;font-size:8px;}\r\n\t@media screen and (max-width:900px){.Cat_Events_arc{float:left;height:20px;width:100%;margin:0 10px;}}\r\n\t.Cat_Events_arc{float:left;height:20px;width:60%;line-height:1.5;margin-top:7px;}\r\n\t@media screen and (max-width:900px){.Cat_Events_arc{float:left;text-align:center;height:20px;width:100%;margin:10px 0 auto;}}\r\n\t@media screen and (max-width:900px){.Cat_Events_arc_cont{margin:0 10px;width:90%;}}\r\n\t.Titre_Events_arc a{float:left;height:50px;width:60%;font-weight:100;font-size:17px;line-height:1.2;color:#fff;text-rendering:auto;margin-top:-10px;}\r\n\t@media screen and (max-width:900px){.Titre_Events_arc a{height:30px;margin:10px 0 auto;width:100%;line-break:auto;}}\r\n\t@media screen and (max-width:900px){.Titre_Events_arc_cont{margin:0 5%;width:90%;}}\r\n\t.Image_Events_arc{float:left;width:20%;overflow:hidden;position:relative;max-height:70px;margin-top:-27px;}\r\n\t@media screen and (max-width:900px){.Image_Events_arc{float:left;max-height:150px;width:100%;margin-top:10px;}}\r\n\t.Date_Events_all_arc,.Cat_Events_arc,.Titre_Events_arc a{display:flex;justify-content:center;align-items:center;}\r\n\t.desk{display:flex;}.mob{display:none;}\r\n\t@media screen and (max-width:900px){.desk{display:none;}.mob{display:flex;}}\r\n<\/style>\r\n\r\n<div class=\"Extrait_Events_arc\">\r\n\t<div class=\"Extrait_Events_Container_arc\">\r\n\t\t4884\r\n\t\t<div class=\"Cat_Events_arc\"><div class=\"Cat_Events_arc_cont\">ANIMATION<\/div><\/div>\r\n\t\t<div class=\"Titre_Events_arc\"><div class=\"Titre_Events_arc_cont\"><a href=\"https:\/\/chateau-de-valangin.ch\/de\/kalender\/kloeppeln-20261025\/\">Kl\u00f6pplerinnen zeigen ihre Kunst<\/a><\/div><\/div>\t\t\r\n\t\t<div class=\"Image_Events_arc\"><a href=\"https:\/\/chateau-de-valangin.ch\/de\/kalender\/kloeppeln-20261025\/\"><span class=\"desk\"><img loading=\"lazy\" decoding=\"async\" width=\"300\" height=\"225\" src=\"https:\/\/chateau-de-valangin.ch\/NEWSITE\/wp-content\/uploads\/2025\/01\/20240728_152748-1-300x225.jpg\" class=\"attachment-medium size-medium\" alt=\"d\u00e9monstration de dentelli\u00e8res\" srcset=\"https:\/\/chateau-de-valangin.ch\/NEWSITE\/wp-content\/uploads\/2025\/01\/20240728_152748-1-300x225.jpg 300w, https:\/\/chateau-de-valangin.ch\/NEWSITE\/wp-content\/uploads\/2025\/01\/20240728_152748-1-1024x768.jpg 1024w, https:\/\/chateau-de-valangin.ch\/NEWSITE\/wp-content\/uploads\/2025\/01\/20240728_152748-1-768x576.jpg 768w, https:\/\/chateau-de-valangin.ch\/NEWSITE\/wp-content\/uploads\/2025\/01\/20240728_152748-1-1536x1152.jpg 1536w, https:\/\/chateau-de-valangin.ch\/NEWSITE\/wp-content\/uploads\/2025\/01\/20240728_152748-1-2048x1536.jpg 2048w, https:\/\/chateau-de-valangin.ch\/NEWSITE\/wp-content\/uploads\/2025\/01\/20240728_152748-1-100x75.jpg 100w, https:\/\/chateau-de-valangin.ch\/NEWSITE\/wp-content\/uploads\/2025\/01\/20240728_152748-1-960x720.jpg 960w, https:\/\/chateau-de-valangin.ch\/NEWSITE\/wp-content\/uploads\/2025\/01\/20240728_152748-1-480x360.jpg 480w, https:\/\/chateau-de-valangin.ch\/NEWSITE\/wp-content\/uploads\/2025\/01\/20240728_152748-1-1320x990.jpg 1320w\" sizes=\"auto, (max-width:767px) 300px, 300px\" \/><\/span><span class=\"mob\"><img loading=\"lazy\" decoding=\"async\" width=\"1024\" height=\"768\" src=\"https:\/\/chateau-de-valangin.ch\/NEWSITE\/wp-content\/uploads\/2025\/01\/20240728_152748-1-1024x768.jpg\" class=\"attachment-large size-large\" alt=\"d\u00e9monstration de dentelli\u00e8res\" srcset=\"https:\/\/chateau-de-valangin.ch\/NEWSITE\/wp-content\/uploads\/2025\/01\/20240728_152748-1-1024x768.jpg 1024w, https:\/\/chateau-de-valangin.ch\/NEWSITE\/wp-content\/uploads\/2025\/01\/20240728_152748-1-300x225.jpg 300w, https:\/\/chateau-de-valangin.ch\/NEWSITE\/wp-content\/uploads\/2025\/01\/20240728_152748-1-768x576.jpg 768w, https:\/\/chateau-de-valangin.ch\/NEWSITE\/wp-content\/uploads\/2025\/01\/20240728_152748-1-1536x1152.jpg 1536w, https:\/\/chateau-de-valangin.ch\/NEWSITE\/wp-content\/uploads\/2025\/01\/20240728_152748-1-2048x1536.jpg 2048w, https:\/\/chateau-de-valangin.ch\/NEWSITE\/wp-content\/uploads\/2025\/01\/20240728_152748-1-100x75.jpg 100w, https:\/\/chateau-de-valangin.ch\/NEWSITE\/wp-content\/uploads\/2025\/01\/20240728_152748-1-960x720.jpg 960w, https:\/\/chateau-de-valangin.ch\/NEWSITE\/wp-content\/uploads\/2025\/01\/20240728_152748-1-480x360.jpg 480w, https:\/\/chateau-de-valangin.ch\/NEWSITE\/wp-content\/uploads\/2025\/01\/20240728_152748-1-1320x990.jpg 1320w\" sizes=\"auto, (max-width:767px) 480px, (max-width:1024px) 100vw, 1024px\" \/><\/span><\/a><\/div>\r\n\t<\/div>\r\n<\/div><style>\r\n\t.Extrait_Events_arc{float:left;height:70px;width:100%;background-color:#590630;color:#FFF;margin-top:0px;border-radius:0px;}\r\n\t@media screen and (max-width:900px){.Extrait_Events_arc{height:210px;margin-top:30px;}}\r\n\t.Extrait_Events_Container_arc{height:70px;background-color:#590630;margin:0 auto;text-align:center;}\r\n\t@media screen and (max-width:900px){.Extrait_Events_Container_arc{height:180px;width:100%;}}\r\n\t.Extrait_Events_arc a:hover{text-decoration:none;}\r\n\t.Date_Events_all_arc{float:left;width:20%;height:70px;margin-bottom:10px;}\r\n\t@media screen and (max-width:900px){.Date_Events_all_arc{float:left;width:100%;height:70px;margin-bottom:10px;}}\r\n\t.Date_Events_1_arc{float:left;width:45%;text-align:center;margin-top:5px;}\r\n\t.Date_Events_1_2_arc{float:left;width:32%;text-align:center;margin-top:5px;}\r\n\t.Date_Events_sep_arc{float:left;text-align:center;width:10%;margin-top:-15px;}\r\n\t.Date_Events_2_arc{float:left;width:45%;text-align:center;margin-top:5px;}\r\n\t.timecss_d_arc {font-size:20px;font-weight:500;margin:0;}\r\n\t.timecss_f_arc {font-size:10px;text-transform:uppercase;margin-top:-5px;}\r\n\t.timecss_y_arc {font-size:11px;margin-top:-28px;}\r\n\t.Date_Events_sep_arc{padding-top:20px}\r\n\t.Cat_Events_arc{color:#e3c022;text-transform:uppercase;font-weight:300;letter-spacing:5px;font-size:8px;}\r\n\t@media screen and (max-width:900px){.Cat_Events_arc{float:left;height:20px;width:100%;margin:0 10px;}}\r\n\t.Cat_Events_arc{float:left;height:20px;width:60%;line-height:1.5;margin-top:7px;}\r\n\t@media screen and (max-width:900px){.Cat_Events_arc{float:left;text-align:center;height:20px;width:100%;margin:10px 0 auto;}}\r\n\t@media screen and (max-width:900px){.Cat_Events_arc_cont{margin:0 10px;width:90%;}}\r\n\t.Titre_Events_arc a{float:left;height:50px;width:60%;font-weight:100;font-size:17px;line-height:1.2;color:#fff;text-rendering:auto;margin-top:-10px;}\r\n\t@media screen and (max-width:900px){.Titre_Events_arc a{height:30px;margin:10px 0 auto;width:100%;line-break:auto;}}\r\n\t@media screen and (max-width:900px){.Titre_Events_arc_cont{margin:0 5%;width:90%;}}\r\n\t.Image_Events_arc{float:left;width:20%;overflow:hidden;position:relative;max-height:70px;margin-top:-27px;}\r\n\t@media screen and (max-width:900px){.Image_Events_arc{float:left;max-height:150px;width:100%;margin-top:10px;}}\r\n\t.Date_Events_all_arc,.Cat_Events_arc,.Titre_Events_arc a{display:flex;justify-content:center;align-items:center;}\r\n\t.desk{display:flex;}.mob{display:none;}\r\n\t@media screen and (max-width:900px){.desk{display:none;}.mob{display:flex;}}\r\n<\/style>\r\n\r\n<div class=\"Extrait_Events_arc\">\r\n\t<div class=\"Extrait_Events_Container_arc\">\r\n\t\t5023\r\n\t\t<div class=\"Cat_Events_arc\"><div class=\"Cat_Events_arc_cont\">ANIMATION und WORKSHOP<\/div><\/div>\r\n\t\t<div class=\"Titre_Events_arc\"><div class=\"Titre_Events_arc_cont\"><a href=\"https:\/\/chateau-de-valangin.ch\/de\/kalender\/atelier-halloween-2026\/\">Atelier Halloween: des masques et des courges (ab 7 Jahren, Franz\u00f6sisch)<\/a><\/div><\/div>\t\t\r\n\t\t<div class=\"Image_Events_arc\"><a href=\"https:\/\/chateau-de-valangin.ch\/de\/kalender\/atelier-halloween-2026\/\"><span class=\"desk\"><img loading=\"lazy\" decoding=\"async\" width=\"300\" height=\"225\" src=\"https:\/\/chateau-de-valangin.ch\/NEWSITE\/wp-content\/uploads\/2025\/09\/citrouille-mexique_1-300x225.jpg\" class=\"attachment-medium size-medium\" alt=\"masque mexicain courge\" srcset=\"https:\/\/chateau-de-valangin.ch\/NEWSITE\/wp-content\/uploads\/2025\/09\/citrouille-mexique_1-300x225.jpg 300w, https:\/\/chateau-de-valangin.ch\/NEWSITE\/wp-content\/uploads\/2025\/09\/citrouille-mexique_1-100x75.jpg 100w, https:\/\/chateau-de-valangin.ch\/NEWSITE\/wp-content\/uploads\/2025\/09\/citrouille-mexique_1-480x360.jpg 480w, https:\/\/chateau-de-valangin.ch\/NEWSITE\/wp-content\/uploads\/2025\/09\/citrouille-mexique_1.jpg 600w\" sizes=\"auto, (max-width:767px) 300px, 300px\" \/><\/span><span class=\"mob\"><img loading=\"lazy\" decoding=\"async\" width=\"600\" height=\"450\" src=\"https:\/\/chateau-de-valangin.ch\/NEWSITE\/wp-content\/uploads\/2025\/09\/citrouille-mexique_1.jpg\" class=\"attachment-large size-large\" alt=\"masque mexicain courge\" srcset=\"https:\/\/chateau-de-valangin.ch\/NEWSITE\/wp-content\/uploads\/2025\/09\/citrouille-mexique_1.jpg 600w, https:\/\/chateau-de-valangin.ch\/NEWSITE\/wp-content\/uploads\/2025\/09\/citrouille-mexique_1-300x225.jpg 300w, https:\/\/chateau-de-valangin.ch\/NEWSITE\/wp-content\/uploads\/2025\/09\/citrouille-mexique_1-100x75.jpg 100w, https:\/\/chateau-de-valangin.ch\/NEWSITE\/wp-content\/uploads\/2025\/09\/citrouille-mexique_1-480x360.jpg 480w\" sizes=\"auto, (max-width:767px) 480px, 600px\" \/><\/span><\/a><\/div>\r\n\t<\/div>\r\n<\/div><style>\r\n\t.Extrait_Events_arc{float:left;height:70px;width:100%;background-color:#590630;color:#FFF;margin-top:0px;border-radius:0px;}\r\n\t@media screen and (max-width:900px){.Extrait_Events_arc{height:210px;margin-top:30px;}}\r\n\t.Extrait_Events_Container_arc{height:70px;background-color:#590630;margin:0 auto;text-align:center;}\r\n\t@media screen and (max-width:900px){.Extrait_Events_Container_arc{height:180px;width:100%;}}\r\n\t.Extrait_Events_arc a:hover{text-decoration:none;}\r\n\t.Date_Events_all_arc{float:left;width:20%;height:70px;margin-bottom:10px;}\r\n\t@media screen and (max-width:900px){.Date_Events_all_arc{float:left;width:100%;height:70px;margin-bottom:10px;}}\r\n\t.Date_Events_1_arc{float:left;width:45%;text-align:center;margin-top:5px;}\r\n\t.Date_Events_1_2_arc{float:left;width:32%;text-align:center;margin-top:5px;}\r\n\t.Date_Events_sep_arc{float:left;text-align:center;width:10%;margin-top:-15px;}\r\n\t.Date_Events_2_arc{float:left;width:45%;text-align:center;margin-top:5px;}\r\n\t.timecss_d_arc {font-size:20px;font-weight:500;margin:0;}\r\n\t.timecss_f_arc {font-size:10px;text-transform:uppercase;margin-top:-5px;}\r\n\t.timecss_y_arc {font-size:11px;margin-top:-28px;}\r\n\t.Date_Events_sep_arc{padding-top:20px}\r\n\t.Cat_Events_arc{color:#e3c022;text-transform:uppercase;font-weight:300;letter-spacing:5px;font-size:8px;}\r\n\t@media screen and (max-width:900px){.Cat_Events_arc{float:left;height:20px;width:100%;margin:0 10px;}}\r\n\t.Cat_Events_arc{float:left;height:20px;width:60%;line-height:1.5;margin-top:7px;}\r\n\t@media screen and (max-width:900px){.Cat_Events_arc{float:left;text-align:center;height:20px;width:100%;margin:10px 0 auto;}}\r\n\t@media screen and (max-width:900px){.Cat_Events_arc_cont{margin:0 10px;width:90%;}}\r\n\t.Titre_Events_arc a{float:left;height:50px;width:60%;font-weight:100;font-size:17px;line-height:1.2;color:#fff;text-rendering:auto;margin-top:-10px;}\r\n\t@media screen and (max-width:900px){.Titre_Events_arc a{height:30px;margin:10px 0 auto;width:100%;line-break:auto;}}\r\n\t@media screen and (max-width:900px){.Titre_Events_arc_cont{margin:0 5%;width:90%;}}\r\n\t.Image_Events_arc{float:left;width:20%;overflow:hidden;position:relative;max-height:70px;margin-top:-27px;}\r\n\t@media screen and (max-width:900px){.Image_Events_arc{float:left;max-height:150px;width:100%;margin-top:10px;}}\r\n\t.Date_Events_all_arc,.Cat_Events_arc,.Titre_Events_arc a{display:flex;justify-content:center;align-items:center;}\r\n\t.desk{display:flex;}.mob{display:none;}\r\n\t@media screen and (max-width:900px){.desk{display:none;}.mob{display:flex;}}\r\n<\/style>\r\n\r\n<div class=\"Extrait_Events_arc\">\r\n\t<div class=\"Extrait_Events_Container_arc\">\r\n\t\t5017\r\n\t\t<div class=\"Cat_Events_arc\"><div class=\"Cat_Events_arc_cont\">VERANSTALTUNG<\/div><\/div>\r\n\t\t<div class=\"Titre_Events_arc\"><div class=\"Titre_Events_arc_cont\"><a href=\"https:\/\/chateau-de-valangin.ch\/de\/kalender\/jeudi-oui-au-chateau-2026\/\">Jeudi Oui in Valangin &#8211; Halloween im Schloss<\/a><\/div><\/div>\t\t\r\n\t\t<div class=\"Image_Events_arc\"><a href=\"https:\/\/chateau-de-valangin.ch\/de\/kalender\/jeudi-oui-au-chateau-2026\/\"><span class=\"desk\"><img loading=\"lazy\" decoding=\"async\" width=\"300\" height=\"232\" src=\"https:\/\/chateau-de-valangin.ch\/NEWSITE\/wp-content\/uploads\/2026\/07\/three_skeletons__playing__music_in_1893-300x232.jpg\" class=\"attachment-medium size-medium\" alt=\"\" srcset=\"https:\/\/chateau-de-valangin.ch\/NEWSITE\/wp-content\/uploads\/2026\/07\/three_skeletons__playing__music_in_1893-300x232.jpg 300w, https:\/\/chateau-de-valangin.ch\/NEWSITE\/wp-content\/uploads\/2026\/07\/three_skeletons__playing__music_in_1893-97x75.jpg 97w, https:\/\/chateau-de-valangin.ch\/NEWSITE\/wp-content\/uploads\/2026\/07\/three_skeletons__playing__music_in_1893-480x372.jpg 480w, https:\/\/chateau-de-valangin.ch\/NEWSITE\/wp-content\/uploads\/2026\/07\/three_skeletons__playing__music_in_1893.jpg 500w\" sizes=\"auto, (max-width:767px) 300px, 300px\" \/><\/span><span class=\"mob\"><img loading=\"lazy\" decoding=\"async\" width=\"500\" height=\"387\" src=\"https:\/\/chateau-de-valangin.ch\/NEWSITE\/wp-content\/uploads\/2026\/07\/three_skeletons__playing__music_in_1893.jpg\" class=\"attachment-large size-large\" alt=\"\" srcset=\"https:\/\/chateau-de-valangin.ch\/NEWSITE\/wp-content\/uploads\/2026\/07\/three_skeletons__playing__music_in_1893.jpg 500w, https:\/\/chateau-de-valangin.ch\/NEWSITE\/wp-content\/uploads\/2026\/07\/three_skeletons__playing__music_in_1893-300x232.jpg 300w, https:\/\/chateau-de-valangin.ch\/NEWSITE\/wp-content\/uploads\/2026\/07\/three_skeletons__playing__music_in_1893-97x75.jpg 97w, https:\/\/chateau-de-valangin.ch\/NEWSITE\/wp-content\/uploads\/2026\/07\/three_skeletons__playing__music_in_1893-480x372.jpg 480w\" sizes=\"auto, (max-width:767px) 480px, 500px\" \/><\/span><\/a><\/div>\r\n\t<\/div>\r\n<\/div><style>\r\n\t.Extrait_Events_arc{float:left;height:70px;width:100%;background-color:#590630;color:#FFF;margin-top:0px;border-radius:0px;}\r\n\t@media screen and (max-width:900px){.Extrait_Events_arc{height:210px;margin-top:30px;}}\r\n\t.Extrait_Events_Container_arc{height:70px;background-color:#590630;margin:0 auto;text-align:center;}\r\n\t@media screen and (max-width:900px){.Extrait_Events_Container_arc{height:180px;width:100%;}}\r\n\t.Extrait_Events_arc a:hover{text-decoration:none;}\r\n\t.Date_Events_all_arc{float:left;width:20%;height:70px;margin-bottom:10px;}\r\n\t@media screen and (max-width:900px){.Date_Events_all_arc{float:left;width:100%;height:70px;margin-bottom:10px;}}\r\n\t.Date_Events_1_arc{float:left;width:45%;text-align:center;margin-top:5px;}\r\n\t.Date_Events_1_2_arc{float:left;width:32%;text-align:center;margin-top:5px;}\r\n\t.Date_Events_sep_arc{float:left;text-align:center;width:10%;margin-top:-15px;}\r\n\t.Date_Events_2_arc{float:left;width:45%;text-align:center;margin-top:5px;}\r\n\t.timecss_d_arc {font-size:20px;font-weight:500;margin:0;}\r\n\t.timecss_f_arc {font-size:10px;text-transform:uppercase;margin-top:-5px;}\r\n\t.timecss_y_arc {font-size:11px;margin-top:-28px;}\r\n\t.Date_Events_sep_arc{padding-top:20px}\r\n\t.Cat_Events_arc{color:#e3c022;text-transform:uppercase;font-weight:300;letter-spacing:5px;font-size:8px;}\r\n\t@media screen and (max-width:900px){.Cat_Events_arc{float:left;height:20px;width:100%;margin:0 10px;}}\r\n\t.Cat_Events_arc{float:left;height:20px;width:60%;line-height:1.5;margin-top:7px;}\r\n\t@media screen and (max-width:900px){.Cat_Events_arc{float:left;text-align:center;height:20px;width:100%;margin:10px 0 auto;}}\r\n\t@media screen and (max-width:900px){.Cat_Events_arc_cont{margin:0 10px;width:90%;}}\r\n\t.Titre_Events_arc a{float:left;height:50px;width:60%;font-weight:100;font-size:17px;line-height:1.2;color:#fff;text-rendering:auto;margin-top:-10px;}\r\n\t@media screen and (max-width:900px){.Titre_Events_arc a{height:30px;margin:10px 0 auto;width:100%;line-break:auto;}}\r\n\t@media screen and (max-width:900px){.Titre_Events_arc_cont{margin:0 5%;width:90%;}}\r\n\t.Image_Events_arc{float:left;width:20%;overflow:hidden;position:relative;max-height:70px;margin-top:-27px;}\r\n\t@media screen and (max-width:900px){.Image_Events_arc{float:left;max-height:150px;width:100%;margin-top:10px;}}\r\n\t.Date_Events_all_arc,.Cat_Events_arc,.Titre_Events_arc a{display:flex;justify-content:center;align-items:center;}\r\n\t.desk{display:flex;}.mob{display:none;}\r\n\t@media screen and (max-width:900px){.desk{display:none;}.mob{display:flex;}}\r\n<\/style>\r\n\r\n<div class=\"Extrait_Events_arc\">\r\n\t<div class=\"Extrait_Events_Container_arc\">\r\n\t\t5025\r\n\t\t<div class=\"Cat_Events_arc\"><div class=\"Cat_Events_arc_cont\">ANIMATION und WORKSHOP<\/div><\/div>\r\n\t\t<div class=\"Titre_Events_arc\"><div class=\"Titre_Events_arc_cont\"><a href=\"https:\/\/chateau-de-valangin.ch\/de\/kalender\/fantomes-au-chateau-2026\/\">Il y a des fant\u00f4mes au ch\u00e2teau (2-4 ans)<\/a><\/div><\/div>\t\t\r\n\t\t<div class=\"Image_Events_arc\"><a href=\"https:\/\/chateau-de-valangin.ch\/de\/kalender\/fantomes-au-chateau-2026\/\"><span class=\"desk\"><img loading=\"lazy\" decoding=\"async\" width=\"300\" height=\"197\" src=\"https:\/\/chateau-de-valangin.ch\/NEWSITE\/wp-content\/uploads\/2024\/07\/halloween-970134_1280-300x197.jpg\" class=\"attachment-medium size-medium\" alt=\"des fant\u00f4mes au ch\u00e2teau\" srcset=\"https:\/\/chateau-de-valangin.ch\/NEWSITE\/wp-content\/uploads\/2024\/07\/halloween-970134_1280-300x197.jpg 300w, https:\/\/chateau-de-valangin.ch\/NEWSITE\/wp-content\/uploads\/2024\/07\/halloween-970134_1280-1024x673.jpg 1024w, https:\/\/chateau-de-valangin.ch\/NEWSITE\/wp-content\/uploads\/2024\/07\/halloween-970134_1280-768x505.jpg 768w, https:\/\/chateau-de-valangin.ch\/NEWSITE\/wp-content\/uploads\/2024\/07\/halloween-970134_1280-114x75.jpg 114w, https:\/\/chateau-de-valangin.ch\/NEWSITE\/wp-content\/uploads\/2024\/07\/halloween-970134_1280-480x315.jpg 480w, https:\/\/chateau-de-valangin.ch\/NEWSITE\/wp-content\/uploads\/2024\/07\/halloween-970134_1280.jpg 1280w\" sizes=\"auto, (max-width:767px) 300px, 300px\" \/><\/span><span class=\"mob\"><img loading=\"lazy\" decoding=\"async\" width=\"1024\" height=\"673\" src=\"https:\/\/chateau-de-valangin.ch\/NEWSITE\/wp-content\/uploads\/2024\/07\/halloween-970134_1280-1024x673.jpg\" class=\"attachment-large size-large\" alt=\"des fant\u00f4mes au ch\u00e2teau\" srcset=\"https:\/\/chateau-de-valangin.ch\/NEWSITE\/wp-content\/uploads\/2024\/07\/halloween-970134_1280-1024x673.jpg 1024w, https:\/\/chateau-de-valangin.ch\/NEWSITE\/wp-content\/uploads\/2024\/07\/halloween-970134_1280-300x197.jpg 300w, https:\/\/chateau-de-valangin.ch\/NEWSITE\/wp-content\/uploads\/2024\/07\/halloween-970134_1280-768x505.jpg 768w, https:\/\/chateau-de-valangin.ch\/NEWSITE\/wp-content\/uploads\/2024\/07\/halloween-970134_1280-114x75.jpg 114w, https:\/\/chateau-de-valangin.ch\/NEWSITE\/wp-content\/uploads\/2024\/07\/halloween-970134_1280-480x315.jpg 480w, https:\/\/chateau-de-valangin.ch\/NEWSITE\/wp-content\/uploads\/2024\/07\/halloween-970134_1280.jpg 1280w\" sizes=\"auto, (max-width:767px) 480px, (max-width:1024px) 100vw, 1024px\" \/><\/span><\/a><\/div>\r\n\t<\/div>\r\n<\/div><style>\r\n\t.Extrait_Events_arc{float:left;height:70px;width:100%;background-color:#590630;color:#FFF;margin-top:0px;border-radius:0px;}\r\n\t@media screen and (max-width:900px){.Extrait_Events_arc{height:210px;margin-top:30px;}}\r\n\t.Extrait_Events_Container_arc{height:70px;background-color:#590630;margin:0 auto;text-align:center;}\r\n\t@media screen and (max-width:900px){.Extrait_Events_Container_arc{height:180px;width:100%;}}\r\n\t.Extrait_Events_arc a:hover{text-decoration:none;}\r\n\t.Date_Events_all_arc{float:left;width:20%;height:70px;margin-bottom:10px;}\r\n\t@media screen and (max-width:900px){.Date_Events_all_arc{float:left;width:100%;height:70px;margin-bottom:10px;}}\r\n\t.Date_Events_1_arc{float:left;width:45%;text-align:center;margin-top:5px;}\r\n\t.Date_Events_1_2_arc{float:left;width:32%;text-align:center;margin-top:5px;}\r\n\t.Date_Events_sep_arc{float:left;text-align:center;width:10%;margin-top:-15px;}\r\n\t.Date_Events_2_arc{float:left;width:45%;text-align:center;margin-top:5px;}\r\n\t.timecss_d_arc {font-size:20px;font-weight:500;margin:0;}\r\n\t.timecss_f_arc {font-size:10px;text-transform:uppercase;margin-top:-5px;}\r\n\t.timecss_y_arc {font-size:11px;margin-top:-28px;}\r\n\t.Date_Events_sep_arc{padding-top:20px}\r\n\t.Cat_Events_arc{color:#e3c022;text-transform:uppercase;font-weight:300;letter-spacing:5px;font-size:8px;}\r\n\t@media screen and (max-width:900px){.Cat_Events_arc{float:left;height:20px;width:100%;margin:0 10px;}}\r\n\t.Cat_Events_arc{float:left;height:20px;width:60%;line-height:1.5;margin-top:7px;}\r\n\t@media screen and (max-width:900px){.Cat_Events_arc{float:left;text-align:center;height:20px;width:100%;margin:10px 0 auto;}}\r\n\t@media screen and (max-width:900px){.Cat_Events_arc_cont{margin:0 10px;width:90%;}}\r\n\t.Titre_Events_arc a{float:left;height:50px;width:60%;font-weight:100;font-size:17px;line-height:1.2;color:#fff;text-rendering:auto;margin-top:-10px;}\r\n\t@media screen and (max-width:900px){.Titre_Events_arc a{height:30px;margin:10px 0 auto;width:100%;line-break:auto;}}\r\n\t@media screen and (max-width:900px){.Titre_Events_arc_cont{margin:0 5%;width:90%;}}\r\n\t.Image_Events_arc{float:left;width:20%;overflow:hidden;position:relative;max-height:70px;margin-top:-27px;}\r\n\t@media screen and (max-width:900px){.Image_Events_arc{float:left;max-height:150px;width:100%;margin-top:10px;}}\r\n\t.Date_Events_all_arc,.Cat_Events_arc,.Titre_Events_arc a{display:flex;justify-content:center;align-items:center;}\r\n\t.desk{display:flex;}.mob{display:none;}\r\n\t@media screen and (max-width:900px){.desk{display:none;}.mob{display:flex;}}\r\n<\/style>\r\n\r\n<div class=\"Extrait_Events_arc\">\r\n\t<div class=\"Extrait_Events_Container_arc\">\r\n\t\t5027\r\n\t\t<div class=\"Cat_Events_arc\"><div class=\"Cat_Events_arc_cont\">ANIMATION<\/div><\/div>\r\n\t\t<div class=\"Titre_Events_arc\"><div class=\"Titre_Events_arc_cont\"><a href=\"https:\/\/chateau-de-valangin.ch\/de\/kalender\/chateau-hante-14h00-2026\/\">Les contes du ch\u00e2teau hant\u00e9 (14:00 Uhr)<\/a><\/div><\/div>\t\t\r\n\t\t<div class=\"Image_Events_arc\"><a href=\"https:\/\/chateau-de-valangin.ch\/de\/kalender\/chateau-hante-14h00-2026\/\"><span class=\"desk\"><img loading=\"lazy\" decoding=\"async\" width=\"300\" height=\"193\" src=\"https:\/\/chateau-de-valangin.ch\/NEWSITE\/wp-content\/uploads\/2026\/07\/30815636238-300x193.jpg\" class=\"attachment-medium size-medium\" alt=\"Ch\u00e2teau de Valangin\" srcset=\"https:\/\/chateau-de-valangin.ch\/NEWSITE\/wp-content\/uploads\/2026\/07\/30815636238-300x193.jpg 300w, https:\/\/chateau-de-valangin.ch\/NEWSITE\/wp-content\/uploads\/2026\/07\/30815636238-1024x658.jpg 1024w, https:\/\/chateau-de-valangin.ch\/NEWSITE\/wp-content\/uploads\/2026\/07\/30815636238-768x493.jpg 768w, https:\/\/chateau-de-valangin.ch\/NEWSITE\/wp-content\/uploads\/2026\/07\/30815636238-1536x987.jpg 1536w, https:\/\/chateau-de-valangin.ch\/NEWSITE\/wp-content\/uploads\/2026\/07\/30815636238-2048x1316.jpg 2048w, https:\/\/chateau-de-valangin.ch\/NEWSITE\/wp-content\/uploads\/2026\/07\/30815636238-117x75.jpg 117w, https:\/\/chateau-de-valangin.ch\/NEWSITE\/wp-content\/uploads\/2026\/07\/30815636238-480x308.jpg 480w, https:\/\/chateau-de-valangin.ch\/NEWSITE\/wp-content\/uploads\/2026\/07\/30815636238-1320x848.jpg 1320w\" sizes=\"auto, (max-width:767px) 300px, 300px\" \/><\/span><span class=\"mob\"><img loading=\"lazy\" decoding=\"async\" width=\"1024\" height=\"658\" src=\"https:\/\/chateau-de-valangin.ch\/NEWSITE\/wp-content\/uploads\/2026\/07\/30815636238-1024x658.jpg\" class=\"attachment-large size-large\" alt=\"Ch\u00e2teau de Valangin\" srcset=\"https:\/\/chateau-de-valangin.ch\/NEWSITE\/wp-content\/uploads\/2026\/07\/30815636238-1024x658.jpg 1024w, https:\/\/chateau-de-valangin.ch\/NEWSITE\/wp-content\/uploads\/2026\/07\/30815636238-300x193.jpg 300w, https:\/\/chateau-de-valangin.ch\/NEWSITE\/wp-content\/uploads\/2026\/07\/30815636238-768x493.jpg 768w, https:\/\/chateau-de-valangin.ch\/NEWSITE\/wp-content\/uploads\/2026\/07\/30815636238-1536x987.jpg 1536w, https:\/\/chateau-de-valangin.ch\/NEWSITE\/wp-content\/uploads\/2026\/07\/30815636238-2048x1316.jpg 2048w, https:\/\/chateau-de-valangin.ch\/NEWSITE\/wp-content\/uploads\/2026\/07\/30815636238-117x75.jpg 117w, https:\/\/chateau-de-valangin.ch\/NEWSITE\/wp-content\/uploads\/2026\/07\/30815636238-480x308.jpg 480w, https:\/\/chateau-de-valangin.ch\/NEWSITE\/wp-content\/uploads\/2026\/07\/30815636238-1320x848.jpg 1320w\" sizes=\"auto, (max-width:767px) 480px, (max-width:1024px) 100vw, 1024px\" \/><\/span><\/a><\/div>\r\n\t<\/div>\r\n<\/div><style>\r\n\t.Extrait_Events_arc{float:left;height:70px;width:100%;background-color:#590630;color:#FFF;margin-top:0px;border-radius:0px;}\r\n\t@media screen and (max-width:900px){.Extrait_Events_arc{height:210px;margin-top:30px;}}\r\n\t.Extrait_Events_Container_arc{height:70px;background-color:#590630;margin:0 auto;text-align:center;}\r\n\t@media screen and (max-width:900px){.Extrait_Events_Container_arc{height:180px;width:100%;}}\r\n\t.Extrait_Events_arc a:hover{text-decoration:none;}\r\n\t.Date_Events_all_arc{float:left;width:20%;height:70px;margin-bottom:10px;}\r\n\t@media screen and (max-width:900px){.Date_Events_all_arc{float:left;width:100%;height:70px;margin-bottom:10px;}}\r\n\t.Date_Events_1_arc{float:left;width:45%;text-align:center;margin-top:5px;}\r\n\t.Date_Events_1_2_arc{float:left;width:32%;text-align:center;margin-top:5px;}\r\n\t.Date_Events_sep_arc{float:left;text-align:center;width:10%;margin-top:-15px;}\r\n\t.Date_Events_2_arc{float:left;width:45%;text-align:center;margin-top:5px;}\r\n\t.timecss_d_arc {font-size:20px;font-weight:500;margin:0;}\r\n\t.timecss_f_arc {font-size:10px;text-transform:uppercase;margin-top:-5px;}\r\n\t.timecss_y_arc {font-size:11px;margin-top:-28px;}\r\n\t.Date_Events_sep_arc{padding-top:20px}\r\n\t.Cat_Events_arc{color:#e3c022;text-transform:uppercase;font-weight:300;letter-spacing:5px;font-size:8px;}\r\n\t@media screen and (max-width:900px){.Cat_Events_arc{float:left;height:20px;width:100%;margin:0 10px;}}\r\n\t.Cat_Events_arc{float:left;height:20px;width:60%;line-height:1.5;margin-top:7px;}\r\n\t@media screen and (max-width:900px){.Cat_Events_arc{float:left;text-align:center;height:20px;width:100%;margin:10px 0 auto;}}\r\n\t@media screen and (max-width:900px){.Cat_Events_arc_cont{margin:0 10px;width:90%;}}\r\n\t.Titre_Events_arc a{float:left;height:50px;width:60%;font-weight:100;font-size:17px;line-height:1.2;color:#fff;text-rendering:auto;margin-top:-10px;}\r\n\t@media screen and (max-width:900px){.Titre_Events_arc a{height:30px;margin:10px 0 auto;width:100%;line-break:auto;}}\r\n\t@media screen and (max-width:900px){.Titre_Events_arc_cont{margin:0 5%;width:90%;}}\r\n\t.Image_Events_arc{float:left;width:20%;overflow:hidden;position:relative;max-height:70px;margin-top:-27px;}\r\n\t@media screen and (max-width:900px){.Image_Events_arc{float:left;max-height:150px;width:100%;margin-top:10px;}}\r\n\t.Date_Events_all_arc,.Cat_Events_arc,.Titre_Events_arc a{display:flex;justify-content:center;align-items:center;}\r\n\t.desk{display:flex;}.mob{display:none;}\r\n\t@media screen and (max-width:900px){.desk{display:none;}.mob{display:flex;}}\r\n<\/style>\r\n\r\n<div class=\"Extrait_Events_arc\">\r\n\t<div class=\"Extrait_Events_Container_arc\">\r\n\t\t5037\r\n\t\t<div class=\"Cat_Events_arc\"><div class=\"Cat_Events_arc_cont\">ANIMATION<\/div><\/div>\r\n\t\t<div class=\"Titre_Events_arc\"><div class=\"Titre_Events_arc_cont\"><a href=\"https:\/\/chateau-de-valangin.ch\/de\/kalender\/chateau-hante-15h30-2026\/\">Les contes du ch\u00e2teau hant\u00e9 (15:30)<\/a><\/div><\/div>\t\t\r\n\t\t<div class=\"Image_Events_arc\"><a href=\"https:\/\/chateau-de-valangin.ch\/de\/kalender\/chateau-hante-15h30-2026\/\"><span class=\"desk\"><img loading=\"lazy\" decoding=\"async\" width=\"300\" height=\"193\" src=\"https:\/\/chateau-de-valangin.ch\/NEWSITE\/wp-content\/uploads\/2026\/07\/30815636238-300x193.jpg\" class=\"attachment-medium size-medium\" alt=\"Ch\u00e2teau de Valangin\" srcset=\"https:\/\/chateau-de-valangin.ch\/NEWSITE\/wp-content\/uploads\/2026\/07\/30815636238-300x193.jpg 300w, https:\/\/chateau-de-valangin.ch\/NEWSITE\/wp-content\/uploads\/2026\/07\/30815636238-1024x658.jpg 1024w, https:\/\/chateau-de-valangin.ch\/NEWSITE\/wp-content\/uploads\/2026\/07\/30815636238-768x493.jpg 768w, https:\/\/chateau-de-valangin.ch\/NEWSITE\/wp-content\/uploads\/2026\/07\/30815636238-1536x987.jpg 1536w, https:\/\/chateau-de-valangin.ch\/NEWSITE\/wp-content\/uploads\/2026\/07\/30815636238-2048x1316.jpg 2048w, https:\/\/chateau-de-valangin.ch\/NEWSITE\/wp-content\/uploads\/2026\/07\/30815636238-117x75.jpg 117w, https:\/\/chateau-de-valangin.ch\/NEWSITE\/wp-content\/uploads\/2026\/07\/30815636238-480x308.jpg 480w, https:\/\/chateau-de-valangin.ch\/NEWSITE\/wp-content\/uploads\/2026\/07\/30815636238-1320x848.jpg 1320w\" sizes=\"auto, (max-width:767px) 300px, 300px\" \/><\/span><span class=\"mob\"><img loading=\"lazy\" decoding=\"async\" width=\"1024\" height=\"658\" src=\"https:\/\/chateau-de-valangin.ch\/NEWSITE\/wp-content\/uploads\/2026\/07\/30815636238-1024x658.jpg\" class=\"attachment-large size-large\" alt=\"Ch\u00e2teau de Valangin\" srcset=\"https:\/\/chateau-de-valangin.ch\/NEWSITE\/wp-content\/uploads\/2026\/07\/30815636238-1024x658.jpg 1024w, https:\/\/chateau-de-valangin.ch\/NEWSITE\/wp-content\/uploads\/2026\/07\/30815636238-300x193.jpg 300w, https:\/\/chateau-de-valangin.ch\/NEWSITE\/wp-content\/uploads\/2026\/07\/30815636238-768x493.jpg 768w, https:\/\/chateau-de-valangin.ch\/NEWSITE\/wp-content\/uploads\/2026\/07\/30815636238-1536x987.jpg 1536w, https:\/\/chateau-de-valangin.ch\/NEWSITE\/wp-content\/uploads\/2026\/07\/30815636238-2048x1316.jpg 2048w, https:\/\/chateau-de-valangin.ch\/NEWSITE\/wp-content\/uploads\/2026\/07\/30815636238-117x75.jpg 117w, https:\/\/chateau-de-valangin.ch\/NEWSITE\/wp-content\/uploads\/2026\/07\/30815636238-480x308.jpg 480w, https:\/\/chateau-de-valangin.ch\/NEWSITE\/wp-content\/uploads\/2026\/07\/30815636238-1320x848.jpg 1320w\" sizes=\"auto, (max-width:767px) 480px, (max-width:1024px) 100vw, 1024px\" \/><\/span><\/a><\/div>\r\n\t<\/div>\r\n<\/div>[\/vc_column_text][\/vc_column_inner][\/vc_row_inner][\/vc_column][\/vc_row][vc_row bg_type=&#8220;bg_color&#8220; bg_override=&#8220;full&#8220; bg_color_value=&#8220;#efefef&#8220;][vc_column][vc_row_inner el_class=&#8220;allevent_page_custom&#8220;][vc_column_inner]<div id=\"ultimate-heading-51756a9642dbba708\" class=\"uvc-heading ult-adjust-bottom-margin ultimate-heading-51756a9642dbba708 uvc-9318 \" data-hspacer=\"no_spacer\"  data-halign=\"left\" style=\"text-align:left\"><div class=\"uvc-heading-spacer no_spacer\" style=\"top\"><\/div><div class=\"uvc-main-heading ult-responsive\"  data-ultimate-target='.uvc-heading.ultimate-heading-51756a9642dbba708 h2'  data-responsive-json-new='{\"font-size\":\"desktop:35px;\",\"line-height\":\"\"}' ><h2 style=\"font-weight:normal;\">Archiv<\/h2><\/div><\/div><div class=\"ult_exp_section_layer ult-adjust-bottom-margin  \" >\n\t\t<div id=\"uvc-exp-wrap-2685\" role=\"button\" tabindex=\"0\" aria-pressed=\"false\"  data-ultimate-target='#uvc-exp-wrap-2685'  data-responsive-json-new='{\"font-size\":\"desktop:20px;\",\"line-height\":\"desktop:20px;\"}'  class=\"ult_exp_section  ult-responsive \" style=\"color:#590630;background-color:#dbdbdb; font-weight:normal;  text-align:center;\" data-textcolor=\"#590630\"data-texthover=\"#000000\"data-icncolor=\"#333333\"data-ihover=\"#333333\"data-height=\"0\"data-cntbg=\"#dbdbdb\"data-cnthvrbg=\"#e5e5e5\"data-headerbg=\"#dbdbdb\"data-headerhover=\"#e5e5e5\"data-title=\"VERGANGENE VERANSTALTUNGEN\"data-newtitle=\"SCHLIESSEN\"data-icon=\"\"data-newicon=\"\"data-activeicon=\"#333333\"data-effect=\"slideToggle\"data-override=\"0\"data-activetitle=\"#590630\"data-activebg=\"#dbdbdb\"data-img=\"\"data-newimg=\"\"><div  class=\"ult_exp_section-main \">\n\t\t\t\t\t<div class=\"ult_expheader\" >VERGANGENE VERANSTALTUNGEN\n\t\t\t\t\t <\/div><\/div>\n\t\t\t\t<\/div><div class=\"ult_exp_content \" style=\"background-color:#efefef;  \"><div class=\"ult_ecpsub_cont\" style=\" \" >[vc_column_text]<style>\r\n\t.Extrait_Events_arc{float:left;height:70px;width:100%;background-color:#590630;color:#FFF;margin-top:0px;border-radius:0px;}\r\n\t@media screen and (max-width:900px){.Extrait_Events_arc{height:210px;margin-top:30px;}}\r\n\t.Extrait_Events_Container_arc{height:70px;background-color:#590630;margin:0 auto;text-align:center;}\r\n\t@media screen and (max-width:900px){.Extrait_Events_Container_arc{height:180px;width:100%;}}\r\n\t.Extrait_Events_arc a:hover{text-decoration:none;}\r\n\t.Date_Events_all_arc{float:left;width:20%;height:70px;margin-bottom:10px;}\r\n\t@media screen and (max-width:900px){.Date_Events_all_arc{float:left;width:100%;height:70px;margin-bottom:10px;}}\r\n\t.Date_Events_1_arc{float:left;width:45%;text-align:center;margin-top:5px;}\r\n\t.Date_Events_1_2_arc{float:left;width:32%;text-align:center;margin-top:5px;}\r\n\t.Date_Events_sep_arc{float:left;text-align:center;width:10%;margin-top:-15px;}\r\n\t.Date_Events_2_arc{float:left;width:45%;text-align:center;margin-top:5px;}\r\n\t.timecss_d_arc {font-size:20px;font-weight:500;margin:0;}\r\n\t.timecss_f_arc {font-size:10px;text-transform:uppercase;margin-top:-5px;}\r\n\t.timecss_y_arc {font-size:11px;margin-top:-28px;}\r\n\t.Date_Events_sep_arc{padding-top:20px}\r\n\t.Cat_Events_arc{color:#e3c022;text-transform:uppercase;font-weight:300;letter-spacing:5px;font-size:8px;}\r\n\t@media screen and (max-width:900px){.Cat_Events_arc{float:left;height:20px;width:100%;margin:0 10px;}}\r\n\t.Cat_Events_arc{float:left;height:20px;width:60%;line-height:1.5;margin-top:7px;}\r\n\t@media screen and (max-width:900px){.Cat_Events_arc{float:left;text-align:center;height:20px;width:100%;margin:10px 0 auto;}}\r\n\t@media screen and (max-width:900px){.Cat_Events_arc_cont{margin:0 10px;width:90%;}}\r\n\t.Titre_Events_arc a{float:left;height:50px;width:60%;font-weight:100;font-size:17px;line-height:1.2;color:#fff;text-rendering:auto;margin-top:-10px;}\r\n\t@media screen and (max-width:900px){.Titre_Events_arc a{height:30px;margin:10px 0 auto;width:100%;line-break:auto;}}\r\n\t@media screen and (max-width:900px){.Titre_Events_arc_cont{margin:0 5%;width:90%;}}\r\n\t.Image_Events_arc{float:left;width:20%;overflow:hidden;position:relative;max-height:70px;margin-top:-27px;}\r\n\t@media screen and (max-width:900px){.Image_Events_arc{float:left;max-height:150px;width:100%;margin-top:10px;}}\r\n\t.Date_Events_all_arc,.Cat_Events_arc,.Titre_Events_arc a{display:flex;justify-content:center;align-items:center;}\r\n\t.desk{display:flex;}.mob{display:none;}\r\n\t@media screen and (max-width:900px){.desk{display:none;}.mob{display:flex;}}\r\n<\/style>\r\n\r\n<div class=\"Extrait_Events_arc\">\r\n\t<div class=\"Extrait_Events_Container_arc\">\r\n\t\t4880\r\n\t\t<div class=\"Cat_Events_arc\"><div class=\"Cat_Events_arc_cont\">ANIMATION<\/div><\/div>\r\n\t\t<div class=\"Titre_Events_arc\"><div class=\"Titre_Events_arc_cont\"><a href=\"https:\/\/chateau-de-valangin.ch\/de\/kalender\/kloeppeln-20260830\/\">Kl\u00f6pplerinnen zeigen ihre Kunst<\/a><\/div><\/div>\t\t\r\n\t\t<div class=\"Image_Events_arc\"><a href=\"https:\/\/chateau-de-valangin.ch\/de\/kalender\/kloeppeln-20260830\/\"><span class=\"desk\"><img loading=\"lazy\" decoding=\"async\" width=\"300\" height=\"225\" src=\"https:\/\/chateau-de-valangin.ch\/NEWSITE\/wp-content\/uploads\/2025\/01\/20240728_152602-300x225.jpg\" class=\"attachment-medium size-medium\" alt=\"d\u00e9monstration de dentelles aux fuseaux\" srcset=\"https:\/\/chateau-de-valangin.ch\/NEWSITE\/wp-content\/uploads\/2025\/01\/20240728_152602-300x225.jpg 300w, https:\/\/chateau-de-valangin.ch\/NEWSITE\/wp-content\/uploads\/2025\/01\/20240728_152602-1024x768.jpg 1024w, https:\/\/chateau-de-valangin.ch\/NEWSITE\/wp-content\/uploads\/2025\/01\/20240728_152602-768x576.jpg 768w, https:\/\/chateau-de-valangin.ch\/NEWSITE\/wp-content\/uploads\/2025\/01\/20240728_152602-1536x1152.jpg 1536w, https:\/\/chateau-de-valangin.ch\/NEWSITE\/wp-content\/uploads\/2025\/01\/20240728_152602-2048x1536.jpg 2048w, https:\/\/chateau-de-valangin.ch\/NEWSITE\/wp-content\/uploads\/2025\/01\/20240728_152602-100x75.jpg 100w, https:\/\/chateau-de-valangin.ch\/NEWSITE\/wp-content\/uploads\/2025\/01\/20240728_152602-960x720.jpg 960w, https:\/\/chateau-de-valangin.ch\/NEWSITE\/wp-content\/uploads\/2025\/01\/20240728_152602-480x360.jpg 480w, https:\/\/chateau-de-valangin.ch\/NEWSITE\/wp-content\/uploads\/2025\/01\/20240728_152602-1320x990.jpg 1320w\" sizes=\"auto, (max-width:767px) 300px, 300px\" \/><\/span><span class=\"mob\"><img loading=\"lazy\" decoding=\"async\" width=\"1024\" height=\"768\" src=\"https:\/\/chateau-de-valangin.ch\/NEWSITE\/wp-content\/uploads\/2025\/01\/20240728_152602-1024x768.jpg\" class=\"attachment-large size-large\" alt=\"d\u00e9monstration de dentelles aux fuseaux\" srcset=\"https:\/\/chateau-de-valangin.ch\/NEWSITE\/wp-content\/uploads\/2025\/01\/20240728_152602-1024x768.jpg 1024w, https:\/\/chateau-de-valangin.ch\/NEWSITE\/wp-content\/uploads\/2025\/01\/20240728_152602-300x225.jpg 300w, https:\/\/chateau-de-valangin.ch\/NEWSITE\/wp-content\/uploads\/2025\/01\/20240728_152602-768x576.jpg 768w, https:\/\/chateau-de-valangin.ch\/NEWSITE\/wp-content\/uploads\/2025\/01\/20240728_152602-1536x1152.jpg 1536w, https:\/\/chateau-de-valangin.ch\/NEWSITE\/wp-content\/uploads\/2025\/01\/20240728_152602-2048x1536.jpg 2048w, https:\/\/chateau-de-valangin.ch\/NEWSITE\/wp-content\/uploads\/2025\/01\/20240728_152602-100x75.jpg 100w, https:\/\/chateau-de-valangin.ch\/NEWSITE\/wp-content\/uploads\/2025\/01\/20240728_152602-960x720.jpg 960w, https:\/\/chateau-de-valangin.ch\/NEWSITE\/wp-content\/uploads\/2025\/01\/20240728_152602-480x360.jpg 480w, https:\/\/chateau-de-valangin.ch\/NEWSITE\/wp-content\/uploads\/2025\/01\/20240728_152602-1320x990.jpg 1320w\" sizes=\"auto, (max-width:767px) 480px, (max-width:1024px) 100vw, 1024px\" \/><\/span><\/a><\/div>\r\n\t<\/div>\r\n<\/div><style>\r\n\t.Extrait_Events_arc{float:left;height:70px;width:100%;background-color:#590630;color:#FFF;margin-top:0px;border-radius:0px;}\r\n\t@media screen and (max-width:900px){.Extrait_Events_arc{height:210px;margin-top:30px;}}\r\n\t.Extrait_Events_Container_arc{height:70px;background-color:#590630;margin:0 auto;text-align:center;}\r\n\t@media screen and (max-width:900px){.Extrait_Events_Container_arc{height:180px;width:100%;}}\r\n\t.Extrait_Events_arc a:hover{text-decoration:none;}\r\n\t.Date_Events_all_arc{float:left;width:20%;height:70px;margin-bottom:10px;}\r\n\t@media screen and (max-width:900px){.Date_Events_all_arc{float:left;width:100%;height:70px;margin-bottom:10px;}}\r\n\t.Date_Events_1_arc{float:left;width:45%;text-align:center;margin-top:5px;}\r\n\t.Date_Events_1_2_arc{float:left;width:32%;text-align:center;margin-top:5px;}\r\n\t.Date_Events_sep_arc{float:left;text-align:center;width:10%;margin-top:-15px;}\r\n\t.Date_Events_2_arc{float:left;width:45%;text-align:center;margin-top:5px;}\r\n\t.timecss_d_arc {font-size:20px;font-weight:500;margin:0;}\r\n\t.timecss_f_arc {font-size:10px;text-transform:uppercase;margin-top:-5px;}\r\n\t.timecss_y_arc {font-size:11px;margin-top:-28px;}\r\n\t.Date_Events_sep_arc{padding-top:20px}\r\n\t.Cat_Events_arc{color:#e3c022;text-transform:uppercase;font-weight:300;letter-spacing:5px;font-size:8px;}\r\n\t@media screen and (max-width:900px){.Cat_Events_arc{float:left;height:20px;width:100%;margin:0 10px;}}\r\n\t.Cat_Events_arc{float:left;height:20px;width:60%;line-height:1.5;margin-top:7px;}\r\n\t@media screen and (max-width:900px){.Cat_Events_arc{float:left;text-align:center;height:20px;width:100%;margin:10px 0 auto;}}\r\n\t@media screen and (max-width:900px){.Cat_Events_arc_cont{margin:0 10px;width:90%;}}\r\n\t.Titre_Events_arc a{float:left;height:50px;width:60%;font-weight:100;font-size:17px;line-height:1.2;color:#fff;text-rendering:auto;margin-top:-10px;}\r\n\t@media screen and (max-width:900px){.Titre_Events_arc a{height:30px;margin:10px 0 auto;width:100%;line-break:auto;}}\r\n\t@media screen and (max-width:900px){.Titre_Events_arc_cont{margin:0 5%;width:90%;}}\r\n\t.Image_Events_arc{float:left;width:20%;overflow:hidden;position:relative;max-height:70px;margin-top:-27px;}\r\n\t@media screen and (max-width:900px){.Image_Events_arc{float:left;max-height:150px;width:100%;margin-top:10px;}}\r\n\t.Date_Events_all_arc,.Cat_Events_arc,.Titre_Events_arc a{display:flex;justify-content:center;align-items:center;}\r\n\t.desk{display:flex;}.mob{display:none;}\r\n\t@media screen and (max-width:900px){.desk{display:none;}.mob{display:flex;}}\r\n<\/style>\r\n\r\n<div class=\"Extrait_Events_arc\">\r\n\t<div class=\"Extrait_Events_Container_arc\">\r\n\t\t4956\r\n\t\t<div class=\"Cat_Events_arc\"><div class=\"Cat_Events_arc_cont\">VERANSTALTUNG<\/div><\/div>\r\n\t\t<div class=\"Titre_Events_arc\"><div class=\"Titre_Events_arc_cont\"><a href=\"https:\/\/chateau-de-valangin.ch\/de\/kalender\/basse-culture-2026\/\">Basse Culture 2026 (Musikfestival)<\/a><\/div><\/div>\t\t\r\n\t\t<div class=\"Image_Events_arc\"><a href=\"https:\/\/chateau-de-valangin.ch\/de\/kalender\/basse-culture-2026\/\"><span class=\"desk\"><img loading=\"lazy\" decoding=\"async\" width=\"300\" height=\"169\" src=\"https:\/\/chateau-de-valangin.ch\/NEWSITE\/wp-content\/uploads\/2026\/07\/en-tete-web-et-reseaux-1-300x169.jpg\" class=\"attachment-medium size-medium\" alt=\"Basse Culture Festival 2026 au ch\u00e2teau de Valangin\" srcset=\"https:\/\/chateau-de-valangin.ch\/NEWSITE\/wp-content\/uploads\/2026\/07\/en-tete-web-et-reseaux-1-300x169.jpg 300w, https:\/\/chateau-de-valangin.ch\/NEWSITE\/wp-content\/uploads\/2026\/07\/en-tete-web-et-reseaux-1-1024x576.jpg 1024w, https:\/\/chateau-de-valangin.ch\/NEWSITE\/wp-content\/uploads\/2026\/07\/en-tete-web-et-reseaux-1-768x432.jpg 768w, https:\/\/chateau-de-valangin.ch\/NEWSITE\/wp-content\/uploads\/2026\/07\/en-tete-web-et-reseaux-1-1536x864.jpg 1536w, https:\/\/chateau-de-valangin.ch\/NEWSITE\/wp-content\/uploads\/2026\/07\/en-tete-web-et-reseaux-1-133x75.jpg 133w, https:\/\/chateau-de-valangin.ch\/NEWSITE\/wp-content\/uploads\/2026\/07\/en-tete-web-et-reseaux-1-1200x675.jpg 1200w, https:\/\/chateau-de-valangin.ch\/NEWSITE\/wp-content\/uploads\/2026\/07\/en-tete-web-et-reseaux-1-480x270.jpg 480w, https:\/\/chateau-de-valangin.ch\/NEWSITE\/wp-content\/uploads\/2026\/07\/en-tete-web-et-reseaux-1-1320x743.jpg 1320w, https:\/\/chateau-de-valangin.ch\/NEWSITE\/wp-content\/uploads\/2026\/07\/en-tete-web-et-reseaux-1.jpg 1900w\" sizes=\"auto, (max-width:767px) 300px, 300px\" \/><\/span><span class=\"mob\"><img loading=\"lazy\" decoding=\"async\" width=\"1024\" height=\"576\" src=\"https:\/\/chateau-de-valangin.ch\/NEWSITE\/wp-content\/uploads\/2026\/07\/en-tete-web-et-reseaux-1-1024x576.jpg\" class=\"attachment-large size-large\" alt=\"Basse Culture Festival 2026 au ch\u00e2teau de Valangin\" srcset=\"https:\/\/chateau-de-valangin.ch\/NEWSITE\/wp-content\/uploads\/2026\/07\/en-tete-web-et-reseaux-1-1024x576.jpg 1024w, https:\/\/chateau-de-valangin.ch\/NEWSITE\/wp-content\/uploads\/2026\/07\/en-tete-web-et-reseaux-1-300x169.jpg 300w, https:\/\/chateau-de-valangin.ch\/NEWSITE\/wp-content\/uploads\/2026\/07\/en-tete-web-et-reseaux-1-768x432.jpg 768w, https:\/\/chateau-de-valangin.ch\/NEWSITE\/wp-content\/uploads\/2026\/07\/en-tete-web-et-reseaux-1-1536x864.jpg 1536w, https:\/\/chateau-de-valangin.ch\/NEWSITE\/wp-content\/uploads\/2026\/07\/en-tete-web-et-reseaux-1-133x75.jpg 133w, https:\/\/chateau-de-valangin.ch\/NEWSITE\/wp-content\/uploads\/2026\/07\/en-tete-web-et-reseaux-1-1200x675.jpg 1200w, https:\/\/chateau-de-valangin.ch\/NEWSITE\/wp-content\/uploads\/2026\/07\/en-tete-web-et-reseaux-1-480x270.jpg 480w, https:\/\/chateau-de-valangin.ch\/NEWSITE\/wp-content\/uploads\/2026\/07\/en-tete-web-et-reseaux-1-1320x743.jpg 1320w, https:\/\/chateau-de-valangin.ch\/NEWSITE\/wp-content\/uploads\/2026\/07\/en-tete-web-et-reseaux-1.jpg 1900w\" sizes=\"auto, (max-width:767px) 480px, (max-width:1024px) 100vw, 1024px\" \/><\/span><\/a><\/div>\r\n\t<\/div>\r\n<\/div><style>\r\n\t.Extrait_Events_arc{float:left;height:70px;width:100%;background-color:#590630;color:#FFF;margin-top:0px;border-radius:0px;}\r\n\t@media screen and (max-width:900px){.Extrait_Events_arc{height:210px;margin-top:30px;}}\r\n\t.Extrait_Events_Container_arc{height:70px;background-color:#590630;margin:0 auto;text-align:center;}\r\n\t@media screen and (max-width:900px){.Extrait_Events_Container_arc{height:180px;width:100%;}}\r\n\t.Extrait_Events_arc a:hover{text-decoration:none;}\r\n\t.Date_Events_all_arc{float:left;width:20%;height:70px;margin-bottom:10px;}\r\n\t@media screen and (max-width:900px){.Date_Events_all_arc{float:left;width:100%;height:70px;margin-bottom:10px;}}\r\n\t.Date_Events_1_arc{float:left;width:45%;text-align:center;margin-top:5px;}\r\n\t.Date_Events_1_2_arc{float:left;width:32%;text-align:center;margin-top:5px;}\r\n\t.Date_Events_sep_arc{float:left;text-align:center;width:10%;margin-top:-15px;}\r\n\t.Date_Events_2_arc{float:left;width:45%;text-align:center;margin-top:5px;}\r\n\t.timecss_d_arc {font-size:20px;font-weight:500;margin:0;}\r\n\t.timecss_f_arc {font-size:10px;text-transform:uppercase;margin-top:-5px;}\r\n\t.timecss_y_arc {font-size:11px;margin-top:-28px;}\r\n\t.Date_Events_sep_arc{padding-top:20px}\r\n\t.Cat_Events_arc{color:#e3c022;text-transform:uppercase;font-weight:300;letter-spacing:5px;font-size:8px;}\r\n\t@media screen and (max-width:900px){.Cat_Events_arc{float:left;height:20px;width:100%;margin:0 10px;}}\r\n\t.Cat_Events_arc{float:left;height:20px;width:60%;line-height:1.5;margin-top:7px;}\r\n\t@media screen and (max-width:900px){.Cat_Events_arc{float:left;text-align:center;height:20px;width:100%;margin:10px 0 auto;}}\r\n\t@media screen and (max-width:900px){.Cat_Events_arc_cont{margin:0 10px;width:90%;}}\r\n\t.Titre_Events_arc a{float:left;height:50px;width:60%;font-weight:100;font-size:17px;line-height:1.2;color:#fff;text-rendering:auto;margin-top:-10px;}\r\n\t@media screen and (max-width:900px){.Titre_Events_arc a{height:30px;margin:10px 0 auto;width:100%;line-break:auto;}}\r\n\t@media screen and (max-width:900px){.Titre_Events_arc_cont{margin:0 5%;width:90%;}}\r\n\t.Image_Events_arc{float:left;width:20%;overflow:hidden;position:relative;max-height:70px;margin-top:-27px;}\r\n\t@media screen and (max-width:900px){.Image_Events_arc{float:left;max-height:150px;width:100%;margin-top:10px;}}\r\n\t.Date_Events_all_arc,.Cat_Events_arc,.Titre_Events_arc a{display:flex;justify-content:center;align-items:center;}\r\n\t.desk{display:flex;}.mob{display:none;}\r\n\t@media screen and (max-width:900px){.desk{display:none;}.mob{display:flex;}}\r\n<\/style>\r\n\r\n<div class=\"Extrait_Events_arc\">\r\n\t<div class=\"Extrait_Events_Container_arc\">\r\n\t\t4799\r\n\t\t<div class=\"Cat_Events_arc\"><div class=\"Cat_Events_arc_cont\">ANIMATION und WORKSHOP<\/div><\/div>\r\n\t\t<div class=\"Titre_Events_arc\"><div class=\"Titre_Events_arc_cont\"><a href=\"https:\/\/chateau-de-valangin.ch\/de\/kalender\/atelier-de-cyanotype-2026\/\">Le cyanotype ou l&#8217;empreinte bleue (8-11 Jahre, Franz\u00f6sisch)<\/a><\/div><\/div>\t\t\r\n\t\t<div class=\"Image_Events_arc\"><a href=\"https:\/\/chateau-de-valangin.ch\/de\/kalender\/atelier-de-cyanotype-2026\/\"><span class=\"desk\"><img loading=\"lazy\" decoding=\"async\" width=\"300\" height=\"171\" src=\"https:\/\/chateau-de-valangin.ch\/NEWSITE\/wp-content\/uploads\/2026\/04\/cyanotypie-300x171.png\" class=\"attachment-medium size-medium\" alt=\"cyanotypie\" srcset=\"https:\/\/chateau-de-valangin.ch\/NEWSITE\/wp-content\/uploads\/2026\/04\/cyanotypie-300x171.png 300w, https:\/\/chateau-de-valangin.ch\/NEWSITE\/wp-content\/uploads\/2026\/04\/cyanotypie-1024x585.png 1024w, https:\/\/chateau-de-valangin.ch\/NEWSITE\/wp-content\/uploads\/2026\/04\/cyanotypie-768x439.png 768w, https:\/\/chateau-de-valangin.ch\/NEWSITE\/wp-content\/uploads\/2026\/04\/cyanotypie-131x75.png 131w, https:\/\/chateau-de-valangin.ch\/NEWSITE\/wp-content\/uploads\/2026\/04\/cyanotypie-480x274.png 480w, https:\/\/chateau-de-valangin.ch\/NEWSITE\/wp-content\/uploads\/2026\/04\/cyanotypie-1320x754.png 1320w, https:\/\/chateau-de-valangin.ch\/NEWSITE\/wp-content\/uploads\/2026\/04\/cyanotypie.png 1344w\" sizes=\"auto, (max-width:767px) 300px, 300px\" \/><\/span><span class=\"mob\"><img loading=\"lazy\" decoding=\"async\" width=\"1024\" height=\"585\" src=\"https:\/\/chateau-de-valangin.ch\/NEWSITE\/wp-content\/uploads\/2026\/04\/cyanotypie-1024x585.png\" class=\"attachment-large size-large\" alt=\"cyanotypie\" srcset=\"https:\/\/chateau-de-valangin.ch\/NEWSITE\/wp-content\/uploads\/2026\/04\/cyanotypie-1024x585.png 1024w, https:\/\/chateau-de-valangin.ch\/NEWSITE\/wp-content\/uploads\/2026\/04\/cyanotypie-300x171.png 300w, https:\/\/chateau-de-valangin.ch\/NEWSITE\/wp-content\/uploads\/2026\/04\/cyanotypie-768x439.png 768w, https:\/\/chateau-de-valangin.ch\/NEWSITE\/wp-content\/uploads\/2026\/04\/cyanotypie-131x75.png 131w, https:\/\/chateau-de-valangin.ch\/NEWSITE\/wp-content\/uploads\/2026\/04\/cyanotypie-480x274.png 480w, https:\/\/chateau-de-valangin.ch\/NEWSITE\/wp-content\/uploads\/2026\/04\/cyanotypie-1320x754.png 1320w, https:\/\/chateau-de-valangin.ch\/NEWSITE\/wp-content\/uploads\/2026\/04\/cyanotypie.png 1344w\" sizes=\"auto, (max-width:767px) 480px, (max-width:1024px) 100vw, 1024px\" \/><\/span><\/a><\/div>\r\n\t<\/div>\r\n<\/div><style>\r\n\t.Extrait_Events_arc{float:left;height:70px;width:100%;background-color:#590630;color:#FFF;margin-top:0px;border-radius:0px;}\r\n\t@media screen and (max-width:900px){.Extrait_Events_arc{height:210px;margin-top:30px;}}\r\n\t.Extrait_Events_Container_arc{height:70px;background-color:#590630;margin:0 auto;text-align:center;}\r\n\t@media screen and (max-width:900px){.Extrait_Events_Container_arc{height:180px;width:100%;}}\r\n\t.Extrait_Events_arc a:hover{text-decoration:none;}\r\n\t.Date_Events_all_arc{float:left;width:20%;height:70px;margin-bottom:10px;}\r\n\t@media screen and (max-width:900px){.Date_Events_all_arc{float:left;width:100%;height:70px;margin-bottom:10px;}}\r\n\t.Date_Events_1_arc{float:left;width:45%;text-align:center;margin-top:5px;}\r\n\t.Date_Events_1_2_arc{float:left;width:32%;text-align:center;margin-top:5px;}\r\n\t.Date_Events_sep_arc{float:left;text-align:center;width:10%;margin-top:-15px;}\r\n\t.Date_Events_2_arc{float:left;width:45%;text-align:center;margin-top:5px;}\r\n\t.timecss_d_arc {font-size:20px;font-weight:500;margin:0;}\r\n\t.timecss_f_arc {font-size:10px;text-transform:uppercase;margin-top:-5px;}\r\n\t.timecss_y_arc {font-size:11px;margin-top:-28px;}\r\n\t.Date_Events_sep_arc{padding-top:20px}\r\n\t.Cat_Events_arc{color:#e3c022;text-transform:uppercase;font-weight:300;letter-spacing:5px;font-size:8px;}\r\n\t@media screen and (max-width:900px){.Cat_Events_arc{float:left;height:20px;width:100%;margin:0 10px;}}\r\n\t.Cat_Events_arc{float:left;height:20px;width:60%;line-height:1.5;margin-top:7px;}\r\n\t@media screen and (max-width:900px){.Cat_Events_arc{float:left;text-align:center;height:20px;width:100%;margin:10px 0 auto;}}\r\n\t@media screen and (max-width:900px){.Cat_Events_arc_cont{margin:0 10px;width:90%;}}\r\n\t.Titre_Events_arc a{float:left;height:50px;width:60%;font-weight:100;font-size:17px;line-height:1.2;color:#fff;text-rendering:auto;margin-top:-10px;}\r\n\t@media screen and (max-width:900px){.Titre_Events_arc a{height:30px;margin:10px 0 auto;width:100%;line-break:auto;}}\r\n\t@media screen and (max-width:900px){.Titre_Events_arc_cont{margin:0 5%;width:90%;}}\r\n\t.Image_Events_arc{float:left;width:20%;overflow:hidden;position:relative;max-height:70px;margin-top:-27px;}\r\n\t@media screen and (max-width:900px){.Image_Events_arc{float:left;max-height:150px;width:100%;margin-top:10px;}}\r\n\t.Date_Events_all_arc,.Cat_Events_arc,.Titre_Events_arc a{display:flex;justify-content:center;align-items:center;}\r\n\t.desk{display:flex;}.mob{display:none;}\r\n\t@media screen and (max-width:900px){.desk{display:none;}.mob{display:flex;}}\r\n<\/style>\r\n\r\n<div class=\"Extrait_Events_arc\">\r\n\t<div class=\"Extrait_Events_Container_arc\">\r\n\t\t4941\r\n\t\t<div class=\"Cat_Events_arc\"><div class=\"Cat_Events_arc_cont\">ANIMATION<\/div><\/div>\r\n\t\t<div class=\"Titre_Events_arc\"><div class=\"Titre_Events_arc_cont\"><a href=\"https:\/\/chateau-de-valangin.ch\/de\/kalender\/cest-comment-un-chateau-2026\/\">C&#8217;est comment un ch\u00e2teau? (1-4 Jahre, Franz\u00f6sisch)<\/a><\/div><\/div>\t\t\r\n\t\t<div class=\"Image_Events_arc\"><a href=\"https:\/\/chateau-de-valangin.ch\/de\/kalender\/cest-comment-un-chateau-2026\/\"><span class=\"desk\"><img loading=\"lazy\" decoding=\"async\" width=\"300\" height=\"171\" src=\"https:\/\/chateau-de-valangin.ch\/NEWSITE\/wp-content\/uploads\/2026\/04\/cet-comment-un-chateau-300x171.png\" class=\"attachment-medium size-medium\" alt=\"C&#039;est comment un ch\u00e2teau?\" srcset=\"https:\/\/chateau-de-valangin.ch\/NEWSITE\/wp-content\/uploads\/2026\/04\/cet-comment-un-chateau-300x171.png 300w, https:\/\/chateau-de-valangin.ch\/NEWSITE\/wp-content\/uploads\/2026\/04\/cet-comment-un-chateau-1024x585.png 1024w, https:\/\/chateau-de-valangin.ch\/NEWSITE\/wp-content\/uploads\/2026\/04\/cet-comment-un-chateau-768x439.png 768w, https:\/\/chateau-de-valangin.ch\/NEWSITE\/wp-content\/uploads\/2026\/04\/cet-comment-un-chateau-131x75.png 131w, https:\/\/chateau-de-valangin.ch\/NEWSITE\/wp-content\/uploads\/2026\/04\/cet-comment-un-chateau-480x274.png 480w, https:\/\/chateau-de-valangin.ch\/NEWSITE\/wp-content\/uploads\/2026\/04\/cet-comment-un-chateau-1320x754.png 1320w, https:\/\/chateau-de-valangin.ch\/NEWSITE\/wp-content\/uploads\/2026\/04\/cet-comment-un-chateau.png 1344w\" sizes=\"auto, (max-width:767px) 300px, 300px\" \/><\/span><span class=\"mob\"><img loading=\"lazy\" decoding=\"async\" width=\"1024\" height=\"585\" src=\"https:\/\/chateau-de-valangin.ch\/NEWSITE\/wp-content\/uploads\/2026\/04\/cet-comment-un-chateau-1024x585.png\" class=\"attachment-large size-large\" alt=\"C&#039;est comment un ch\u00e2teau?\" srcset=\"https:\/\/chateau-de-valangin.ch\/NEWSITE\/wp-content\/uploads\/2026\/04\/cet-comment-un-chateau-1024x585.png 1024w, https:\/\/chateau-de-valangin.ch\/NEWSITE\/wp-content\/uploads\/2026\/04\/cet-comment-un-chateau-300x171.png 300w, https:\/\/chateau-de-valangin.ch\/NEWSITE\/wp-content\/uploads\/2026\/04\/cet-comment-un-chateau-768x439.png 768w, https:\/\/chateau-de-valangin.ch\/NEWSITE\/wp-content\/uploads\/2026\/04\/cet-comment-un-chateau-131x75.png 131w, https:\/\/chateau-de-valangin.ch\/NEWSITE\/wp-content\/uploads\/2026\/04\/cet-comment-un-chateau-480x274.png 480w, https:\/\/chateau-de-valangin.ch\/NEWSITE\/wp-content\/uploads\/2026\/04\/cet-comment-un-chateau-1320x754.png 1320w, https:\/\/chateau-de-valangin.ch\/NEWSITE\/wp-content\/uploads\/2026\/04\/cet-comment-un-chateau.png 1344w\" sizes=\"auto, (max-width:767px) 480px, (max-width:1024px) 100vw, 1024px\" \/><\/span><\/a><\/div>\r\n\t<\/div>\r\n<\/div><style>\r\n\t.Extrait_Events_arc{float:left;height:70px;width:100%;background-color:#590630;color:#FFF;margin-top:0px;border-radius:0px;}\r\n\t@media screen and (max-width:900px){.Extrait_Events_arc{height:210px;margin-top:30px;}}\r\n\t.Extrait_Events_Container_arc{height:70px;background-color:#590630;margin:0 auto;text-align:center;}\r\n\t@media screen and (max-width:900px){.Extrait_Events_Container_arc{height:180px;width:100%;}}\r\n\t.Extrait_Events_arc a:hover{text-decoration:none;}\r\n\t.Date_Events_all_arc{float:left;width:20%;height:70px;margin-bottom:10px;}\r\n\t@media screen and (max-width:900px){.Date_Events_all_arc{float:left;width:100%;height:70px;margin-bottom:10px;}}\r\n\t.Date_Events_1_arc{float:left;width:45%;text-align:center;margin-top:5px;}\r\n\t.Date_Events_1_2_arc{float:left;width:32%;text-align:center;margin-top:5px;}\r\n\t.Date_Events_sep_arc{float:left;text-align:center;width:10%;margin-top:-15px;}\r\n\t.Date_Events_2_arc{float:left;width:45%;text-align:center;margin-top:5px;}\r\n\t.timecss_d_arc {font-size:20px;font-weight:500;margin:0;}\r\n\t.timecss_f_arc {font-size:10px;text-transform:uppercase;margin-top:-5px;}\r\n\t.timecss_y_arc {font-size:11px;margin-top:-28px;}\r\n\t.Date_Events_sep_arc{padding-top:20px}\r\n\t.Cat_Events_arc{color:#e3c022;text-transform:uppercase;font-weight:300;letter-spacing:5px;font-size:8px;}\r\n\t@media screen and (max-width:900px){.Cat_Events_arc{float:left;height:20px;width:100%;margin:0 10px;}}\r\n\t.Cat_Events_arc{float:left;height:20px;width:60%;line-height:1.5;margin-top:7px;}\r\n\t@media screen and (max-width:900px){.Cat_Events_arc{float:left;text-align:center;height:20px;width:100%;margin:10px 0 auto;}}\r\n\t@media screen and (max-width:900px){.Cat_Events_arc_cont{margin:0 10px;width:90%;}}\r\n\t.Titre_Events_arc a{float:left;height:50px;width:60%;font-weight:100;font-size:17px;line-height:1.2;color:#fff;text-rendering:auto;margin-top:-10px;}\r\n\t@media screen and (max-width:900px){.Titre_Events_arc a{height:30px;margin:10px 0 auto;width:100%;line-break:auto;}}\r\n\t@media screen and (max-width:900px){.Titre_Events_arc_cont{margin:0 5%;width:90%;}}\r\n\t.Image_Events_arc{float:left;width:20%;overflow:hidden;position:relative;max-height:70px;margin-top:-27px;}\r\n\t@media screen and (max-width:900px){.Image_Events_arc{float:left;max-height:150px;width:100%;margin-top:10px;}}\r\n\t.Date_Events_all_arc,.Cat_Events_arc,.Titre_Events_arc a{display:flex;justify-content:center;align-items:center;}\r\n\t.desk{display:flex;}.mob{display:none;}\r\n\t@media screen and (max-width:900px){.desk{display:none;}.mob{display:flex;}}\r\n<\/style>\r\n\r\n<div class=\"Extrait_Events_arc\">\r\n\t<div class=\"Extrait_Events_Container_arc\">\r\n\t\t4878\r\n\t\t<div class=\"Cat_Events_arc\"><div class=\"Cat_Events_arc_cont\">ANIMATION<\/div><\/div>\r\n\t\t<div class=\"Titre_Events_arc\"><div class=\"Titre_Events_arc_cont\"><a href=\"https:\/\/chateau-de-valangin.ch\/de\/kalender\/kloepplerinnen-20260726\/\">Kl\u00f6pplerinnen zeigen ihre Kunst<\/a><\/div><\/div>\t\t\r\n\t\t<div class=\"Image_Events_arc\"><a href=\"https:\/\/chateau-de-valangin.ch\/de\/kalender\/kloepplerinnen-20260726\/\"><span class=\"desk\"><img loading=\"lazy\" decoding=\"async\" width=\"300\" height=\"225\" src=\"https:\/\/chateau-de-valangin.ch\/NEWSITE\/wp-content\/uploads\/2021\/08\/img_9199-300x225.jpg\" class=\"attachment-medium size-medium\" alt=\"dentelles historiques du ch\u00e2teau et mus\u00e9e de valangin\" srcset=\"https:\/\/chateau-de-valangin.ch\/NEWSITE\/wp-content\/uploads\/2021\/08\/img_9199-300x225.jpg 300w, https:\/\/chateau-de-valangin.ch\/NEWSITE\/wp-content\/uploads\/2021\/08\/img_9199-1024x768.jpg 1024w, https:\/\/chateau-de-valangin.ch\/NEWSITE\/wp-content\/uploads\/2021\/08\/img_9199-768x576.jpg 768w, https:\/\/chateau-de-valangin.ch\/NEWSITE\/wp-content\/uploads\/2021\/08\/img_9199-1536x1152.jpg 1536w, https:\/\/chateau-de-valangin.ch\/NEWSITE\/wp-content\/uploads\/2021\/08\/img_9199-2048x1536.jpg 2048w, https:\/\/chateau-de-valangin.ch\/NEWSITE\/wp-content\/uploads\/2021\/08\/img_9199-195x146.jpg 195w, https:\/\/chateau-de-valangin.ch\/NEWSITE\/wp-content\/uploads\/2021\/08\/img_9199-50x38.jpg 50w, https:\/\/chateau-de-valangin.ch\/NEWSITE\/wp-content\/uploads\/2021\/08\/img_9199-100x75.jpg 100w, https:\/\/chateau-de-valangin.ch\/NEWSITE\/wp-content\/uploads\/2021\/08\/img_9199-960x720.jpg 960w, https:\/\/chateau-de-valangin.ch\/NEWSITE\/wp-content\/uploads\/2021\/08\/img_9199-1320x990.jpg 1320w\" sizes=\"auto, (max-width:767px) 300px, 300px\" \/><\/span><span class=\"mob\"><img loading=\"lazy\" decoding=\"async\" width=\"1024\" height=\"768\" src=\"https:\/\/chateau-de-valangin.ch\/NEWSITE\/wp-content\/uploads\/2021\/08\/img_9199-1024x768.jpg\" class=\"attachment-large size-large\" alt=\"dentelles historiques du ch\u00e2teau et mus\u00e9e de valangin\" srcset=\"https:\/\/chateau-de-valangin.ch\/NEWSITE\/wp-content\/uploads\/2021\/08\/img_9199-1024x768.jpg 1024w, https:\/\/chateau-de-valangin.ch\/NEWSITE\/wp-content\/uploads\/2021\/08\/img_9199-300x225.jpg 300w, https:\/\/chateau-de-valangin.ch\/NEWSITE\/wp-content\/uploads\/2021\/08\/img_9199-768x576.jpg 768w, https:\/\/chateau-de-valangin.ch\/NEWSITE\/wp-content\/uploads\/2021\/08\/img_9199-1536x1152.jpg 1536w, https:\/\/chateau-de-valangin.ch\/NEWSITE\/wp-content\/uploads\/2021\/08\/img_9199-2048x1536.jpg 2048w, https:\/\/chateau-de-valangin.ch\/NEWSITE\/wp-content\/uploads\/2021\/08\/img_9199-195x146.jpg 195w, https:\/\/chateau-de-valangin.ch\/NEWSITE\/wp-content\/uploads\/2021\/08\/img_9199-50x38.jpg 50w, https:\/\/chateau-de-valangin.ch\/NEWSITE\/wp-content\/uploads\/2021\/08\/img_9199-100x75.jpg 100w, https:\/\/chateau-de-valangin.ch\/NEWSITE\/wp-content\/uploads\/2021\/08\/img_9199-960x720.jpg 960w, https:\/\/chateau-de-valangin.ch\/NEWSITE\/wp-content\/uploads\/2021\/08\/img_9199-1320x990.jpg 1320w\" sizes=\"auto, (max-width:767px) 480px, (max-width:1024px) 100vw, 1024px\" \/><\/span><\/a><\/div>\r\n\t<\/div>\r\n<\/div><style>\r\n\t.Extrait_Events_arc{float:left;height:70px;width:100%;background-color:#590630;color:#FFF;margin-top:0px;border-radius:0px;}\r\n\t@media screen and (max-width:900px){.Extrait_Events_arc{height:210px;margin-top:30px;}}\r\n\t.Extrait_Events_Container_arc{height:70px;background-color:#590630;margin:0 auto;text-align:center;}\r\n\t@media screen and (max-width:900px){.Extrait_Events_Container_arc{height:180px;width:100%;}}\r\n\t.Extrait_Events_arc a:hover{text-decoration:none;}\r\n\t.Date_Events_all_arc{float:left;width:20%;height:70px;margin-bottom:10px;}\r\n\t@media screen and (max-width:900px){.Date_Events_all_arc{float:left;width:100%;height:70px;margin-bottom:10px;}}\r\n\t.Date_Events_1_arc{float:left;width:45%;text-align:center;margin-top:5px;}\r\n\t.Date_Events_1_2_arc{float:left;width:32%;text-align:center;margin-top:5px;}\r\n\t.Date_Events_sep_arc{float:left;text-align:center;width:10%;margin-top:-15px;}\r\n\t.Date_Events_2_arc{float:left;width:45%;text-align:center;margin-top:5px;}\r\n\t.timecss_d_arc {font-size:20px;font-weight:500;margin:0;}\r\n\t.timecss_f_arc {font-size:10px;text-transform:uppercase;margin-top:-5px;}\r\n\t.timecss_y_arc {font-size:11px;margin-top:-28px;}\r\n\t.Date_Events_sep_arc{padding-top:20px}\r\n\t.Cat_Events_arc{color:#e3c022;text-transform:uppercase;font-weight:300;letter-spacing:5px;font-size:8px;}\r\n\t@media screen and (max-width:900px){.Cat_Events_arc{float:left;height:20px;width:100%;margin:0 10px;}}\r\n\t.Cat_Events_arc{float:left;height:20px;width:60%;line-height:1.5;margin-top:7px;}\r\n\t@media screen and (max-width:900px){.Cat_Events_arc{float:left;text-align:center;height:20px;width:100%;margin:10px 0 auto;}}\r\n\t@media screen and (max-width:900px){.Cat_Events_arc_cont{margin:0 10px;width:90%;}}\r\n\t.Titre_Events_arc a{float:left;height:50px;width:60%;font-weight:100;font-size:17px;line-height:1.2;color:#fff;text-rendering:auto;margin-top:-10px;}\r\n\t@media screen and (max-width:900px){.Titre_Events_arc a{height:30px;margin:10px 0 auto;width:100%;line-break:auto;}}\r\n\t@media screen and (max-width:900px){.Titre_Events_arc_cont{margin:0 5%;width:90%;}}\r\n\t.Image_Events_arc{float:left;width:20%;overflow:hidden;position:relative;max-height:70px;margin-top:-27px;}\r\n\t@media screen and (max-width:900px){.Image_Events_arc{float:left;max-height:150px;width:100%;margin-top:10px;}}\r\n\t.Date_Events_all_arc,.Cat_Events_arc,.Titre_Events_arc a{display:flex;justify-content:center;align-items:center;}\r\n\t.desk{display:flex;}.mob{display:none;}\r\n\t@media screen and (max-width:900px){.desk{display:none;}.mob{display:flex;}}\r\n<\/style>\r\n\r\n<div class=\"Extrait_Events_arc\">\r\n\t<div class=\"Extrait_Events_Container_arc\">\r\n\t\t4874\r\n\t\t<div class=\"Cat_Events_arc\"><div class=\"Cat_Events_arc_cont\">ANIMATION<\/div><\/div>\r\n\t\t<div class=\"Titre_Events_arc\"><div class=\"Titre_Events_arc_cont\"><a href=\"https:\/\/chateau-de-valangin.ch\/de\/kalender\/dentellieres-mai-2026\/\">Kl\u00f6pplerinnen zeigen ihre Kunst (Mai 2026)<\/a><\/div><\/div>\t\t\r\n\t\t<div class=\"Image_Events_arc\"><a href=\"https:\/\/chateau-de-valangin.ch\/de\/kalender\/dentellieres-mai-2026\/\"><span class=\"desk\"><img loading=\"lazy\" decoding=\"async\" width=\"300\" height=\"225\" src=\"https:\/\/chateau-de-valangin.ch\/NEWSITE\/wp-content\/uploads\/2025\/01\/20240728_152602-300x225.jpg\" class=\"attachment-medium size-medium\" alt=\"d\u00e9monstration de dentelles aux fuseaux\" srcset=\"https:\/\/chateau-de-valangin.ch\/NEWSITE\/wp-content\/uploads\/2025\/01\/20240728_152602-300x225.jpg 300w, https:\/\/chateau-de-valangin.ch\/NEWSITE\/wp-content\/uploads\/2025\/01\/20240728_152602-1024x768.jpg 1024w, https:\/\/chateau-de-valangin.ch\/NEWSITE\/wp-content\/uploads\/2025\/01\/20240728_152602-768x576.jpg 768w, https:\/\/chateau-de-valangin.ch\/NEWSITE\/wp-content\/uploads\/2025\/01\/20240728_152602-1536x1152.jpg 1536w, https:\/\/chateau-de-valangin.ch\/NEWSITE\/wp-content\/uploads\/2025\/01\/20240728_152602-2048x1536.jpg 2048w, https:\/\/chateau-de-valangin.ch\/NEWSITE\/wp-content\/uploads\/2025\/01\/20240728_152602-100x75.jpg 100w, https:\/\/chateau-de-valangin.ch\/NEWSITE\/wp-content\/uploads\/2025\/01\/20240728_152602-960x720.jpg 960w, https:\/\/chateau-de-valangin.ch\/NEWSITE\/wp-content\/uploads\/2025\/01\/20240728_152602-480x360.jpg 480w, https:\/\/chateau-de-valangin.ch\/NEWSITE\/wp-content\/uploads\/2025\/01\/20240728_152602-1320x990.jpg 1320w\" sizes=\"auto, (max-width:767px) 300px, 300px\" \/><\/span><span class=\"mob\"><img loading=\"lazy\" decoding=\"async\" width=\"1024\" height=\"768\" src=\"https:\/\/chateau-de-valangin.ch\/NEWSITE\/wp-content\/uploads\/2025\/01\/20240728_152602-1024x768.jpg\" class=\"attachment-large size-large\" alt=\"d\u00e9monstration de dentelles aux fuseaux\" srcset=\"https:\/\/chateau-de-valangin.ch\/NEWSITE\/wp-content\/uploads\/2025\/01\/20240728_152602-1024x768.jpg 1024w, https:\/\/chateau-de-valangin.ch\/NEWSITE\/wp-content\/uploads\/2025\/01\/20240728_152602-300x225.jpg 300w, https:\/\/chateau-de-valangin.ch\/NEWSITE\/wp-content\/uploads\/2025\/01\/20240728_152602-768x576.jpg 768w, https:\/\/chateau-de-valangin.ch\/NEWSITE\/wp-content\/uploads\/2025\/01\/20240728_152602-1536x1152.jpg 1536w, https:\/\/chateau-de-valangin.ch\/NEWSITE\/wp-content\/uploads\/2025\/01\/20240728_152602-2048x1536.jpg 2048w, https:\/\/chateau-de-valangin.ch\/NEWSITE\/wp-content\/uploads\/2025\/01\/20240728_152602-100x75.jpg 100w, https:\/\/chateau-de-valangin.ch\/NEWSITE\/wp-content\/uploads\/2025\/01\/20240728_152602-960x720.jpg 960w, https:\/\/chateau-de-valangin.ch\/NEWSITE\/wp-content\/uploads\/2025\/01\/20240728_152602-480x360.jpg 480w, https:\/\/chateau-de-valangin.ch\/NEWSITE\/wp-content\/uploads\/2025\/01\/20240728_152602-1320x990.jpg 1320w\" sizes=\"auto, (max-width:767px) 480px, (max-width:1024px) 100vw, 1024px\" \/><\/span><\/a><\/div>\r\n\t<\/div>\r\n<\/div><style>\r\n\t.Extrait_Events_arc{float:left;height:70px;width:100%;background-color:#590630;color:#FFF;margin-top:0px;border-radius:0px;}\r\n\t@media screen and (max-width:900px){.Extrait_Events_arc{height:210px;margin-top:30px;}}\r\n\t.Extrait_Events_Container_arc{height:70px;background-color:#590630;margin:0 auto;text-align:center;}\r\n\t@media screen and (max-width:900px){.Extrait_Events_Container_arc{height:180px;width:100%;}}\r\n\t.Extrait_Events_arc a:hover{text-decoration:none;}\r\n\t.Date_Events_all_arc{float:left;width:20%;height:70px;margin-bottom:10px;}\r\n\t@media screen and (max-width:900px){.Date_Events_all_arc{float:left;width:100%;height:70px;margin-bottom:10px;}}\r\n\t.Date_Events_1_arc{float:left;width:45%;text-align:center;margin-top:5px;}\r\n\t.Date_Events_1_2_arc{float:left;width:32%;text-align:center;margin-top:5px;}\r\n\t.Date_Events_sep_arc{float:left;text-align:center;width:10%;margin-top:-15px;}\r\n\t.Date_Events_2_arc{float:left;width:45%;text-align:center;margin-top:5px;}\r\n\t.timecss_d_arc {font-size:20px;font-weight:500;margin:0;}\r\n\t.timecss_f_arc {font-size:10px;text-transform:uppercase;margin-top:-5px;}\r\n\t.timecss_y_arc {font-size:11px;margin-top:-28px;}\r\n\t.Date_Events_sep_arc{padding-top:20px}\r\n\t.Cat_Events_arc{color:#e3c022;text-transform:uppercase;font-weight:300;letter-spacing:5px;font-size:8px;}\r\n\t@media screen and (max-width:900px){.Cat_Events_arc{float:left;height:20px;width:100%;margin:0 10px;}}\r\n\t.Cat_Events_arc{float:left;height:20px;width:60%;line-height:1.5;margin-top:7px;}\r\n\t@media screen and (max-width:900px){.Cat_Events_arc{float:left;text-align:center;height:20px;width:100%;margin:10px 0 auto;}}\r\n\t@media screen and (max-width:900px){.Cat_Events_arc_cont{margin:0 10px;width:90%;}}\r\n\t.Titre_Events_arc a{float:left;height:50px;width:60%;font-weight:100;font-size:17px;line-height:1.2;color:#fff;text-rendering:auto;margin-top:-10px;}\r\n\t@media screen and (max-width:900px){.Titre_Events_arc a{height:30px;margin:10px 0 auto;width:100%;line-break:auto;}}\r\n\t@media screen and (max-width:900px){.Titre_Events_arc_cont{margin:0 5%;width:90%;}}\r\n\t.Image_Events_arc{float:left;width:20%;overflow:hidden;position:relative;max-height:70px;margin-top:-27px;}\r\n\t@media screen and (max-width:900px){.Image_Events_arc{float:left;max-height:150px;width:100%;margin-top:10px;}}\r\n\t.Date_Events_all_arc,.Cat_Events_arc,.Titre_Events_arc a{display:flex;justify-content:center;align-items:center;}\r\n\t.desk{display:flex;}.mob{display:none;}\r\n\t@media screen and (max-width:900px){.desk{display:none;}.mob{display:flex;}}\r\n<\/style>\r\n\r\n<div class=\"Extrait_Events_arc\">\r\n\t<div class=\"Extrait_Events_Container_arc\">\r\n\t\t4933\r\n\t\t<div class=\"Cat_Events_arc\"><div class=\"Cat_Events_arc_cont\">ANIMATION und VERANSTALTUNG<\/div><\/div>\r\n\t\t<div class=\"Titre_Events_arc\"><div class=\"Titre_Events_arc_cont\"><a href=\"https:\/\/chateau-de-valangin.ch\/de\/kalender\/tag-der-museen-2026\/\">Tag der Museen 2026<\/a><\/div><\/div>\t\t\r\n\t\t<div class=\"Image_Events_arc\"><a href=\"https:\/\/chateau-de-valangin.ch\/de\/kalender\/tag-der-museen-2026\/\"><span class=\"desk\"><img loading=\"lazy\" decoding=\"async\" width=\"300\" height=\"101\" src=\"https:\/\/chateau-de-valangin.ch\/NEWSITE\/wp-content\/uploads\/2026\/05\/jour-et-nuit-des-musees-neuchatelois-2026-300x101.png\" class=\"attachment-medium size-medium\" alt=\"la nuit et le jour des mus\u00e9es neuch\u00e2telois 2026\" srcset=\"https:\/\/chateau-de-valangin.ch\/NEWSITE\/wp-content\/uploads\/2026\/05\/jour-et-nuit-des-musees-neuchatelois-2026-300x101.png 300w, https:\/\/chateau-de-valangin.ch\/NEWSITE\/wp-content\/uploads\/2026\/05\/jour-et-nuit-des-musees-neuchatelois-2026-1024x344.png 1024w, https:\/\/chateau-de-valangin.ch\/NEWSITE\/wp-content\/uploads\/2026\/05\/jour-et-nuit-des-musees-neuchatelois-2026-768x258.png 768w, https:\/\/chateau-de-valangin.ch\/NEWSITE\/wp-content\/uploads\/2026\/05\/jour-et-nuit-des-musees-neuchatelois-2026-1536x516.png 1536w, https:\/\/chateau-de-valangin.ch\/NEWSITE\/wp-content\/uploads\/2026\/05\/jour-et-nuit-des-musees-neuchatelois-2026-150x50.png 150w, https:\/\/chateau-de-valangin.ch\/NEWSITE\/wp-content\/uploads\/2026\/05\/jour-et-nuit-des-musees-neuchatelois-2026-480x161.png 480w, https:\/\/chateau-de-valangin.ch\/NEWSITE\/wp-content\/uploads\/2026\/05\/jour-et-nuit-des-musees-neuchatelois-2026-1320x443.png 1320w, https:\/\/chateau-de-valangin.ch\/NEWSITE\/wp-content\/uploads\/2026\/05\/jour-et-nuit-des-musees-neuchatelois-2026.png 1877w\" sizes=\"auto, (max-width:767px) 300px, 300px\" \/><\/span><span class=\"mob\"><img loading=\"lazy\" decoding=\"async\" width=\"1024\" height=\"344\" src=\"https:\/\/chateau-de-valangin.ch\/NEWSITE\/wp-content\/uploads\/2026\/05\/jour-et-nuit-des-musees-neuchatelois-2026-1024x344.png\" class=\"attachment-large size-large\" alt=\"la nuit et le jour des mus\u00e9es neuch\u00e2telois 2026\" srcset=\"https:\/\/chateau-de-valangin.ch\/NEWSITE\/wp-content\/uploads\/2026\/05\/jour-et-nuit-des-musees-neuchatelois-2026-1024x344.png 1024w, https:\/\/chateau-de-valangin.ch\/NEWSITE\/wp-content\/uploads\/2026\/05\/jour-et-nuit-des-musees-neuchatelois-2026-300x101.png 300w, https:\/\/chateau-de-valangin.ch\/NEWSITE\/wp-content\/uploads\/2026\/05\/jour-et-nuit-des-musees-neuchatelois-2026-768x258.png 768w, https:\/\/chateau-de-valangin.ch\/NEWSITE\/wp-content\/uploads\/2026\/05\/jour-et-nuit-des-musees-neuchatelois-2026-1536x516.png 1536w, https:\/\/chateau-de-valangin.ch\/NEWSITE\/wp-content\/uploads\/2026\/05\/jour-et-nuit-des-musees-neuchatelois-2026-150x50.png 150w, https:\/\/chateau-de-valangin.ch\/NEWSITE\/wp-content\/uploads\/2026\/05\/jour-et-nuit-des-musees-neuchatelois-2026-480x161.png 480w, https:\/\/chateau-de-valangin.ch\/NEWSITE\/wp-content\/uploads\/2026\/05\/jour-et-nuit-des-musees-neuchatelois-2026-1320x443.png 1320w, https:\/\/chateau-de-valangin.ch\/NEWSITE\/wp-content\/uploads\/2026\/05\/jour-et-nuit-des-musees-neuchatelois-2026.png 1877w\" sizes=\"auto, (max-width:767px) 480px, (max-width:1024px) 100vw, 1024px\" \/><\/span><\/a><\/div>\r\n\t<\/div>\r\n<\/div><style>\r\n\t.Extrait_Events_arc{float:left;height:70px;width:100%;background-color:#590630;color:#FFF;margin-top:0px;border-radius:0px;}\r\n\t@media screen and (max-width:900px){.Extrait_Events_arc{height:210px;margin-top:30px;}}\r\n\t.Extrait_Events_Container_arc{height:70px;background-color:#590630;margin:0 auto;text-align:center;}\r\n\t@media screen and (max-width:900px){.Extrait_Events_Container_arc{height:180px;width:100%;}}\r\n\t.Extrait_Events_arc a:hover{text-decoration:none;}\r\n\t.Date_Events_all_arc{float:left;width:20%;height:70px;margin-bottom:10px;}\r\n\t@media screen and (max-width:900px){.Date_Events_all_arc{float:left;width:100%;height:70px;margin-bottom:10px;}}\r\n\t.Date_Events_1_arc{float:left;width:45%;text-align:center;margin-top:5px;}\r\n\t.Date_Events_1_2_arc{float:left;width:32%;text-align:center;margin-top:5px;}\r\n\t.Date_Events_sep_arc{float:left;text-align:center;width:10%;margin-top:-15px;}\r\n\t.Date_Events_2_arc{float:left;width:45%;text-align:center;margin-top:5px;}\r\n\t.timecss_d_arc {font-size:20px;font-weight:500;margin:0;}\r\n\t.timecss_f_arc {font-size:10px;text-transform:uppercase;margin-top:-5px;}\r\n\t.timecss_y_arc {font-size:11px;margin-top:-28px;}\r\n\t.Date_Events_sep_arc{padding-top:20px}\r\n\t.Cat_Events_arc{color:#e3c022;text-transform:uppercase;font-weight:300;letter-spacing:5px;font-size:8px;}\r\n\t@media screen and (max-width:900px){.Cat_Events_arc{float:left;height:20px;width:100%;margin:0 10px;}}\r\n\t.Cat_Events_arc{float:left;height:20px;width:60%;line-height:1.5;margin-top:7px;}\r\n\t@media screen and (max-width:900px){.Cat_Events_arc{float:left;text-align:center;height:20px;width:100%;margin:10px 0 auto;}}\r\n\t@media screen and (max-width:900px){.Cat_Events_arc_cont{margin:0 10px;width:90%;}}\r\n\t.Titre_Events_arc a{float:left;height:50px;width:60%;font-weight:100;font-size:17px;line-height:1.2;color:#fff;text-rendering:auto;margin-top:-10px;}\r\n\t@media screen and (max-width:900px){.Titre_Events_arc a{height:30px;margin:10px 0 auto;width:100%;line-break:auto;}}\r\n\t@media screen and (max-width:900px){.Titre_Events_arc_cont{margin:0 5%;width:90%;}}\r\n\t.Image_Events_arc{float:left;width:20%;overflow:hidden;position:relative;max-height:70px;margin-top:-27px;}\r\n\t@media screen and (max-width:900px){.Image_Events_arc{float:left;max-height:150px;width:100%;margin-top:10px;}}\r\n\t.Date_Events_all_arc,.Cat_Events_arc,.Titre_Events_arc a{display:flex;justify-content:center;align-items:center;}\r\n\t.desk{display:flex;}.mob{display:none;}\r\n\t@media screen and (max-width:900px){.desk{display:none;}.mob{display:flex;}}\r\n<\/style>\r\n\r\n<div class=\"Extrait_Events_arc\">\r\n\t<div class=\"Extrait_Events_Container_arc\">\r\n\t\t4779\r\n\t\t<div class=\"Cat_Events_arc\"><div class=\"Cat_Events_arc_cont\">THEATER und VERANSTALTUNG<\/div><\/div>\r\n\t\t<div class=\"Titre_Events_arc\"><div class=\"Titre_Events_arc_cont\"><a href=\"https:\/\/chateau-de-valangin.ch\/de\/kalender\/noces-de-sang-petits-meurtres-entre-collegues-2-3-2-2-2-2\/\">Noces de sang &#8211; Petits meurtres entre coll\u00e8gues<\/a><\/div><\/div>\t\t\r\n\t\t<div class=\"Image_Events_arc\"><a href=\"https:\/\/chateau-de-valangin.ch\/de\/kalender\/noces-de-sang-petits-meurtres-entre-collegues-2-3-2-2-2-2\/\"><span class=\"desk\"><img loading=\"lazy\" decoding=\"async\" width=\"212\" height=\"300\" src=\"https:\/\/chateau-de-valangin.ch\/NEWSITE\/wp-content\/uploads\/2025\/01\/noces-de-sang-petits-meurtres-entre-collegues-212x300.jpg\" class=\"attachment-medium size-medium\" alt=\"Noces de sang -Petits meurtres entre coll\u00e8gues\" srcset=\"https:\/\/chateau-de-valangin.ch\/NEWSITE\/wp-content\/uploads\/2025\/01\/noces-de-sang-petits-meurtres-entre-collegues-212x300.jpg 212w, https:\/\/chateau-de-valangin.ch\/NEWSITE\/wp-content\/uploads\/2025\/01\/noces-de-sang-petits-meurtres-entre-collegues-53x75.jpg 53w, https:\/\/chateau-de-valangin.ch\/NEWSITE\/wp-content\/uploads\/2025\/01\/noces-de-sang-petits-meurtres-entre-collegues-480x679.jpg 480w, https:\/\/chateau-de-valangin.ch\/NEWSITE\/wp-content\/uploads\/2025\/01\/noces-de-sang-petits-meurtres-entre-collegues.jpg 724w\" sizes=\"auto, (max-width:767px) 212px, 212px\" \/><\/span><span class=\"mob\"><img loading=\"lazy\" decoding=\"async\" width=\"724\" height=\"1024\" src=\"https:\/\/chateau-de-valangin.ch\/NEWSITE\/wp-content\/uploads\/2025\/01\/noces-de-sang-petits-meurtres-entre-collegues.jpg\" class=\"attachment-large size-large\" alt=\"Noces de sang -Petits meurtres entre coll\u00e8gues\" srcset=\"https:\/\/chateau-de-valangin.ch\/NEWSITE\/wp-content\/uploads\/2025\/01\/noces-de-sang-petits-meurtres-entre-collegues.jpg 724w, https:\/\/chateau-de-valangin.ch\/NEWSITE\/wp-content\/uploads\/2025\/01\/noces-de-sang-petits-meurtres-entre-collegues-212x300.jpg 212w, https:\/\/chateau-de-valangin.ch\/NEWSITE\/wp-content\/uploads\/2025\/01\/noces-de-sang-petits-meurtres-entre-collegues-53x75.jpg 53w, https:\/\/chateau-de-valangin.ch\/NEWSITE\/wp-content\/uploads\/2025\/01\/noces-de-sang-petits-meurtres-entre-collegues-480x679.jpg 480w\" sizes=\"auto, (max-width:767px) 480px, 724px\" \/><\/span><\/a><\/div>\r\n\t<\/div>\r\n<\/div><style>\r\n\t.Extrait_Events_arc{float:left;height:70px;width:100%;background-color:#590630;color:#FFF;margin-top:0px;border-radius:0px;}\r\n\t@media screen and (max-width:900px){.Extrait_Events_arc{height:210px;margin-top:30px;}}\r\n\t.Extrait_Events_Container_arc{height:70px;background-color:#590630;margin:0 auto;text-align:center;}\r\n\t@media screen and (max-width:900px){.Extrait_Events_Container_arc{height:180px;width:100%;}}\r\n\t.Extrait_Events_arc a:hover{text-decoration:none;}\r\n\t.Date_Events_all_arc{float:left;width:20%;height:70px;margin-bottom:10px;}\r\n\t@media screen and (max-width:900px){.Date_Events_all_arc{float:left;width:100%;height:70px;margin-bottom:10px;}}\r\n\t.Date_Events_1_arc{float:left;width:45%;text-align:center;margin-top:5px;}\r\n\t.Date_Events_1_2_arc{float:left;width:32%;text-align:center;margin-top:5px;}\r\n\t.Date_Events_sep_arc{float:left;text-align:center;width:10%;margin-top:-15px;}\r\n\t.Date_Events_2_arc{float:left;width:45%;text-align:center;margin-top:5px;}\r\n\t.timecss_d_arc {font-size:20px;font-weight:500;margin:0;}\r\n\t.timecss_f_arc {font-size:10px;text-transform:uppercase;margin-top:-5px;}\r\n\t.timecss_y_arc {font-size:11px;margin-top:-28px;}\r\n\t.Date_Events_sep_arc{padding-top:20px}\r\n\t.Cat_Events_arc{color:#e3c022;text-transform:uppercase;font-weight:300;letter-spacing:5px;font-size:8px;}\r\n\t@media screen and (max-width:900px){.Cat_Events_arc{float:left;height:20px;width:100%;margin:0 10px;}}\r\n\t.Cat_Events_arc{float:left;height:20px;width:60%;line-height:1.5;margin-top:7px;}\r\n\t@media screen and (max-width:900px){.Cat_Events_arc{float:left;text-align:center;height:20px;width:100%;margin:10px 0 auto;}}\r\n\t@media screen and (max-width:900px){.Cat_Events_arc_cont{margin:0 10px;width:90%;}}\r\n\t.Titre_Events_arc a{float:left;height:50px;width:60%;font-weight:100;font-size:17px;line-height:1.2;color:#fff;text-rendering:auto;margin-top:-10px;}\r\n\t@media screen and (max-width:900px){.Titre_Events_arc a{height:30px;margin:10px 0 auto;width:100%;line-break:auto;}}\r\n\t@media screen and (max-width:900px){.Titre_Events_arc_cont{margin:0 5%;width:90%;}}\r\n\t.Image_Events_arc{float:left;width:20%;overflow:hidden;position:relative;max-height:70px;margin-top:-27px;}\r\n\t@media screen and (max-width:900px){.Image_Events_arc{float:left;max-height:150px;width:100%;margin-top:10px;}}\r\n\t.Date_Events_all_arc,.Cat_Events_arc,.Titre_Events_arc a{display:flex;justify-content:center;align-items:center;}\r\n\t.desk{display:flex;}.mob{display:none;}\r\n\t@media screen and (max-width:900px){.desk{display:none;}.mob{display:flex;}}\r\n<\/style>\r\n\r\n<div class=\"Extrait_Events_arc\">\r\n\t<div class=\"Extrait_Events_Container_arc\">\r\n\t\t4774\r\n\t\t<div class=\"Cat_Events_arc\"><div class=\"Cat_Events_arc_cont\">THEATER und VERANSTALTUNG<\/div><\/div>\r\n\t\t<div class=\"Titre_Events_arc\"><div class=\"Titre_Events_arc_cont\"><a href=\"https:\/\/chateau-de-valangin.ch\/de\/kalender\/noces-de-sang-petits-meurtres-entre-collegues-2-3-2-2-2-2-2\/\">Noces de sang &#8211; Petits meurtres entre coll\u00e8gues<\/a><\/div><\/div>\t\t\r\n\t\t<div class=\"Image_Events_arc\"><a href=\"https:\/\/chateau-de-valangin.ch\/de\/kalender\/noces-de-sang-petits-meurtres-entre-collegues-2-3-2-2-2-2-2\/\"><span class=\"desk\"><img loading=\"lazy\" decoding=\"async\" width=\"212\" height=\"300\" src=\"https:\/\/chateau-de-valangin.ch\/NEWSITE\/wp-content\/uploads\/2025\/05\/poster-mm-noces-de-sang-novembre-212x300.jpg\" class=\"attachment-medium size-medium\" alt=\"\" srcset=\"https:\/\/chateau-de-valangin.ch\/NEWSITE\/wp-content\/uploads\/2025\/05\/poster-mm-noces-de-sang-novembre-212x300.jpg 212w, https:\/\/chateau-de-valangin.ch\/NEWSITE\/wp-content\/uploads\/2025\/05\/poster-mm-noces-de-sang-novembre-724x1024.jpg 724w, https:\/\/chateau-de-valangin.ch\/NEWSITE\/wp-content\/uploads\/2025\/05\/poster-mm-noces-de-sang-novembre-768x1086.jpg 768w, https:\/\/chateau-de-valangin.ch\/NEWSITE\/wp-content\/uploads\/2025\/05\/poster-mm-noces-de-sang-novembre-1086x1536.jpg 1086w, https:\/\/chateau-de-valangin.ch\/NEWSITE\/wp-content\/uploads\/2025\/05\/poster-mm-noces-de-sang-novembre-53x75.jpg 53w, https:\/\/chateau-de-valangin.ch\/NEWSITE\/wp-content\/uploads\/2025\/05\/poster-mm-noces-de-sang-novembre-480x679.jpg 480w, https:\/\/chateau-de-valangin.ch\/NEWSITE\/wp-content\/uploads\/2025\/05\/poster-mm-noces-de-sang-novembre-1320x1867.jpg 1320w, https:\/\/chateau-de-valangin.ch\/NEWSITE\/wp-content\/uploads\/2025\/05\/poster-mm-noces-de-sang-novembre.jpg 1414w\" sizes=\"auto, (max-width:767px) 212px, 212px\" \/><\/span><span class=\"mob\"><img loading=\"lazy\" decoding=\"async\" width=\"724\" height=\"1024\" src=\"https:\/\/chateau-de-valangin.ch\/NEWSITE\/wp-content\/uploads\/2025\/05\/poster-mm-noces-de-sang-novembre-724x1024.jpg\" class=\"attachment-large size-large\" alt=\"\" srcset=\"https:\/\/chateau-de-valangin.ch\/NEWSITE\/wp-content\/uploads\/2025\/05\/poster-mm-noces-de-sang-novembre-724x1024.jpg 724w, https:\/\/chateau-de-valangin.ch\/NEWSITE\/wp-content\/uploads\/2025\/05\/poster-mm-noces-de-sang-novembre-212x300.jpg 212w, https:\/\/chateau-de-valangin.ch\/NEWSITE\/wp-content\/uploads\/2025\/05\/poster-mm-noces-de-sang-novembre-768x1086.jpg 768w, https:\/\/chateau-de-valangin.ch\/NEWSITE\/wp-content\/uploads\/2025\/05\/poster-mm-noces-de-sang-novembre-1086x1536.jpg 1086w, https:\/\/chateau-de-valangin.ch\/NEWSITE\/wp-content\/uploads\/2025\/05\/poster-mm-noces-de-sang-novembre-53x75.jpg 53w, https:\/\/chateau-de-valangin.ch\/NEWSITE\/wp-content\/uploads\/2025\/05\/poster-mm-noces-de-sang-novembre-480x679.jpg 480w, https:\/\/chateau-de-valangin.ch\/NEWSITE\/wp-content\/uploads\/2025\/05\/poster-mm-noces-de-sang-novembre-1320x1867.jpg 1320w, https:\/\/chateau-de-valangin.ch\/NEWSITE\/wp-content\/uploads\/2025\/05\/poster-mm-noces-de-sang-novembre.jpg 1414w\" sizes=\"auto, (max-width:767px) 480px, 724px\" \/><\/span><\/a><\/div>\r\n\t<\/div>\r\n<\/div><style>\r\n\t.Extrait_Events_arc{float:left;height:70px;width:100%;background-color:#590630;color:#FFF;margin-top:0px;border-radius:0px;}\r\n\t@media screen and (max-width:900px){.Extrait_Events_arc{height:210px;margin-top:30px;}}\r\n\t.Extrait_Events_Container_arc{height:70px;background-color:#590630;margin:0 auto;text-align:center;}\r\n\t@media screen and (max-width:900px){.Extrait_Events_Container_arc{height:180px;width:100%;}}\r\n\t.Extrait_Events_arc a:hover{text-decoration:none;}\r\n\t.Date_Events_all_arc{float:left;width:20%;height:70px;margin-bottom:10px;}\r\n\t@media screen and (max-width:900px){.Date_Events_all_arc{float:left;width:100%;height:70px;margin-bottom:10px;}}\r\n\t.Date_Events_1_arc{float:left;width:45%;text-align:center;margin-top:5px;}\r\n\t.Date_Events_1_2_arc{float:left;width:32%;text-align:center;margin-top:5px;}\r\n\t.Date_Events_sep_arc{float:left;text-align:center;width:10%;margin-top:-15px;}\r\n\t.Date_Events_2_arc{float:left;width:45%;text-align:center;margin-top:5px;}\r\n\t.timecss_d_arc {font-size:20px;font-weight:500;margin:0;}\r\n\t.timecss_f_arc {font-size:10px;text-transform:uppercase;margin-top:-5px;}\r\n\t.timecss_y_arc {font-size:11px;margin-top:-28px;}\r\n\t.Date_Events_sep_arc{padding-top:20px}\r\n\t.Cat_Events_arc{color:#e3c022;text-transform:uppercase;font-weight:300;letter-spacing:5px;font-size:8px;}\r\n\t@media screen and (max-width:900px){.Cat_Events_arc{float:left;height:20px;width:100%;margin:0 10px;}}\r\n\t.Cat_Events_arc{float:left;height:20px;width:60%;line-height:1.5;margin-top:7px;}\r\n\t@media screen and (max-width:900px){.Cat_Events_arc{float:left;text-align:center;height:20px;width:100%;margin:10px 0 auto;}}\r\n\t@media screen and (max-width:900px){.Cat_Events_arc_cont{margin:0 10px;width:90%;}}\r\n\t.Titre_Events_arc a{float:left;height:50px;width:60%;font-weight:100;font-size:17px;line-height:1.2;color:#fff;text-rendering:auto;margin-top:-10px;}\r\n\t@media screen and (max-width:900px){.Titre_Events_arc a{height:30px;margin:10px 0 auto;width:100%;line-break:auto;}}\r\n\t@media screen and (max-width:900px){.Titre_Events_arc_cont{margin:0 5%;width:90%;}}\r\n\t.Image_Events_arc{float:left;width:20%;overflow:hidden;position:relative;max-height:70px;margin-top:-27px;}\r\n\t@media screen and (max-width:900px){.Image_Events_arc{float:left;max-height:150px;width:100%;margin-top:10px;}}\r\n\t.Date_Events_all_arc,.Cat_Events_arc,.Titre_Events_arc a{display:flex;justify-content:center;align-items:center;}\r\n\t.desk{display:flex;}.mob{display:none;}\r\n\t@media screen and (max-width:900px){.desk{display:none;}.mob{display:flex;}}\r\n<\/style>\r\n\r\n<div class=\"Extrait_Events_arc\">\r\n\t<div class=\"Extrait_Events_Container_arc\">\r\n\t\t4777\r\n\t\t<div class=\"Cat_Events_arc\"><div class=\"Cat_Events_arc_cont\">THEATER und VERANSTALTUNG<\/div><\/div>\r\n\t\t<div class=\"Titre_Events_arc\"><div class=\"Titre_Events_arc_cont\"><a href=\"https:\/\/chateau-de-valangin.ch\/de\/kalender\/noces-de-sang-petits-meurtres-entre-collegues-2-3-2-2-2-2-3\/\">Noces de sang &#8211; Petits meurtres entre coll\u00e8gues<\/a><\/div><\/div>\t\t\r\n\t\t<div class=\"Image_Events_arc\"><a href=\"https:\/\/chateau-de-valangin.ch\/de\/kalender\/noces-de-sang-petits-meurtres-entre-collegues-2-3-2-2-2-2-3\/\"><span class=\"desk\"><img loading=\"lazy\" decoding=\"async\" width=\"212\" height=\"300\" src=\"https:\/\/chateau-de-valangin.ch\/NEWSITE\/wp-content\/uploads\/2025\/05\/poster-mm-noces-de-sang-novembre-212x300.jpg\" class=\"attachment-medium size-medium\" alt=\"\" srcset=\"https:\/\/chateau-de-valangin.ch\/NEWSITE\/wp-content\/uploads\/2025\/05\/poster-mm-noces-de-sang-novembre-212x300.jpg 212w, https:\/\/chateau-de-valangin.ch\/NEWSITE\/wp-content\/uploads\/2025\/05\/poster-mm-noces-de-sang-novembre-724x1024.jpg 724w, https:\/\/chateau-de-valangin.ch\/NEWSITE\/wp-content\/uploads\/2025\/05\/poster-mm-noces-de-sang-novembre-768x1086.jpg 768w, https:\/\/chateau-de-valangin.ch\/NEWSITE\/wp-content\/uploads\/2025\/05\/poster-mm-noces-de-sang-novembre-1086x1536.jpg 1086w, https:\/\/chateau-de-valangin.ch\/NEWSITE\/wp-content\/uploads\/2025\/05\/poster-mm-noces-de-sang-novembre-53x75.jpg 53w, https:\/\/chateau-de-valangin.ch\/NEWSITE\/wp-content\/uploads\/2025\/05\/poster-mm-noces-de-sang-novembre-480x679.jpg 480w, https:\/\/chateau-de-valangin.ch\/NEWSITE\/wp-content\/uploads\/2025\/05\/poster-mm-noces-de-sang-novembre-1320x1867.jpg 1320w, https:\/\/chateau-de-valangin.ch\/NEWSITE\/wp-content\/uploads\/2025\/05\/poster-mm-noces-de-sang-novembre.jpg 1414w\" sizes=\"auto, (max-width:767px) 212px, 212px\" \/><\/span><span class=\"mob\"><img loading=\"lazy\" decoding=\"async\" width=\"724\" height=\"1024\" src=\"https:\/\/chateau-de-valangin.ch\/NEWSITE\/wp-content\/uploads\/2025\/05\/poster-mm-noces-de-sang-novembre-724x1024.jpg\" class=\"attachment-large size-large\" alt=\"\" srcset=\"https:\/\/chateau-de-valangin.ch\/NEWSITE\/wp-content\/uploads\/2025\/05\/poster-mm-noces-de-sang-novembre-724x1024.jpg 724w, https:\/\/chateau-de-valangin.ch\/NEWSITE\/wp-content\/uploads\/2025\/05\/poster-mm-noces-de-sang-novembre-212x300.jpg 212w, https:\/\/chateau-de-valangin.ch\/NEWSITE\/wp-content\/uploads\/2025\/05\/poster-mm-noces-de-sang-novembre-768x1086.jpg 768w, https:\/\/chateau-de-valangin.ch\/NEWSITE\/wp-content\/uploads\/2025\/05\/poster-mm-noces-de-sang-novembre-1086x1536.jpg 1086w, https:\/\/chateau-de-valangin.ch\/NEWSITE\/wp-content\/uploads\/2025\/05\/poster-mm-noces-de-sang-novembre-53x75.jpg 53w, https:\/\/chateau-de-valangin.ch\/NEWSITE\/wp-content\/uploads\/2025\/05\/poster-mm-noces-de-sang-novembre-480x679.jpg 480w, https:\/\/chateau-de-valangin.ch\/NEWSITE\/wp-content\/uploads\/2025\/05\/poster-mm-noces-de-sang-novembre-1320x1867.jpg 1320w, https:\/\/chateau-de-valangin.ch\/NEWSITE\/wp-content\/uploads\/2025\/05\/poster-mm-noces-de-sang-novembre.jpg 1414w\" sizes=\"auto, (max-width:767px) 480px, 724px\" \/><\/span><\/a><\/div>\r\n\t<\/div>\r\n<\/div><style>\r\n\t.Extrait_Events_arc{float:left;height:70px;width:100%;background-color:#590630;color:#FFF;margin-top:0px;border-radius:0px;}\r\n\t@media screen and (max-width:900px){.Extrait_Events_arc{height:210px;margin-top:30px;}}\r\n\t.Extrait_Events_Container_arc{height:70px;background-color:#590630;margin:0 auto;text-align:center;}\r\n\t@media screen and (max-width:900px){.Extrait_Events_Container_arc{height:180px;width:100%;}}\r\n\t.Extrait_Events_arc a:hover{text-decoration:none;}\r\n\t.Date_Events_all_arc{float:left;width:20%;height:70px;margin-bottom:10px;}\r\n\t@media screen and (max-width:900px){.Date_Events_all_arc{float:left;width:100%;height:70px;margin-bottom:10px;}}\r\n\t.Date_Events_1_arc{float:left;width:45%;text-align:center;margin-top:5px;}\r\n\t.Date_Events_1_2_arc{float:left;width:32%;text-align:center;margin-top:5px;}\r\n\t.Date_Events_sep_arc{float:left;text-align:center;width:10%;margin-top:-15px;}\r\n\t.Date_Events_2_arc{float:left;width:45%;text-align:center;margin-top:5px;}\r\n\t.timecss_d_arc {font-size:20px;font-weight:500;margin:0;}\r\n\t.timecss_f_arc {font-size:10px;text-transform:uppercase;margin-top:-5px;}\r\n\t.timecss_y_arc {font-size:11px;margin-top:-28px;}\r\n\t.Date_Events_sep_arc{padding-top:20px}\r\n\t.Cat_Events_arc{color:#e3c022;text-transform:uppercase;font-weight:300;letter-spacing:5px;font-size:8px;}\r\n\t@media screen and (max-width:900px){.Cat_Events_arc{float:left;height:20px;width:100%;margin:0 10px;}}\r\n\t.Cat_Events_arc{float:left;height:20px;width:60%;line-height:1.5;margin-top:7px;}\r\n\t@media screen and (max-width:900px){.Cat_Events_arc{float:left;text-align:center;height:20px;width:100%;margin:10px 0 auto;}}\r\n\t@media screen and (max-width:900px){.Cat_Events_arc_cont{margin:0 10px;width:90%;}}\r\n\t.Titre_Events_arc a{float:left;height:50px;width:60%;font-weight:100;font-size:17px;line-height:1.2;color:#fff;text-rendering:auto;margin-top:-10px;}\r\n\t@media screen and (max-width:900px){.Titre_Events_arc a{height:30px;margin:10px 0 auto;width:100%;line-break:auto;}}\r\n\t@media screen and (max-width:900px){.Titre_Events_arc_cont{margin:0 5%;width:90%;}}\r\n\t.Image_Events_arc{float:left;width:20%;overflow:hidden;position:relative;max-height:70px;margin-top:-27px;}\r\n\t@media screen and (max-width:900px){.Image_Events_arc{float:left;max-height:150px;width:100%;margin-top:10px;}}\r\n\t.Date_Events_all_arc,.Cat_Events_arc,.Titre_Events_arc a{display:flex;justify-content:center;align-items:center;}\r\n\t.desk{display:flex;}.mob{display:none;}\r\n\t@media screen and (max-width:900px){.desk{display:none;}.mob{display:flex;}}\r\n<\/style>\r\n\r\n<div class=\"Extrait_Events_arc\">\r\n\t<div class=\"Extrait_Events_Container_arc\">\r\n\t\t4772\r\n\t\t<div class=\"Cat_Events_arc\"><div class=\"Cat_Events_arc_cont\">THEATER und VERANSTALTUNG<\/div><\/div>\r\n\t\t<div class=\"Titre_Events_arc\"><div class=\"Titre_Events_arc_cont\"><a href=\"https:\/\/chateau-de-valangin.ch\/de\/kalender\/noces-de-sang-petits-meurtres-entre-collegues-2-3-2-2-2\/\">Noces de sang &#8211; Petits meurtres entre coll\u00e8gues<\/a><\/div><\/div>\t\t\r\n\t\t<div class=\"Image_Events_arc\"><a href=\"https:\/\/chateau-de-valangin.ch\/de\/kalender\/noces-de-sang-petits-meurtres-entre-collegues-2-3-2-2-2\/\"><span class=\"desk\"><img loading=\"lazy\" decoding=\"async\" width=\"300\" height=\"169\" src=\"https:\/\/chateau-de-valangin.ch\/NEWSITE\/wp-content\/uploads\/2025\/01\/noces-de-sang-complet-300x169.jpg\" class=\"attachment-medium size-medium\" alt=\"en tete noces de sang complet\" srcset=\"https:\/\/chateau-de-valangin.ch\/NEWSITE\/wp-content\/uploads\/2025\/01\/noces-de-sang-complet-300x169.jpg 300w, https:\/\/chateau-de-valangin.ch\/NEWSITE\/wp-content\/uploads\/2025\/01\/noces-de-sang-complet-1024x576.jpg 1024w, https:\/\/chateau-de-valangin.ch\/NEWSITE\/wp-content\/uploads\/2025\/01\/noces-de-sang-complet-768x432.jpg 768w, https:\/\/chateau-de-valangin.ch\/NEWSITE\/wp-content\/uploads\/2025\/01\/noces-de-sang-complet-1536x864.jpg 1536w, https:\/\/chateau-de-valangin.ch\/NEWSITE\/wp-content\/uploads\/2025\/01\/noces-de-sang-complet-2048x1152.jpg 2048w, https:\/\/chateau-de-valangin.ch\/NEWSITE\/wp-content\/uploads\/2025\/01\/noces-de-sang-complet-133x75.jpg 133w, https:\/\/chateau-de-valangin.ch\/NEWSITE\/wp-content\/uploads\/2025\/01\/noces-de-sang-complet-1200x675.jpg 1200w, https:\/\/chateau-de-valangin.ch\/NEWSITE\/wp-content\/uploads\/2025\/01\/noces-de-sang-complet-480x270.jpg 480w, https:\/\/chateau-de-valangin.ch\/NEWSITE\/wp-content\/uploads\/2025\/01\/noces-de-sang-complet-1320x743.jpg 1320w\" sizes=\"auto, (max-width:767px) 300px, 300px\" \/><\/span><span class=\"mob\"><img loading=\"lazy\" decoding=\"async\" width=\"1024\" height=\"576\" src=\"https:\/\/chateau-de-valangin.ch\/NEWSITE\/wp-content\/uploads\/2025\/01\/noces-de-sang-complet-1024x576.jpg\" class=\"attachment-large size-large\" alt=\"en tete noces de sang complet\" srcset=\"https:\/\/chateau-de-valangin.ch\/NEWSITE\/wp-content\/uploads\/2025\/01\/noces-de-sang-complet-1024x576.jpg 1024w, https:\/\/chateau-de-valangin.ch\/NEWSITE\/wp-content\/uploads\/2025\/01\/noces-de-sang-complet-300x169.jpg 300w, https:\/\/chateau-de-valangin.ch\/NEWSITE\/wp-content\/uploads\/2025\/01\/noces-de-sang-complet-768x432.jpg 768w, https:\/\/chateau-de-valangin.ch\/NEWSITE\/wp-content\/uploads\/2025\/01\/noces-de-sang-complet-1536x864.jpg 1536w, https:\/\/chateau-de-valangin.ch\/NEWSITE\/wp-content\/uploads\/2025\/01\/noces-de-sang-complet-2048x1152.jpg 2048w, https:\/\/chateau-de-valangin.ch\/NEWSITE\/wp-content\/uploads\/2025\/01\/noces-de-sang-complet-133x75.jpg 133w, https:\/\/chateau-de-valangin.ch\/NEWSITE\/wp-content\/uploads\/2025\/01\/noces-de-sang-complet-1200x675.jpg 1200w, https:\/\/chateau-de-valangin.ch\/NEWSITE\/wp-content\/uploads\/2025\/01\/noces-de-sang-complet-480x270.jpg 480w, https:\/\/chateau-de-valangin.ch\/NEWSITE\/wp-content\/uploads\/2025\/01\/noces-de-sang-complet-1320x743.jpg 1320w\" sizes=\"auto, (max-width:767px) 480px, (max-width:1024px) 100vw, 1024px\" \/><\/span><\/a><\/div>\r\n\t<\/div>\r\n<\/div><style>\r\n\t.Extrait_Events_arc{float:left;height:70px;width:100%;background-color:#590630;color:#FFF;margin-top:0px;border-radius:0px;}\r\n\t@media screen and (max-width:900px){.Extrait_Events_arc{height:210px;margin-top:30px;}}\r\n\t.Extrait_Events_Container_arc{height:70px;background-color:#590630;margin:0 auto;text-align:center;}\r\n\t@media screen and (max-width:900px){.Extrait_Events_Container_arc{height:180px;width:100%;}}\r\n\t.Extrait_Events_arc a:hover{text-decoration:none;}\r\n\t.Date_Events_all_arc{float:left;width:20%;height:70px;margin-bottom:10px;}\r\n\t@media screen and (max-width:900px){.Date_Events_all_arc{float:left;width:100%;height:70px;margin-bottom:10px;}}\r\n\t.Date_Events_1_arc{float:left;width:45%;text-align:center;margin-top:5px;}\r\n\t.Date_Events_1_2_arc{float:left;width:32%;text-align:center;margin-top:5px;}\r\n\t.Date_Events_sep_arc{float:left;text-align:center;width:10%;margin-top:-15px;}\r\n\t.Date_Events_2_arc{float:left;width:45%;text-align:center;margin-top:5px;}\r\n\t.timecss_d_arc {font-size:20px;font-weight:500;margin:0;}\r\n\t.timecss_f_arc {font-size:10px;text-transform:uppercase;margin-top:-5px;}\r\n\t.timecss_y_arc {font-size:11px;margin-top:-28px;}\r\n\t.Date_Events_sep_arc{padding-top:20px}\r\n\t.Cat_Events_arc{color:#e3c022;text-transform:uppercase;font-weight:300;letter-spacing:5px;font-size:8px;}\r\n\t@media screen and (max-width:900px){.Cat_Events_arc{float:left;height:20px;width:100%;margin:0 10px;}}\r\n\t.Cat_Events_arc{float:left;height:20px;width:60%;line-height:1.5;margin-top:7px;}\r\n\t@media screen and (max-width:900px){.Cat_Events_arc{float:left;text-align:center;height:20px;width:100%;margin:10px 0 auto;}}\r\n\t@media screen and (max-width:900px){.Cat_Events_arc_cont{margin:0 10px;width:90%;}}\r\n\t.Titre_Events_arc a{float:left;height:50px;width:60%;font-weight:100;font-size:17px;line-height:1.2;color:#fff;text-rendering:auto;margin-top:-10px;}\r\n\t@media screen and (max-width:900px){.Titre_Events_arc a{height:30px;margin:10px 0 auto;width:100%;line-break:auto;}}\r\n\t@media screen and (max-width:900px){.Titre_Events_arc_cont{margin:0 5%;width:90%;}}\r\n\t.Image_Events_arc{float:left;width:20%;overflow:hidden;position:relative;max-height:70px;margin-top:-27px;}\r\n\t@media screen and (max-width:900px){.Image_Events_arc{float:left;max-height:150px;width:100%;margin-top:10px;}}\r\n\t.Date_Events_all_arc,.Cat_Events_arc,.Titre_Events_arc a{display:flex;justify-content:center;align-items:center;}\r\n\t.desk{display:flex;}.mob{display:none;}\r\n\t@media screen and (max-width:900px){.desk{display:none;}.mob{display:flex;}}\r\n<\/style>\r\n\r\n<div class=\"Extrait_Events_arc\">\r\n\t<div class=\"Extrait_Events_Container_arc\">\r\n\t\t4812\r\n\t\t<div class=\"Cat_Events_arc\"><div class=\"Cat_Events_arc_cont\">ANIMATION<\/div><\/div>\r\n\t\t<div class=\"Titre_Events_arc\"><div class=\"Titre_Events_arc_cont\"><a href=\"https:\/\/chateau-de-valangin.ch\/de\/kalender\/fantomes-au-chateau-2\/\">Des fant\u00f4mes au ch\u00e2teau<\/a><\/div><\/div>\t\t\r\n\t\t<div class=\"Image_Events_arc\"><a href=\"https:\/\/chateau-de-valangin.ch\/de\/kalender\/fantomes-au-chateau-2\/\"><span class=\"desk\"><img loading=\"lazy\" decoding=\"async\" width=\"300\" height=\"197\" src=\"https:\/\/chateau-de-valangin.ch\/NEWSITE\/wp-content\/uploads\/2024\/07\/halloween-970134_1280-300x197.jpg\" class=\"attachment-medium size-medium\" alt=\"des fant\u00f4mes au ch\u00e2teau\" srcset=\"https:\/\/chateau-de-valangin.ch\/NEWSITE\/wp-content\/uploads\/2024\/07\/halloween-970134_1280-300x197.jpg 300w, https:\/\/chateau-de-valangin.ch\/NEWSITE\/wp-content\/uploads\/2024\/07\/halloween-970134_1280-1024x673.jpg 1024w, https:\/\/chateau-de-valangin.ch\/NEWSITE\/wp-content\/uploads\/2024\/07\/halloween-970134_1280-768x505.jpg 768w, https:\/\/chateau-de-valangin.ch\/NEWSITE\/wp-content\/uploads\/2024\/07\/halloween-970134_1280-114x75.jpg 114w, https:\/\/chateau-de-valangin.ch\/NEWSITE\/wp-content\/uploads\/2024\/07\/halloween-970134_1280-480x315.jpg 480w, https:\/\/chateau-de-valangin.ch\/NEWSITE\/wp-content\/uploads\/2024\/07\/halloween-970134_1280.jpg 1280w\" sizes=\"auto, (max-width:767px) 300px, 300px\" \/><\/span><span class=\"mob\"><img loading=\"lazy\" decoding=\"async\" width=\"1024\" height=\"673\" src=\"https:\/\/chateau-de-valangin.ch\/NEWSITE\/wp-content\/uploads\/2024\/07\/halloween-970134_1280-1024x673.jpg\" class=\"attachment-large size-large\" alt=\"des fant\u00f4mes au ch\u00e2teau\" srcset=\"https:\/\/chateau-de-valangin.ch\/NEWSITE\/wp-content\/uploads\/2024\/07\/halloween-970134_1280-1024x673.jpg 1024w, https:\/\/chateau-de-valangin.ch\/NEWSITE\/wp-content\/uploads\/2024\/07\/halloween-970134_1280-300x197.jpg 300w, https:\/\/chateau-de-valangin.ch\/NEWSITE\/wp-content\/uploads\/2024\/07\/halloween-970134_1280-768x505.jpg 768w, https:\/\/chateau-de-valangin.ch\/NEWSITE\/wp-content\/uploads\/2024\/07\/halloween-970134_1280-114x75.jpg 114w, https:\/\/chateau-de-valangin.ch\/NEWSITE\/wp-content\/uploads\/2024\/07\/halloween-970134_1280-480x315.jpg 480w, https:\/\/chateau-de-valangin.ch\/NEWSITE\/wp-content\/uploads\/2024\/07\/halloween-970134_1280.jpg 1280w\" sizes=\"auto, (max-width:767px) 480px, (max-width:1024px) 100vw, 1024px\" \/><\/span><\/a><\/div>\r\n\t<\/div>\r\n<\/div><style>\r\n\t.Extrait_Events_arc{float:left;height:70px;width:100%;background-color:#590630;color:#FFF;margin-top:0px;border-radius:0px;}\r\n\t@media screen and (max-width:900px){.Extrait_Events_arc{height:210px;margin-top:30px;}}\r\n\t.Extrait_Events_Container_arc{height:70px;background-color:#590630;margin:0 auto;text-align:center;}\r\n\t@media screen and (max-width:900px){.Extrait_Events_Container_arc{height:180px;width:100%;}}\r\n\t.Extrait_Events_arc a:hover{text-decoration:none;}\r\n\t.Date_Events_all_arc{float:left;width:20%;height:70px;margin-bottom:10px;}\r\n\t@media screen and (max-width:900px){.Date_Events_all_arc{float:left;width:100%;height:70px;margin-bottom:10px;}}\r\n\t.Date_Events_1_arc{float:left;width:45%;text-align:center;margin-top:5px;}\r\n\t.Date_Events_1_2_arc{float:left;width:32%;text-align:center;margin-top:5px;}\r\n\t.Date_Events_sep_arc{float:left;text-align:center;width:10%;margin-top:-15px;}\r\n\t.Date_Events_2_arc{float:left;width:45%;text-align:center;margin-top:5px;}\r\n\t.timecss_d_arc {font-size:20px;font-weight:500;margin:0;}\r\n\t.timecss_f_arc {font-size:10px;text-transform:uppercase;margin-top:-5px;}\r\n\t.timecss_y_arc {font-size:11px;margin-top:-28px;}\r\n\t.Date_Events_sep_arc{padding-top:20px}\r\n\t.Cat_Events_arc{color:#e3c022;text-transform:uppercase;font-weight:300;letter-spacing:5px;font-size:8px;}\r\n\t@media screen and (max-width:900px){.Cat_Events_arc{float:left;height:20px;width:100%;margin:0 10px;}}\r\n\t.Cat_Events_arc{float:left;height:20px;width:60%;line-height:1.5;margin-top:7px;}\r\n\t@media screen and (max-width:900px){.Cat_Events_arc{float:left;text-align:center;height:20px;width:100%;margin:10px 0 auto;}}\r\n\t@media screen and (max-width:900px){.Cat_Events_arc_cont{margin:0 10px;width:90%;}}\r\n\t.Titre_Events_arc a{float:left;height:50px;width:60%;font-weight:100;font-size:17px;line-height:1.2;color:#fff;text-rendering:auto;margin-top:-10px;}\r\n\t@media screen and (max-width:900px){.Titre_Events_arc a{height:30px;margin:10px 0 auto;width:100%;line-break:auto;}}\r\n\t@media screen and (max-width:900px){.Titre_Events_arc_cont{margin:0 5%;width:90%;}}\r\n\t.Image_Events_arc{float:left;width:20%;overflow:hidden;position:relative;max-height:70px;margin-top:-27px;}\r\n\t@media screen and (max-width:900px){.Image_Events_arc{float:left;max-height:150px;width:100%;margin-top:10px;}}\r\n\t.Date_Events_all_arc,.Cat_Events_arc,.Titre_Events_arc a{display:flex;justify-content:center;align-items:center;}\r\n\t.desk{display:flex;}.mob{display:none;}\r\n\t@media screen and (max-width:900px){.desk{display:none;}.mob{display:flex;}}\r\n<\/style>\r\n\r\n<div class=\"Extrait_Events_arc\">\r\n\t<div class=\"Extrait_Events_Container_arc\">\r\n\t\t4822\r\n\t\t<div class=\"Cat_Events_arc\"><div class=\"Cat_Events_arc_cont\">ANIMATION und WORKSHOP<\/div><\/div>\r\n\t\t<div class=\"Titre_Events_arc\"><div class=\"Titre_Events_arc_cont\"><a href=\"https:\/\/chateau-de-valangin.ch\/de\/kalender\/atelier-halloween-des-masques-et-des-courges\/\">Atelier Halloween : des masques et des courges<\/a><\/div><\/div>\t\t\r\n\t\t<div class=\"Image_Events_arc\"><a href=\"https:\/\/chateau-de-valangin.ch\/de\/kalender\/atelier-halloween-des-masques-et-des-courges\/\"><span class=\"desk\"><img loading=\"lazy\" decoding=\"async\" width=\"300\" height=\"225\" src=\"https:\/\/chateau-de-valangin.ch\/NEWSITE\/wp-content\/uploads\/2025\/09\/citrouille-mexique_1-300x225.jpg\" class=\"attachment-medium size-medium\" alt=\"masque mexicain courge\" srcset=\"https:\/\/chateau-de-valangin.ch\/NEWSITE\/wp-content\/uploads\/2025\/09\/citrouille-mexique_1-300x225.jpg 300w, https:\/\/chateau-de-valangin.ch\/NEWSITE\/wp-content\/uploads\/2025\/09\/citrouille-mexique_1-100x75.jpg 100w, https:\/\/chateau-de-valangin.ch\/NEWSITE\/wp-content\/uploads\/2025\/09\/citrouille-mexique_1-480x360.jpg 480w, https:\/\/chateau-de-valangin.ch\/NEWSITE\/wp-content\/uploads\/2025\/09\/citrouille-mexique_1.jpg 600w\" sizes=\"auto, (max-width:767px) 300px, 300px\" \/><\/span><span class=\"mob\"><img loading=\"lazy\" decoding=\"async\" width=\"600\" height=\"450\" src=\"https:\/\/chateau-de-valangin.ch\/NEWSITE\/wp-content\/uploads\/2025\/09\/citrouille-mexique_1.jpg\" class=\"attachment-large size-large\" alt=\"masque mexicain courge\" srcset=\"https:\/\/chateau-de-valangin.ch\/NEWSITE\/wp-content\/uploads\/2025\/09\/citrouille-mexique_1.jpg 600w, https:\/\/chateau-de-valangin.ch\/NEWSITE\/wp-content\/uploads\/2025\/09\/citrouille-mexique_1-300x225.jpg 300w, https:\/\/chateau-de-valangin.ch\/NEWSITE\/wp-content\/uploads\/2025\/09\/citrouille-mexique_1-100x75.jpg 100w, https:\/\/chateau-de-valangin.ch\/NEWSITE\/wp-content\/uploads\/2025\/09\/citrouille-mexique_1-480x360.jpg 480w\" sizes=\"auto, (max-width:767px) 480px, 600px\" \/><\/span><\/a><\/div>\r\n\t<\/div>\r\n<\/div><style>\r\n\t.Extrait_Events_arc{float:left;height:70px;width:100%;background-color:#590630;color:#FFF;margin-top:0px;border-radius:0px;}\r\n\t@media screen and (max-width:900px){.Extrait_Events_arc{height:210px;margin-top:30px;}}\r\n\t.Extrait_Events_Container_arc{height:70px;background-color:#590630;margin:0 auto;text-align:center;}\r\n\t@media screen and (max-width:900px){.Extrait_Events_Container_arc{height:180px;width:100%;}}\r\n\t.Extrait_Events_arc a:hover{text-decoration:none;}\r\n\t.Date_Events_all_arc{float:left;width:20%;height:70px;margin-bottom:10px;}\r\n\t@media screen and (max-width:900px){.Date_Events_all_arc{float:left;width:100%;height:70px;margin-bottom:10px;}}\r\n\t.Date_Events_1_arc{float:left;width:45%;text-align:center;margin-top:5px;}\r\n\t.Date_Events_1_2_arc{float:left;width:32%;text-align:center;margin-top:5px;}\r\n\t.Date_Events_sep_arc{float:left;text-align:center;width:10%;margin-top:-15px;}\r\n\t.Date_Events_2_arc{float:left;width:45%;text-align:center;margin-top:5px;}\r\n\t.timecss_d_arc {font-size:20px;font-weight:500;margin:0;}\r\n\t.timecss_f_arc {font-size:10px;text-transform:uppercase;margin-top:-5px;}\r\n\t.timecss_y_arc {font-size:11px;margin-top:-28px;}\r\n\t.Date_Events_sep_arc{padding-top:20px}\r\n\t.Cat_Events_arc{color:#e3c022;text-transform:uppercase;font-weight:300;letter-spacing:5px;font-size:8px;}\r\n\t@media screen and (max-width:900px){.Cat_Events_arc{float:left;height:20px;width:100%;margin:0 10px;}}\r\n\t.Cat_Events_arc{float:left;height:20px;width:60%;line-height:1.5;margin-top:7px;}\r\n\t@media screen and (max-width:900px){.Cat_Events_arc{float:left;text-align:center;height:20px;width:100%;margin:10px 0 auto;}}\r\n\t@media screen and (max-width:900px){.Cat_Events_arc_cont{margin:0 10px;width:90%;}}\r\n\t.Titre_Events_arc a{float:left;height:50px;width:60%;font-weight:100;font-size:17px;line-height:1.2;color:#fff;text-rendering:auto;margin-top:-10px;}\r\n\t@media screen and (max-width:900px){.Titre_Events_arc a{height:30px;margin:10px 0 auto;width:100%;line-break:auto;}}\r\n\t@media screen and (max-width:900px){.Titre_Events_arc_cont{margin:0 5%;width:90%;}}\r\n\t.Image_Events_arc{float:left;width:20%;overflow:hidden;position:relative;max-height:70px;margin-top:-27px;}\r\n\t@media screen and (max-width:900px){.Image_Events_arc{float:left;max-height:150px;width:100%;margin-top:10px;}}\r\n\t.Date_Events_all_arc,.Cat_Events_arc,.Titre_Events_arc a{display:flex;justify-content:center;align-items:center;}\r\n\t.desk{display:flex;}.mob{display:none;}\r\n\t@media screen and (max-width:900px){.desk{display:none;}.mob{display:flex;}}\r\n<\/style>\r\n\r\n<div class=\"Extrait_Events_arc\">\r\n\t<div class=\"Extrait_Events_Container_arc\">\r\n\t\t4721\r\n\t\t<div class=\"Cat_Events_arc\"><div class=\"Cat_Events_arc_cont\">VERANSTALTUNG<\/div><\/div>\r\n\t\t<div class=\"Titre_Events_arc\"><div class=\"Titre_Events_arc_cont\"><a href=\"https:\/\/chateau-de-valangin.ch\/de\/kalender\/fete-de-la-courge-2025\/\">F\u00eate de la Courge &#8211; MANIFESTATION ANNULL\u00c9E<\/a><\/div><\/div>\t\t\r\n\t\t<div class=\"Image_Events_arc\"><a href=\"https:\/\/chateau-de-valangin.ch\/de\/kalender\/fete-de-la-courge-2025\/\"><span class=\"desk\"><img loading=\"lazy\" decoding=\"async\" width=\"300\" height=\"206\" src=\"https:\/\/chateau-de-valangin.ch\/NEWSITE\/wp-content\/uploads\/2025\/10\/affiche-annullation-fete-de-la-courge-2025-quer-300x206.png\" class=\"attachment-medium size-medium\" alt=\"F\u00eate de la courge annull\u00e9e\" srcset=\"https:\/\/chateau-de-valangin.ch\/NEWSITE\/wp-content\/uploads\/2025\/10\/affiche-annullation-fete-de-la-courge-2025-quer-300x206.png 300w, https:\/\/chateau-de-valangin.ch\/NEWSITE\/wp-content\/uploads\/2025\/10\/affiche-annullation-fete-de-la-courge-2025-quer-768x528.png 768w, https:\/\/chateau-de-valangin.ch\/NEWSITE\/wp-content\/uploads\/2025\/10\/affiche-annullation-fete-de-la-courge-2025-quer-109x75.png 109w, https:\/\/chateau-de-valangin.ch\/NEWSITE\/wp-content\/uploads\/2025\/10\/affiche-annullation-fete-de-la-courge-2025-quer-480x330.png 480w, https:\/\/chateau-de-valangin.ch\/NEWSITE\/wp-content\/uploads\/2025\/10\/affiche-annullation-fete-de-la-courge-2025-quer.png 1024w\" sizes=\"auto, (max-width:767px) 300px, 300px\" \/><\/span><span class=\"mob\"><img loading=\"lazy\" decoding=\"async\" width=\"1024\" height=\"704\" src=\"https:\/\/chateau-de-valangin.ch\/NEWSITE\/wp-content\/uploads\/2025\/10\/affiche-annullation-fete-de-la-courge-2025-quer.png\" class=\"attachment-large size-large\" alt=\"F\u00eate de la courge annull\u00e9e\" srcset=\"https:\/\/chateau-de-valangin.ch\/NEWSITE\/wp-content\/uploads\/2025\/10\/affiche-annullation-fete-de-la-courge-2025-quer.png 1024w, https:\/\/chateau-de-valangin.ch\/NEWSITE\/wp-content\/uploads\/2025\/10\/affiche-annullation-fete-de-la-courge-2025-quer-300x206.png 300w, https:\/\/chateau-de-valangin.ch\/NEWSITE\/wp-content\/uploads\/2025\/10\/affiche-annullation-fete-de-la-courge-2025-quer-768x528.png 768w, https:\/\/chateau-de-valangin.ch\/NEWSITE\/wp-content\/uploads\/2025\/10\/affiche-annullation-fete-de-la-courge-2025-quer-109x75.png 109w, https:\/\/chateau-de-valangin.ch\/NEWSITE\/wp-content\/uploads\/2025\/10\/affiche-annullation-fete-de-la-courge-2025-quer-480x330.png 480w\" sizes=\"auto, (max-width:767px) 480px, (max-width:1024px) 100vw, 1024px\" \/><\/span><\/a><\/div>\r\n\t<\/div>\r\n<\/div><style>\r\n\t.Extrait_Events_arc{float:left;height:70px;width:100%;background-color:#590630;color:#FFF;margin-top:0px;border-radius:0px;}\r\n\t@media screen and (max-width:900px){.Extrait_Events_arc{height:210px;margin-top:30px;}}\r\n\t.Extrait_Events_Container_arc{height:70px;background-color:#590630;margin:0 auto;text-align:center;}\r\n\t@media screen and (max-width:900px){.Extrait_Events_Container_arc{height:180px;width:100%;}}\r\n\t.Extrait_Events_arc a:hover{text-decoration:none;}\r\n\t.Date_Events_all_arc{float:left;width:20%;height:70px;margin-bottom:10px;}\r\n\t@media screen and (max-width:900px){.Date_Events_all_arc{float:left;width:100%;height:70px;margin-bottom:10px;}}\r\n\t.Date_Events_1_arc{float:left;width:45%;text-align:center;margin-top:5px;}\r\n\t.Date_Events_1_2_arc{float:left;width:32%;text-align:center;margin-top:5px;}\r\n\t.Date_Events_sep_arc{float:left;text-align:center;width:10%;margin-top:-15px;}\r\n\t.Date_Events_2_arc{float:left;width:45%;text-align:center;margin-top:5px;}\r\n\t.timecss_d_arc {font-size:20px;font-weight:500;margin:0;}\r\n\t.timecss_f_arc {font-size:10px;text-transform:uppercase;margin-top:-5px;}\r\n\t.timecss_y_arc {font-size:11px;margin-top:-28px;}\r\n\t.Date_Events_sep_arc{padding-top:20px}\r\n\t.Cat_Events_arc{color:#e3c022;text-transform:uppercase;font-weight:300;letter-spacing:5px;font-size:8px;}\r\n\t@media screen and (max-width:900px){.Cat_Events_arc{float:left;height:20px;width:100%;margin:0 10px;}}\r\n\t.Cat_Events_arc{float:left;height:20px;width:60%;line-height:1.5;margin-top:7px;}\r\n\t@media screen and (max-width:900px){.Cat_Events_arc{float:left;text-align:center;height:20px;width:100%;margin:10px 0 auto;}}\r\n\t@media screen and (max-width:900px){.Cat_Events_arc_cont{margin:0 10px;width:90%;}}\r\n\t.Titre_Events_arc a{float:left;height:50px;width:60%;font-weight:100;font-size:17px;line-height:1.2;color:#fff;text-rendering:auto;margin-top:-10px;}\r\n\t@media screen and (max-width:900px){.Titre_Events_arc a{height:30px;margin:10px 0 auto;width:100%;line-break:auto;}}\r\n\t@media screen and (max-width:900px){.Titre_Events_arc_cont{margin:0 5%;width:90%;}}\r\n\t.Image_Events_arc{float:left;width:20%;overflow:hidden;position:relative;max-height:70px;margin-top:-27px;}\r\n\t@media screen and (max-width:900px){.Image_Events_arc{float:left;max-height:150px;width:100%;margin-top:10px;}}\r\n\t.Date_Events_all_arc,.Cat_Events_arc,.Titre_Events_arc a{display:flex;justify-content:center;align-items:center;}\r\n\t.desk{display:flex;}.mob{display:none;}\r\n\t@media screen and (max-width:900px){.desk{display:none;}.mob{display:flex;}}\r\n<\/style>\r\n\r\n<div class=\"Extrait_Events_arc\">\r\n\t<div class=\"Extrait_Events_Container_arc\">\r\n\t\t4671\r\n\t\t<div class=\"Cat_Events_arc\"><div class=\"Cat_Events_arc_cont\">ANIMATION<\/div><\/div>\r\n\t\t<div class=\"Titre_Events_arc\"><div class=\"Titre_Events_arc_cont\"><a href=\"https:\/\/chateau-de-valangin.ch\/de\/kalender\/demonstration-de-dentellieres-octobre-2025\/\">Kl\u00f6pplerinnen zeigen ihre Kunst im Oktorber 2025<\/a><\/div><\/div>\t\t\r\n\t\t<div class=\"Image_Events_arc\"><a href=\"https:\/\/chateau-de-valangin.ch\/de\/kalender\/demonstration-de-dentellieres-octobre-2025\/\"><span class=\"desk\"><img loading=\"lazy\" decoding=\"async\" width=\"300\" height=\"225\" src=\"https:\/\/chateau-de-valangin.ch\/NEWSITE\/wp-content\/uploads\/2021\/08\/img_9701-300x225.jpg\" class=\"attachment-medium size-medium\" alt=\"dentelles historiques du ch\u00e2teau et mus\u00e9e de valangin\" srcset=\"https:\/\/chateau-de-valangin.ch\/NEWSITE\/wp-content\/uploads\/2021\/08\/img_9701-300x225.jpg 300w, https:\/\/chateau-de-valangin.ch\/NEWSITE\/wp-content\/uploads\/2021\/08\/img_9701-1024x768.jpg 1024w, https:\/\/chateau-de-valangin.ch\/NEWSITE\/wp-content\/uploads\/2021\/08\/img_9701-768x576.jpg 768w, https:\/\/chateau-de-valangin.ch\/NEWSITE\/wp-content\/uploads\/2021\/08\/img_9701-1536x1152.jpg 1536w, https:\/\/chateau-de-valangin.ch\/NEWSITE\/wp-content\/uploads\/2021\/08\/img_9701-2048x1536.jpg 2048w, https:\/\/chateau-de-valangin.ch\/NEWSITE\/wp-content\/uploads\/2021\/08\/img_9701-195x146.jpg 195w, https:\/\/chateau-de-valangin.ch\/NEWSITE\/wp-content\/uploads\/2021\/08\/img_9701-50x38.jpg 50w, https:\/\/chateau-de-valangin.ch\/NEWSITE\/wp-content\/uploads\/2021\/08\/img_9701-100x75.jpg 100w, https:\/\/chateau-de-valangin.ch\/NEWSITE\/wp-content\/uploads\/2021\/08\/img_9701-960x720.jpg 960w, https:\/\/chateau-de-valangin.ch\/NEWSITE\/wp-content\/uploads\/2021\/08\/img_9701-1320x990.jpg 1320w\" sizes=\"auto, (max-width:767px) 300px, 300px\" \/><\/span><span class=\"mob\"><img loading=\"lazy\" decoding=\"async\" width=\"1024\" height=\"768\" src=\"https:\/\/chateau-de-valangin.ch\/NEWSITE\/wp-content\/uploads\/2021\/08\/img_9701-1024x768.jpg\" class=\"attachment-large size-large\" alt=\"dentelles historiques du ch\u00e2teau et mus\u00e9e de valangin\" srcset=\"https:\/\/chateau-de-valangin.ch\/NEWSITE\/wp-content\/uploads\/2021\/08\/img_9701-1024x768.jpg 1024w, https:\/\/chateau-de-valangin.ch\/NEWSITE\/wp-content\/uploads\/2021\/08\/img_9701-300x225.jpg 300w, https:\/\/chateau-de-valangin.ch\/NEWSITE\/wp-content\/uploads\/2021\/08\/img_9701-768x576.jpg 768w, https:\/\/chateau-de-valangin.ch\/NEWSITE\/wp-content\/uploads\/2021\/08\/img_9701-1536x1152.jpg 1536w, https:\/\/chateau-de-valangin.ch\/NEWSITE\/wp-content\/uploads\/2021\/08\/img_9701-2048x1536.jpg 2048w, https:\/\/chateau-de-valangin.ch\/NEWSITE\/wp-content\/uploads\/2021\/08\/img_9701-195x146.jpg 195w, https:\/\/chateau-de-valangin.ch\/NEWSITE\/wp-content\/uploads\/2021\/08\/img_9701-50x38.jpg 50w, https:\/\/chateau-de-valangin.ch\/NEWSITE\/wp-content\/uploads\/2021\/08\/img_9701-100x75.jpg 100w, https:\/\/chateau-de-valangin.ch\/NEWSITE\/wp-content\/uploads\/2021\/08\/img_9701-960x720.jpg 960w, https:\/\/chateau-de-valangin.ch\/NEWSITE\/wp-content\/uploads\/2021\/08\/img_9701-1320x990.jpg 1320w\" sizes=\"auto, (max-width:767px) 480px, (max-width:1024px) 100vw, 1024px\" \/><\/span><\/a><\/div>\r\n\t<\/div>\r\n<\/div><style>\r\n\t.Extrait_Events_arc{float:left;height:70px;width:100%;background-color:#590630;color:#FFF;margin-top:0px;border-radius:0px;}\r\n\t@media screen and (max-width:900px){.Extrait_Events_arc{height:210px;margin-top:30px;}}\r\n\t.Extrait_Events_Container_arc{height:70px;background-color:#590630;margin:0 auto;text-align:center;}\r\n\t@media screen and (max-width:900px){.Extrait_Events_Container_arc{height:180px;width:100%;}}\r\n\t.Extrait_Events_arc a:hover{text-decoration:none;}\r\n\t.Date_Events_all_arc{float:left;width:20%;height:70px;margin-bottom:10px;}\r\n\t@media screen and (max-width:900px){.Date_Events_all_arc{float:left;width:100%;height:70px;margin-bottom:10px;}}\r\n\t.Date_Events_1_arc{float:left;width:45%;text-align:center;margin-top:5px;}\r\n\t.Date_Events_1_2_arc{float:left;width:32%;text-align:center;margin-top:5px;}\r\n\t.Date_Events_sep_arc{float:left;text-align:center;width:10%;margin-top:-15px;}\r\n\t.Date_Events_2_arc{float:left;width:45%;text-align:center;margin-top:5px;}\r\n\t.timecss_d_arc {font-size:20px;font-weight:500;margin:0;}\r\n\t.timecss_f_arc {font-size:10px;text-transform:uppercase;margin-top:-5px;}\r\n\t.timecss_y_arc {font-size:11px;margin-top:-28px;}\r\n\t.Date_Events_sep_arc{padding-top:20px}\r\n\t.Cat_Events_arc{color:#e3c022;text-transform:uppercase;font-weight:300;letter-spacing:5px;font-size:8px;}\r\n\t@media screen and (max-width:900px){.Cat_Events_arc{float:left;height:20px;width:100%;margin:0 10px;}}\r\n\t.Cat_Events_arc{float:left;height:20px;width:60%;line-height:1.5;margin-top:7px;}\r\n\t@media screen and (max-width:900px){.Cat_Events_arc{float:left;text-align:center;height:20px;width:100%;margin:10px 0 auto;}}\r\n\t@media screen and (max-width:900px){.Cat_Events_arc_cont{margin:0 10px;width:90%;}}\r\n\t.Titre_Events_arc a{float:left;height:50px;width:60%;font-weight:100;font-size:17px;line-height:1.2;color:#fff;text-rendering:auto;margin-top:-10px;}\r\n\t@media screen and (max-width:900px){.Titre_Events_arc a{height:30px;margin:10px 0 auto;width:100%;line-break:auto;}}\r\n\t@media screen and (max-width:900px){.Titre_Events_arc_cont{margin:0 5%;width:90%;}}\r\n\t.Image_Events_arc{float:left;width:20%;overflow:hidden;position:relative;max-height:70px;margin-top:-27px;}\r\n\t@media screen and (max-width:900px){.Image_Events_arc{float:left;max-height:150px;width:100%;margin-top:10px;}}\r\n\t.Date_Events_all_arc,.Cat_Events_arc,.Titre_Events_arc a{display:flex;justify-content:center;align-items:center;}\r\n\t.desk{display:flex;}.mob{display:none;}\r\n\t@media screen and (max-width:900px){.desk{display:none;}.mob{display:flex;}}\r\n<\/style>\r\n\r\n<div class=\"Extrait_Events_arc\">\r\n\t<div class=\"Extrait_Events_Container_arc\">\r\n\t\t4722\r\n\t\t<div class=\"Cat_Events_arc\"><div class=\"Cat_Events_arc_cont\">VERANSTALTUNG<\/div><\/div>\r\n\t\t<div class=\"Titre_Events_arc\"><div class=\"Titre_Events_arc_cont\"><a href=\"https:\/\/chateau-de-valangin.ch\/de\/kalender\/finissage-exposition-temporaire-au-poil\/\">Letzter Tag der Sonderausstellung &#8222;Au Poil! Haarige Geschichte(n)&#8220;<\/a><\/div><\/div>\t\t\r\n\t\t<div class=\"Image_Events_arc\"><a href=\"https:\/\/chateau-de-valangin.ch\/de\/kalender\/finissage-exposition-temporaire-au-poil\/\"><span class=\"desk\"><img loading=\"lazy\" decoding=\"async\" width=\"300\" height=\"76\" src=\"https:\/\/chateau-de-valangin.ch\/NEWSITE\/wp-content\/uploads\/2025\/02\/whatsapp-bild-2025-02-04-um-17.53.59_f90b7e63-300x76.jpg\" class=\"attachment-medium size-medium\" alt=\"au poil une histoire chevelue et poilue\" srcset=\"https:\/\/chateau-de-valangin.ch\/NEWSITE\/wp-content\/uploads\/2025\/02\/whatsapp-bild-2025-02-04-um-17.53.59_f90b7e63-300x76.jpg 300w, https:\/\/chateau-de-valangin.ch\/NEWSITE\/wp-content\/uploads\/2025\/02\/whatsapp-bild-2025-02-04-um-17.53.59_f90b7e63-768x195.jpg 768w, https:\/\/chateau-de-valangin.ch\/NEWSITE\/wp-content\/uploads\/2025\/02\/whatsapp-bild-2025-02-04-um-17.53.59_f90b7e63-150x38.jpg 150w, https:\/\/chateau-de-valangin.ch\/NEWSITE\/wp-content\/uploads\/2025\/02\/whatsapp-bild-2025-02-04-um-17.53.59_f90b7e63-480x122.jpg 480w, https:\/\/chateau-de-valangin.ch\/NEWSITE\/wp-content\/uploads\/2025\/02\/whatsapp-bild-2025-02-04-um-17.53.59_f90b7e63.jpg 837w\" sizes=\"auto, (max-width:767px) 300px, 300px\" \/><\/span><span class=\"mob\"><img loading=\"lazy\" decoding=\"async\" width=\"837\" height=\"213\" src=\"https:\/\/chateau-de-valangin.ch\/NEWSITE\/wp-content\/uploads\/2025\/02\/whatsapp-bild-2025-02-04-um-17.53.59_f90b7e63.jpg\" class=\"attachment-large size-large\" alt=\"au poil une histoire chevelue et poilue\" srcset=\"https:\/\/chateau-de-valangin.ch\/NEWSITE\/wp-content\/uploads\/2025\/02\/whatsapp-bild-2025-02-04-um-17.53.59_f90b7e63.jpg 837w, https:\/\/chateau-de-valangin.ch\/NEWSITE\/wp-content\/uploads\/2025\/02\/whatsapp-bild-2025-02-04-um-17.53.59_f90b7e63-300x76.jpg 300w, https:\/\/chateau-de-valangin.ch\/NEWSITE\/wp-content\/uploads\/2025\/02\/whatsapp-bild-2025-02-04-um-17.53.59_f90b7e63-768x195.jpg 768w, https:\/\/chateau-de-valangin.ch\/NEWSITE\/wp-content\/uploads\/2025\/02\/whatsapp-bild-2025-02-04-um-17.53.59_f90b7e63-150x38.jpg 150w, https:\/\/chateau-de-valangin.ch\/NEWSITE\/wp-content\/uploads\/2025\/02\/whatsapp-bild-2025-02-04-um-17.53.59_f90b7e63-480x122.jpg 480w\" sizes=\"auto, (max-width:767px) 480px, (max-width:837px) 100vw, 837px\" \/><\/span><\/a><\/div>\r\n\t<\/div>\r\n<\/div><style>\r\n\t.Extrait_Events_arc{float:left;height:70px;width:100%;background-color:#590630;color:#FFF;margin-top:0px;border-radius:0px;}\r\n\t@media screen and (max-width:900px){.Extrait_Events_arc{height:210px;margin-top:30px;}}\r\n\t.Extrait_Events_Container_arc{height:70px;background-color:#590630;margin:0 auto;text-align:center;}\r\n\t@media screen and (max-width:900px){.Extrait_Events_Container_arc{height:180px;width:100%;}}\r\n\t.Extrait_Events_arc a:hover{text-decoration:none;}\r\n\t.Date_Events_all_arc{float:left;width:20%;height:70px;margin-bottom:10px;}\r\n\t@media screen and (max-width:900px){.Date_Events_all_arc{float:left;width:100%;height:70px;margin-bottom:10px;}}\r\n\t.Date_Events_1_arc{float:left;width:45%;text-align:center;margin-top:5px;}\r\n\t.Date_Events_1_2_arc{float:left;width:32%;text-align:center;margin-top:5px;}\r\n\t.Date_Events_sep_arc{float:left;text-align:center;width:10%;margin-top:-15px;}\r\n\t.Date_Events_2_arc{float:left;width:45%;text-align:center;margin-top:5px;}\r\n\t.timecss_d_arc {font-size:20px;font-weight:500;margin:0;}\r\n\t.timecss_f_arc {font-size:10px;text-transform:uppercase;margin-top:-5px;}\r\n\t.timecss_y_arc {font-size:11px;margin-top:-28px;}\r\n\t.Date_Events_sep_arc{padding-top:20px}\r\n\t.Cat_Events_arc{color:#e3c022;text-transform:uppercase;font-weight:300;letter-spacing:5px;font-size:8px;}\r\n\t@media screen and (max-width:900px){.Cat_Events_arc{float:left;height:20px;width:100%;margin:0 10px;}}\r\n\t.Cat_Events_arc{float:left;height:20px;width:60%;line-height:1.5;margin-top:7px;}\r\n\t@media screen and (max-width:900px){.Cat_Events_arc{float:left;text-align:center;height:20px;width:100%;margin:10px 0 auto;}}\r\n\t@media screen and (max-width:900px){.Cat_Events_arc_cont{margin:0 10px;width:90%;}}\r\n\t.Titre_Events_arc a{float:left;height:50px;width:60%;font-weight:100;font-size:17px;line-height:1.2;color:#fff;text-rendering:auto;margin-top:-10px;}\r\n\t@media screen and (max-width:900px){.Titre_Events_arc a{height:30px;margin:10px 0 auto;width:100%;line-break:auto;}}\r\n\t@media screen and (max-width:900px){.Titre_Events_arc_cont{margin:0 5%;width:90%;}}\r\n\t.Image_Events_arc{float:left;width:20%;overflow:hidden;position:relative;max-height:70px;margin-top:-27px;}\r\n\t@media screen and (max-width:900px){.Image_Events_arc{float:left;max-height:150px;width:100%;margin-top:10px;}}\r\n\t.Date_Events_all_arc,.Cat_Events_arc,.Titre_Events_arc a{display:flex;justify-content:center;align-items:center;}\r\n\t.desk{display:flex;}.mob{display:none;}\r\n\t@media screen and (max-width:900px){.desk{display:none;}.mob{display:flex;}}\r\n<\/style>\r\n\r\n<div class=\"Extrait_Events_arc\">\r\n\t<div class=\"Extrait_Events_Container_arc\">\r\n\t\t4670\r\n\t\t<div class=\"Cat_Events_arc\"><div class=\"Cat_Events_arc_cont\">ANIMATION<\/div><\/div>\r\n\t\t<div class=\"Titre_Events_arc\"><div class=\"Titre_Events_arc_cont\"><a href=\"https:\/\/chateau-de-valangin.ch\/de\/kalender\/demonstration-de-dentellieres-septembre-2025\/\">Kl\u00f6pplerinnen zeigen ihre Kunst im September 2025<\/a><\/div><\/div>\t\t\r\n\t\t<div class=\"Image_Events_arc\"><a href=\"https:\/\/chateau-de-valangin.ch\/de\/kalender\/demonstration-de-dentellieres-septembre-2025\/\"><span class=\"desk\"><img loading=\"lazy\" decoding=\"async\" width=\"300\" height=\"225\" src=\"https:\/\/chateau-de-valangin.ch\/NEWSITE\/wp-content\/uploads\/2025\/01\/20240728_152748-1-300x225.jpg\" class=\"attachment-medium size-medium\" alt=\"d\u00e9monstration de dentelli\u00e8res\" srcset=\"https:\/\/chateau-de-valangin.ch\/NEWSITE\/wp-content\/uploads\/2025\/01\/20240728_152748-1-300x225.jpg 300w, https:\/\/chateau-de-valangin.ch\/NEWSITE\/wp-content\/uploads\/2025\/01\/20240728_152748-1-1024x768.jpg 1024w, https:\/\/chateau-de-valangin.ch\/NEWSITE\/wp-content\/uploads\/2025\/01\/20240728_152748-1-768x576.jpg 768w, https:\/\/chateau-de-valangin.ch\/NEWSITE\/wp-content\/uploads\/2025\/01\/20240728_152748-1-1536x1152.jpg 1536w, https:\/\/chateau-de-valangin.ch\/NEWSITE\/wp-content\/uploads\/2025\/01\/20240728_152748-1-2048x1536.jpg 2048w, https:\/\/chateau-de-valangin.ch\/NEWSITE\/wp-content\/uploads\/2025\/01\/20240728_152748-1-100x75.jpg 100w, https:\/\/chateau-de-valangin.ch\/NEWSITE\/wp-content\/uploads\/2025\/01\/20240728_152748-1-960x720.jpg 960w, https:\/\/chateau-de-valangin.ch\/NEWSITE\/wp-content\/uploads\/2025\/01\/20240728_152748-1-480x360.jpg 480w, https:\/\/chateau-de-valangin.ch\/NEWSITE\/wp-content\/uploads\/2025\/01\/20240728_152748-1-1320x990.jpg 1320w\" sizes=\"auto, (max-width:767px) 300px, 300px\" \/><\/span><span class=\"mob\"><img loading=\"lazy\" decoding=\"async\" width=\"1024\" height=\"768\" src=\"https:\/\/chateau-de-valangin.ch\/NEWSITE\/wp-content\/uploads\/2025\/01\/20240728_152748-1-1024x768.jpg\" class=\"attachment-large size-large\" alt=\"d\u00e9monstration de dentelli\u00e8res\" srcset=\"https:\/\/chateau-de-valangin.ch\/NEWSITE\/wp-content\/uploads\/2025\/01\/20240728_152748-1-1024x768.jpg 1024w, https:\/\/chateau-de-valangin.ch\/NEWSITE\/wp-content\/uploads\/2025\/01\/20240728_152748-1-300x225.jpg 300w, https:\/\/chateau-de-valangin.ch\/NEWSITE\/wp-content\/uploads\/2025\/01\/20240728_152748-1-768x576.jpg 768w, https:\/\/chateau-de-valangin.ch\/NEWSITE\/wp-content\/uploads\/2025\/01\/20240728_152748-1-1536x1152.jpg 1536w, https:\/\/chateau-de-valangin.ch\/NEWSITE\/wp-content\/uploads\/2025\/01\/20240728_152748-1-2048x1536.jpg 2048w, https:\/\/chateau-de-valangin.ch\/NEWSITE\/wp-content\/uploads\/2025\/01\/20240728_152748-1-100x75.jpg 100w, https:\/\/chateau-de-valangin.ch\/NEWSITE\/wp-content\/uploads\/2025\/01\/20240728_152748-1-960x720.jpg 960w, https:\/\/chateau-de-valangin.ch\/NEWSITE\/wp-content\/uploads\/2025\/01\/20240728_152748-1-480x360.jpg 480w, https:\/\/chateau-de-valangin.ch\/NEWSITE\/wp-content\/uploads\/2025\/01\/20240728_152748-1-1320x990.jpg 1320w\" sizes=\"auto, (max-width:767px) 480px, (max-width:1024px) 100vw, 1024px\" \/><\/span><\/a><\/div>\r\n\t<\/div>\r\n<\/div><style>\r\n\t.Extrait_Events_arc{float:left;height:70px;width:100%;background-color:#590630;color:#FFF;margin-top:0px;border-radius:0px;}\r\n\t@media screen and (max-width:900px){.Extrait_Events_arc{height:210px;margin-top:30px;}}\r\n\t.Extrait_Events_Container_arc{height:70px;background-color:#590630;margin:0 auto;text-align:center;}\r\n\t@media screen and (max-width:900px){.Extrait_Events_Container_arc{height:180px;width:100%;}}\r\n\t.Extrait_Events_arc a:hover{text-decoration:none;}\r\n\t.Date_Events_all_arc{float:left;width:20%;height:70px;margin-bottom:10px;}\r\n\t@media screen and (max-width:900px){.Date_Events_all_arc{float:left;width:100%;height:70px;margin-bottom:10px;}}\r\n\t.Date_Events_1_arc{float:left;width:45%;text-align:center;margin-top:5px;}\r\n\t.Date_Events_1_2_arc{float:left;width:32%;text-align:center;margin-top:5px;}\r\n\t.Date_Events_sep_arc{float:left;text-align:center;width:10%;margin-top:-15px;}\r\n\t.Date_Events_2_arc{float:left;width:45%;text-align:center;margin-top:5px;}\r\n\t.timecss_d_arc {font-size:20px;font-weight:500;margin:0;}\r\n\t.timecss_f_arc {font-size:10px;text-transform:uppercase;margin-top:-5px;}\r\n\t.timecss_y_arc {font-size:11px;margin-top:-28px;}\r\n\t.Date_Events_sep_arc{padding-top:20px}\r\n\t.Cat_Events_arc{color:#e3c022;text-transform:uppercase;font-weight:300;letter-spacing:5px;font-size:8px;}\r\n\t@media screen and (max-width:900px){.Cat_Events_arc{float:left;height:20px;width:100%;margin:0 10px;}}\r\n\t.Cat_Events_arc{float:left;height:20px;width:60%;line-height:1.5;margin-top:7px;}\r\n\t@media screen and (max-width:900px){.Cat_Events_arc{float:left;text-align:center;height:20px;width:100%;margin:10px 0 auto;}}\r\n\t@media screen and (max-width:900px){.Cat_Events_arc_cont{margin:0 10px;width:90%;}}\r\n\t.Titre_Events_arc a{float:left;height:50px;width:60%;font-weight:100;font-size:17px;line-height:1.2;color:#fff;text-rendering:auto;margin-top:-10px;}\r\n\t@media screen and (max-width:900px){.Titre_Events_arc a{height:30px;margin:10px 0 auto;width:100%;line-break:auto;}}\r\n\t@media screen and (max-width:900px){.Titre_Events_arc_cont{margin:0 5%;width:90%;}}\r\n\t.Image_Events_arc{float:left;width:20%;overflow:hidden;position:relative;max-height:70px;margin-top:-27px;}\r\n\t@media screen and (max-width:900px){.Image_Events_arc{float:left;max-height:150px;width:100%;margin-top:10px;}}\r\n\t.Date_Events_all_arc,.Cat_Events_arc,.Titre_Events_arc a{display:flex;justify-content:center;align-items:center;}\r\n\t.desk{display:flex;}.mob{display:none;}\r\n\t@media screen and (max-width:900px){.desk{display:none;}.mob{display:flex;}}\r\n<\/style>\r\n\r\n<div class=\"Extrait_Events_arc\">\r\n\t<div class=\"Extrait_Events_Container_arc\">\r\n\t\t4669\r\n\t\t<div class=\"Cat_Events_arc\"><div class=\"Cat_Events_arc_cont\">ANIMATION<\/div><\/div>\r\n\t\t<div class=\"Titre_Events_arc\"><div class=\"Titre_Events_arc_cont\"><a href=\"https:\/\/chateau-de-valangin.ch\/de\/kalender\/demonstration-de-dentellieres-aout-2025\/\">Kl\u00f6pplerinnen zeigen ihre Kunst im August 2025<\/a><\/div><\/div>\t\t\r\n\t\t<div class=\"Image_Events_arc\"><a href=\"https:\/\/chateau-de-valangin.ch\/de\/kalender\/demonstration-de-dentellieres-aout-2025\/\"><span class=\"desk\"><img loading=\"lazy\" decoding=\"async\" width=\"300\" height=\"225\" src=\"https:\/\/chateau-de-valangin.ch\/NEWSITE\/wp-content\/uploads\/2021\/08\/img_9199-300x225.jpg\" class=\"attachment-medium size-medium\" alt=\"dentelles historiques du ch\u00e2teau et mus\u00e9e de valangin\" srcset=\"https:\/\/chateau-de-valangin.ch\/NEWSITE\/wp-content\/uploads\/2021\/08\/img_9199-300x225.jpg 300w, https:\/\/chateau-de-valangin.ch\/NEWSITE\/wp-content\/uploads\/2021\/08\/img_9199-1024x768.jpg 1024w, https:\/\/chateau-de-valangin.ch\/NEWSITE\/wp-content\/uploads\/2021\/08\/img_9199-768x576.jpg 768w, https:\/\/chateau-de-valangin.ch\/NEWSITE\/wp-content\/uploads\/2021\/08\/img_9199-1536x1152.jpg 1536w, https:\/\/chateau-de-valangin.ch\/NEWSITE\/wp-content\/uploads\/2021\/08\/img_9199-2048x1536.jpg 2048w, https:\/\/chateau-de-valangin.ch\/NEWSITE\/wp-content\/uploads\/2021\/08\/img_9199-195x146.jpg 195w, https:\/\/chateau-de-valangin.ch\/NEWSITE\/wp-content\/uploads\/2021\/08\/img_9199-50x38.jpg 50w, https:\/\/chateau-de-valangin.ch\/NEWSITE\/wp-content\/uploads\/2021\/08\/img_9199-100x75.jpg 100w, https:\/\/chateau-de-valangin.ch\/NEWSITE\/wp-content\/uploads\/2021\/08\/img_9199-960x720.jpg 960w, https:\/\/chateau-de-valangin.ch\/NEWSITE\/wp-content\/uploads\/2021\/08\/img_9199-1320x990.jpg 1320w\" sizes=\"auto, (max-width:767px) 300px, 300px\" \/><\/span><span class=\"mob\"><img loading=\"lazy\" decoding=\"async\" width=\"1024\" height=\"768\" src=\"https:\/\/chateau-de-valangin.ch\/NEWSITE\/wp-content\/uploads\/2021\/08\/img_9199-1024x768.jpg\" class=\"attachment-large size-large\" alt=\"dentelles historiques du ch\u00e2teau et mus\u00e9e de valangin\" srcset=\"https:\/\/chateau-de-valangin.ch\/NEWSITE\/wp-content\/uploads\/2021\/08\/img_9199-1024x768.jpg 1024w, https:\/\/chateau-de-valangin.ch\/NEWSITE\/wp-content\/uploads\/2021\/08\/img_9199-300x225.jpg 300w, https:\/\/chateau-de-valangin.ch\/NEWSITE\/wp-content\/uploads\/2021\/08\/img_9199-768x576.jpg 768w, https:\/\/chateau-de-valangin.ch\/NEWSITE\/wp-content\/uploads\/2021\/08\/img_9199-1536x1152.jpg 1536w, https:\/\/chateau-de-valangin.ch\/NEWSITE\/wp-content\/uploads\/2021\/08\/img_9199-2048x1536.jpg 2048w, https:\/\/chateau-de-valangin.ch\/NEWSITE\/wp-content\/uploads\/2021\/08\/img_9199-195x146.jpg 195w, https:\/\/chateau-de-valangin.ch\/NEWSITE\/wp-content\/uploads\/2021\/08\/img_9199-50x38.jpg 50w, https:\/\/chateau-de-valangin.ch\/NEWSITE\/wp-content\/uploads\/2021\/08\/img_9199-100x75.jpg 100w, https:\/\/chateau-de-valangin.ch\/NEWSITE\/wp-content\/uploads\/2021\/08\/img_9199-960x720.jpg 960w, https:\/\/chateau-de-valangin.ch\/NEWSITE\/wp-content\/uploads\/2021\/08\/img_9199-1320x990.jpg 1320w\" sizes=\"auto, (max-width:767px) 480px, (max-width:1024px) 100vw, 1024px\" \/><\/span><\/a><\/div>\r\n\t<\/div>\r\n<\/div><style>\r\n\t.Extrait_Events_arc{float:left;height:70px;width:100%;background-color:#590630;color:#FFF;margin-top:0px;border-radius:0px;}\r\n\t@media screen and (max-width:900px){.Extrait_Events_arc{height:210px;margin-top:30px;}}\r\n\t.Extrait_Events_Container_arc{height:70px;background-color:#590630;margin:0 auto;text-align:center;}\r\n\t@media screen and (max-width:900px){.Extrait_Events_Container_arc{height:180px;width:100%;}}\r\n\t.Extrait_Events_arc a:hover{text-decoration:none;}\r\n\t.Date_Events_all_arc{float:left;width:20%;height:70px;margin-bottom:10px;}\r\n\t@media screen and (max-width:900px){.Date_Events_all_arc{float:left;width:100%;height:70px;margin-bottom:10px;}}\r\n\t.Date_Events_1_arc{float:left;width:45%;text-align:center;margin-top:5px;}\r\n\t.Date_Events_1_2_arc{float:left;width:32%;text-align:center;margin-top:5px;}\r\n\t.Date_Events_sep_arc{float:left;text-align:center;width:10%;margin-top:-15px;}\r\n\t.Date_Events_2_arc{float:left;width:45%;text-align:center;margin-top:5px;}\r\n\t.timecss_d_arc {font-size:20px;font-weight:500;margin:0;}\r\n\t.timecss_f_arc {font-size:10px;text-transform:uppercase;margin-top:-5px;}\r\n\t.timecss_y_arc {font-size:11px;margin-top:-28px;}\r\n\t.Date_Events_sep_arc{padding-top:20px}\r\n\t.Cat_Events_arc{color:#e3c022;text-transform:uppercase;font-weight:300;letter-spacing:5px;font-size:8px;}\r\n\t@media screen and (max-width:900px){.Cat_Events_arc{float:left;height:20px;width:100%;margin:0 10px;}}\r\n\t.Cat_Events_arc{float:left;height:20px;width:60%;line-height:1.5;margin-top:7px;}\r\n\t@media screen and (max-width:900px){.Cat_Events_arc{float:left;text-align:center;height:20px;width:100%;margin:10px 0 auto;}}\r\n\t@media screen and (max-width:900px){.Cat_Events_arc_cont{margin:0 10px;width:90%;}}\r\n\t.Titre_Events_arc a{float:left;height:50px;width:60%;font-weight:100;font-size:17px;line-height:1.2;color:#fff;text-rendering:auto;margin-top:-10px;}\r\n\t@media screen and (max-width:900px){.Titre_Events_arc a{height:30px;margin:10px 0 auto;width:100%;line-break:auto;}}\r\n\t@media screen and (max-width:900px){.Titre_Events_arc_cont{margin:0 5%;width:90%;}}\r\n\t.Image_Events_arc{float:left;width:20%;overflow:hidden;position:relative;max-height:70px;margin-top:-27px;}\r\n\t@media screen and (max-width:900px){.Image_Events_arc{float:left;max-height:150px;width:100%;margin-top:10px;}}\r\n\t.Date_Events_all_arc,.Cat_Events_arc,.Titre_Events_arc a{display:flex;justify-content:center;align-items:center;}\r\n\t.desk{display:flex;}.mob{display:none;}\r\n\t@media screen and (max-width:900px){.desk{display:none;}.mob{display:flex;}}\r\n<\/style>\r\n\r\n<div class=\"Extrait_Events_arc\">\r\n\t<div class=\"Extrait_Events_Container_arc\">\r\n\t\t4723\r\n\t\t<div class=\"Cat_Events_arc\"><div class=\"Cat_Events_arc_cont\">ANIMATION und VERANSTALTUNG<\/div><\/div>\r\n\t\t<div class=\"Titre_Events_arc\"><div class=\"Titre_Events_arc_cont\"><a href=\"https:\/\/chateau-de-valangin.ch\/de\/kalender\/fete-de-la-dentelle\/\">F\u00eate de la dentelle<\/a><\/div><\/div>\t\t\r\n\t\t<div class=\"Image_Events_arc\"><a href=\"https:\/\/chateau-de-valangin.ch\/de\/kalender\/fete-de-la-dentelle\/\"><span class=\"desk\"><\/span><span class=\"mob\"><\/span><\/a><\/div>\r\n\t<\/div>\r\n<\/div><style>\r\n\t.Extrait_Events_arc{float:left;height:70px;width:100%;background-color:#590630;color:#FFF;margin-top:0px;border-radius:0px;}\r\n\t@media screen and (max-width:900px){.Extrait_Events_arc{height:210px;margin-top:30px;}}\r\n\t.Extrait_Events_Container_arc{height:70px;background-color:#590630;margin:0 auto;text-align:center;}\r\n\t@media screen and (max-width:900px){.Extrait_Events_Container_arc{height:180px;width:100%;}}\r\n\t.Extrait_Events_arc a:hover{text-decoration:none;}\r\n\t.Date_Events_all_arc{float:left;width:20%;height:70px;margin-bottom:10px;}\r\n\t@media screen and (max-width:900px){.Date_Events_all_arc{float:left;width:100%;height:70px;margin-bottom:10px;}}\r\n\t.Date_Events_1_arc{float:left;width:45%;text-align:center;margin-top:5px;}\r\n\t.Date_Events_1_2_arc{float:left;width:32%;text-align:center;margin-top:5px;}\r\n\t.Date_Events_sep_arc{float:left;text-align:center;width:10%;margin-top:-15px;}\r\n\t.Date_Events_2_arc{float:left;width:45%;text-align:center;margin-top:5px;}\r\n\t.timecss_d_arc {font-size:20px;font-weight:500;margin:0;}\r\n\t.timecss_f_arc {font-size:10px;text-transform:uppercase;margin-top:-5px;}\r\n\t.timecss_y_arc {font-size:11px;margin-top:-28px;}\r\n\t.Date_Events_sep_arc{padding-top:20px}\r\n\t.Cat_Events_arc{color:#e3c022;text-transform:uppercase;font-weight:300;letter-spacing:5px;font-size:8px;}\r\n\t@media screen and (max-width:900px){.Cat_Events_arc{float:left;height:20px;width:100%;margin:0 10px;}}\r\n\t.Cat_Events_arc{float:left;height:20px;width:60%;line-height:1.5;margin-top:7px;}\r\n\t@media screen and (max-width:900px){.Cat_Events_arc{float:left;text-align:center;height:20px;width:100%;margin:10px 0 auto;}}\r\n\t@media screen and (max-width:900px){.Cat_Events_arc_cont{margin:0 10px;width:90%;}}\r\n\t.Titre_Events_arc a{float:left;height:50px;width:60%;font-weight:100;font-size:17px;line-height:1.2;color:#fff;text-rendering:auto;margin-top:-10px;}\r\n\t@media screen and (max-width:900px){.Titre_Events_arc a{height:30px;margin:10px 0 auto;width:100%;line-break:auto;}}\r\n\t@media screen and (max-width:900px){.Titre_Events_arc_cont{margin:0 5%;width:90%;}}\r\n\t.Image_Events_arc{float:left;width:20%;overflow:hidden;position:relative;max-height:70px;margin-top:-27px;}\r\n\t@media screen and (max-width:900px){.Image_Events_arc{float:left;max-height:150px;width:100%;margin-top:10px;}}\r\n\t.Date_Events_all_arc,.Cat_Events_arc,.Titre_Events_arc a{display:flex;justify-content:center;align-items:center;}\r\n\t.desk{display:flex;}.mob{display:none;}\r\n\t@media screen and (max-width:900px){.desk{display:none;}.mob{display:flex;}}\r\n<\/style>\r\n\r\n<div class=\"Extrait_Events_arc\">\r\n\t<div class=\"Extrait_Events_Container_arc\">\r\n\t\t4668\r\n\t\t<div class=\"Cat_Events_arc\"><div class=\"Cat_Events_arc_cont\">ANIMATION<\/div><\/div>\r\n\t\t<div class=\"Titre_Events_arc\"><div class=\"Titre_Events_arc_cont\"><a href=\"https:\/\/chateau-de-valangin.ch\/de\/kalender\/demonstration-de-dentellieres-juillet-2025\/\">Kl\u00f6pplerinnen zeigen ihre Kunst Juli 2025<\/a><\/div><\/div>\t\t\r\n\t\t<div class=\"Image_Events_arc\"><a href=\"https:\/\/chateau-de-valangin.ch\/de\/kalender\/demonstration-de-dentellieres-juillet-2025\/\"><span class=\"desk\"><img loading=\"lazy\" decoding=\"async\" width=\"300\" height=\"225\" src=\"https:\/\/chateau-de-valangin.ch\/NEWSITE\/wp-content\/uploads\/2025\/01\/20240728_152306-300x225.jpg\" class=\"attachment-medium size-medium\" alt=\"d\u00e9monstration de dentelli\u00e8res\" srcset=\"https:\/\/chateau-de-valangin.ch\/NEWSITE\/wp-content\/uploads\/2025\/01\/20240728_152306-300x225.jpg 300w, https:\/\/chateau-de-valangin.ch\/NEWSITE\/wp-content\/uploads\/2025\/01\/20240728_152306-1024x768.jpg 1024w, https:\/\/chateau-de-valangin.ch\/NEWSITE\/wp-content\/uploads\/2025\/01\/20240728_152306-768x576.jpg 768w, https:\/\/chateau-de-valangin.ch\/NEWSITE\/wp-content\/uploads\/2025\/01\/20240728_152306-1536x1152.jpg 1536w, https:\/\/chateau-de-valangin.ch\/NEWSITE\/wp-content\/uploads\/2025\/01\/20240728_152306-2048x1536.jpg 2048w, https:\/\/chateau-de-valangin.ch\/NEWSITE\/wp-content\/uploads\/2025\/01\/20240728_152306-100x75.jpg 100w, https:\/\/chateau-de-valangin.ch\/NEWSITE\/wp-content\/uploads\/2025\/01\/20240728_152306-960x720.jpg 960w, https:\/\/chateau-de-valangin.ch\/NEWSITE\/wp-content\/uploads\/2025\/01\/20240728_152306-480x360.jpg 480w, https:\/\/chateau-de-valangin.ch\/NEWSITE\/wp-content\/uploads\/2025\/01\/20240728_152306-1320x990.jpg 1320w\" sizes=\"auto, (max-width:767px) 300px, 300px\" \/><\/span><span class=\"mob\"><img loading=\"lazy\" decoding=\"async\" width=\"1024\" height=\"768\" src=\"https:\/\/chateau-de-valangin.ch\/NEWSITE\/wp-content\/uploads\/2025\/01\/20240728_152306-1024x768.jpg\" class=\"attachment-large size-large\" alt=\"d\u00e9monstration de dentelli\u00e8res\" srcset=\"https:\/\/chateau-de-valangin.ch\/NEWSITE\/wp-content\/uploads\/2025\/01\/20240728_152306-1024x768.jpg 1024w, https:\/\/chateau-de-valangin.ch\/NEWSITE\/wp-content\/uploads\/2025\/01\/20240728_152306-300x225.jpg 300w, https:\/\/chateau-de-valangin.ch\/NEWSITE\/wp-content\/uploads\/2025\/01\/20240728_152306-768x576.jpg 768w, https:\/\/chateau-de-valangin.ch\/NEWSITE\/wp-content\/uploads\/2025\/01\/20240728_152306-1536x1152.jpg 1536w, https:\/\/chateau-de-valangin.ch\/NEWSITE\/wp-content\/uploads\/2025\/01\/20240728_152306-2048x1536.jpg 2048w, https:\/\/chateau-de-valangin.ch\/NEWSITE\/wp-content\/uploads\/2025\/01\/20240728_152306-100x75.jpg 100w, https:\/\/chateau-de-valangin.ch\/NEWSITE\/wp-content\/uploads\/2025\/01\/20240728_152306-960x720.jpg 960w, https:\/\/chateau-de-valangin.ch\/NEWSITE\/wp-content\/uploads\/2025\/01\/20240728_152306-480x360.jpg 480w, https:\/\/chateau-de-valangin.ch\/NEWSITE\/wp-content\/uploads\/2025\/01\/20240728_152306-1320x990.jpg 1320w\" sizes=\"auto, (max-width:767px) 480px, (max-width:1024px) 100vw, 1024px\" \/><\/span><\/a><\/div>\r\n\t<\/div>\r\n<\/div><style>\r\n\t.Extrait_Events_arc{float:left;height:70px;width:100%;background-color:#590630;color:#FFF;margin-top:0px;border-radius:0px;}\r\n\t@media screen and (max-width:900px){.Extrait_Events_arc{height:210px;margin-top:30px;}}\r\n\t.Extrait_Events_Container_arc{height:70px;background-color:#590630;margin:0 auto;text-align:center;}\r\n\t@media screen and (max-width:900px){.Extrait_Events_Container_arc{height:180px;width:100%;}}\r\n\t.Extrait_Events_arc a:hover{text-decoration:none;}\r\n\t.Date_Events_all_arc{float:left;width:20%;height:70px;margin-bottom:10px;}\r\n\t@media screen and (max-width:900px){.Date_Events_all_arc{float:left;width:100%;height:70px;margin-bottom:10px;}}\r\n\t.Date_Events_1_arc{float:left;width:45%;text-align:center;margin-top:5px;}\r\n\t.Date_Events_1_2_arc{float:left;width:32%;text-align:center;margin-top:5px;}\r\n\t.Date_Events_sep_arc{float:left;text-align:center;width:10%;margin-top:-15px;}\r\n\t.Date_Events_2_arc{float:left;width:45%;text-align:center;margin-top:5px;}\r\n\t.timecss_d_arc {font-size:20px;font-weight:500;margin:0;}\r\n\t.timecss_f_arc {font-size:10px;text-transform:uppercase;margin-top:-5px;}\r\n\t.timecss_y_arc {font-size:11px;margin-top:-28px;}\r\n\t.Date_Events_sep_arc{padding-top:20px}\r\n\t.Cat_Events_arc{color:#e3c022;text-transform:uppercase;font-weight:300;letter-spacing:5px;font-size:8px;}\r\n\t@media screen and (max-width:900px){.Cat_Events_arc{float:left;height:20px;width:100%;margin:0 10px;}}\r\n\t.Cat_Events_arc{float:left;height:20px;width:60%;line-height:1.5;margin-top:7px;}\r\n\t@media screen and (max-width:900px){.Cat_Events_arc{float:left;text-align:center;height:20px;width:100%;margin:10px 0 auto;}}\r\n\t@media screen and (max-width:900px){.Cat_Events_arc_cont{margin:0 10px;width:90%;}}\r\n\t.Titre_Events_arc a{float:left;height:50px;width:60%;font-weight:100;font-size:17px;line-height:1.2;color:#fff;text-rendering:auto;margin-top:-10px;}\r\n\t@media screen and (max-width:900px){.Titre_Events_arc a{height:30px;margin:10px 0 auto;width:100%;line-break:auto;}}\r\n\t@media screen and (max-width:900px){.Titre_Events_arc_cont{margin:0 5%;width:90%;}}\r\n\t.Image_Events_arc{float:left;width:20%;overflow:hidden;position:relative;max-height:70px;margin-top:-27px;}\r\n\t@media screen and (max-width:900px){.Image_Events_arc{float:left;max-height:150px;width:100%;margin-top:10px;}}\r\n\t.Date_Events_all_arc,.Cat_Events_arc,.Titre_Events_arc a{display:flex;justify-content:center;align-items:center;}\r\n\t.desk{display:flex;}.mob{display:none;}\r\n\t@media screen and (max-width:900px){.desk{display:none;}.mob{display:flex;}}\r\n<\/style>\r\n\r\n<div class=\"Extrait_Events_arc\">\r\n\t<div class=\"Extrait_Events_Container_arc\">\r\n\t\t4667\r\n\t\t<div class=\"Cat_Events_arc\"><div class=\"Cat_Events_arc_cont\">ANIMATION<\/div><\/div>\r\n\t\t<div class=\"Titre_Events_arc\"><div class=\"Titre_Events_arc_cont\"><a href=\"https:\/\/chateau-de-valangin.ch\/de\/kalender\/demonstration-de-dentellieres-juin-2025\/\">Kl\u00f6pplerinnen zeigen ihre Kunst im Juni 2025<\/a><\/div><\/div>\t\t\r\n\t\t<div class=\"Image_Events_arc\"><a href=\"https:\/\/chateau-de-valangin.ch\/de\/kalender\/demonstration-de-dentellieres-juin-2025\/\"><span class=\"desk\"><img loading=\"lazy\" decoding=\"async\" width=\"300\" height=\"225\" src=\"https:\/\/chateau-de-valangin.ch\/NEWSITE\/wp-content\/uploads\/2021\/08\/img_9200-300x225.jpg\" class=\"attachment-medium size-medium\" alt=\"dentelles historiques du ch\u00e2teau et mus\u00e9e de valangin\" srcset=\"https:\/\/chateau-de-valangin.ch\/NEWSITE\/wp-content\/uploads\/2021\/08\/img_9200-300x225.jpg 300w, https:\/\/chateau-de-valangin.ch\/NEWSITE\/wp-content\/uploads\/2021\/08\/img_9200-1024x768.jpg 1024w, https:\/\/chateau-de-valangin.ch\/NEWSITE\/wp-content\/uploads\/2021\/08\/img_9200-768x576.jpg 768w, https:\/\/chateau-de-valangin.ch\/NEWSITE\/wp-content\/uploads\/2021\/08\/img_9200-1536x1152.jpg 1536w, https:\/\/chateau-de-valangin.ch\/NEWSITE\/wp-content\/uploads\/2021\/08\/img_9200-2048x1536.jpg 2048w, https:\/\/chateau-de-valangin.ch\/NEWSITE\/wp-content\/uploads\/2021\/08\/img_9200-195x146.jpg 195w, https:\/\/chateau-de-valangin.ch\/NEWSITE\/wp-content\/uploads\/2021\/08\/img_9200-50x38.jpg 50w, https:\/\/chateau-de-valangin.ch\/NEWSITE\/wp-content\/uploads\/2021\/08\/img_9200-100x75.jpg 100w, https:\/\/chateau-de-valangin.ch\/NEWSITE\/wp-content\/uploads\/2021\/08\/img_9200-960x720.jpg 960w, https:\/\/chateau-de-valangin.ch\/NEWSITE\/wp-content\/uploads\/2021\/08\/img_9200-1320x990.jpg 1320w\" sizes=\"auto, (max-width:767px) 300px, 300px\" \/><\/span><span class=\"mob\"><img loading=\"lazy\" decoding=\"async\" width=\"1024\" height=\"768\" src=\"https:\/\/chateau-de-valangin.ch\/NEWSITE\/wp-content\/uploads\/2021\/08\/img_9200-1024x768.jpg\" class=\"attachment-large size-large\" alt=\"dentelles historiques du ch\u00e2teau et mus\u00e9e de valangin\" srcset=\"https:\/\/chateau-de-valangin.ch\/NEWSITE\/wp-content\/uploads\/2021\/08\/img_9200-1024x768.jpg 1024w, https:\/\/chateau-de-valangin.ch\/NEWSITE\/wp-content\/uploads\/2021\/08\/img_9200-300x225.jpg 300w, https:\/\/chateau-de-valangin.ch\/NEWSITE\/wp-content\/uploads\/2021\/08\/img_9200-768x576.jpg 768w, https:\/\/chateau-de-valangin.ch\/NEWSITE\/wp-content\/uploads\/2021\/08\/img_9200-1536x1152.jpg 1536w, https:\/\/chateau-de-valangin.ch\/NEWSITE\/wp-content\/uploads\/2021\/08\/img_9200-2048x1536.jpg 2048w, https:\/\/chateau-de-valangin.ch\/NEWSITE\/wp-content\/uploads\/2021\/08\/img_9200-195x146.jpg 195w, https:\/\/chateau-de-valangin.ch\/NEWSITE\/wp-content\/uploads\/2021\/08\/img_9200-50x38.jpg 50w, https:\/\/chateau-de-valangin.ch\/NEWSITE\/wp-content\/uploads\/2021\/08\/img_9200-100x75.jpg 100w, https:\/\/chateau-de-valangin.ch\/NEWSITE\/wp-content\/uploads\/2021\/08\/img_9200-960x720.jpg 960w, https:\/\/chateau-de-valangin.ch\/NEWSITE\/wp-content\/uploads\/2021\/08\/img_9200-1320x990.jpg 1320w\" sizes=\"auto, (max-width:767px) 480px, (max-width:1024px) 100vw, 1024px\" \/><\/span><\/a><\/div>\r\n\t<\/div>\r\n<\/div><style>\r\n\t.Extrait_Events_arc{float:left;height:70px;width:100%;background-color:#590630;color:#FFF;margin-top:0px;border-radius:0px;}\r\n\t@media screen and (max-width:900px){.Extrait_Events_arc{height:210px;margin-top:30px;}}\r\n\t.Extrait_Events_Container_arc{height:70px;background-color:#590630;margin:0 auto;text-align:center;}\r\n\t@media screen and (max-width:900px){.Extrait_Events_Container_arc{height:180px;width:100%;}}\r\n\t.Extrait_Events_arc a:hover{text-decoration:none;}\r\n\t.Date_Events_all_arc{float:left;width:20%;height:70px;margin-bottom:10px;}\r\n\t@media screen and (max-width:900px){.Date_Events_all_arc{float:left;width:100%;height:70px;margin-bottom:10px;}}\r\n\t.Date_Events_1_arc{float:left;width:45%;text-align:center;margin-top:5px;}\r\n\t.Date_Events_1_2_arc{float:left;width:32%;text-align:center;margin-top:5px;}\r\n\t.Date_Events_sep_arc{float:left;text-align:center;width:10%;margin-top:-15px;}\r\n\t.Date_Events_2_arc{float:left;width:45%;text-align:center;margin-top:5px;}\r\n\t.timecss_d_arc {font-size:20px;font-weight:500;margin:0;}\r\n\t.timecss_f_arc {font-size:10px;text-transform:uppercase;margin-top:-5px;}\r\n\t.timecss_y_arc {font-size:11px;margin-top:-28px;}\r\n\t.Date_Events_sep_arc{padding-top:20px}\r\n\t.Cat_Events_arc{color:#e3c022;text-transform:uppercase;font-weight:300;letter-spacing:5px;font-size:8px;}\r\n\t@media screen and (max-width:900px){.Cat_Events_arc{float:left;height:20px;width:100%;margin:0 10px;}}\r\n\t.Cat_Events_arc{float:left;height:20px;width:60%;line-height:1.5;margin-top:7px;}\r\n\t@media screen and (max-width:900px){.Cat_Events_arc{float:left;text-align:center;height:20px;width:100%;margin:10px 0 auto;}}\r\n\t@media screen and (max-width:900px){.Cat_Events_arc_cont{margin:0 10px;width:90%;}}\r\n\t.Titre_Events_arc a{float:left;height:50px;width:60%;font-weight:100;font-size:17px;line-height:1.2;color:#fff;text-rendering:auto;margin-top:-10px;}\r\n\t@media screen and (max-width:900px){.Titre_Events_arc a{height:30px;margin:10px 0 auto;width:100%;line-break:auto;}}\r\n\t@media screen and (max-width:900px){.Titre_Events_arc_cont{margin:0 5%;width:90%;}}\r\n\t.Image_Events_arc{float:left;width:20%;overflow:hidden;position:relative;max-height:70px;margin-top:-27px;}\r\n\t@media screen and (max-width:900px){.Image_Events_arc{float:left;max-height:150px;width:100%;margin-top:10px;}}\r\n\t.Date_Events_all_arc,.Cat_Events_arc,.Titre_Events_arc a{display:flex;justify-content:center;align-items:center;}\r\n\t.desk{display:flex;}.mob{display:none;}\r\n\t@media screen and (max-width:900px){.desk{display:none;}.mob{display:flex;}}\r\n<\/style>\r\n\r\n<div class=\"Extrait_Events_arc\">\r\n\t<div class=\"Extrait_Events_Container_arc\">\r\n\t\t4666\r\n\t\t<div class=\"Cat_Events_arc\"><div class=\"Cat_Events_arc_cont\">ANIMATION<\/div><\/div>\r\n\t\t<div class=\"Titre_Events_arc\"><div class=\"Titre_Events_arc_cont\"><a href=\"https:\/\/chateau-de-valangin.ch\/de\/kalender\/demonstration-de-dentellieres-mai-2025\/\">Kl\u00f6pplerinnen zeigen ihre Kunst im Mai 2025<\/a><\/div><\/div>\t\t\r\n\t\t<div class=\"Image_Events_arc\"><a href=\"https:\/\/chateau-de-valangin.ch\/de\/kalender\/demonstration-de-dentellieres-mai-2025\/\"><span class=\"desk\"><img loading=\"lazy\" decoding=\"async\" width=\"300\" height=\"225\" src=\"https:\/\/chateau-de-valangin.ch\/NEWSITE\/wp-content\/uploads\/2025\/01\/20240728_152703-300x225.jpg\" class=\"attachment-medium size-medium\" alt=\"d\u00e9monstration de dentelli\u00e8res\" srcset=\"https:\/\/chateau-de-valangin.ch\/NEWSITE\/wp-content\/uploads\/2025\/01\/20240728_152703-300x225.jpg 300w, https:\/\/chateau-de-valangin.ch\/NEWSITE\/wp-content\/uploads\/2025\/01\/20240728_152703-1024x768.jpg 1024w, https:\/\/chateau-de-valangin.ch\/NEWSITE\/wp-content\/uploads\/2025\/01\/20240728_152703-768x576.jpg 768w, https:\/\/chateau-de-valangin.ch\/NEWSITE\/wp-content\/uploads\/2025\/01\/20240728_152703-1536x1152.jpg 1536w, https:\/\/chateau-de-valangin.ch\/NEWSITE\/wp-content\/uploads\/2025\/01\/20240728_152703-2048x1536.jpg 2048w, https:\/\/chateau-de-valangin.ch\/NEWSITE\/wp-content\/uploads\/2025\/01\/20240728_152703-100x75.jpg 100w, https:\/\/chateau-de-valangin.ch\/NEWSITE\/wp-content\/uploads\/2025\/01\/20240728_152703-960x720.jpg 960w, https:\/\/chateau-de-valangin.ch\/NEWSITE\/wp-content\/uploads\/2025\/01\/20240728_152703-480x360.jpg 480w, https:\/\/chateau-de-valangin.ch\/NEWSITE\/wp-content\/uploads\/2025\/01\/20240728_152703-1320x990.jpg 1320w\" sizes=\"auto, (max-width:767px) 300px, 300px\" \/><\/span><span class=\"mob\"><img loading=\"lazy\" decoding=\"async\" width=\"1024\" height=\"768\" src=\"https:\/\/chateau-de-valangin.ch\/NEWSITE\/wp-content\/uploads\/2025\/01\/20240728_152703-1024x768.jpg\" class=\"attachment-large size-large\" alt=\"d\u00e9monstration de dentelli\u00e8res\" srcset=\"https:\/\/chateau-de-valangin.ch\/NEWSITE\/wp-content\/uploads\/2025\/01\/20240728_152703-1024x768.jpg 1024w, https:\/\/chateau-de-valangin.ch\/NEWSITE\/wp-content\/uploads\/2025\/01\/20240728_152703-300x225.jpg 300w, https:\/\/chateau-de-valangin.ch\/NEWSITE\/wp-content\/uploads\/2025\/01\/20240728_152703-768x576.jpg 768w, https:\/\/chateau-de-valangin.ch\/NEWSITE\/wp-content\/uploads\/2025\/01\/20240728_152703-1536x1152.jpg 1536w, https:\/\/chateau-de-valangin.ch\/NEWSITE\/wp-content\/uploads\/2025\/01\/20240728_152703-2048x1536.jpg 2048w, https:\/\/chateau-de-valangin.ch\/NEWSITE\/wp-content\/uploads\/2025\/01\/20240728_152703-100x75.jpg 100w, https:\/\/chateau-de-valangin.ch\/NEWSITE\/wp-content\/uploads\/2025\/01\/20240728_152703-960x720.jpg 960w, https:\/\/chateau-de-valangin.ch\/NEWSITE\/wp-content\/uploads\/2025\/01\/20240728_152703-480x360.jpg 480w, https:\/\/chateau-de-valangin.ch\/NEWSITE\/wp-content\/uploads\/2025\/01\/20240728_152703-1320x990.jpg 1320w\" sizes=\"auto, (max-width:767px) 480px, (max-width:1024px) 100vw, 1024px\" \/><\/span><\/a><\/div>\r\n\t<\/div>\r\n<\/div><style>\r\n\t.Extrait_Events_arc{float:left;height:70px;width:100%;background-color:#590630;color:#FFF;margin-top:0px;border-radius:0px;}\r\n\t@media screen and (max-width:900px){.Extrait_Events_arc{height:210px;margin-top:30px;}}\r\n\t.Extrait_Events_Container_arc{height:70px;background-color:#590630;margin:0 auto;text-align:center;}\r\n\t@media screen and (max-width:900px){.Extrait_Events_Container_arc{height:180px;width:100%;}}\r\n\t.Extrait_Events_arc a:hover{text-decoration:none;}\r\n\t.Date_Events_all_arc{float:left;width:20%;height:70px;margin-bottom:10px;}\r\n\t@media screen and (max-width:900px){.Date_Events_all_arc{float:left;width:100%;height:70px;margin-bottom:10px;}}\r\n\t.Date_Events_1_arc{float:left;width:45%;text-align:center;margin-top:5px;}\r\n\t.Date_Events_1_2_arc{float:left;width:32%;text-align:center;margin-top:5px;}\r\n\t.Date_Events_sep_arc{float:left;text-align:center;width:10%;margin-top:-15px;}\r\n\t.Date_Events_2_arc{float:left;width:45%;text-align:center;margin-top:5px;}\r\n\t.timecss_d_arc {font-size:20px;font-weight:500;margin:0;}\r\n\t.timecss_f_arc {font-size:10px;text-transform:uppercase;margin-top:-5px;}\r\n\t.timecss_y_arc {font-size:11px;margin-top:-28px;}\r\n\t.Date_Events_sep_arc{padding-top:20px}\r\n\t.Cat_Events_arc{color:#e3c022;text-transform:uppercase;font-weight:300;letter-spacing:5px;font-size:8px;}\r\n\t@media screen and (max-width:900px){.Cat_Events_arc{float:left;height:20px;width:100%;margin:0 10px;}}\r\n\t.Cat_Events_arc{float:left;height:20px;width:60%;line-height:1.5;margin-top:7px;}\r\n\t@media screen and (max-width:900px){.Cat_Events_arc{float:left;text-align:center;height:20px;width:100%;margin:10px 0 auto;}}\r\n\t@media screen and (max-width:900px){.Cat_Events_arc_cont{margin:0 10px;width:90%;}}\r\n\t.Titre_Events_arc a{float:left;height:50px;width:60%;font-weight:100;font-size:17px;line-height:1.2;color:#fff;text-rendering:auto;margin-top:-10px;}\r\n\t@media screen and (max-width:900px){.Titre_Events_arc a{height:30px;margin:10px 0 auto;width:100%;line-break:auto;}}\r\n\t@media screen and (max-width:900px){.Titre_Events_arc_cont{margin:0 5%;width:90%;}}\r\n\t.Image_Events_arc{float:left;width:20%;overflow:hidden;position:relative;max-height:70px;margin-top:-27px;}\r\n\t@media screen and (max-width:900px){.Image_Events_arc{float:left;max-height:150px;width:100%;margin-top:10px;}}\r\n\t.Date_Events_all_arc,.Cat_Events_arc,.Titre_Events_arc a{display:flex;justify-content:center;align-items:center;}\r\n\t.desk{display:flex;}.mob{display:none;}\r\n\t@media screen and (max-width:900px){.desk{display:none;}.mob{display:flex;}}\r\n<\/style>\r\n\r\n<div class=\"Extrait_Events_arc\">\r\n\t<div class=\"Extrait_Events_Container_arc\">\r\n\t\t4725\r\n\t\t<div class=\"Cat_Events_arc\"><div class=\"Cat_Events_arc_cont\">ANIMATION und VERANSTALTUNG<\/div><\/div>\r\n\t\t<div class=\"Titre_Events_arc\"><div class=\"Titre_Events_arc_cont\"><a href=\"https:\/\/chateau-de-valangin.ch\/de\/kalender\/journee-des-musees-2025\/\">Journ\u00e9e des mus\u00e9es 2025<\/a><\/div><\/div>\t\t\r\n\t\t<div class=\"Image_Events_arc\"><a href=\"https:\/\/chateau-de-valangin.ch\/de\/kalender\/journee-des-musees-2025\/\"><span class=\"desk\"><\/span><span class=\"mob\"><\/span><\/a><\/div>\r\n\t<\/div>\r\n<\/div><style>\r\n\t.Extrait_Events_arc{float:left;height:70px;width:100%;background-color:#590630;color:#FFF;margin-top:0px;border-radius:0px;}\r\n\t@media screen and (max-width:900px){.Extrait_Events_arc{height:210px;margin-top:30px;}}\r\n\t.Extrait_Events_Container_arc{height:70px;background-color:#590630;margin:0 auto;text-align:center;}\r\n\t@media screen and (max-width:900px){.Extrait_Events_Container_arc{height:180px;width:100%;}}\r\n\t.Extrait_Events_arc a:hover{text-decoration:none;}\r\n\t.Date_Events_all_arc{float:left;width:20%;height:70px;margin-bottom:10px;}\r\n\t@media screen and (max-width:900px){.Date_Events_all_arc{float:left;width:100%;height:70px;margin-bottom:10px;}}\r\n\t.Date_Events_1_arc{float:left;width:45%;text-align:center;margin-top:5px;}\r\n\t.Date_Events_1_2_arc{float:left;width:32%;text-align:center;margin-top:5px;}\r\n\t.Date_Events_sep_arc{float:left;text-align:center;width:10%;margin-top:-15px;}\r\n\t.Date_Events_2_arc{float:left;width:45%;text-align:center;margin-top:5px;}\r\n\t.timecss_d_arc {font-size:20px;font-weight:500;margin:0;}\r\n\t.timecss_f_arc {font-size:10px;text-transform:uppercase;margin-top:-5px;}\r\n\t.timecss_y_arc {font-size:11px;margin-top:-28px;}\r\n\t.Date_Events_sep_arc{padding-top:20px}\r\n\t.Cat_Events_arc{color:#e3c022;text-transform:uppercase;font-weight:300;letter-spacing:5px;font-size:8px;}\r\n\t@media screen and (max-width:900px){.Cat_Events_arc{float:left;height:20px;width:100%;margin:0 10px;}}\r\n\t.Cat_Events_arc{float:left;height:20px;width:60%;line-height:1.5;margin-top:7px;}\r\n\t@media screen and (max-width:900px){.Cat_Events_arc{float:left;text-align:center;height:20px;width:100%;margin:10px 0 auto;}}\r\n\t@media screen and (max-width:900px){.Cat_Events_arc_cont{margin:0 10px;width:90%;}}\r\n\t.Titre_Events_arc a{float:left;height:50px;width:60%;font-weight:100;font-size:17px;line-height:1.2;color:#fff;text-rendering:auto;margin-top:-10px;}\r\n\t@media screen and (max-width:900px){.Titre_Events_arc a{height:30px;margin:10px 0 auto;width:100%;line-break:auto;}}\r\n\t@media screen and (max-width:900px){.Titre_Events_arc_cont{margin:0 5%;width:90%;}}\r\n\t.Image_Events_arc{float:left;width:20%;overflow:hidden;position:relative;max-height:70px;margin-top:-27px;}\r\n\t@media screen and (max-width:900px){.Image_Events_arc{float:left;max-height:150px;width:100%;margin-top:10px;}}\r\n\t.Date_Events_all_arc,.Cat_Events_arc,.Titre_Events_arc a{display:flex;justify-content:center;align-items:center;}\r\n\t.desk{display:flex;}.mob{display:none;}\r\n\t@media screen and (max-width:900px){.desk{display:none;}.mob{display:flex;}}\r\n<\/style>\r\n\r\n<div class=\"Extrait_Events_arc\">\r\n\t<div class=\"Extrait_Events_Container_arc\">\r\n\t\t4697\r\n\t\t<div class=\"Cat_Events_arc\"><div class=\"Cat_Events_arc_cont\">VERANSTALTUNG<\/div><\/div>\r\n\t\t<div class=\"Titre_Events_arc\"><div class=\"Titre_Events_arc_cont\"><a href=\"https:\/\/chateau-de-valangin.ch\/de\/kalender\/vernissage-de-lexposition-au-poil-une-histoire-chevelue-et-poilue\/\">Vernissage der Sonderausstellung &#8222;Au Poil &#8211; Une histoire chevelue et poilue&#8220;<\/a><\/div><\/div>\t\t\r\n\t\t<div class=\"Image_Events_arc\"><a href=\"https:\/\/chateau-de-valangin.ch\/de\/kalender\/vernissage-de-lexposition-au-poil-une-histoire-chevelue-et-poilue\/\"><span class=\"desk\"><img loading=\"lazy\" decoding=\"async\" width=\"300\" height=\"76\" src=\"https:\/\/chateau-de-valangin.ch\/NEWSITE\/wp-content\/uploads\/2025\/02\/whatsapp-bild-2025-02-04-um-17.53.59_f90b7e63-300x76.jpg\" class=\"attachment-medium size-medium\" alt=\"au poil une histoire chevelue et poilue\" srcset=\"https:\/\/chateau-de-valangin.ch\/NEWSITE\/wp-content\/uploads\/2025\/02\/whatsapp-bild-2025-02-04-um-17.53.59_f90b7e63-300x76.jpg 300w, https:\/\/chateau-de-valangin.ch\/NEWSITE\/wp-content\/uploads\/2025\/02\/whatsapp-bild-2025-02-04-um-17.53.59_f90b7e63-768x195.jpg 768w, https:\/\/chateau-de-valangin.ch\/NEWSITE\/wp-content\/uploads\/2025\/02\/whatsapp-bild-2025-02-04-um-17.53.59_f90b7e63-150x38.jpg 150w, https:\/\/chateau-de-valangin.ch\/NEWSITE\/wp-content\/uploads\/2025\/02\/whatsapp-bild-2025-02-04-um-17.53.59_f90b7e63-480x122.jpg 480w, https:\/\/chateau-de-valangin.ch\/NEWSITE\/wp-content\/uploads\/2025\/02\/whatsapp-bild-2025-02-04-um-17.53.59_f90b7e63.jpg 837w\" sizes=\"auto, (max-width:767px) 300px, 300px\" \/><\/span><span class=\"mob\"><img loading=\"lazy\" decoding=\"async\" width=\"837\" height=\"213\" src=\"https:\/\/chateau-de-valangin.ch\/NEWSITE\/wp-content\/uploads\/2025\/02\/whatsapp-bild-2025-02-04-um-17.53.59_f90b7e63.jpg\" class=\"attachment-large size-large\" alt=\"au poil une histoire chevelue et poilue\" srcset=\"https:\/\/chateau-de-valangin.ch\/NEWSITE\/wp-content\/uploads\/2025\/02\/whatsapp-bild-2025-02-04-um-17.53.59_f90b7e63.jpg 837w, https:\/\/chateau-de-valangin.ch\/NEWSITE\/wp-content\/uploads\/2025\/02\/whatsapp-bild-2025-02-04-um-17.53.59_f90b7e63-300x76.jpg 300w, https:\/\/chateau-de-valangin.ch\/NEWSITE\/wp-content\/uploads\/2025\/02\/whatsapp-bild-2025-02-04-um-17.53.59_f90b7e63-768x195.jpg 768w, https:\/\/chateau-de-valangin.ch\/NEWSITE\/wp-content\/uploads\/2025\/02\/whatsapp-bild-2025-02-04-um-17.53.59_f90b7e63-150x38.jpg 150w, https:\/\/chateau-de-valangin.ch\/NEWSITE\/wp-content\/uploads\/2025\/02\/whatsapp-bild-2025-02-04-um-17.53.59_f90b7e63-480x122.jpg 480w\" sizes=\"auto, (max-width:767px) 480px, (max-width:837px) 100vw, 837px\" \/><\/span><\/a><\/div>\r\n\t<\/div>\r\n<\/div><style>\r\n\t.Extrait_Events_arc{float:left;height:70px;width:100%;background-color:#590630;color:#FFF;margin-top:0px;border-radius:0px;}\r\n\t@media screen and (max-width:900px){.Extrait_Events_arc{height:210px;margin-top:30px;}}\r\n\t.Extrait_Events_Container_arc{height:70px;background-color:#590630;margin:0 auto;text-align:center;}\r\n\t@media screen and (max-width:900px){.Extrait_Events_Container_arc{height:180px;width:100%;}}\r\n\t.Extrait_Events_arc a:hover{text-decoration:none;}\r\n\t.Date_Events_all_arc{float:left;width:20%;height:70px;margin-bottom:10px;}\r\n\t@media screen and (max-width:900px){.Date_Events_all_arc{float:left;width:100%;height:70px;margin-bottom:10px;}}\r\n\t.Date_Events_1_arc{float:left;width:45%;text-align:center;margin-top:5px;}\r\n\t.Date_Events_1_2_arc{float:left;width:32%;text-align:center;margin-top:5px;}\r\n\t.Date_Events_sep_arc{float:left;text-align:center;width:10%;margin-top:-15px;}\r\n\t.Date_Events_2_arc{float:left;width:45%;text-align:center;margin-top:5px;}\r\n\t.timecss_d_arc {font-size:20px;font-weight:500;margin:0;}\r\n\t.timecss_f_arc {font-size:10px;text-transform:uppercase;margin-top:-5px;}\r\n\t.timecss_y_arc {font-size:11px;margin-top:-28px;}\r\n\t.Date_Events_sep_arc{padding-top:20px}\r\n\t.Cat_Events_arc{color:#e3c022;text-transform:uppercase;font-weight:300;letter-spacing:5px;font-size:8px;}\r\n\t@media screen and (max-width:900px){.Cat_Events_arc{float:left;height:20px;width:100%;margin:0 10px;}}\r\n\t.Cat_Events_arc{float:left;height:20px;width:60%;line-height:1.5;margin-top:7px;}\r\n\t@media screen and (max-width:900px){.Cat_Events_arc{float:left;text-align:center;height:20px;width:100%;margin:10px 0 auto;}}\r\n\t@media screen and (max-width:900px){.Cat_Events_arc_cont{margin:0 10px;width:90%;}}\r\n\t.Titre_Events_arc a{float:left;height:50px;width:60%;font-weight:100;font-size:17px;line-height:1.2;color:#fff;text-rendering:auto;margin-top:-10px;}\r\n\t@media screen and (max-width:900px){.Titre_Events_arc a{height:30px;margin:10px 0 auto;width:100%;line-break:auto;}}\r\n\t@media screen and (max-width:900px){.Titre_Events_arc_cont{margin:0 5%;width:90%;}}\r\n\t.Image_Events_arc{float:left;width:20%;overflow:hidden;position:relative;max-height:70px;margin-top:-27px;}\r\n\t@media screen and (max-width:900px){.Image_Events_arc{float:left;max-height:150px;width:100%;margin-top:10px;}}\r\n\t.Date_Events_all_arc,.Cat_Events_arc,.Titre_Events_arc a{display:flex;justify-content:center;align-items:center;}\r\n\t.desk{display:flex;}.mob{display:none;}\r\n\t@media screen and (max-width:900px){.desk{display:none;}.mob{display:flex;}}\r\n<\/style>\r\n\r\n<div class=\"Extrait_Events_arc\">\r\n\t<div class=\"Extrait_Events_Container_arc\">\r\n\t\t4665\r\n\t\t<div class=\"Cat_Events_arc\"><div class=\"Cat_Events_arc_cont\">ANIMATION<\/div><\/div>\r\n\t\t<div class=\"Titre_Events_arc\"><div class=\"Titre_Events_arc_cont\"><a href=\"https:\/\/chateau-de-valangin.ch\/de\/kalender\/demonstration-de-dentellieres-avril-2025\/\">Kl\u00f6pplerinnen zeigen ihre Kunst im April 2025<\/a><\/div><\/div>\t\t\r\n\t\t<div class=\"Image_Events_arc\"><a href=\"https:\/\/chateau-de-valangin.ch\/de\/kalender\/demonstration-de-dentellieres-avril-2025\/\"><span class=\"desk\"><img loading=\"lazy\" decoding=\"async\" width=\"300\" height=\"225\" src=\"https:\/\/chateau-de-valangin.ch\/NEWSITE\/wp-content\/uploads\/2021\/08\/img_9154-300x225.jpg\" class=\"attachment-medium size-medium\" alt=\"Dentelli\u00e8res, dentelles\" srcset=\"https:\/\/chateau-de-valangin.ch\/NEWSITE\/wp-content\/uploads\/2021\/08\/img_9154-300x225.jpg 300w, https:\/\/chateau-de-valangin.ch\/NEWSITE\/wp-content\/uploads\/2021\/08\/img_9154-1024x768.jpg 1024w, https:\/\/chateau-de-valangin.ch\/NEWSITE\/wp-content\/uploads\/2021\/08\/img_9154-768x576.jpg 768w, https:\/\/chateau-de-valangin.ch\/NEWSITE\/wp-content\/uploads\/2021\/08\/img_9154-1536x1152.jpg 1536w, https:\/\/chateau-de-valangin.ch\/NEWSITE\/wp-content\/uploads\/2021\/08\/img_9154-2048x1536.jpg 2048w, https:\/\/chateau-de-valangin.ch\/NEWSITE\/wp-content\/uploads\/2021\/08\/img_9154-195x146.jpg 195w, https:\/\/chateau-de-valangin.ch\/NEWSITE\/wp-content\/uploads\/2021\/08\/img_9154-50x38.jpg 50w, https:\/\/chateau-de-valangin.ch\/NEWSITE\/wp-content\/uploads\/2021\/08\/img_9154-100x75.jpg 100w, https:\/\/chateau-de-valangin.ch\/NEWSITE\/wp-content\/uploads\/2021\/08\/img_9154-960x720.jpg 960w, https:\/\/chateau-de-valangin.ch\/NEWSITE\/wp-content\/uploads\/2021\/08\/img_9154-1320x990.jpg 1320w\" sizes=\"auto, (max-width:767px) 300px, 300px\" \/><\/span><span class=\"mob\"><img loading=\"lazy\" decoding=\"async\" width=\"1024\" height=\"768\" src=\"https:\/\/chateau-de-valangin.ch\/NEWSITE\/wp-content\/uploads\/2021\/08\/img_9154-1024x768.jpg\" class=\"attachment-large size-large\" alt=\"Dentelli\u00e8res, dentelles\" srcset=\"https:\/\/chateau-de-valangin.ch\/NEWSITE\/wp-content\/uploads\/2021\/08\/img_9154-1024x768.jpg 1024w, https:\/\/chateau-de-valangin.ch\/NEWSITE\/wp-content\/uploads\/2021\/08\/img_9154-300x225.jpg 300w, https:\/\/chateau-de-valangin.ch\/NEWSITE\/wp-content\/uploads\/2021\/08\/img_9154-768x576.jpg 768w, https:\/\/chateau-de-valangin.ch\/NEWSITE\/wp-content\/uploads\/2021\/08\/img_9154-1536x1152.jpg 1536w, https:\/\/chateau-de-valangin.ch\/NEWSITE\/wp-content\/uploads\/2021\/08\/img_9154-2048x1536.jpg 2048w, https:\/\/chateau-de-valangin.ch\/NEWSITE\/wp-content\/uploads\/2021\/08\/img_9154-195x146.jpg 195w, https:\/\/chateau-de-valangin.ch\/NEWSITE\/wp-content\/uploads\/2021\/08\/img_9154-50x38.jpg 50w, https:\/\/chateau-de-valangin.ch\/NEWSITE\/wp-content\/uploads\/2021\/08\/img_9154-100x75.jpg 100w, https:\/\/chateau-de-valangin.ch\/NEWSITE\/wp-content\/uploads\/2021\/08\/img_9154-960x720.jpg 960w, https:\/\/chateau-de-valangin.ch\/NEWSITE\/wp-content\/uploads\/2021\/08\/img_9154-1320x990.jpg 1320w\" sizes=\"auto, (max-width:767px) 480px, (max-width:1024px) 100vw, 1024px\" \/><\/span><\/a><\/div>\r\n\t<\/div>\r\n<\/div><style>\r\n\t.Extrait_Events_arc{float:left;height:70px;width:100%;background-color:#590630;color:#FFF;margin-top:0px;border-radius:0px;}\r\n\t@media screen and (max-width:900px){.Extrait_Events_arc{height:210px;margin-top:30px;}}\r\n\t.Extrait_Events_Container_arc{height:70px;background-color:#590630;margin:0 auto;text-align:center;}\r\n\t@media screen and (max-width:900px){.Extrait_Events_Container_arc{height:180px;width:100%;}}\r\n\t.Extrait_Events_arc a:hover{text-decoration:none;}\r\n\t.Date_Events_all_arc{float:left;width:20%;height:70px;margin-bottom:10px;}\r\n\t@media screen and (max-width:900px){.Date_Events_all_arc{float:left;width:100%;height:70px;margin-bottom:10px;}}\r\n\t.Date_Events_1_arc{float:left;width:45%;text-align:center;margin-top:5px;}\r\n\t.Date_Events_1_2_arc{float:left;width:32%;text-align:center;margin-top:5px;}\r\n\t.Date_Events_sep_arc{float:left;text-align:center;width:10%;margin-top:-15px;}\r\n\t.Date_Events_2_arc{float:left;width:45%;text-align:center;margin-top:5px;}\r\n\t.timecss_d_arc {font-size:20px;font-weight:500;margin:0;}\r\n\t.timecss_f_arc {font-size:10px;text-transform:uppercase;margin-top:-5px;}\r\n\t.timecss_y_arc {font-size:11px;margin-top:-28px;}\r\n\t.Date_Events_sep_arc{padding-top:20px}\r\n\t.Cat_Events_arc{color:#e3c022;text-transform:uppercase;font-weight:300;letter-spacing:5px;font-size:8px;}\r\n\t@media screen and (max-width:900px){.Cat_Events_arc{float:left;height:20px;width:100%;margin:0 10px;}}\r\n\t.Cat_Events_arc{float:left;height:20px;width:60%;line-height:1.5;margin-top:7px;}\r\n\t@media screen and (max-width:900px){.Cat_Events_arc{float:left;text-align:center;height:20px;width:100%;margin:10px 0 auto;}}\r\n\t@media screen and (max-width:900px){.Cat_Events_arc_cont{margin:0 10px;width:90%;}}\r\n\t.Titre_Events_arc a{float:left;height:50px;width:60%;font-weight:100;font-size:17px;line-height:1.2;color:#fff;text-rendering:auto;margin-top:-10px;}\r\n\t@media screen and (max-width:900px){.Titre_Events_arc a{height:30px;margin:10px 0 auto;width:100%;line-break:auto;}}\r\n\t@media screen and (max-width:900px){.Titre_Events_arc_cont{margin:0 5%;width:90%;}}\r\n\t.Image_Events_arc{float:left;width:20%;overflow:hidden;position:relative;max-height:70px;margin-top:-27px;}\r\n\t@media screen and (max-width:900px){.Image_Events_arc{float:left;max-height:150px;width:100%;margin-top:10px;}}\r\n\t.Date_Events_all_arc,.Cat_Events_arc,.Titre_Events_arc a{display:flex;justify-content:center;align-items:center;}\r\n\t.desk{display:flex;}.mob{display:none;}\r\n\t@media screen and (max-width:900px){.desk{display:none;}.mob{display:flex;}}\r\n<\/style>\r\n\r\n<div class=\"Extrait_Events_arc\">\r\n\t<div class=\"Extrait_Events_Container_arc\">\r\n\t\t4724\r\n\t\t<div class=\"Cat_Events_arc\"><div class=\"Cat_Events_arc_cont\">VORTRAG<\/div><\/div>\r\n\t\t<div class=\"Titre_Events_arc\"><div class=\"Titre_Events_arc_cont\"><a href=\"https:\/\/chateau-de-valangin.ch\/de\/kalender\/lhistoire-toxique-de-la-mode\/\">L\u2019histoire toxique de la mode &#8211; entre plumes et fourrures<\/a><\/div><\/div>\t\t\r\n\t\t<div class=\"Image_Events_arc\"><a href=\"https:\/\/chateau-de-valangin.ch\/de\/kalender\/lhistoire-toxique-de-la-mode\/\"><span class=\"desk\"><\/span><span class=\"mob\"><\/span><\/a><\/div>\r\n\t<\/div>\r\n<\/div><style>\r\n\t.Extrait_Events_arc{float:left;height:70px;width:100%;background-color:#590630;color:#FFF;margin-top:0px;border-radius:0px;}\r\n\t@media screen and (max-width:900px){.Extrait_Events_arc{height:210px;margin-top:30px;}}\r\n\t.Extrait_Events_Container_arc{height:70px;background-color:#590630;margin:0 auto;text-align:center;}\r\n\t@media screen and (max-width:900px){.Extrait_Events_Container_arc{height:180px;width:100%;}}\r\n\t.Extrait_Events_arc a:hover{text-decoration:none;}\r\n\t.Date_Events_all_arc{float:left;width:20%;height:70px;margin-bottom:10px;}\r\n\t@media screen and (max-width:900px){.Date_Events_all_arc{float:left;width:100%;height:70px;margin-bottom:10px;}}\r\n\t.Date_Events_1_arc{float:left;width:45%;text-align:center;margin-top:5px;}\r\n\t.Date_Events_1_2_arc{float:left;width:32%;text-align:center;margin-top:5px;}\r\n\t.Date_Events_sep_arc{float:left;text-align:center;width:10%;margin-top:-15px;}\r\n\t.Date_Events_2_arc{float:left;width:45%;text-align:center;margin-top:5px;}\r\n\t.timecss_d_arc {font-size:20px;font-weight:500;margin:0;}\r\n\t.timecss_f_arc {font-size:10px;text-transform:uppercase;margin-top:-5px;}\r\n\t.timecss_y_arc {font-size:11px;margin-top:-28px;}\r\n\t.Date_Events_sep_arc{padding-top:20px}\r\n\t.Cat_Events_arc{color:#e3c022;text-transform:uppercase;font-weight:300;letter-spacing:5px;font-size:8px;}\r\n\t@media screen and (max-width:900px){.Cat_Events_arc{float:left;height:20px;width:100%;margin:0 10px;}}\r\n\t.Cat_Events_arc{float:left;height:20px;width:60%;line-height:1.5;margin-top:7px;}\r\n\t@media screen and (max-width:900px){.Cat_Events_arc{float:left;text-align:center;height:20px;width:100%;margin:10px 0 auto;}}\r\n\t@media screen and (max-width:900px){.Cat_Events_arc_cont{margin:0 10px;width:90%;}}\r\n\t.Titre_Events_arc a{float:left;height:50px;width:60%;font-weight:100;font-size:17px;line-height:1.2;color:#fff;text-rendering:auto;margin-top:-10px;}\r\n\t@media screen and (max-width:900px){.Titre_Events_arc a{height:30px;margin:10px 0 auto;width:100%;line-break:auto;}}\r\n\t@media screen and (max-width:900px){.Titre_Events_arc_cont{margin:0 5%;width:90%;}}\r\n\t.Image_Events_arc{float:left;width:20%;overflow:hidden;position:relative;max-height:70px;margin-top:-27px;}\r\n\t@media screen and (max-width:900px){.Image_Events_arc{float:left;max-height:150px;width:100%;margin-top:10px;}}\r\n\t.Date_Events_all_arc,.Cat_Events_arc,.Titre_Events_arc a{display:flex;justify-content:center;align-items:center;}\r\n\t.desk{display:flex;}.mob{display:none;}\r\n\t@media screen and (max-width:900px){.desk{display:none;}.mob{display:flex;}}\r\n<\/style>\r\n\r\n<div class=\"Extrait_Events_arc\">\r\n\t<div class=\"Extrait_Events_Container_arc\">\r\n\t\t4623\r\n\t\t<div class=\"Cat_Events_arc\"><div class=\"Cat_Events_arc_cont\">ANIMATION<\/div><\/div>\r\n\t\t<div class=\"Titre_Events_arc\"><div class=\"Titre_Events_arc_cont\"><a href=\"https:\/\/chateau-de-valangin.ch\/de\/kalender\/demonstration-de-dentellieres-mars-2025\/\">Kl\u00f6pplerinnen zeigen ihre Kunst<\/a><\/div><\/div>\t\t\r\n\t\t<div class=\"Image_Events_arc\"><a href=\"https:\/\/chateau-de-valangin.ch\/de\/kalender\/demonstration-de-dentellieres-mars-2025\/\"><span class=\"desk\"><img loading=\"lazy\" decoding=\"async\" width=\"300\" height=\"225\" src=\"https:\/\/chateau-de-valangin.ch\/NEWSITE\/wp-content\/uploads\/2025\/01\/20240728_152602-300x225.jpg\" class=\"attachment-medium size-medium\" alt=\"d\u00e9monstration de dentelles aux fuseaux\" srcset=\"https:\/\/chateau-de-valangin.ch\/NEWSITE\/wp-content\/uploads\/2025\/01\/20240728_152602-300x225.jpg 300w, https:\/\/chateau-de-valangin.ch\/NEWSITE\/wp-content\/uploads\/2025\/01\/20240728_152602-1024x768.jpg 1024w, https:\/\/chateau-de-valangin.ch\/NEWSITE\/wp-content\/uploads\/2025\/01\/20240728_152602-768x576.jpg 768w, https:\/\/chateau-de-valangin.ch\/NEWSITE\/wp-content\/uploads\/2025\/01\/20240728_152602-1536x1152.jpg 1536w, https:\/\/chateau-de-valangin.ch\/NEWSITE\/wp-content\/uploads\/2025\/01\/20240728_152602-2048x1536.jpg 2048w, https:\/\/chateau-de-valangin.ch\/NEWSITE\/wp-content\/uploads\/2025\/01\/20240728_152602-100x75.jpg 100w, https:\/\/chateau-de-valangin.ch\/NEWSITE\/wp-content\/uploads\/2025\/01\/20240728_152602-960x720.jpg 960w, https:\/\/chateau-de-valangin.ch\/NEWSITE\/wp-content\/uploads\/2025\/01\/20240728_152602-480x360.jpg 480w, https:\/\/chateau-de-valangin.ch\/NEWSITE\/wp-content\/uploads\/2025\/01\/20240728_152602-1320x990.jpg 1320w\" sizes=\"auto, (max-width:767px) 300px, 300px\" \/><\/span><span class=\"mob\"><img loading=\"lazy\" decoding=\"async\" width=\"1024\" height=\"768\" src=\"https:\/\/chateau-de-valangin.ch\/NEWSITE\/wp-content\/uploads\/2025\/01\/20240728_152602-1024x768.jpg\" class=\"attachment-large size-large\" alt=\"d\u00e9monstration de dentelles aux fuseaux\" srcset=\"https:\/\/chateau-de-valangin.ch\/NEWSITE\/wp-content\/uploads\/2025\/01\/20240728_152602-1024x768.jpg 1024w, https:\/\/chateau-de-valangin.ch\/NEWSITE\/wp-content\/uploads\/2025\/01\/20240728_152602-300x225.jpg 300w, https:\/\/chateau-de-valangin.ch\/NEWSITE\/wp-content\/uploads\/2025\/01\/20240728_152602-768x576.jpg 768w, https:\/\/chateau-de-valangin.ch\/NEWSITE\/wp-content\/uploads\/2025\/01\/20240728_152602-1536x1152.jpg 1536w, https:\/\/chateau-de-valangin.ch\/NEWSITE\/wp-content\/uploads\/2025\/01\/20240728_152602-2048x1536.jpg 2048w, https:\/\/chateau-de-valangin.ch\/NEWSITE\/wp-content\/uploads\/2025\/01\/20240728_152602-100x75.jpg 100w, https:\/\/chateau-de-valangin.ch\/NEWSITE\/wp-content\/uploads\/2025\/01\/20240728_152602-960x720.jpg 960w, https:\/\/chateau-de-valangin.ch\/NEWSITE\/wp-content\/uploads\/2025\/01\/20240728_152602-480x360.jpg 480w, https:\/\/chateau-de-valangin.ch\/NEWSITE\/wp-content\/uploads\/2025\/01\/20240728_152602-1320x990.jpg 1320w\" sizes=\"auto, (max-width:767px) 480px, (max-width:1024px) 100vw, 1024px\" \/><\/span><\/a><\/div>\r\n\t<\/div>\r\n<\/div><style>\r\n\t.Extrait_Events_arc{float:left;height:70px;width:100%;background-color:#590630;color:#FFF;margin-top:0px;border-radius:0px;}\r\n\t@media screen and (max-width:900px){.Extrait_Events_arc{height:210px;margin-top:30px;}}\r\n\t.Extrait_Events_Container_arc{height:70px;background-color:#590630;margin:0 auto;text-align:center;}\r\n\t@media screen and (max-width:900px){.Extrait_Events_Container_arc{height:180px;width:100%;}}\r\n\t.Extrait_Events_arc a:hover{text-decoration:none;}\r\n\t.Date_Events_all_arc{float:left;width:20%;height:70px;margin-bottom:10px;}\r\n\t@media screen and (max-width:900px){.Date_Events_all_arc{float:left;width:100%;height:70px;margin-bottom:10px;}}\r\n\t.Date_Events_1_arc{float:left;width:45%;text-align:center;margin-top:5px;}\r\n\t.Date_Events_1_2_arc{float:left;width:32%;text-align:center;margin-top:5px;}\r\n\t.Date_Events_sep_arc{float:left;text-align:center;width:10%;margin-top:-15px;}\r\n\t.Date_Events_2_arc{float:left;width:45%;text-align:center;margin-top:5px;}\r\n\t.timecss_d_arc {font-size:20px;font-weight:500;margin:0;}\r\n\t.timecss_f_arc {font-size:10px;text-transform:uppercase;margin-top:-5px;}\r\n\t.timecss_y_arc {font-size:11px;margin-top:-28px;}\r\n\t.Date_Events_sep_arc{padding-top:20px}\r\n\t.Cat_Events_arc{color:#e3c022;text-transform:uppercase;font-weight:300;letter-spacing:5px;font-size:8px;}\r\n\t@media screen and (max-width:900px){.Cat_Events_arc{float:left;height:20px;width:100%;margin:0 10px;}}\r\n\t.Cat_Events_arc{float:left;height:20px;width:60%;line-height:1.5;margin-top:7px;}\r\n\t@media screen and (max-width:900px){.Cat_Events_arc{float:left;text-align:center;height:20px;width:100%;margin:10px 0 auto;}}\r\n\t@media screen and (max-width:900px){.Cat_Events_arc_cont{margin:0 10px;width:90%;}}\r\n\t.Titre_Events_arc a{float:left;height:50px;width:60%;font-weight:100;font-size:17px;line-height:1.2;color:#fff;text-rendering:auto;margin-top:-10px;}\r\n\t@media screen and (max-width:900px){.Titre_Events_arc a{height:30px;margin:10px 0 auto;width:100%;line-break:auto;}}\r\n\t@media screen and (max-width:900px){.Titre_Events_arc_cont{margin:0 5%;width:90%;}}\r\n\t.Image_Events_arc{float:left;width:20%;overflow:hidden;position:relative;max-height:70px;margin-top:-27px;}\r\n\t@media screen and (max-width:900px){.Image_Events_arc{float:left;max-height:150px;width:100%;margin-top:10px;}}\r\n\t.Date_Events_all_arc,.Cat_Events_arc,.Titre_Events_arc a{display:flex;justify-content:center;align-items:center;}\r\n\t.desk{display:flex;}.mob{display:none;}\r\n\t@media screen and (max-width:900px){.desk{display:none;}.mob{display:flex;}}\r\n<\/style>\r\n\r\n<div class=\"Extrait_Events_arc\">\r\n\t<div class=\"Extrait_Events_Container_arc\">\r\n\t\t4698\r\n\t\t<div class=\"Cat_Events_arc\"><div class=\"Cat_Events_arc_cont\">KONZERT<\/div><\/div>\r\n\t\t<div class=\"Titre_Events_arc\"><div class=\"Titre_Events_arc_cont\"><a href=\"https:\/\/chateau-de-valangin.ch\/de\/kalender\/concert-des-jeunes-talents-3e-saison-de-concerts\/\">Concert des Jeunes talents &#8211; Junge Talente<\/a><\/div><\/div>\t\t\r\n\t\t<div class=\"Image_Events_arc\"><a href=\"https:\/\/chateau-de-valangin.ch\/de\/kalender\/concert-des-jeunes-talents-3e-saison-de-concerts\/\"><span class=\"desk\"><img loading=\"lazy\" decoding=\"async\" width=\"300\" height=\"86\" src=\"https:\/\/chateau-de-valangin.ch\/NEWSITE\/wp-content\/uploads\/2025\/02\/jeunes-talents-300x86.jpeg\" class=\"attachment-medium size-medium\" alt=\"Concert Jeunes Talents\" srcset=\"https:\/\/chateau-de-valangin.ch\/NEWSITE\/wp-content\/uploads\/2025\/02\/jeunes-talents-300x86.jpeg 300w, https:\/\/chateau-de-valangin.ch\/NEWSITE\/wp-content\/uploads\/2025\/02\/jeunes-talents-150x43.jpeg 150w, https:\/\/chateau-de-valangin.ch\/NEWSITE\/wp-content\/uploads\/2025\/02\/jeunes-talents-480x137.jpeg 480w, https:\/\/chateau-de-valangin.ch\/NEWSITE\/wp-content\/uploads\/2025\/02\/jeunes-talents.jpeg 559w\" sizes=\"auto, (max-width:767px) 300px, 300px\" \/><\/span><span class=\"mob\"><img loading=\"lazy\" decoding=\"async\" width=\"559\" height=\"160\" src=\"https:\/\/chateau-de-valangin.ch\/NEWSITE\/wp-content\/uploads\/2025\/02\/jeunes-talents.jpeg\" class=\"attachment-large size-large\" alt=\"Concert Jeunes Talents\" srcset=\"https:\/\/chateau-de-valangin.ch\/NEWSITE\/wp-content\/uploads\/2025\/02\/jeunes-talents.jpeg 559w, https:\/\/chateau-de-valangin.ch\/NEWSITE\/wp-content\/uploads\/2025\/02\/jeunes-talents-300x86.jpeg 300w, https:\/\/chateau-de-valangin.ch\/NEWSITE\/wp-content\/uploads\/2025\/02\/jeunes-talents-150x43.jpeg 150w, https:\/\/chateau-de-valangin.ch\/NEWSITE\/wp-content\/uploads\/2025\/02\/jeunes-talents-480x137.jpeg 480w\" sizes=\"auto, (max-width:767px) 480px, 559px\" \/><\/span><\/a><\/div>\r\n\t<\/div>\r\n<\/div><style>\r\n\t.Extrait_Events_arc{float:left;height:70px;width:100%;background-color:#590630;color:#FFF;margin-top:0px;border-radius:0px;}\r\n\t@media screen and (max-width:900px){.Extrait_Events_arc{height:210px;margin-top:30px;}}\r\n\t.Extrait_Events_Container_arc{height:70px;background-color:#590630;margin:0 auto;text-align:center;}\r\n\t@media screen and (max-width:900px){.Extrait_Events_Container_arc{height:180px;width:100%;}}\r\n\t.Extrait_Events_arc a:hover{text-decoration:none;}\r\n\t.Date_Events_all_arc{float:left;width:20%;height:70px;margin-bottom:10px;}\r\n\t@media screen and (max-width:900px){.Date_Events_all_arc{float:left;width:100%;height:70px;margin-bottom:10px;}}\r\n\t.Date_Events_1_arc{float:left;width:45%;text-align:center;margin-top:5px;}\r\n\t.Date_Events_1_2_arc{float:left;width:32%;text-align:center;margin-top:5px;}\r\n\t.Date_Events_sep_arc{float:left;text-align:center;width:10%;margin-top:-15px;}\r\n\t.Date_Events_2_arc{float:left;width:45%;text-align:center;margin-top:5px;}\r\n\t.timecss_d_arc {font-size:20px;font-weight:500;margin:0;}\r\n\t.timecss_f_arc {font-size:10px;text-transform:uppercase;margin-top:-5px;}\r\n\t.timecss_y_arc {font-size:11px;margin-top:-28px;}\r\n\t.Date_Events_sep_arc{padding-top:20px}\r\n\t.Cat_Events_arc{color:#e3c022;text-transform:uppercase;font-weight:300;letter-spacing:5px;font-size:8px;}\r\n\t@media screen and (max-width:900px){.Cat_Events_arc{float:left;height:20px;width:100%;margin:0 10px;}}\r\n\t.Cat_Events_arc{float:left;height:20px;width:60%;line-height:1.5;margin-top:7px;}\r\n\t@media screen and (max-width:900px){.Cat_Events_arc{float:left;text-align:center;height:20px;width:100%;margin:10px 0 auto;}}\r\n\t@media screen and (max-width:900px){.Cat_Events_arc_cont{margin:0 10px;width:90%;}}\r\n\t.Titre_Events_arc a{float:left;height:50px;width:60%;font-weight:100;font-size:17px;line-height:1.2;color:#fff;text-rendering:auto;margin-top:-10px;}\r\n\t@media screen and (max-width:900px){.Titre_Events_arc a{height:30px;margin:10px 0 auto;width:100%;line-break:auto;}}\r\n\t@media screen and (max-width:900px){.Titre_Events_arc_cont{margin:0 5%;width:90%;}}\r\n\t.Image_Events_arc{float:left;width:20%;overflow:hidden;position:relative;max-height:70px;margin-top:-27px;}\r\n\t@media screen and (max-width:900px){.Image_Events_arc{float:left;max-height:150px;width:100%;margin-top:10px;}}\r\n\t.Date_Events_all_arc,.Cat_Events_arc,.Titre_Events_arc a{display:flex;justify-content:center;align-items:center;}\r\n\t.desk{display:flex;}.mob{display:none;}\r\n\t@media screen and (max-width:900px){.desk{display:none;}.mob{display:flex;}}\r\n<\/style>\r\n\r\n<div class=\"Extrait_Events_arc\">\r\n\t<div class=\"Extrait_Events_Container_arc\">\r\n\t\t4753\r\n\t\t<div class=\"Cat_Events_arc\"><div class=\"Cat_Events_arc_cont\">ANIMATION und WORKSHOP<\/div><\/div>\r\n\t\t<div class=\"Titre_Events_arc\"><div class=\"Titre_Events_arc_cont\"><a href=\"https:\/\/chateau-de-valangin.ch\/de\/kalender\/la-cuisine-au-moyen-age-3\/\">La cuisine au Moyen \u00c2ge<\/a><\/div><\/div>\t\t\r\n\t\t<div class=\"Image_Events_arc\"><a href=\"https:\/\/chateau-de-valangin.ch\/de\/kalender\/la-cuisine-au-moyen-age-3\/\"><span class=\"desk\"><\/span><span class=\"mob\"><\/span><\/a><\/div>\r\n\t<\/div>\r\n<\/div><style>\r\n\t.Extrait_Events_arc{float:left;height:70px;width:100%;background-color:#590630;color:#FFF;margin-top:0px;border-radius:0px;}\r\n\t@media screen and (max-width:900px){.Extrait_Events_arc{height:210px;margin-top:30px;}}\r\n\t.Extrait_Events_Container_arc{height:70px;background-color:#590630;margin:0 auto;text-align:center;}\r\n\t@media screen and (max-width:900px){.Extrait_Events_Container_arc{height:180px;width:100%;}}\r\n\t.Extrait_Events_arc a:hover{text-decoration:none;}\r\n\t.Date_Events_all_arc{float:left;width:20%;height:70px;margin-bottom:10px;}\r\n\t@media screen and (max-width:900px){.Date_Events_all_arc{float:left;width:100%;height:70px;margin-bottom:10px;}}\r\n\t.Date_Events_1_arc{float:left;width:45%;text-align:center;margin-top:5px;}\r\n\t.Date_Events_1_2_arc{float:left;width:32%;text-align:center;margin-top:5px;}\r\n\t.Date_Events_sep_arc{float:left;text-align:center;width:10%;margin-top:-15px;}\r\n\t.Date_Events_2_arc{float:left;width:45%;text-align:center;margin-top:5px;}\r\n\t.timecss_d_arc {font-size:20px;font-weight:500;margin:0;}\r\n\t.timecss_f_arc {font-size:10px;text-transform:uppercase;margin-top:-5px;}\r\n\t.timecss_y_arc {font-size:11px;margin-top:-28px;}\r\n\t.Date_Events_sep_arc{padding-top:20px}\r\n\t.Cat_Events_arc{color:#e3c022;text-transform:uppercase;font-weight:300;letter-spacing:5px;font-size:8px;}\r\n\t@media screen and (max-width:900px){.Cat_Events_arc{float:left;height:20px;width:100%;margin:0 10px;}}\r\n\t.Cat_Events_arc{float:left;height:20px;width:60%;line-height:1.5;margin-top:7px;}\r\n\t@media screen and (max-width:900px){.Cat_Events_arc{float:left;text-align:center;height:20px;width:100%;margin:10px 0 auto;}}\r\n\t@media screen and (max-width:900px){.Cat_Events_arc_cont{margin:0 10px;width:90%;}}\r\n\t.Titre_Events_arc a{float:left;height:50px;width:60%;font-weight:100;font-size:17px;line-height:1.2;color:#fff;text-rendering:auto;margin-top:-10px;}\r\n\t@media screen and (max-width:900px){.Titre_Events_arc a{height:30px;margin:10px 0 auto;width:100%;line-break:auto;}}\r\n\t@media screen and (max-width:900px){.Titre_Events_arc_cont{margin:0 5%;width:90%;}}\r\n\t.Image_Events_arc{float:left;width:20%;overflow:hidden;position:relative;max-height:70px;margin-top:-27px;}\r\n\t@media screen and (max-width:900px){.Image_Events_arc{float:left;max-height:150px;width:100%;margin-top:10px;}}\r\n\t.Date_Events_all_arc,.Cat_Events_arc,.Titre_Events_arc a{display:flex;justify-content:center;align-items:center;}\r\n\t.desk{display:flex;}.mob{display:none;}\r\n\t@media screen and (max-width:900px){.desk{display:none;}.mob{display:flex;}}\r\n<\/style>\r\n\r\n<div class=\"Extrait_Events_arc\">\r\n\t<div class=\"Extrait_Events_Container_arc\">\r\n\t\t4644\r\n\t\t<div class=\"Cat_Events_arc\"><div class=\"Cat_Events_arc_cont\">THEATER und VERANSTALTUNG<\/div><\/div>\r\n\t\t<div class=\"Titre_Events_arc\"><div class=\"Titre_Events_arc_cont\"><a href=\"https:\/\/chateau-de-valangin.ch\/de\/kalender\/noces-de-sang-petits-meurtres-entre-collegues-2-3-2-2\/\">Noces de sang &#8211; Petits meurtres entre coll\u00e8gues<\/a><\/div><\/div>\t\t\r\n\t\t<div class=\"Image_Events_arc\"><a href=\"https:\/\/chateau-de-valangin.ch\/de\/kalender\/noces-de-sang-petits-meurtres-entre-collegues-2-3-2-2\/\"><span class=\"desk\"><img loading=\"lazy\" decoding=\"async\" width=\"300\" height=\"169\" src=\"https:\/\/chateau-de-valangin.ch\/NEWSITE\/wp-content\/uploads\/2025\/01\/noces-de-sang-complet-300x169.jpg\" class=\"attachment-medium size-medium\" alt=\"en tete noces de sang complet\" srcset=\"https:\/\/chateau-de-valangin.ch\/NEWSITE\/wp-content\/uploads\/2025\/01\/noces-de-sang-complet-300x169.jpg 300w, https:\/\/chateau-de-valangin.ch\/NEWSITE\/wp-content\/uploads\/2025\/01\/noces-de-sang-complet-1024x576.jpg 1024w, https:\/\/chateau-de-valangin.ch\/NEWSITE\/wp-content\/uploads\/2025\/01\/noces-de-sang-complet-768x432.jpg 768w, https:\/\/chateau-de-valangin.ch\/NEWSITE\/wp-content\/uploads\/2025\/01\/noces-de-sang-complet-1536x864.jpg 1536w, https:\/\/chateau-de-valangin.ch\/NEWSITE\/wp-content\/uploads\/2025\/01\/noces-de-sang-complet-2048x1152.jpg 2048w, https:\/\/chateau-de-valangin.ch\/NEWSITE\/wp-content\/uploads\/2025\/01\/noces-de-sang-complet-133x75.jpg 133w, https:\/\/chateau-de-valangin.ch\/NEWSITE\/wp-content\/uploads\/2025\/01\/noces-de-sang-complet-1200x675.jpg 1200w, https:\/\/chateau-de-valangin.ch\/NEWSITE\/wp-content\/uploads\/2025\/01\/noces-de-sang-complet-480x270.jpg 480w, https:\/\/chateau-de-valangin.ch\/NEWSITE\/wp-content\/uploads\/2025\/01\/noces-de-sang-complet-1320x743.jpg 1320w\" sizes=\"auto, (max-width:767px) 300px, 300px\" \/><\/span><span class=\"mob\"><img loading=\"lazy\" decoding=\"async\" width=\"1024\" height=\"576\" src=\"https:\/\/chateau-de-valangin.ch\/NEWSITE\/wp-content\/uploads\/2025\/01\/noces-de-sang-complet-1024x576.jpg\" class=\"attachment-large size-large\" alt=\"en tete noces de sang complet\" srcset=\"https:\/\/chateau-de-valangin.ch\/NEWSITE\/wp-content\/uploads\/2025\/01\/noces-de-sang-complet-1024x576.jpg 1024w, https:\/\/chateau-de-valangin.ch\/NEWSITE\/wp-content\/uploads\/2025\/01\/noces-de-sang-complet-300x169.jpg 300w, https:\/\/chateau-de-valangin.ch\/NEWSITE\/wp-content\/uploads\/2025\/01\/noces-de-sang-complet-768x432.jpg 768w, https:\/\/chateau-de-valangin.ch\/NEWSITE\/wp-content\/uploads\/2025\/01\/noces-de-sang-complet-1536x864.jpg 1536w, https:\/\/chateau-de-valangin.ch\/NEWSITE\/wp-content\/uploads\/2025\/01\/noces-de-sang-complet-2048x1152.jpg 2048w, https:\/\/chateau-de-valangin.ch\/NEWSITE\/wp-content\/uploads\/2025\/01\/noces-de-sang-complet-133x75.jpg 133w, https:\/\/chateau-de-valangin.ch\/NEWSITE\/wp-content\/uploads\/2025\/01\/noces-de-sang-complet-1200x675.jpg 1200w, https:\/\/chateau-de-valangin.ch\/NEWSITE\/wp-content\/uploads\/2025\/01\/noces-de-sang-complet-480x270.jpg 480w, https:\/\/chateau-de-valangin.ch\/NEWSITE\/wp-content\/uploads\/2025\/01\/noces-de-sang-complet-1320x743.jpg 1320w\" sizes=\"auto, (max-width:767px) 480px, (max-width:1024px) 100vw, 1024px\" \/><\/span><\/a><\/div>\r\n\t<\/div>\r\n<\/div><style>\r\n\t.Extrait_Events_arc{float:left;height:70px;width:100%;background-color:#590630;color:#FFF;margin-top:0px;border-radius:0px;}\r\n\t@media screen and (max-width:900px){.Extrait_Events_arc{height:210px;margin-top:30px;}}\r\n\t.Extrait_Events_Container_arc{height:70px;background-color:#590630;margin:0 auto;text-align:center;}\r\n\t@media screen and (max-width:900px){.Extrait_Events_Container_arc{height:180px;width:100%;}}\r\n\t.Extrait_Events_arc a:hover{text-decoration:none;}\r\n\t.Date_Events_all_arc{float:left;width:20%;height:70px;margin-bottom:10px;}\r\n\t@media screen and (max-width:900px){.Date_Events_all_arc{float:left;width:100%;height:70px;margin-bottom:10px;}}\r\n\t.Date_Events_1_arc{float:left;width:45%;text-align:center;margin-top:5px;}\r\n\t.Date_Events_1_2_arc{float:left;width:32%;text-align:center;margin-top:5px;}\r\n\t.Date_Events_sep_arc{float:left;text-align:center;width:10%;margin-top:-15px;}\r\n\t.Date_Events_2_arc{float:left;width:45%;text-align:center;margin-top:5px;}\r\n\t.timecss_d_arc {font-size:20px;font-weight:500;margin:0;}\r\n\t.timecss_f_arc {font-size:10px;text-transform:uppercase;margin-top:-5px;}\r\n\t.timecss_y_arc {font-size:11px;margin-top:-28px;}\r\n\t.Date_Events_sep_arc{padding-top:20px}\r\n\t.Cat_Events_arc{color:#e3c022;text-transform:uppercase;font-weight:300;letter-spacing:5px;font-size:8px;}\r\n\t@media screen and (max-width:900px){.Cat_Events_arc{float:left;height:20px;width:100%;margin:0 10px;}}\r\n\t.Cat_Events_arc{float:left;height:20px;width:60%;line-height:1.5;margin-top:7px;}\r\n\t@media screen and (max-width:900px){.Cat_Events_arc{float:left;text-align:center;height:20px;width:100%;margin:10px 0 auto;}}\r\n\t@media screen and (max-width:900px){.Cat_Events_arc_cont{margin:0 10px;width:90%;}}\r\n\t.Titre_Events_arc a{float:left;height:50px;width:60%;font-weight:100;font-size:17px;line-height:1.2;color:#fff;text-rendering:auto;margin-top:-10px;}\r\n\t@media screen and (max-width:900px){.Titre_Events_arc a{height:30px;margin:10px 0 auto;width:100%;line-break:auto;}}\r\n\t@media screen and (max-width:900px){.Titre_Events_arc_cont{margin:0 5%;width:90%;}}\r\n\t.Image_Events_arc{float:left;width:20%;overflow:hidden;position:relative;max-height:70px;margin-top:-27px;}\r\n\t@media screen and (max-width:900px){.Image_Events_arc{float:left;max-height:150px;width:100%;margin-top:10px;}}\r\n\t.Date_Events_all_arc,.Cat_Events_arc,.Titre_Events_arc a{display:flex;justify-content:center;align-items:center;}\r\n\t.desk{display:flex;}.mob{display:none;}\r\n\t@media screen and (max-width:900px){.desk{display:none;}.mob{display:flex;}}\r\n<\/style>\r\n\r\n<div class=\"Extrait_Events_arc\">\r\n\t<div class=\"Extrait_Events_Container_arc\">\r\n\t\t4645\r\n\t\t<div class=\"Cat_Events_arc\"><div class=\"Cat_Events_arc_cont\">THEATER und VERANSTALTUNG<\/div><\/div>\r\n\t\t<div class=\"Titre_Events_arc\"><div class=\"Titre_Events_arc_cont\"><a href=\"https:\/\/chateau-de-valangin.ch\/de\/kalender\/noces-de-sang-petits-meurtres-entre-collegues-2-3-2\/\">Noces de sang &#8211; Petits meurtres entre coll\u00e8gues<\/a><\/div><\/div>\t\t\r\n\t\t<div class=\"Image_Events_arc\"><a href=\"https:\/\/chateau-de-valangin.ch\/de\/kalender\/noces-de-sang-petits-meurtres-entre-collegues-2-3-2\/\"><span class=\"desk\"><img loading=\"lazy\" decoding=\"async\" width=\"300\" height=\"169\" src=\"https:\/\/chateau-de-valangin.ch\/NEWSITE\/wp-content\/uploads\/2025\/01\/noces-de-sang-complet-300x169.jpg\" class=\"attachment-medium size-medium\" alt=\"en tete noces de sang complet\" srcset=\"https:\/\/chateau-de-valangin.ch\/NEWSITE\/wp-content\/uploads\/2025\/01\/noces-de-sang-complet-300x169.jpg 300w, https:\/\/chateau-de-valangin.ch\/NEWSITE\/wp-content\/uploads\/2025\/01\/noces-de-sang-complet-1024x576.jpg 1024w, https:\/\/chateau-de-valangin.ch\/NEWSITE\/wp-content\/uploads\/2025\/01\/noces-de-sang-complet-768x432.jpg 768w, https:\/\/chateau-de-valangin.ch\/NEWSITE\/wp-content\/uploads\/2025\/01\/noces-de-sang-complet-1536x864.jpg 1536w, https:\/\/chateau-de-valangin.ch\/NEWSITE\/wp-content\/uploads\/2025\/01\/noces-de-sang-complet-2048x1152.jpg 2048w, https:\/\/chateau-de-valangin.ch\/NEWSITE\/wp-content\/uploads\/2025\/01\/noces-de-sang-complet-133x75.jpg 133w, https:\/\/chateau-de-valangin.ch\/NEWSITE\/wp-content\/uploads\/2025\/01\/noces-de-sang-complet-1200x675.jpg 1200w, https:\/\/chateau-de-valangin.ch\/NEWSITE\/wp-content\/uploads\/2025\/01\/noces-de-sang-complet-480x270.jpg 480w, https:\/\/chateau-de-valangin.ch\/NEWSITE\/wp-content\/uploads\/2025\/01\/noces-de-sang-complet-1320x743.jpg 1320w\" sizes=\"auto, (max-width:767px) 300px, 300px\" \/><\/span><span class=\"mob\"><img loading=\"lazy\" decoding=\"async\" width=\"1024\" height=\"576\" src=\"https:\/\/chateau-de-valangin.ch\/NEWSITE\/wp-content\/uploads\/2025\/01\/noces-de-sang-complet-1024x576.jpg\" class=\"attachment-large size-large\" alt=\"en tete noces de sang complet\" srcset=\"https:\/\/chateau-de-valangin.ch\/NEWSITE\/wp-content\/uploads\/2025\/01\/noces-de-sang-complet-1024x576.jpg 1024w, https:\/\/chateau-de-valangin.ch\/NEWSITE\/wp-content\/uploads\/2025\/01\/noces-de-sang-complet-300x169.jpg 300w, https:\/\/chateau-de-valangin.ch\/NEWSITE\/wp-content\/uploads\/2025\/01\/noces-de-sang-complet-768x432.jpg 768w, https:\/\/chateau-de-valangin.ch\/NEWSITE\/wp-content\/uploads\/2025\/01\/noces-de-sang-complet-1536x864.jpg 1536w, https:\/\/chateau-de-valangin.ch\/NEWSITE\/wp-content\/uploads\/2025\/01\/noces-de-sang-complet-2048x1152.jpg 2048w, https:\/\/chateau-de-valangin.ch\/NEWSITE\/wp-content\/uploads\/2025\/01\/noces-de-sang-complet-133x75.jpg 133w, https:\/\/chateau-de-valangin.ch\/NEWSITE\/wp-content\/uploads\/2025\/01\/noces-de-sang-complet-1200x675.jpg 1200w, https:\/\/chateau-de-valangin.ch\/NEWSITE\/wp-content\/uploads\/2025\/01\/noces-de-sang-complet-480x270.jpg 480w, https:\/\/chateau-de-valangin.ch\/NEWSITE\/wp-content\/uploads\/2025\/01\/noces-de-sang-complet-1320x743.jpg 1320w\" sizes=\"auto, (max-width:767px) 480px, (max-width:1024px) 100vw, 1024px\" \/><\/span><\/a><\/div>\r\n\t<\/div>\r\n<\/div><style>\r\n\t.Extrait_Events_arc{float:left;height:70px;width:100%;background-color:#590630;color:#FFF;margin-top:0px;border-radius:0px;}\r\n\t@media screen and (max-width:900px){.Extrait_Events_arc{height:210px;margin-top:30px;}}\r\n\t.Extrait_Events_Container_arc{height:70px;background-color:#590630;margin:0 auto;text-align:center;}\r\n\t@media screen and (max-width:900px){.Extrait_Events_Container_arc{height:180px;width:100%;}}\r\n\t.Extrait_Events_arc a:hover{text-decoration:none;}\r\n\t.Date_Events_all_arc{float:left;width:20%;height:70px;margin-bottom:10px;}\r\n\t@media screen and (max-width:900px){.Date_Events_all_arc{float:left;width:100%;height:70px;margin-bottom:10px;}}\r\n\t.Date_Events_1_arc{float:left;width:45%;text-align:center;margin-top:5px;}\r\n\t.Date_Events_1_2_arc{float:left;width:32%;text-align:center;margin-top:5px;}\r\n\t.Date_Events_sep_arc{float:left;text-align:center;width:10%;margin-top:-15px;}\r\n\t.Date_Events_2_arc{float:left;width:45%;text-align:center;margin-top:5px;}\r\n\t.timecss_d_arc {font-size:20px;font-weight:500;margin:0;}\r\n\t.timecss_f_arc {font-size:10px;text-transform:uppercase;margin-top:-5px;}\r\n\t.timecss_y_arc {font-size:11px;margin-top:-28px;}\r\n\t.Date_Events_sep_arc{padding-top:20px}\r\n\t.Cat_Events_arc{color:#e3c022;text-transform:uppercase;font-weight:300;letter-spacing:5px;font-size:8px;}\r\n\t@media screen and (max-width:900px){.Cat_Events_arc{float:left;height:20px;width:100%;margin:0 10px;}}\r\n\t.Cat_Events_arc{float:left;height:20px;width:60%;line-height:1.5;margin-top:7px;}\r\n\t@media screen and (max-width:900px){.Cat_Events_arc{float:left;text-align:center;height:20px;width:100%;margin:10px 0 auto;}}\r\n\t@media screen and (max-width:900px){.Cat_Events_arc_cont{margin:0 10px;width:90%;}}\r\n\t.Titre_Events_arc a{float:left;height:50px;width:60%;font-weight:100;font-size:17px;line-height:1.2;color:#fff;text-rendering:auto;margin-top:-10px;}\r\n\t@media screen and (max-width:900px){.Titre_Events_arc a{height:30px;margin:10px 0 auto;width:100%;line-break:auto;}}\r\n\t@media screen and (max-width:900px){.Titre_Events_arc_cont{margin:0 5%;width:90%;}}\r\n\t.Image_Events_arc{float:left;width:20%;overflow:hidden;position:relative;max-height:70px;margin-top:-27px;}\r\n\t@media screen and (max-width:900px){.Image_Events_arc{float:left;max-height:150px;width:100%;margin-top:10px;}}\r\n\t.Date_Events_all_arc,.Cat_Events_arc,.Titre_Events_arc a{display:flex;justify-content:center;align-items:center;}\r\n\t.desk{display:flex;}.mob{display:none;}\r\n\t@media screen and (max-width:900px){.desk{display:none;}.mob{display:flex;}}\r\n<\/style>\r\n\r\n<div class=\"Extrait_Events_arc\">\r\n\t<div class=\"Extrait_Events_Container_arc\">\r\n\t\t4646\r\n\t\t<div class=\"Cat_Events_arc\"><div class=\"Cat_Events_arc_cont\">THEATER und VERANSTALTUNG<\/div><\/div>\r\n\t\t<div class=\"Titre_Events_arc\"><div class=\"Titre_Events_arc_cont\"><a href=\"https:\/\/chateau-de-valangin.ch\/de\/kalender\/noces-de-sang-petits-meurtres-entre-collegues-2-3\/\">Noces de sang &#8211; Petits meurtres entre coll\u00e8gues<\/a><\/div><\/div>\t\t\r\n\t\t<div class=\"Image_Events_arc\"><a href=\"https:\/\/chateau-de-valangin.ch\/de\/kalender\/noces-de-sang-petits-meurtres-entre-collegues-2-3\/\"><span class=\"desk\"><img loading=\"lazy\" decoding=\"async\" width=\"300\" height=\"169\" src=\"https:\/\/chateau-de-valangin.ch\/NEWSITE\/wp-content\/uploads\/2025\/01\/noces-de-sang-complet-300x169.jpg\" class=\"attachment-medium size-medium\" alt=\"en tete noces de sang complet\" srcset=\"https:\/\/chateau-de-valangin.ch\/NEWSITE\/wp-content\/uploads\/2025\/01\/noces-de-sang-complet-300x169.jpg 300w, https:\/\/chateau-de-valangin.ch\/NEWSITE\/wp-content\/uploads\/2025\/01\/noces-de-sang-complet-1024x576.jpg 1024w, https:\/\/chateau-de-valangin.ch\/NEWSITE\/wp-content\/uploads\/2025\/01\/noces-de-sang-complet-768x432.jpg 768w, https:\/\/chateau-de-valangin.ch\/NEWSITE\/wp-content\/uploads\/2025\/01\/noces-de-sang-complet-1536x864.jpg 1536w, https:\/\/chateau-de-valangin.ch\/NEWSITE\/wp-content\/uploads\/2025\/01\/noces-de-sang-complet-2048x1152.jpg 2048w, https:\/\/chateau-de-valangin.ch\/NEWSITE\/wp-content\/uploads\/2025\/01\/noces-de-sang-complet-133x75.jpg 133w, https:\/\/chateau-de-valangin.ch\/NEWSITE\/wp-content\/uploads\/2025\/01\/noces-de-sang-complet-1200x675.jpg 1200w, https:\/\/chateau-de-valangin.ch\/NEWSITE\/wp-content\/uploads\/2025\/01\/noces-de-sang-complet-480x270.jpg 480w, https:\/\/chateau-de-valangin.ch\/NEWSITE\/wp-content\/uploads\/2025\/01\/noces-de-sang-complet-1320x743.jpg 1320w\" sizes=\"auto, (max-width:767px) 300px, 300px\" \/><\/span><span class=\"mob\"><img loading=\"lazy\" decoding=\"async\" width=\"1024\" height=\"576\" src=\"https:\/\/chateau-de-valangin.ch\/NEWSITE\/wp-content\/uploads\/2025\/01\/noces-de-sang-complet-1024x576.jpg\" class=\"attachment-large size-large\" alt=\"en tete noces de sang complet\" srcset=\"https:\/\/chateau-de-valangin.ch\/NEWSITE\/wp-content\/uploads\/2025\/01\/noces-de-sang-complet-1024x576.jpg 1024w, https:\/\/chateau-de-valangin.ch\/NEWSITE\/wp-content\/uploads\/2025\/01\/noces-de-sang-complet-300x169.jpg 300w, https:\/\/chateau-de-valangin.ch\/NEWSITE\/wp-content\/uploads\/2025\/01\/noces-de-sang-complet-768x432.jpg 768w, https:\/\/chateau-de-valangin.ch\/NEWSITE\/wp-content\/uploads\/2025\/01\/noces-de-sang-complet-1536x864.jpg 1536w, https:\/\/chateau-de-valangin.ch\/NEWSITE\/wp-content\/uploads\/2025\/01\/noces-de-sang-complet-2048x1152.jpg 2048w, https:\/\/chateau-de-valangin.ch\/NEWSITE\/wp-content\/uploads\/2025\/01\/noces-de-sang-complet-133x75.jpg 133w, https:\/\/chateau-de-valangin.ch\/NEWSITE\/wp-content\/uploads\/2025\/01\/noces-de-sang-complet-1200x675.jpg 1200w, https:\/\/chateau-de-valangin.ch\/NEWSITE\/wp-content\/uploads\/2025\/01\/noces-de-sang-complet-480x270.jpg 480w, https:\/\/chateau-de-valangin.ch\/NEWSITE\/wp-content\/uploads\/2025\/01\/noces-de-sang-complet-1320x743.jpg 1320w\" sizes=\"auto, (max-width:767px) 480px, (max-width:1024px) 100vw, 1024px\" \/><\/span><\/a><\/div>\r\n\t<\/div>\r\n<\/div><style>\r\n\t.Extrait_Events_arc{float:left;height:70px;width:100%;background-color:#590630;color:#FFF;margin-top:0px;border-radius:0px;}\r\n\t@media screen and (max-width:900px){.Extrait_Events_arc{height:210px;margin-top:30px;}}\r\n\t.Extrait_Events_Container_arc{height:70px;background-color:#590630;margin:0 auto;text-align:center;}\r\n\t@media screen and (max-width:900px){.Extrait_Events_Container_arc{height:180px;width:100%;}}\r\n\t.Extrait_Events_arc a:hover{text-decoration:none;}\r\n\t.Date_Events_all_arc{float:left;width:20%;height:70px;margin-bottom:10px;}\r\n\t@media screen and (max-width:900px){.Date_Events_all_arc{float:left;width:100%;height:70px;margin-bottom:10px;}}\r\n\t.Date_Events_1_arc{float:left;width:45%;text-align:center;margin-top:5px;}\r\n\t.Date_Events_1_2_arc{float:left;width:32%;text-align:center;margin-top:5px;}\r\n\t.Date_Events_sep_arc{float:left;text-align:center;width:10%;margin-top:-15px;}\r\n\t.Date_Events_2_arc{float:left;width:45%;text-align:center;margin-top:5px;}\r\n\t.timecss_d_arc {font-size:20px;font-weight:500;margin:0;}\r\n\t.timecss_f_arc {font-size:10px;text-transform:uppercase;margin-top:-5px;}\r\n\t.timecss_y_arc {font-size:11px;margin-top:-28px;}\r\n\t.Date_Events_sep_arc{padding-top:20px}\r\n\t.Cat_Events_arc{color:#e3c022;text-transform:uppercase;font-weight:300;letter-spacing:5px;font-size:8px;}\r\n\t@media screen and (max-width:900px){.Cat_Events_arc{float:left;height:20px;width:100%;margin:0 10px;}}\r\n\t.Cat_Events_arc{float:left;height:20px;width:60%;line-height:1.5;margin-top:7px;}\r\n\t@media screen and (max-width:900px){.Cat_Events_arc{float:left;text-align:center;height:20px;width:100%;margin:10px 0 auto;}}\r\n\t@media screen and (max-width:900px){.Cat_Events_arc_cont{margin:0 10px;width:90%;}}\r\n\t.Titre_Events_arc a{float:left;height:50px;width:60%;font-weight:100;font-size:17px;line-height:1.2;color:#fff;text-rendering:auto;margin-top:-10px;}\r\n\t@media screen and (max-width:900px){.Titre_Events_arc a{height:30px;margin:10px 0 auto;width:100%;line-break:auto;}}\r\n\t@media screen and (max-width:900px){.Titre_Events_arc_cont{margin:0 5%;width:90%;}}\r\n\t.Image_Events_arc{float:left;width:20%;overflow:hidden;position:relative;max-height:70px;margin-top:-27px;}\r\n\t@media screen and (max-width:900px){.Image_Events_arc{float:left;max-height:150px;width:100%;margin-top:10px;}}\r\n\t.Date_Events_all_arc,.Cat_Events_arc,.Titre_Events_arc a{display:flex;justify-content:center;align-items:center;}\r\n\t.desk{display:flex;}.mob{display:none;}\r\n\t@media screen and (max-width:900px){.desk{display:none;}.mob{display:flex;}}\r\n<\/style>\r\n\r\n<div class=\"Extrait_Events_arc\">\r\n\t<div class=\"Extrait_Events_Container_arc\">\r\n\t\t4647\r\n\t\t<div class=\"Cat_Events_arc\"><div class=\"Cat_Events_arc_cont\">THEATER und VERANSTALTUNG<\/div><\/div>\r\n\t\t<div class=\"Titre_Events_arc\"><div class=\"Titre_Events_arc_cont\"><a href=\"https:\/\/chateau-de-valangin.ch\/de\/kalender\/noces-de-sang-petits-meurtres-entre-collegues-2-2\/\">Noces de sang &#8211; Petits meurtres entre coll\u00e8gues<\/a><\/div><\/div>\t\t\r\n\t\t<div class=\"Image_Events_arc\"><a href=\"https:\/\/chateau-de-valangin.ch\/de\/kalender\/noces-de-sang-petits-meurtres-entre-collegues-2-2\/\"><span class=\"desk\"><img loading=\"lazy\" decoding=\"async\" width=\"300\" height=\"169\" src=\"https:\/\/chateau-de-valangin.ch\/NEWSITE\/wp-content\/uploads\/2025\/01\/noces-de-sang-complet-300x169.jpg\" class=\"attachment-medium size-medium\" alt=\"en tete noces de sang complet\" srcset=\"https:\/\/chateau-de-valangin.ch\/NEWSITE\/wp-content\/uploads\/2025\/01\/noces-de-sang-complet-300x169.jpg 300w, https:\/\/chateau-de-valangin.ch\/NEWSITE\/wp-content\/uploads\/2025\/01\/noces-de-sang-complet-1024x576.jpg 1024w, https:\/\/chateau-de-valangin.ch\/NEWSITE\/wp-content\/uploads\/2025\/01\/noces-de-sang-complet-768x432.jpg 768w, https:\/\/chateau-de-valangin.ch\/NEWSITE\/wp-content\/uploads\/2025\/01\/noces-de-sang-complet-1536x864.jpg 1536w, https:\/\/chateau-de-valangin.ch\/NEWSITE\/wp-content\/uploads\/2025\/01\/noces-de-sang-complet-2048x1152.jpg 2048w, https:\/\/chateau-de-valangin.ch\/NEWSITE\/wp-content\/uploads\/2025\/01\/noces-de-sang-complet-133x75.jpg 133w, https:\/\/chateau-de-valangin.ch\/NEWSITE\/wp-content\/uploads\/2025\/01\/noces-de-sang-complet-1200x675.jpg 1200w, https:\/\/chateau-de-valangin.ch\/NEWSITE\/wp-content\/uploads\/2025\/01\/noces-de-sang-complet-480x270.jpg 480w, https:\/\/chateau-de-valangin.ch\/NEWSITE\/wp-content\/uploads\/2025\/01\/noces-de-sang-complet-1320x743.jpg 1320w\" sizes=\"auto, (max-width:767px) 300px, 300px\" \/><\/span><span class=\"mob\"><img loading=\"lazy\" decoding=\"async\" width=\"1024\" height=\"576\" src=\"https:\/\/chateau-de-valangin.ch\/NEWSITE\/wp-content\/uploads\/2025\/01\/noces-de-sang-complet-1024x576.jpg\" class=\"attachment-large size-large\" alt=\"en tete noces de sang complet\" srcset=\"https:\/\/chateau-de-valangin.ch\/NEWSITE\/wp-content\/uploads\/2025\/01\/noces-de-sang-complet-1024x576.jpg 1024w, https:\/\/chateau-de-valangin.ch\/NEWSITE\/wp-content\/uploads\/2025\/01\/noces-de-sang-complet-300x169.jpg 300w, https:\/\/chateau-de-valangin.ch\/NEWSITE\/wp-content\/uploads\/2025\/01\/noces-de-sang-complet-768x432.jpg 768w, https:\/\/chateau-de-valangin.ch\/NEWSITE\/wp-content\/uploads\/2025\/01\/noces-de-sang-complet-1536x864.jpg 1536w, https:\/\/chateau-de-valangin.ch\/NEWSITE\/wp-content\/uploads\/2025\/01\/noces-de-sang-complet-2048x1152.jpg 2048w, https:\/\/chateau-de-valangin.ch\/NEWSITE\/wp-content\/uploads\/2025\/01\/noces-de-sang-complet-133x75.jpg 133w, https:\/\/chateau-de-valangin.ch\/NEWSITE\/wp-content\/uploads\/2025\/01\/noces-de-sang-complet-1200x675.jpg 1200w, https:\/\/chateau-de-valangin.ch\/NEWSITE\/wp-content\/uploads\/2025\/01\/noces-de-sang-complet-480x270.jpg 480w, https:\/\/chateau-de-valangin.ch\/NEWSITE\/wp-content\/uploads\/2025\/01\/noces-de-sang-complet-1320x743.jpg 1320w\" sizes=\"auto, (max-width:767px) 480px, (max-width:1024px) 100vw, 1024px\" \/><\/span><\/a><\/div>\r\n\t<\/div>\r\n<\/div><style>\r\n\t.Extrait_Events_arc{float:left;height:70px;width:100%;background-color:#590630;color:#FFF;margin-top:0px;border-radius:0px;}\r\n\t@media screen and (max-width:900px){.Extrait_Events_arc{height:210px;margin-top:30px;}}\r\n\t.Extrait_Events_Container_arc{height:70px;background-color:#590630;margin:0 auto;text-align:center;}\r\n\t@media screen and (max-width:900px){.Extrait_Events_Container_arc{height:180px;width:100%;}}\r\n\t.Extrait_Events_arc a:hover{text-decoration:none;}\r\n\t.Date_Events_all_arc{float:left;width:20%;height:70px;margin-bottom:10px;}\r\n\t@media screen and (max-width:900px){.Date_Events_all_arc{float:left;width:100%;height:70px;margin-bottom:10px;}}\r\n\t.Date_Events_1_arc{float:left;width:45%;text-align:center;margin-top:5px;}\r\n\t.Date_Events_1_2_arc{float:left;width:32%;text-align:center;margin-top:5px;}\r\n\t.Date_Events_sep_arc{float:left;text-align:center;width:10%;margin-top:-15px;}\r\n\t.Date_Events_2_arc{float:left;width:45%;text-align:center;margin-top:5px;}\r\n\t.timecss_d_arc {font-size:20px;font-weight:500;margin:0;}\r\n\t.timecss_f_arc {font-size:10px;text-transform:uppercase;margin-top:-5px;}\r\n\t.timecss_y_arc {font-size:11px;margin-top:-28px;}\r\n\t.Date_Events_sep_arc{padding-top:20px}\r\n\t.Cat_Events_arc{color:#e3c022;text-transform:uppercase;font-weight:300;letter-spacing:5px;font-size:8px;}\r\n\t@media screen and (max-width:900px){.Cat_Events_arc{float:left;height:20px;width:100%;margin:0 10px;}}\r\n\t.Cat_Events_arc{float:left;height:20px;width:60%;line-height:1.5;margin-top:7px;}\r\n\t@media screen and (max-width:900px){.Cat_Events_arc{float:left;text-align:center;height:20px;width:100%;margin:10px 0 auto;}}\r\n\t@media screen and (max-width:900px){.Cat_Events_arc_cont{margin:0 10px;width:90%;}}\r\n\t.Titre_Events_arc a{float:left;height:50px;width:60%;font-weight:100;font-size:17px;line-height:1.2;color:#fff;text-rendering:auto;margin-top:-10px;}\r\n\t@media screen and (max-width:900px){.Titre_Events_arc a{height:30px;margin:10px 0 auto;width:100%;line-break:auto;}}\r\n\t@media screen and (max-width:900px){.Titre_Events_arc_cont{margin:0 5%;width:90%;}}\r\n\t.Image_Events_arc{float:left;width:20%;overflow:hidden;position:relative;max-height:70px;margin-top:-27px;}\r\n\t@media screen and (max-width:900px){.Image_Events_arc{float:left;max-height:150px;width:100%;margin-top:10px;}}\r\n\t.Date_Events_all_arc,.Cat_Events_arc,.Titre_Events_arc a{display:flex;justify-content:center;align-items:center;}\r\n\t.desk{display:flex;}.mob{display:none;}\r\n\t@media screen and (max-width:900px){.desk{display:none;}.mob{display:flex;}}\r\n<\/style>\r\n\r\n<div class=\"Extrait_Events_arc\">\r\n\t<div class=\"Extrait_Events_Container_arc\">\r\n\t\t4648\r\n\t\t<div class=\"Cat_Events_arc\"><div class=\"Cat_Events_arc_cont\">THEATER und VERANSTALTUNG<\/div><\/div>\r\n\t\t<div class=\"Titre_Events_arc\"><div class=\"Titre_Events_arc_cont\"><a href=\"https:\/\/chateau-de-valangin.ch\/de\/kalender\/noces-de-sang-petits-meurtres-entre-collegues-2\/\">Noces de sang &#8211; Petits meurtres entre coll\u00e8gues<\/a><\/div><\/div>\t\t\r\n\t\t<div class=\"Image_Events_arc\"><a href=\"https:\/\/chateau-de-valangin.ch\/de\/kalender\/noces-de-sang-petits-meurtres-entre-collegues-2\/\"><span class=\"desk\"><img loading=\"lazy\" decoding=\"async\" width=\"300\" height=\"169\" src=\"https:\/\/chateau-de-valangin.ch\/NEWSITE\/wp-content\/uploads\/2025\/01\/noces-de-sang-complet-300x169.jpg\" class=\"attachment-medium size-medium\" alt=\"en tete noces de sang complet\" srcset=\"https:\/\/chateau-de-valangin.ch\/NEWSITE\/wp-content\/uploads\/2025\/01\/noces-de-sang-complet-300x169.jpg 300w, https:\/\/chateau-de-valangin.ch\/NEWSITE\/wp-content\/uploads\/2025\/01\/noces-de-sang-complet-1024x576.jpg 1024w, https:\/\/chateau-de-valangin.ch\/NEWSITE\/wp-content\/uploads\/2025\/01\/noces-de-sang-complet-768x432.jpg 768w, https:\/\/chateau-de-valangin.ch\/NEWSITE\/wp-content\/uploads\/2025\/01\/noces-de-sang-complet-1536x864.jpg 1536w, https:\/\/chateau-de-valangin.ch\/NEWSITE\/wp-content\/uploads\/2025\/01\/noces-de-sang-complet-2048x1152.jpg 2048w, https:\/\/chateau-de-valangin.ch\/NEWSITE\/wp-content\/uploads\/2025\/01\/noces-de-sang-complet-133x75.jpg 133w, https:\/\/chateau-de-valangin.ch\/NEWSITE\/wp-content\/uploads\/2025\/01\/noces-de-sang-complet-1200x675.jpg 1200w, https:\/\/chateau-de-valangin.ch\/NEWSITE\/wp-content\/uploads\/2025\/01\/noces-de-sang-complet-480x270.jpg 480w, https:\/\/chateau-de-valangin.ch\/NEWSITE\/wp-content\/uploads\/2025\/01\/noces-de-sang-complet-1320x743.jpg 1320w\" sizes=\"auto, (max-width:767px) 300px, 300px\" \/><\/span><span class=\"mob\"><img loading=\"lazy\" decoding=\"async\" width=\"1024\" height=\"576\" src=\"https:\/\/chateau-de-valangin.ch\/NEWSITE\/wp-content\/uploads\/2025\/01\/noces-de-sang-complet-1024x576.jpg\" class=\"attachment-large size-large\" alt=\"en tete noces de sang complet\" srcset=\"https:\/\/chateau-de-valangin.ch\/NEWSITE\/wp-content\/uploads\/2025\/01\/noces-de-sang-complet-1024x576.jpg 1024w, https:\/\/chateau-de-valangin.ch\/NEWSITE\/wp-content\/uploads\/2025\/01\/noces-de-sang-complet-300x169.jpg 300w, https:\/\/chateau-de-valangin.ch\/NEWSITE\/wp-content\/uploads\/2025\/01\/noces-de-sang-complet-768x432.jpg 768w, https:\/\/chateau-de-valangin.ch\/NEWSITE\/wp-content\/uploads\/2025\/01\/noces-de-sang-complet-1536x864.jpg 1536w, https:\/\/chateau-de-valangin.ch\/NEWSITE\/wp-content\/uploads\/2025\/01\/noces-de-sang-complet-2048x1152.jpg 2048w, https:\/\/chateau-de-valangin.ch\/NEWSITE\/wp-content\/uploads\/2025\/01\/noces-de-sang-complet-133x75.jpg 133w, https:\/\/chateau-de-valangin.ch\/NEWSITE\/wp-content\/uploads\/2025\/01\/noces-de-sang-complet-1200x675.jpg 1200w, https:\/\/chateau-de-valangin.ch\/NEWSITE\/wp-content\/uploads\/2025\/01\/noces-de-sang-complet-480x270.jpg 480w, https:\/\/chateau-de-valangin.ch\/NEWSITE\/wp-content\/uploads\/2025\/01\/noces-de-sang-complet-1320x743.jpg 1320w\" sizes=\"auto, (max-width:767px) 480px, (max-width:1024px) 100vw, 1024px\" \/><\/span><\/a><\/div>\r\n\t<\/div>\r\n<\/div><style>\r\n\t.Extrait_Events_arc{float:left;height:70px;width:100%;background-color:#590630;color:#FFF;margin-top:0px;border-radius:0px;}\r\n\t@media screen and (max-width:900px){.Extrait_Events_arc{height:210px;margin-top:30px;}}\r\n\t.Extrait_Events_Container_arc{height:70px;background-color:#590630;margin:0 auto;text-align:center;}\r\n\t@media screen and (max-width:900px){.Extrait_Events_Container_arc{height:180px;width:100%;}}\r\n\t.Extrait_Events_arc a:hover{text-decoration:none;}\r\n\t.Date_Events_all_arc{float:left;width:20%;height:70px;margin-bottom:10px;}\r\n\t@media screen and (max-width:900px){.Date_Events_all_arc{float:left;width:100%;height:70px;margin-bottom:10px;}}\r\n\t.Date_Events_1_arc{float:left;width:45%;text-align:center;margin-top:5px;}\r\n\t.Date_Events_1_2_arc{float:left;width:32%;text-align:center;margin-top:5px;}\r\n\t.Date_Events_sep_arc{float:left;text-align:center;width:10%;margin-top:-15px;}\r\n\t.Date_Events_2_arc{float:left;width:45%;text-align:center;margin-top:5px;}\r\n\t.timecss_d_arc {font-size:20px;font-weight:500;margin:0;}\r\n\t.timecss_f_arc {font-size:10px;text-transform:uppercase;margin-top:-5px;}\r\n\t.timecss_y_arc {font-size:11px;margin-top:-28px;}\r\n\t.Date_Events_sep_arc{padding-top:20px}\r\n\t.Cat_Events_arc{color:#e3c022;text-transform:uppercase;font-weight:300;letter-spacing:5px;font-size:8px;}\r\n\t@media screen and (max-width:900px){.Cat_Events_arc{float:left;height:20px;width:100%;margin:0 10px;}}\r\n\t.Cat_Events_arc{float:left;height:20px;width:60%;line-height:1.5;margin-top:7px;}\r\n\t@media screen and (max-width:900px){.Cat_Events_arc{float:left;text-align:center;height:20px;width:100%;margin:10px 0 auto;}}\r\n\t@media screen and (max-width:900px){.Cat_Events_arc_cont{margin:0 10px;width:90%;}}\r\n\t.Titre_Events_arc a{float:left;height:50px;width:60%;font-weight:100;font-size:17px;line-height:1.2;color:#fff;text-rendering:auto;margin-top:-10px;}\r\n\t@media screen and (max-width:900px){.Titre_Events_arc a{height:30px;margin:10px 0 auto;width:100%;line-break:auto;}}\r\n\t@media screen and (max-width:900px){.Titre_Events_arc_cont{margin:0 5%;width:90%;}}\r\n\t.Image_Events_arc{float:left;width:20%;overflow:hidden;position:relative;max-height:70px;margin-top:-27px;}\r\n\t@media screen and (max-width:900px){.Image_Events_arc{float:left;max-height:150px;width:100%;margin-top:10px;}}\r\n\t.Date_Events_all_arc,.Cat_Events_arc,.Titre_Events_arc a{display:flex;justify-content:center;align-items:center;}\r\n\t.desk{display:flex;}.mob{display:none;}\r\n\t@media screen and (max-width:900px){.desk{display:none;}.mob{display:flex;}}\r\n<\/style>\r\n\r\n<div class=\"Extrait_Events_arc\">\r\n\t<div class=\"Extrait_Events_Container_arc\">\r\n\t\t4649\r\n\t\t<div class=\"Cat_Events_arc\"><div class=\"Cat_Events_arc_cont\">THEATER und VERANSTALTUNG<\/div><\/div>\r\n\t\t<div class=\"Titre_Events_arc\"><div class=\"Titre_Events_arc_cont\"><a href=\"https:\/\/chateau-de-valangin.ch\/de\/kalender\/noces-de-sang-petits-meurtres-entre-collegues\/\">Noces de sang &#8211; Petits meurtres entre coll\u00e8gues<\/a><\/div><\/div>\t\t\r\n\t\t<div class=\"Image_Events_arc\"><a href=\"https:\/\/chateau-de-valangin.ch\/de\/kalender\/noces-de-sang-petits-meurtres-entre-collegues\/\"><span class=\"desk\"><img loading=\"lazy\" decoding=\"async\" width=\"300\" height=\"169\" src=\"https:\/\/chateau-de-valangin.ch\/NEWSITE\/wp-content\/uploads\/2025\/01\/noces-de-sang-complet-300x169.jpg\" class=\"attachment-medium size-medium\" alt=\"en tete noces de sang complet\" srcset=\"https:\/\/chateau-de-valangin.ch\/NEWSITE\/wp-content\/uploads\/2025\/01\/noces-de-sang-complet-300x169.jpg 300w, https:\/\/chateau-de-valangin.ch\/NEWSITE\/wp-content\/uploads\/2025\/01\/noces-de-sang-complet-1024x576.jpg 1024w, https:\/\/chateau-de-valangin.ch\/NEWSITE\/wp-content\/uploads\/2025\/01\/noces-de-sang-complet-768x432.jpg 768w, https:\/\/chateau-de-valangin.ch\/NEWSITE\/wp-content\/uploads\/2025\/01\/noces-de-sang-complet-1536x864.jpg 1536w, https:\/\/chateau-de-valangin.ch\/NEWSITE\/wp-content\/uploads\/2025\/01\/noces-de-sang-complet-2048x1152.jpg 2048w, https:\/\/chateau-de-valangin.ch\/NEWSITE\/wp-content\/uploads\/2025\/01\/noces-de-sang-complet-133x75.jpg 133w, https:\/\/chateau-de-valangin.ch\/NEWSITE\/wp-content\/uploads\/2025\/01\/noces-de-sang-complet-1200x675.jpg 1200w, https:\/\/chateau-de-valangin.ch\/NEWSITE\/wp-content\/uploads\/2025\/01\/noces-de-sang-complet-480x270.jpg 480w, https:\/\/chateau-de-valangin.ch\/NEWSITE\/wp-content\/uploads\/2025\/01\/noces-de-sang-complet-1320x743.jpg 1320w\" sizes=\"auto, (max-width:767px) 300px, 300px\" \/><\/span><span class=\"mob\"><img loading=\"lazy\" decoding=\"async\" width=\"1024\" height=\"576\" src=\"https:\/\/chateau-de-valangin.ch\/NEWSITE\/wp-content\/uploads\/2025\/01\/noces-de-sang-complet-1024x576.jpg\" class=\"attachment-large size-large\" alt=\"en tete noces de sang complet\" srcset=\"https:\/\/chateau-de-valangin.ch\/NEWSITE\/wp-content\/uploads\/2025\/01\/noces-de-sang-complet-1024x576.jpg 1024w, https:\/\/chateau-de-valangin.ch\/NEWSITE\/wp-content\/uploads\/2025\/01\/noces-de-sang-complet-300x169.jpg 300w, https:\/\/chateau-de-valangin.ch\/NEWSITE\/wp-content\/uploads\/2025\/01\/noces-de-sang-complet-768x432.jpg 768w, https:\/\/chateau-de-valangin.ch\/NEWSITE\/wp-content\/uploads\/2025\/01\/noces-de-sang-complet-1536x864.jpg 1536w, https:\/\/chateau-de-valangin.ch\/NEWSITE\/wp-content\/uploads\/2025\/01\/noces-de-sang-complet-2048x1152.jpg 2048w, https:\/\/chateau-de-valangin.ch\/NEWSITE\/wp-content\/uploads\/2025\/01\/noces-de-sang-complet-133x75.jpg 133w, https:\/\/chateau-de-valangin.ch\/NEWSITE\/wp-content\/uploads\/2025\/01\/noces-de-sang-complet-1200x675.jpg 1200w, https:\/\/chateau-de-valangin.ch\/NEWSITE\/wp-content\/uploads\/2025\/01\/noces-de-sang-complet-480x270.jpg 480w, https:\/\/chateau-de-valangin.ch\/NEWSITE\/wp-content\/uploads\/2025\/01\/noces-de-sang-complet-1320x743.jpg 1320w\" sizes=\"auto, (max-width:767px) 480px, (max-width:1024px) 100vw, 1024px\" \/><\/span><\/a><\/div>\r\n\t<\/div>\r\n<\/div><style>\r\n\t.Extrait_Events_arc{float:left;height:70px;width:100%;background-color:#590630;color:#FFF;margin-top:0px;border-radius:0px;}\r\n\t@media screen and (max-width:900px){.Extrait_Events_arc{height:210px;margin-top:30px;}}\r\n\t.Extrait_Events_Container_arc{height:70px;background-color:#590630;margin:0 auto;text-align:center;}\r\n\t@media screen and (max-width:900px){.Extrait_Events_Container_arc{height:180px;width:100%;}}\r\n\t.Extrait_Events_arc a:hover{text-decoration:none;}\r\n\t.Date_Events_all_arc{float:left;width:20%;height:70px;margin-bottom:10px;}\r\n\t@media screen and (max-width:900px){.Date_Events_all_arc{float:left;width:100%;height:70px;margin-bottom:10px;}}\r\n\t.Date_Events_1_arc{float:left;width:45%;text-align:center;margin-top:5px;}\r\n\t.Date_Events_1_2_arc{float:left;width:32%;text-align:center;margin-top:5px;}\r\n\t.Date_Events_sep_arc{float:left;text-align:center;width:10%;margin-top:-15px;}\r\n\t.Date_Events_2_arc{float:left;width:45%;text-align:center;margin-top:5px;}\r\n\t.timecss_d_arc {font-size:20px;font-weight:500;margin:0;}\r\n\t.timecss_f_arc {font-size:10px;text-transform:uppercase;margin-top:-5px;}\r\n\t.timecss_y_arc {font-size:11px;margin-top:-28px;}\r\n\t.Date_Events_sep_arc{padding-top:20px}\r\n\t.Cat_Events_arc{color:#e3c022;text-transform:uppercase;font-weight:300;letter-spacing:5px;font-size:8px;}\r\n\t@media screen and (max-width:900px){.Cat_Events_arc{float:left;height:20px;width:100%;margin:0 10px;}}\r\n\t.Cat_Events_arc{float:left;height:20px;width:60%;line-height:1.5;margin-top:7px;}\r\n\t@media screen and (max-width:900px){.Cat_Events_arc{float:left;text-align:center;height:20px;width:100%;margin:10px 0 auto;}}\r\n\t@media screen and (max-width:900px){.Cat_Events_arc_cont{margin:0 10px;width:90%;}}\r\n\t.Titre_Events_arc a{float:left;height:50px;width:60%;font-weight:100;font-size:17px;line-height:1.2;color:#fff;text-rendering:auto;margin-top:-10px;}\r\n\t@media screen and (max-width:900px){.Titre_Events_arc a{height:30px;margin:10px 0 auto;width:100%;line-break:auto;}}\r\n\t@media screen and (max-width:900px){.Titre_Events_arc_cont{margin:0 5%;width:90%;}}\r\n\t.Image_Events_arc{float:left;width:20%;overflow:hidden;position:relative;max-height:70px;margin-top:-27px;}\r\n\t@media screen and (max-width:900px){.Image_Events_arc{float:left;max-height:150px;width:100%;margin-top:10px;}}\r\n\t.Date_Events_all_arc,.Cat_Events_arc,.Titre_Events_arc a{display:flex;justify-content:center;align-items:center;}\r\n\t.desk{display:flex;}.mob{display:none;}\r\n\t@media screen and (max-width:900px){.desk{display:none;}.mob{display:flex;}}\r\n<\/style>\r\n\r\n<div class=\"Extrait_Events_arc\">\r\n\t<div class=\"Extrait_Events_Container_arc\">\r\n\t\t4605\r\n\t\t<div class=\"Cat_Events_arc\"><div class=\"Cat_Events_arc_cont\">VERANSTALTUNG<\/div><\/div>\r\n\t\t<div class=\"Titre_Events_arc\"><div class=\"Titre_Events_arc_cont\"><a href=\"https:\/\/chateau-de-valangin.ch\/de\/kalender\/eroeffnung-2025\/\">Saisoner\u00f6ffnung 2025<\/a><\/div><\/div>\t\t\r\n\t\t<div class=\"Image_Events_arc\"><a href=\"https:\/\/chateau-de-valangin.ch\/de\/kalender\/eroeffnung-2025\/\"><span class=\"desk\"><img loading=\"lazy\" decoding=\"async\" width=\"300\" height=\"225\" src=\"https:\/\/chateau-de-valangin.ch\/NEWSITE\/wp-content\/uploads\/2024\/11\/img_20240301_120114-300x225.jpg\" class=\"attachment-medium size-medium\" alt=\"tir du canon 1.3.2024\" srcset=\"https:\/\/chateau-de-valangin.ch\/NEWSITE\/wp-content\/uploads\/2024\/11\/img_20240301_120114-300x225.jpg 300w, https:\/\/chateau-de-valangin.ch\/NEWSITE\/wp-content\/uploads\/2024\/11\/img_20240301_120114-1024x768.jpg 1024w, https:\/\/chateau-de-valangin.ch\/NEWSITE\/wp-content\/uploads\/2024\/11\/img_20240301_120114-768x576.jpg 768w, https:\/\/chateau-de-valangin.ch\/NEWSITE\/wp-content\/uploads\/2024\/11\/img_20240301_120114-1536x1152.jpg 1536w, https:\/\/chateau-de-valangin.ch\/NEWSITE\/wp-content\/uploads\/2024\/11\/img_20240301_120114-2048x1536.jpg 2048w, https:\/\/chateau-de-valangin.ch\/NEWSITE\/wp-content\/uploads\/2024\/11\/img_20240301_120114-100x75.jpg 100w, https:\/\/chateau-de-valangin.ch\/NEWSITE\/wp-content\/uploads\/2024\/11\/img_20240301_120114-960x720.jpg 960w, https:\/\/chateau-de-valangin.ch\/NEWSITE\/wp-content\/uploads\/2024\/11\/img_20240301_120114-480x360.jpg 480w, https:\/\/chateau-de-valangin.ch\/NEWSITE\/wp-content\/uploads\/2024\/11\/img_20240301_120114-1320x990.jpg 1320w\" sizes=\"auto, (max-width:767px) 300px, 300px\" \/><\/span><span class=\"mob\"><img loading=\"lazy\" decoding=\"async\" width=\"1024\" height=\"768\" src=\"https:\/\/chateau-de-valangin.ch\/NEWSITE\/wp-content\/uploads\/2024\/11\/img_20240301_120114-1024x768.jpg\" class=\"attachment-large size-large\" alt=\"tir du canon 1.3.2024\" srcset=\"https:\/\/chateau-de-valangin.ch\/NEWSITE\/wp-content\/uploads\/2024\/11\/img_20240301_120114-1024x768.jpg 1024w, https:\/\/chateau-de-valangin.ch\/NEWSITE\/wp-content\/uploads\/2024\/11\/img_20240301_120114-300x225.jpg 300w, https:\/\/chateau-de-valangin.ch\/NEWSITE\/wp-content\/uploads\/2024\/11\/img_20240301_120114-768x576.jpg 768w, https:\/\/chateau-de-valangin.ch\/NEWSITE\/wp-content\/uploads\/2024\/11\/img_20240301_120114-1536x1152.jpg 1536w, https:\/\/chateau-de-valangin.ch\/NEWSITE\/wp-content\/uploads\/2024\/11\/img_20240301_120114-2048x1536.jpg 2048w, https:\/\/chateau-de-valangin.ch\/NEWSITE\/wp-content\/uploads\/2024\/11\/img_20240301_120114-100x75.jpg 100w, https:\/\/chateau-de-valangin.ch\/NEWSITE\/wp-content\/uploads\/2024\/11\/img_20240301_120114-960x720.jpg 960w, https:\/\/chateau-de-valangin.ch\/NEWSITE\/wp-content\/uploads\/2024\/11\/img_20240301_120114-480x360.jpg 480w, https:\/\/chateau-de-valangin.ch\/NEWSITE\/wp-content\/uploads\/2024\/11\/img_20240301_120114-1320x990.jpg 1320w\" sizes=\"auto, (max-width:767px) 480px, (max-width:1024px) 100vw, 1024px\" \/><\/span><\/a><\/div>\r\n\t<\/div>\r\n<\/div><style>\r\n\t.Extrait_Events_arc{float:left;height:70px;width:100%;background-color:#590630;color:#FFF;margin-top:0px;border-radius:0px;}\r\n\t@media screen and (max-width:900px){.Extrait_Events_arc{height:210px;margin-top:30px;}}\r\n\t.Extrait_Events_Container_arc{height:70px;background-color:#590630;margin:0 auto;text-align:center;}\r\n\t@media screen and (max-width:900px){.Extrait_Events_Container_arc{height:180px;width:100%;}}\r\n\t.Extrait_Events_arc a:hover{text-decoration:none;}\r\n\t.Date_Events_all_arc{float:left;width:20%;height:70px;margin-bottom:10px;}\r\n\t@media screen and (max-width:900px){.Date_Events_all_arc{float:left;width:100%;height:70px;margin-bottom:10px;}}\r\n\t.Date_Events_1_arc{float:left;width:45%;text-align:center;margin-top:5px;}\r\n\t.Date_Events_1_2_arc{float:left;width:32%;text-align:center;margin-top:5px;}\r\n\t.Date_Events_sep_arc{float:left;text-align:center;width:10%;margin-top:-15px;}\r\n\t.Date_Events_2_arc{float:left;width:45%;text-align:center;margin-top:5px;}\r\n\t.timecss_d_arc {font-size:20px;font-weight:500;margin:0;}\r\n\t.timecss_f_arc {font-size:10px;text-transform:uppercase;margin-top:-5px;}\r\n\t.timecss_y_arc {font-size:11px;margin-top:-28px;}\r\n\t.Date_Events_sep_arc{padding-top:20px}\r\n\t.Cat_Events_arc{color:#e3c022;text-transform:uppercase;font-weight:300;letter-spacing:5px;font-size:8px;}\r\n\t@media screen and (max-width:900px){.Cat_Events_arc{float:left;height:20px;width:100%;margin:0 10px;}}\r\n\t.Cat_Events_arc{float:left;height:20px;width:60%;line-height:1.5;margin-top:7px;}\r\n\t@media screen and (max-width:900px){.Cat_Events_arc{float:left;text-align:center;height:20px;width:100%;margin:10px 0 auto;}}\r\n\t@media screen and (max-width:900px){.Cat_Events_arc_cont{margin:0 10px;width:90%;}}\r\n\t.Titre_Events_arc a{float:left;height:50px;width:60%;font-weight:100;font-size:17px;line-height:1.2;color:#fff;text-rendering:auto;margin-top:-10px;}\r\n\t@media screen and (max-width:900px){.Titre_Events_arc a{height:30px;margin:10px 0 auto;width:100%;line-break:auto;}}\r\n\t@media screen and (max-width:900px){.Titre_Events_arc_cont{margin:0 5%;width:90%;}}\r\n\t.Image_Events_arc{float:left;width:20%;overflow:hidden;position:relative;max-height:70px;margin-top:-27px;}\r\n\t@media screen and (max-width:900px){.Image_Events_arc{float:left;max-height:150px;width:100%;margin-top:10px;}}\r\n\t.Date_Events_all_arc,.Cat_Events_arc,.Titre_Events_arc a{display:flex;justify-content:center;align-items:center;}\r\n\t.desk{display:flex;}.mob{display:none;}\r\n\t@media screen and (max-width:900px){.desk{display:none;}.mob{display:flex;}}\r\n<\/style>\r\n\r\n<div class=\"Extrait_Events_arc\">\r\n\t<div class=\"Extrait_Events_Container_arc\">\r\n\t\t4612\r\n\t\t<div class=\"Cat_Events_arc\"><div class=\"Cat_Events_arc_cont\">F\u00dcHRUNG<\/div><\/div>\r\n\t\t<div class=\"Titre_Events_arc\"><div class=\"Titre_Events_arc_cont\"><a href=\"https:\/\/chateau-de-valangin.ch\/de\/kalender\/valangin-a-la-lueur-dune-lanterne-3\/\">Valangin \u00e0 la lueur d&#8217;une lanterne<\/a><\/div><\/div>\t\t\r\n\t\t<div class=\"Image_Events_arc\"><a href=\"https:\/\/chateau-de-valangin.ch\/de\/kalender\/valangin-a-la-lueur-dune-lanterne-3\/\"><span class=\"desk\"><img loading=\"lazy\" decoding=\"async\" width=\"300\" height=\"200\" src=\"https:\/\/chateau-de-valangin.ch\/NEWSITE\/wp-content\/uploads\/2023\/11\/chateau_de_valangin-1-300x200.jpg\" class=\"attachment-medium size-medium\" alt=\"\" srcset=\"https:\/\/chateau-de-valangin.ch\/NEWSITE\/wp-content\/uploads\/2023\/11\/chateau_de_valangin-1-300x200.jpg 300w, https:\/\/chateau-de-valangin.ch\/NEWSITE\/wp-content\/uploads\/2023\/11\/chateau_de_valangin-1-1024x683.jpg 1024w, https:\/\/chateau-de-valangin.ch\/NEWSITE\/wp-content\/uploads\/2023\/11\/chateau_de_valangin-1-768x512.jpg 768w, https:\/\/chateau-de-valangin.ch\/NEWSITE\/wp-content\/uploads\/2023\/11\/chateau_de_valangin-1-1536x1024.jpg 1536w, https:\/\/chateau-de-valangin.ch\/NEWSITE\/wp-content\/uploads\/2023\/11\/chateau_de_valangin-1-2048x1365.jpg 2048w, https:\/\/chateau-de-valangin.ch\/NEWSITE\/wp-content\/uploads\/2023\/11\/chateau_de_valangin-1-219x146.jpg 219w, https:\/\/chateau-de-valangin.ch\/NEWSITE\/wp-content\/uploads\/2023\/11\/chateau_de_valangin-1-50x33.jpg 50w, https:\/\/chateau-de-valangin.ch\/NEWSITE\/wp-content\/uploads\/2023\/11\/chateau_de_valangin-1-113x75.jpg 113w, https:\/\/chateau-de-valangin.ch\/NEWSITE\/wp-content\/uploads\/2023\/11\/chateau_de_valangin-1-1320x880.jpg 1320w\" sizes=\"auto, (max-width:767px) 300px, 300px\" \/><\/span><span class=\"mob\"><img loading=\"lazy\" decoding=\"async\" width=\"1024\" height=\"683\" src=\"https:\/\/chateau-de-valangin.ch\/NEWSITE\/wp-content\/uploads\/2023\/11\/chateau_de_valangin-1-1024x683.jpg\" class=\"attachment-large size-large\" alt=\"\" srcset=\"https:\/\/chateau-de-valangin.ch\/NEWSITE\/wp-content\/uploads\/2023\/11\/chateau_de_valangin-1-1024x683.jpg 1024w, https:\/\/chateau-de-valangin.ch\/NEWSITE\/wp-content\/uploads\/2023\/11\/chateau_de_valangin-1-300x200.jpg 300w, https:\/\/chateau-de-valangin.ch\/NEWSITE\/wp-content\/uploads\/2023\/11\/chateau_de_valangin-1-768x512.jpg 768w, https:\/\/chateau-de-valangin.ch\/NEWSITE\/wp-content\/uploads\/2023\/11\/chateau_de_valangin-1-1536x1024.jpg 1536w, https:\/\/chateau-de-valangin.ch\/NEWSITE\/wp-content\/uploads\/2023\/11\/chateau_de_valangin-1-2048x1365.jpg 2048w, https:\/\/chateau-de-valangin.ch\/NEWSITE\/wp-content\/uploads\/2023\/11\/chateau_de_valangin-1-219x146.jpg 219w, https:\/\/chateau-de-valangin.ch\/NEWSITE\/wp-content\/uploads\/2023\/11\/chateau_de_valangin-1-50x33.jpg 50w, https:\/\/chateau-de-valangin.ch\/NEWSITE\/wp-content\/uploads\/2023\/11\/chateau_de_valangin-1-113x75.jpg 113w, https:\/\/chateau-de-valangin.ch\/NEWSITE\/wp-content\/uploads\/2023\/11\/chateau_de_valangin-1-1320x880.jpg 1320w\" sizes=\"auto, (max-width:767px) 480px, (max-width:1024px) 100vw, 1024px\" \/><\/span><\/a><\/div>\r\n\t<\/div>\r\n<\/div><style>\r\n\t.Extrait_Events_arc{float:left;height:70px;width:100%;background-color:#590630;color:#FFF;margin-top:0px;border-radius:0px;}\r\n\t@media screen and (max-width:900px){.Extrait_Events_arc{height:210px;margin-top:30px;}}\r\n\t.Extrait_Events_Container_arc{height:70px;background-color:#590630;margin:0 auto;text-align:center;}\r\n\t@media screen and (max-width:900px){.Extrait_Events_Container_arc{height:180px;width:100%;}}\r\n\t.Extrait_Events_arc a:hover{text-decoration:none;}\r\n\t.Date_Events_all_arc{float:left;width:20%;height:70px;margin-bottom:10px;}\r\n\t@media screen and (max-width:900px){.Date_Events_all_arc{float:left;width:100%;height:70px;margin-bottom:10px;}}\r\n\t.Date_Events_1_arc{float:left;width:45%;text-align:center;margin-top:5px;}\r\n\t.Date_Events_1_2_arc{float:left;width:32%;text-align:center;margin-top:5px;}\r\n\t.Date_Events_sep_arc{float:left;text-align:center;width:10%;margin-top:-15px;}\r\n\t.Date_Events_2_arc{float:left;width:45%;text-align:center;margin-top:5px;}\r\n\t.timecss_d_arc {font-size:20px;font-weight:500;margin:0;}\r\n\t.timecss_f_arc {font-size:10px;text-transform:uppercase;margin-top:-5px;}\r\n\t.timecss_y_arc {font-size:11px;margin-top:-28px;}\r\n\t.Date_Events_sep_arc{padding-top:20px}\r\n\t.Cat_Events_arc{color:#e3c022;text-transform:uppercase;font-weight:300;letter-spacing:5px;font-size:8px;}\r\n\t@media screen and (max-width:900px){.Cat_Events_arc{float:left;height:20px;width:100%;margin:0 10px;}}\r\n\t.Cat_Events_arc{float:left;height:20px;width:60%;line-height:1.5;margin-top:7px;}\r\n\t@media screen and (max-width:900px){.Cat_Events_arc{float:left;text-align:center;height:20px;width:100%;margin:10px 0 auto;}}\r\n\t@media screen and (max-width:900px){.Cat_Events_arc_cont{margin:0 10px;width:90%;}}\r\n\t.Titre_Events_arc a{float:left;height:50px;width:60%;font-weight:100;font-size:17px;line-height:1.2;color:#fff;text-rendering:auto;margin-top:-10px;}\r\n\t@media screen and (max-width:900px){.Titre_Events_arc a{height:30px;margin:10px 0 auto;width:100%;line-break:auto;}}\r\n\t@media screen and (max-width:900px){.Titre_Events_arc_cont{margin:0 5%;width:90%;}}\r\n\t.Image_Events_arc{float:left;width:20%;overflow:hidden;position:relative;max-height:70px;margin-top:-27px;}\r\n\t@media screen and (max-width:900px){.Image_Events_arc{float:left;max-height:150px;width:100%;margin-top:10px;}}\r\n\t.Date_Events_all_arc,.Cat_Events_arc,.Titre_Events_arc a{display:flex;justify-content:center;align-items:center;}\r\n\t.desk{display:flex;}.mob{display:none;}\r\n\t@media screen and (max-width:900px){.desk{display:none;}.mob{display:flex;}}\r\n<\/style>\r\n\r\n<div class=\"Extrait_Events_arc\">\r\n\t<div class=\"Extrait_Events_Container_arc\">\r\n\t\t4467\r\n\t\t<div class=\"Cat_Events_arc\"><div class=\"Cat_Events_arc_cont\">VERANSTALTUNG<\/div><\/div>\r\n\t\t<div class=\"Titre_Events_arc\"><div class=\"Titre_Events_arc_cont\"><a href=\"https:\/\/chateau-de-valangin.ch\/de\/kalender\/jeudi-oui-au-chateau-3\/\">Jeudi Oui! in Valangin &#8211; Halloween Spezial<\/a><\/div><\/div>\t\t\r\n\t\t<div class=\"Image_Events_arc\"><a href=\"https:\/\/chateau-de-valangin.ch\/de\/kalender\/jeudi-oui-au-chateau-3\/\"><span class=\"desk\"><img loading=\"lazy\" decoding=\"async\" width=\"300\" height=\"169\" src=\"https:\/\/chateau-de-valangin.ch\/NEWSITE\/wp-content\/uploads\/2024\/10\/halloween-chateau-by-night-300x169.jpg\" class=\"attachment-medium size-medium\" alt=\"\" srcset=\"https:\/\/chateau-de-valangin.ch\/NEWSITE\/wp-content\/uploads\/2024\/10\/halloween-chateau-by-night-300x169.jpg 300w, https:\/\/chateau-de-valangin.ch\/NEWSITE\/wp-content\/uploads\/2024\/10\/halloween-chateau-by-night-1024x576.jpg 1024w, https:\/\/chateau-de-valangin.ch\/NEWSITE\/wp-content\/uploads\/2024\/10\/halloween-chateau-by-night-768x432.jpg 768w, https:\/\/chateau-de-valangin.ch\/NEWSITE\/wp-content\/uploads\/2024\/10\/halloween-chateau-by-night-1536x864.jpg 1536w, https:\/\/chateau-de-valangin.ch\/NEWSITE\/wp-content\/uploads\/2024\/10\/halloween-chateau-by-night-2048x1152.jpg 2048w, https:\/\/chateau-de-valangin.ch\/NEWSITE\/wp-content\/uploads\/2024\/10\/halloween-chateau-by-night-133x75.jpg 133w, https:\/\/chateau-de-valangin.ch\/NEWSITE\/wp-content\/uploads\/2024\/10\/halloween-chateau-by-night-1200x675.jpg 1200w, https:\/\/chateau-de-valangin.ch\/NEWSITE\/wp-content\/uploads\/2024\/10\/halloween-chateau-by-night-480x270.jpg 480w, https:\/\/chateau-de-valangin.ch\/NEWSITE\/wp-content\/uploads\/2024\/10\/halloween-chateau-by-night-1320x743.jpg 1320w\" sizes=\"auto, (max-width:767px) 300px, 300px\" \/><\/span><span class=\"mob\"><img loading=\"lazy\" decoding=\"async\" width=\"1024\" height=\"576\" src=\"https:\/\/chateau-de-valangin.ch\/NEWSITE\/wp-content\/uploads\/2024\/10\/halloween-chateau-by-night-1024x576.jpg\" class=\"attachment-large size-large\" alt=\"\" srcset=\"https:\/\/chateau-de-valangin.ch\/NEWSITE\/wp-content\/uploads\/2024\/10\/halloween-chateau-by-night-1024x576.jpg 1024w, https:\/\/chateau-de-valangin.ch\/NEWSITE\/wp-content\/uploads\/2024\/10\/halloween-chateau-by-night-300x169.jpg 300w, https:\/\/chateau-de-valangin.ch\/NEWSITE\/wp-content\/uploads\/2024\/10\/halloween-chateau-by-night-768x432.jpg 768w, https:\/\/chateau-de-valangin.ch\/NEWSITE\/wp-content\/uploads\/2024\/10\/halloween-chateau-by-night-1536x864.jpg 1536w, https:\/\/chateau-de-valangin.ch\/NEWSITE\/wp-content\/uploads\/2024\/10\/halloween-chateau-by-night-2048x1152.jpg 2048w, https:\/\/chateau-de-valangin.ch\/NEWSITE\/wp-content\/uploads\/2024\/10\/halloween-chateau-by-night-133x75.jpg 133w, https:\/\/chateau-de-valangin.ch\/NEWSITE\/wp-content\/uploads\/2024\/10\/halloween-chateau-by-night-1200x675.jpg 1200w, https:\/\/chateau-de-valangin.ch\/NEWSITE\/wp-content\/uploads\/2024\/10\/halloween-chateau-by-night-480x270.jpg 480w, https:\/\/chateau-de-valangin.ch\/NEWSITE\/wp-content\/uploads\/2024\/10\/halloween-chateau-by-night-1320x743.jpg 1320w\" sizes=\"auto, (max-width:767px) 480px, (max-width:1024px) 100vw, 1024px\" \/><\/span><\/a><\/div>\r\n\t<\/div>\r\n<\/div><style>\r\n\t.Extrait_Events_arc{float:left;height:70px;width:100%;background-color:#590630;color:#FFF;margin-top:0px;border-radius:0px;}\r\n\t@media screen and (max-width:900px){.Extrait_Events_arc{height:210px;margin-top:30px;}}\r\n\t.Extrait_Events_Container_arc{height:70px;background-color:#590630;margin:0 auto;text-align:center;}\r\n\t@media screen and (max-width:900px){.Extrait_Events_Container_arc{height:180px;width:100%;}}\r\n\t.Extrait_Events_arc a:hover{text-decoration:none;}\r\n\t.Date_Events_all_arc{float:left;width:20%;height:70px;margin-bottom:10px;}\r\n\t@media screen and (max-width:900px){.Date_Events_all_arc{float:left;width:100%;height:70px;margin-bottom:10px;}}\r\n\t.Date_Events_1_arc{float:left;width:45%;text-align:center;margin-top:5px;}\r\n\t.Date_Events_1_2_arc{float:left;width:32%;text-align:center;margin-top:5px;}\r\n\t.Date_Events_sep_arc{float:left;text-align:center;width:10%;margin-top:-15px;}\r\n\t.Date_Events_2_arc{float:left;width:45%;text-align:center;margin-top:5px;}\r\n\t.timecss_d_arc {font-size:20px;font-weight:500;margin:0;}\r\n\t.timecss_f_arc {font-size:10px;text-transform:uppercase;margin-top:-5px;}\r\n\t.timecss_y_arc {font-size:11px;margin-top:-28px;}\r\n\t.Date_Events_sep_arc{padding-top:20px}\r\n\t.Cat_Events_arc{color:#e3c022;text-transform:uppercase;font-weight:300;letter-spacing:5px;font-size:8px;}\r\n\t@media screen and (max-width:900px){.Cat_Events_arc{float:left;height:20px;width:100%;margin:0 10px;}}\r\n\t.Cat_Events_arc{float:left;height:20px;width:60%;line-height:1.5;margin-top:7px;}\r\n\t@media screen and (max-width:900px){.Cat_Events_arc{float:left;text-align:center;height:20px;width:100%;margin:10px 0 auto;}}\r\n\t@media screen and (max-width:900px){.Cat_Events_arc_cont{margin:0 10px;width:90%;}}\r\n\t.Titre_Events_arc a{float:left;height:50px;width:60%;font-weight:100;font-size:17px;line-height:1.2;color:#fff;text-rendering:auto;margin-top:-10px;}\r\n\t@media screen and (max-width:900px){.Titre_Events_arc a{height:30px;margin:10px 0 auto;width:100%;line-break:auto;}}\r\n\t@media screen and (max-width:900px){.Titre_Events_arc_cont{margin:0 5%;width:90%;}}\r\n\t.Image_Events_arc{float:left;width:20%;overflow:hidden;position:relative;max-height:70px;margin-top:-27px;}\r\n\t@media screen and (max-width:900px){.Image_Events_arc{float:left;max-height:150px;width:100%;margin-top:10px;}}\r\n\t.Date_Events_all_arc,.Cat_Events_arc,.Titre_Events_arc a{display:flex;justify-content:center;align-items:center;}\r\n\t.desk{display:flex;}.mob{display:none;}\r\n\t@media screen and (max-width:900px){.desk{display:none;}.mob{display:flex;}}\r\n<\/style>\r\n\r\n<div class=\"Extrait_Events_arc\">\r\n\t<div class=\"Extrait_Events_Container_arc\">\r\n\t\t4579\r\n\t\t<div class=\"Cat_Events_arc\"><div class=\"Cat_Events_arc_cont\">ANIMATION und WORKSHOP<\/div><\/div>\r\n\t\t<div class=\"Titre_Events_arc\"><div class=\"Titre_Events_arc_cont\"><a href=\"https:\/\/chateau-de-valangin.ch\/de\/kalender\/atelier-halloween\/\">Ateliers Halloween<\/a><\/div><\/div>\t\t\r\n\t\t<div class=\"Image_Events_arc\"><a href=\"https:\/\/chateau-de-valangin.ch\/de\/kalender\/atelier-halloween\/\"><span class=\"desk\"><img loading=\"lazy\" decoding=\"async\" width=\"300\" height=\"200\" src=\"https:\/\/chateau-de-valangin.ch\/NEWSITE\/wp-content\/uploads\/2024\/07\/pumpkin-6720424_1280-300x200.jpg\" class=\"attachment-medium size-medium\" alt=\"courge\" srcset=\"https:\/\/chateau-de-valangin.ch\/NEWSITE\/wp-content\/uploads\/2024\/07\/pumpkin-6720424_1280-300x200.jpg 300w, https:\/\/chateau-de-valangin.ch\/NEWSITE\/wp-content\/uploads\/2024\/07\/pumpkin-6720424_1280-1024x682.jpg 1024w, https:\/\/chateau-de-valangin.ch\/NEWSITE\/wp-content\/uploads\/2024\/07\/pumpkin-6720424_1280-768x512.jpg 768w, https:\/\/chateau-de-valangin.ch\/NEWSITE\/wp-content\/uploads\/2024\/07\/pumpkin-6720424_1280-113x75.jpg 113w, https:\/\/chateau-de-valangin.ch\/NEWSITE\/wp-content\/uploads\/2024\/07\/pumpkin-6720424_1280-480x320.jpg 480w, https:\/\/chateau-de-valangin.ch\/NEWSITE\/wp-content\/uploads\/2024\/07\/pumpkin-6720424_1280.jpg 1280w\" sizes=\"auto, (max-width:767px) 300px, 300px\" \/><\/span><span class=\"mob\"><img loading=\"lazy\" decoding=\"async\" width=\"1024\" height=\"682\" src=\"https:\/\/chateau-de-valangin.ch\/NEWSITE\/wp-content\/uploads\/2024\/07\/pumpkin-6720424_1280-1024x682.jpg\" class=\"attachment-large size-large\" alt=\"courge\" srcset=\"https:\/\/chateau-de-valangin.ch\/NEWSITE\/wp-content\/uploads\/2024\/07\/pumpkin-6720424_1280-1024x682.jpg 1024w, https:\/\/chateau-de-valangin.ch\/NEWSITE\/wp-content\/uploads\/2024\/07\/pumpkin-6720424_1280-300x200.jpg 300w, https:\/\/chateau-de-valangin.ch\/NEWSITE\/wp-content\/uploads\/2024\/07\/pumpkin-6720424_1280-768x512.jpg 768w, https:\/\/chateau-de-valangin.ch\/NEWSITE\/wp-content\/uploads\/2024\/07\/pumpkin-6720424_1280-113x75.jpg 113w, https:\/\/chateau-de-valangin.ch\/NEWSITE\/wp-content\/uploads\/2024\/07\/pumpkin-6720424_1280-480x320.jpg 480w, https:\/\/chateau-de-valangin.ch\/NEWSITE\/wp-content\/uploads\/2024\/07\/pumpkin-6720424_1280.jpg 1280w\" sizes=\"auto, (max-width:767px) 480px, (max-width:1024px) 100vw, 1024px\" \/><\/span><\/a><\/div>\r\n\t<\/div>\r\n<\/div><style>\r\n\t.Extrait_Events_arc{float:left;height:70px;width:100%;background-color:#590630;color:#FFF;margin-top:0px;border-radius:0px;}\r\n\t@media screen and (max-width:900px){.Extrait_Events_arc{height:210px;margin-top:30px;}}\r\n\t.Extrait_Events_Container_arc{height:70px;background-color:#590630;margin:0 auto;text-align:center;}\r\n\t@media screen and (max-width:900px){.Extrait_Events_Container_arc{height:180px;width:100%;}}\r\n\t.Extrait_Events_arc a:hover{text-decoration:none;}\r\n\t.Date_Events_all_arc{float:left;width:20%;height:70px;margin-bottom:10px;}\r\n\t@media screen and (max-width:900px){.Date_Events_all_arc{float:left;width:100%;height:70px;margin-bottom:10px;}}\r\n\t.Date_Events_1_arc{float:left;width:45%;text-align:center;margin-top:5px;}\r\n\t.Date_Events_1_2_arc{float:left;width:32%;text-align:center;margin-top:5px;}\r\n\t.Date_Events_sep_arc{float:left;text-align:center;width:10%;margin-top:-15px;}\r\n\t.Date_Events_2_arc{float:left;width:45%;text-align:center;margin-top:5px;}\r\n\t.timecss_d_arc {font-size:20px;font-weight:500;margin:0;}\r\n\t.timecss_f_arc {font-size:10px;text-transform:uppercase;margin-top:-5px;}\r\n\t.timecss_y_arc {font-size:11px;margin-top:-28px;}\r\n\t.Date_Events_sep_arc{padding-top:20px}\r\n\t.Cat_Events_arc{color:#e3c022;text-transform:uppercase;font-weight:300;letter-spacing:5px;font-size:8px;}\r\n\t@media screen and (max-width:900px){.Cat_Events_arc{float:left;height:20px;width:100%;margin:0 10px;}}\r\n\t.Cat_Events_arc{float:left;height:20px;width:60%;line-height:1.5;margin-top:7px;}\r\n\t@media screen and (max-width:900px){.Cat_Events_arc{float:left;text-align:center;height:20px;width:100%;margin:10px 0 auto;}}\r\n\t@media screen and (max-width:900px){.Cat_Events_arc_cont{margin:0 10px;width:90%;}}\r\n\t.Titre_Events_arc a{float:left;height:50px;width:60%;font-weight:100;font-size:17px;line-height:1.2;color:#fff;text-rendering:auto;margin-top:-10px;}\r\n\t@media screen and (max-width:900px){.Titre_Events_arc a{height:30px;margin:10px 0 auto;width:100%;line-break:auto;}}\r\n\t@media screen and (max-width:900px){.Titre_Events_arc_cont{margin:0 5%;width:90%;}}\r\n\t.Image_Events_arc{float:left;width:20%;overflow:hidden;position:relative;max-height:70px;margin-top:-27px;}\r\n\t@media screen and (max-width:900px){.Image_Events_arc{float:left;max-height:150px;width:100%;margin-top:10px;}}\r\n\t.Date_Events_all_arc,.Cat_Events_arc,.Titre_Events_arc a{display:flex;justify-content:center;align-items:center;}\r\n\t.desk{display:flex;}.mob{display:none;}\r\n\t@media screen and (max-width:900px){.desk{display:none;}.mob{display:flex;}}\r\n<\/style>\r\n\r\n<div class=\"Extrait_Events_arc\">\r\n\t<div class=\"Extrait_Events_Container_arc\">\r\n\t\t4466\r\n\t\t<div class=\"Cat_Events_arc\"><div class=\"Cat_Events_arc_cont\">ANIMATION und WORKSHOP<\/div><\/div>\r\n\t\t<div class=\"Titre_Events_arc\"><div class=\"Titre_Events_arc_cont\"><a href=\"https:\/\/chateau-de-valangin.ch\/de\/kalender\/fete-de-la-courge-3\/\">F\u00eate de la courge (K\u00fcrbisfest)<\/a><\/div><\/div>\t\t\r\n\t\t<div class=\"Image_Events_arc\"><a href=\"https:\/\/chateau-de-valangin.ch\/de\/kalender\/fete-de-la-courge-3\/\"><span class=\"desk\"><img loading=\"lazy\" decoding=\"async\" width=\"283\" height=\"300\" src=\"https:\/\/chateau-de-valangin.ch\/NEWSITE\/wp-content\/uploads\/2024\/06\/courge_nau-283x300.jpg\" class=\"attachment-medium size-medium\" alt=\"\" srcset=\"https:\/\/chateau-de-valangin.ch\/NEWSITE\/wp-content\/uploads\/2024\/06\/courge_nau-283x300.jpg 283w, https:\/\/chateau-de-valangin.ch\/NEWSITE\/wp-content\/uploads\/2024\/06\/courge_nau-768x814.jpg 768w, https:\/\/chateau-de-valangin.ch\/NEWSITE\/wp-content\/uploads\/2024\/06\/courge_nau-71x75.jpg 71w, https:\/\/chateau-de-valangin.ch\/NEWSITE\/wp-content\/uploads\/2024\/06\/courge_nau-480x509.jpg 480w, https:\/\/chateau-de-valangin.ch\/NEWSITE\/wp-content\/uploads\/2024\/06\/courge_nau.jpg 956w\" sizes=\"auto, (max-width:767px) 283px, 283px\" \/><\/span><span class=\"mob\"><img loading=\"lazy\" decoding=\"async\" width=\"956\" height=\"1013\" src=\"https:\/\/chateau-de-valangin.ch\/NEWSITE\/wp-content\/uploads\/2024\/06\/courge_nau.jpg\" class=\"attachment-large size-large\" alt=\"\" srcset=\"https:\/\/chateau-de-valangin.ch\/NEWSITE\/wp-content\/uploads\/2024\/06\/courge_nau.jpg 956w, https:\/\/chateau-de-valangin.ch\/NEWSITE\/wp-content\/uploads\/2024\/06\/courge_nau-283x300.jpg 283w, https:\/\/chateau-de-valangin.ch\/NEWSITE\/wp-content\/uploads\/2024\/06\/courge_nau-768x814.jpg 768w, https:\/\/chateau-de-valangin.ch\/NEWSITE\/wp-content\/uploads\/2024\/06\/courge_nau-71x75.jpg 71w, https:\/\/chateau-de-valangin.ch\/NEWSITE\/wp-content\/uploads\/2024\/06\/courge_nau-480x509.jpg 480w\" sizes=\"auto, (max-width:767px) 480px, (max-width:956px) 100vw, 956px\" \/><\/span><\/a><\/div>\r\n\t<\/div>\r\n<\/div><style>\r\n\t.Extrait_Events_arc{float:left;height:70px;width:100%;background-color:#590630;color:#FFF;margin-top:0px;border-radius:0px;}\r\n\t@media screen and (max-width:900px){.Extrait_Events_arc{height:210px;margin-top:30px;}}\r\n\t.Extrait_Events_Container_arc{height:70px;background-color:#590630;margin:0 auto;text-align:center;}\r\n\t@media screen and (max-width:900px){.Extrait_Events_Container_arc{height:180px;width:100%;}}\r\n\t.Extrait_Events_arc a:hover{text-decoration:none;}\r\n\t.Date_Events_all_arc{float:left;width:20%;height:70px;margin-bottom:10px;}\r\n\t@media screen and (max-width:900px){.Date_Events_all_arc{float:left;width:100%;height:70px;margin-bottom:10px;}}\r\n\t.Date_Events_1_arc{float:left;width:45%;text-align:center;margin-top:5px;}\r\n\t.Date_Events_1_2_arc{float:left;width:32%;text-align:center;margin-top:5px;}\r\n\t.Date_Events_sep_arc{float:left;text-align:center;width:10%;margin-top:-15px;}\r\n\t.Date_Events_2_arc{float:left;width:45%;text-align:center;margin-top:5px;}\r\n\t.timecss_d_arc {font-size:20px;font-weight:500;margin:0;}\r\n\t.timecss_f_arc {font-size:10px;text-transform:uppercase;margin-top:-5px;}\r\n\t.timecss_y_arc {font-size:11px;margin-top:-28px;}\r\n\t.Date_Events_sep_arc{padding-top:20px}\r\n\t.Cat_Events_arc{color:#e3c022;text-transform:uppercase;font-weight:300;letter-spacing:5px;font-size:8px;}\r\n\t@media screen and (max-width:900px){.Cat_Events_arc{float:left;height:20px;width:100%;margin:0 10px;}}\r\n\t.Cat_Events_arc{float:left;height:20px;width:60%;line-height:1.5;margin-top:7px;}\r\n\t@media screen and (max-width:900px){.Cat_Events_arc{float:left;text-align:center;height:20px;width:100%;margin:10px 0 auto;}}\r\n\t@media screen and (max-width:900px){.Cat_Events_arc_cont{margin:0 10px;width:90%;}}\r\n\t.Titre_Events_arc a{float:left;height:50px;width:60%;font-weight:100;font-size:17px;line-height:1.2;color:#fff;text-rendering:auto;margin-top:-10px;}\r\n\t@media screen and (max-width:900px){.Titre_Events_arc a{height:30px;margin:10px 0 auto;width:100%;line-break:auto;}}\r\n\t@media screen and (max-width:900px){.Titre_Events_arc_cont{margin:0 5%;width:90%;}}\r\n\t.Image_Events_arc{float:left;width:20%;overflow:hidden;position:relative;max-height:70px;margin-top:-27px;}\r\n\t@media screen and (max-width:900px){.Image_Events_arc{float:left;max-height:150px;width:100%;margin-top:10px;}}\r\n\t.Date_Events_all_arc,.Cat_Events_arc,.Titre_Events_arc a{display:flex;justify-content:center;align-items:center;}\r\n\t.desk{display:flex;}.mob{display:none;}\r\n\t@media screen and (max-width:900px){.desk{display:none;}.mob{display:flex;}}\r\n<\/style>\r\n\r\n<div class=\"Extrait_Events_arc\">\r\n\t<div class=\"Extrait_Events_Container_arc\">\r\n\t\t4265\r\n\t\t<div class=\"Cat_Events_arc\"><div class=\"Cat_Events_arc_cont\">ANIMATION<\/div><\/div>\r\n\t\t<div class=\"Titre_Events_arc\"><div class=\"Titre_Events_arc_cont\"><a href=\"https:\/\/chateau-de-valangin.ch\/de\/kalender\/demonstration-de-dentellieres-2023-2-2-2-2-2-2-2-3-2-2-2-2-2-2-2\/\">Kl\u00f6pplerinnen zeigen ihre Kunst<\/a><\/div><\/div>\t\t\r\n\t\t<div class=\"Image_Events_arc\"><a href=\"https:\/\/chateau-de-valangin.ch\/de\/kalender\/demonstration-de-dentellieres-2023-2-2-2-2-2-2-2-3-2-2-2-2-2-2-2\/\"><span class=\"desk\"><img loading=\"lazy\" decoding=\"async\" width=\"300\" height=\"225\" src=\"https:\/\/chateau-de-valangin.ch\/NEWSITE\/wp-content\/uploads\/2021\/08\/img_9199-300x225.jpg\" class=\"attachment-medium size-medium\" alt=\"dentelles historiques du ch\u00e2teau et mus\u00e9e de valangin\" srcset=\"https:\/\/chateau-de-valangin.ch\/NEWSITE\/wp-content\/uploads\/2021\/08\/img_9199-300x225.jpg 300w, https:\/\/chateau-de-valangin.ch\/NEWSITE\/wp-content\/uploads\/2021\/08\/img_9199-1024x768.jpg 1024w, https:\/\/chateau-de-valangin.ch\/NEWSITE\/wp-content\/uploads\/2021\/08\/img_9199-768x576.jpg 768w, https:\/\/chateau-de-valangin.ch\/NEWSITE\/wp-content\/uploads\/2021\/08\/img_9199-1536x1152.jpg 1536w, https:\/\/chateau-de-valangin.ch\/NEWSITE\/wp-content\/uploads\/2021\/08\/img_9199-2048x1536.jpg 2048w, https:\/\/chateau-de-valangin.ch\/NEWSITE\/wp-content\/uploads\/2021\/08\/img_9199-195x146.jpg 195w, https:\/\/chateau-de-valangin.ch\/NEWSITE\/wp-content\/uploads\/2021\/08\/img_9199-50x38.jpg 50w, https:\/\/chateau-de-valangin.ch\/NEWSITE\/wp-content\/uploads\/2021\/08\/img_9199-100x75.jpg 100w, https:\/\/chateau-de-valangin.ch\/NEWSITE\/wp-content\/uploads\/2021\/08\/img_9199-960x720.jpg 960w, https:\/\/chateau-de-valangin.ch\/NEWSITE\/wp-content\/uploads\/2021\/08\/img_9199-1320x990.jpg 1320w\" sizes=\"auto, (max-width:767px) 300px, 300px\" \/><\/span><span class=\"mob\"><img loading=\"lazy\" decoding=\"async\" width=\"1024\" height=\"768\" src=\"https:\/\/chateau-de-valangin.ch\/NEWSITE\/wp-content\/uploads\/2021\/08\/img_9199-1024x768.jpg\" class=\"attachment-large size-large\" alt=\"dentelles historiques du ch\u00e2teau et mus\u00e9e de valangin\" srcset=\"https:\/\/chateau-de-valangin.ch\/NEWSITE\/wp-content\/uploads\/2021\/08\/img_9199-1024x768.jpg 1024w, https:\/\/chateau-de-valangin.ch\/NEWSITE\/wp-content\/uploads\/2021\/08\/img_9199-300x225.jpg 300w, https:\/\/chateau-de-valangin.ch\/NEWSITE\/wp-content\/uploads\/2021\/08\/img_9199-768x576.jpg 768w, https:\/\/chateau-de-valangin.ch\/NEWSITE\/wp-content\/uploads\/2021\/08\/img_9199-1536x1152.jpg 1536w, https:\/\/chateau-de-valangin.ch\/NEWSITE\/wp-content\/uploads\/2021\/08\/img_9199-2048x1536.jpg 2048w, https:\/\/chateau-de-valangin.ch\/NEWSITE\/wp-content\/uploads\/2021\/08\/img_9199-195x146.jpg 195w, https:\/\/chateau-de-valangin.ch\/NEWSITE\/wp-content\/uploads\/2021\/08\/img_9199-50x38.jpg 50w, https:\/\/chateau-de-valangin.ch\/NEWSITE\/wp-content\/uploads\/2021\/08\/img_9199-100x75.jpg 100w, https:\/\/chateau-de-valangin.ch\/NEWSITE\/wp-content\/uploads\/2021\/08\/img_9199-960x720.jpg 960w, https:\/\/chateau-de-valangin.ch\/NEWSITE\/wp-content\/uploads\/2021\/08\/img_9199-1320x990.jpg 1320w\" sizes=\"auto, (max-width:767px) 480px, (max-width:1024px) 100vw, 1024px\" \/><\/span><\/a><\/div>\r\n\t<\/div>\r\n<\/div><style>\r\n\t.Extrait_Events_arc{float:left;height:70px;width:100%;background-color:#590630;color:#FFF;margin-top:0px;border-radius:0px;}\r\n\t@media screen and (max-width:900px){.Extrait_Events_arc{height:210px;margin-top:30px;}}\r\n\t.Extrait_Events_Container_arc{height:70px;background-color:#590630;margin:0 auto;text-align:center;}\r\n\t@media screen and (max-width:900px){.Extrait_Events_Container_arc{height:180px;width:100%;}}\r\n\t.Extrait_Events_arc a:hover{text-decoration:none;}\r\n\t.Date_Events_all_arc{float:left;width:20%;height:70px;margin-bottom:10px;}\r\n\t@media screen and (max-width:900px){.Date_Events_all_arc{float:left;width:100%;height:70px;margin-bottom:10px;}}\r\n\t.Date_Events_1_arc{float:left;width:45%;text-align:center;margin-top:5px;}\r\n\t.Date_Events_1_2_arc{float:left;width:32%;text-align:center;margin-top:5px;}\r\n\t.Date_Events_sep_arc{float:left;text-align:center;width:10%;margin-top:-15px;}\r\n\t.Date_Events_2_arc{float:left;width:45%;text-align:center;margin-top:5px;}\r\n\t.timecss_d_arc {font-size:20px;font-weight:500;margin:0;}\r\n\t.timecss_f_arc {font-size:10px;text-transform:uppercase;margin-top:-5px;}\r\n\t.timecss_y_arc {font-size:11px;margin-top:-28px;}\r\n\t.Date_Events_sep_arc{padding-top:20px}\r\n\t.Cat_Events_arc{color:#e3c022;text-transform:uppercase;font-weight:300;letter-spacing:5px;font-size:8px;}\r\n\t@media screen and (max-width:900px){.Cat_Events_arc{float:left;height:20px;width:100%;margin:0 10px;}}\r\n\t.Cat_Events_arc{float:left;height:20px;width:60%;line-height:1.5;margin-top:7px;}\r\n\t@media screen and (max-width:900px){.Cat_Events_arc{float:left;text-align:center;height:20px;width:100%;margin:10px 0 auto;}}\r\n\t@media screen and (max-width:900px){.Cat_Events_arc_cont{margin:0 10px;width:90%;}}\r\n\t.Titre_Events_arc a{float:left;height:50px;width:60%;font-weight:100;font-size:17px;line-height:1.2;color:#fff;text-rendering:auto;margin-top:-10px;}\r\n\t@media screen and (max-width:900px){.Titre_Events_arc a{height:30px;margin:10px 0 auto;width:100%;line-break:auto;}}\r\n\t@media screen and (max-width:900px){.Titre_Events_arc_cont{margin:0 5%;width:90%;}}\r\n\t.Image_Events_arc{float:left;width:20%;overflow:hidden;position:relative;max-height:70px;margin-top:-27px;}\r\n\t@media screen and (max-width:900px){.Image_Events_arc{float:left;max-height:150px;width:100%;margin-top:10px;}}\r\n\t.Date_Events_all_arc,.Cat_Events_arc,.Titre_Events_arc a{display:flex;justify-content:center;align-items:center;}\r\n\t.desk{display:flex;}.mob{display:none;}\r\n\t@media screen and (max-width:900px){.desk{display:none;}.mob{display:flex;}}\r\n<\/style>\r\n\r\n<div class=\"Extrait_Events_arc\">\r\n\t<div class=\"Extrait_Events_Container_arc\">\r\n\t\t4572\r\n\t\t<div class=\"Cat_Events_arc\"><div class=\"Cat_Events_arc_cont\">ANIMATION<\/div><\/div>\r\n\t\t<div class=\"Titre_Events_arc\"><div class=\"Titre_Events_arc_cont\"><a href=\"https:\/\/chateau-de-valangin.ch\/de\/kalender\/fantomes-au-chateau\/\">Des fant\u00f4mes au ch\u00e2teau<\/a><\/div><\/div>\t\t\r\n\t\t<div class=\"Image_Events_arc\"><a href=\"https:\/\/chateau-de-valangin.ch\/de\/kalender\/fantomes-au-chateau\/\"><span class=\"desk\"><img loading=\"lazy\" decoding=\"async\" width=\"300\" height=\"197\" src=\"https:\/\/chateau-de-valangin.ch\/NEWSITE\/wp-content\/uploads\/2024\/07\/halloween-970134_1280-300x197.jpg\" class=\"attachment-medium size-medium\" alt=\"des fant\u00f4mes au ch\u00e2teau\" srcset=\"https:\/\/chateau-de-valangin.ch\/NEWSITE\/wp-content\/uploads\/2024\/07\/halloween-970134_1280-300x197.jpg 300w, https:\/\/chateau-de-valangin.ch\/NEWSITE\/wp-content\/uploads\/2024\/07\/halloween-970134_1280-1024x673.jpg 1024w, https:\/\/chateau-de-valangin.ch\/NEWSITE\/wp-content\/uploads\/2024\/07\/halloween-970134_1280-768x505.jpg 768w, https:\/\/chateau-de-valangin.ch\/NEWSITE\/wp-content\/uploads\/2024\/07\/halloween-970134_1280-114x75.jpg 114w, https:\/\/chateau-de-valangin.ch\/NEWSITE\/wp-content\/uploads\/2024\/07\/halloween-970134_1280-480x315.jpg 480w, https:\/\/chateau-de-valangin.ch\/NEWSITE\/wp-content\/uploads\/2024\/07\/halloween-970134_1280.jpg 1280w\" sizes=\"auto, (max-width:767px) 300px, 300px\" \/><\/span><span class=\"mob\"><img loading=\"lazy\" decoding=\"async\" width=\"1024\" height=\"673\" src=\"https:\/\/chateau-de-valangin.ch\/NEWSITE\/wp-content\/uploads\/2024\/07\/halloween-970134_1280-1024x673.jpg\" class=\"attachment-large size-large\" alt=\"des fant\u00f4mes au ch\u00e2teau\" srcset=\"https:\/\/chateau-de-valangin.ch\/NEWSITE\/wp-content\/uploads\/2024\/07\/halloween-970134_1280-1024x673.jpg 1024w, https:\/\/chateau-de-valangin.ch\/NEWSITE\/wp-content\/uploads\/2024\/07\/halloween-970134_1280-300x197.jpg 300w, https:\/\/chateau-de-valangin.ch\/NEWSITE\/wp-content\/uploads\/2024\/07\/halloween-970134_1280-768x505.jpg 768w, https:\/\/chateau-de-valangin.ch\/NEWSITE\/wp-content\/uploads\/2024\/07\/halloween-970134_1280-114x75.jpg 114w, https:\/\/chateau-de-valangin.ch\/NEWSITE\/wp-content\/uploads\/2024\/07\/halloween-970134_1280-480x315.jpg 480w, https:\/\/chateau-de-valangin.ch\/NEWSITE\/wp-content\/uploads\/2024\/07\/halloween-970134_1280.jpg 1280w\" sizes=\"auto, (max-width:767px) 480px, (max-width:1024px) 100vw, 1024px\" \/><\/span><\/a><\/div>\r\n\t<\/div>\r\n<\/div><style>\r\n\t.Extrait_Events_arc{float:left;height:70px;width:100%;background-color:#590630;color:#FFF;margin-top:0px;border-radius:0px;}\r\n\t@media screen and (max-width:900px){.Extrait_Events_arc{height:210px;margin-top:30px;}}\r\n\t.Extrait_Events_Container_arc{height:70px;background-color:#590630;margin:0 auto;text-align:center;}\r\n\t@media screen and (max-width:900px){.Extrait_Events_Container_arc{height:180px;width:100%;}}\r\n\t.Extrait_Events_arc a:hover{text-decoration:none;}\r\n\t.Date_Events_all_arc{float:left;width:20%;height:70px;margin-bottom:10px;}\r\n\t@media screen and (max-width:900px){.Date_Events_all_arc{float:left;width:100%;height:70px;margin-bottom:10px;}}\r\n\t.Date_Events_1_arc{float:left;width:45%;text-align:center;margin-top:5px;}\r\n\t.Date_Events_1_2_arc{float:left;width:32%;text-align:center;margin-top:5px;}\r\n\t.Date_Events_sep_arc{float:left;text-align:center;width:10%;margin-top:-15px;}\r\n\t.Date_Events_2_arc{float:left;width:45%;text-align:center;margin-top:5px;}\r\n\t.timecss_d_arc {font-size:20px;font-weight:500;margin:0;}\r\n\t.timecss_f_arc {font-size:10px;text-transform:uppercase;margin-top:-5px;}\r\n\t.timecss_y_arc {font-size:11px;margin-top:-28px;}\r\n\t.Date_Events_sep_arc{padding-top:20px}\r\n\t.Cat_Events_arc{color:#e3c022;text-transform:uppercase;font-weight:300;letter-spacing:5px;font-size:8px;}\r\n\t@media screen and (max-width:900px){.Cat_Events_arc{float:left;height:20px;width:100%;margin:0 10px;}}\r\n\t.Cat_Events_arc{float:left;height:20px;width:60%;line-height:1.5;margin-top:7px;}\r\n\t@media screen and (max-width:900px){.Cat_Events_arc{float:left;text-align:center;height:20px;width:100%;margin:10px 0 auto;}}\r\n\t@media screen and (max-width:900px){.Cat_Events_arc_cont{margin:0 10px;width:90%;}}\r\n\t.Titre_Events_arc a{float:left;height:50px;width:60%;font-weight:100;font-size:17px;line-height:1.2;color:#fff;text-rendering:auto;margin-top:-10px;}\r\n\t@media screen and (max-width:900px){.Titre_Events_arc a{height:30px;margin:10px 0 auto;width:100%;line-break:auto;}}\r\n\t@media screen and (max-width:900px){.Titre_Events_arc_cont{margin:0 5%;width:90%;}}\r\n\t.Image_Events_arc{float:left;width:20%;overflow:hidden;position:relative;max-height:70px;margin-top:-27px;}\r\n\t@media screen and (max-width:900px){.Image_Events_arc{float:left;max-height:150px;width:100%;margin-top:10px;}}\r\n\t.Date_Events_all_arc,.Cat_Events_arc,.Titre_Events_arc a{display:flex;justify-content:center;align-items:center;}\r\n\t.desk{display:flex;}.mob{display:none;}\r\n\t@media screen and (max-width:900px){.desk{display:none;}.mob{display:flex;}}\r\n<\/style>\r\n\r\n<div class=\"Extrait_Events_arc\">\r\n\t<div class=\"Extrait_Events_Container_arc\">\r\n\t\t4566\r\n\t\t<div class=\"Cat_Events_arc\"><div class=\"Cat_Events_arc_cont\">ANIMATION<\/div><\/div>\r\n\t\t<div class=\"Titre_Events_arc\"><div class=\"Titre_Events_arc_cont\"><a href=\"https:\/\/chateau-de-valangin.ch\/de\/kalender\/la-vie-de-chateau-3\/\">La vie de ch\u00e2teau<\/a><\/div><\/div>\t\t\r\n\t\t<div class=\"Image_Events_arc\"><a href=\"https:\/\/chateau-de-valangin.ch\/de\/kalender\/la-vie-de-chateau-3\/\"><span class=\"desk\"><img loading=\"lazy\" decoding=\"async\" width=\"300\" height=\"236\" src=\"https:\/\/chateau-de-valangin.ch\/NEWSITE\/wp-content\/uploads\/2024\/04\/marionnette-300x236.jpg\" class=\"attachment-medium size-medium\" alt=\"\" srcset=\"https:\/\/chateau-de-valangin.ch\/NEWSITE\/wp-content\/uploads\/2024\/04\/marionnette-300x236.jpg 300w, https:\/\/chateau-de-valangin.ch\/NEWSITE\/wp-content\/uploads\/2024\/04\/marionnette-1024x807.jpg 1024w, https:\/\/chateau-de-valangin.ch\/NEWSITE\/wp-content\/uploads\/2024\/04\/marionnette-768x605.jpg 768w, https:\/\/chateau-de-valangin.ch\/NEWSITE\/wp-content\/uploads\/2024\/04\/marionnette-1536x1210.jpg 1536w, https:\/\/chateau-de-valangin.ch\/NEWSITE\/wp-content\/uploads\/2024\/04\/marionnette-2048x1613.jpg 2048w, https:\/\/chateau-de-valangin.ch\/NEWSITE\/wp-content\/uploads\/2024\/04\/marionnette-95x75.jpg 95w, https:\/\/chateau-de-valangin.ch\/NEWSITE\/wp-content\/uploads\/2024\/04\/marionnette-480x378.jpg 480w, https:\/\/chateau-de-valangin.ch\/NEWSITE\/wp-content\/uploads\/2024\/04\/marionnette-1320x1040.jpg 1320w\" sizes=\"auto, (max-width:767px) 300px, 300px\" \/><\/span><span class=\"mob\"><img loading=\"lazy\" decoding=\"async\" width=\"1024\" height=\"807\" src=\"https:\/\/chateau-de-valangin.ch\/NEWSITE\/wp-content\/uploads\/2024\/04\/marionnette-1024x807.jpg\" class=\"attachment-large size-large\" alt=\"\" srcset=\"https:\/\/chateau-de-valangin.ch\/NEWSITE\/wp-content\/uploads\/2024\/04\/marionnette-1024x807.jpg 1024w, https:\/\/chateau-de-valangin.ch\/NEWSITE\/wp-content\/uploads\/2024\/04\/marionnette-300x236.jpg 300w, https:\/\/chateau-de-valangin.ch\/NEWSITE\/wp-content\/uploads\/2024\/04\/marionnette-768x605.jpg 768w, https:\/\/chateau-de-valangin.ch\/NEWSITE\/wp-content\/uploads\/2024\/04\/marionnette-1536x1210.jpg 1536w, https:\/\/chateau-de-valangin.ch\/NEWSITE\/wp-content\/uploads\/2024\/04\/marionnette-2048x1613.jpg 2048w, https:\/\/chateau-de-valangin.ch\/NEWSITE\/wp-content\/uploads\/2024\/04\/marionnette-95x75.jpg 95w, https:\/\/chateau-de-valangin.ch\/NEWSITE\/wp-content\/uploads\/2024\/04\/marionnette-480x378.jpg 480w, https:\/\/chateau-de-valangin.ch\/NEWSITE\/wp-content\/uploads\/2024\/04\/marionnette-1320x1040.jpg 1320w\" sizes=\"auto, (max-width:767px) 480px, (max-width:1024px) 100vw, 1024px\" \/><\/span><\/a><\/div>\r\n\t<\/div>\r\n<\/div><style>\r\n\t.Extrait_Events_arc{float:left;height:70px;width:100%;background-color:#590630;color:#FFF;margin-top:0px;border-radius:0px;}\r\n\t@media screen and (max-width:900px){.Extrait_Events_arc{height:210px;margin-top:30px;}}\r\n\t.Extrait_Events_Container_arc{height:70px;background-color:#590630;margin:0 auto;text-align:center;}\r\n\t@media screen and (max-width:900px){.Extrait_Events_Container_arc{height:180px;width:100%;}}\r\n\t.Extrait_Events_arc a:hover{text-decoration:none;}\r\n\t.Date_Events_all_arc{float:left;width:20%;height:70px;margin-bottom:10px;}\r\n\t@media screen and (max-width:900px){.Date_Events_all_arc{float:left;width:100%;height:70px;margin-bottom:10px;}}\r\n\t.Date_Events_1_arc{float:left;width:45%;text-align:center;margin-top:5px;}\r\n\t.Date_Events_1_2_arc{float:left;width:32%;text-align:center;margin-top:5px;}\r\n\t.Date_Events_sep_arc{float:left;text-align:center;width:10%;margin-top:-15px;}\r\n\t.Date_Events_2_arc{float:left;width:45%;text-align:center;margin-top:5px;}\r\n\t.timecss_d_arc {font-size:20px;font-weight:500;margin:0;}\r\n\t.timecss_f_arc {font-size:10px;text-transform:uppercase;margin-top:-5px;}\r\n\t.timecss_y_arc {font-size:11px;margin-top:-28px;}\r\n\t.Date_Events_sep_arc{padding-top:20px}\r\n\t.Cat_Events_arc{color:#e3c022;text-transform:uppercase;font-weight:300;letter-spacing:5px;font-size:8px;}\r\n\t@media screen and (max-width:900px){.Cat_Events_arc{float:left;height:20px;width:100%;margin:0 10px;}}\r\n\t.Cat_Events_arc{float:left;height:20px;width:60%;line-height:1.5;margin-top:7px;}\r\n\t@media screen and (max-width:900px){.Cat_Events_arc{float:left;text-align:center;height:20px;width:100%;margin:10px 0 auto;}}\r\n\t@media screen and (max-width:900px){.Cat_Events_arc_cont{margin:0 10px;width:90%;}}\r\n\t.Titre_Events_arc a{float:left;height:50px;width:60%;font-weight:100;font-size:17px;line-height:1.2;color:#fff;text-rendering:auto;margin-top:-10px;}\r\n\t@media screen and (max-width:900px){.Titre_Events_arc a{height:30px;margin:10px 0 auto;width:100%;line-break:auto;}}\r\n\t@media screen and (max-width:900px){.Titre_Events_arc_cont{margin:0 5%;width:90%;}}\r\n\t.Image_Events_arc{float:left;width:20%;overflow:hidden;position:relative;max-height:70px;margin-top:-27px;}\r\n\t@media screen and (max-width:900px){.Image_Events_arc{float:left;max-height:150px;width:100%;margin-top:10px;}}\r\n\t.Date_Events_all_arc,.Cat_Events_arc,.Titre_Events_arc a{display:flex;justify-content:center;align-items:center;}\r\n\t.desk{display:flex;}.mob{display:none;}\r\n\t@media screen and (max-width:900px){.desk{display:none;}.mob{display:flex;}}\r\n<\/style>\r\n\r\n<div class=\"Extrait_Events_arc\">\r\n\t<div class=\"Extrait_Events_Container_arc\">\r\n\t\t4570\r\n\t\t<div class=\"Cat_Events_arc\"><div class=\"Cat_Events_arc_cont\">THEATER<\/div><\/div>\r\n\t\t<div class=\"Titre_Events_arc\"><div class=\"Titre_Events_arc_cont\"><a href=\"https:\/\/chateau-de-valangin.ch\/de\/kalender\/spectacle-dimprovisation-theatrale\/\">Spectacle d&#8217;improvisation th\u00e9\u00e2trale<\/a><\/div><\/div>\t\t\r\n\t\t<div class=\"Image_Events_arc\"><a href=\"https:\/\/chateau-de-valangin.ch\/de\/kalender\/spectacle-dimprovisation-theatrale\/\"><span class=\"desk\"><img loading=\"lazy\" decoding=\"async\" width=\"300\" height=\"200\" src=\"https:\/\/chateau-de-valangin.ch\/NEWSITE\/wp-content\/uploads\/2024\/07\/theatre-2206583_1280-300x200.jpg\" class=\"attachment-medium size-medium\" alt=\"\" srcset=\"https:\/\/chateau-de-valangin.ch\/NEWSITE\/wp-content\/uploads\/2024\/07\/theatre-2206583_1280-300x200.jpg 300w, https:\/\/chateau-de-valangin.ch\/NEWSITE\/wp-content\/uploads\/2024\/07\/theatre-2206583_1280-1024x682.jpg 1024w, https:\/\/chateau-de-valangin.ch\/NEWSITE\/wp-content\/uploads\/2024\/07\/theatre-2206583_1280-768x512.jpg 768w, https:\/\/chateau-de-valangin.ch\/NEWSITE\/wp-content\/uploads\/2024\/07\/theatre-2206583_1280-113x75.jpg 113w, https:\/\/chateau-de-valangin.ch\/NEWSITE\/wp-content\/uploads\/2024\/07\/theatre-2206583_1280-480x320.jpg 480w, https:\/\/chateau-de-valangin.ch\/NEWSITE\/wp-content\/uploads\/2024\/07\/theatre-2206583_1280.jpg 1280w\" sizes=\"auto, (max-width:767px) 300px, 300px\" \/><\/span><span class=\"mob\"><img loading=\"lazy\" decoding=\"async\" width=\"1024\" height=\"682\" src=\"https:\/\/chateau-de-valangin.ch\/NEWSITE\/wp-content\/uploads\/2024\/07\/theatre-2206583_1280-1024x682.jpg\" class=\"attachment-large size-large\" alt=\"\" srcset=\"https:\/\/chateau-de-valangin.ch\/NEWSITE\/wp-content\/uploads\/2024\/07\/theatre-2206583_1280-1024x682.jpg 1024w, https:\/\/chateau-de-valangin.ch\/NEWSITE\/wp-content\/uploads\/2024\/07\/theatre-2206583_1280-300x200.jpg 300w, https:\/\/chateau-de-valangin.ch\/NEWSITE\/wp-content\/uploads\/2024\/07\/theatre-2206583_1280-768x512.jpg 768w, https:\/\/chateau-de-valangin.ch\/NEWSITE\/wp-content\/uploads\/2024\/07\/theatre-2206583_1280-113x75.jpg 113w, https:\/\/chateau-de-valangin.ch\/NEWSITE\/wp-content\/uploads\/2024\/07\/theatre-2206583_1280-480x320.jpg 480w, https:\/\/chateau-de-valangin.ch\/NEWSITE\/wp-content\/uploads\/2024\/07\/theatre-2206583_1280.jpg 1280w\" sizes=\"auto, (max-width:767px) 480px, (max-width:1024px) 100vw, 1024px\" \/><\/span><\/a><\/div>\r\n\t<\/div>\r\n<\/div><style>\r\n\t.Extrait_Events_arc{float:left;height:70px;width:100%;background-color:#590630;color:#FFF;margin-top:0px;border-radius:0px;}\r\n\t@media screen and (max-width:900px){.Extrait_Events_arc{height:210px;margin-top:30px;}}\r\n\t.Extrait_Events_Container_arc{height:70px;background-color:#590630;margin:0 auto;text-align:center;}\r\n\t@media screen and (max-width:900px){.Extrait_Events_Container_arc{height:180px;width:100%;}}\r\n\t.Extrait_Events_arc a:hover{text-decoration:none;}\r\n\t.Date_Events_all_arc{float:left;width:20%;height:70px;margin-bottom:10px;}\r\n\t@media screen and (max-width:900px){.Date_Events_all_arc{float:left;width:100%;height:70px;margin-bottom:10px;}}\r\n\t.Date_Events_1_arc{float:left;width:45%;text-align:center;margin-top:5px;}\r\n\t.Date_Events_1_2_arc{float:left;width:32%;text-align:center;margin-top:5px;}\r\n\t.Date_Events_sep_arc{float:left;text-align:center;width:10%;margin-top:-15px;}\r\n\t.Date_Events_2_arc{float:left;width:45%;text-align:center;margin-top:5px;}\r\n\t.timecss_d_arc {font-size:20px;font-weight:500;margin:0;}\r\n\t.timecss_f_arc {font-size:10px;text-transform:uppercase;margin-top:-5px;}\r\n\t.timecss_y_arc {font-size:11px;margin-top:-28px;}\r\n\t.Date_Events_sep_arc{padding-top:20px}\r\n\t.Cat_Events_arc{color:#e3c022;text-transform:uppercase;font-weight:300;letter-spacing:5px;font-size:8px;}\r\n\t@media screen and (max-width:900px){.Cat_Events_arc{float:left;height:20px;width:100%;margin:0 10px;}}\r\n\t.Cat_Events_arc{float:left;height:20px;width:60%;line-height:1.5;margin-top:7px;}\r\n\t@media screen and (max-width:900px){.Cat_Events_arc{float:left;text-align:center;height:20px;width:100%;margin:10px 0 auto;}}\r\n\t@media screen and (max-width:900px){.Cat_Events_arc_cont{margin:0 10px;width:90%;}}\r\n\t.Titre_Events_arc a{float:left;height:50px;width:60%;font-weight:100;font-size:17px;line-height:1.2;color:#fff;text-rendering:auto;margin-top:-10px;}\r\n\t@media screen and (max-width:900px){.Titre_Events_arc a{height:30px;margin:10px 0 auto;width:100%;line-break:auto;}}\r\n\t@media screen and (max-width:900px){.Titre_Events_arc_cont{margin:0 5%;width:90%;}}\r\n\t.Image_Events_arc{float:left;width:20%;overflow:hidden;position:relative;max-height:70px;margin-top:-27px;}\r\n\t@media screen and (max-width:900px){.Image_Events_arc{float:left;max-height:150px;width:100%;margin-top:10px;}}\r\n\t.Date_Events_all_arc,.Cat_Events_arc,.Titre_Events_arc a{display:flex;justify-content:center;align-items:center;}\r\n\t.desk{display:flex;}.mob{display:none;}\r\n\t@media screen and (max-width:900px){.desk{display:none;}.mob{display:flex;}}\r\n<\/style>\r\n\r\n<div class=\"Extrait_Events_arc\">\r\n\t<div class=\"Extrait_Events_Container_arc\">\r\n\t\t4264\r\n\t\t<div class=\"Cat_Events_arc\"><div class=\"Cat_Events_arc_cont\">ANIMATION<\/div><\/div>\r\n\t\t<div class=\"Titre_Events_arc\"><div class=\"Titre_Events_arc_cont\"><a href=\"https:\/\/chateau-de-valangin.ch\/de\/kalender\/demonstration-de-dentellieres-2023-2-2-2-2-2-2-2-3-2-2-2-2-2-2\/\">Kl\u00f6pplerinnen zeigen ihre Kunst<\/a><\/div><\/div>\t\t\r\n\t\t<div class=\"Image_Events_arc\"><a href=\"https:\/\/chateau-de-valangin.ch\/de\/kalender\/demonstration-de-dentellieres-2023-2-2-2-2-2-2-2-3-2-2-2-2-2-2\/\"><span class=\"desk\"><img loading=\"lazy\" decoding=\"async\" width=\"300\" height=\"200\" src=\"https:\/\/chateau-de-valangin.ch\/NEWSITE\/wp-content\/uploads\/2018\/12\/24-chacc82teau-de-valangin_photo-noemi-tirro-300x200.jpg\" class=\"attachment-medium size-medium\" alt=\"\" srcset=\"https:\/\/chateau-de-valangin.ch\/NEWSITE\/wp-content\/uploads\/2018\/12\/24-chacc82teau-de-valangin_photo-noemi-tirro-300x200.jpg 300w, https:\/\/chateau-de-valangin.ch\/NEWSITE\/wp-content\/uploads\/2018\/12\/24-chacc82teau-de-valangin_photo-noemi-tirro-768x513.jpg 768w, https:\/\/chateau-de-valangin.ch\/NEWSITE\/wp-content\/uploads\/2018\/12\/24-chacc82teau-de-valangin_photo-noemi-tirro-1024x684.jpg 1024w, https:\/\/chateau-de-valangin.ch\/NEWSITE\/wp-content\/uploads\/2018\/12\/24-chacc82teau-de-valangin_photo-noemi-tirro-219x146.jpg 219w, https:\/\/chateau-de-valangin.ch\/NEWSITE\/wp-content\/uploads\/2018\/12\/24-chacc82teau-de-valangin_photo-noemi-tirro-50x33.jpg 50w, https:\/\/chateau-de-valangin.ch\/NEWSITE\/wp-content\/uploads\/2018\/12\/24-chacc82teau-de-valangin_photo-noemi-tirro-112x75.jpg 112w, https:\/\/chateau-de-valangin.ch\/NEWSITE\/wp-content\/uploads\/2018\/12\/24-chacc82teau-de-valangin_photo-noemi-tirro.jpg 1200w\" sizes=\"auto, (max-width:767px) 300px, 300px\" \/><\/span><span class=\"mob\"><img loading=\"lazy\" decoding=\"async\" width=\"1024\" height=\"684\" src=\"https:\/\/chateau-de-valangin.ch\/NEWSITE\/wp-content\/uploads\/2018\/12\/24-chacc82teau-de-valangin_photo-noemi-tirro-1024x684.jpg\" class=\"attachment-large size-large\" alt=\"\" srcset=\"https:\/\/chateau-de-valangin.ch\/NEWSITE\/wp-content\/uploads\/2018\/12\/24-chacc82teau-de-valangin_photo-noemi-tirro-1024x684.jpg 1024w, https:\/\/chateau-de-valangin.ch\/NEWSITE\/wp-content\/uploads\/2018\/12\/24-chacc82teau-de-valangin_photo-noemi-tirro-300x200.jpg 300w, https:\/\/chateau-de-valangin.ch\/NEWSITE\/wp-content\/uploads\/2018\/12\/24-chacc82teau-de-valangin_photo-noemi-tirro-768x513.jpg 768w, https:\/\/chateau-de-valangin.ch\/NEWSITE\/wp-content\/uploads\/2018\/12\/24-chacc82teau-de-valangin_photo-noemi-tirro-219x146.jpg 219w, https:\/\/chateau-de-valangin.ch\/NEWSITE\/wp-content\/uploads\/2018\/12\/24-chacc82teau-de-valangin_photo-noemi-tirro-50x33.jpg 50w, https:\/\/chateau-de-valangin.ch\/NEWSITE\/wp-content\/uploads\/2018\/12\/24-chacc82teau-de-valangin_photo-noemi-tirro-112x75.jpg 112w, https:\/\/chateau-de-valangin.ch\/NEWSITE\/wp-content\/uploads\/2018\/12\/24-chacc82teau-de-valangin_photo-noemi-tirro.jpg 1200w\" sizes=\"auto, (max-width:767px) 480px, (max-width:1024px) 100vw, 1024px\" \/><\/span><\/a><\/div>\r\n\t<\/div>\r\n<\/div><style>\r\n\t.Extrait_Events_arc{float:left;height:70px;width:100%;background-color:#590630;color:#FFF;margin-top:0px;border-radius:0px;}\r\n\t@media screen and (max-width:900px){.Extrait_Events_arc{height:210px;margin-top:30px;}}\r\n\t.Extrait_Events_Container_arc{height:70px;background-color:#590630;margin:0 auto;text-align:center;}\r\n\t@media screen and (max-width:900px){.Extrait_Events_Container_arc{height:180px;width:100%;}}\r\n\t.Extrait_Events_arc a:hover{text-decoration:none;}\r\n\t.Date_Events_all_arc{float:left;width:20%;height:70px;margin-bottom:10px;}\r\n\t@media screen and (max-width:900px){.Date_Events_all_arc{float:left;width:100%;height:70px;margin-bottom:10px;}}\r\n\t.Date_Events_1_arc{float:left;width:45%;text-align:center;margin-top:5px;}\r\n\t.Date_Events_1_2_arc{float:left;width:32%;text-align:center;margin-top:5px;}\r\n\t.Date_Events_sep_arc{float:left;text-align:center;width:10%;margin-top:-15px;}\r\n\t.Date_Events_2_arc{float:left;width:45%;text-align:center;margin-top:5px;}\r\n\t.timecss_d_arc {font-size:20px;font-weight:500;margin:0;}\r\n\t.timecss_f_arc {font-size:10px;text-transform:uppercase;margin-top:-5px;}\r\n\t.timecss_y_arc {font-size:11px;margin-top:-28px;}\r\n\t.Date_Events_sep_arc{padding-top:20px}\r\n\t.Cat_Events_arc{color:#e3c022;text-transform:uppercase;font-weight:300;letter-spacing:5px;font-size:8px;}\r\n\t@media screen and (max-width:900px){.Cat_Events_arc{float:left;height:20px;width:100%;margin:0 10px;}}\r\n\t.Cat_Events_arc{float:left;height:20px;width:60%;line-height:1.5;margin-top:7px;}\r\n\t@media screen and (max-width:900px){.Cat_Events_arc{float:left;text-align:center;height:20px;width:100%;margin:10px 0 auto;}}\r\n\t@media screen and (max-width:900px){.Cat_Events_arc_cont{margin:0 10px;width:90%;}}\r\n\t.Titre_Events_arc a{float:left;height:50px;width:60%;font-weight:100;font-size:17px;line-height:1.2;color:#fff;text-rendering:auto;margin-top:-10px;}\r\n\t@media screen and (max-width:900px){.Titre_Events_arc a{height:30px;margin:10px 0 auto;width:100%;line-break:auto;}}\r\n\t@media screen and (max-width:900px){.Titre_Events_arc_cont{margin:0 5%;width:90%;}}\r\n\t.Image_Events_arc{float:left;width:20%;overflow:hidden;position:relative;max-height:70px;margin-top:-27px;}\r\n\t@media screen and (max-width:900px){.Image_Events_arc{float:left;max-height:150px;width:100%;margin-top:10px;}}\r\n\t.Date_Events_all_arc,.Cat_Events_arc,.Titre_Events_arc a{display:flex;justify-content:center;align-items:center;}\r\n\t.desk{display:flex;}.mob{display:none;}\r\n\t@media screen and (max-width:900px){.desk{display:none;}.mob{display:flex;}}\r\n<\/style>\r\n\r\n<div class=\"Extrait_Events_arc\">\r\n\t<div class=\"Extrait_Events_Container_arc\">\r\n\t\t4564\r\n\t\t<div class=\"Cat_Events_arc\"><div class=\"Cat_Events_arc_cont\">F\u00dcHRUNG<\/div><\/div>\r\n\t\t<div class=\"Titre_Events_arc\"><div class=\"Titre_Events_arc_cont\"><a href=\"https:\/\/chateau-de-valangin.ch\/de\/kalender\/schlossfuhrung-auf-deutsch-2-2-2-2\/\">Schlossf\u00fchrung auf Deutsch<\/a><\/div><\/div>\t\t\r\n\t\t<div class=\"Image_Events_arc\"><a href=\"https:\/\/chateau-de-valangin.ch\/de\/kalender\/schlossfuhrung-auf-deutsch-2-2-2-2\/\"><span class=\"desk\"><img loading=\"lazy\" decoding=\"async\" width=\"300\" height=\"225\" src=\"https:\/\/chateau-de-valangin.ch\/NEWSITE\/wp-content\/uploads\/2024\/07\/20240402_152344-300x225.jpg\" class=\"attachment-medium size-medium\" alt=\"chateau de valangin vue depuis le parking du chateau\" srcset=\"https:\/\/chateau-de-valangin.ch\/NEWSITE\/wp-content\/uploads\/2024\/07\/20240402_152344-300x225.jpg 300w, https:\/\/chateau-de-valangin.ch\/NEWSITE\/wp-content\/uploads\/2024\/07\/20240402_152344-1024x768.jpg 1024w, https:\/\/chateau-de-valangin.ch\/NEWSITE\/wp-content\/uploads\/2024\/07\/20240402_152344-768x576.jpg 768w, https:\/\/chateau-de-valangin.ch\/NEWSITE\/wp-content\/uploads\/2024\/07\/20240402_152344-1536x1152.jpg 1536w, https:\/\/chateau-de-valangin.ch\/NEWSITE\/wp-content\/uploads\/2024\/07\/20240402_152344-2048x1536.jpg 2048w, https:\/\/chateau-de-valangin.ch\/NEWSITE\/wp-content\/uploads\/2024\/07\/20240402_152344-100x75.jpg 100w, https:\/\/chateau-de-valangin.ch\/NEWSITE\/wp-content\/uploads\/2024\/07\/20240402_152344-960x720.jpg 960w, https:\/\/chateau-de-valangin.ch\/NEWSITE\/wp-content\/uploads\/2024\/07\/20240402_152344-480x360.jpg 480w, https:\/\/chateau-de-valangin.ch\/NEWSITE\/wp-content\/uploads\/2024\/07\/20240402_152344-1320x990.jpg 1320w\" sizes=\"auto, (max-width:767px) 300px, 300px\" \/><\/span><span class=\"mob\"><img loading=\"lazy\" decoding=\"async\" width=\"1024\" height=\"768\" src=\"https:\/\/chateau-de-valangin.ch\/NEWSITE\/wp-content\/uploads\/2024\/07\/20240402_152344-1024x768.jpg\" class=\"attachment-large size-large\" alt=\"chateau de valangin vue depuis le parking du chateau\" srcset=\"https:\/\/chateau-de-valangin.ch\/NEWSITE\/wp-content\/uploads\/2024\/07\/20240402_152344-1024x768.jpg 1024w, https:\/\/chateau-de-valangin.ch\/NEWSITE\/wp-content\/uploads\/2024\/07\/20240402_152344-300x225.jpg 300w, https:\/\/chateau-de-valangin.ch\/NEWSITE\/wp-content\/uploads\/2024\/07\/20240402_152344-768x576.jpg 768w, https:\/\/chateau-de-valangin.ch\/NEWSITE\/wp-content\/uploads\/2024\/07\/20240402_152344-1536x1152.jpg 1536w, https:\/\/chateau-de-valangin.ch\/NEWSITE\/wp-content\/uploads\/2024\/07\/20240402_152344-2048x1536.jpg 2048w, https:\/\/chateau-de-valangin.ch\/NEWSITE\/wp-content\/uploads\/2024\/07\/20240402_152344-100x75.jpg 100w, https:\/\/chateau-de-valangin.ch\/NEWSITE\/wp-content\/uploads\/2024\/07\/20240402_152344-960x720.jpg 960w, https:\/\/chateau-de-valangin.ch\/NEWSITE\/wp-content\/uploads\/2024\/07\/20240402_152344-480x360.jpg 480w, https:\/\/chateau-de-valangin.ch\/NEWSITE\/wp-content\/uploads\/2024\/07\/20240402_152344-1320x990.jpg 1320w\" sizes=\"auto, (max-width:767px) 480px, (max-width:1024px) 100vw, 1024px\" \/><\/span><\/a><\/div>\r\n\t<\/div>\r\n<\/div><style>\r\n\t.Extrait_Events_arc{float:left;height:70px;width:100%;background-color:#590630;color:#FFF;margin-top:0px;border-radius:0px;}\r\n\t@media screen and (max-width:900px){.Extrait_Events_arc{height:210px;margin-top:30px;}}\r\n\t.Extrait_Events_Container_arc{height:70px;background-color:#590630;margin:0 auto;text-align:center;}\r\n\t@media screen and (max-width:900px){.Extrait_Events_Container_arc{height:180px;width:100%;}}\r\n\t.Extrait_Events_arc a:hover{text-decoration:none;}\r\n\t.Date_Events_all_arc{float:left;width:20%;height:70px;margin-bottom:10px;}\r\n\t@media screen and (max-width:900px){.Date_Events_all_arc{float:left;width:100%;height:70px;margin-bottom:10px;}}\r\n\t.Date_Events_1_arc{float:left;width:45%;text-align:center;margin-top:5px;}\r\n\t.Date_Events_1_2_arc{float:left;width:32%;text-align:center;margin-top:5px;}\r\n\t.Date_Events_sep_arc{float:left;text-align:center;width:10%;margin-top:-15px;}\r\n\t.Date_Events_2_arc{float:left;width:45%;text-align:center;margin-top:5px;}\r\n\t.timecss_d_arc {font-size:20px;font-weight:500;margin:0;}\r\n\t.timecss_f_arc {font-size:10px;text-transform:uppercase;margin-top:-5px;}\r\n\t.timecss_y_arc {font-size:11px;margin-top:-28px;}\r\n\t.Date_Events_sep_arc{padding-top:20px}\r\n\t.Cat_Events_arc{color:#e3c022;text-transform:uppercase;font-weight:300;letter-spacing:5px;font-size:8px;}\r\n\t@media screen and (max-width:900px){.Cat_Events_arc{float:left;height:20px;width:100%;margin:0 10px;}}\r\n\t.Cat_Events_arc{float:left;height:20px;width:60%;line-height:1.5;margin-top:7px;}\r\n\t@media screen and (max-width:900px){.Cat_Events_arc{float:left;text-align:center;height:20px;width:100%;margin:10px 0 auto;}}\r\n\t@media screen and (max-width:900px){.Cat_Events_arc_cont{margin:0 10px;width:90%;}}\r\n\t.Titre_Events_arc a{float:left;height:50px;width:60%;font-weight:100;font-size:17px;line-height:1.2;color:#fff;text-rendering:auto;margin-top:-10px;}\r\n\t@media screen and (max-width:900px){.Titre_Events_arc a{height:30px;margin:10px 0 auto;width:100%;line-break:auto;}}\r\n\t@media screen and (max-width:900px){.Titre_Events_arc_cont{margin:0 5%;width:90%;}}\r\n\t.Image_Events_arc{float:left;width:20%;overflow:hidden;position:relative;max-height:70px;margin-top:-27px;}\r\n\t@media screen and (max-width:900px){.Image_Events_arc{float:left;max-height:150px;width:100%;margin-top:10px;}}\r\n\t.Date_Events_all_arc,.Cat_Events_arc,.Titre_Events_arc a{display:flex;justify-content:center;align-items:center;}\r\n\t.desk{display:flex;}.mob{display:none;}\r\n\t@media screen and (max-width:900px){.desk{display:none;}.mob{display:flex;}}\r\n<\/style>\r\n\r\n<div class=\"Extrait_Events_arc\">\r\n\t<div class=\"Extrait_Events_Container_arc\">\r\n\t\t4557\r\n\t\t<div class=\"Cat_Events_arc\"><div class=\"Cat_Events_arc_cont\">ANIMATION und WORKSHOP<\/div><\/div>\r\n\t\t<div class=\"Titre_Events_arc\"><div class=\"Titre_Events_arc_cont\"><a href=\"https:\/\/chateau-de-valangin.ch\/de\/kalender\/comment-decrire-ces-objets-avec-step2blind\/\">Comment d\u00e9crire ces objets? (avec step2blind)<\/a><\/div><\/div>\t\t\r\n\t\t<div class=\"Image_Events_arc\"><a href=\"https:\/\/chateau-de-valangin.ch\/de\/kalender\/comment-decrire-ces-objets-avec-step2blind\/\"><span class=\"desk\"><img loading=\"lazy\" decoding=\"async\" width=\"300\" height=\"300\" src=\"https:\/\/chateau-de-valangin.ch\/NEWSITE\/wp-content\/uploads\/2024\/07\/15-300x300.png\" class=\"attachment-medium size-medium\" alt=\"une personne aux yeux band\u00e9s examine\" srcset=\"https:\/\/chateau-de-valangin.ch\/NEWSITE\/wp-content\/uploads\/2024\/07\/15-300x300.png 300w, https:\/\/chateau-de-valangin.ch\/NEWSITE\/wp-content\/uploads\/2024\/07\/15-1024x1024.png 1024w, https:\/\/chateau-de-valangin.ch\/NEWSITE\/wp-content\/uploads\/2024\/07\/15-150x150.png 150w, https:\/\/chateau-de-valangin.ch\/NEWSITE\/wp-content\/uploads\/2024\/07\/15-768x768.png 768w, https:\/\/chateau-de-valangin.ch\/NEWSITE\/wp-content\/uploads\/2024\/07\/15-75x75.png 75w, https:\/\/chateau-de-valangin.ch\/NEWSITE\/wp-content\/uploads\/2024\/07\/15-480x480.png 480w, https:\/\/chateau-de-valangin.ch\/NEWSITE\/wp-content\/uploads\/2024\/07\/15.png 1080w\" sizes=\"auto, (max-width:767px) 300px, 300px\" \/><\/span><span class=\"mob\"><img loading=\"lazy\" decoding=\"async\" width=\"1024\" height=\"1024\" src=\"https:\/\/chateau-de-valangin.ch\/NEWSITE\/wp-content\/uploads\/2024\/07\/15-1024x1024.png\" class=\"attachment-large size-large\" alt=\"une personne aux yeux band\u00e9s examine\" srcset=\"https:\/\/chateau-de-valangin.ch\/NEWSITE\/wp-content\/uploads\/2024\/07\/15-1024x1024.png 1024w, https:\/\/chateau-de-valangin.ch\/NEWSITE\/wp-content\/uploads\/2024\/07\/15-300x300.png 300w, https:\/\/chateau-de-valangin.ch\/NEWSITE\/wp-content\/uploads\/2024\/07\/15-150x150.png 150w, https:\/\/chateau-de-valangin.ch\/NEWSITE\/wp-content\/uploads\/2024\/07\/15-768x768.png 768w, https:\/\/chateau-de-valangin.ch\/NEWSITE\/wp-content\/uploads\/2024\/07\/15-75x75.png 75w, https:\/\/chateau-de-valangin.ch\/NEWSITE\/wp-content\/uploads\/2024\/07\/15-480x480.png 480w, https:\/\/chateau-de-valangin.ch\/NEWSITE\/wp-content\/uploads\/2024\/07\/15.png 1080w\" sizes=\"auto, (max-width:767px) 480px, (max-width:1024px) 100vw, 1024px\" \/><\/span><\/a><\/div>\r\n\t<\/div>\r\n<\/div><style>\r\n\t.Extrait_Events_arc{float:left;height:70px;width:100%;background-color:#590630;color:#FFF;margin-top:0px;border-radius:0px;}\r\n\t@media screen and (max-width:900px){.Extrait_Events_arc{height:210px;margin-top:30px;}}\r\n\t.Extrait_Events_Container_arc{height:70px;background-color:#590630;margin:0 auto;text-align:center;}\r\n\t@media screen and (max-width:900px){.Extrait_Events_Container_arc{height:180px;width:100%;}}\r\n\t.Extrait_Events_arc a:hover{text-decoration:none;}\r\n\t.Date_Events_all_arc{float:left;width:20%;height:70px;margin-bottom:10px;}\r\n\t@media screen and (max-width:900px){.Date_Events_all_arc{float:left;width:100%;height:70px;margin-bottom:10px;}}\r\n\t.Date_Events_1_arc{float:left;width:45%;text-align:center;margin-top:5px;}\r\n\t.Date_Events_1_2_arc{float:left;width:32%;text-align:center;margin-top:5px;}\r\n\t.Date_Events_sep_arc{float:left;text-align:center;width:10%;margin-top:-15px;}\r\n\t.Date_Events_2_arc{float:left;width:45%;text-align:center;margin-top:5px;}\r\n\t.timecss_d_arc {font-size:20px;font-weight:500;margin:0;}\r\n\t.timecss_f_arc {font-size:10px;text-transform:uppercase;margin-top:-5px;}\r\n\t.timecss_y_arc {font-size:11px;margin-top:-28px;}\r\n\t.Date_Events_sep_arc{padding-top:20px}\r\n\t.Cat_Events_arc{color:#e3c022;text-transform:uppercase;font-weight:300;letter-spacing:5px;font-size:8px;}\r\n\t@media screen and (max-width:900px){.Cat_Events_arc{float:left;height:20px;width:100%;margin:0 10px;}}\r\n\t.Cat_Events_arc{float:left;height:20px;width:60%;line-height:1.5;margin-top:7px;}\r\n\t@media screen and (max-width:900px){.Cat_Events_arc{float:left;text-align:center;height:20px;width:100%;margin:10px 0 auto;}}\r\n\t@media screen and (max-width:900px){.Cat_Events_arc_cont{margin:0 10px;width:90%;}}\r\n\t.Titre_Events_arc a{float:left;height:50px;width:60%;font-weight:100;font-size:17px;line-height:1.2;color:#fff;text-rendering:auto;margin-top:-10px;}\r\n\t@media screen and (max-width:900px){.Titre_Events_arc a{height:30px;margin:10px 0 auto;width:100%;line-break:auto;}}\r\n\t@media screen and (max-width:900px){.Titre_Events_arc_cont{margin:0 5%;width:90%;}}\r\n\t.Image_Events_arc{float:left;width:20%;overflow:hidden;position:relative;max-height:70px;margin-top:-27px;}\r\n\t@media screen and (max-width:900px){.Image_Events_arc{float:left;max-height:150px;width:100%;margin-top:10px;}}\r\n\t.Date_Events_all_arc,.Cat_Events_arc,.Titre_Events_arc a{display:flex;justify-content:center;align-items:center;}\r\n\t.desk{display:flex;}.mob{display:none;}\r\n\t@media screen and (max-width:900px){.desk{display:none;}.mob{display:flex;}}\r\n<\/style>\r\n\r\n<div class=\"Extrait_Events_arc\">\r\n\t<div class=\"Extrait_Events_Container_arc\">\r\n\t\t4548\r\n\t\t<div class=\"Cat_Events_arc\"><div class=\"Cat_Events_arc_cont\">F\u00dcHRUNG, VERANSTALTUNG, und VORTRAG<\/div><\/div>\r\n\t\t<div class=\"Titre_Events_arc\"><div class=\"Titre_Events_arc_cont\"><a href=\"https:\/\/chateau-de-valangin.ch\/de\/kalender\/ecrivains-et-archives\/\">\u00c9crivains et archives (Lesung)<\/a><\/div><\/div>\t\t\r\n\t\t<div class=\"Image_Events_arc\"><a href=\"https:\/\/chateau-de-valangin.ch\/de\/kalender\/ecrivains-et-archives\/\"><span class=\"desk\"><img loading=\"lazy\" decoding=\"async\" width=\"300\" height=\"150\" src=\"https:\/\/chateau-de-valangin.ch\/NEWSITE\/wp-content\/uploads\/2024\/07\/2-300x150.jpg\" class=\"attachment-medium size-medium\" alt=\"\" srcset=\"https:\/\/chateau-de-valangin.ch\/NEWSITE\/wp-content\/uploads\/2024\/07\/2-300x150.jpg 300w, https:\/\/chateau-de-valangin.ch\/NEWSITE\/wp-content\/uploads\/2024\/07\/2-1024x512.jpg 1024w, https:\/\/chateau-de-valangin.ch\/NEWSITE\/wp-content\/uploads\/2024\/07\/2-768x384.jpg 768w, https:\/\/chateau-de-valangin.ch\/NEWSITE\/wp-content\/uploads\/2024\/07\/2-1536x768.jpg 1536w, https:\/\/chateau-de-valangin.ch\/NEWSITE\/wp-content\/uploads\/2024\/07\/2-150x75.jpg 150w, https:\/\/chateau-de-valangin.ch\/NEWSITE\/wp-content\/uploads\/2024\/07\/2-480x240.jpg 480w, https:\/\/chateau-de-valangin.ch\/NEWSITE\/wp-content\/uploads\/2024\/07\/2-1320x660.jpg 1320w, https:\/\/chateau-de-valangin.ch\/NEWSITE\/wp-content\/uploads\/2024\/07\/2.jpg 1890w\" sizes=\"auto, (max-width:767px) 300px, 300px\" \/><\/span><span class=\"mob\"><img loading=\"lazy\" decoding=\"async\" width=\"1024\" height=\"512\" src=\"https:\/\/chateau-de-valangin.ch\/NEWSITE\/wp-content\/uploads\/2024\/07\/2-1024x512.jpg\" class=\"attachment-large size-large\" alt=\"\" srcset=\"https:\/\/chateau-de-valangin.ch\/NEWSITE\/wp-content\/uploads\/2024\/07\/2-1024x512.jpg 1024w, https:\/\/chateau-de-valangin.ch\/NEWSITE\/wp-content\/uploads\/2024\/07\/2-300x150.jpg 300w, https:\/\/chateau-de-valangin.ch\/NEWSITE\/wp-content\/uploads\/2024\/07\/2-768x384.jpg 768w, https:\/\/chateau-de-valangin.ch\/NEWSITE\/wp-content\/uploads\/2024\/07\/2-1536x768.jpg 1536w, https:\/\/chateau-de-valangin.ch\/NEWSITE\/wp-content\/uploads\/2024\/07\/2-150x75.jpg 150w, https:\/\/chateau-de-valangin.ch\/NEWSITE\/wp-content\/uploads\/2024\/07\/2-480x240.jpg 480w, https:\/\/chateau-de-valangin.ch\/NEWSITE\/wp-content\/uploads\/2024\/07\/2-1320x660.jpg 1320w, https:\/\/chateau-de-valangin.ch\/NEWSITE\/wp-content\/uploads\/2024\/07\/2.jpg 1890w\" sizes=\"auto, (max-width:767px) 480px, (max-width:1024px) 100vw, 1024px\" \/><\/span><\/a><\/div>\r\n\t<\/div>\r\n<\/div><style>\r\n\t.Extrait_Events_arc{float:left;height:70px;width:100%;background-color:#590630;color:#FFF;margin-top:0px;border-radius:0px;}\r\n\t@media screen and (max-width:900px){.Extrait_Events_arc{height:210px;margin-top:30px;}}\r\n\t.Extrait_Events_Container_arc{height:70px;background-color:#590630;margin:0 auto;text-align:center;}\r\n\t@media screen and (max-width:900px){.Extrait_Events_Container_arc{height:180px;width:100%;}}\r\n\t.Extrait_Events_arc a:hover{text-decoration:none;}\r\n\t.Date_Events_all_arc{float:left;width:20%;height:70px;margin-bottom:10px;}\r\n\t@media screen and (max-width:900px){.Date_Events_all_arc{float:left;width:100%;height:70px;margin-bottom:10px;}}\r\n\t.Date_Events_1_arc{float:left;width:45%;text-align:center;margin-top:5px;}\r\n\t.Date_Events_1_2_arc{float:left;width:32%;text-align:center;margin-top:5px;}\r\n\t.Date_Events_sep_arc{float:left;text-align:center;width:10%;margin-top:-15px;}\r\n\t.Date_Events_2_arc{float:left;width:45%;text-align:center;margin-top:5px;}\r\n\t.timecss_d_arc {font-size:20px;font-weight:500;margin:0;}\r\n\t.timecss_f_arc {font-size:10px;text-transform:uppercase;margin-top:-5px;}\r\n\t.timecss_y_arc {font-size:11px;margin-top:-28px;}\r\n\t.Date_Events_sep_arc{padding-top:20px}\r\n\t.Cat_Events_arc{color:#e3c022;text-transform:uppercase;font-weight:300;letter-spacing:5px;font-size:8px;}\r\n\t@media screen and (max-width:900px){.Cat_Events_arc{float:left;height:20px;width:100%;margin:0 10px;}}\r\n\t.Cat_Events_arc{float:left;height:20px;width:60%;line-height:1.5;margin-top:7px;}\r\n\t@media screen and (max-width:900px){.Cat_Events_arc{float:left;text-align:center;height:20px;width:100%;margin:10px 0 auto;}}\r\n\t@media screen and (max-width:900px){.Cat_Events_arc_cont{margin:0 10px;width:90%;}}\r\n\t.Titre_Events_arc a{float:left;height:50px;width:60%;font-weight:100;font-size:17px;line-height:1.2;color:#fff;text-rendering:auto;margin-top:-10px;}\r\n\t@media screen and (max-width:900px){.Titre_Events_arc a{height:30px;margin:10px 0 auto;width:100%;line-break:auto;}}\r\n\t@media screen and (max-width:900px){.Titre_Events_arc_cont{margin:0 5%;width:90%;}}\r\n\t.Image_Events_arc{float:left;width:20%;overflow:hidden;position:relative;max-height:70px;margin-top:-27px;}\r\n\t@media screen and (max-width:900px){.Image_Events_arc{float:left;max-height:150px;width:100%;margin-top:10px;}}\r\n\t.Date_Events_all_arc,.Cat_Events_arc,.Titre_Events_arc a{display:flex;justify-content:center;align-items:center;}\r\n\t.desk{display:flex;}.mob{display:none;}\r\n\t@media screen and (max-width:900px){.desk{display:none;}.mob{display:flex;}}\r\n<\/style>\r\n\r\n<div class=\"Extrait_Events_arc\">\r\n\t<div class=\"Extrait_Events_Container_arc\">\r\n\t\t4547\r\n\t\t<div class=\"Cat_Events_arc\"><div class=\"Cat_Events_arc_cont\">ANIMATION<\/div><\/div>\r\n\t\t<div class=\"Titre_Events_arc\"><div class=\"Titre_Events_arc_cont\"><a href=\"https:\/\/chateau-de-valangin.ch\/de\/kalender\/la-cuisine-au-moyen-age-2\/\">La cuisine au Moyen \u00c2ge<\/a><\/div><\/div>\t\t\r\n\t\t<div class=\"Image_Events_arc\"><a href=\"https:\/\/chateau-de-valangin.ch\/de\/kalender\/la-cuisine-au-moyen-age-2\/\"><span class=\"desk\"><img loading=\"lazy\" decoding=\"async\" width=\"300\" height=\"225\" src=\"https:\/\/chateau-de-valangin.ch\/NEWSITE\/wp-content\/uploads\/2024\/02\/marmite-et-jouets-300x225.jpg\" class=\"attachment-medium size-medium\" alt=\"la cuisine au moyen \u00e2ge, marmite et l\u00e9gumes en bois\" srcset=\"https:\/\/chateau-de-valangin.ch\/NEWSITE\/wp-content\/uploads\/2024\/02\/marmite-et-jouets-300x225.jpg 300w, https:\/\/chateau-de-valangin.ch\/NEWSITE\/wp-content\/uploads\/2024\/02\/marmite-et-jouets-1024x768.jpg 1024w, https:\/\/chateau-de-valangin.ch\/NEWSITE\/wp-content\/uploads\/2024\/02\/marmite-et-jouets-768x576.jpg 768w, https:\/\/chateau-de-valangin.ch\/NEWSITE\/wp-content\/uploads\/2024\/02\/marmite-et-jouets-1536x1152.jpg 1536w, https:\/\/chateau-de-valangin.ch\/NEWSITE\/wp-content\/uploads\/2024\/02\/marmite-et-jouets-2048x1536.jpg 2048w, https:\/\/chateau-de-valangin.ch\/NEWSITE\/wp-content\/uploads\/2024\/02\/marmite-et-jouets-100x75.jpg 100w, https:\/\/chateau-de-valangin.ch\/NEWSITE\/wp-content\/uploads\/2024\/02\/marmite-et-jouets-960x720.jpg 960w, https:\/\/chateau-de-valangin.ch\/NEWSITE\/wp-content\/uploads\/2024\/02\/marmite-et-jouets-480x360.jpg 480w, https:\/\/chateau-de-valangin.ch\/NEWSITE\/wp-content\/uploads\/2024\/02\/marmite-et-jouets-1320x990.jpg 1320w\" sizes=\"auto, (max-width:767px) 300px, 300px\" \/><\/span><span class=\"mob\"><img loading=\"lazy\" decoding=\"async\" width=\"1024\" height=\"768\" src=\"https:\/\/chateau-de-valangin.ch\/NEWSITE\/wp-content\/uploads\/2024\/02\/marmite-et-jouets-1024x768.jpg\" class=\"attachment-large size-large\" alt=\"la cuisine au moyen \u00e2ge, marmite et l\u00e9gumes en bois\" srcset=\"https:\/\/chateau-de-valangin.ch\/NEWSITE\/wp-content\/uploads\/2024\/02\/marmite-et-jouets-1024x768.jpg 1024w, https:\/\/chateau-de-valangin.ch\/NEWSITE\/wp-content\/uploads\/2024\/02\/marmite-et-jouets-300x225.jpg 300w, https:\/\/chateau-de-valangin.ch\/NEWSITE\/wp-content\/uploads\/2024\/02\/marmite-et-jouets-768x576.jpg 768w, https:\/\/chateau-de-valangin.ch\/NEWSITE\/wp-content\/uploads\/2024\/02\/marmite-et-jouets-1536x1152.jpg 1536w, https:\/\/chateau-de-valangin.ch\/NEWSITE\/wp-content\/uploads\/2024\/02\/marmite-et-jouets-2048x1536.jpg 2048w, https:\/\/chateau-de-valangin.ch\/NEWSITE\/wp-content\/uploads\/2024\/02\/marmite-et-jouets-100x75.jpg 100w, https:\/\/chateau-de-valangin.ch\/NEWSITE\/wp-content\/uploads\/2024\/02\/marmite-et-jouets-960x720.jpg 960w, https:\/\/chateau-de-valangin.ch\/NEWSITE\/wp-content\/uploads\/2024\/02\/marmite-et-jouets-480x360.jpg 480w, https:\/\/chateau-de-valangin.ch\/NEWSITE\/wp-content\/uploads\/2024\/02\/marmite-et-jouets-1320x990.jpg 1320w\" sizes=\"auto, (max-width:767px) 480px, (max-width:1024px) 100vw, 1024px\" \/><\/span><\/a><\/div>\r\n\t<\/div>\r\n<\/div><style>\r\n\t.Extrait_Events_arc{float:left;height:70px;width:100%;background-color:#590630;color:#FFF;margin-top:0px;border-radius:0px;}\r\n\t@media screen and (max-width:900px){.Extrait_Events_arc{height:210px;margin-top:30px;}}\r\n\t.Extrait_Events_Container_arc{height:70px;background-color:#590630;margin:0 auto;text-align:center;}\r\n\t@media screen and (max-width:900px){.Extrait_Events_Container_arc{height:180px;width:100%;}}\r\n\t.Extrait_Events_arc a:hover{text-decoration:none;}\r\n\t.Date_Events_all_arc{float:left;width:20%;height:70px;margin-bottom:10px;}\r\n\t@media screen and (max-width:900px){.Date_Events_all_arc{float:left;width:100%;height:70px;margin-bottom:10px;}}\r\n\t.Date_Events_1_arc{float:left;width:45%;text-align:center;margin-top:5px;}\r\n\t.Date_Events_1_2_arc{float:left;width:32%;text-align:center;margin-top:5px;}\r\n\t.Date_Events_sep_arc{float:left;text-align:center;width:10%;margin-top:-15px;}\r\n\t.Date_Events_2_arc{float:left;width:45%;text-align:center;margin-top:5px;}\r\n\t.timecss_d_arc {font-size:20px;font-weight:500;margin:0;}\r\n\t.timecss_f_arc {font-size:10px;text-transform:uppercase;margin-top:-5px;}\r\n\t.timecss_y_arc {font-size:11px;margin-top:-28px;}\r\n\t.Date_Events_sep_arc{padding-top:20px}\r\n\t.Cat_Events_arc{color:#e3c022;text-transform:uppercase;font-weight:300;letter-spacing:5px;font-size:8px;}\r\n\t@media screen and (max-width:900px){.Cat_Events_arc{float:left;height:20px;width:100%;margin:0 10px;}}\r\n\t.Cat_Events_arc{float:left;height:20px;width:60%;line-height:1.5;margin-top:7px;}\r\n\t@media screen and (max-width:900px){.Cat_Events_arc{float:left;text-align:center;height:20px;width:100%;margin:10px 0 auto;}}\r\n\t@media screen and (max-width:900px){.Cat_Events_arc_cont{margin:0 10px;width:90%;}}\r\n\t.Titre_Events_arc a{float:left;height:50px;width:60%;font-weight:100;font-size:17px;line-height:1.2;color:#fff;text-rendering:auto;margin-top:-10px;}\r\n\t@media screen and (max-width:900px){.Titre_Events_arc a{height:30px;margin:10px 0 auto;width:100%;line-break:auto;}}\r\n\t@media screen and (max-width:900px){.Titre_Events_arc_cont{margin:0 5%;width:90%;}}\r\n\t.Image_Events_arc{float:left;width:20%;overflow:hidden;position:relative;max-height:70px;margin-top:-27px;}\r\n\t@media screen and (max-width:900px){.Image_Events_arc{float:left;max-height:150px;width:100%;margin-top:10px;}}\r\n\t.Date_Events_all_arc,.Cat_Events_arc,.Titre_Events_arc a{display:flex;justify-content:center;align-items:center;}\r\n\t.desk{display:flex;}.mob{display:none;}\r\n\t@media screen and (max-width:900px){.desk{display:none;}.mob{display:flex;}}\r\n<\/style>\r\n\r\n<div class=\"Extrait_Events_arc\">\r\n\t<div class=\"Extrait_Events_Container_arc\">\r\n\t\t4544\r\n\t\t<div class=\"Cat_Events_arc\"><div class=\"Cat_Events_arc_cont\">KONZERT<\/div><\/div>\r\n\t\t<div class=\"Titre_Events_arc\"><div class=\"Titre_Events_arc_cont\"><a href=\"https:\/\/chateau-de-valangin.ch\/de\/kalender\/recital-veronique-gobet-2-2\/\">R\u00e9cital Chopin (Pianokonzert von V\u00e9ronique Gobet)<\/a><\/div><\/div>\t\t\r\n\t\t<div class=\"Image_Events_arc\"><a href=\"https:\/\/chateau-de-valangin.ch\/de\/kalender\/recital-veronique-gobet-2-2\/\"><span class=\"desk\"><img loading=\"lazy\" decoding=\"async\" width=\"300\" height=\"200\" src=\"https:\/\/chateau-de-valangin.ch\/NEWSITE\/wp-content\/uploads\/2018\/12\/36-chacc82teau-de-valangin_photo-noemi-tirro-300x200.jpg\" class=\"attachment-medium size-medium\" alt=\"\" srcset=\"https:\/\/chateau-de-valangin.ch\/NEWSITE\/wp-content\/uploads\/2018\/12\/36-chacc82teau-de-valangin_photo-noemi-tirro-300x200.jpg 300w, https:\/\/chateau-de-valangin.ch\/NEWSITE\/wp-content\/uploads\/2018\/12\/36-chacc82teau-de-valangin_photo-noemi-tirro-768x512.jpg 768w, https:\/\/chateau-de-valangin.ch\/NEWSITE\/wp-content\/uploads\/2018\/12\/36-chacc82teau-de-valangin_photo-noemi-tirro-1024x683.jpg 1024w, https:\/\/chateau-de-valangin.ch\/NEWSITE\/wp-content\/uploads\/2018\/12\/36-chacc82teau-de-valangin_photo-noemi-tirro-219x146.jpg 219w, https:\/\/chateau-de-valangin.ch\/NEWSITE\/wp-content\/uploads\/2018\/12\/36-chacc82teau-de-valangin_photo-noemi-tirro-50x33.jpg 50w, https:\/\/chateau-de-valangin.ch\/NEWSITE\/wp-content\/uploads\/2018\/12\/36-chacc82teau-de-valangin_photo-noemi-tirro-113x75.jpg 113w, https:\/\/chateau-de-valangin.ch\/NEWSITE\/wp-content\/uploads\/2018\/12\/36-chacc82teau-de-valangin_photo-noemi-tirro.jpg 1200w\" sizes=\"auto, (max-width:767px) 300px, 300px\" \/><\/span><span class=\"mob\"><img loading=\"lazy\" decoding=\"async\" width=\"1024\" height=\"683\" src=\"https:\/\/chateau-de-valangin.ch\/NEWSITE\/wp-content\/uploads\/2018\/12\/36-chacc82teau-de-valangin_photo-noemi-tirro-1024x683.jpg\" class=\"attachment-large size-large\" alt=\"\" srcset=\"https:\/\/chateau-de-valangin.ch\/NEWSITE\/wp-content\/uploads\/2018\/12\/36-chacc82teau-de-valangin_photo-noemi-tirro-1024x683.jpg 1024w, https:\/\/chateau-de-valangin.ch\/NEWSITE\/wp-content\/uploads\/2018\/12\/36-chacc82teau-de-valangin_photo-noemi-tirro-300x200.jpg 300w, https:\/\/chateau-de-valangin.ch\/NEWSITE\/wp-content\/uploads\/2018\/12\/36-chacc82teau-de-valangin_photo-noemi-tirro-768x512.jpg 768w, https:\/\/chateau-de-valangin.ch\/NEWSITE\/wp-content\/uploads\/2018\/12\/36-chacc82teau-de-valangin_photo-noemi-tirro-219x146.jpg 219w, https:\/\/chateau-de-valangin.ch\/NEWSITE\/wp-content\/uploads\/2018\/12\/36-chacc82teau-de-valangin_photo-noemi-tirro-50x33.jpg 50w, https:\/\/chateau-de-valangin.ch\/NEWSITE\/wp-content\/uploads\/2018\/12\/36-chacc82teau-de-valangin_photo-noemi-tirro-113x75.jpg 113w, https:\/\/chateau-de-valangin.ch\/NEWSITE\/wp-content\/uploads\/2018\/12\/36-chacc82teau-de-valangin_photo-noemi-tirro.jpg 1200w\" sizes=\"auto, (max-width:767px) 480px, (max-width:1024px) 100vw, 1024px\" \/><\/span><\/a><\/div>\r\n\t<\/div>\r\n<\/div><style>\r\n\t.Extrait_Events_arc{float:left;height:70px;width:100%;background-color:#590630;color:#FFF;margin-top:0px;border-radius:0px;}\r\n\t@media screen and (max-width:900px){.Extrait_Events_arc{height:210px;margin-top:30px;}}\r\n\t.Extrait_Events_Container_arc{height:70px;background-color:#590630;margin:0 auto;text-align:center;}\r\n\t@media screen and (max-width:900px){.Extrait_Events_Container_arc{height:180px;width:100%;}}\r\n\t.Extrait_Events_arc a:hover{text-decoration:none;}\r\n\t.Date_Events_all_arc{float:left;width:20%;height:70px;margin-bottom:10px;}\r\n\t@media screen and (max-width:900px){.Date_Events_all_arc{float:left;width:100%;height:70px;margin-bottom:10px;}}\r\n\t.Date_Events_1_arc{float:left;width:45%;text-align:center;margin-top:5px;}\r\n\t.Date_Events_1_2_arc{float:left;width:32%;text-align:center;margin-top:5px;}\r\n\t.Date_Events_sep_arc{float:left;text-align:center;width:10%;margin-top:-15px;}\r\n\t.Date_Events_2_arc{float:left;width:45%;text-align:center;margin-top:5px;}\r\n\t.timecss_d_arc {font-size:20px;font-weight:500;margin:0;}\r\n\t.timecss_f_arc {font-size:10px;text-transform:uppercase;margin-top:-5px;}\r\n\t.timecss_y_arc {font-size:11px;margin-top:-28px;}\r\n\t.Date_Events_sep_arc{padding-top:20px}\r\n\t.Cat_Events_arc{color:#e3c022;text-transform:uppercase;font-weight:300;letter-spacing:5px;font-size:8px;}\r\n\t@media screen and (max-width:900px){.Cat_Events_arc{float:left;height:20px;width:100%;margin:0 10px;}}\r\n\t.Cat_Events_arc{float:left;height:20px;width:60%;line-height:1.5;margin-top:7px;}\r\n\t@media screen and (max-width:900px){.Cat_Events_arc{float:left;text-align:center;height:20px;width:100%;margin:10px 0 auto;}}\r\n\t@media screen and (max-width:900px){.Cat_Events_arc_cont{margin:0 10px;width:90%;}}\r\n\t.Titre_Events_arc a{float:left;height:50px;width:60%;font-weight:100;font-size:17px;line-height:1.2;color:#fff;text-rendering:auto;margin-top:-10px;}\r\n\t@media screen and (max-width:900px){.Titre_Events_arc a{height:30px;margin:10px 0 auto;width:100%;line-break:auto;}}\r\n\t@media screen and (max-width:900px){.Titre_Events_arc_cont{margin:0 5%;width:90%;}}\r\n\t.Image_Events_arc{float:left;width:20%;overflow:hidden;position:relative;max-height:70px;margin-top:-27px;}\r\n\t@media screen and (max-width:900px){.Image_Events_arc{float:left;max-height:150px;width:100%;margin-top:10px;}}\r\n\t.Date_Events_all_arc,.Cat_Events_arc,.Titre_Events_arc a{display:flex;justify-content:center;align-items:center;}\r\n\t.desk{display:flex;}.mob{display:none;}\r\n\t@media screen and (max-width:900px){.desk{display:none;}.mob{display:flex;}}\r\n<\/style>\r\n\r\n<div class=\"Extrait_Events_arc\">\r\n\t<div class=\"Extrait_Events_Container_arc\">\r\n\t\t4464\r\n\t\t<div class=\"Cat_Events_arc\"><div class=\"Cat_Events_arc_cont\">ANIMATION<\/div><\/div>\r\n\t\t<div class=\"Titre_Events_arc\"><div class=\"Titre_Events_arc_cont\"><a href=\"https:\/\/chateau-de-valangin.ch\/de\/kalender\/sur-les-pas-de-catherine-de-watteville-6\/\">Sur les pas de Catherine de Watteville<\/a><\/div><\/div>\t\t\r\n\t\t<div class=\"Image_Events_arc\"><a href=\"https:\/\/chateau-de-valangin.ch\/de\/kalender\/sur-les-pas-de-catherine-de-watteville-6\/\"><span class=\"desk\"><img loading=\"lazy\" decoding=\"async\" width=\"300\" height=\"225\" src=\"https:\/\/chateau-de-valangin.ch\/NEWSITE\/wp-content\/uploads\/2024\/02\/catherine-de-watteville-1-300x225.jpg\" class=\"attachment-medium size-medium\" alt=\"\" srcset=\"https:\/\/chateau-de-valangin.ch\/NEWSITE\/wp-content\/uploads\/2024\/02\/catherine-de-watteville-1-300x225.jpg 300w, https:\/\/chateau-de-valangin.ch\/NEWSITE\/wp-content\/uploads\/2024\/02\/catherine-de-watteville-1-1024x768.jpg 1024w, https:\/\/chateau-de-valangin.ch\/NEWSITE\/wp-content\/uploads\/2024\/02\/catherine-de-watteville-1-768x576.jpg 768w, https:\/\/chateau-de-valangin.ch\/NEWSITE\/wp-content\/uploads\/2024\/02\/catherine-de-watteville-1-1536x1152.jpg 1536w, https:\/\/chateau-de-valangin.ch\/NEWSITE\/wp-content\/uploads\/2024\/02\/catherine-de-watteville-1-2048x1536.jpg 2048w, https:\/\/chateau-de-valangin.ch\/NEWSITE\/wp-content\/uploads\/2024\/02\/catherine-de-watteville-1-100x75.jpg 100w, https:\/\/chateau-de-valangin.ch\/NEWSITE\/wp-content\/uploads\/2024\/02\/catherine-de-watteville-1-960x720.jpg 960w, https:\/\/chateau-de-valangin.ch\/NEWSITE\/wp-content\/uploads\/2024\/02\/catherine-de-watteville-1-480x360.jpg 480w, https:\/\/chateau-de-valangin.ch\/NEWSITE\/wp-content\/uploads\/2024\/02\/catherine-de-watteville-1-1320x990.jpg 1320w\" sizes=\"auto, (max-width:767px) 300px, 300px\" \/><\/span><span class=\"mob\"><img loading=\"lazy\" decoding=\"async\" width=\"1024\" height=\"768\" src=\"https:\/\/chateau-de-valangin.ch\/NEWSITE\/wp-content\/uploads\/2024\/02\/catherine-de-watteville-1-1024x768.jpg\" class=\"attachment-large size-large\" alt=\"\" srcset=\"https:\/\/chateau-de-valangin.ch\/NEWSITE\/wp-content\/uploads\/2024\/02\/catherine-de-watteville-1-1024x768.jpg 1024w, https:\/\/chateau-de-valangin.ch\/NEWSITE\/wp-content\/uploads\/2024\/02\/catherine-de-watteville-1-300x225.jpg 300w, https:\/\/chateau-de-valangin.ch\/NEWSITE\/wp-content\/uploads\/2024\/02\/catherine-de-watteville-1-768x576.jpg 768w, https:\/\/chateau-de-valangin.ch\/NEWSITE\/wp-content\/uploads\/2024\/02\/catherine-de-watteville-1-1536x1152.jpg 1536w, https:\/\/chateau-de-valangin.ch\/NEWSITE\/wp-content\/uploads\/2024\/02\/catherine-de-watteville-1-2048x1536.jpg 2048w, https:\/\/chateau-de-valangin.ch\/NEWSITE\/wp-content\/uploads\/2024\/02\/catherine-de-watteville-1-100x75.jpg 100w, https:\/\/chateau-de-valangin.ch\/NEWSITE\/wp-content\/uploads\/2024\/02\/catherine-de-watteville-1-960x720.jpg 960w, https:\/\/chateau-de-valangin.ch\/NEWSITE\/wp-content\/uploads\/2024\/02\/catherine-de-watteville-1-480x360.jpg 480w, https:\/\/chateau-de-valangin.ch\/NEWSITE\/wp-content\/uploads\/2024\/02\/catherine-de-watteville-1-1320x990.jpg 1320w\" sizes=\"auto, (max-width:767px) 480px, (max-width:1024px) 100vw, 1024px\" \/><\/span><\/a><\/div>\r\n\t<\/div>\r\n<\/div><style>\r\n\t.Extrait_Events_arc{float:left;height:70px;width:100%;background-color:#590630;color:#FFF;margin-top:0px;border-radius:0px;}\r\n\t@media screen and (max-width:900px){.Extrait_Events_arc{height:210px;margin-top:30px;}}\r\n\t.Extrait_Events_Container_arc{height:70px;background-color:#590630;margin:0 auto;text-align:center;}\r\n\t@media screen and (max-width:900px){.Extrait_Events_Container_arc{height:180px;width:100%;}}\r\n\t.Extrait_Events_arc a:hover{text-decoration:none;}\r\n\t.Date_Events_all_arc{float:left;width:20%;height:70px;margin-bottom:10px;}\r\n\t@media screen and (max-width:900px){.Date_Events_all_arc{float:left;width:100%;height:70px;margin-bottom:10px;}}\r\n\t.Date_Events_1_arc{float:left;width:45%;text-align:center;margin-top:5px;}\r\n\t.Date_Events_1_2_arc{float:left;width:32%;text-align:center;margin-top:5px;}\r\n\t.Date_Events_sep_arc{float:left;text-align:center;width:10%;margin-top:-15px;}\r\n\t.Date_Events_2_arc{float:left;width:45%;text-align:center;margin-top:5px;}\r\n\t.timecss_d_arc {font-size:20px;font-weight:500;margin:0;}\r\n\t.timecss_f_arc {font-size:10px;text-transform:uppercase;margin-top:-5px;}\r\n\t.timecss_y_arc {font-size:11px;margin-top:-28px;}\r\n\t.Date_Events_sep_arc{padding-top:20px}\r\n\t.Cat_Events_arc{color:#e3c022;text-transform:uppercase;font-weight:300;letter-spacing:5px;font-size:8px;}\r\n\t@media screen and (max-width:900px){.Cat_Events_arc{float:left;height:20px;width:100%;margin:0 10px;}}\r\n\t.Cat_Events_arc{float:left;height:20px;width:60%;line-height:1.5;margin-top:7px;}\r\n\t@media screen and (max-width:900px){.Cat_Events_arc{float:left;text-align:center;height:20px;width:100%;margin:10px 0 auto;}}\r\n\t@media screen and (max-width:900px){.Cat_Events_arc_cont{margin:0 10px;width:90%;}}\r\n\t.Titre_Events_arc a{float:left;height:50px;width:60%;font-weight:100;font-size:17px;line-height:1.2;color:#fff;text-rendering:auto;margin-top:-10px;}\r\n\t@media screen and (max-width:900px){.Titre_Events_arc a{height:30px;margin:10px 0 auto;width:100%;line-break:auto;}}\r\n\t@media screen and (max-width:900px){.Titre_Events_arc_cont{margin:0 5%;width:90%;}}\r\n\t.Image_Events_arc{float:left;width:20%;overflow:hidden;position:relative;max-height:70px;margin-top:-27px;}\r\n\t@media screen and (max-width:900px){.Image_Events_arc{float:left;max-height:150px;width:100%;margin-top:10px;}}\r\n\t.Date_Events_all_arc,.Cat_Events_arc,.Titre_Events_arc a{display:flex;justify-content:center;align-items:center;}\r\n\t.desk{display:flex;}.mob{display:none;}\r\n\t@media screen and (max-width:900px){.desk{display:none;}.mob{display:flex;}}\r\n<\/style>\r\n\r\n<div class=\"Extrait_Events_arc\">\r\n\t<div class=\"Extrait_Events_Container_arc\">\r\n\t\t4465\r\n\t\t<div class=\"Cat_Events_arc\"><div class=\"Cat_Events_arc_cont\">ANIMATION<\/div><\/div>\r\n\t\t<div class=\"Titre_Events_arc\"><div class=\"Titre_Events_arc_cont\"><a href=\"https:\/\/chateau-de-valangin.ch\/de\/kalender\/le-testament-perdu-3\/\">Le testament perdu<\/a><\/div><\/div>\t\t\r\n\t\t<div class=\"Image_Events_arc\"><a href=\"https:\/\/chateau-de-valangin.ch\/de\/kalender\/le-testament-perdu-3\/\"><span class=\"desk\"><img loading=\"lazy\" decoding=\"async\" width=\"300\" height=\"225\" src=\"https:\/\/chateau-de-valangin.ch\/NEWSITE\/wp-content\/uploads\/2024\/02\/testament-gdv-c-300x225.jpg\" class=\"attachment-medium size-medium\" alt=\"\" srcset=\"https:\/\/chateau-de-valangin.ch\/NEWSITE\/wp-content\/uploads\/2024\/02\/testament-gdv-c-300x225.jpg 300w, https:\/\/chateau-de-valangin.ch\/NEWSITE\/wp-content\/uploads\/2024\/02\/testament-gdv-c-1024x768.jpg 1024w, https:\/\/chateau-de-valangin.ch\/NEWSITE\/wp-content\/uploads\/2024\/02\/testament-gdv-c-768x576.jpg 768w, https:\/\/chateau-de-valangin.ch\/NEWSITE\/wp-content\/uploads\/2024\/02\/testament-gdv-c-1536x1152.jpg 1536w, https:\/\/chateau-de-valangin.ch\/NEWSITE\/wp-content\/uploads\/2024\/02\/testament-gdv-c-2048x1536.jpg 2048w, https:\/\/chateau-de-valangin.ch\/NEWSITE\/wp-content\/uploads\/2024\/02\/testament-gdv-c-100x75.jpg 100w, https:\/\/chateau-de-valangin.ch\/NEWSITE\/wp-content\/uploads\/2024\/02\/testament-gdv-c-960x720.jpg 960w, https:\/\/chateau-de-valangin.ch\/NEWSITE\/wp-content\/uploads\/2024\/02\/testament-gdv-c-480x360.jpg 480w, https:\/\/chateau-de-valangin.ch\/NEWSITE\/wp-content\/uploads\/2024\/02\/testament-gdv-c-1320x990.jpg 1320w\" sizes=\"auto, (max-width:767px) 300px, 300px\" \/><\/span><span class=\"mob\"><img loading=\"lazy\" decoding=\"async\" width=\"1024\" height=\"768\" src=\"https:\/\/chateau-de-valangin.ch\/NEWSITE\/wp-content\/uploads\/2024\/02\/testament-gdv-c-1024x768.jpg\" class=\"attachment-large size-large\" alt=\"\" srcset=\"https:\/\/chateau-de-valangin.ch\/NEWSITE\/wp-content\/uploads\/2024\/02\/testament-gdv-c-1024x768.jpg 1024w, https:\/\/chateau-de-valangin.ch\/NEWSITE\/wp-content\/uploads\/2024\/02\/testament-gdv-c-300x225.jpg 300w, https:\/\/chateau-de-valangin.ch\/NEWSITE\/wp-content\/uploads\/2024\/02\/testament-gdv-c-768x576.jpg 768w, https:\/\/chateau-de-valangin.ch\/NEWSITE\/wp-content\/uploads\/2024\/02\/testament-gdv-c-1536x1152.jpg 1536w, https:\/\/chateau-de-valangin.ch\/NEWSITE\/wp-content\/uploads\/2024\/02\/testament-gdv-c-2048x1536.jpg 2048w, https:\/\/chateau-de-valangin.ch\/NEWSITE\/wp-content\/uploads\/2024\/02\/testament-gdv-c-100x75.jpg 100w, https:\/\/chateau-de-valangin.ch\/NEWSITE\/wp-content\/uploads\/2024\/02\/testament-gdv-c-960x720.jpg 960w, https:\/\/chateau-de-valangin.ch\/NEWSITE\/wp-content\/uploads\/2024\/02\/testament-gdv-c-480x360.jpg 480w, https:\/\/chateau-de-valangin.ch\/NEWSITE\/wp-content\/uploads\/2024\/02\/testament-gdv-c-1320x990.jpg 1320w\" sizes=\"auto, (max-width:767px) 480px, (max-width:1024px) 100vw, 1024px\" \/><\/span><\/a><\/div>\r\n\t<\/div>\r\n<\/div><style>\r\n\t.Extrait_Events_arc{float:left;height:70px;width:100%;background-color:#590630;color:#FFF;margin-top:0px;border-radius:0px;}\r\n\t@media screen and (max-width:900px){.Extrait_Events_arc{height:210px;margin-top:30px;}}\r\n\t.Extrait_Events_Container_arc{height:70px;background-color:#590630;margin:0 auto;text-align:center;}\r\n\t@media screen and (max-width:900px){.Extrait_Events_Container_arc{height:180px;width:100%;}}\r\n\t.Extrait_Events_arc a:hover{text-decoration:none;}\r\n\t.Date_Events_all_arc{float:left;width:20%;height:70px;margin-bottom:10px;}\r\n\t@media screen and (max-width:900px){.Date_Events_all_arc{float:left;width:100%;height:70px;margin-bottom:10px;}}\r\n\t.Date_Events_1_arc{float:left;width:45%;text-align:center;margin-top:5px;}\r\n\t.Date_Events_1_2_arc{float:left;width:32%;text-align:center;margin-top:5px;}\r\n\t.Date_Events_sep_arc{float:left;text-align:center;width:10%;margin-top:-15px;}\r\n\t.Date_Events_2_arc{float:left;width:45%;text-align:center;margin-top:5px;}\r\n\t.timecss_d_arc {font-size:20px;font-weight:500;margin:0;}\r\n\t.timecss_f_arc {font-size:10px;text-transform:uppercase;margin-top:-5px;}\r\n\t.timecss_y_arc {font-size:11px;margin-top:-28px;}\r\n\t.Date_Events_sep_arc{padding-top:20px}\r\n\t.Cat_Events_arc{color:#e3c022;text-transform:uppercase;font-weight:300;letter-spacing:5px;font-size:8px;}\r\n\t@media screen and (max-width:900px){.Cat_Events_arc{float:left;height:20px;width:100%;margin:0 10px;}}\r\n\t.Cat_Events_arc{float:left;height:20px;width:60%;line-height:1.5;margin-top:7px;}\r\n\t@media screen and (max-width:900px){.Cat_Events_arc{float:left;text-align:center;height:20px;width:100%;margin:10px 0 auto;}}\r\n\t@media screen and (max-width:900px){.Cat_Events_arc_cont{margin:0 10px;width:90%;}}\r\n\t.Titre_Events_arc a{float:left;height:50px;width:60%;font-weight:100;font-size:17px;line-height:1.2;color:#fff;text-rendering:auto;margin-top:-10px;}\r\n\t@media screen and (max-width:900px){.Titre_Events_arc a{height:30px;margin:10px 0 auto;width:100%;line-break:auto;}}\r\n\t@media screen and (max-width:900px){.Titre_Events_arc_cont{margin:0 5%;width:90%;}}\r\n\t.Image_Events_arc{float:left;width:20%;overflow:hidden;position:relative;max-height:70px;margin-top:-27px;}\r\n\t@media screen and (max-width:900px){.Image_Events_arc{float:left;max-height:150px;width:100%;margin-top:10px;}}\r\n\t.Date_Events_all_arc,.Cat_Events_arc,.Titre_Events_arc a{display:flex;justify-content:center;align-items:center;}\r\n\t.desk{display:flex;}.mob{display:none;}\r\n\t@media screen and (max-width:900px){.desk{display:none;}.mob{display:flex;}}\r\n<\/style>\r\n\r\n<div class=\"Extrait_Events_arc\">\r\n\t<div class=\"Extrait_Events_Container_arc\">\r\n\t\t4537\r\n\t\t<div class=\"Cat_Events_arc\"><div class=\"Cat_Events_arc_cont\">WORKSHOP<\/div><\/div>\r\n\t\t<div class=\"Titre_Events_arc\"><div class=\"Titre_Events_arc_cont\"><a href=\"https:\/\/chateau-de-valangin.ch\/de\/kalender\/der-graines-dans-mon-jardin\/\">Der graines dans mon jardin<\/a><\/div><\/div>\t\t\r\n\t\t<div class=\"Image_Events_arc\"><a href=\"https:\/\/chateau-de-valangin.ch\/de\/kalender\/der-graines-dans-mon-jardin\/\"><span class=\"desk\"><img loading=\"lazy\" decoding=\"async\" width=\"300\" height=\"231\" src=\"https:\/\/chateau-de-valangin.ch\/NEWSITE\/wp-content\/uploads\/2024\/07\/upper_rhenish_master_-_the_little_garden_of_paradise_-_google_art_project-300x231.jpg\" class=\"attachment-medium size-medium\" alt=\"Le petit jardin du Paradis\" srcset=\"https:\/\/chateau-de-valangin.ch\/NEWSITE\/wp-content\/uploads\/2024\/07\/upper_rhenish_master_-_the_little_garden_of_paradise_-_google_art_project-300x231.jpg 300w, https:\/\/chateau-de-valangin.ch\/NEWSITE\/wp-content\/uploads\/2024\/07\/upper_rhenish_master_-_the_little_garden_of_paradise_-_google_art_project-1024x788.jpg 1024w, https:\/\/chateau-de-valangin.ch\/NEWSITE\/wp-content\/uploads\/2024\/07\/upper_rhenish_master_-_the_little_garden_of_paradise_-_google_art_project-768x591.jpg 768w, https:\/\/chateau-de-valangin.ch\/NEWSITE\/wp-content\/uploads\/2024\/07\/upper_rhenish_master_-_the_little_garden_of_paradise_-_google_art_project-1536x1181.jpg 1536w, https:\/\/chateau-de-valangin.ch\/NEWSITE\/wp-content\/uploads\/2024\/07\/upper_rhenish_master_-_the_little_garden_of_paradise_-_google_art_project-2048x1575.jpg 2048w, https:\/\/chateau-de-valangin.ch\/NEWSITE\/wp-content\/uploads\/2024\/07\/upper_rhenish_master_-_the_little_garden_of_paradise_-_google_art_project-98x75.jpg 98w, https:\/\/chateau-de-valangin.ch\/NEWSITE\/wp-content\/uploads\/2024\/07\/upper_rhenish_master_-_the_little_garden_of_paradise_-_google_art_project-480x369.jpg 480w, https:\/\/chateau-de-valangin.ch\/NEWSITE\/wp-content\/uploads\/2024\/07\/upper_rhenish_master_-_the_little_garden_of_paradise_-_google_art_project-1320x1015.jpg 1320w\" sizes=\"auto, (max-width:767px) 300px, 300px\" \/><\/span><span class=\"mob\"><img loading=\"lazy\" decoding=\"async\" width=\"1024\" height=\"788\" src=\"https:\/\/chateau-de-valangin.ch\/NEWSITE\/wp-content\/uploads\/2024\/07\/upper_rhenish_master_-_the_little_garden_of_paradise_-_google_art_project-1024x788.jpg\" class=\"attachment-large size-large\" alt=\"Le petit jardin du Paradis\" srcset=\"https:\/\/chateau-de-valangin.ch\/NEWSITE\/wp-content\/uploads\/2024\/07\/upper_rhenish_master_-_the_little_garden_of_paradise_-_google_art_project-1024x788.jpg 1024w, https:\/\/chateau-de-valangin.ch\/NEWSITE\/wp-content\/uploads\/2024\/07\/upper_rhenish_master_-_the_little_garden_of_paradise_-_google_art_project-300x231.jpg 300w, https:\/\/chateau-de-valangin.ch\/NEWSITE\/wp-content\/uploads\/2024\/07\/upper_rhenish_master_-_the_little_garden_of_paradise_-_google_art_project-768x591.jpg 768w, https:\/\/chateau-de-valangin.ch\/NEWSITE\/wp-content\/uploads\/2024\/07\/upper_rhenish_master_-_the_little_garden_of_paradise_-_google_art_project-1536x1181.jpg 1536w, https:\/\/chateau-de-valangin.ch\/NEWSITE\/wp-content\/uploads\/2024\/07\/upper_rhenish_master_-_the_little_garden_of_paradise_-_google_art_project-2048x1575.jpg 2048w, https:\/\/chateau-de-valangin.ch\/NEWSITE\/wp-content\/uploads\/2024\/07\/upper_rhenish_master_-_the_little_garden_of_paradise_-_google_art_project-98x75.jpg 98w, https:\/\/chateau-de-valangin.ch\/NEWSITE\/wp-content\/uploads\/2024\/07\/upper_rhenish_master_-_the_little_garden_of_paradise_-_google_art_project-480x369.jpg 480w, https:\/\/chateau-de-valangin.ch\/NEWSITE\/wp-content\/uploads\/2024\/07\/upper_rhenish_master_-_the_little_garden_of_paradise_-_google_art_project-1320x1015.jpg 1320w\" sizes=\"auto, (max-width:767px) 480px, (max-width:1024px) 100vw, 1024px\" \/><\/span><\/a><\/div>\r\n\t<\/div>\r\n<\/div><style>\r\n\t.Extrait_Events_arc{float:left;height:70px;width:100%;background-color:#590630;color:#FFF;margin-top:0px;border-radius:0px;}\r\n\t@media screen and (max-width:900px){.Extrait_Events_arc{height:210px;margin-top:30px;}}\r\n\t.Extrait_Events_Container_arc{height:70px;background-color:#590630;margin:0 auto;text-align:center;}\r\n\t@media screen and (max-width:900px){.Extrait_Events_Container_arc{height:180px;width:100%;}}\r\n\t.Extrait_Events_arc a:hover{text-decoration:none;}\r\n\t.Date_Events_all_arc{float:left;width:20%;height:70px;margin-bottom:10px;}\r\n\t@media screen and (max-width:900px){.Date_Events_all_arc{float:left;width:100%;height:70px;margin-bottom:10px;}}\r\n\t.Date_Events_1_arc{float:left;width:45%;text-align:center;margin-top:5px;}\r\n\t.Date_Events_1_2_arc{float:left;width:32%;text-align:center;margin-top:5px;}\r\n\t.Date_Events_sep_arc{float:left;text-align:center;width:10%;margin-top:-15px;}\r\n\t.Date_Events_2_arc{float:left;width:45%;text-align:center;margin-top:5px;}\r\n\t.timecss_d_arc {font-size:20px;font-weight:500;margin:0;}\r\n\t.timecss_f_arc {font-size:10px;text-transform:uppercase;margin-top:-5px;}\r\n\t.timecss_y_arc {font-size:11px;margin-top:-28px;}\r\n\t.Date_Events_sep_arc{padding-top:20px}\r\n\t.Cat_Events_arc{color:#e3c022;text-transform:uppercase;font-weight:300;letter-spacing:5px;font-size:8px;}\r\n\t@media screen and (max-width:900px){.Cat_Events_arc{float:left;height:20px;width:100%;margin:0 10px;}}\r\n\t.Cat_Events_arc{float:left;height:20px;width:60%;line-height:1.5;margin-top:7px;}\r\n\t@media screen and (max-width:900px){.Cat_Events_arc{float:left;text-align:center;height:20px;width:100%;margin:10px 0 auto;}}\r\n\t@media screen and (max-width:900px){.Cat_Events_arc_cont{margin:0 10px;width:90%;}}\r\n\t.Titre_Events_arc a{float:left;height:50px;width:60%;font-weight:100;font-size:17px;line-height:1.2;color:#fff;text-rendering:auto;margin-top:-10px;}\r\n\t@media screen and (max-width:900px){.Titre_Events_arc a{height:30px;margin:10px 0 auto;width:100%;line-break:auto;}}\r\n\t@media screen and (max-width:900px){.Titre_Events_arc_cont{margin:0 5%;width:90%;}}\r\n\t.Image_Events_arc{float:left;width:20%;overflow:hidden;position:relative;max-height:70px;margin-top:-27px;}\r\n\t@media screen and (max-width:900px){.Image_Events_arc{float:left;max-height:150px;width:100%;margin-top:10px;}}\r\n\t.Date_Events_all_arc,.Cat_Events_arc,.Titre_Events_arc a{display:flex;justify-content:center;align-items:center;}\r\n\t.desk{display:flex;}.mob{display:none;}\r\n\t@media screen and (max-width:900px){.desk{display:none;}.mob{display:flex;}}\r\n<\/style>\r\n\r\n<div class=\"Extrait_Events_arc\">\r\n\t<div class=\"Extrait_Events_Container_arc\">\r\n\t\t4529\r\n\t\t<div class=\"Cat_Events_arc\"><div class=\"Cat_Events_arc_cont\">THEATER und VERANSTALTUNG<\/div><\/div>\r\n\t\t<div class=\"Titre_Events_arc\"><div class=\"Titre_Events_arc_cont\"><a href=\"https:\/\/chateau-de-valangin.ch\/de\/kalender\/citoyen-marat-pour-les-50-ans-du-bibliobus\/\">Citoyen Marat pour les 50 ans du Bibliobus<\/a><\/div><\/div>\t\t\r\n\t\t<div class=\"Image_Events_arc\"><a href=\"https:\/\/chateau-de-valangin.ch\/de\/kalender\/citoyen-marat-pour-les-50-ans-du-bibliobus\/\"><span class=\"desk\"><img loading=\"lazy\" decoding=\"async\" width=\"300\" height=\"300\" src=\"https:\/\/chateau-de-valangin.ch\/NEWSITE\/wp-content\/uploads\/2024\/07\/affiche-citoyen-marat-300x300.jpg\" class=\"attachment-medium size-medium\" alt=\"affiche citoyen marat\" srcset=\"https:\/\/chateau-de-valangin.ch\/NEWSITE\/wp-content\/uploads\/2024\/07\/affiche-citoyen-marat-300x300.jpg 300w, https:\/\/chateau-de-valangin.ch\/NEWSITE\/wp-content\/uploads\/2024\/07\/affiche-citoyen-marat-1024x1024.jpg 1024w, https:\/\/chateau-de-valangin.ch\/NEWSITE\/wp-content\/uploads\/2024\/07\/affiche-citoyen-marat-150x150.jpg 150w, https:\/\/chateau-de-valangin.ch\/NEWSITE\/wp-content\/uploads\/2024\/07\/affiche-citoyen-marat-768x768.jpg 768w, https:\/\/chateau-de-valangin.ch\/NEWSITE\/wp-content\/uploads\/2024\/07\/affiche-citoyen-marat-75x75.jpg 75w, https:\/\/chateau-de-valangin.ch\/NEWSITE\/wp-content\/uploads\/2024\/07\/affiche-citoyen-marat-480x480.jpg 480w, https:\/\/chateau-de-valangin.ch\/NEWSITE\/wp-content\/uploads\/2024\/07\/affiche-citoyen-marat.jpg 1080w\" sizes=\"auto, (max-width:767px) 300px, 300px\" \/><\/span><span class=\"mob\"><img loading=\"lazy\" decoding=\"async\" width=\"1024\" height=\"1024\" src=\"https:\/\/chateau-de-valangin.ch\/NEWSITE\/wp-content\/uploads\/2024\/07\/affiche-citoyen-marat-1024x1024.jpg\" class=\"attachment-large size-large\" alt=\"affiche citoyen marat\" srcset=\"https:\/\/chateau-de-valangin.ch\/NEWSITE\/wp-content\/uploads\/2024\/07\/affiche-citoyen-marat-1024x1024.jpg 1024w, https:\/\/chateau-de-valangin.ch\/NEWSITE\/wp-content\/uploads\/2024\/07\/affiche-citoyen-marat-300x300.jpg 300w, https:\/\/chateau-de-valangin.ch\/NEWSITE\/wp-content\/uploads\/2024\/07\/affiche-citoyen-marat-150x150.jpg 150w, https:\/\/chateau-de-valangin.ch\/NEWSITE\/wp-content\/uploads\/2024\/07\/affiche-citoyen-marat-768x768.jpg 768w, https:\/\/chateau-de-valangin.ch\/NEWSITE\/wp-content\/uploads\/2024\/07\/affiche-citoyen-marat-75x75.jpg 75w, https:\/\/chateau-de-valangin.ch\/NEWSITE\/wp-content\/uploads\/2024\/07\/affiche-citoyen-marat-480x480.jpg 480w, https:\/\/chateau-de-valangin.ch\/NEWSITE\/wp-content\/uploads\/2024\/07\/affiche-citoyen-marat.jpg 1080w\" sizes=\"auto, (max-width:767px) 480px, (max-width:1024px) 100vw, 1024px\" \/><\/span><\/a><\/div>\r\n\t<\/div>\r\n<\/div><style>\r\n\t.Extrait_Events_arc{float:left;height:70px;width:100%;background-color:#590630;color:#FFF;margin-top:0px;border-radius:0px;}\r\n\t@media screen and (max-width:900px){.Extrait_Events_arc{height:210px;margin-top:30px;}}\r\n\t.Extrait_Events_Container_arc{height:70px;background-color:#590630;margin:0 auto;text-align:center;}\r\n\t@media screen and (max-width:900px){.Extrait_Events_Container_arc{height:180px;width:100%;}}\r\n\t.Extrait_Events_arc a:hover{text-decoration:none;}\r\n\t.Date_Events_all_arc{float:left;width:20%;height:70px;margin-bottom:10px;}\r\n\t@media screen and (max-width:900px){.Date_Events_all_arc{float:left;width:100%;height:70px;margin-bottom:10px;}}\r\n\t.Date_Events_1_arc{float:left;width:45%;text-align:center;margin-top:5px;}\r\n\t.Date_Events_1_2_arc{float:left;width:32%;text-align:center;margin-top:5px;}\r\n\t.Date_Events_sep_arc{float:left;text-align:center;width:10%;margin-top:-15px;}\r\n\t.Date_Events_2_arc{float:left;width:45%;text-align:center;margin-top:5px;}\r\n\t.timecss_d_arc {font-size:20px;font-weight:500;margin:0;}\r\n\t.timecss_f_arc {font-size:10px;text-transform:uppercase;margin-top:-5px;}\r\n\t.timecss_y_arc {font-size:11px;margin-top:-28px;}\r\n\t.Date_Events_sep_arc{padding-top:20px}\r\n\t.Cat_Events_arc{color:#e3c022;text-transform:uppercase;font-weight:300;letter-spacing:5px;font-size:8px;}\r\n\t@media screen and (max-width:900px){.Cat_Events_arc{float:left;height:20px;width:100%;margin:0 10px;}}\r\n\t.Cat_Events_arc{float:left;height:20px;width:60%;line-height:1.5;margin-top:7px;}\r\n\t@media screen and (max-width:900px){.Cat_Events_arc{float:left;text-align:center;height:20px;width:100%;margin:10px 0 auto;}}\r\n\t@media screen and (max-width:900px){.Cat_Events_arc_cont{margin:0 10px;width:90%;}}\r\n\t.Titre_Events_arc a{float:left;height:50px;width:60%;font-weight:100;font-size:17px;line-height:1.2;color:#fff;text-rendering:auto;margin-top:-10px;}\r\n\t@media screen and (max-width:900px){.Titre_Events_arc a{height:30px;margin:10px 0 auto;width:100%;line-break:auto;}}\r\n\t@media screen and (max-width:900px){.Titre_Events_arc_cont{margin:0 5%;width:90%;}}\r\n\t.Image_Events_arc{float:left;width:20%;overflow:hidden;position:relative;max-height:70px;margin-top:-27px;}\r\n\t@media screen and (max-width:900px){.Image_Events_arc{float:left;max-height:150px;width:100%;margin-top:10px;}}\r\n\t.Date_Events_all_arc,.Cat_Events_arc,.Titre_Events_arc a{display:flex;justify-content:center;align-items:center;}\r\n\t.desk{display:flex;}.mob{display:none;}\r\n\t@media screen and (max-width:900px){.desk{display:none;}.mob{display:flex;}}\r\n<\/style>\r\n\r\n<div class=\"Extrait_Events_arc\">\r\n\t<div class=\"Extrait_Events_Container_arc\">\r\n\t\t4522\r\n\t\t<div class=\"Cat_Events_arc\"><div class=\"Cat_Events_arc_cont\">THEATER und VERANSTALTUNG<\/div><\/div>\r\n\t\t<div class=\"Titre_Events_arc\"><div class=\"Titre_Events_arc_cont\"><a href=\"https:\/\/chateau-de-valangin.ch\/de\/kalender\/le-summer-tour-au-chateau-de-valangin\/\">Le Summer Tour au ch\u00e2teau de Valangin<\/a><\/div><\/div>\t\t\r\n\t\t<div class=\"Image_Events_arc\"><a href=\"https:\/\/chateau-de-valangin.ch\/de\/kalender\/le-summer-tour-au-chateau-de-valangin\/\"><span class=\"desk\"><img loading=\"lazy\" decoding=\"async\" width=\"300\" height=\"300\" src=\"https:\/\/chateau-de-valangin.ch\/NEWSITE\/wp-content\/uploads\/2024\/07\/valangin-1-septembre-summertour2-300x300.png\" class=\"attachment-medium size-medium\" alt=\"\" srcset=\"https:\/\/chateau-de-valangin.ch\/NEWSITE\/wp-content\/uploads\/2024\/07\/valangin-1-septembre-summertour2-300x300.png 300w, https:\/\/chateau-de-valangin.ch\/NEWSITE\/wp-content\/uploads\/2024\/07\/valangin-1-septembre-summertour2-1024x1024.png 1024w, https:\/\/chateau-de-valangin.ch\/NEWSITE\/wp-content\/uploads\/2024\/07\/valangin-1-septembre-summertour2-150x150.png 150w, https:\/\/chateau-de-valangin.ch\/NEWSITE\/wp-content\/uploads\/2024\/07\/valangin-1-septembre-summertour2-768x768.png 768w, https:\/\/chateau-de-valangin.ch\/NEWSITE\/wp-content\/uploads\/2024\/07\/valangin-1-septembre-summertour2-75x75.png 75w, https:\/\/chateau-de-valangin.ch\/NEWSITE\/wp-content\/uploads\/2024\/07\/valangin-1-septembre-summertour2-480x480.png 480w, https:\/\/chateau-de-valangin.ch\/NEWSITE\/wp-content\/uploads\/2024\/07\/valangin-1-septembre-summertour2.png 1080w\" sizes=\"auto, (max-width:767px) 300px, 300px\" \/><\/span><span class=\"mob\"><img loading=\"lazy\" decoding=\"async\" width=\"1024\" height=\"1024\" src=\"https:\/\/chateau-de-valangin.ch\/NEWSITE\/wp-content\/uploads\/2024\/07\/valangin-1-septembre-summertour2-1024x1024.png\" class=\"attachment-large size-large\" alt=\"\" srcset=\"https:\/\/chateau-de-valangin.ch\/NEWSITE\/wp-content\/uploads\/2024\/07\/valangin-1-septembre-summertour2-1024x1024.png 1024w, https:\/\/chateau-de-valangin.ch\/NEWSITE\/wp-content\/uploads\/2024\/07\/valangin-1-septembre-summertour2-300x300.png 300w, https:\/\/chateau-de-valangin.ch\/NEWSITE\/wp-content\/uploads\/2024\/07\/valangin-1-septembre-summertour2-150x150.png 150w, https:\/\/chateau-de-valangin.ch\/NEWSITE\/wp-content\/uploads\/2024\/07\/valangin-1-septembre-summertour2-768x768.png 768w, https:\/\/chateau-de-valangin.ch\/NEWSITE\/wp-content\/uploads\/2024\/07\/valangin-1-septembre-summertour2-75x75.png 75w, https:\/\/chateau-de-valangin.ch\/NEWSITE\/wp-content\/uploads\/2024\/07\/valangin-1-septembre-summertour2-480x480.png 480w, https:\/\/chateau-de-valangin.ch\/NEWSITE\/wp-content\/uploads\/2024\/07\/valangin-1-septembre-summertour2.png 1080w\" sizes=\"auto, (max-width:767px) 480px, (max-width:1024px) 100vw, 1024px\" \/><\/span><\/a><\/div>\r\n\t<\/div>\r\n<\/div><style>\r\n\t.Extrait_Events_arc{float:left;height:70px;width:100%;background-color:#590630;color:#FFF;margin-top:0px;border-radius:0px;}\r\n\t@media screen and (max-width:900px){.Extrait_Events_arc{height:210px;margin-top:30px;}}\r\n\t.Extrait_Events_Container_arc{height:70px;background-color:#590630;margin:0 auto;text-align:center;}\r\n\t@media screen and (max-width:900px){.Extrait_Events_Container_arc{height:180px;width:100%;}}\r\n\t.Extrait_Events_arc a:hover{text-decoration:none;}\r\n\t.Date_Events_all_arc{float:left;width:20%;height:70px;margin-bottom:10px;}\r\n\t@media screen and (max-width:900px){.Date_Events_all_arc{float:left;width:100%;height:70px;margin-bottom:10px;}}\r\n\t.Date_Events_1_arc{float:left;width:45%;text-align:center;margin-top:5px;}\r\n\t.Date_Events_1_2_arc{float:left;width:32%;text-align:center;margin-top:5px;}\r\n\t.Date_Events_sep_arc{float:left;text-align:center;width:10%;margin-top:-15px;}\r\n\t.Date_Events_2_arc{float:left;width:45%;text-align:center;margin-top:5px;}\r\n\t.timecss_d_arc {font-size:20px;font-weight:500;margin:0;}\r\n\t.timecss_f_arc {font-size:10px;text-transform:uppercase;margin-top:-5px;}\r\n\t.timecss_y_arc {font-size:11px;margin-top:-28px;}\r\n\t.Date_Events_sep_arc{padding-top:20px}\r\n\t.Cat_Events_arc{color:#e3c022;text-transform:uppercase;font-weight:300;letter-spacing:5px;font-size:8px;}\r\n\t@media screen and (max-width:900px){.Cat_Events_arc{float:left;height:20px;width:100%;margin:0 10px;}}\r\n\t.Cat_Events_arc{float:left;height:20px;width:60%;line-height:1.5;margin-top:7px;}\r\n\t@media screen and (max-width:900px){.Cat_Events_arc{float:left;text-align:center;height:20px;width:100%;margin:10px 0 auto;}}\r\n\t@media screen and (max-width:900px){.Cat_Events_arc_cont{margin:0 10px;width:90%;}}\r\n\t.Titre_Events_arc a{float:left;height:50px;width:60%;font-weight:100;font-size:17px;line-height:1.2;color:#fff;text-rendering:auto;margin-top:-10px;}\r\n\t@media screen and (max-width:900px){.Titre_Events_arc a{height:30px;margin:10px 0 auto;width:100%;line-break:auto;}}\r\n\t@media screen and (max-width:900px){.Titre_Events_arc_cont{margin:0 5%;width:90%;}}\r\n\t.Image_Events_arc{float:left;width:20%;overflow:hidden;position:relative;max-height:70px;margin-top:-27px;}\r\n\t@media screen and (max-width:900px){.Image_Events_arc{float:left;max-height:150px;width:100%;margin-top:10px;}}\r\n\t.Date_Events_all_arc,.Cat_Events_arc,.Titre_Events_arc a{display:flex;justify-content:center;align-items:center;}\r\n\t.desk{display:flex;}.mob{display:none;}\r\n\t@media screen and (max-width:900px){.desk{display:none;}.mob{display:flex;}}\r\n<\/style>\r\n\r\n<div class=\"Extrait_Events_arc\">\r\n\t<div class=\"Extrait_Events_Container_arc\">\r\n\t\t4520\r\n\t\t<div class=\"Cat_Events_arc\"><div class=\"Cat_Events_arc_cont\">ANIMATION und KULTURERBE<\/div><\/div>\r\n\t\t<div class=\"Titre_Events_arc\"><div class=\"Titre_Events_arc_cont\"><a href=\"https:\/\/chateau-de-valangin.ch\/de\/kalender\/repas-medieval-avec-le-restaurant-larboulastre-de-grandson\/\">Historisches Buffet mit dem Restaurant l&#8217;Arboulastre, Grandson<\/a><\/div><\/div>\t\t\r\n\t\t<div class=\"Image_Events_arc\"><a href=\"https:\/\/chateau-de-valangin.ch\/de\/kalender\/repas-medieval-avec-le-restaurant-larboulastre-de-grandson\/\"><span class=\"desk\"><img loading=\"lazy\" decoding=\"async\" width=\"300\" height=\"300\" src=\"https:\/\/chateau-de-valangin.ch\/NEWSITE\/wp-content\/uploads\/2024\/07\/festin-porteurs-1-1024x1024-1-300x300.webp\" class=\"attachment-medium size-medium\" alt=\"festin\" srcset=\"https:\/\/chateau-de-valangin.ch\/NEWSITE\/wp-content\/uploads\/2024\/07\/festin-porteurs-1-1024x1024-1-300x300.webp 300w, https:\/\/chateau-de-valangin.ch\/NEWSITE\/wp-content\/uploads\/2024\/07\/festin-porteurs-1-1024x1024-1-150x150.webp 150w, https:\/\/chateau-de-valangin.ch\/NEWSITE\/wp-content\/uploads\/2024\/07\/festin-porteurs-1-1024x1024-1-768x768.webp 768w, https:\/\/chateau-de-valangin.ch\/NEWSITE\/wp-content\/uploads\/2024\/07\/festin-porteurs-1-1024x1024-1-75x75.webp 75w, https:\/\/chateau-de-valangin.ch\/NEWSITE\/wp-content\/uploads\/2024\/07\/festin-porteurs-1-1024x1024-1-480x480.webp 480w, https:\/\/chateau-de-valangin.ch\/NEWSITE\/wp-content\/uploads\/2024\/07\/festin-porteurs-1-1024x1024-1.webp 1024w\" sizes=\"auto, (max-width:767px) 300px, 300px\" \/><\/span><span class=\"mob\"><img loading=\"lazy\" decoding=\"async\" width=\"1024\" height=\"1024\" src=\"https:\/\/chateau-de-valangin.ch\/NEWSITE\/wp-content\/uploads\/2024\/07\/festin-porteurs-1-1024x1024-1.webp\" class=\"attachment-large size-large\" alt=\"festin\" srcset=\"https:\/\/chateau-de-valangin.ch\/NEWSITE\/wp-content\/uploads\/2024\/07\/festin-porteurs-1-1024x1024-1.webp 1024w, https:\/\/chateau-de-valangin.ch\/NEWSITE\/wp-content\/uploads\/2024\/07\/festin-porteurs-1-1024x1024-1-300x300.webp 300w, https:\/\/chateau-de-valangin.ch\/NEWSITE\/wp-content\/uploads\/2024\/07\/festin-porteurs-1-1024x1024-1-150x150.webp 150w, https:\/\/chateau-de-valangin.ch\/NEWSITE\/wp-content\/uploads\/2024\/07\/festin-porteurs-1-1024x1024-1-768x768.webp 768w, https:\/\/chateau-de-valangin.ch\/NEWSITE\/wp-content\/uploads\/2024\/07\/festin-porteurs-1-1024x1024-1-75x75.webp 75w, https:\/\/chateau-de-valangin.ch\/NEWSITE\/wp-content\/uploads\/2024\/07\/festin-porteurs-1-1024x1024-1-480x480.webp 480w\" sizes=\"auto, (max-width:767px) 480px, (max-width:1024px) 100vw, 1024px\" \/><\/span><\/a><\/div>\r\n\t<\/div>\r\n<\/div><style>\r\n\t.Extrait_Events_arc{float:left;height:70px;width:100%;background-color:#590630;color:#FFF;margin-top:0px;border-radius:0px;}\r\n\t@media screen and (max-width:900px){.Extrait_Events_arc{height:210px;margin-top:30px;}}\r\n\t.Extrait_Events_Container_arc{height:70px;background-color:#590630;margin:0 auto;text-align:center;}\r\n\t@media screen and (max-width:900px){.Extrait_Events_Container_arc{height:180px;width:100%;}}\r\n\t.Extrait_Events_arc a:hover{text-decoration:none;}\r\n\t.Date_Events_all_arc{float:left;width:20%;height:70px;margin-bottom:10px;}\r\n\t@media screen and (max-width:900px){.Date_Events_all_arc{float:left;width:100%;height:70px;margin-bottom:10px;}}\r\n\t.Date_Events_1_arc{float:left;width:45%;text-align:center;margin-top:5px;}\r\n\t.Date_Events_1_2_arc{float:left;width:32%;text-align:center;margin-top:5px;}\r\n\t.Date_Events_sep_arc{float:left;text-align:center;width:10%;margin-top:-15px;}\r\n\t.Date_Events_2_arc{float:left;width:45%;text-align:center;margin-top:5px;}\r\n\t.timecss_d_arc {font-size:20px;font-weight:500;margin:0;}\r\n\t.timecss_f_arc {font-size:10px;text-transform:uppercase;margin-top:-5px;}\r\n\t.timecss_y_arc {font-size:11px;margin-top:-28px;}\r\n\t.Date_Events_sep_arc{padding-top:20px}\r\n\t.Cat_Events_arc{color:#e3c022;text-transform:uppercase;font-weight:300;letter-spacing:5px;font-size:8px;}\r\n\t@media screen and (max-width:900px){.Cat_Events_arc{float:left;height:20px;width:100%;margin:0 10px;}}\r\n\t.Cat_Events_arc{float:left;height:20px;width:60%;line-height:1.5;margin-top:7px;}\r\n\t@media screen and (max-width:900px){.Cat_Events_arc{float:left;text-align:center;height:20px;width:100%;margin:10px 0 auto;}}\r\n\t@media screen and (max-width:900px){.Cat_Events_arc_cont{margin:0 10px;width:90%;}}\r\n\t.Titre_Events_arc a{float:left;height:50px;width:60%;font-weight:100;font-size:17px;line-height:1.2;color:#fff;text-rendering:auto;margin-top:-10px;}\r\n\t@media screen and (max-width:900px){.Titre_Events_arc a{height:30px;margin:10px 0 auto;width:100%;line-break:auto;}}\r\n\t@media screen and (max-width:900px){.Titre_Events_arc_cont{margin:0 5%;width:90%;}}\r\n\t.Image_Events_arc{float:left;width:20%;overflow:hidden;position:relative;max-height:70px;margin-top:-27px;}\r\n\t@media screen and (max-width:900px){.Image_Events_arc{float:left;max-height:150px;width:100%;margin-top:10px;}}\r\n\t.Date_Events_all_arc,.Cat_Events_arc,.Titre_Events_arc a{display:flex;justify-content:center;align-items:center;}\r\n\t.desk{display:flex;}.mob{display:none;}\r\n\t@media screen and (max-width:900px){.desk{display:none;}.mob{display:flex;}}\r\n<\/style>\r\n\r\n<div class=\"Extrait_Events_arc\">\r\n\t<div class=\"Extrait_Events_Container_arc\">\r\n\t\t4513\r\n\t\t<div class=\"Cat_Events_arc\"><div class=\"Cat_Events_arc_cont\">ANIMATION<\/div><\/div>\r\n\t\t<div class=\"Titre_Events_arc\"><div class=\"Titre_Events_arc_cont\"><a href=\"https:\/\/chateau-de-valangin.ch\/de\/kalender\/cest-comment-un-chateau-2\/\">C&#8217;est comment un ch\u00e2teau?<\/a><\/div><\/div>\t\t\r\n\t\t<div class=\"Image_Events_arc\"><a href=\"https:\/\/chateau-de-valangin.ch\/de\/kalender\/cest-comment-un-chateau-2\/\"><span class=\"desk\"><img loading=\"lazy\" decoding=\"async\" width=\"300\" height=\"225\" src=\"https:\/\/chateau-de-valangin.ch\/NEWSITE\/wp-content\/uploads\/2024\/02\/chateau-fort-pour-tout-petits-c-300x225.jpg\" class=\"attachment-medium size-medium\" alt=\"Ch\u00e2teau de Valangin, atelier pour enfants de 0 \u00e0 4 ans\" srcset=\"https:\/\/chateau-de-valangin.ch\/NEWSITE\/wp-content\/uploads\/2024\/02\/chateau-fort-pour-tout-petits-c-300x225.jpg 300w, https:\/\/chateau-de-valangin.ch\/NEWSITE\/wp-content\/uploads\/2024\/02\/chateau-fort-pour-tout-petits-c-1024x768.jpg 1024w, https:\/\/chateau-de-valangin.ch\/NEWSITE\/wp-content\/uploads\/2024\/02\/chateau-fort-pour-tout-petits-c-768x576.jpg 768w, https:\/\/chateau-de-valangin.ch\/NEWSITE\/wp-content\/uploads\/2024\/02\/chateau-fort-pour-tout-petits-c-1536x1152.jpg 1536w, https:\/\/chateau-de-valangin.ch\/NEWSITE\/wp-content\/uploads\/2024\/02\/chateau-fort-pour-tout-petits-c-2048x1536.jpg 2048w, https:\/\/chateau-de-valangin.ch\/NEWSITE\/wp-content\/uploads\/2024\/02\/chateau-fort-pour-tout-petits-c-100x75.jpg 100w, https:\/\/chateau-de-valangin.ch\/NEWSITE\/wp-content\/uploads\/2024\/02\/chateau-fort-pour-tout-petits-c-960x720.jpg 960w, https:\/\/chateau-de-valangin.ch\/NEWSITE\/wp-content\/uploads\/2024\/02\/chateau-fort-pour-tout-petits-c-480x360.jpg 480w, https:\/\/chateau-de-valangin.ch\/NEWSITE\/wp-content\/uploads\/2024\/02\/chateau-fort-pour-tout-petits-c-1320x990.jpg 1320w\" sizes=\"auto, (max-width:767px) 300px, 300px\" \/><\/span><span class=\"mob\"><img loading=\"lazy\" decoding=\"async\" width=\"1024\" height=\"768\" src=\"https:\/\/chateau-de-valangin.ch\/NEWSITE\/wp-content\/uploads\/2024\/02\/chateau-fort-pour-tout-petits-c-1024x768.jpg\" class=\"attachment-large size-large\" alt=\"Ch\u00e2teau de Valangin, atelier pour enfants de 0 \u00e0 4 ans\" srcset=\"https:\/\/chateau-de-valangin.ch\/NEWSITE\/wp-content\/uploads\/2024\/02\/chateau-fort-pour-tout-petits-c-1024x768.jpg 1024w, https:\/\/chateau-de-valangin.ch\/NEWSITE\/wp-content\/uploads\/2024\/02\/chateau-fort-pour-tout-petits-c-300x225.jpg 300w, https:\/\/chateau-de-valangin.ch\/NEWSITE\/wp-content\/uploads\/2024\/02\/chateau-fort-pour-tout-petits-c-768x576.jpg 768w, https:\/\/chateau-de-valangin.ch\/NEWSITE\/wp-content\/uploads\/2024\/02\/chateau-fort-pour-tout-petits-c-1536x1152.jpg 1536w, https:\/\/chateau-de-valangin.ch\/NEWSITE\/wp-content\/uploads\/2024\/02\/chateau-fort-pour-tout-petits-c-2048x1536.jpg 2048w, https:\/\/chateau-de-valangin.ch\/NEWSITE\/wp-content\/uploads\/2024\/02\/chateau-fort-pour-tout-petits-c-100x75.jpg 100w, https:\/\/chateau-de-valangin.ch\/NEWSITE\/wp-content\/uploads\/2024\/02\/chateau-fort-pour-tout-petits-c-960x720.jpg 960w, https:\/\/chateau-de-valangin.ch\/NEWSITE\/wp-content\/uploads\/2024\/02\/chateau-fort-pour-tout-petits-c-480x360.jpg 480w, https:\/\/chateau-de-valangin.ch\/NEWSITE\/wp-content\/uploads\/2024\/02\/chateau-fort-pour-tout-petits-c-1320x990.jpg 1320w\" sizes=\"auto, (max-width:767px) 480px, (max-width:1024px) 100vw, 1024px\" \/><\/span><\/a><\/div>\r\n\t<\/div>\r\n<\/div><style>\r\n\t.Extrait_Events_arc{float:left;height:70px;width:100%;background-color:#590630;color:#FFF;margin-top:0px;border-radius:0px;}\r\n\t@media screen and (max-width:900px){.Extrait_Events_arc{height:210px;margin-top:30px;}}\r\n\t.Extrait_Events_Container_arc{height:70px;background-color:#590630;margin:0 auto;text-align:center;}\r\n\t@media screen and (max-width:900px){.Extrait_Events_Container_arc{height:180px;width:100%;}}\r\n\t.Extrait_Events_arc a:hover{text-decoration:none;}\r\n\t.Date_Events_all_arc{float:left;width:20%;height:70px;margin-bottom:10px;}\r\n\t@media screen and (max-width:900px){.Date_Events_all_arc{float:left;width:100%;height:70px;margin-bottom:10px;}}\r\n\t.Date_Events_1_arc{float:left;width:45%;text-align:center;margin-top:5px;}\r\n\t.Date_Events_1_2_arc{float:left;width:32%;text-align:center;margin-top:5px;}\r\n\t.Date_Events_sep_arc{float:left;text-align:center;width:10%;margin-top:-15px;}\r\n\t.Date_Events_2_arc{float:left;width:45%;text-align:center;margin-top:5px;}\r\n\t.timecss_d_arc {font-size:20px;font-weight:500;margin:0;}\r\n\t.timecss_f_arc {font-size:10px;text-transform:uppercase;margin-top:-5px;}\r\n\t.timecss_y_arc {font-size:11px;margin-top:-28px;}\r\n\t.Date_Events_sep_arc{padding-top:20px}\r\n\t.Cat_Events_arc{color:#e3c022;text-transform:uppercase;font-weight:300;letter-spacing:5px;font-size:8px;}\r\n\t@media screen and (max-width:900px){.Cat_Events_arc{float:left;height:20px;width:100%;margin:0 10px;}}\r\n\t.Cat_Events_arc{float:left;height:20px;width:60%;line-height:1.5;margin-top:7px;}\r\n\t@media screen and (max-width:900px){.Cat_Events_arc{float:left;text-align:center;height:20px;width:100%;margin:10px 0 auto;}}\r\n\t@media screen and (max-width:900px){.Cat_Events_arc_cont{margin:0 10px;width:90%;}}\r\n\t.Titre_Events_arc a{float:left;height:50px;width:60%;font-weight:100;font-size:17px;line-height:1.2;color:#fff;text-rendering:auto;margin-top:-10px;}\r\n\t@media screen and (max-width:900px){.Titre_Events_arc a{height:30px;margin:10px 0 auto;width:100%;line-break:auto;}}\r\n\t@media screen and (max-width:900px){.Titre_Events_arc_cont{margin:0 5%;width:90%;}}\r\n\t.Image_Events_arc{float:left;width:20%;overflow:hidden;position:relative;max-height:70px;margin-top:-27px;}\r\n\t@media screen and (max-width:900px){.Image_Events_arc{float:left;max-height:150px;width:100%;margin-top:10px;}}\r\n\t.Date_Events_all_arc,.Cat_Events_arc,.Titre_Events_arc a{display:flex;justify-content:center;align-items:center;}\r\n\t.desk{display:flex;}.mob{display:none;}\r\n\t@media screen and (max-width:900px){.desk{display:none;}.mob{display:flex;}}\r\n<\/style>\r\n\r\n<div class=\"Extrait_Events_arc\">\r\n\t<div class=\"Extrait_Events_Container_arc\">\r\n\t\t4510\r\n\t\t<div class=\"Cat_Events_arc\"><div class=\"Cat_Events_arc_cont\">ANIMATION und WORKSHOP<\/div><\/div>\r\n\t\t<div class=\"Titre_Events_arc\"><div class=\"Titre_Events_arc_cont\"><a href=\"https:\/\/chateau-de-valangin.ch\/de\/kalender\/impressions-vegetales-3\/\">Impressions v\u00e9g\u00e9tales<\/a><\/div><\/div>\t\t\r\n\t\t<div class=\"Image_Events_arc\"><a href=\"https:\/\/chateau-de-valangin.ch\/de\/kalender\/impressions-vegetales-3\/\"><span class=\"desk\"><img loading=\"lazy\" decoding=\"async\" width=\"300\" height=\"278\" src=\"https:\/\/chateau-de-valangin.ch\/NEWSITE\/wp-content\/uploads\/2020\/06\/ob_d1e222_plantain-franc-oise-m-copie-300x278.jpg\" class=\"attachment-medium size-medium\" alt=\"\" srcset=\"https:\/\/chateau-de-valangin.ch\/NEWSITE\/wp-content\/uploads\/2020\/06\/ob_d1e222_plantain-franc-oise-m-copie-300x278.jpg 300w, https:\/\/chateau-de-valangin.ch\/NEWSITE\/wp-content\/uploads\/2020\/06\/ob_d1e222_plantain-franc-oise-m-copie-1024x947.jpg 1024w, https:\/\/chateau-de-valangin.ch\/NEWSITE\/wp-content\/uploads\/2020\/06\/ob_d1e222_plantain-franc-oise-m-copie-768x710.jpg 768w, https:\/\/chateau-de-valangin.ch\/NEWSITE\/wp-content\/uploads\/2020\/06\/ob_d1e222_plantain-franc-oise-m-copie-1536x1421.jpg 1536w, https:\/\/chateau-de-valangin.ch\/NEWSITE\/wp-content\/uploads\/2020\/06\/ob_d1e222_plantain-franc-oise-m-copie-158x146.jpg 158w, https:\/\/chateau-de-valangin.ch\/NEWSITE\/wp-content\/uploads\/2020\/06\/ob_d1e222_plantain-franc-oise-m-copie-50x46.jpg 50w, https:\/\/chateau-de-valangin.ch\/NEWSITE\/wp-content\/uploads\/2020\/06\/ob_d1e222_plantain-franc-oise-m-copie-81x75.jpg 81w, https:\/\/chateau-de-valangin.ch\/NEWSITE\/wp-content\/uploads\/2020\/06\/ob_d1e222_plantain-franc-oise-m-copie-1320x1221.jpg 1320w, https:\/\/chateau-de-valangin.ch\/NEWSITE\/wp-content\/uploads\/2020\/06\/ob_d1e222_plantain-franc-oise-m-copie.jpg 1600w\" sizes=\"auto, (max-width:767px) 300px, 300px\" \/><\/span><span class=\"mob\"><img loading=\"lazy\" decoding=\"async\" width=\"1024\" height=\"947\" src=\"https:\/\/chateau-de-valangin.ch\/NEWSITE\/wp-content\/uploads\/2020\/06\/ob_d1e222_plantain-franc-oise-m-copie-1024x947.jpg\" class=\"attachment-large size-large\" alt=\"\" srcset=\"https:\/\/chateau-de-valangin.ch\/NEWSITE\/wp-content\/uploads\/2020\/06\/ob_d1e222_plantain-franc-oise-m-copie-1024x947.jpg 1024w, https:\/\/chateau-de-valangin.ch\/NEWSITE\/wp-content\/uploads\/2020\/06\/ob_d1e222_plantain-franc-oise-m-copie-300x278.jpg 300w, https:\/\/chateau-de-valangin.ch\/NEWSITE\/wp-content\/uploads\/2020\/06\/ob_d1e222_plantain-franc-oise-m-copie-768x710.jpg 768w, https:\/\/chateau-de-valangin.ch\/NEWSITE\/wp-content\/uploads\/2020\/06\/ob_d1e222_plantain-franc-oise-m-copie-1536x1421.jpg 1536w, https:\/\/chateau-de-valangin.ch\/NEWSITE\/wp-content\/uploads\/2020\/06\/ob_d1e222_plantain-franc-oise-m-copie-158x146.jpg 158w, https:\/\/chateau-de-valangin.ch\/NEWSITE\/wp-content\/uploads\/2020\/06\/ob_d1e222_plantain-franc-oise-m-copie-50x46.jpg 50w, https:\/\/chateau-de-valangin.ch\/NEWSITE\/wp-content\/uploads\/2020\/06\/ob_d1e222_plantain-franc-oise-m-copie-81x75.jpg 81w, https:\/\/chateau-de-valangin.ch\/NEWSITE\/wp-content\/uploads\/2020\/06\/ob_d1e222_plantain-franc-oise-m-copie-1320x1221.jpg 1320w, https:\/\/chateau-de-valangin.ch\/NEWSITE\/wp-content\/uploads\/2020\/06\/ob_d1e222_plantain-franc-oise-m-copie.jpg 1600w\" sizes=\"auto, (max-width:767px) 480px, (max-width:1024px) 100vw, 1024px\" \/><\/span><\/a><\/div>\r\n\t<\/div>\r\n<\/div><style>\r\n\t.Extrait_Events_arc{float:left;height:70px;width:100%;background-color:#590630;color:#FFF;margin-top:0px;border-radius:0px;}\r\n\t@media screen and (max-width:900px){.Extrait_Events_arc{height:210px;margin-top:30px;}}\r\n\t.Extrait_Events_Container_arc{height:70px;background-color:#590630;margin:0 auto;text-align:center;}\r\n\t@media screen and (max-width:900px){.Extrait_Events_Container_arc{height:180px;width:100%;}}\r\n\t.Extrait_Events_arc a:hover{text-decoration:none;}\r\n\t.Date_Events_all_arc{float:left;width:20%;height:70px;margin-bottom:10px;}\r\n\t@media screen and (max-width:900px){.Date_Events_all_arc{float:left;width:100%;height:70px;margin-bottom:10px;}}\r\n\t.Date_Events_1_arc{float:left;width:45%;text-align:center;margin-top:5px;}\r\n\t.Date_Events_1_2_arc{float:left;width:32%;text-align:center;margin-top:5px;}\r\n\t.Date_Events_sep_arc{float:left;text-align:center;width:10%;margin-top:-15px;}\r\n\t.Date_Events_2_arc{float:left;width:45%;text-align:center;margin-top:5px;}\r\n\t.timecss_d_arc {font-size:20px;font-weight:500;margin:0;}\r\n\t.timecss_f_arc {font-size:10px;text-transform:uppercase;margin-top:-5px;}\r\n\t.timecss_y_arc {font-size:11px;margin-top:-28px;}\r\n\t.Date_Events_sep_arc{padding-top:20px}\r\n\t.Cat_Events_arc{color:#e3c022;text-transform:uppercase;font-weight:300;letter-spacing:5px;font-size:8px;}\r\n\t@media screen and (max-width:900px){.Cat_Events_arc{float:left;height:20px;width:100%;margin:0 10px;}}\r\n\t.Cat_Events_arc{float:left;height:20px;width:60%;line-height:1.5;margin-top:7px;}\r\n\t@media screen and (max-width:900px){.Cat_Events_arc{float:left;text-align:center;height:20px;width:100%;margin:10px 0 auto;}}\r\n\t@media screen and (max-width:900px){.Cat_Events_arc_cont{margin:0 10px;width:90%;}}\r\n\t.Titre_Events_arc a{float:left;height:50px;width:60%;font-weight:100;font-size:17px;line-height:1.2;color:#fff;text-rendering:auto;margin-top:-10px;}\r\n\t@media screen and (max-width:900px){.Titre_Events_arc a{height:30px;margin:10px 0 auto;width:100%;line-break:auto;}}\r\n\t@media screen and (max-width:900px){.Titre_Events_arc_cont{margin:0 5%;width:90%;}}\r\n\t.Image_Events_arc{float:left;width:20%;overflow:hidden;position:relative;max-height:70px;margin-top:-27px;}\r\n\t@media screen and (max-width:900px){.Image_Events_arc{float:left;max-height:150px;width:100%;margin-top:10px;}}\r\n\t.Date_Events_all_arc,.Cat_Events_arc,.Titre_Events_arc a{display:flex;justify-content:center;align-items:center;}\r\n\t.desk{display:flex;}.mob{display:none;}\r\n\t@media screen and (max-width:900px){.desk{display:none;}.mob{display:flex;}}\r\n<\/style>\r\n\r\n<div class=\"Extrait_Events_arc\">\r\n\t<div class=\"Extrait_Events_Container_arc\">\r\n\t\t4560\r\n\t\t<div class=\"Cat_Events_arc\"><div class=\"Cat_Events_arc_cont\">F\u00dcHRUNG<\/div><\/div>\r\n\t\t<div class=\"Titre_Events_arc\"><div class=\"Titre_Events_arc_cont\"><a href=\"https:\/\/chateau-de-valangin.ch\/de\/kalender\/schlossfuhrung-auf-deutsch-2-2-2\/\">ANNULLIERT: Schlossf\u00fchrung auf Deutsch<\/a><\/div><\/div>\t\t\r\n\t\t<div class=\"Image_Events_arc\"><a href=\"https:\/\/chateau-de-valangin.ch\/de\/kalender\/schlossfuhrung-auf-deutsch-2-2-2\/\"><span class=\"desk\"><img loading=\"lazy\" decoding=\"async\" width=\"300\" height=\"225\" src=\"https:\/\/chateau-de-valangin.ch\/NEWSITE\/wp-content\/uploads\/2024\/07\/20240402_152344-300x225.jpg\" class=\"attachment-medium size-medium\" alt=\"chateau de valangin vue depuis le parking du chateau\" srcset=\"https:\/\/chateau-de-valangin.ch\/NEWSITE\/wp-content\/uploads\/2024\/07\/20240402_152344-300x225.jpg 300w, https:\/\/chateau-de-valangin.ch\/NEWSITE\/wp-content\/uploads\/2024\/07\/20240402_152344-1024x768.jpg 1024w, https:\/\/chateau-de-valangin.ch\/NEWSITE\/wp-content\/uploads\/2024\/07\/20240402_152344-768x576.jpg 768w, https:\/\/chateau-de-valangin.ch\/NEWSITE\/wp-content\/uploads\/2024\/07\/20240402_152344-1536x1152.jpg 1536w, https:\/\/chateau-de-valangin.ch\/NEWSITE\/wp-content\/uploads\/2024\/07\/20240402_152344-2048x1536.jpg 2048w, https:\/\/chateau-de-valangin.ch\/NEWSITE\/wp-content\/uploads\/2024\/07\/20240402_152344-100x75.jpg 100w, https:\/\/chateau-de-valangin.ch\/NEWSITE\/wp-content\/uploads\/2024\/07\/20240402_152344-960x720.jpg 960w, https:\/\/chateau-de-valangin.ch\/NEWSITE\/wp-content\/uploads\/2024\/07\/20240402_152344-480x360.jpg 480w, https:\/\/chateau-de-valangin.ch\/NEWSITE\/wp-content\/uploads\/2024\/07\/20240402_152344-1320x990.jpg 1320w\" sizes=\"auto, (max-width:767px) 300px, 300px\" \/><\/span><span class=\"mob\"><img loading=\"lazy\" decoding=\"async\" width=\"1024\" height=\"768\" src=\"https:\/\/chateau-de-valangin.ch\/NEWSITE\/wp-content\/uploads\/2024\/07\/20240402_152344-1024x768.jpg\" class=\"attachment-large size-large\" alt=\"chateau de valangin vue depuis le parking du chateau\" srcset=\"https:\/\/chateau-de-valangin.ch\/NEWSITE\/wp-content\/uploads\/2024\/07\/20240402_152344-1024x768.jpg 1024w, https:\/\/chateau-de-valangin.ch\/NEWSITE\/wp-content\/uploads\/2024\/07\/20240402_152344-300x225.jpg 300w, https:\/\/chateau-de-valangin.ch\/NEWSITE\/wp-content\/uploads\/2024\/07\/20240402_152344-768x576.jpg 768w, https:\/\/chateau-de-valangin.ch\/NEWSITE\/wp-content\/uploads\/2024\/07\/20240402_152344-1536x1152.jpg 1536w, https:\/\/chateau-de-valangin.ch\/NEWSITE\/wp-content\/uploads\/2024\/07\/20240402_152344-2048x1536.jpg 2048w, https:\/\/chateau-de-valangin.ch\/NEWSITE\/wp-content\/uploads\/2024\/07\/20240402_152344-100x75.jpg 100w, https:\/\/chateau-de-valangin.ch\/NEWSITE\/wp-content\/uploads\/2024\/07\/20240402_152344-960x720.jpg 960w, https:\/\/chateau-de-valangin.ch\/NEWSITE\/wp-content\/uploads\/2024\/07\/20240402_152344-480x360.jpg 480w, https:\/\/chateau-de-valangin.ch\/NEWSITE\/wp-content\/uploads\/2024\/07\/20240402_152344-1320x990.jpg 1320w\" sizes=\"auto, (max-width:767px) 480px, (max-width:1024px) 100vw, 1024px\" \/><\/span><\/a><\/div>\r\n\t<\/div>\r\n<\/div><style>\r\n\t.Extrait_Events_arc{float:left;height:70px;width:100%;background-color:#590630;color:#FFF;margin-top:0px;border-radius:0px;}\r\n\t@media screen and (max-width:900px){.Extrait_Events_arc{height:210px;margin-top:30px;}}\r\n\t.Extrait_Events_Container_arc{height:70px;background-color:#590630;margin:0 auto;text-align:center;}\r\n\t@media screen and (max-width:900px){.Extrait_Events_Container_arc{height:180px;width:100%;}}\r\n\t.Extrait_Events_arc a:hover{text-decoration:none;}\r\n\t.Date_Events_all_arc{float:left;width:20%;height:70px;margin-bottom:10px;}\r\n\t@media screen and (max-width:900px){.Date_Events_all_arc{float:left;width:100%;height:70px;margin-bottom:10px;}}\r\n\t.Date_Events_1_arc{float:left;width:45%;text-align:center;margin-top:5px;}\r\n\t.Date_Events_1_2_arc{float:left;width:32%;text-align:center;margin-top:5px;}\r\n\t.Date_Events_sep_arc{float:left;text-align:center;width:10%;margin-top:-15px;}\r\n\t.Date_Events_2_arc{float:left;width:45%;text-align:center;margin-top:5px;}\r\n\t.timecss_d_arc {font-size:20px;font-weight:500;margin:0;}\r\n\t.timecss_f_arc {font-size:10px;text-transform:uppercase;margin-top:-5px;}\r\n\t.timecss_y_arc {font-size:11px;margin-top:-28px;}\r\n\t.Date_Events_sep_arc{padding-top:20px}\r\n\t.Cat_Events_arc{color:#e3c022;text-transform:uppercase;font-weight:300;letter-spacing:5px;font-size:8px;}\r\n\t@media screen and (max-width:900px){.Cat_Events_arc{float:left;height:20px;width:100%;margin:0 10px;}}\r\n\t.Cat_Events_arc{float:left;height:20px;width:60%;line-height:1.5;margin-top:7px;}\r\n\t@media screen and (max-width:900px){.Cat_Events_arc{float:left;text-align:center;height:20px;width:100%;margin:10px 0 auto;}}\r\n\t@media screen and (max-width:900px){.Cat_Events_arc_cont{margin:0 10px;width:90%;}}\r\n\t.Titre_Events_arc a{float:left;height:50px;width:60%;font-weight:100;font-size:17px;line-height:1.2;color:#fff;text-rendering:auto;margin-top:-10px;}\r\n\t@media screen and (max-width:900px){.Titre_Events_arc a{height:30px;margin:10px 0 auto;width:100%;line-break:auto;}}\r\n\t@media screen and (max-width:900px){.Titre_Events_arc_cont{margin:0 5%;width:90%;}}\r\n\t.Image_Events_arc{float:left;width:20%;overflow:hidden;position:relative;max-height:70px;margin-top:-27px;}\r\n\t@media screen and (max-width:900px){.Image_Events_arc{float:left;max-height:150px;width:100%;margin-top:10px;}}\r\n\t.Date_Events_all_arc,.Cat_Events_arc,.Titre_Events_arc a{display:flex;justify-content:center;align-items:center;}\r\n\t.desk{display:flex;}.mob{display:none;}\r\n\t@media screen and (max-width:900px){.desk{display:none;}.mob{display:flex;}}\r\n<\/style>\r\n\r\n<div class=\"Extrait_Events_arc\">\r\n\t<div class=\"Extrait_Events_Container_arc\">\r\n\t\t4263\r\n\t\t<div class=\"Cat_Events_arc\"><div class=\"Cat_Events_arc_cont\">ANIMATION<\/div><\/div>\r\n\t\t<div class=\"Titre_Events_arc\"><div class=\"Titre_Events_arc_cont\"><a href=\"https:\/\/chateau-de-valangin.ch\/de\/kalender\/demonstration-de-dentellieres-2023-2-2-2-2-2-2-2-3-2-2-2-2-2\/\">Kl\u00f6pplerinnen zeigen ihre Kunst<\/a><\/div><\/div>\t\t\r\n\t\t<div class=\"Image_Events_arc\"><a href=\"https:\/\/chateau-de-valangin.ch\/de\/kalender\/demonstration-de-dentellieres-2023-2-2-2-2-2-2-2-3-2-2-2-2-2\/\"><span class=\"desk\"><img loading=\"lazy\" decoding=\"async\" width=\"300\" height=\"225\" src=\"https:\/\/chateau-de-valangin.ch\/NEWSITE\/wp-content\/uploads\/2021\/08\/img_9701-300x225.jpg\" class=\"attachment-medium size-medium\" alt=\"dentelles historiques du ch\u00e2teau et mus\u00e9e de valangin\" srcset=\"https:\/\/chateau-de-valangin.ch\/NEWSITE\/wp-content\/uploads\/2021\/08\/img_9701-300x225.jpg 300w, https:\/\/chateau-de-valangin.ch\/NEWSITE\/wp-content\/uploads\/2021\/08\/img_9701-1024x768.jpg 1024w, https:\/\/chateau-de-valangin.ch\/NEWSITE\/wp-content\/uploads\/2021\/08\/img_9701-768x576.jpg 768w, https:\/\/chateau-de-valangin.ch\/NEWSITE\/wp-content\/uploads\/2021\/08\/img_9701-1536x1152.jpg 1536w, https:\/\/chateau-de-valangin.ch\/NEWSITE\/wp-content\/uploads\/2021\/08\/img_9701-2048x1536.jpg 2048w, https:\/\/chateau-de-valangin.ch\/NEWSITE\/wp-content\/uploads\/2021\/08\/img_9701-195x146.jpg 195w, https:\/\/chateau-de-valangin.ch\/NEWSITE\/wp-content\/uploads\/2021\/08\/img_9701-50x38.jpg 50w, https:\/\/chateau-de-valangin.ch\/NEWSITE\/wp-content\/uploads\/2021\/08\/img_9701-100x75.jpg 100w, https:\/\/chateau-de-valangin.ch\/NEWSITE\/wp-content\/uploads\/2021\/08\/img_9701-960x720.jpg 960w, https:\/\/chateau-de-valangin.ch\/NEWSITE\/wp-content\/uploads\/2021\/08\/img_9701-1320x990.jpg 1320w\" sizes=\"auto, (max-width:767px) 300px, 300px\" \/><\/span><span class=\"mob\"><img loading=\"lazy\" decoding=\"async\" width=\"1024\" height=\"768\" src=\"https:\/\/chateau-de-valangin.ch\/NEWSITE\/wp-content\/uploads\/2021\/08\/img_9701-1024x768.jpg\" class=\"attachment-large size-large\" alt=\"dentelles historiques du ch\u00e2teau et mus\u00e9e de valangin\" srcset=\"https:\/\/chateau-de-valangin.ch\/NEWSITE\/wp-content\/uploads\/2021\/08\/img_9701-1024x768.jpg 1024w, https:\/\/chateau-de-valangin.ch\/NEWSITE\/wp-content\/uploads\/2021\/08\/img_9701-300x225.jpg 300w, https:\/\/chateau-de-valangin.ch\/NEWSITE\/wp-content\/uploads\/2021\/08\/img_9701-768x576.jpg 768w, https:\/\/chateau-de-valangin.ch\/NEWSITE\/wp-content\/uploads\/2021\/08\/img_9701-1536x1152.jpg 1536w, https:\/\/chateau-de-valangin.ch\/NEWSITE\/wp-content\/uploads\/2021\/08\/img_9701-2048x1536.jpg 2048w, https:\/\/chateau-de-valangin.ch\/NEWSITE\/wp-content\/uploads\/2021\/08\/img_9701-195x146.jpg 195w, https:\/\/chateau-de-valangin.ch\/NEWSITE\/wp-content\/uploads\/2021\/08\/img_9701-50x38.jpg 50w, https:\/\/chateau-de-valangin.ch\/NEWSITE\/wp-content\/uploads\/2021\/08\/img_9701-100x75.jpg 100w, https:\/\/chateau-de-valangin.ch\/NEWSITE\/wp-content\/uploads\/2021\/08\/img_9701-960x720.jpg 960w, https:\/\/chateau-de-valangin.ch\/NEWSITE\/wp-content\/uploads\/2021\/08\/img_9701-1320x990.jpg 1320w\" sizes=\"auto, (max-width:767px) 480px, (max-width:1024px) 100vw, 1024px\" \/><\/span><\/a><\/div>\r\n\t<\/div>\r\n<\/div><style>\r\n\t.Extrait_Events_arc{float:left;height:70px;width:100%;background-color:#590630;color:#FFF;margin-top:0px;border-radius:0px;}\r\n\t@media screen and (max-width:900px){.Extrait_Events_arc{height:210px;margin-top:30px;}}\r\n\t.Extrait_Events_Container_arc{height:70px;background-color:#590630;margin:0 auto;text-align:center;}\r\n\t@media screen and (max-width:900px){.Extrait_Events_Container_arc{height:180px;width:100%;}}\r\n\t.Extrait_Events_arc a:hover{text-decoration:none;}\r\n\t.Date_Events_all_arc{float:left;width:20%;height:70px;margin-bottom:10px;}\r\n\t@media screen and (max-width:900px){.Date_Events_all_arc{float:left;width:100%;height:70px;margin-bottom:10px;}}\r\n\t.Date_Events_1_arc{float:left;width:45%;text-align:center;margin-top:5px;}\r\n\t.Date_Events_1_2_arc{float:left;width:32%;text-align:center;margin-top:5px;}\r\n\t.Date_Events_sep_arc{float:left;text-align:center;width:10%;margin-top:-15px;}\r\n\t.Date_Events_2_arc{float:left;width:45%;text-align:center;margin-top:5px;}\r\n\t.timecss_d_arc {font-size:20px;font-weight:500;margin:0;}\r\n\t.timecss_f_arc {font-size:10px;text-transform:uppercase;margin-top:-5px;}\r\n\t.timecss_y_arc {font-size:11px;margin-top:-28px;}\r\n\t.Date_Events_sep_arc{padding-top:20px}\r\n\t.Cat_Events_arc{color:#e3c022;text-transform:uppercase;font-weight:300;letter-spacing:5px;font-size:8px;}\r\n\t@media screen and (max-width:900px){.Cat_Events_arc{float:left;height:20px;width:100%;margin:0 10px;}}\r\n\t.Cat_Events_arc{float:left;height:20px;width:60%;line-height:1.5;margin-top:7px;}\r\n\t@media screen and (max-width:900px){.Cat_Events_arc{float:left;text-align:center;height:20px;width:100%;margin:10px 0 auto;}}\r\n\t@media screen and (max-width:900px){.Cat_Events_arc_cont{margin:0 10px;width:90%;}}\r\n\t.Titre_Events_arc a{float:left;height:50px;width:60%;font-weight:100;font-size:17px;line-height:1.2;color:#fff;text-rendering:auto;margin-top:-10px;}\r\n\t@media screen and (max-width:900px){.Titre_Events_arc a{height:30px;margin:10px 0 auto;width:100%;line-break:auto;}}\r\n\t@media screen and (max-width:900px){.Titre_Events_arc_cont{margin:0 5%;width:90%;}}\r\n\t.Image_Events_arc{float:left;width:20%;overflow:hidden;position:relative;max-height:70px;margin-top:-27px;}\r\n\t@media screen and (max-width:900px){.Image_Events_arc{float:left;max-height:150px;width:100%;margin-top:10px;}}\r\n\t.Date_Events_all_arc,.Cat_Events_arc,.Titre_Events_arc a{display:flex;justify-content:center;align-items:center;}\r\n\t.desk{display:flex;}.mob{display:none;}\r\n\t@media screen and (max-width:900px){.desk{display:none;}.mob{display:flex;}}\r\n<\/style>\r\n\r\n<div class=\"Extrait_Events_arc\">\r\n\t<div class=\"Extrait_Events_Container_arc\">\r\n\t\t4496\r\n\t\t<div class=\"Cat_Events_arc\"><div class=\"Cat_Events_arc_cont\">VORTRAG und WORKSHOP<\/div><\/div>\r\n\t\t<div class=\"Titre_Events_arc\"><div class=\"Titre_Events_arc_cont\"><a href=\"https:\/\/chateau-de-valangin.ch\/de\/kalender\/les-plantes-anesthesiantes-une-histoire-a-en-mourir-3\/\">Les plantes anesth\u00e9siantes, une histoire \u00e0 en mourir.<\/a><\/div><\/div>\t\t\r\n\t\t<div class=\"Image_Events_arc\"><a href=\"https:\/\/chateau-de-valangin.ch\/de\/kalender\/les-plantes-anesthesiantes-une-histoire-a-en-mourir-3\/\"><span class=\"desk\"><img loading=\"lazy\" decoding=\"async\" width=\"300\" height=\"241\" src=\"https:\/\/chateau-de-valangin.ch\/NEWSITE\/wp-content\/uploads\/2024\/05\/image-roman-de-la-rose-jardin-des-herbes-300x241.jpg\" class=\"attachment-medium size-medium\" alt=\"\" srcset=\"https:\/\/chateau-de-valangin.ch\/NEWSITE\/wp-content\/uploads\/2024\/05\/image-roman-de-la-rose-jardin-des-herbes-300x241.jpg 300w, https:\/\/chateau-de-valangin.ch\/NEWSITE\/wp-content\/uploads\/2024\/05\/image-roman-de-la-rose-jardin-des-herbes-768x617.jpg 768w, https:\/\/chateau-de-valangin.ch\/NEWSITE\/wp-content\/uploads\/2024\/05\/image-roman-de-la-rose-jardin-des-herbes-93x75.jpg 93w, https:\/\/chateau-de-valangin.ch\/NEWSITE\/wp-content\/uploads\/2024\/05\/image-roman-de-la-rose-jardin-des-herbes-480x386.jpg 480w, https:\/\/chateau-de-valangin.ch\/NEWSITE\/wp-content\/uploads\/2024\/05\/image-roman-de-la-rose-jardin-des-herbes.jpg 906w\" sizes=\"auto, (max-width:767px) 300px, 300px\" \/><\/span><span class=\"mob\"><img loading=\"lazy\" decoding=\"async\" width=\"906\" height=\"728\" src=\"https:\/\/chateau-de-valangin.ch\/NEWSITE\/wp-content\/uploads\/2024\/05\/image-roman-de-la-rose-jardin-des-herbes.jpg\" class=\"attachment-large size-large\" alt=\"\" srcset=\"https:\/\/chateau-de-valangin.ch\/NEWSITE\/wp-content\/uploads\/2024\/05\/image-roman-de-la-rose-jardin-des-herbes.jpg 906w, https:\/\/chateau-de-valangin.ch\/NEWSITE\/wp-content\/uploads\/2024\/05\/image-roman-de-la-rose-jardin-des-herbes-300x241.jpg 300w, https:\/\/chateau-de-valangin.ch\/NEWSITE\/wp-content\/uploads\/2024\/05\/image-roman-de-la-rose-jardin-des-herbes-768x617.jpg 768w, https:\/\/chateau-de-valangin.ch\/NEWSITE\/wp-content\/uploads\/2024\/05\/image-roman-de-la-rose-jardin-des-herbes-93x75.jpg 93w, https:\/\/chateau-de-valangin.ch\/NEWSITE\/wp-content\/uploads\/2024\/05\/image-roman-de-la-rose-jardin-des-herbes-480x386.jpg 480w\" sizes=\"auto, (max-width:767px) 480px, (max-width:906px) 100vw, 906px\" \/><\/span><\/a><\/div>\r\n\t<\/div>\r\n<\/div><style>\r\n\t.Extrait_Events_arc{float:left;height:70px;width:100%;background-color:#590630;color:#FFF;margin-top:0px;border-radius:0px;}\r\n\t@media screen and (max-width:900px){.Extrait_Events_arc{height:210px;margin-top:30px;}}\r\n\t.Extrait_Events_Container_arc{height:70px;background-color:#590630;margin:0 auto;text-align:center;}\r\n\t@media screen and (max-width:900px){.Extrait_Events_Container_arc{height:180px;width:100%;}}\r\n\t.Extrait_Events_arc a:hover{text-decoration:none;}\r\n\t.Date_Events_all_arc{float:left;width:20%;height:70px;margin-bottom:10px;}\r\n\t@media screen and (max-width:900px){.Date_Events_all_arc{float:left;width:100%;height:70px;margin-bottom:10px;}}\r\n\t.Date_Events_1_arc{float:left;width:45%;text-align:center;margin-top:5px;}\r\n\t.Date_Events_1_2_arc{float:left;width:32%;text-align:center;margin-top:5px;}\r\n\t.Date_Events_sep_arc{float:left;text-align:center;width:10%;margin-top:-15px;}\r\n\t.Date_Events_2_arc{float:left;width:45%;text-align:center;margin-top:5px;}\r\n\t.timecss_d_arc {font-size:20px;font-weight:500;margin:0;}\r\n\t.timecss_f_arc {font-size:10px;text-transform:uppercase;margin-top:-5px;}\r\n\t.timecss_y_arc {font-size:11px;margin-top:-28px;}\r\n\t.Date_Events_sep_arc{padding-top:20px}\r\n\t.Cat_Events_arc{color:#e3c022;text-transform:uppercase;font-weight:300;letter-spacing:5px;font-size:8px;}\r\n\t@media screen and (max-width:900px){.Cat_Events_arc{float:left;height:20px;width:100%;margin:0 10px;}}\r\n\t.Cat_Events_arc{float:left;height:20px;width:60%;line-height:1.5;margin-top:7px;}\r\n\t@media screen and (max-width:900px){.Cat_Events_arc{float:left;text-align:center;height:20px;width:100%;margin:10px 0 auto;}}\r\n\t@media screen and (max-width:900px){.Cat_Events_arc_cont{margin:0 10px;width:90%;}}\r\n\t.Titre_Events_arc a{float:left;height:50px;width:60%;font-weight:100;font-size:17px;line-height:1.2;color:#fff;text-rendering:auto;margin-top:-10px;}\r\n\t@media screen and (max-width:900px){.Titre_Events_arc a{height:30px;margin:10px 0 auto;width:100%;line-break:auto;}}\r\n\t@media screen and (max-width:900px){.Titre_Events_arc_cont{margin:0 5%;width:90%;}}\r\n\t.Image_Events_arc{float:left;width:20%;overflow:hidden;position:relative;max-height:70px;margin-top:-27px;}\r\n\t@media screen and (max-width:900px){.Image_Events_arc{float:left;max-height:150px;width:100%;margin-top:10px;}}\r\n\t.Date_Events_all_arc,.Cat_Events_arc,.Titre_Events_arc a{display:flex;justify-content:center;align-items:center;}\r\n\t.desk{display:flex;}.mob{display:none;}\r\n\t@media screen and (max-width:900px){.desk{display:none;}.mob{display:flex;}}\r\n<\/style>\r\n\r\n<div class=\"Extrait_Events_arc\">\r\n\t<div class=\"Extrait_Events_Container_arc\">\r\n\t\t4493\r\n\t\t<div class=\"Cat_Events_arc\"><div class=\"Cat_Events_arc_cont\">VORTRAG und WORKSHOP<\/div><\/div>\r\n\t\t<div class=\"Titre_Events_arc\"><div class=\"Titre_Events_arc_cont\"><a href=\"https:\/\/chateau-de-valangin.ch\/de\/kalender\/les-plantes-anesthesiantes-une-histoire-a-en-mourir-4\/\">Les plantes anesth\u00e9siantes, une histoire \u00e0 en mourir.<\/a><\/div><\/div>\t\t\r\n\t\t<div class=\"Image_Events_arc\"><a href=\"https:\/\/chateau-de-valangin.ch\/de\/kalender\/les-plantes-anesthesiantes-une-histoire-a-en-mourir-4\/\"><span class=\"desk\"><img loading=\"lazy\" decoding=\"async\" width=\"300\" height=\"241\" src=\"https:\/\/chateau-de-valangin.ch\/NEWSITE\/wp-content\/uploads\/2024\/05\/image-roman-de-la-rose-jardin-des-herbes-300x241.jpg\" class=\"attachment-medium size-medium\" alt=\"\" srcset=\"https:\/\/chateau-de-valangin.ch\/NEWSITE\/wp-content\/uploads\/2024\/05\/image-roman-de-la-rose-jardin-des-herbes-300x241.jpg 300w, https:\/\/chateau-de-valangin.ch\/NEWSITE\/wp-content\/uploads\/2024\/05\/image-roman-de-la-rose-jardin-des-herbes-768x617.jpg 768w, https:\/\/chateau-de-valangin.ch\/NEWSITE\/wp-content\/uploads\/2024\/05\/image-roman-de-la-rose-jardin-des-herbes-93x75.jpg 93w, https:\/\/chateau-de-valangin.ch\/NEWSITE\/wp-content\/uploads\/2024\/05\/image-roman-de-la-rose-jardin-des-herbes-480x386.jpg 480w, https:\/\/chateau-de-valangin.ch\/NEWSITE\/wp-content\/uploads\/2024\/05\/image-roman-de-la-rose-jardin-des-herbes.jpg 906w\" sizes=\"auto, (max-width:767px) 300px, 300px\" \/><\/span><span class=\"mob\"><img loading=\"lazy\" decoding=\"async\" width=\"906\" height=\"728\" src=\"https:\/\/chateau-de-valangin.ch\/NEWSITE\/wp-content\/uploads\/2024\/05\/image-roman-de-la-rose-jardin-des-herbes.jpg\" class=\"attachment-large size-large\" alt=\"\" srcset=\"https:\/\/chateau-de-valangin.ch\/NEWSITE\/wp-content\/uploads\/2024\/05\/image-roman-de-la-rose-jardin-des-herbes.jpg 906w, https:\/\/chateau-de-valangin.ch\/NEWSITE\/wp-content\/uploads\/2024\/05\/image-roman-de-la-rose-jardin-des-herbes-300x241.jpg 300w, https:\/\/chateau-de-valangin.ch\/NEWSITE\/wp-content\/uploads\/2024\/05\/image-roman-de-la-rose-jardin-des-herbes-768x617.jpg 768w, https:\/\/chateau-de-valangin.ch\/NEWSITE\/wp-content\/uploads\/2024\/05\/image-roman-de-la-rose-jardin-des-herbes-93x75.jpg 93w, https:\/\/chateau-de-valangin.ch\/NEWSITE\/wp-content\/uploads\/2024\/05\/image-roman-de-la-rose-jardin-des-herbes-480x386.jpg 480w\" sizes=\"auto, (max-width:767px) 480px, (max-width:906px) 100vw, 906px\" \/><\/span><\/a><\/div>\r\n\t<\/div>\r\n<\/div><style>\r\n\t.Extrait_Events_arc{float:left;height:70px;width:100%;background-color:#590630;color:#FFF;margin-top:0px;border-radius:0px;}\r\n\t@media screen and (max-width:900px){.Extrait_Events_arc{height:210px;margin-top:30px;}}\r\n\t.Extrait_Events_Container_arc{height:70px;background-color:#590630;margin:0 auto;text-align:center;}\r\n\t@media screen and (max-width:900px){.Extrait_Events_Container_arc{height:180px;width:100%;}}\r\n\t.Extrait_Events_arc a:hover{text-decoration:none;}\r\n\t.Date_Events_all_arc{float:left;width:20%;height:70px;margin-bottom:10px;}\r\n\t@media screen and (max-width:900px){.Date_Events_all_arc{float:left;width:100%;height:70px;margin-bottom:10px;}}\r\n\t.Date_Events_1_arc{float:left;width:45%;text-align:center;margin-top:5px;}\r\n\t.Date_Events_1_2_arc{float:left;width:32%;text-align:center;margin-top:5px;}\r\n\t.Date_Events_sep_arc{float:left;text-align:center;width:10%;margin-top:-15px;}\r\n\t.Date_Events_2_arc{float:left;width:45%;text-align:center;margin-top:5px;}\r\n\t.timecss_d_arc {font-size:20px;font-weight:500;margin:0;}\r\n\t.timecss_f_arc {font-size:10px;text-transform:uppercase;margin-top:-5px;}\r\n\t.timecss_y_arc {font-size:11px;margin-top:-28px;}\r\n\t.Date_Events_sep_arc{padding-top:20px}\r\n\t.Cat_Events_arc{color:#e3c022;text-transform:uppercase;font-weight:300;letter-spacing:5px;font-size:8px;}\r\n\t@media screen and (max-width:900px){.Cat_Events_arc{float:left;height:20px;width:100%;margin:0 10px;}}\r\n\t.Cat_Events_arc{float:left;height:20px;width:60%;line-height:1.5;margin-top:7px;}\r\n\t@media screen and (max-width:900px){.Cat_Events_arc{float:left;text-align:center;height:20px;width:100%;margin:10px 0 auto;}}\r\n\t@media screen and (max-width:900px){.Cat_Events_arc_cont{margin:0 10px;width:90%;}}\r\n\t.Titre_Events_arc a{float:left;height:50px;width:60%;font-weight:100;font-size:17px;line-height:1.2;color:#fff;text-rendering:auto;margin-top:-10px;}\r\n\t@media screen and (max-width:900px){.Titre_Events_arc a{height:30px;margin:10px 0 auto;width:100%;line-break:auto;}}\r\n\t@media screen and (max-width:900px){.Titre_Events_arc_cont{margin:0 5%;width:90%;}}\r\n\t.Image_Events_arc{float:left;width:20%;overflow:hidden;position:relative;max-height:70px;margin-top:-27px;}\r\n\t@media screen and (max-width:900px){.Image_Events_arc{float:left;max-height:150px;width:100%;margin-top:10px;}}\r\n\t.Date_Events_all_arc,.Cat_Events_arc,.Titre_Events_arc a{display:flex;justify-content:center;align-items:center;}\r\n\t.desk{display:flex;}.mob{display:none;}\r\n\t@media screen and (max-width:900px){.desk{display:none;}.mob{display:flex;}}\r\n<\/style>\r\n\r\n<div class=\"Extrait_Events_arc\">\r\n\t<div class=\"Extrait_Events_Container_arc\">\r\n\t\t4507\r\n\t\t<div class=\"Cat_Events_arc\"><div class=\"Cat_Events_arc_cont\">VERANSTALTUNG und VORTRAG<\/div><\/div>\r\n\t\t<div class=\"Titre_Events_arc\"><div class=\"Titre_Events_arc_cont\"><a href=\"https:\/\/chateau-de-valangin.ch\/de\/kalender\/catherine-de-watteville-memoires-dune-espionne-au-service-de-louis-xiv\/\">Catherine de Watteville, M\u00e9moires d&#8217;une espionne au service de Louis XIV<\/a><\/div><\/div>\t\t\r\n\t\t<div class=\"Image_Events_arc\"><a href=\"https:\/\/chateau-de-valangin.ch\/de\/kalender\/catherine-de-watteville-memoires-dune-espionne-au-service-de-louis-xiv\/\"><span class=\"desk\"><img loading=\"lazy\" decoding=\"async\" width=\"300\" height=\"225\" src=\"https:\/\/chateau-de-valangin.ch\/NEWSITE\/wp-content\/uploads\/2024\/02\/catherine-de-watteville-1-300x225.jpg\" class=\"attachment-medium size-medium\" alt=\"\" srcset=\"https:\/\/chateau-de-valangin.ch\/NEWSITE\/wp-content\/uploads\/2024\/02\/catherine-de-watteville-1-300x225.jpg 300w, https:\/\/chateau-de-valangin.ch\/NEWSITE\/wp-content\/uploads\/2024\/02\/catherine-de-watteville-1-1024x768.jpg 1024w, https:\/\/chateau-de-valangin.ch\/NEWSITE\/wp-content\/uploads\/2024\/02\/catherine-de-watteville-1-768x576.jpg 768w, https:\/\/chateau-de-valangin.ch\/NEWSITE\/wp-content\/uploads\/2024\/02\/catherine-de-watteville-1-1536x1152.jpg 1536w, https:\/\/chateau-de-valangin.ch\/NEWSITE\/wp-content\/uploads\/2024\/02\/catherine-de-watteville-1-2048x1536.jpg 2048w, https:\/\/chateau-de-valangin.ch\/NEWSITE\/wp-content\/uploads\/2024\/02\/catherine-de-watteville-1-100x75.jpg 100w, https:\/\/chateau-de-valangin.ch\/NEWSITE\/wp-content\/uploads\/2024\/02\/catherine-de-watteville-1-960x720.jpg 960w, https:\/\/chateau-de-valangin.ch\/NEWSITE\/wp-content\/uploads\/2024\/02\/catherine-de-watteville-1-480x360.jpg 480w, https:\/\/chateau-de-valangin.ch\/NEWSITE\/wp-content\/uploads\/2024\/02\/catherine-de-watteville-1-1320x990.jpg 1320w\" sizes=\"auto, (max-width:767px) 300px, 300px\" \/><\/span><span class=\"mob\"><img loading=\"lazy\" decoding=\"async\" width=\"1024\" height=\"768\" src=\"https:\/\/chateau-de-valangin.ch\/NEWSITE\/wp-content\/uploads\/2024\/02\/catherine-de-watteville-1-1024x768.jpg\" class=\"attachment-large size-large\" alt=\"\" srcset=\"https:\/\/chateau-de-valangin.ch\/NEWSITE\/wp-content\/uploads\/2024\/02\/catherine-de-watteville-1-1024x768.jpg 1024w, https:\/\/chateau-de-valangin.ch\/NEWSITE\/wp-content\/uploads\/2024\/02\/catherine-de-watteville-1-300x225.jpg 300w, https:\/\/chateau-de-valangin.ch\/NEWSITE\/wp-content\/uploads\/2024\/02\/catherine-de-watteville-1-768x576.jpg 768w, https:\/\/chateau-de-valangin.ch\/NEWSITE\/wp-content\/uploads\/2024\/02\/catherine-de-watteville-1-1536x1152.jpg 1536w, https:\/\/chateau-de-valangin.ch\/NEWSITE\/wp-content\/uploads\/2024\/02\/catherine-de-watteville-1-2048x1536.jpg 2048w, https:\/\/chateau-de-valangin.ch\/NEWSITE\/wp-content\/uploads\/2024\/02\/catherine-de-watteville-1-100x75.jpg 100w, https:\/\/chateau-de-valangin.ch\/NEWSITE\/wp-content\/uploads\/2024\/02\/catherine-de-watteville-1-960x720.jpg 960w, https:\/\/chateau-de-valangin.ch\/NEWSITE\/wp-content\/uploads\/2024\/02\/catherine-de-watteville-1-480x360.jpg 480w, https:\/\/chateau-de-valangin.ch\/NEWSITE\/wp-content\/uploads\/2024\/02\/catherine-de-watteville-1-1320x990.jpg 1320w\" sizes=\"auto, (max-width:767px) 480px, (max-width:1024px) 100vw, 1024px\" \/><\/span><\/a><\/div>\r\n\t<\/div>\r\n<\/div><style>\r\n\t.Extrait_Events_arc{float:left;height:70px;width:100%;background-color:#590630;color:#FFF;margin-top:0px;border-radius:0px;}\r\n\t@media screen and (max-width:900px){.Extrait_Events_arc{height:210px;margin-top:30px;}}\r\n\t.Extrait_Events_Container_arc{height:70px;background-color:#590630;margin:0 auto;text-align:center;}\r\n\t@media screen and (max-width:900px){.Extrait_Events_Container_arc{height:180px;width:100%;}}\r\n\t.Extrait_Events_arc a:hover{text-decoration:none;}\r\n\t.Date_Events_all_arc{float:left;width:20%;height:70px;margin-bottom:10px;}\r\n\t@media screen and (max-width:900px){.Date_Events_all_arc{float:left;width:100%;height:70px;margin-bottom:10px;}}\r\n\t.Date_Events_1_arc{float:left;width:45%;text-align:center;margin-top:5px;}\r\n\t.Date_Events_1_2_arc{float:left;width:32%;text-align:center;margin-top:5px;}\r\n\t.Date_Events_sep_arc{float:left;text-align:center;width:10%;margin-top:-15px;}\r\n\t.Date_Events_2_arc{float:left;width:45%;text-align:center;margin-top:5px;}\r\n\t.timecss_d_arc {font-size:20px;font-weight:500;margin:0;}\r\n\t.timecss_f_arc {font-size:10px;text-transform:uppercase;margin-top:-5px;}\r\n\t.timecss_y_arc {font-size:11px;margin-top:-28px;}\r\n\t.Date_Events_sep_arc{padding-top:20px}\r\n\t.Cat_Events_arc{color:#e3c022;text-transform:uppercase;font-weight:300;letter-spacing:5px;font-size:8px;}\r\n\t@media screen and (max-width:900px){.Cat_Events_arc{float:left;height:20px;width:100%;margin:0 10px;}}\r\n\t.Cat_Events_arc{float:left;height:20px;width:60%;line-height:1.5;margin-top:7px;}\r\n\t@media screen and (max-width:900px){.Cat_Events_arc{float:left;text-align:center;height:20px;width:100%;margin:10px 0 auto;}}\r\n\t@media screen and (max-width:900px){.Cat_Events_arc_cont{margin:0 10px;width:90%;}}\r\n\t.Titre_Events_arc a{float:left;height:50px;width:60%;font-weight:100;font-size:17px;line-height:1.2;color:#fff;text-rendering:auto;margin-top:-10px;}\r\n\t@media screen and (max-width:900px){.Titre_Events_arc a{height:30px;margin:10px 0 auto;width:100%;line-break:auto;}}\r\n\t@media screen and (max-width:900px){.Titre_Events_arc_cont{margin:0 5%;width:90%;}}\r\n\t.Image_Events_arc{float:left;width:20%;overflow:hidden;position:relative;max-height:70px;margin-top:-27px;}\r\n\t@media screen and (max-width:900px){.Image_Events_arc{float:left;max-height:150px;width:100%;margin-top:10px;}}\r\n\t.Date_Events_all_arc,.Cat_Events_arc,.Titre_Events_arc a{display:flex;justify-content:center;align-items:center;}\r\n\t.desk{display:flex;}.mob{display:none;}\r\n\t@media screen and (max-width:900px){.desk{display:none;}.mob{display:flex;}}\r\n<\/style>\r\n\r\n<div class=\"Extrait_Events_arc\">\r\n\t<div class=\"Extrait_Events_Container_arc\">\r\n\t\t4505\r\n\t\t<div class=\"Cat_Events_arc\"><div class=\"Cat_Events_arc_cont\">ANIMATION<\/div><\/div>\r\n\t\t<div class=\"Titre_Events_arc\"><div class=\"Titre_Events_arc_cont\"><a href=\"https:\/\/chateau-de-valangin.ch\/de\/kalender\/lettres-de-julie-une-balade\/\">Lettres de Julie, une balade<\/a><\/div><\/div>\t\t\r\n\t\t<div class=\"Image_Events_arc\"><a href=\"https:\/\/chateau-de-valangin.ch\/de\/kalender\/lettres-de-julie-une-balade\/\"><span class=\"desk\"><img loading=\"lazy\" decoding=\"async\" width=\"300\" height=\"225\" src=\"https:\/\/chateau-de-valangin.ch\/NEWSITE\/wp-content\/uploads\/2024\/07\/2015-05-07-08.34.46-300x225.jpg\" class=\"attachment-medium size-medium\" alt=\"chemin de valangin \u00e0 la borcarderie\" srcset=\"https:\/\/chateau-de-valangin.ch\/NEWSITE\/wp-content\/uploads\/2024\/07\/2015-05-07-08.34.46-300x225.jpg 300w, https:\/\/chateau-de-valangin.ch\/NEWSITE\/wp-content\/uploads\/2024\/07\/2015-05-07-08.34.46-100x75.jpg 100w, https:\/\/chateau-de-valangin.ch\/NEWSITE\/wp-content\/uploads\/2024\/07\/2015-05-07-08.34.46-480x360.jpg 480w, https:\/\/chateau-de-valangin.ch\/NEWSITE\/wp-content\/uploads\/2024\/07\/2015-05-07-08.34.46.jpg 640w\" sizes=\"auto, (max-width:767px) 300px, 300px\" \/><\/span><span class=\"mob\"><img loading=\"lazy\" decoding=\"async\" width=\"640\" height=\"480\" src=\"https:\/\/chateau-de-valangin.ch\/NEWSITE\/wp-content\/uploads\/2024\/07\/2015-05-07-08.34.46.jpg\" class=\"attachment-large size-large\" alt=\"chemin de valangin \u00e0 la borcarderie\" srcset=\"https:\/\/chateau-de-valangin.ch\/NEWSITE\/wp-content\/uploads\/2024\/07\/2015-05-07-08.34.46.jpg 640w, https:\/\/chateau-de-valangin.ch\/NEWSITE\/wp-content\/uploads\/2024\/07\/2015-05-07-08.34.46-300x225.jpg 300w, https:\/\/chateau-de-valangin.ch\/NEWSITE\/wp-content\/uploads\/2024\/07\/2015-05-07-08.34.46-100x75.jpg 100w, https:\/\/chateau-de-valangin.ch\/NEWSITE\/wp-content\/uploads\/2024\/07\/2015-05-07-08.34.46-480x360.jpg 480w\" sizes=\"auto, (max-width:767px) 480px, 640px\" \/><\/span><\/a><\/div>\r\n\t<\/div>\r\n<\/div><style>\r\n\t.Extrait_Events_arc{float:left;height:70px;width:100%;background-color:#590630;color:#FFF;margin-top:0px;border-radius:0px;}\r\n\t@media screen and (max-width:900px){.Extrait_Events_arc{height:210px;margin-top:30px;}}\r\n\t.Extrait_Events_Container_arc{height:70px;background-color:#590630;margin:0 auto;text-align:center;}\r\n\t@media screen and (max-width:900px){.Extrait_Events_Container_arc{height:180px;width:100%;}}\r\n\t.Extrait_Events_arc a:hover{text-decoration:none;}\r\n\t.Date_Events_all_arc{float:left;width:20%;height:70px;margin-bottom:10px;}\r\n\t@media screen and (max-width:900px){.Date_Events_all_arc{float:left;width:100%;height:70px;margin-bottom:10px;}}\r\n\t.Date_Events_1_arc{float:left;width:45%;text-align:center;margin-top:5px;}\r\n\t.Date_Events_1_2_arc{float:left;width:32%;text-align:center;margin-top:5px;}\r\n\t.Date_Events_sep_arc{float:left;text-align:center;width:10%;margin-top:-15px;}\r\n\t.Date_Events_2_arc{float:left;width:45%;text-align:center;margin-top:5px;}\r\n\t.timecss_d_arc {font-size:20px;font-weight:500;margin:0;}\r\n\t.timecss_f_arc {font-size:10px;text-transform:uppercase;margin-top:-5px;}\r\n\t.timecss_y_arc {font-size:11px;margin-top:-28px;}\r\n\t.Date_Events_sep_arc{padding-top:20px}\r\n\t.Cat_Events_arc{color:#e3c022;text-transform:uppercase;font-weight:300;letter-spacing:5px;font-size:8px;}\r\n\t@media screen and (max-width:900px){.Cat_Events_arc{float:left;height:20px;width:100%;margin:0 10px;}}\r\n\t.Cat_Events_arc{float:left;height:20px;width:60%;line-height:1.5;margin-top:7px;}\r\n\t@media screen and (max-width:900px){.Cat_Events_arc{float:left;text-align:center;height:20px;width:100%;margin:10px 0 auto;}}\r\n\t@media screen and (max-width:900px){.Cat_Events_arc_cont{margin:0 10px;width:90%;}}\r\n\t.Titre_Events_arc a{float:left;height:50px;width:60%;font-weight:100;font-size:17px;line-height:1.2;color:#fff;text-rendering:auto;margin-top:-10px;}\r\n\t@media screen and (max-width:900px){.Titre_Events_arc a{height:30px;margin:10px 0 auto;width:100%;line-break:auto;}}\r\n\t@media screen and (max-width:900px){.Titre_Events_arc_cont{margin:0 5%;width:90%;}}\r\n\t.Image_Events_arc{float:left;width:20%;overflow:hidden;position:relative;max-height:70px;margin-top:-27px;}\r\n\t@media screen and (max-width:900px){.Image_Events_arc{float:left;max-height:150px;width:100%;margin-top:10px;}}\r\n\t.Date_Events_all_arc,.Cat_Events_arc,.Titre_Events_arc a{display:flex;justify-content:center;align-items:center;}\r\n\t.desk{display:flex;}.mob{display:none;}\r\n\t@media screen and (max-width:900px){.desk{display:none;}.mob{display:flex;}}\r\n<\/style>\r\n\r\n<div class=\"Extrait_Events_arc\">\r\n\t<div class=\"Extrait_Events_Container_arc\">\r\n\t\t4463\r\n\t\t<div class=\"Cat_Events_arc\"><div class=\"Cat_Events_arc_cont\">ANIMATION<\/div><\/div>\r\n\t\t<div class=\"Titre_Events_arc\"><div class=\"Titre_Events_arc_cont\"><a href=\"https:\/\/chateau-de-valangin.ch\/de\/kalender\/sur-les-pas-de-catherine-de-watteville-5\/\">Sur les pas de Catherine de Watteville<\/a><\/div><\/div>\t\t\r\n\t\t<div class=\"Image_Events_arc\"><a href=\"https:\/\/chateau-de-valangin.ch\/de\/kalender\/sur-les-pas-de-catherine-de-watteville-5\/\"><span class=\"desk\"><img loading=\"lazy\" decoding=\"async\" width=\"300\" height=\"225\" src=\"https:\/\/chateau-de-valangin.ch\/NEWSITE\/wp-content\/uploads\/2024\/02\/catherine-de-watteville-1-300x225.jpg\" class=\"attachment-medium size-medium\" alt=\"\" srcset=\"https:\/\/chateau-de-valangin.ch\/NEWSITE\/wp-content\/uploads\/2024\/02\/catherine-de-watteville-1-300x225.jpg 300w, https:\/\/chateau-de-valangin.ch\/NEWSITE\/wp-content\/uploads\/2024\/02\/catherine-de-watteville-1-1024x768.jpg 1024w, https:\/\/chateau-de-valangin.ch\/NEWSITE\/wp-content\/uploads\/2024\/02\/catherine-de-watteville-1-768x576.jpg 768w, https:\/\/chateau-de-valangin.ch\/NEWSITE\/wp-content\/uploads\/2024\/02\/catherine-de-watteville-1-1536x1152.jpg 1536w, https:\/\/chateau-de-valangin.ch\/NEWSITE\/wp-content\/uploads\/2024\/02\/catherine-de-watteville-1-2048x1536.jpg 2048w, https:\/\/chateau-de-valangin.ch\/NEWSITE\/wp-content\/uploads\/2024\/02\/catherine-de-watteville-1-100x75.jpg 100w, https:\/\/chateau-de-valangin.ch\/NEWSITE\/wp-content\/uploads\/2024\/02\/catherine-de-watteville-1-960x720.jpg 960w, https:\/\/chateau-de-valangin.ch\/NEWSITE\/wp-content\/uploads\/2024\/02\/catherine-de-watteville-1-480x360.jpg 480w, https:\/\/chateau-de-valangin.ch\/NEWSITE\/wp-content\/uploads\/2024\/02\/catherine-de-watteville-1-1320x990.jpg 1320w\" sizes=\"auto, (max-width:767px) 300px, 300px\" \/><\/span><span class=\"mob\"><img loading=\"lazy\" decoding=\"async\" width=\"1024\" height=\"768\" src=\"https:\/\/chateau-de-valangin.ch\/NEWSITE\/wp-content\/uploads\/2024\/02\/catherine-de-watteville-1-1024x768.jpg\" class=\"attachment-large size-large\" alt=\"\" srcset=\"https:\/\/chateau-de-valangin.ch\/NEWSITE\/wp-content\/uploads\/2024\/02\/catherine-de-watteville-1-1024x768.jpg 1024w, https:\/\/chateau-de-valangin.ch\/NEWSITE\/wp-content\/uploads\/2024\/02\/catherine-de-watteville-1-300x225.jpg 300w, https:\/\/chateau-de-valangin.ch\/NEWSITE\/wp-content\/uploads\/2024\/02\/catherine-de-watteville-1-768x576.jpg 768w, https:\/\/chateau-de-valangin.ch\/NEWSITE\/wp-content\/uploads\/2024\/02\/catherine-de-watteville-1-1536x1152.jpg 1536w, https:\/\/chateau-de-valangin.ch\/NEWSITE\/wp-content\/uploads\/2024\/02\/catherine-de-watteville-1-2048x1536.jpg 2048w, https:\/\/chateau-de-valangin.ch\/NEWSITE\/wp-content\/uploads\/2024\/02\/catherine-de-watteville-1-100x75.jpg 100w, https:\/\/chateau-de-valangin.ch\/NEWSITE\/wp-content\/uploads\/2024\/02\/catherine-de-watteville-1-960x720.jpg 960w, https:\/\/chateau-de-valangin.ch\/NEWSITE\/wp-content\/uploads\/2024\/02\/catherine-de-watteville-1-480x360.jpg 480w, https:\/\/chateau-de-valangin.ch\/NEWSITE\/wp-content\/uploads\/2024\/02\/catherine-de-watteville-1-1320x990.jpg 1320w\" sizes=\"auto, (max-width:767px) 480px, (max-width:1024px) 100vw, 1024px\" \/><\/span><\/a><\/div>\r\n\t<\/div>\r\n<\/div><style>\r\n\t.Extrait_Events_arc{float:left;height:70px;width:100%;background-color:#590630;color:#FFF;margin-top:0px;border-radius:0px;}\r\n\t@media screen and (max-width:900px){.Extrait_Events_arc{height:210px;margin-top:30px;}}\r\n\t.Extrait_Events_Container_arc{height:70px;background-color:#590630;margin:0 auto;text-align:center;}\r\n\t@media screen and (max-width:900px){.Extrait_Events_Container_arc{height:180px;width:100%;}}\r\n\t.Extrait_Events_arc a:hover{text-decoration:none;}\r\n\t.Date_Events_all_arc{float:left;width:20%;height:70px;margin-bottom:10px;}\r\n\t@media screen and (max-width:900px){.Date_Events_all_arc{float:left;width:100%;height:70px;margin-bottom:10px;}}\r\n\t.Date_Events_1_arc{float:left;width:45%;text-align:center;margin-top:5px;}\r\n\t.Date_Events_1_2_arc{float:left;width:32%;text-align:center;margin-top:5px;}\r\n\t.Date_Events_sep_arc{float:left;text-align:center;width:10%;margin-top:-15px;}\r\n\t.Date_Events_2_arc{float:left;width:45%;text-align:center;margin-top:5px;}\r\n\t.timecss_d_arc {font-size:20px;font-weight:500;margin:0;}\r\n\t.timecss_f_arc {font-size:10px;text-transform:uppercase;margin-top:-5px;}\r\n\t.timecss_y_arc {font-size:11px;margin-top:-28px;}\r\n\t.Date_Events_sep_arc{padding-top:20px}\r\n\t.Cat_Events_arc{color:#e3c022;text-transform:uppercase;font-weight:300;letter-spacing:5px;font-size:8px;}\r\n\t@media screen and (max-width:900px){.Cat_Events_arc{float:left;height:20px;width:100%;margin:0 10px;}}\r\n\t.Cat_Events_arc{float:left;height:20px;width:60%;line-height:1.5;margin-top:7px;}\r\n\t@media screen and (max-width:900px){.Cat_Events_arc{float:left;text-align:center;height:20px;width:100%;margin:10px 0 auto;}}\r\n\t@media screen and (max-width:900px){.Cat_Events_arc_cont{margin:0 10px;width:90%;}}\r\n\t.Titre_Events_arc a{float:left;height:50px;width:60%;font-weight:100;font-size:17px;line-height:1.2;color:#fff;text-rendering:auto;margin-top:-10px;}\r\n\t@media screen and (max-width:900px){.Titre_Events_arc a{height:30px;margin:10px 0 auto;width:100%;line-break:auto;}}\r\n\t@media screen and (max-width:900px){.Titre_Events_arc_cont{margin:0 5%;width:90%;}}\r\n\t.Image_Events_arc{float:left;width:20%;overflow:hidden;position:relative;max-height:70px;margin-top:-27px;}\r\n\t@media screen and (max-width:900px){.Image_Events_arc{float:left;max-height:150px;width:100%;margin-top:10px;}}\r\n\t.Date_Events_all_arc,.Cat_Events_arc,.Titre_Events_arc a{display:flex;justify-content:center;align-items:center;}\r\n\t.desk{display:flex;}.mob{display:none;}\r\n\t@media screen and (max-width:900px){.desk{display:none;}.mob{display:flex;}}\r\n<\/style>\r\n\r\n<div class=\"Extrait_Events_arc\">\r\n\t<div class=\"Extrait_Events_Container_arc\">\r\n\t\t4462\r\n\t\t<div class=\"Cat_Events_arc\"><div class=\"Cat_Events_arc_cont\">ANIMATION<\/div><\/div>\r\n\t\t<div class=\"Titre_Events_arc\"><div class=\"Titre_Events_arc_cont\"><a href=\"https:\/\/chateau-de-valangin.ch\/de\/kalender\/le-testament-perdu-2\/\">Le testament perdu<\/a><\/div><\/div>\t\t\r\n\t\t<div class=\"Image_Events_arc\"><a href=\"https:\/\/chateau-de-valangin.ch\/de\/kalender\/le-testament-perdu-2\/\"><span class=\"desk\"><img loading=\"lazy\" decoding=\"async\" width=\"300\" height=\"225\" src=\"https:\/\/chateau-de-valangin.ch\/NEWSITE\/wp-content\/uploads\/2024\/02\/testament-gdv-c-300x225.jpg\" class=\"attachment-medium size-medium\" alt=\"\" srcset=\"https:\/\/chateau-de-valangin.ch\/NEWSITE\/wp-content\/uploads\/2024\/02\/testament-gdv-c-300x225.jpg 300w, https:\/\/chateau-de-valangin.ch\/NEWSITE\/wp-content\/uploads\/2024\/02\/testament-gdv-c-1024x768.jpg 1024w, https:\/\/chateau-de-valangin.ch\/NEWSITE\/wp-content\/uploads\/2024\/02\/testament-gdv-c-768x576.jpg 768w, https:\/\/chateau-de-valangin.ch\/NEWSITE\/wp-content\/uploads\/2024\/02\/testament-gdv-c-1536x1152.jpg 1536w, https:\/\/chateau-de-valangin.ch\/NEWSITE\/wp-content\/uploads\/2024\/02\/testament-gdv-c-2048x1536.jpg 2048w, https:\/\/chateau-de-valangin.ch\/NEWSITE\/wp-content\/uploads\/2024\/02\/testament-gdv-c-100x75.jpg 100w, https:\/\/chateau-de-valangin.ch\/NEWSITE\/wp-content\/uploads\/2024\/02\/testament-gdv-c-960x720.jpg 960w, https:\/\/chateau-de-valangin.ch\/NEWSITE\/wp-content\/uploads\/2024\/02\/testament-gdv-c-480x360.jpg 480w, https:\/\/chateau-de-valangin.ch\/NEWSITE\/wp-content\/uploads\/2024\/02\/testament-gdv-c-1320x990.jpg 1320w\" sizes=\"auto, (max-width:767px) 300px, 300px\" \/><\/span><span class=\"mob\"><img loading=\"lazy\" decoding=\"async\" width=\"1024\" height=\"768\" src=\"https:\/\/chateau-de-valangin.ch\/NEWSITE\/wp-content\/uploads\/2024\/02\/testament-gdv-c-1024x768.jpg\" class=\"attachment-large size-large\" alt=\"\" srcset=\"https:\/\/chateau-de-valangin.ch\/NEWSITE\/wp-content\/uploads\/2024\/02\/testament-gdv-c-1024x768.jpg 1024w, https:\/\/chateau-de-valangin.ch\/NEWSITE\/wp-content\/uploads\/2024\/02\/testament-gdv-c-300x225.jpg 300w, https:\/\/chateau-de-valangin.ch\/NEWSITE\/wp-content\/uploads\/2024\/02\/testament-gdv-c-768x576.jpg 768w, https:\/\/chateau-de-valangin.ch\/NEWSITE\/wp-content\/uploads\/2024\/02\/testament-gdv-c-1536x1152.jpg 1536w, https:\/\/chateau-de-valangin.ch\/NEWSITE\/wp-content\/uploads\/2024\/02\/testament-gdv-c-2048x1536.jpg 2048w, https:\/\/chateau-de-valangin.ch\/NEWSITE\/wp-content\/uploads\/2024\/02\/testament-gdv-c-100x75.jpg 100w, https:\/\/chateau-de-valangin.ch\/NEWSITE\/wp-content\/uploads\/2024\/02\/testament-gdv-c-960x720.jpg 960w, https:\/\/chateau-de-valangin.ch\/NEWSITE\/wp-content\/uploads\/2024\/02\/testament-gdv-c-480x360.jpg 480w, https:\/\/chateau-de-valangin.ch\/NEWSITE\/wp-content\/uploads\/2024\/02\/testament-gdv-c-1320x990.jpg 1320w\" sizes=\"auto, (max-width:767px) 480px, (max-width:1024px) 100vw, 1024px\" \/><\/span><\/a><\/div>\r\n\t<\/div>\r\n<\/div><style>\r\n\t.Extrait_Events_arc{float:left;height:70px;width:100%;background-color:#590630;color:#FFF;margin-top:0px;border-radius:0px;}\r\n\t@media screen and (max-width:900px){.Extrait_Events_arc{height:210px;margin-top:30px;}}\r\n\t.Extrait_Events_Container_arc{height:70px;background-color:#590630;margin:0 auto;text-align:center;}\r\n\t@media screen and (max-width:900px){.Extrait_Events_Container_arc{height:180px;width:100%;}}\r\n\t.Extrait_Events_arc a:hover{text-decoration:none;}\r\n\t.Date_Events_all_arc{float:left;width:20%;height:70px;margin-bottom:10px;}\r\n\t@media screen and (max-width:900px){.Date_Events_all_arc{float:left;width:100%;height:70px;margin-bottom:10px;}}\r\n\t.Date_Events_1_arc{float:left;width:45%;text-align:center;margin-top:5px;}\r\n\t.Date_Events_1_2_arc{float:left;width:32%;text-align:center;margin-top:5px;}\r\n\t.Date_Events_sep_arc{float:left;text-align:center;width:10%;margin-top:-15px;}\r\n\t.Date_Events_2_arc{float:left;width:45%;text-align:center;margin-top:5px;}\r\n\t.timecss_d_arc {font-size:20px;font-weight:500;margin:0;}\r\n\t.timecss_f_arc {font-size:10px;text-transform:uppercase;margin-top:-5px;}\r\n\t.timecss_y_arc {font-size:11px;margin-top:-28px;}\r\n\t.Date_Events_sep_arc{padding-top:20px}\r\n\t.Cat_Events_arc{color:#e3c022;text-transform:uppercase;font-weight:300;letter-spacing:5px;font-size:8px;}\r\n\t@media screen and (max-width:900px){.Cat_Events_arc{float:left;height:20px;width:100%;margin:0 10px;}}\r\n\t.Cat_Events_arc{float:left;height:20px;width:60%;line-height:1.5;margin-top:7px;}\r\n\t@media screen and (max-width:900px){.Cat_Events_arc{float:left;text-align:center;height:20px;width:100%;margin:10px 0 auto;}}\r\n\t@media screen and (max-width:900px){.Cat_Events_arc_cont{margin:0 10px;width:90%;}}\r\n\t.Titre_Events_arc a{float:left;height:50px;width:60%;font-weight:100;font-size:17px;line-height:1.2;color:#fff;text-rendering:auto;margin-top:-10px;}\r\n\t@media screen and (max-width:900px){.Titre_Events_arc a{height:30px;margin:10px 0 auto;width:100%;line-break:auto;}}\r\n\t@media screen and (max-width:900px){.Titre_Events_arc_cont{margin:0 5%;width:90%;}}\r\n\t.Image_Events_arc{float:left;width:20%;overflow:hidden;position:relative;max-height:70px;margin-top:-27px;}\r\n\t@media screen and (max-width:900px){.Image_Events_arc{float:left;max-height:150px;width:100%;margin-top:10px;}}\r\n\t.Date_Events_all_arc,.Cat_Events_arc,.Titre_Events_arc a{display:flex;justify-content:center;align-items:center;}\r\n\t.desk{display:flex;}.mob{display:none;}\r\n\t@media screen and (max-width:900px){.desk{display:none;}.mob{display:flex;}}\r\n<\/style>\r\n\r\n<div class=\"Extrait_Events_arc\">\r\n\t<div class=\"Extrait_Events_Container_arc\">\r\n\t\t4262\r\n\t\t<div class=\"Cat_Events_arc\"><div class=\"Cat_Events_arc_cont\">ANIMATION<\/div><\/div>\r\n\t\t<div class=\"Titre_Events_arc\"><div class=\"Titre_Events_arc_cont\"><a href=\"https:\/\/chateau-de-valangin.ch\/de\/kalender\/demonstration-de-dentellieres-2023-2-2-2-2-2-2-2-3-2-2-2-2\/\">Kl\u00f6pplerinnen zeigen ihre Kunst<\/a><\/div><\/div>\t\t\r\n\t\t<div class=\"Image_Events_arc\"><a href=\"https:\/\/chateau-de-valangin.ch\/de\/kalender\/demonstration-de-dentellieres-2023-2-2-2-2-2-2-2-3-2-2-2-2\/\"><span class=\"desk\"><img loading=\"lazy\" decoding=\"async\" width=\"300\" height=\"225\" src=\"https:\/\/chateau-de-valangin.ch\/NEWSITE\/wp-content\/uploads\/2021\/08\/img_9200-300x225.jpg\" class=\"attachment-medium size-medium\" alt=\"dentelles historiques du ch\u00e2teau et mus\u00e9e de valangin\" srcset=\"https:\/\/chateau-de-valangin.ch\/NEWSITE\/wp-content\/uploads\/2021\/08\/img_9200-300x225.jpg 300w, https:\/\/chateau-de-valangin.ch\/NEWSITE\/wp-content\/uploads\/2021\/08\/img_9200-1024x768.jpg 1024w, https:\/\/chateau-de-valangin.ch\/NEWSITE\/wp-content\/uploads\/2021\/08\/img_9200-768x576.jpg 768w, https:\/\/chateau-de-valangin.ch\/NEWSITE\/wp-content\/uploads\/2021\/08\/img_9200-1536x1152.jpg 1536w, https:\/\/chateau-de-valangin.ch\/NEWSITE\/wp-content\/uploads\/2021\/08\/img_9200-2048x1536.jpg 2048w, https:\/\/chateau-de-valangin.ch\/NEWSITE\/wp-content\/uploads\/2021\/08\/img_9200-195x146.jpg 195w, https:\/\/chateau-de-valangin.ch\/NEWSITE\/wp-content\/uploads\/2021\/08\/img_9200-50x38.jpg 50w, https:\/\/chateau-de-valangin.ch\/NEWSITE\/wp-content\/uploads\/2021\/08\/img_9200-100x75.jpg 100w, https:\/\/chateau-de-valangin.ch\/NEWSITE\/wp-content\/uploads\/2021\/08\/img_9200-960x720.jpg 960w, https:\/\/chateau-de-valangin.ch\/NEWSITE\/wp-content\/uploads\/2021\/08\/img_9200-1320x990.jpg 1320w\" sizes=\"auto, (max-width:767px) 300px, 300px\" \/><\/span><span class=\"mob\"><img loading=\"lazy\" decoding=\"async\" width=\"1024\" height=\"768\" src=\"https:\/\/chateau-de-valangin.ch\/NEWSITE\/wp-content\/uploads\/2021\/08\/img_9200-1024x768.jpg\" class=\"attachment-large size-large\" alt=\"dentelles historiques du ch\u00e2teau et mus\u00e9e de valangin\" srcset=\"https:\/\/chateau-de-valangin.ch\/NEWSITE\/wp-content\/uploads\/2021\/08\/img_9200-1024x768.jpg 1024w, https:\/\/chateau-de-valangin.ch\/NEWSITE\/wp-content\/uploads\/2021\/08\/img_9200-300x225.jpg 300w, https:\/\/chateau-de-valangin.ch\/NEWSITE\/wp-content\/uploads\/2021\/08\/img_9200-768x576.jpg 768w, https:\/\/chateau-de-valangin.ch\/NEWSITE\/wp-content\/uploads\/2021\/08\/img_9200-1536x1152.jpg 1536w, https:\/\/chateau-de-valangin.ch\/NEWSITE\/wp-content\/uploads\/2021\/08\/img_9200-2048x1536.jpg 2048w, https:\/\/chateau-de-valangin.ch\/NEWSITE\/wp-content\/uploads\/2021\/08\/img_9200-195x146.jpg 195w, https:\/\/chateau-de-valangin.ch\/NEWSITE\/wp-content\/uploads\/2021\/08\/img_9200-50x38.jpg 50w, https:\/\/chateau-de-valangin.ch\/NEWSITE\/wp-content\/uploads\/2021\/08\/img_9200-100x75.jpg 100w, https:\/\/chateau-de-valangin.ch\/NEWSITE\/wp-content\/uploads\/2021\/08\/img_9200-960x720.jpg 960w, https:\/\/chateau-de-valangin.ch\/NEWSITE\/wp-content\/uploads\/2021\/08\/img_9200-1320x990.jpg 1320w\" sizes=\"auto, (max-width:767px) 480px, (max-width:1024px) 100vw, 1024px\" \/><\/span><\/a><\/div>\r\n\t<\/div>\r\n<\/div><style>\r\n\t.Extrait_Events_arc{float:left;height:70px;width:100%;background-color:#590630;color:#FFF;margin-top:0px;border-radius:0px;}\r\n\t@media screen and (max-width:900px){.Extrait_Events_arc{height:210px;margin-top:30px;}}\r\n\t.Extrait_Events_Container_arc{height:70px;background-color:#590630;margin:0 auto;text-align:center;}\r\n\t@media screen and (max-width:900px){.Extrait_Events_Container_arc{height:180px;width:100%;}}\r\n\t.Extrait_Events_arc a:hover{text-decoration:none;}\r\n\t.Date_Events_all_arc{float:left;width:20%;height:70px;margin-bottom:10px;}\r\n\t@media screen and (max-width:900px){.Date_Events_all_arc{float:left;width:100%;height:70px;margin-bottom:10px;}}\r\n\t.Date_Events_1_arc{float:left;width:45%;text-align:center;margin-top:5px;}\r\n\t.Date_Events_1_2_arc{float:left;width:32%;text-align:center;margin-top:5px;}\r\n\t.Date_Events_sep_arc{float:left;text-align:center;width:10%;margin-top:-15px;}\r\n\t.Date_Events_2_arc{float:left;width:45%;text-align:center;margin-top:5px;}\r\n\t.timecss_d_arc {font-size:20px;font-weight:500;margin:0;}\r\n\t.timecss_f_arc {font-size:10px;text-transform:uppercase;margin-top:-5px;}\r\n\t.timecss_y_arc {font-size:11px;margin-top:-28px;}\r\n\t.Date_Events_sep_arc{padding-top:20px}\r\n\t.Cat_Events_arc{color:#e3c022;text-transform:uppercase;font-weight:300;letter-spacing:5px;font-size:8px;}\r\n\t@media screen and (max-width:900px){.Cat_Events_arc{float:left;height:20px;width:100%;margin:0 10px;}}\r\n\t.Cat_Events_arc{float:left;height:20px;width:60%;line-height:1.5;margin-top:7px;}\r\n\t@media screen and (max-width:900px){.Cat_Events_arc{float:left;text-align:center;height:20px;width:100%;margin:10px 0 auto;}}\r\n\t@media screen and (max-width:900px){.Cat_Events_arc_cont{margin:0 10px;width:90%;}}\r\n\t.Titre_Events_arc a{float:left;height:50px;width:60%;font-weight:100;font-size:17px;line-height:1.2;color:#fff;text-rendering:auto;margin-top:-10px;}\r\n\t@media screen and (max-width:900px){.Titre_Events_arc a{height:30px;margin:10px 0 auto;width:100%;line-break:auto;}}\r\n\t@media screen and (max-width:900px){.Titre_Events_arc_cont{margin:0 5%;width:90%;}}\r\n\t.Image_Events_arc{float:left;width:20%;overflow:hidden;position:relative;max-height:70px;margin-top:-27px;}\r\n\t@media screen and (max-width:900px){.Image_Events_arc{float:left;max-height:150px;width:100%;margin-top:10px;}}\r\n\t.Date_Events_all_arc,.Cat_Events_arc,.Titre_Events_arc a{display:flex;justify-content:center;align-items:center;}\r\n\t.desk{display:flex;}.mob{display:none;}\r\n\t@media screen and (max-width:900px){.desk{display:none;}.mob{display:flex;}}\r\n<\/style>\r\n\r\n<div class=\"Extrait_Events_arc\">\r\n\t<div class=\"Extrait_Events_Container_arc\">\r\n\t\t4461\r\n\t\t<div class=\"Cat_Events_arc\"><div class=\"Cat_Events_arc_cont\">ANIMATION<\/div><\/div>\r\n\t\t<div class=\"Titre_Events_arc\"><div class=\"Titre_Events_arc_cont\"><a href=\"https:\/\/chateau-de-valangin.ch\/de\/kalender\/sur-les-pas-de-catherine-de-watteville-4\/\">Sur les pas de Catherine de Watteville<\/a><\/div><\/div>\t\t\r\n\t\t<div class=\"Image_Events_arc\"><a href=\"https:\/\/chateau-de-valangin.ch\/de\/kalender\/sur-les-pas-de-catherine-de-watteville-4\/\"><span class=\"desk\"><img loading=\"lazy\" decoding=\"async\" width=\"300\" height=\"225\" src=\"https:\/\/chateau-de-valangin.ch\/NEWSITE\/wp-content\/uploads\/2024\/02\/catherine-de-watteville-1-300x225.jpg\" class=\"attachment-medium size-medium\" alt=\"\" srcset=\"https:\/\/chateau-de-valangin.ch\/NEWSITE\/wp-content\/uploads\/2024\/02\/catherine-de-watteville-1-300x225.jpg 300w, https:\/\/chateau-de-valangin.ch\/NEWSITE\/wp-content\/uploads\/2024\/02\/catherine-de-watteville-1-1024x768.jpg 1024w, https:\/\/chateau-de-valangin.ch\/NEWSITE\/wp-content\/uploads\/2024\/02\/catherine-de-watteville-1-768x576.jpg 768w, https:\/\/chateau-de-valangin.ch\/NEWSITE\/wp-content\/uploads\/2024\/02\/catherine-de-watteville-1-1536x1152.jpg 1536w, https:\/\/chateau-de-valangin.ch\/NEWSITE\/wp-content\/uploads\/2024\/02\/catherine-de-watteville-1-2048x1536.jpg 2048w, https:\/\/chateau-de-valangin.ch\/NEWSITE\/wp-content\/uploads\/2024\/02\/catherine-de-watteville-1-100x75.jpg 100w, https:\/\/chateau-de-valangin.ch\/NEWSITE\/wp-content\/uploads\/2024\/02\/catherine-de-watteville-1-960x720.jpg 960w, https:\/\/chateau-de-valangin.ch\/NEWSITE\/wp-content\/uploads\/2024\/02\/catherine-de-watteville-1-480x360.jpg 480w, https:\/\/chateau-de-valangin.ch\/NEWSITE\/wp-content\/uploads\/2024\/02\/catherine-de-watteville-1-1320x990.jpg 1320w\" sizes=\"auto, (max-width:767px) 300px, 300px\" \/><\/span><span class=\"mob\"><img loading=\"lazy\" decoding=\"async\" width=\"1024\" height=\"768\" src=\"https:\/\/chateau-de-valangin.ch\/NEWSITE\/wp-content\/uploads\/2024\/02\/catherine-de-watteville-1-1024x768.jpg\" class=\"attachment-large size-large\" alt=\"\" srcset=\"https:\/\/chateau-de-valangin.ch\/NEWSITE\/wp-content\/uploads\/2024\/02\/catherine-de-watteville-1-1024x768.jpg 1024w, https:\/\/chateau-de-valangin.ch\/NEWSITE\/wp-content\/uploads\/2024\/02\/catherine-de-watteville-1-300x225.jpg 300w, https:\/\/chateau-de-valangin.ch\/NEWSITE\/wp-content\/uploads\/2024\/02\/catherine-de-watteville-1-768x576.jpg 768w, https:\/\/chateau-de-valangin.ch\/NEWSITE\/wp-content\/uploads\/2024\/02\/catherine-de-watteville-1-1536x1152.jpg 1536w, https:\/\/chateau-de-valangin.ch\/NEWSITE\/wp-content\/uploads\/2024\/02\/catherine-de-watteville-1-2048x1536.jpg 2048w, https:\/\/chateau-de-valangin.ch\/NEWSITE\/wp-content\/uploads\/2024\/02\/catherine-de-watteville-1-100x75.jpg 100w, https:\/\/chateau-de-valangin.ch\/NEWSITE\/wp-content\/uploads\/2024\/02\/catherine-de-watteville-1-960x720.jpg 960w, https:\/\/chateau-de-valangin.ch\/NEWSITE\/wp-content\/uploads\/2024\/02\/catherine-de-watteville-1-480x360.jpg 480w, https:\/\/chateau-de-valangin.ch\/NEWSITE\/wp-content\/uploads\/2024\/02\/catherine-de-watteville-1-1320x990.jpg 1320w\" sizes=\"auto, (max-width:767px) 480px, (max-width:1024px) 100vw, 1024px\" \/><\/span><\/a><\/div>\r\n\t<\/div>\r\n<\/div><style>\r\n\t.Extrait_Events_arc{float:left;height:70px;width:100%;background-color:#590630;color:#FFF;margin-top:0px;border-radius:0px;}\r\n\t@media screen and (max-width:900px){.Extrait_Events_arc{height:210px;margin-top:30px;}}\r\n\t.Extrait_Events_Container_arc{height:70px;background-color:#590630;margin:0 auto;text-align:center;}\r\n\t@media screen and (max-width:900px){.Extrait_Events_Container_arc{height:180px;width:100%;}}\r\n\t.Extrait_Events_arc a:hover{text-decoration:none;}\r\n\t.Date_Events_all_arc{float:left;width:20%;height:70px;margin-bottom:10px;}\r\n\t@media screen and (max-width:900px){.Date_Events_all_arc{float:left;width:100%;height:70px;margin-bottom:10px;}}\r\n\t.Date_Events_1_arc{float:left;width:45%;text-align:center;margin-top:5px;}\r\n\t.Date_Events_1_2_arc{float:left;width:32%;text-align:center;margin-top:5px;}\r\n\t.Date_Events_sep_arc{float:left;text-align:center;width:10%;margin-top:-15px;}\r\n\t.Date_Events_2_arc{float:left;width:45%;text-align:center;margin-top:5px;}\r\n\t.timecss_d_arc {font-size:20px;font-weight:500;margin:0;}\r\n\t.timecss_f_arc {font-size:10px;text-transform:uppercase;margin-top:-5px;}\r\n\t.timecss_y_arc {font-size:11px;margin-top:-28px;}\r\n\t.Date_Events_sep_arc{padding-top:20px}\r\n\t.Cat_Events_arc{color:#e3c022;text-transform:uppercase;font-weight:300;letter-spacing:5px;font-size:8px;}\r\n\t@media screen and (max-width:900px){.Cat_Events_arc{float:left;height:20px;width:100%;margin:0 10px;}}\r\n\t.Cat_Events_arc{float:left;height:20px;width:60%;line-height:1.5;margin-top:7px;}\r\n\t@media screen and (max-width:900px){.Cat_Events_arc{float:left;text-align:center;height:20px;width:100%;margin:10px 0 auto;}}\r\n\t@media screen and (max-width:900px){.Cat_Events_arc_cont{margin:0 10px;width:90%;}}\r\n\t.Titre_Events_arc a{float:left;height:50px;width:60%;font-weight:100;font-size:17px;line-height:1.2;color:#fff;text-rendering:auto;margin-top:-10px;}\r\n\t@media screen and (max-width:900px){.Titre_Events_arc a{height:30px;margin:10px 0 auto;width:100%;line-break:auto;}}\r\n\t@media screen and (max-width:900px){.Titre_Events_arc_cont{margin:0 5%;width:90%;}}\r\n\t.Image_Events_arc{float:left;width:20%;overflow:hidden;position:relative;max-height:70px;margin-top:-27px;}\r\n\t@media screen and (max-width:900px){.Image_Events_arc{float:left;max-height:150px;width:100%;margin-top:10px;}}\r\n\t.Date_Events_all_arc,.Cat_Events_arc,.Titre_Events_arc a{display:flex;justify-content:center;align-items:center;}\r\n\t.desk{display:flex;}.mob{display:none;}\r\n\t@media screen and (max-width:900px){.desk{display:none;}.mob{display:flex;}}\r\n<\/style>\r\n\r\n<div class=\"Extrait_Events_arc\">\r\n\t<div class=\"Extrait_Events_Container_arc\">\r\n\t\t4460\r\n\t\t<div class=\"Cat_Events_arc\"><div class=\"Cat_Events_arc_cont\">ANIMATION<\/div><\/div>\r\n\t\t<div class=\"Titre_Events_arc\"><div class=\"Titre_Events_arc_cont\"><a href=\"https:\/\/chateau-de-valangin.ch\/de\/kalender\/sur-les-pas-de-catherine-de-watteville-3\/\">Sur les pas de Catherine de Watteville<\/a><\/div><\/div>\t\t\r\n\t\t<div class=\"Image_Events_arc\"><a href=\"https:\/\/chateau-de-valangin.ch\/de\/kalender\/sur-les-pas-de-catherine-de-watteville-3\/\"><span class=\"desk\"><img loading=\"lazy\" decoding=\"async\" width=\"300\" height=\"225\" src=\"https:\/\/chateau-de-valangin.ch\/NEWSITE\/wp-content\/uploads\/2024\/02\/catherine-de-watteville-1-300x225.jpg\" class=\"attachment-medium size-medium\" alt=\"\" srcset=\"https:\/\/chateau-de-valangin.ch\/NEWSITE\/wp-content\/uploads\/2024\/02\/catherine-de-watteville-1-300x225.jpg 300w, https:\/\/chateau-de-valangin.ch\/NEWSITE\/wp-content\/uploads\/2024\/02\/catherine-de-watteville-1-1024x768.jpg 1024w, https:\/\/chateau-de-valangin.ch\/NEWSITE\/wp-content\/uploads\/2024\/02\/catherine-de-watteville-1-768x576.jpg 768w, https:\/\/chateau-de-valangin.ch\/NEWSITE\/wp-content\/uploads\/2024\/02\/catherine-de-watteville-1-1536x1152.jpg 1536w, https:\/\/chateau-de-valangin.ch\/NEWSITE\/wp-content\/uploads\/2024\/02\/catherine-de-watteville-1-2048x1536.jpg 2048w, https:\/\/chateau-de-valangin.ch\/NEWSITE\/wp-content\/uploads\/2024\/02\/catherine-de-watteville-1-100x75.jpg 100w, https:\/\/chateau-de-valangin.ch\/NEWSITE\/wp-content\/uploads\/2024\/02\/catherine-de-watteville-1-960x720.jpg 960w, https:\/\/chateau-de-valangin.ch\/NEWSITE\/wp-content\/uploads\/2024\/02\/catherine-de-watteville-1-480x360.jpg 480w, https:\/\/chateau-de-valangin.ch\/NEWSITE\/wp-content\/uploads\/2024\/02\/catherine-de-watteville-1-1320x990.jpg 1320w\" sizes=\"auto, (max-width:767px) 300px, 300px\" \/><\/span><span class=\"mob\"><img loading=\"lazy\" decoding=\"async\" width=\"1024\" height=\"768\" src=\"https:\/\/chateau-de-valangin.ch\/NEWSITE\/wp-content\/uploads\/2024\/02\/catherine-de-watteville-1-1024x768.jpg\" class=\"attachment-large size-large\" alt=\"\" srcset=\"https:\/\/chateau-de-valangin.ch\/NEWSITE\/wp-content\/uploads\/2024\/02\/catherine-de-watteville-1-1024x768.jpg 1024w, https:\/\/chateau-de-valangin.ch\/NEWSITE\/wp-content\/uploads\/2024\/02\/catherine-de-watteville-1-300x225.jpg 300w, https:\/\/chateau-de-valangin.ch\/NEWSITE\/wp-content\/uploads\/2024\/02\/catherine-de-watteville-1-768x576.jpg 768w, https:\/\/chateau-de-valangin.ch\/NEWSITE\/wp-content\/uploads\/2024\/02\/catherine-de-watteville-1-1536x1152.jpg 1536w, https:\/\/chateau-de-valangin.ch\/NEWSITE\/wp-content\/uploads\/2024\/02\/catherine-de-watteville-1-2048x1536.jpg 2048w, https:\/\/chateau-de-valangin.ch\/NEWSITE\/wp-content\/uploads\/2024\/02\/catherine-de-watteville-1-100x75.jpg 100w, https:\/\/chateau-de-valangin.ch\/NEWSITE\/wp-content\/uploads\/2024\/02\/catherine-de-watteville-1-960x720.jpg 960w, https:\/\/chateau-de-valangin.ch\/NEWSITE\/wp-content\/uploads\/2024\/02\/catherine-de-watteville-1-480x360.jpg 480w, https:\/\/chateau-de-valangin.ch\/NEWSITE\/wp-content\/uploads\/2024\/02\/catherine-de-watteville-1-1320x990.jpg 1320w\" sizes=\"auto, (max-width:767px) 480px, (max-width:1024px) 100vw, 1024px\" \/><\/span><\/a><\/div>\r\n\t<\/div>\r\n<\/div><style>\r\n\t.Extrait_Events_arc{float:left;height:70px;width:100%;background-color:#590630;color:#FFF;margin-top:0px;border-radius:0px;}\r\n\t@media screen and (max-width:900px){.Extrait_Events_arc{height:210px;margin-top:30px;}}\r\n\t.Extrait_Events_Container_arc{height:70px;background-color:#590630;margin:0 auto;text-align:center;}\r\n\t@media screen and (max-width:900px){.Extrait_Events_Container_arc{height:180px;width:100%;}}\r\n\t.Extrait_Events_arc a:hover{text-decoration:none;}\r\n\t.Date_Events_all_arc{float:left;width:20%;height:70px;margin-bottom:10px;}\r\n\t@media screen and (max-width:900px){.Date_Events_all_arc{float:left;width:100%;height:70px;margin-bottom:10px;}}\r\n\t.Date_Events_1_arc{float:left;width:45%;text-align:center;margin-top:5px;}\r\n\t.Date_Events_1_2_arc{float:left;width:32%;text-align:center;margin-top:5px;}\r\n\t.Date_Events_sep_arc{float:left;text-align:center;width:10%;margin-top:-15px;}\r\n\t.Date_Events_2_arc{float:left;width:45%;text-align:center;margin-top:5px;}\r\n\t.timecss_d_arc {font-size:20px;font-weight:500;margin:0;}\r\n\t.timecss_f_arc {font-size:10px;text-transform:uppercase;margin-top:-5px;}\r\n\t.timecss_y_arc {font-size:11px;margin-top:-28px;}\r\n\t.Date_Events_sep_arc{padding-top:20px}\r\n\t.Cat_Events_arc{color:#e3c022;text-transform:uppercase;font-weight:300;letter-spacing:5px;font-size:8px;}\r\n\t@media screen and (max-width:900px){.Cat_Events_arc{float:left;height:20px;width:100%;margin:0 10px;}}\r\n\t.Cat_Events_arc{float:left;height:20px;width:60%;line-height:1.5;margin-top:7px;}\r\n\t@media screen and (max-width:900px){.Cat_Events_arc{float:left;text-align:center;height:20px;width:100%;margin:10px 0 auto;}}\r\n\t@media screen and (max-width:900px){.Cat_Events_arc_cont{margin:0 10px;width:90%;}}\r\n\t.Titre_Events_arc a{float:left;height:50px;width:60%;font-weight:100;font-size:17px;line-height:1.2;color:#fff;text-rendering:auto;margin-top:-10px;}\r\n\t@media screen and (max-width:900px){.Titre_Events_arc a{height:30px;margin:10px 0 auto;width:100%;line-break:auto;}}\r\n\t@media screen and (max-width:900px){.Titre_Events_arc_cont{margin:0 5%;width:90%;}}\r\n\t.Image_Events_arc{float:left;width:20%;overflow:hidden;position:relative;max-height:70px;margin-top:-27px;}\r\n\t@media screen and (max-width:900px){.Image_Events_arc{float:left;max-height:150px;width:100%;margin-top:10px;}}\r\n\t.Date_Events_all_arc,.Cat_Events_arc,.Titre_Events_arc a{display:flex;justify-content:center;align-items:center;}\r\n\t.desk{display:flex;}.mob{display:none;}\r\n\t@media screen and (max-width:900px){.desk{display:none;}.mob{display:flex;}}\r\n<\/style>\r\n\r\n<div class=\"Extrait_Events_arc\">\r\n\t<div class=\"Extrait_Events_Container_arc\">\r\n\t\t4447\r\n\t\t<div class=\"Cat_Events_arc\"><div class=\"Cat_Events_arc_cont\">ANIMATION und VERANSTALTUNG<\/div><\/div>\r\n\t\t<div class=\"Titre_Events_arc\"><div class=\"Titre_Events_arc_cont\"><a href=\"https:\/\/chateau-de-valangin.ch\/de\/kalender\/la-vie-de-chateau\/\">La vie de ch\u00e2teau<\/a><\/div><\/div>\t\t\r\n\t\t<div class=\"Image_Events_arc\"><a href=\"https:\/\/chateau-de-valangin.ch\/de\/kalender\/la-vie-de-chateau\/\"><span class=\"desk\"><img loading=\"lazy\" decoding=\"async\" width=\"300\" height=\"236\" src=\"https:\/\/chateau-de-valangin.ch\/NEWSITE\/wp-content\/uploads\/2024\/04\/marionnette-300x236.jpg\" class=\"attachment-medium size-medium\" alt=\"\" srcset=\"https:\/\/chateau-de-valangin.ch\/NEWSITE\/wp-content\/uploads\/2024\/04\/marionnette-300x236.jpg 300w, https:\/\/chateau-de-valangin.ch\/NEWSITE\/wp-content\/uploads\/2024\/04\/marionnette-1024x807.jpg 1024w, https:\/\/chateau-de-valangin.ch\/NEWSITE\/wp-content\/uploads\/2024\/04\/marionnette-768x605.jpg 768w, https:\/\/chateau-de-valangin.ch\/NEWSITE\/wp-content\/uploads\/2024\/04\/marionnette-1536x1210.jpg 1536w, https:\/\/chateau-de-valangin.ch\/NEWSITE\/wp-content\/uploads\/2024\/04\/marionnette-2048x1613.jpg 2048w, https:\/\/chateau-de-valangin.ch\/NEWSITE\/wp-content\/uploads\/2024\/04\/marionnette-95x75.jpg 95w, https:\/\/chateau-de-valangin.ch\/NEWSITE\/wp-content\/uploads\/2024\/04\/marionnette-480x378.jpg 480w, https:\/\/chateau-de-valangin.ch\/NEWSITE\/wp-content\/uploads\/2024\/04\/marionnette-1320x1040.jpg 1320w\" sizes=\"auto, (max-width:767px) 300px, 300px\" \/><\/span><span class=\"mob\"><img loading=\"lazy\" decoding=\"async\" width=\"1024\" height=\"807\" src=\"https:\/\/chateau-de-valangin.ch\/NEWSITE\/wp-content\/uploads\/2024\/04\/marionnette-1024x807.jpg\" class=\"attachment-large size-large\" alt=\"\" srcset=\"https:\/\/chateau-de-valangin.ch\/NEWSITE\/wp-content\/uploads\/2024\/04\/marionnette-1024x807.jpg 1024w, https:\/\/chateau-de-valangin.ch\/NEWSITE\/wp-content\/uploads\/2024\/04\/marionnette-300x236.jpg 300w, https:\/\/chateau-de-valangin.ch\/NEWSITE\/wp-content\/uploads\/2024\/04\/marionnette-768x605.jpg 768w, https:\/\/chateau-de-valangin.ch\/NEWSITE\/wp-content\/uploads\/2024\/04\/marionnette-1536x1210.jpg 1536w, https:\/\/chateau-de-valangin.ch\/NEWSITE\/wp-content\/uploads\/2024\/04\/marionnette-2048x1613.jpg 2048w, https:\/\/chateau-de-valangin.ch\/NEWSITE\/wp-content\/uploads\/2024\/04\/marionnette-95x75.jpg 95w, https:\/\/chateau-de-valangin.ch\/NEWSITE\/wp-content\/uploads\/2024\/04\/marionnette-480x378.jpg 480w, https:\/\/chateau-de-valangin.ch\/NEWSITE\/wp-content\/uploads\/2024\/04\/marionnette-1320x1040.jpg 1320w\" sizes=\"auto, (max-width:767px) 480px, (max-width:1024px) 100vw, 1024px\" \/><\/span><\/a><\/div>\r\n\t<\/div>\r\n<\/div><style>\r\n\t.Extrait_Events_arc{float:left;height:70px;width:100%;background-color:#590630;color:#FFF;margin-top:0px;border-radius:0px;}\r\n\t@media screen and (max-width:900px){.Extrait_Events_arc{height:210px;margin-top:30px;}}\r\n\t.Extrait_Events_Container_arc{height:70px;background-color:#590630;margin:0 auto;text-align:center;}\r\n\t@media screen and (max-width:900px){.Extrait_Events_Container_arc{height:180px;width:100%;}}\r\n\t.Extrait_Events_arc a:hover{text-decoration:none;}\r\n\t.Date_Events_all_arc{float:left;width:20%;height:70px;margin-bottom:10px;}\r\n\t@media screen and (max-width:900px){.Date_Events_all_arc{float:left;width:100%;height:70px;margin-bottom:10px;}}\r\n\t.Date_Events_1_arc{float:left;width:45%;text-align:center;margin-top:5px;}\r\n\t.Date_Events_1_2_arc{float:left;width:32%;text-align:center;margin-top:5px;}\r\n\t.Date_Events_sep_arc{float:left;text-align:center;width:10%;margin-top:-15px;}\r\n\t.Date_Events_2_arc{float:left;width:45%;text-align:center;margin-top:5px;}\r\n\t.timecss_d_arc {font-size:20px;font-weight:500;margin:0;}\r\n\t.timecss_f_arc {font-size:10px;text-transform:uppercase;margin-top:-5px;}\r\n\t.timecss_y_arc {font-size:11px;margin-top:-28px;}\r\n\t.Date_Events_sep_arc{padding-top:20px}\r\n\t.Cat_Events_arc{color:#e3c022;text-transform:uppercase;font-weight:300;letter-spacing:5px;font-size:8px;}\r\n\t@media screen and (max-width:900px){.Cat_Events_arc{float:left;height:20px;width:100%;margin:0 10px;}}\r\n\t.Cat_Events_arc{float:left;height:20px;width:60%;line-height:1.5;margin-top:7px;}\r\n\t@media screen and (max-width:900px){.Cat_Events_arc{float:left;text-align:center;height:20px;width:100%;margin:10px 0 auto;}}\r\n\t@media screen and (max-width:900px){.Cat_Events_arc_cont{margin:0 10px;width:90%;}}\r\n\t.Titre_Events_arc a{float:left;height:50px;width:60%;font-weight:100;font-size:17px;line-height:1.2;color:#fff;text-rendering:auto;margin-top:-10px;}\r\n\t@media screen and (max-width:900px){.Titre_Events_arc a{height:30px;margin:10px 0 auto;width:100%;line-break:auto;}}\r\n\t@media screen and (max-width:900px){.Titre_Events_arc_cont{margin:0 5%;width:90%;}}\r\n\t.Image_Events_arc{float:left;width:20%;overflow:hidden;position:relative;max-height:70px;margin-top:-27px;}\r\n\t@media screen and (max-width:900px){.Image_Events_arc{float:left;max-height:150px;width:100%;margin-top:10px;}}\r\n\t.Date_Events_all_arc,.Cat_Events_arc,.Titre_Events_arc a{display:flex;justify-content:center;align-items:center;}\r\n\t.desk{display:flex;}.mob{display:none;}\r\n\t@media screen and (max-width:900px){.desk{display:none;}.mob{display:flex;}}\r\n<\/style>\r\n\r\n<div class=\"Extrait_Events_arc\">\r\n\t<div class=\"Extrait_Events_Container_arc\">\r\n\t\t4459\r\n\t\t<div class=\"Cat_Events_arc\"><div class=\"Cat_Events_arc_cont\">ANIMATION<\/div><\/div>\r\n\t\t<div class=\"Titre_Events_arc\"><div class=\"Titre_Events_arc_cont\"><a href=\"https:\/\/chateau-de-valangin.ch\/de\/kalender\/le-testament-perdu\/\">Le testament perdu<\/a><\/div><\/div>\t\t\r\n\t\t<div class=\"Image_Events_arc\"><a href=\"https:\/\/chateau-de-valangin.ch\/de\/kalender\/le-testament-perdu\/\"><span class=\"desk\"><img loading=\"lazy\" decoding=\"async\" width=\"300\" height=\"225\" src=\"https:\/\/chateau-de-valangin.ch\/NEWSITE\/wp-content\/uploads\/2024\/02\/testament-gdv-c-300x225.jpg\" class=\"attachment-medium size-medium\" alt=\"\" srcset=\"https:\/\/chateau-de-valangin.ch\/NEWSITE\/wp-content\/uploads\/2024\/02\/testament-gdv-c-300x225.jpg 300w, https:\/\/chateau-de-valangin.ch\/NEWSITE\/wp-content\/uploads\/2024\/02\/testament-gdv-c-1024x768.jpg 1024w, https:\/\/chateau-de-valangin.ch\/NEWSITE\/wp-content\/uploads\/2024\/02\/testament-gdv-c-768x576.jpg 768w, https:\/\/chateau-de-valangin.ch\/NEWSITE\/wp-content\/uploads\/2024\/02\/testament-gdv-c-1536x1152.jpg 1536w, https:\/\/chateau-de-valangin.ch\/NEWSITE\/wp-content\/uploads\/2024\/02\/testament-gdv-c-2048x1536.jpg 2048w, https:\/\/chateau-de-valangin.ch\/NEWSITE\/wp-content\/uploads\/2024\/02\/testament-gdv-c-100x75.jpg 100w, https:\/\/chateau-de-valangin.ch\/NEWSITE\/wp-content\/uploads\/2024\/02\/testament-gdv-c-960x720.jpg 960w, https:\/\/chateau-de-valangin.ch\/NEWSITE\/wp-content\/uploads\/2024\/02\/testament-gdv-c-480x360.jpg 480w, https:\/\/chateau-de-valangin.ch\/NEWSITE\/wp-content\/uploads\/2024\/02\/testament-gdv-c-1320x990.jpg 1320w\" sizes=\"auto, (max-width:767px) 300px, 300px\" \/><\/span><span class=\"mob\"><img loading=\"lazy\" decoding=\"async\" width=\"1024\" height=\"768\" src=\"https:\/\/chateau-de-valangin.ch\/NEWSITE\/wp-content\/uploads\/2024\/02\/testament-gdv-c-1024x768.jpg\" class=\"attachment-large size-large\" alt=\"\" srcset=\"https:\/\/chateau-de-valangin.ch\/NEWSITE\/wp-content\/uploads\/2024\/02\/testament-gdv-c-1024x768.jpg 1024w, https:\/\/chateau-de-valangin.ch\/NEWSITE\/wp-content\/uploads\/2024\/02\/testament-gdv-c-300x225.jpg 300w, https:\/\/chateau-de-valangin.ch\/NEWSITE\/wp-content\/uploads\/2024\/02\/testament-gdv-c-768x576.jpg 768w, https:\/\/chateau-de-valangin.ch\/NEWSITE\/wp-content\/uploads\/2024\/02\/testament-gdv-c-1536x1152.jpg 1536w, https:\/\/chateau-de-valangin.ch\/NEWSITE\/wp-content\/uploads\/2024\/02\/testament-gdv-c-2048x1536.jpg 2048w, https:\/\/chateau-de-valangin.ch\/NEWSITE\/wp-content\/uploads\/2024\/02\/testament-gdv-c-100x75.jpg 100w, https:\/\/chateau-de-valangin.ch\/NEWSITE\/wp-content\/uploads\/2024\/02\/testament-gdv-c-960x720.jpg 960w, https:\/\/chateau-de-valangin.ch\/NEWSITE\/wp-content\/uploads\/2024\/02\/testament-gdv-c-480x360.jpg 480w, https:\/\/chateau-de-valangin.ch\/NEWSITE\/wp-content\/uploads\/2024\/02\/testament-gdv-c-1320x990.jpg 1320w\" sizes=\"auto, (max-width:767px) 480px, (max-width:1024px) 100vw, 1024px\" \/><\/span><\/a><\/div>\r\n\t<\/div>\r\n<\/div><style>\r\n\t.Extrait_Events_arc{float:left;height:70px;width:100%;background-color:#590630;color:#FFF;margin-top:0px;border-radius:0px;}\r\n\t@media screen and (max-width:900px){.Extrait_Events_arc{height:210px;margin-top:30px;}}\r\n\t.Extrait_Events_Container_arc{height:70px;background-color:#590630;margin:0 auto;text-align:center;}\r\n\t@media screen and (max-width:900px){.Extrait_Events_Container_arc{height:180px;width:100%;}}\r\n\t.Extrait_Events_arc a:hover{text-decoration:none;}\r\n\t.Date_Events_all_arc{float:left;width:20%;height:70px;margin-bottom:10px;}\r\n\t@media screen and (max-width:900px){.Date_Events_all_arc{float:left;width:100%;height:70px;margin-bottom:10px;}}\r\n\t.Date_Events_1_arc{float:left;width:45%;text-align:center;margin-top:5px;}\r\n\t.Date_Events_1_2_arc{float:left;width:32%;text-align:center;margin-top:5px;}\r\n\t.Date_Events_sep_arc{float:left;text-align:center;width:10%;margin-top:-15px;}\r\n\t.Date_Events_2_arc{float:left;width:45%;text-align:center;margin-top:5px;}\r\n\t.timecss_d_arc {font-size:20px;font-weight:500;margin:0;}\r\n\t.timecss_f_arc {font-size:10px;text-transform:uppercase;margin-top:-5px;}\r\n\t.timecss_y_arc {font-size:11px;margin-top:-28px;}\r\n\t.Date_Events_sep_arc{padding-top:20px}\r\n\t.Cat_Events_arc{color:#e3c022;text-transform:uppercase;font-weight:300;letter-spacing:5px;font-size:8px;}\r\n\t@media screen and (max-width:900px){.Cat_Events_arc{float:left;height:20px;width:100%;margin:0 10px;}}\r\n\t.Cat_Events_arc{float:left;height:20px;width:60%;line-height:1.5;margin-top:7px;}\r\n\t@media screen and (max-width:900px){.Cat_Events_arc{float:left;text-align:center;height:20px;width:100%;margin:10px 0 auto;}}\r\n\t@media screen and (max-width:900px){.Cat_Events_arc_cont{margin:0 10px;width:90%;}}\r\n\t.Titre_Events_arc a{float:left;height:50px;width:60%;font-weight:100;font-size:17px;line-height:1.2;color:#fff;text-rendering:auto;margin-top:-10px;}\r\n\t@media screen and (max-width:900px){.Titre_Events_arc a{height:30px;margin:10px 0 auto;width:100%;line-break:auto;}}\r\n\t@media screen and (max-width:900px){.Titre_Events_arc_cont{margin:0 5%;width:90%;}}\r\n\t.Image_Events_arc{float:left;width:20%;overflow:hidden;position:relative;max-height:70px;margin-top:-27px;}\r\n\t@media screen and (max-width:900px){.Image_Events_arc{float:left;max-height:150px;width:100%;margin-top:10px;}}\r\n\t.Date_Events_all_arc,.Cat_Events_arc,.Titre_Events_arc a{display:flex;justify-content:center;align-items:center;}\r\n\t.desk{display:flex;}.mob{display:none;}\r\n\t@media screen and (max-width:900px){.desk{display:none;}.mob{display:flex;}}\r\n<\/style>\r\n\r\n<div class=\"Extrait_Events_arc\">\r\n\t<div class=\"Extrait_Events_Container_arc\">\r\n\t\t4457\r\n\t\t<div class=\"Cat_Events_arc\"><div class=\"Cat_Events_arc_cont\">ANIMATION, KONZERT, VORTRAG, und WORKSHOP<\/div><\/div>\r\n\t\t<div class=\"Titre_Events_arc\"><div class=\"Titre_Events_arc_cont\"><a href=\"https:\/\/chateau-de-valangin.ch\/de\/kalender\/festival-artborescence-2\/\">Festival Art\u2019borescence<\/a><\/div><\/div>\t\t\r\n\t\t<div class=\"Image_Events_arc\"><a href=\"https:\/\/chateau-de-valangin.ch\/de\/kalender\/festival-artborescence-2\/\"><span class=\"desk\"><img loading=\"lazy\" decoding=\"async\" width=\"300\" height=\"109\" src=\"https:\/\/chateau-de-valangin.ch\/NEWSITE\/wp-content\/uploads\/2021\/06\/val_jardins_banniere-300x109.jpg\" class=\"attachment-medium size-medium\" alt=\"Titelbild - banni\u00e8re - Valanjardin\" srcset=\"https:\/\/chateau-de-valangin.ch\/NEWSITE\/wp-content\/uploads\/2021\/06\/val_jardins_banniere-300x109.jpg 300w, https:\/\/chateau-de-valangin.ch\/NEWSITE\/wp-content\/uploads\/2021\/06\/val_jardins_banniere-768x279.jpg 768w, https:\/\/chateau-de-valangin.ch\/NEWSITE\/wp-content\/uploads\/2021\/06\/val_jardins_banniere-260x95.jpg 260w, https:\/\/chateau-de-valangin.ch\/NEWSITE\/wp-content\/uploads\/2021\/06\/val_jardins_banniere-50x18.jpg 50w, https:\/\/chateau-de-valangin.ch\/NEWSITE\/wp-content\/uploads\/2021\/06\/val_jardins_banniere-150x55.jpg 150w, https:\/\/chateau-de-valangin.ch\/NEWSITE\/wp-content\/uploads\/2021\/06\/val_jardins_banniere.jpg 905w\" sizes=\"auto, (max-width:767px) 300px, 300px\" \/><\/span><span class=\"mob\"><img loading=\"lazy\" decoding=\"async\" width=\"905\" height=\"329\" src=\"https:\/\/chateau-de-valangin.ch\/NEWSITE\/wp-content\/uploads\/2021\/06\/val_jardins_banniere.jpg\" class=\"attachment-large size-large\" alt=\"Titelbild - banni\u00e8re - Valanjardin\" srcset=\"https:\/\/chateau-de-valangin.ch\/NEWSITE\/wp-content\/uploads\/2021\/06\/val_jardins_banniere.jpg 905w, https:\/\/chateau-de-valangin.ch\/NEWSITE\/wp-content\/uploads\/2021\/06\/val_jardins_banniere-300x109.jpg 300w, https:\/\/chateau-de-valangin.ch\/NEWSITE\/wp-content\/uploads\/2021\/06\/val_jardins_banniere-768x279.jpg 768w, https:\/\/chateau-de-valangin.ch\/NEWSITE\/wp-content\/uploads\/2021\/06\/val_jardins_banniere-260x95.jpg 260w, https:\/\/chateau-de-valangin.ch\/NEWSITE\/wp-content\/uploads\/2021\/06\/val_jardins_banniere-50x18.jpg 50w, https:\/\/chateau-de-valangin.ch\/NEWSITE\/wp-content\/uploads\/2021\/06\/val_jardins_banniere-150x55.jpg 150w\" sizes=\"auto, (max-width:767px) 480px, (max-width:905px) 100vw, 905px\" \/><\/span><\/a><\/div>\r\n\t<\/div>\r\n<\/div><style>\r\n\t.Extrait_Events_arc{float:left;height:70px;width:100%;background-color:#590630;color:#FFF;margin-top:0px;border-radius:0px;}\r\n\t@media screen and (max-width:900px){.Extrait_Events_arc{height:210px;margin-top:30px;}}\r\n\t.Extrait_Events_Container_arc{height:70px;background-color:#590630;margin:0 auto;text-align:center;}\r\n\t@media screen and (max-width:900px){.Extrait_Events_Container_arc{height:180px;width:100%;}}\r\n\t.Extrait_Events_arc a:hover{text-decoration:none;}\r\n\t.Date_Events_all_arc{float:left;width:20%;height:70px;margin-bottom:10px;}\r\n\t@media screen and (max-width:900px){.Date_Events_all_arc{float:left;width:100%;height:70px;margin-bottom:10px;}}\r\n\t.Date_Events_1_arc{float:left;width:45%;text-align:center;margin-top:5px;}\r\n\t.Date_Events_1_2_arc{float:left;width:32%;text-align:center;margin-top:5px;}\r\n\t.Date_Events_sep_arc{float:left;text-align:center;width:10%;margin-top:-15px;}\r\n\t.Date_Events_2_arc{float:left;width:45%;text-align:center;margin-top:5px;}\r\n\t.timecss_d_arc {font-size:20px;font-weight:500;margin:0;}\r\n\t.timecss_f_arc {font-size:10px;text-transform:uppercase;margin-top:-5px;}\r\n\t.timecss_y_arc {font-size:11px;margin-top:-28px;}\r\n\t.Date_Events_sep_arc{padding-top:20px}\r\n\t.Cat_Events_arc{color:#e3c022;text-transform:uppercase;font-weight:300;letter-spacing:5px;font-size:8px;}\r\n\t@media screen and (max-width:900px){.Cat_Events_arc{float:left;height:20px;width:100%;margin:0 10px;}}\r\n\t.Cat_Events_arc{float:left;height:20px;width:60%;line-height:1.5;margin-top:7px;}\r\n\t@media screen and (max-width:900px){.Cat_Events_arc{float:left;text-align:center;height:20px;width:100%;margin:10px 0 auto;}}\r\n\t@media screen and (max-width:900px){.Cat_Events_arc_cont{margin:0 10px;width:90%;}}\r\n\t.Titre_Events_arc a{float:left;height:50px;width:60%;font-weight:100;font-size:17px;line-height:1.2;color:#fff;text-rendering:auto;margin-top:-10px;}\r\n\t@media screen and (max-width:900px){.Titre_Events_arc a{height:30px;margin:10px 0 auto;width:100%;line-break:auto;}}\r\n\t@media screen and (max-width:900px){.Titre_Events_arc_cont{margin:0 5%;width:90%;}}\r\n\t.Image_Events_arc{float:left;width:20%;overflow:hidden;position:relative;max-height:70px;margin-top:-27px;}\r\n\t@media screen and (max-width:900px){.Image_Events_arc{float:left;max-height:150px;width:100%;margin-top:10px;}}\r\n\t.Date_Events_all_arc,.Cat_Events_arc,.Titre_Events_arc a{display:flex;justify-content:center;align-items:center;}\r\n\t.desk{display:flex;}.mob{display:none;}\r\n\t@media screen and (max-width:900px){.desk{display:none;}.mob{display:flex;}}\r\n<\/style>\r\n\r\n<div class=\"Extrait_Events_arc\">\r\n\t<div class=\"Extrait_Events_Container_arc\">\r\n\t\t4261\r\n\t\t<div class=\"Cat_Events_arc\"><div class=\"Cat_Events_arc_cont\">ANIMATION<\/div><\/div>\r\n\t\t<div class=\"Titre_Events_arc\"><div class=\"Titre_Events_arc_cont\"><a href=\"https:\/\/chateau-de-valangin.ch\/de\/kalender\/demonstration-de-dentellieres-2023-2-2-2-2-2-2-2-3-2-2-2\/\">Kl\u00f6pplerinnen zeigen ihre Kunst<\/a><\/div><\/div>\t\t\r\n\t\t<div class=\"Image_Events_arc\"><a href=\"https:\/\/chateau-de-valangin.ch\/de\/kalender\/demonstration-de-dentellieres-2023-2-2-2-2-2-2-2-3-2-2-2\/\"><span class=\"desk\"><img loading=\"lazy\" decoding=\"async\" width=\"300\" height=\"200\" src=\"https:\/\/chateau-de-valangin.ch\/NEWSITE\/wp-content\/uploads\/2018\/12\/27-chacc82teau-de-valangin_photo-noemi-tirro-300x200.jpg\" class=\"attachment-medium size-medium\" alt=\"\" srcset=\"https:\/\/chateau-de-valangin.ch\/NEWSITE\/wp-content\/uploads\/2018\/12\/27-chacc82teau-de-valangin_photo-noemi-tirro-300x200.jpg 300w, https:\/\/chateau-de-valangin.ch\/NEWSITE\/wp-content\/uploads\/2018\/12\/27-chacc82teau-de-valangin_photo-noemi-tirro-768x513.jpg 768w, https:\/\/chateau-de-valangin.ch\/NEWSITE\/wp-content\/uploads\/2018\/12\/27-chacc82teau-de-valangin_photo-noemi-tirro-1024x684.jpg 1024w, https:\/\/chateau-de-valangin.ch\/NEWSITE\/wp-content\/uploads\/2018\/12\/27-chacc82teau-de-valangin_photo-noemi-tirro-219x146.jpg 219w, https:\/\/chateau-de-valangin.ch\/NEWSITE\/wp-content\/uploads\/2018\/12\/27-chacc82teau-de-valangin_photo-noemi-tirro-50x33.jpg 50w, https:\/\/chateau-de-valangin.ch\/NEWSITE\/wp-content\/uploads\/2018\/12\/27-chacc82teau-de-valangin_photo-noemi-tirro-112x75.jpg 112w, https:\/\/chateau-de-valangin.ch\/NEWSITE\/wp-content\/uploads\/2018\/12\/27-chacc82teau-de-valangin_photo-noemi-tirro.jpg 1200w\" sizes=\"auto, (max-width:767px) 300px, 300px\" \/><\/span><span class=\"mob\"><img loading=\"lazy\" decoding=\"async\" width=\"1024\" height=\"684\" src=\"https:\/\/chateau-de-valangin.ch\/NEWSITE\/wp-content\/uploads\/2018\/12\/27-chacc82teau-de-valangin_photo-noemi-tirro-1024x684.jpg\" class=\"attachment-large size-large\" alt=\"\" srcset=\"https:\/\/chateau-de-valangin.ch\/NEWSITE\/wp-content\/uploads\/2018\/12\/27-chacc82teau-de-valangin_photo-noemi-tirro-1024x684.jpg 1024w, https:\/\/chateau-de-valangin.ch\/NEWSITE\/wp-content\/uploads\/2018\/12\/27-chacc82teau-de-valangin_photo-noemi-tirro-300x200.jpg 300w, https:\/\/chateau-de-valangin.ch\/NEWSITE\/wp-content\/uploads\/2018\/12\/27-chacc82teau-de-valangin_photo-noemi-tirro-768x513.jpg 768w, https:\/\/chateau-de-valangin.ch\/NEWSITE\/wp-content\/uploads\/2018\/12\/27-chacc82teau-de-valangin_photo-noemi-tirro-219x146.jpg 219w, https:\/\/chateau-de-valangin.ch\/NEWSITE\/wp-content\/uploads\/2018\/12\/27-chacc82teau-de-valangin_photo-noemi-tirro-50x33.jpg 50w, https:\/\/chateau-de-valangin.ch\/NEWSITE\/wp-content\/uploads\/2018\/12\/27-chacc82teau-de-valangin_photo-noemi-tirro-112x75.jpg 112w, https:\/\/chateau-de-valangin.ch\/NEWSITE\/wp-content\/uploads\/2018\/12\/27-chacc82teau-de-valangin_photo-noemi-tirro.jpg 1200w\" sizes=\"auto, (max-width:767px) 480px, (max-width:1024px) 100vw, 1024px\" \/><\/span><\/a><\/div>\r\n\t<\/div>\r\n<\/div><style>\r\n\t.Extrait_Events_arc{float:left;height:70px;width:100%;background-color:#590630;color:#FFF;margin-top:0px;border-radius:0px;}\r\n\t@media screen and (max-width:900px){.Extrait_Events_arc{height:210px;margin-top:30px;}}\r\n\t.Extrait_Events_Container_arc{height:70px;background-color:#590630;margin:0 auto;text-align:center;}\r\n\t@media screen and (max-width:900px){.Extrait_Events_Container_arc{height:180px;width:100%;}}\r\n\t.Extrait_Events_arc a:hover{text-decoration:none;}\r\n\t.Date_Events_all_arc{float:left;width:20%;height:70px;margin-bottom:10px;}\r\n\t@media screen and (max-width:900px){.Date_Events_all_arc{float:left;width:100%;height:70px;margin-bottom:10px;}}\r\n\t.Date_Events_1_arc{float:left;width:45%;text-align:center;margin-top:5px;}\r\n\t.Date_Events_1_2_arc{float:left;width:32%;text-align:center;margin-top:5px;}\r\n\t.Date_Events_sep_arc{float:left;text-align:center;width:10%;margin-top:-15px;}\r\n\t.Date_Events_2_arc{float:left;width:45%;text-align:center;margin-top:5px;}\r\n\t.timecss_d_arc {font-size:20px;font-weight:500;margin:0;}\r\n\t.timecss_f_arc {font-size:10px;text-transform:uppercase;margin-top:-5px;}\r\n\t.timecss_y_arc {font-size:11px;margin-top:-28px;}\r\n\t.Date_Events_sep_arc{padding-top:20px}\r\n\t.Cat_Events_arc{color:#e3c022;text-transform:uppercase;font-weight:300;letter-spacing:5px;font-size:8px;}\r\n\t@media screen and (max-width:900px){.Cat_Events_arc{float:left;height:20px;width:100%;margin:0 10px;}}\r\n\t.Cat_Events_arc{float:left;height:20px;width:60%;line-height:1.5;margin-top:7px;}\r\n\t@media screen and (max-width:900px){.Cat_Events_arc{float:left;text-align:center;height:20px;width:100%;margin:10px 0 auto;}}\r\n\t@media screen and (max-width:900px){.Cat_Events_arc_cont{margin:0 10px;width:90%;}}\r\n\t.Titre_Events_arc a{float:left;height:50px;width:60%;font-weight:100;font-size:17px;line-height:1.2;color:#fff;text-rendering:auto;margin-top:-10px;}\r\n\t@media screen and (max-width:900px){.Titre_Events_arc a{height:30px;margin:10px 0 auto;width:100%;line-break:auto;}}\r\n\t@media screen and (max-width:900px){.Titre_Events_arc_cont{margin:0 5%;width:90%;}}\r\n\t.Image_Events_arc{float:left;width:20%;overflow:hidden;position:relative;max-height:70px;margin-top:-27px;}\r\n\t@media screen and (max-width:900px){.Image_Events_arc{float:left;max-height:150px;width:100%;margin-top:10px;}}\r\n\t.Date_Events_all_arc,.Cat_Events_arc,.Titre_Events_arc a{display:flex;justify-content:center;align-items:center;}\r\n\t.desk{display:flex;}.mob{display:none;}\r\n\t@media screen and (max-width:900px){.desk{display:none;}.mob{display:flex;}}\r\n<\/style>\r\n\r\n<div class=\"Extrait_Events_arc\">\r\n\t<div class=\"Extrait_Events_Container_arc\">\r\n\t\t4391\r\n\t\t<div class=\"Cat_Events_arc\"><div class=\"Cat_Events_arc_cont\">ANIMATION, KONZERT, VERANSTALTUNG, und WORKSHOP<\/div><\/div>\r\n\t\t<div class=\"Titre_Events_arc\"><div class=\"Titre_Events_arc_cont\"><a href=\"https:\/\/chateau-de-valangin.ch\/de\/kalender\/fete-a-valanjardin-2\/\">Festival Art&#8217;borescence<\/a><\/div><\/div>\t\t\r\n\t\t<div class=\"Image_Events_arc\"><a href=\"https:\/\/chateau-de-valangin.ch\/de\/kalender\/fete-a-valanjardin-2\/\"><span class=\"desk\"><img loading=\"lazy\" decoding=\"async\" width=\"300\" height=\"109\" src=\"https:\/\/chateau-de-valangin.ch\/NEWSITE\/wp-content\/uploads\/2021\/06\/val_jardins_banniere-300x109.jpg\" class=\"attachment-medium size-medium\" alt=\"Titelbild - banni\u00e8re - Valanjardin\" srcset=\"https:\/\/chateau-de-valangin.ch\/NEWSITE\/wp-content\/uploads\/2021\/06\/val_jardins_banniere-300x109.jpg 300w, https:\/\/chateau-de-valangin.ch\/NEWSITE\/wp-content\/uploads\/2021\/06\/val_jardins_banniere-768x279.jpg 768w, https:\/\/chateau-de-valangin.ch\/NEWSITE\/wp-content\/uploads\/2021\/06\/val_jardins_banniere-260x95.jpg 260w, https:\/\/chateau-de-valangin.ch\/NEWSITE\/wp-content\/uploads\/2021\/06\/val_jardins_banniere-50x18.jpg 50w, https:\/\/chateau-de-valangin.ch\/NEWSITE\/wp-content\/uploads\/2021\/06\/val_jardins_banniere-150x55.jpg 150w, https:\/\/chateau-de-valangin.ch\/NEWSITE\/wp-content\/uploads\/2021\/06\/val_jardins_banniere.jpg 905w\" sizes=\"auto, (max-width:767px) 300px, 300px\" \/><\/span><span class=\"mob\"><img loading=\"lazy\" decoding=\"async\" width=\"905\" height=\"329\" src=\"https:\/\/chateau-de-valangin.ch\/NEWSITE\/wp-content\/uploads\/2021\/06\/val_jardins_banniere.jpg\" class=\"attachment-large size-large\" alt=\"Titelbild - banni\u00e8re - Valanjardin\" srcset=\"https:\/\/chateau-de-valangin.ch\/NEWSITE\/wp-content\/uploads\/2021\/06\/val_jardins_banniere.jpg 905w, https:\/\/chateau-de-valangin.ch\/NEWSITE\/wp-content\/uploads\/2021\/06\/val_jardins_banniere-300x109.jpg 300w, https:\/\/chateau-de-valangin.ch\/NEWSITE\/wp-content\/uploads\/2021\/06\/val_jardins_banniere-768x279.jpg 768w, https:\/\/chateau-de-valangin.ch\/NEWSITE\/wp-content\/uploads\/2021\/06\/val_jardins_banniere-260x95.jpg 260w, https:\/\/chateau-de-valangin.ch\/NEWSITE\/wp-content\/uploads\/2021\/06\/val_jardins_banniere-50x18.jpg 50w, https:\/\/chateau-de-valangin.ch\/NEWSITE\/wp-content\/uploads\/2021\/06\/val_jardins_banniere-150x55.jpg 150w\" sizes=\"auto, (max-width:767px) 480px, (max-width:905px) 100vw, 905px\" \/><\/span><\/a><\/div>\r\n\t<\/div>\r\n<\/div><style>\r\n\t.Extrait_Events_arc{float:left;height:70px;width:100%;background-color:#590630;color:#FFF;margin-top:0px;border-radius:0px;}\r\n\t@media screen and (max-width:900px){.Extrait_Events_arc{height:210px;margin-top:30px;}}\r\n\t.Extrait_Events_Container_arc{height:70px;background-color:#590630;margin:0 auto;text-align:center;}\r\n\t@media screen and (max-width:900px){.Extrait_Events_Container_arc{height:180px;width:100%;}}\r\n\t.Extrait_Events_arc a:hover{text-decoration:none;}\r\n\t.Date_Events_all_arc{float:left;width:20%;height:70px;margin-bottom:10px;}\r\n\t@media screen and (max-width:900px){.Date_Events_all_arc{float:left;width:100%;height:70px;margin-bottom:10px;}}\r\n\t.Date_Events_1_arc{float:left;width:45%;text-align:center;margin-top:5px;}\r\n\t.Date_Events_1_2_arc{float:left;width:32%;text-align:center;margin-top:5px;}\r\n\t.Date_Events_sep_arc{float:left;text-align:center;width:10%;margin-top:-15px;}\r\n\t.Date_Events_2_arc{float:left;width:45%;text-align:center;margin-top:5px;}\r\n\t.timecss_d_arc {font-size:20px;font-weight:500;margin:0;}\r\n\t.timecss_f_arc {font-size:10px;text-transform:uppercase;margin-top:-5px;}\r\n\t.timecss_y_arc {font-size:11px;margin-top:-28px;}\r\n\t.Date_Events_sep_arc{padding-top:20px}\r\n\t.Cat_Events_arc{color:#e3c022;text-transform:uppercase;font-weight:300;letter-spacing:5px;font-size:8px;}\r\n\t@media screen and (max-width:900px){.Cat_Events_arc{float:left;height:20px;width:100%;margin:0 10px;}}\r\n\t.Cat_Events_arc{float:left;height:20px;width:60%;line-height:1.5;margin-top:7px;}\r\n\t@media screen and (max-width:900px){.Cat_Events_arc{float:left;text-align:center;height:20px;width:100%;margin:10px 0 auto;}}\r\n\t@media screen and (max-width:900px){.Cat_Events_arc_cont{margin:0 10px;width:90%;}}\r\n\t.Titre_Events_arc a{float:left;height:50px;width:60%;font-weight:100;font-size:17px;line-height:1.2;color:#fff;text-rendering:auto;margin-top:-10px;}\r\n\t@media screen and (max-width:900px){.Titre_Events_arc a{height:30px;margin:10px 0 auto;width:100%;line-break:auto;}}\r\n\t@media screen and (max-width:900px){.Titre_Events_arc_cont{margin:0 5%;width:90%;}}\r\n\t.Image_Events_arc{float:left;width:20%;overflow:hidden;position:relative;max-height:70px;margin-top:-27px;}\r\n\t@media screen and (max-width:900px){.Image_Events_arc{float:left;max-height:150px;width:100%;margin-top:10px;}}\r\n\t.Date_Events_all_arc,.Cat_Events_arc,.Titre_Events_arc a{display:flex;justify-content:center;align-items:center;}\r\n\t.desk{display:flex;}.mob{display:none;}\r\n\t@media screen and (max-width:900px){.desk{display:none;}.mob{display:flex;}}\r\n<\/style>\r\n\r\n<div class=\"Extrait_Events_arc\">\r\n\t<div class=\"Extrait_Events_Container_arc\">\r\n\t\t4390\r\n\t\t<div class=\"Cat_Events_arc\"><div class=\"Cat_Events_arc_cont\">ANIMATION und VERANSTALTUNG<\/div><\/div>\r\n\t\t<div class=\"Titre_Events_arc\"><div class=\"Titre_Events_arc_cont\"><a href=\"https:\/\/chateau-de-valangin.ch\/de\/kalender\/la-vie-de-chateau-2\/\">D\u00e9plac\u00e9 \u00e0 une autre date &#8211; La vie de ch\u00e2teau<\/a><\/div><\/div>\t\t\r\n\t\t<div class=\"Image_Events_arc\"><a href=\"https:\/\/chateau-de-valangin.ch\/de\/kalender\/la-vie-de-chateau-2\/\"><span class=\"desk\"><img loading=\"lazy\" decoding=\"async\" width=\"300\" height=\"236\" src=\"https:\/\/chateau-de-valangin.ch\/NEWSITE\/wp-content\/uploads\/2024\/04\/marionnette-300x236.jpg\" class=\"attachment-medium size-medium\" alt=\"\" srcset=\"https:\/\/chateau-de-valangin.ch\/NEWSITE\/wp-content\/uploads\/2024\/04\/marionnette-300x236.jpg 300w, https:\/\/chateau-de-valangin.ch\/NEWSITE\/wp-content\/uploads\/2024\/04\/marionnette-1024x807.jpg 1024w, https:\/\/chateau-de-valangin.ch\/NEWSITE\/wp-content\/uploads\/2024\/04\/marionnette-768x605.jpg 768w, https:\/\/chateau-de-valangin.ch\/NEWSITE\/wp-content\/uploads\/2024\/04\/marionnette-1536x1210.jpg 1536w, https:\/\/chateau-de-valangin.ch\/NEWSITE\/wp-content\/uploads\/2024\/04\/marionnette-2048x1613.jpg 2048w, https:\/\/chateau-de-valangin.ch\/NEWSITE\/wp-content\/uploads\/2024\/04\/marionnette-95x75.jpg 95w, https:\/\/chateau-de-valangin.ch\/NEWSITE\/wp-content\/uploads\/2024\/04\/marionnette-480x378.jpg 480w, https:\/\/chateau-de-valangin.ch\/NEWSITE\/wp-content\/uploads\/2024\/04\/marionnette-1320x1040.jpg 1320w\" sizes=\"auto, (max-width:767px) 300px, 300px\" \/><\/span><span class=\"mob\"><img loading=\"lazy\" decoding=\"async\" width=\"1024\" height=\"807\" src=\"https:\/\/chateau-de-valangin.ch\/NEWSITE\/wp-content\/uploads\/2024\/04\/marionnette-1024x807.jpg\" class=\"attachment-large size-large\" alt=\"\" srcset=\"https:\/\/chateau-de-valangin.ch\/NEWSITE\/wp-content\/uploads\/2024\/04\/marionnette-1024x807.jpg 1024w, https:\/\/chateau-de-valangin.ch\/NEWSITE\/wp-content\/uploads\/2024\/04\/marionnette-300x236.jpg 300w, https:\/\/chateau-de-valangin.ch\/NEWSITE\/wp-content\/uploads\/2024\/04\/marionnette-768x605.jpg 768w, https:\/\/chateau-de-valangin.ch\/NEWSITE\/wp-content\/uploads\/2024\/04\/marionnette-1536x1210.jpg 1536w, https:\/\/chateau-de-valangin.ch\/NEWSITE\/wp-content\/uploads\/2024\/04\/marionnette-2048x1613.jpg 2048w, https:\/\/chateau-de-valangin.ch\/NEWSITE\/wp-content\/uploads\/2024\/04\/marionnette-95x75.jpg 95w, https:\/\/chateau-de-valangin.ch\/NEWSITE\/wp-content\/uploads\/2024\/04\/marionnette-480x378.jpg 480w, https:\/\/chateau-de-valangin.ch\/NEWSITE\/wp-content\/uploads\/2024\/04\/marionnette-1320x1040.jpg 1320w\" sizes=\"auto, (max-width:767px) 480px, (max-width:1024px) 100vw, 1024px\" \/><\/span><\/a><\/div>\r\n\t<\/div>\r\n<\/div><style>\r\n\t.Extrait_Events_arc{float:left;height:70px;width:100%;background-color:#590630;color:#FFF;margin-top:0px;border-radius:0px;}\r\n\t@media screen and (max-width:900px){.Extrait_Events_arc{height:210px;margin-top:30px;}}\r\n\t.Extrait_Events_Container_arc{height:70px;background-color:#590630;margin:0 auto;text-align:center;}\r\n\t@media screen and (max-width:900px){.Extrait_Events_Container_arc{height:180px;width:100%;}}\r\n\t.Extrait_Events_arc a:hover{text-decoration:none;}\r\n\t.Date_Events_all_arc{float:left;width:20%;height:70px;margin-bottom:10px;}\r\n\t@media screen and (max-width:900px){.Date_Events_all_arc{float:left;width:100%;height:70px;margin-bottom:10px;}}\r\n\t.Date_Events_1_arc{float:left;width:45%;text-align:center;margin-top:5px;}\r\n\t.Date_Events_1_2_arc{float:left;width:32%;text-align:center;margin-top:5px;}\r\n\t.Date_Events_sep_arc{float:left;text-align:center;width:10%;margin-top:-15px;}\r\n\t.Date_Events_2_arc{float:left;width:45%;text-align:center;margin-top:5px;}\r\n\t.timecss_d_arc {font-size:20px;font-weight:500;margin:0;}\r\n\t.timecss_f_arc {font-size:10px;text-transform:uppercase;margin-top:-5px;}\r\n\t.timecss_y_arc {font-size:11px;margin-top:-28px;}\r\n\t.Date_Events_sep_arc{padding-top:20px}\r\n\t.Cat_Events_arc{color:#e3c022;text-transform:uppercase;font-weight:300;letter-spacing:5px;font-size:8px;}\r\n\t@media screen and (max-width:900px){.Cat_Events_arc{float:left;height:20px;width:100%;margin:0 10px;}}\r\n\t.Cat_Events_arc{float:left;height:20px;width:60%;line-height:1.5;margin-top:7px;}\r\n\t@media screen and (max-width:900px){.Cat_Events_arc{float:left;text-align:center;height:20px;width:100%;margin:10px 0 auto;}}\r\n\t@media screen and (max-width:900px){.Cat_Events_arc_cont{margin:0 10px;width:90%;}}\r\n\t.Titre_Events_arc a{float:left;height:50px;width:60%;font-weight:100;font-size:17px;line-height:1.2;color:#fff;text-rendering:auto;margin-top:-10px;}\r\n\t@media screen and (max-width:900px){.Titre_Events_arc a{height:30px;margin:10px 0 auto;width:100%;line-break:auto;}}\r\n\t@media screen and (max-width:900px){.Titre_Events_arc_cont{margin:0 5%;width:90%;}}\r\n\t.Image_Events_arc{float:left;width:20%;overflow:hidden;position:relative;max-height:70px;margin-top:-27px;}\r\n\t@media screen and (max-width:900px){.Image_Events_arc{float:left;max-height:150px;width:100%;margin-top:10px;}}\r\n\t.Date_Events_all_arc,.Cat_Events_arc,.Titre_Events_arc a{display:flex;justify-content:center;align-items:center;}\r\n\t.desk{display:flex;}.mob{display:none;}\r\n\t@media screen and (max-width:900px){.desk{display:none;}.mob{display:flex;}}\r\n<\/style>\r\n\r\n<div class=\"Extrait_Events_arc\">\r\n\t<div class=\"Extrait_Events_Container_arc\">\r\n\t\t4381\r\n\t\t<div class=\"Cat_Events_arc\"><div class=\"Cat_Events_arc_cont\">F\u00dcHRUNG<\/div><\/div>\r\n\t\t<div class=\"Titre_Events_arc\"><div class=\"Titre_Events_arc_cont\"><a href=\"https:\/\/chateau-de-valangin.ch\/de\/kalender\/schlossfuhrung-auf-deutsch-2-2\/\">Schlossf\u00fchrung auf Deutsch<\/a><\/div><\/div>\t\t\r\n\t\t<div class=\"Image_Events_arc\"><a href=\"https:\/\/chateau-de-valangin.ch\/de\/kalender\/schlossfuhrung-auf-deutsch-2-2\/\"><span class=\"desk\"><img loading=\"lazy\" decoding=\"async\" width=\"300\" height=\"200\" src=\"https:\/\/chateau-de-valangin.ch\/NEWSITE\/wp-content\/uploads\/2022\/02\/cor1791-300x200.jpg\" class=\"attachment-medium size-medium\" alt=\"\" srcset=\"https:\/\/chateau-de-valangin.ch\/NEWSITE\/wp-content\/uploads\/2022\/02\/cor1791-300x200.jpg 300w, https:\/\/chateau-de-valangin.ch\/NEWSITE\/wp-content\/uploads\/2022\/02\/cor1791-1024x683.jpg 1024w, https:\/\/chateau-de-valangin.ch\/NEWSITE\/wp-content\/uploads\/2022\/02\/cor1791-768x512.jpg 768w, https:\/\/chateau-de-valangin.ch\/NEWSITE\/wp-content\/uploads\/2022\/02\/cor1791-1536x1024.jpg 1536w, https:\/\/chateau-de-valangin.ch\/NEWSITE\/wp-content\/uploads\/2022\/02\/cor1791-2048x1365.jpg 2048w, https:\/\/chateau-de-valangin.ch\/NEWSITE\/wp-content\/uploads\/2022\/02\/cor1791-219x146.jpg 219w, https:\/\/chateau-de-valangin.ch\/NEWSITE\/wp-content\/uploads\/2022\/02\/cor1791-50x33.jpg 50w, https:\/\/chateau-de-valangin.ch\/NEWSITE\/wp-content\/uploads\/2022\/02\/cor1791-113x75.jpg 113w, https:\/\/chateau-de-valangin.ch\/NEWSITE\/wp-content\/uploads\/2022\/02\/cor1791-1320x880.jpg 1320w\" sizes=\"auto, (max-width:767px) 300px, 300px\" \/><\/span><span class=\"mob\"><img loading=\"lazy\" decoding=\"async\" width=\"1024\" height=\"683\" src=\"https:\/\/chateau-de-valangin.ch\/NEWSITE\/wp-content\/uploads\/2022\/02\/cor1791-1024x683.jpg\" class=\"attachment-large size-large\" alt=\"\" srcset=\"https:\/\/chateau-de-valangin.ch\/NEWSITE\/wp-content\/uploads\/2022\/02\/cor1791-1024x683.jpg 1024w, https:\/\/chateau-de-valangin.ch\/NEWSITE\/wp-content\/uploads\/2022\/02\/cor1791-300x200.jpg 300w, https:\/\/chateau-de-valangin.ch\/NEWSITE\/wp-content\/uploads\/2022\/02\/cor1791-768x512.jpg 768w, https:\/\/chateau-de-valangin.ch\/NEWSITE\/wp-content\/uploads\/2022\/02\/cor1791-1536x1024.jpg 1536w, https:\/\/chateau-de-valangin.ch\/NEWSITE\/wp-content\/uploads\/2022\/02\/cor1791-2048x1365.jpg 2048w, https:\/\/chateau-de-valangin.ch\/NEWSITE\/wp-content\/uploads\/2022\/02\/cor1791-219x146.jpg 219w, https:\/\/chateau-de-valangin.ch\/NEWSITE\/wp-content\/uploads\/2022\/02\/cor1791-50x33.jpg 50w, https:\/\/chateau-de-valangin.ch\/NEWSITE\/wp-content\/uploads\/2022\/02\/cor1791-113x75.jpg 113w, https:\/\/chateau-de-valangin.ch\/NEWSITE\/wp-content\/uploads\/2022\/02\/cor1791-1320x880.jpg 1320w\" sizes=\"auto, (max-width:767px) 480px, (max-width:1024px) 100vw, 1024px\" \/><\/span><\/a><\/div>\r\n\t<\/div>\r\n<\/div><style>\r\n\t.Extrait_Events_arc{float:left;height:70px;width:100%;background-color:#590630;color:#FFF;margin-top:0px;border-radius:0px;}\r\n\t@media screen and (max-width:900px){.Extrait_Events_arc{height:210px;margin-top:30px;}}\r\n\t.Extrait_Events_Container_arc{height:70px;background-color:#590630;margin:0 auto;text-align:center;}\r\n\t@media screen and (max-width:900px){.Extrait_Events_Container_arc{height:180px;width:100%;}}\r\n\t.Extrait_Events_arc a:hover{text-decoration:none;}\r\n\t.Date_Events_all_arc{float:left;width:20%;height:70px;margin-bottom:10px;}\r\n\t@media screen and (max-width:900px){.Date_Events_all_arc{float:left;width:100%;height:70px;margin-bottom:10px;}}\r\n\t.Date_Events_1_arc{float:left;width:45%;text-align:center;margin-top:5px;}\r\n\t.Date_Events_1_2_arc{float:left;width:32%;text-align:center;margin-top:5px;}\r\n\t.Date_Events_sep_arc{float:left;text-align:center;width:10%;margin-top:-15px;}\r\n\t.Date_Events_2_arc{float:left;width:45%;text-align:center;margin-top:5px;}\r\n\t.timecss_d_arc {font-size:20px;font-weight:500;margin:0;}\r\n\t.timecss_f_arc {font-size:10px;text-transform:uppercase;margin-top:-5px;}\r\n\t.timecss_y_arc {font-size:11px;margin-top:-28px;}\r\n\t.Date_Events_sep_arc{padding-top:20px}\r\n\t.Cat_Events_arc{color:#e3c022;text-transform:uppercase;font-weight:300;letter-spacing:5px;font-size:8px;}\r\n\t@media screen and (max-width:900px){.Cat_Events_arc{float:left;height:20px;width:100%;margin:0 10px;}}\r\n\t.Cat_Events_arc{float:left;height:20px;width:60%;line-height:1.5;margin-top:7px;}\r\n\t@media screen and (max-width:900px){.Cat_Events_arc{float:left;text-align:center;height:20px;width:100%;margin:10px 0 auto;}}\r\n\t@media screen and (max-width:900px){.Cat_Events_arc_cont{margin:0 10px;width:90%;}}\r\n\t.Titre_Events_arc a{float:left;height:50px;width:60%;font-weight:100;font-size:17px;line-height:1.2;color:#fff;text-rendering:auto;margin-top:-10px;}\r\n\t@media screen and (max-width:900px){.Titre_Events_arc a{height:30px;margin:10px 0 auto;width:100%;line-break:auto;}}\r\n\t@media screen and (max-width:900px){.Titre_Events_arc_cont{margin:0 5%;width:90%;}}\r\n\t.Image_Events_arc{float:left;width:20%;overflow:hidden;position:relative;max-height:70px;margin-top:-27px;}\r\n\t@media screen and (max-width:900px){.Image_Events_arc{float:left;max-height:150px;width:100%;margin-top:10px;}}\r\n\t.Date_Events_all_arc,.Cat_Events_arc,.Titre_Events_arc a{display:flex;justify-content:center;align-items:center;}\r\n\t.desk{display:flex;}.mob{display:none;}\r\n\t@media screen and (max-width:900px){.desk{display:none;}.mob{display:flex;}}\r\n<\/style>\r\n\r\n<div class=\"Extrait_Events_arc\">\r\n\t<div class=\"Extrait_Events_Container_arc\">\r\n\t\t4392\r\n\t\t<div class=\"Cat_Events_arc\"><div class=\"Cat_Events_arc_cont\">ANIMATION und WORKSHOP<\/div><\/div>\r\n\t\t<div class=\"Titre_Events_arc\"><div class=\"Titre_Events_arc_cont\"><a href=\"https:\/\/chateau-de-valangin.ch\/de\/kalender\/le-cyanotype-ou-lempreinte-bleue-3\/\">Le cyanotype ou l&#8217;empreinte bleue<\/a><\/div><\/div>\t\t\r\n\t\t<div class=\"Image_Events_arc\"><a href=\"https:\/\/chateau-de-valangin.ch\/de\/kalender\/le-cyanotype-ou-lempreinte-bleue-3\/\"><span class=\"desk\"><img loading=\"lazy\" decoding=\"async\" width=\"300\" height=\"252\" src=\"https:\/\/chateau-de-valangin.ch\/NEWSITE\/wp-content\/uploads\/2024\/04\/cyanotype-300x252.jpg\" class=\"attachment-medium size-medium\" alt=\"\" srcset=\"https:\/\/chateau-de-valangin.ch\/NEWSITE\/wp-content\/uploads\/2024\/04\/cyanotype-300x252.jpg 300w, https:\/\/chateau-de-valangin.ch\/NEWSITE\/wp-content\/uploads\/2024\/04\/cyanotype-1024x860.jpg 1024w, https:\/\/chateau-de-valangin.ch\/NEWSITE\/wp-content\/uploads\/2024\/04\/cyanotype-768x645.jpg 768w, https:\/\/chateau-de-valangin.ch\/NEWSITE\/wp-content\/uploads\/2024\/04\/cyanotype-1536x1290.jpg 1536w, https:\/\/chateau-de-valangin.ch\/NEWSITE\/wp-content\/uploads\/2024\/04\/cyanotype-2048x1720.jpg 2048w, https:\/\/chateau-de-valangin.ch\/NEWSITE\/wp-content\/uploads\/2024\/04\/cyanotype-89x75.jpg 89w, https:\/\/chateau-de-valangin.ch\/NEWSITE\/wp-content\/uploads\/2024\/04\/cyanotype-480x403.jpg 480w, https:\/\/chateau-de-valangin.ch\/NEWSITE\/wp-content\/uploads\/2024\/04\/cyanotype-1320x1108.jpg 1320w\" sizes=\"auto, (max-width:767px) 300px, 300px\" \/><\/span><span class=\"mob\"><img loading=\"lazy\" decoding=\"async\" width=\"1024\" height=\"860\" src=\"https:\/\/chateau-de-valangin.ch\/NEWSITE\/wp-content\/uploads\/2024\/04\/cyanotype-1024x860.jpg\" class=\"attachment-large size-large\" alt=\"\" srcset=\"https:\/\/chateau-de-valangin.ch\/NEWSITE\/wp-content\/uploads\/2024\/04\/cyanotype-1024x860.jpg 1024w, https:\/\/chateau-de-valangin.ch\/NEWSITE\/wp-content\/uploads\/2024\/04\/cyanotype-300x252.jpg 300w, https:\/\/chateau-de-valangin.ch\/NEWSITE\/wp-content\/uploads\/2024\/04\/cyanotype-768x645.jpg 768w, https:\/\/chateau-de-valangin.ch\/NEWSITE\/wp-content\/uploads\/2024\/04\/cyanotype-1536x1290.jpg 1536w, https:\/\/chateau-de-valangin.ch\/NEWSITE\/wp-content\/uploads\/2024\/04\/cyanotype-2048x1720.jpg 2048w, https:\/\/chateau-de-valangin.ch\/NEWSITE\/wp-content\/uploads\/2024\/04\/cyanotype-89x75.jpg 89w, https:\/\/chateau-de-valangin.ch\/NEWSITE\/wp-content\/uploads\/2024\/04\/cyanotype-480x403.jpg 480w, https:\/\/chateau-de-valangin.ch\/NEWSITE\/wp-content\/uploads\/2024\/04\/cyanotype-1320x1108.jpg 1320w\" sizes=\"auto, (max-width:767px) 480px, (max-width:1024px) 100vw, 1024px\" \/><\/span><\/a><\/div>\r\n\t<\/div>\r\n<\/div><style>\r\n\t.Extrait_Events_arc{float:left;height:70px;width:100%;background-color:#590630;color:#FFF;margin-top:0px;border-radius:0px;}\r\n\t@media screen and (max-width:900px){.Extrait_Events_arc{height:210px;margin-top:30px;}}\r\n\t.Extrait_Events_Container_arc{height:70px;background-color:#590630;margin:0 auto;text-align:center;}\r\n\t@media screen and (max-width:900px){.Extrait_Events_Container_arc{height:180px;width:100%;}}\r\n\t.Extrait_Events_arc a:hover{text-decoration:none;}\r\n\t.Date_Events_all_arc{float:left;width:20%;height:70px;margin-bottom:10px;}\r\n\t@media screen and (max-width:900px){.Date_Events_all_arc{float:left;width:100%;height:70px;margin-bottom:10px;}}\r\n\t.Date_Events_1_arc{float:left;width:45%;text-align:center;margin-top:5px;}\r\n\t.Date_Events_1_2_arc{float:left;width:32%;text-align:center;margin-top:5px;}\r\n\t.Date_Events_sep_arc{float:left;text-align:center;width:10%;margin-top:-15px;}\r\n\t.Date_Events_2_arc{float:left;width:45%;text-align:center;margin-top:5px;}\r\n\t.timecss_d_arc {font-size:20px;font-weight:500;margin:0;}\r\n\t.timecss_f_arc {font-size:10px;text-transform:uppercase;margin-top:-5px;}\r\n\t.timecss_y_arc {font-size:11px;margin-top:-28px;}\r\n\t.Date_Events_sep_arc{padding-top:20px}\r\n\t.Cat_Events_arc{color:#e3c022;text-transform:uppercase;font-weight:300;letter-spacing:5px;font-size:8px;}\r\n\t@media screen and (max-width:900px){.Cat_Events_arc{float:left;height:20px;width:100%;margin:0 10px;}}\r\n\t.Cat_Events_arc{float:left;height:20px;width:60%;line-height:1.5;margin-top:7px;}\r\n\t@media screen and (max-width:900px){.Cat_Events_arc{float:left;text-align:center;height:20px;width:100%;margin:10px 0 auto;}}\r\n\t@media screen and (max-width:900px){.Cat_Events_arc_cont{margin:0 10px;width:90%;}}\r\n\t.Titre_Events_arc a{float:left;height:50px;width:60%;font-weight:100;font-size:17px;line-height:1.2;color:#fff;text-rendering:auto;margin-top:-10px;}\r\n\t@media screen and (max-width:900px){.Titre_Events_arc a{height:30px;margin:10px 0 auto;width:100%;line-break:auto;}}\r\n\t@media screen and (max-width:900px){.Titre_Events_arc_cont{margin:0 5%;width:90%;}}\r\n\t.Image_Events_arc{float:left;width:20%;overflow:hidden;position:relative;max-height:70px;margin-top:-27px;}\r\n\t@media screen and (max-width:900px){.Image_Events_arc{float:left;max-height:150px;width:100%;margin-top:10px;}}\r\n\t.Date_Events_all_arc,.Cat_Events_arc,.Titre_Events_arc a{display:flex;justify-content:center;align-items:center;}\r\n\t.desk{display:flex;}.mob{display:none;}\r\n\t@media screen and (max-width:900px){.desk{display:none;}.mob{display:flex;}}\r\n<\/style>\r\n\r\n<div class=\"Extrait_Events_arc\">\r\n\t<div class=\"Extrait_Events_Container_arc\">\r\n\t\t4260\r\n\t\t<div class=\"Cat_Events_arc\"><div class=\"Cat_Events_arc_cont\">ANIMATION<\/div><\/div>\r\n\t\t<div class=\"Titre_Events_arc\"><div class=\"Titre_Events_arc_cont\"><a href=\"https:\/\/chateau-de-valangin.ch\/de\/kalender\/demonstration-de-dentellieres-2023-2-2-2-2-2-2-2-3-2-2\/\">Kl\u00f6pplerinnen zeigen ihre Kunst<\/a><\/div><\/div>\t\t\r\n\t\t<div class=\"Image_Events_arc\"><a href=\"https:\/\/chateau-de-valangin.ch\/de\/kalender\/demonstration-de-dentellieres-2023-2-2-2-2-2-2-2-3-2-2\/\"><span class=\"desk\"><img loading=\"lazy\" decoding=\"async\" width=\"300\" height=\"200\" src=\"https:\/\/chateau-de-valangin.ch\/NEWSITE\/wp-content\/uploads\/2018\/12\/25-chacc82teau-de-valangin_photo-noemi-tirro-300x200.jpg\" class=\"attachment-medium size-medium\" alt=\"\" srcset=\"https:\/\/chateau-de-valangin.ch\/NEWSITE\/wp-content\/uploads\/2018\/12\/25-chacc82teau-de-valangin_photo-noemi-tirro-300x200.jpg 300w, https:\/\/chateau-de-valangin.ch\/NEWSITE\/wp-content\/uploads\/2018\/12\/25-chacc82teau-de-valangin_photo-noemi-tirro-768x513.jpg 768w, https:\/\/chateau-de-valangin.ch\/NEWSITE\/wp-content\/uploads\/2018\/12\/25-chacc82teau-de-valangin_photo-noemi-tirro-1024x684.jpg 1024w, https:\/\/chateau-de-valangin.ch\/NEWSITE\/wp-content\/uploads\/2018\/12\/25-chacc82teau-de-valangin_photo-noemi-tirro-219x146.jpg 219w, https:\/\/chateau-de-valangin.ch\/NEWSITE\/wp-content\/uploads\/2018\/12\/25-chacc82teau-de-valangin_photo-noemi-tirro-50x33.jpg 50w, https:\/\/chateau-de-valangin.ch\/NEWSITE\/wp-content\/uploads\/2018\/12\/25-chacc82teau-de-valangin_photo-noemi-tirro-112x75.jpg 112w, https:\/\/chateau-de-valangin.ch\/NEWSITE\/wp-content\/uploads\/2018\/12\/25-chacc82teau-de-valangin_photo-noemi-tirro.jpg 1200w\" sizes=\"auto, (max-width:767px) 300px, 300px\" \/><\/span><span class=\"mob\"><img loading=\"lazy\" decoding=\"async\" width=\"1024\" height=\"684\" src=\"https:\/\/chateau-de-valangin.ch\/NEWSITE\/wp-content\/uploads\/2018\/12\/25-chacc82teau-de-valangin_photo-noemi-tirro-1024x684.jpg\" class=\"attachment-large size-large\" alt=\"\" srcset=\"https:\/\/chateau-de-valangin.ch\/NEWSITE\/wp-content\/uploads\/2018\/12\/25-chacc82teau-de-valangin_photo-noemi-tirro-1024x684.jpg 1024w, https:\/\/chateau-de-valangin.ch\/NEWSITE\/wp-content\/uploads\/2018\/12\/25-chacc82teau-de-valangin_photo-noemi-tirro-300x200.jpg 300w, https:\/\/chateau-de-valangin.ch\/NEWSITE\/wp-content\/uploads\/2018\/12\/25-chacc82teau-de-valangin_photo-noemi-tirro-768x513.jpg 768w, https:\/\/chateau-de-valangin.ch\/NEWSITE\/wp-content\/uploads\/2018\/12\/25-chacc82teau-de-valangin_photo-noemi-tirro-219x146.jpg 219w, https:\/\/chateau-de-valangin.ch\/NEWSITE\/wp-content\/uploads\/2018\/12\/25-chacc82teau-de-valangin_photo-noemi-tirro-50x33.jpg 50w, https:\/\/chateau-de-valangin.ch\/NEWSITE\/wp-content\/uploads\/2018\/12\/25-chacc82teau-de-valangin_photo-noemi-tirro-112x75.jpg 112w, https:\/\/chateau-de-valangin.ch\/NEWSITE\/wp-content\/uploads\/2018\/12\/25-chacc82teau-de-valangin_photo-noemi-tirro.jpg 1200w\" sizes=\"auto, (max-width:767px) 480px, (max-width:1024px) 100vw, 1024px\" \/><\/span><\/a><\/div>\r\n\t<\/div>\r\n<\/div><style>\r\n\t.Extrait_Events_arc{float:left;height:70px;width:100%;background-color:#590630;color:#FFF;margin-top:0px;border-radius:0px;}\r\n\t@media screen and (max-width:900px){.Extrait_Events_arc{height:210px;margin-top:30px;}}\r\n\t.Extrait_Events_Container_arc{height:70px;background-color:#590630;margin:0 auto;text-align:center;}\r\n\t@media screen and (max-width:900px){.Extrait_Events_Container_arc{height:180px;width:100%;}}\r\n\t.Extrait_Events_arc a:hover{text-decoration:none;}\r\n\t.Date_Events_all_arc{float:left;width:20%;height:70px;margin-bottom:10px;}\r\n\t@media screen and (max-width:900px){.Date_Events_all_arc{float:left;width:100%;height:70px;margin-bottom:10px;}}\r\n\t.Date_Events_1_arc{float:left;width:45%;text-align:center;margin-top:5px;}\r\n\t.Date_Events_1_2_arc{float:left;width:32%;text-align:center;margin-top:5px;}\r\n\t.Date_Events_sep_arc{float:left;text-align:center;width:10%;margin-top:-15px;}\r\n\t.Date_Events_2_arc{float:left;width:45%;text-align:center;margin-top:5px;}\r\n\t.timecss_d_arc {font-size:20px;font-weight:500;margin:0;}\r\n\t.timecss_f_arc {font-size:10px;text-transform:uppercase;margin-top:-5px;}\r\n\t.timecss_y_arc {font-size:11px;margin-top:-28px;}\r\n\t.Date_Events_sep_arc{padding-top:20px}\r\n\t.Cat_Events_arc{color:#e3c022;text-transform:uppercase;font-weight:300;letter-spacing:5px;font-size:8px;}\r\n\t@media screen and (max-width:900px){.Cat_Events_arc{float:left;height:20px;width:100%;margin:0 10px;}}\r\n\t.Cat_Events_arc{float:left;height:20px;width:60%;line-height:1.5;margin-top:7px;}\r\n\t@media screen and (max-width:900px){.Cat_Events_arc{float:left;text-align:center;height:20px;width:100%;margin:10px 0 auto;}}\r\n\t@media screen and (max-width:900px){.Cat_Events_arc_cont{margin:0 10px;width:90%;}}\r\n\t.Titre_Events_arc a{float:left;height:50px;width:60%;font-weight:100;font-size:17px;line-height:1.2;color:#fff;text-rendering:auto;margin-top:-10px;}\r\n\t@media screen and (max-width:900px){.Titre_Events_arc a{height:30px;margin:10px 0 auto;width:100%;line-break:auto;}}\r\n\t@media screen and (max-width:900px){.Titre_Events_arc_cont{margin:0 5%;width:90%;}}\r\n\t.Image_Events_arc{float:left;width:20%;overflow:hidden;position:relative;max-height:70px;margin-top:-27px;}\r\n\t@media screen and (max-width:900px){.Image_Events_arc{float:left;max-height:150px;width:100%;margin-top:10px;}}\r\n\t.Date_Events_all_arc,.Cat_Events_arc,.Titre_Events_arc a{display:flex;justify-content:center;align-items:center;}\r\n\t.desk{display:flex;}.mob{display:none;}\r\n\t@media screen and (max-width:900px){.desk{display:none;}.mob{display:flex;}}\r\n<\/style>\r\n\r\n<div class=\"Extrait_Events_arc\">\r\n\t<div class=\"Extrait_Events_Container_arc\">\r\n\t\t4393\r\n\t\t<div class=\"Cat_Events_arc\"><div class=\"Cat_Events_arc_cont\">ANIMATION und WORKSHOP<\/div><\/div>\r\n\t\t<div class=\"Titre_Events_arc\"><div class=\"Titre_Events_arc_cont\"><a href=\"https:\/\/chateau-de-valangin.ch\/de\/kalender\/les-plantes-anesthesiantes-une-histoire-a-en-mourir-2\/\">VERSCHOBEN &#8211; Les plantes anesth\u00e9siantes, une histoire \u00e0 en  mourir.<\/a><\/div><\/div>\t\t\r\n\t\t<div class=\"Image_Events_arc\"><a href=\"https:\/\/chateau-de-valangin.ch\/de\/kalender\/les-plantes-anesthesiantes-une-histoire-a-en-mourir-2\/\"><span class=\"desk\"><img loading=\"lazy\" decoding=\"async\" width=\"272\" height=\"300\" src=\"https:\/\/chateau-de-valangin.ch\/NEWSITE\/wp-content\/uploads\/2024\/04\/mandragora_tacuinum_sanitatis-272x300.jpg\" class=\"attachment-medium size-medium\" alt=\"\" srcset=\"https:\/\/chateau-de-valangin.ch\/NEWSITE\/wp-content\/uploads\/2024\/04\/mandragora_tacuinum_sanitatis-272x300.jpg 272w, https:\/\/chateau-de-valangin.ch\/NEWSITE\/wp-content\/uploads\/2024\/04\/mandragora_tacuinum_sanitatis-68x75.jpg 68w, https:\/\/chateau-de-valangin.ch\/NEWSITE\/wp-content\/uploads\/2024\/04\/mandragora_tacuinum_sanitatis.jpg 458w\" sizes=\"auto, (max-width:767px) 272px, 272px\" \/><\/span><span class=\"mob\"><img loading=\"lazy\" decoding=\"async\" width=\"458\" height=\"505\" src=\"https:\/\/chateau-de-valangin.ch\/NEWSITE\/wp-content\/uploads\/2024\/04\/mandragora_tacuinum_sanitatis.jpg\" class=\"attachment-large size-large\" alt=\"\" srcset=\"https:\/\/chateau-de-valangin.ch\/NEWSITE\/wp-content\/uploads\/2024\/04\/mandragora_tacuinum_sanitatis.jpg 458w, https:\/\/chateau-de-valangin.ch\/NEWSITE\/wp-content\/uploads\/2024\/04\/mandragora_tacuinum_sanitatis-272x300.jpg 272w, https:\/\/chateau-de-valangin.ch\/NEWSITE\/wp-content\/uploads\/2024\/04\/mandragora_tacuinum_sanitatis-68x75.jpg 68w\" sizes=\"auto, (max-width:767px) 458px, 458px\" \/><\/span><\/a><\/div>\r\n\t<\/div>\r\n<\/div><style>\r\n\t.Extrait_Events_arc{float:left;height:70px;width:100%;background-color:#590630;color:#FFF;margin-top:0px;border-radius:0px;}\r\n\t@media screen and (max-width:900px){.Extrait_Events_arc{height:210px;margin-top:30px;}}\r\n\t.Extrait_Events_Container_arc{height:70px;background-color:#590630;margin:0 auto;text-align:center;}\r\n\t@media screen and (max-width:900px){.Extrait_Events_Container_arc{height:180px;width:100%;}}\r\n\t.Extrait_Events_arc a:hover{text-decoration:none;}\r\n\t.Date_Events_all_arc{float:left;width:20%;height:70px;margin-bottom:10px;}\r\n\t@media screen and (max-width:900px){.Date_Events_all_arc{float:left;width:100%;height:70px;margin-bottom:10px;}}\r\n\t.Date_Events_1_arc{float:left;width:45%;text-align:center;margin-top:5px;}\r\n\t.Date_Events_1_2_arc{float:left;width:32%;text-align:center;margin-top:5px;}\r\n\t.Date_Events_sep_arc{float:left;text-align:center;width:10%;margin-top:-15px;}\r\n\t.Date_Events_2_arc{float:left;width:45%;text-align:center;margin-top:5px;}\r\n\t.timecss_d_arc {font-size:20px;font-weight:500;margin:0;}\r\n\t.timecss_f_arc {font-size:10px;text-transform:uppercase;margin-top:-5px;}\r\n\t.timecss_y_arc {font-size:11px;margin-top:-28px;}\r\n\t.Date_Events_sep_arc{padding-top:20px}\r\n\t.Cat_Events_arc{color:#e3c022;text-transform:uppercase;font-weight:300;letter-spacing:5px;font-size:8px;}\r\n\t@media screen and (max-width:900px){.Cat_Events_arc{float:left;height:20px;width:100%;margin:0 10px;}}\r\n\t.Cat_Events_arc{float:left;height:20px;width:60%;line-height:1.5;margin-top:7px;}\r\n\t@media screen and (max-width:900px){.Cat_Events_arc{float:left;text-align:center;height:20px;width:100%;margin:10px 0 auto;}}\r\n\t@media screen and (max-width:900px){.Cat_Events_arc_cont{margin:0 10px;width:90%;}}\r\n\t.Titre_Events_arc a{float:left;height:50px;width:60%;font-weight:100;font-size:17px;line-height:1.2;color:#fff;text-rendering:auto;margin-top:-10px;}\r\n\t@media screen and (max-width:900px){.Titre_Events_arc a{height:30px;margin:10px 0 auto;width:100%;line-break:auto;}}\r\n\t@media screen and (max-width:900px){.Titre_Events_arc_cont{margin:0 5%;width:90%;}}\r\n\t.Image_Events_arc{float:left;width:20%;overflow:hidden;position:relative;max-height:70px;margin-top:-27px;}\r\n\t@media screen and (max-width:900px){.Image_Events_arc{float:left;max-height:150px;width:100%;margin-top:10px;}}\r\n\t.Date_Events_all_arc,.Cat_Events_arc,.Titre_Events_arc a{display:flex;justify-content:center;align-items:center;}\r\n\t.desk{display:flex;}.mob{display:none;}\r\n\t@media screen and (max-width:900px){.desk{display:none;}.mob{display:flex;}}\r\n<\/style>\r\n\r\n<div class=\"Extrait_Events_arc\">\r\n\t<div class=\"Extrait_Events_Container_arc\">\r\n\t\t4410\r\n\t\t<div class=\"Cat_Events_arc\"><div class=\"Cat_Events_arc_cont\">ANIMATION und WORKSHOP<\/div><\/div>\r\n\t\t<div class=\"Titre_Events_arc\"><div class=\"Titre_Events_arc_cont\"><a href=\"https:\/\/chateau-de-valangin.ch\/de\/kalender\/les-plantes-anesthesiantes-une-histoire-a-en-mourir\/\">VERSCHOBEN &#8211; Les plantes anesth\u00e9siantes, une histoire \u00e0 en  mourir.<\/a><\/div><\/div>\t\t\r\n\t\t<div class=\"Image_Events_arc\"><a href=\"https:\/\/chateau-de-valangin.ch\/de\/kalender\/les-plantes-anesthesiantes-une-histoire-a-en-mourir\/\"><span class=\"desk\"><img loading=\"lazy\" decoding=\"async\" width=\"272\" height=\"300\" src=\"https:\/\/chateau-de-valangin.ch\/NEWSITE\/wp-content\/uploads\/2024\/04\/mandragora_tacuinum_sanitatis-272x300.jpg\" class=\"attachment-medium size-medium\" alt=\"\" srcset=\"https:\/\/chateau-de-valangin.ch\/NEWSITE\/wp-content\/uploads\/2024\/04\/mandragora_tacuinum_sanitatis-272x300.jpg 272w, https:\/\/chateau-de-valangin.ch\/NEWSITE\/wp-content\/uploads\/2024\/04\/mandragora_tacuinum_sanitatis-68x75.jpg 68w, https:\/\/chateau-de-valangin.ch\/NEWSITE\/wp-content\/uploads\/2024\/04\/mandragora_tacuinum_sanitatis.jpg 458w\" sizes=\"auto, (max-width:767px) 272px, 272px\" \/><\/span><span class=\"mob\"><img loading=\"lazy\" decoding=\"async\" width=\"458\" height=\"505\" src=\"https:\/\/chateau-de-valangin.ch\/NEWSITE\/wp-content\/uploads\/2024\/04\/mandragora_tacuinum_sanitatis.jpg\" class=\"attachment-large size-large\" alt=\"\" srcset=\"https:\/\/chateau-de-valangin.ch\/NEWSITE\/wp-content\/uploads\/2024\/04\/mandragora_tacuinum_sanitatis.jpg 458w, https:\/\/chateau-de-valangin.ch\/NEWSITE\/wp-content\/uploads\/2024\/04\/mandragora_tacuinum_sanitatis-272x300.jpg 272w, https:\/\/chateau-de-valangin.ch\/NEWSITE\/wp-content\/uploads\/2024\/04\/mandragora_tacuinum_sanitatis-68x75.jpg 68w\" sizes=\"auto, (max-width:767px) 458px, 458px\" \/><\/span><\/a><\/div>\r\n\t<\/div>\r\n<\/div><style>\r\n\t.Extrait_Events_arc{float:left;height:70px;width:100%;background-color:#590630;color:#FFF;margin-top:0px;border-radius:0px;}\r\n\t@media screen and (max-width:900px){.Extrait_Events_arc{height:210px;margin-top:30px;}}\r\n\t.Extrait_Events_Container_arc{height:70px;background-color:#590630;margin:0 auto;text-align:center;}\r\n\t@media screen and (max-width:900px){.Extrait_Events_Container_arc{height:180px;width:100%;}}\r\n\t.Extrait_Events_arc a:hover{text-decoration:none;}\r\n\t.Date_Events_all_arc{float:left;width:20%;height:70px;margin-bottom:10px;}\r\n\t@media screen and (max-width:900px){.Date_Events_all_arc{float:left;width:100%;height:70px;margin-bottom:10px;}}\r\n\t.Date_Events_1_arc{float:left;width:45%;text-align:center;margin-top:5px;}\r\n\t.Date_Events_1_2_arc{float:left;width:32%;text-align:center;margin-top:5px;}\r\n\t.Date_Events_sep_arc{float:left;text-align:center;width:10%;margin-top:-15px;}\r\n\t.Date_Events_2_arc{float:left;width:45%;text-align:center;margin-top:5px;}\r\n\t.timecss_d_arc {font-size:20px;font-weight:500;margin:0;}\r\n\t.timecss_f_arc {font-size:10px;text-transform:uppercase;margin-top:-5px;}\r\n\t.timecss_y_arc {font-size:11px;margin-top:-28px;}\r\n\t.Date_Events_sep_arc{padding-top:20px}\r\n\t.Cat_Events_arc{color:#e3c022;text-transform:uppercase;font-weight:300;letter-spacing:5px;font-size:8px;}\r\n\t@media screen and (max-width:900px){.Cat_Events_arc{float:left;height:20px;width:100%;margin:0 10px;}}\r\n\t.Cat_Events_arc{float:left;height:20px;width:60%;line-height:1.5;margin-top:7px;}\r\n\t@media screen and (max-width:900px){.Cat_Events_arc{float:left;text-align:center;height:20px;width:100%;margin:10px 0 auto;}}\r\n\t@media screen and (max-width:900px){.Cat_Events_arc_cont{margin:0 10px;width:90%;}}\r\n\t.Titre_Events_arc a{float:left;height:50px;width:60%;font-weight:100;font-size:17px;line-height:1.2;color:#fff;text-rendering:auto;margin-top:-10px;}\r\n\t@media screen and (max-width:900px){.Titre_Events_arc a{height:30px;margin:10px 0 auto;width:100%;line-break:auto;}}\r\n\t@media screen and (max-width:900px){.Titre_Events_arc_cont{margin:0 5%;width:90%;}}\r\n\t.Image_Events_arc{float:left;width:20%;overflow:hidden;position:relative;max-height:70px;margin-top:-27px;}\r\n\t@media screen and (max-width:900px){.Image_Events_arc{float:left;max-height:150px;width:100%;margin-top:10px;}}\r\n\t.Date_Events_all_arc,.Cat_Events_arc,.Titre_Events_arc a{display:flex;justify-content:center;align-items:center;}\r\n\t.desk{display:flex;}.mob{display:none;}\r\n\t@media screen and (max-width:900px){.desk{display:none;}.mob{display:flex;}}\r\n<\/style>\r\n\r\n<div class=\"Extrait_Events_arc\">\r\n\t<div class=\"Extrait_Events_Container_arc\">\r\n\t\t4364\r\n\t\t<div class=\"Cat_Events_arc\"><div class=\"Cat_Events_arc_cont\">F\u00dcHRUNG und VERANSTALTUNG<\/div><\/div>\r\n\t\t<div class=\"Titre_Events_arc\"><div class=\"Titre_Events_arc_cont\"><a href=\"https:\/\/chateau-de-valangin.ch\/de\/kalender\/valangin-au-feminin-3-femmes-3-vies-3-siecles-2\/\">Valangin au f\u00e9minin.   3 femmes &#8211; 3 vies &#8211; 3 si\u00e8cles<\/a><\/div><\/div>\t\t\r\n\t\t<div class=\"Image_Events_arc\"><a href=\"https:\/\/chateau-de-valangin.ch\/de\/kalender\/valangin-au-feminin-3-femmes-3-vies-3-siecles-2\/\"><span class=\"desk\"><img loading=\"lazy\" decoding=\"async\" width=\"214\" height=\"300\" src=\"https:\/\/chateau-de-valangin.ch\/NEWSITE\/wp-content\/uploads\/2024\/02\/dossier-val_ofeminin_a5_def-214x300.jpg\" class=\"attachment-medium size-medium\" alt=\"\" srcset=\"https:\/\/chateau-de-valangin.ch\/NEWSITE\/wp-content\/uploads\/2024\/02\/dossier-val_ofeminin_a5_def-214x300.jpg 214w, https:\/\/chateau-de-valangin.ch\/NEWSITE\/wp-content\/uploads\/2024\/02\/dossier-val_ofeminin_a5_def-730x1024.jpg 730w, https:\/\/chateau-de-valangin.ch\/NEWSITE\/wp-content\/uploads\/2024\/02\/dossier-val_ofeminin_a5_def-768x1077.jpg 768w, https:\/\/chateau-de-valangin.ch\/NEWSITE\/wp-content\/uploads\/2024\/02\/dossier-val_ofeminin_a5_def-1095x1536.jpg 1095w, https:\/\/chateau-de-valangin.ch\/NEWSITE\/wp-content\/uploads\/2024\/02\/dossier-val_ofeminin_a5_def-1460x2048.jpg 1460w, https:\/\/chateau-de-valangin.ch\/NEWSITE\/wp-content\/uploads\/2024\/02\/dossier-val_ofeminin_a5_def-53x75.jpg 53w, https:\/\/chateau-de-valangin.ch\/NEWSITE\/wp-content\/uploads\/2024\/02\/dossier-val_ofeminin_a5_def-480x673.jpg 480w, https:\/\/chateau-de-valangin.ch\/NEWSITE\/wp-content\/uploads\/2024\/02\/dossier-val_ofeminin_a5_def-1320x1851.jpg 1320w, https:\/\/chateau-de-valangin.ch\/NEWSITE\/wp-content\/uploads\/2024\/02\/dossier-val_ofeminin_a5_def.jpg 1819w\" sizes=\"auto, (max-width:767px) 214px, 214px\" \/><\/span><span class=\"mob\"><img loading=\"lazy\" decoding=\"async\" width=\"730\" height=\"1024\" src=\"https:\/\/chateau-de-valangin.ch\/NEWSITE\/wp-content\/uploads\/2024\/02\/dossier-val_ofeminin_a5_def-730x1024.jpg\" class=\"attachment-large size-large\" alt=\"\" srcset=\"https:\/\/chateau-de-valangin.ch\/NEWSITE\/wp-content\/uploads\/2024\/02\/dossier-val_ofeminin_a5_def-730x1024.jpg 730w, https:\/\/chateau-de-valangin.ch\/NEWSITE\/wp-content\/uploads\/2024\/02\/dossier-val_ofeminin_a5_def-214x300.jpg 214w, https:\/\/chateau-de-valangin.ch\/NEWSITE\/wp-content\/uploads\/2024\/02\/dossier-val_ofeminin_a5_def-768x1077.jpg 768w, https:\/\/chateau-de-valangin.ch\/NEWSITE\/wp-content\/uploads\/2024\/02\/dossier-val_ofeminin_a5_def-1095x1536.jpg 1095w, https:\/\/chateau-de-valangin.ch\/NEWSITE\/wp-content\/uploads\/2024\/02\/dossier-val_ofeminin_a5_def-1460x2048.jpg 1460w, https:\/\/chateau-de-valangin.ch\/NEWSITE\/wp-content\/uploads\/2024\/02\/dossier-val_ofeminin_a5_def-53x75.jpg 53w, https:\/\/chateau-de-valangin.ch\/NEWSITE\/wp-content\/uploads\/2024\/02\/dossier-val_ofeminin_a5_def-480x673.jpg 480w, https:\/\/chateau-de-valangin.ch\/NEWSITE\/wp-content\/uploads\/2024\/02\/dossier-val_ofeminin_a5_def-1320x1851.jpg 1320w, https:\/\/chateau-de-valangin.ch\/NEWSITE\/wp-content\/uploads\/2024\/02\/dossier-val_ofeminin_a5_def.jpg 1819w\" sizes=\"auto, (max-width:767px) 480px, 730px\" \/><\/span><\/a><\/div>\r\n\t<\/div>\r\n<\/div><style>\r\n\t.Extrait_Events_arc{float:left;height:70px;width:100%;background-color:#590630;color:#FFF;margin-top:0px;border-radius:0px;}\r\n\t@media screen and (max-width:900px){.Extrait_Events_arc{height:210px;margin-top:30px;}}\r\n\t.Extrait_Events_Container_arc{height:70px;background-color:#590630;margin:0 auto;text-align:center;}\r\n\t@media screen and (max-width:900px){.Extrait_Events_Container_arc{height:180px;width:100%;}}\r\n\t.Extrait_Events_arc a:hover{text-decoration:none;}\r\n\t.Date_Events_all_arc{float:left;width:20%;height:70px;margin-bottom:10px;}\r\n\t@media screen and (max-width:900px){.Date_Events_all_arc{float:left;width:100%;height:70px;margin-bottom:10px;}}\r\n\t.Date_Events_1_arc{float:left;width:45%;text-align:center;margin-top:5px;}\r\n\t.Date_Events_1_2_arc{float:left;width:32%;text-align:center;margin-top:5px;}\r\n\t.Date_Events_sep_arc{float:left;text-align:center;width:10%;margin-top:-15px;}\r\n\t.Date_Events_2_arc{float:left;width:45%;text-align:center;margin-top:5px;}\r\n\t.timecss_d_arc {font-size:20px;font-weight:500;margin:0;}\r\n\t.timecss_f_arc {font-size:10px;text-transform:uppercase;margin-top:-5px;}\r\n\t.timecss_y_arc {font-size:11px;margin-top:-28px;}\r\n\t.Date_Events_sep_arc{padding-top:20px}\r\n\t.Cat_Events_arc{color:#e3c022;text-transform:uppercase;font-weight:300;letter-spacing:5px;font-size:8px;}\r\n\t@media screen and (max-width:900px){.Cat_Events_arc{float:left;height:20px;width:100%;margin:0 10px;}}\r\n\t.Cat_Events_arc{float:left;height:20px;width:60%;line-height:1.5;margin-top:7px;}\r\n\t@media screen and (max-width:900px){.Cat_Events_arc{float:left;text-align:center;height:20px;width:100%;margin:10px 0 auto;}}\r\n\t@media screen and (max-width:900px){.Cat_Events_arc_cont{margin:0 10px;width:90%;}}\r\n\t.Titre_Events_arc a{float:left;height:50px;width:60%;font-weight:100;font-size:17px;line-height:1.2;color:#fff;text-rendering:auto;margin-top:-10px;}\r\n\t@media screen and (max-width:900px){.Titre_Events_arc a{height:30px;margin:10px 0 auto;width:100%;line-break:auto;}}\r\n\t@media screen and (max-width:900px){.Titre_Events_arc_cont{margin:0 5%;width:90%;}}\r\n\t.Image_Events_arc{float:left;width:20%;overflow:hidden;position:relative;max-height:70px;margin-top:-27px;}\r\n\t@media screen and (max-width:900px){.Image_Events_arc{float:left;max-height:150px;width:100%;margin-top:10px;}}\r\n\t.Date_Events_all_arc,.Cat_Events_arc,.Titre_Events_arc a{display:flex;justify-content:center;align-items:center;}\r\n\t.desk{display:flex;}.mob{display:none;}\r\n\t@media screen and (max-width:900px){.desk{display:none;}.mob{display:flex;}}\r\n<\/style>\r\n\r\n<div class=\"Extrait_Events_arc\">\r\n\t<div class=\"Extrait_Events_Container_arc\">\r\n\t\t4395\r\n\t\t<div class=\"Cat_Events_arc\"><div class=\"Cat_Events_arc_cont\">ANIMATION, F\u00dcHRUNG, und WORKSHOP<\/div><\/div>\r\n\t\t<div class=\"Titre_Events_arc\"><div class=\"Titre_Events_arc_cont\"><a href=\"https:\/\/chateau-de-valangin.ch\/de\/kalender\/a-la-decouverte-du-potager-medieval\/\">A la d\u00e9couverte du potager m\u00e9di\u00e9val<\/a><\/div><\/div>\t\t\r\n\t\t<div class=\"Image_Events_arc\"><a href=\"https:\/\/chateau-de-valangin.ch\/de\/kalender\/a-la-decouverte-du-potager-medieval\/\"><span class=\"desk\"><img loading=\"lazy\" decoding=\"async\" width=\"300\" height=\"144\" src=\"https:\/\/chateau-de-valangin.ch\/NEWSITE\/wp-content\/uploads\/2024\/02\/legumes-16e-siecle-1-300x144.png\" class=\"attachment-medium size-medium\" alt=\"\" srcset=\"https:\/\/chateau-de-valangin.ch\/NEWSITE\/wp-content\/uploads\/2024\/02\/legumes-16e-siecle-1-300x144.png 300w, https:\/\/chateau-de-valangin.ch\/NEWSITE\/wp-content\/uploads\/2024\/02\/legumes-16e-siecle-1-1024x491.png 1024w, https:\/\/chateau-de-valangin.ch\/NEWSITE\/wp-content\/uploads\/2024\/02\/legumes-16e-siecle-1-768x368.png 768w, https:\/\/chateau-de-valangin.ch\/NEWSITE\/wp-content\/uploads\/2024\/02\/legumes-16e-siecle-1-150x72.png 150w, https:\/\/chateau-de-valangin.ch\/NEWSITE\/wp-content\/uploads\/2024\/02\/legumes-16e-siecle-1-1280x617.png 1280w, https:\/\/chateau-de-valangin.ch\/NEWSITE\/wp-content\/uploads\/2024\/02\/legumes-16e-siecle-1-480x230.png 480w, https:\/\/chateau-de-valangin.ch\/NEWSITE\/wp-content\/uploads\/2024\/02\/legumes-16e-siecle-1.png 1287w\" sizes=\"auto, (max-width:767px) 300px, 300px\" \/><\/span><span class=\"mob\"><img loading=\"lazy\" decoding=\"async\" width=\"1024\" height=\"491\" src=\"https:\/\/chateau-de-valangin.ch\/NEWSITE\/wp-content\/uploads\/2024\/02\/legumes-16e-siecle-1-1024x491.png\" class=\"attachment-large size-large\" alt=\"\" srcset=\"https:\/\/chateau-de-valangin.ch\/NEWSITE\/wp-content\/uploads\/2024\/02\/legumes-16e-siecle-1-1024x491.png 1024w, https:\/\/chateau-de-valangin.ch\/NEWSITE\/wp-content\/uploads\/2024\/02\/legumes-16e-siecle-1-300x144.png 300w, https:\/\/chateau-de-valangin.ch\/NEWSITE\/wp-content\/uploads\/2024\/02\/legumes-16e-siecle-1-768x368.png 768w, https:\/\/chateau-de-valangin.ch\/NEWSITE\/wp-content\/uploads\/2024\/02\/legumes-16e-siecle-1-150x72.png 150w, https:\/\/chateau-de-valangin.ch\/NEWSITE\/wp-content\/uploads\/2024\/02\/legumes-16e-siecle-1-480x230.png 480w, https:\/\/chateau-de-valangin.ch\/NEWSITE\/wp-content\/uploads\/2024\/02\/legumes-16e-siecle-1.png 1287w\" sizes=\"auto, (max-width:767px) 480px, (max-width:1024px) 100vw, 1024px\" \/><\/span><\/a><\/div>\r\n\t<\/div>\r\n<\/div><style>\r\n\t.Extrait_Events_arc{float:left;height:70px;width:100%;background-color:#590630;color:#FFF;margin-top:0px;border-radius:0px;}\r\n\t@media screen and (max-width:900px){.Extrait_Events_arc{height:210px;margin-top:30px;}}\r\n\t.Extrait_Events_Container_arc{height:70px;background-color:#590630;margin:0 auto;text-align:center;}\r\n\t@media screen and (max-width:900px){.Extrait_Events_Container_arc{height:180px;width:100%;}}\r\n\t.Extrait_Events_arc a:hover{text-decoration:none;}\r\n\t.Date_Events_all_arc{float:left;width:20%;height:70px;margin-bottom:10px;}\r\n\t@media screen and (max-width:900px){.Date_Events_all_arc{float:left;width:100%;height:70px;margin-bottom:10px;}}\r\n\t.Date_Events_1_arc{float:left;width:45%;text-align:center;margin-top:5px;}\r\n\t.Date_Events_1_2_arc{float:left;width:32%;text-align:center;margin-top:5px;}\r\n\t.Date_Events_sep_arc{float:left;text-align:center;width:10%;margin-top:-15px;}\r\n\t.Date_Events_2_arc{float:left;width:45%;text-align:center;margin-top:5px;}\r\n\t.timecss_d_arc {font-size:20px;font-weight:500;margin:0;}\r\n\t.timecss_f_arc {font-size:10px;text-transform:uppercase;margin-top:-5px;}\r\n\t.timecss_y_arc {font-size:11px;margin-top:-28px;}\r\n\t.Date_Events_sep_arc{padding-top:20px}\r\n\t.Cat_Events_arc{color:#e3c022;text-transform:uppercase;font-weight:300;letter-spacing:5px;font-size:8px;}\r\n\t@media screen and (max-width:900px){.Cat_Events_arc{float:left;height:20px;width:100%;margin:0 10px;}}\r\n\t.Cat_Events_arc{float:left;height:20px;width:60%;line-height:1.5;margin-top:7px;}\r\n\t@media screen and (max-width:900px){.Cat_Events_arc{float:left;text-align:center;height:20px;width:100%;margin:10px 0 auto;}}\r\n\t@media screen and (max-width:900px){.Cat_Events_arc_cont{margin:0 10px;width:90%;}}\r\n\t.Titre_Events_arc a{float:left;height:50px;width:60%;font-weight:100;font-size:17px;line-height:1.2;color:#fff;text-rendering:auto;margin-top:-10px;}\r\n\t@media screen and (max-width:900px){.Titre_Events_arc a{height:30px;margin:10px 0 auto;width:100%;line-break:auto;}}\r\n\t@media screen and (max-width:900px){.Titre_Events_arc_cont{margin:0 5%;width:90%;}}\r\n\t.Image_Events_arc{float:left;width:20%;overflow:hidden;position:relative;max-height:70px;margin-top:-27px;}\r\n\t@media screen and (max-width:900px){.Image_Events_arc{float:left;max-height:150px;width:100%;margin-top:10px;}}\r\n\t.Date_Events_all_arc,.Cat_Events_arc,.Titre_Events_arc a{display:flex;justify-content:center;align-items:center;}\r\n\t.desk{display:flex;}.mob{display:none;}\r\n\t@media screen and (max-width:900px){.desk{display:none;}.mob{display:flex;}}\r\n<\/style>\r\n\r\n<div class=\"Extrait_Events_arc\">\r\n\t<div class=\"Extrait_Events_Container_arc\">\r\n\t\t4396\r\n\t\t<div class=\"Cat_Events_arc\"><div class=\"Cat_Events_arc_cont\">ANIMATION, F\u00dcHRUNG, und VERANSTALTUNG<\/div><\/div>\r\n\t\t<div class=\"Titre_Events_arc\"><div class=\"Titre_Events_arc_cont\"><a href=\"https:\/\/chateau-de-valangin.ch\/de\/kalender\/la-journee-des-musees\/\">Der Tag der Museen<\/a><\/div><\/div>\t\t\r\n\t\t<div class=\"Image_Events_arc\"><a href=\"https:\/\/chateau-de-valangin.ch\/de\/kalender\/la-journee-des-musees\/\"><span class=\"desk\"><img loading=\"lazy\" decoding=\"async\" width=\"214\" height=\"300\" src=\"https:\/\/chateau-de-valangin.ch\/NEWSITE\/wp-content\/uploads\/2024\/02\/dossier-val_ofeminin_a5_def-214x300.jpg\" class=\"attachment-medium size-medium\" alt=\"\" srcset=\"https:\/\/chateau-de-valangin.ch\/NEWSITE\/wp-content\/uploads\/2024\/02\/dossier-val_ofeminin_a5_def-214x300.jpg 214w, https:\/\/chateau-de-valangin.ch\/NEWSITE\/wp-content\/uploads\/2024\/02\/dossier-val_ofeminin_a5_def-730x1024.jpg 730w, https:\/\/chateau-de-valangin.ch\/NEWSITE\/wp-content\/uploads\/2024\/02\/dossier-val_ofeminin_a5_def-768x1077.jpg 768w, https:\/\/chateau-de-valangin.ch\/NEWSITE\/wp-content\/uploads\/2024\/02\/dossier-val_ofeminin_a5_def-1095x1536.jpg 1095w, https:\/\/chateau-de-valangin.ch\/NEWSITE\/wp-content\/uploads\/2024\/02\/dossier-val_ofeminin_a5_def-1460x2048.jpg 1460w, https:\/\/chateau-de-valangin.ch\/NEWSITE\/wp-content\/uploads\/2024\/02\/dossier-val_ofeminin_a5_def-53x75.jpg 53w, https:\/\/chateau-de-valangin.ch\/NEWSITE\/wp-content\/uploads\/2024\/02\/dossier-val_ofeminin_a5_def-480x673.jpg 480w, https:\/\/chateau-de-valangin.ch\/NEWSITE\/wp-content\/uploads\/2024\/02\/dossier-val_ofeminin_a5_def-1320x1851.jpg 1320w, https:\/\/chateau-de-valangin.ch\/NEWSITE\/wp-content\/uploads\/2024\/02\/dossier-val_ofeminin_a5_def.jpg 1819w\" sizes=\"auto, (max-width:767px) 214px, 214px\" \/><\/span><span class=\"mob\"><img loading=\"lazy\" decoding=\"async\" width=\"730\" height=\"1024\" src=\"https:\/\/chateau-de-valangin.ch\/NEWSITE\/wp-content\/uploads\/2024\/02\/dossier-val_ofeminin_a5_def-730x1024.jpg\" class=\"attachment-large size-large\" alt=\"\" srcset=\"https:\/\/chateau-de-valangin.ch\/NEWSITE\/wp-content\/uploads\/2024\/02\/dossier-val_ofeminin_a5_def-730x1024.jpg 730w, https:\/\/chateau-de-valangin.ch\/NEWSITE\/wp-content\/uploads\/2024\/02\/dossier-val_ofeminin_a5_def-214x300.jpg 214w, https:\/\/chateau-de-valangin.ch\/NEWSITE\/wp-content\/uploads\/2024\/02\/dossier-val_ofeminin_a5_def-768x1077.jpg 768w, https:\/\/chateau-de-valangin.ch\/NEWSITE\/wp-content\/uploads\/2024\/02\/dossier-val_ofeminin_a5_def-1095x1536.jpg 1095w, https:\/\/chateau-de-valangin.ch\/NEWSITE\/wp-content\/uploads\/2024\/02\/dossier-val_ofeminin_a5_def-1460x2048.jpg 1460w, https:\/\/chateau-de-valangin.ch\/NEWSITE\/wp-content\/uploads\/2024\/02\/dossier-val_ofeminin_a5_def-53x75.jpg 53w, https:\/\/chateau-de-valangin.ch\/NEWSITE\/wp-content\/uploads\/2024\/02\/dossier-val_ofeminin_a5_def-480x673.jpg 480w, https:\/\/chateau-de-valangin.ch\/NEWSITE\/wp-content\/uploads\/2024\/02\/dossier-val_ofeminin_a5_def-1320x1851.jpg 1320w, https:\/\/chateau-de-valangin.ch\/NEWSITE\/wp-content\/uploads\/2024\/02\/dossier-val_ofeminin_a5_def.jpg 1819w\" sizes=\"auto, (max-width:767px) 480px, 730px\" \/><\/span><\/a><\/div>\r\n\t<\/div>\r\n<\/div><style>\r\n\t.Extrait_Events_arc{float:left;height:70px;width:100%;background-color:#590630;color:#FFF;margin-top:0px;border-radius:0px;}\r\n\t@media screen and (max-width:900px){.Extrait_Events_arc{height:210px;margin-top:30px;}}\r\n\t.Extrait_Events_Container_arc{height:70px;background-color:#590630;margin:0 auto;text-align:center;}\r\n\t@media screen and (max-width:900px){.Extrait_Events_Container_arc{height:180px;width:100%;}}\r\n\t.Extrait_Events_arc a:hover{text-decoration:none;}\r\n\t.Date_Events_all_arc{float:left;width:20%;height:70px;margin-bottom:10px;}\r\n\t@media screen and (max-width:900px){.Date_Events_all_arc{float:left;width:100%;height:70px;margin-bottom:10px;}}\r\n\t.Date_Events_1_arc{float:left;width:45%;text-align:center;margin-top:5px;}\r\n\t.Date_Events_1_2_arc{float:left;width:32%;text-align:center;margin-top:5px;}\r\n\t.Date_Events_sep_arc{float:left;text-align:center;width:10%;margin-top:-15px;}\r\n\t.Date_Events_2_arc{float:left;width:45%;text-align:center;margin-top:5px;}\r\n\t.timecss_d_arc {font-size:20px;font-weight:500;margin:0;}\r\n\t.timecss_f_arc {font-size:10px;text-transform:uppercase;margin-top:-5px;}\r\n\t.timecss_y_arc {font-size:11px;margin-top:-28px;}\r\n\t.Date_Events_sep_arc{padding-top:20px}\r\n\t.Cat_Events_arc{color:#e3c022;text-transform:uppercase;font-weight:300;letter-spacing:5px;font-size:8px;}\r\n\t@media screen and (max-width:900px){.Cat_Events_arc{float:left;height:20px;width:100%;margin:0 10px;}}\r\n\t.Cat_Events_arc{float:left;height:20px;width:60%;line-height:1.5;margin-top:7px;}\r\n\t@media screen and (max-width:900px){.Cat_Events_arc{float:left;text-align:center;height:20px;width:100%;margin:10px 0 auto;}}\r\n\t@media screen and (max-width:900px){.Cat_Events_arc_cont{margin:0 10px;width:90%;}}\r\n\t.Titre_Events_arc a{float:left;height:50px;width:60%;font-weight:100;font-size:17px;line-height:1.2;color:#fff;text-rendering:auto;margin-top:-10px;}\r\n\t@media screen and (max-width:900px){.Titre_Events_arc a{height:30px;margin:10px 0 auto;width:100%;line-break:auto;}}\r\n\t@media screen and (max-width:900px){.Titre_Events_arc_cont{margin:0 5%;width:90%;}}\r\n\t.Image_Events_arc{float:left;width:20%;overflow:hidden;position:relative;max-height:70px;margin-top:-27px;}\r\n\t@media screen and (max-width:900px){.Image_Events_arc{float:left;max-height:150px;width:100%;margin-top:10px;}}\r\n\t.Date_Events_all_arc,.Cat_Events_arc,.Titre_Events_arc a{display:flex;justify-content:center;align-items:center;}\r\n\t.desk{display:flex;}.mob{display:none;}\r\n\t@media screen and (max-width:900px){.desk{display:none;}.mob{display:flex;}}\r\n<\/style>\r\n\r\n<div class=\"Extrait_Events_arc\">\r\n\t<div class=\"Extrait_Events_Container_arc\">\r\n\t\t4397\r\n\t\t<div class=\"Cat_Events_arc\"><div class=\"Cat_Events_arc_cont\">F\u00dcHRUNG, KULTURERBE, und VERANSTALTUNG<\/div><\/div>\r\n\t\t<div class=\"Titre_Events_arc\"><div class=\"Titre_Events_arc_cont\"><a href=\"https:\/\/chateau-de-valangin.ch\/de\/kalender\/la-nuit-des-musees\/\">Die Nacht der Museen<\/a><\/div><\/div>\t\t\r\n\t\t<div class=\"Image_Events_arc\"><a href=\"https:\/\/chateau-de-valangin.ch\/de\/kalender\/la-nuit-des-musees\/\"><span class=\"desk\"><img loading=\"lazy\" decoding=\"async\" width=\"300\" height=\"200\" src=\"https:\/\/chateau-de-valangin.ch\/NEWSITE\/wp-content\/uploads\/2018\/12\/20-chacc82teau-de-valangin_photo-noemi-tirro-300x200.jpg\" class=\"attachment-medium size-medium\" alt=\"\" srcset=\"https:\/\/chateau-de-valangin.ch\/NEWSITE\/wp-content\/uploads\/2018\/12\/20-chacc82teau-de-valangin_photo-noemi-tirro-300x200.jpg 300w, https:\/\/chateau-de-valangin.ch\/NEWSITE\/wp-content\/uploads\/2018\/12\/20-chacc82teau-de-valangin_photo-noemi-tirro-768x513.jpg 768w, https:\/\/chateau-de-valangin.ch\/NEWSITE\/wp-content\/uploads\/2018\/12\/20-chacc82teau-de-valangin_photo-noemi-tirro-1024x684.jpg 1024w, https:\/\/chateau-de-valangin.ch\/NEWSITE\/wp-content\/uploads\/2018\/12\/20-chacc82teau-de-valangin_photo-noemi-tirro-219x146.jpg 219w, https:\/\/chateau-de-valangin.ch\/NEWSITE\/wp-content\/uploads\/2018\/12\/20-chacc82teau-de-valangin_photo-noemi-tirro-50x33.jpg 50w, https:\/\/chateau-de-valangin.ch\/NEWSITE\/wp-content\/uploads\/2018\/12\/20-chacc82teau-de-valangin_photo-noemi-tirro-112x75.jpg 112w, https:\/\/chateau-de-valangin.ch\/NEWSITE\/wp-content\/uploads\/2018\/12\/20-chacc82teau-de-valangin_photo-noemi-tirro.jpg 1200w\" sizes=\"auto, (max-width:767px) 300px, 300px\" \/><\/span><span class=\"mob\"><img loading=\"lazy\" decoding=\"async\" width=\"1024\" height=\"684\" src=\"https:\/\/chateau-de-valangin.ch\/NEWSITE\/wp-content\/uploads\/2018\/12\/20-chacc82teau-de-valangin_photo-noemi-tirro-1024x684.jpg\" class=\"attachment-large size-large\" alt=\"\" srcset=\"https:\/\/chateau-de-valangin.ch\/NEWSITE\/wp-content\/uploads\/2018\/12\/20-chacc82teau-de-valangin_photo-noemi-tirro-1024x684.jpg 1024w, https:\/\/chateau-de-valangin.ch\/NEWSITE\/wp-content\/uploads\/2018\/12\/20-chacc82teau-de-valangin_photo-noemi-tirro-300x200.jpg 300w, https:\/\/chateau-de-valangin.ch\/NEWSITE\/wp-content\/uploads\/2018\/12\/20-chacc82teau-de-valangin_photo-noemi-tirro-768x513.jpg 768w, https:\/\/chateau-de-valangin.ch\/NEWSITE\/wp-content\/uploads\/2018\/12\/20-chacc82teau-de-valangin_photo-noemi-tirro-219x146.jpg 219w, https:\/\/chateau-de-valangin.ch\/NEWSITE\/wp-content\/uploads\/2018\/12\/20-chacc82teau-de-valangin_photo-noemi-tirro-50x33.jpg 50w, https:\/\/chateau-de-valangin.ch\/NEWSITE\/wp-content\/uploads\/2018\/12\/20-chacc82teau-de-valangin_photo-noemi-tirro-112x75.jpg 112w, https:\/\/chateau-de-valangin.ch\/NEWSITE\/wp-content\/uploads\/2018\/12\/20-chacc82teau-de-valangin_photo-noemi-tirro.jpg 1200w\" sizes=\"auto, (max-width:767px) 480px, (max-width:1024px) 100vw, 1024px\" \/><\/span><\/a><\/div>\r\n\t<\/div>\r\n<\/div><style>\r\n\t.Extrait_Events_arc{float:left;height:70px;width:100%;background-color:#590630;color:#FFF;margin-top:0px;border-radius:0px;}\r\n\t@media screen and (max-width:900px){.Extrait_Events_arc{height:210px;margin-top:30px;}}\r\n\t.Extrait_Events_Container_arc{height:70px;background-color:#590630;margin:0 auto;text-align:center;}\r\n\t@media screen and (max-width:900px){.Extrait_Events_Container_arc{height:180px;width:100%;}}\r\n\t.Extrait_Events_arc a:hover{text-decoration:none;}\r\n\t.Date_Events_all_arc{float:left;width:20%;height:70px;margin-bottom:10px;}\r\n\t@media screen and (max-width:900px){.Date_Events_all_arc{float:left;width:100%;height:70px;margin-bottom:10px;}}\r\n\t.Date_Events_1_arc{float:left;width:45%;text-align:center;margin-top:5px;}\r\n\t.Date_Events_1_2_arc{float:left;width:32%;text-align:center;margin-top:5px;}\r\n\t.Date_Events_sep_arc{float:left;text-align:center;width:10%;margin-top:-15px;}\r\n\t.Date_Events_2_arc{float:left;width:45%;text-align:center;margin-top:5px;}\r\n\t.timecss_d_arc {font-size:20px;font-weight:500;margin:0;}\r\n\t.timecss_f_arc {font-size:10px;text-transform:uppercase;margin-top:-5px;}\r\n\t.timecss_y_arc {font-size:11px;margin-top:-28px;}\r\n\t.Date_Events_sep_arc{padding-top:20px}\r\n\t.Cat_Events_arc{color:#e3c022;text-transform:uppercase;font-weight:300;letter-spacing:5px;font-size:8px;}\r\n\t@media screen and (max-width:900px){.Cat_Events_arc{float:left;height:20px;width:100%;margin:0 10px;}}\r\n\t.Cat_Events_arc{float:left;height:20px;width:60%;line-height:1.5;margin-top:7px;}\r\n\t@media screen and (max-width:900px){.Cat_Events_arc{float:left;text-align:center;height:20px;width:100%;margin:10px 0 auto;}}\r\n\t@media screen and (max-width:900px){.Cat_Events_arc_cont{margin:0 10px;width:90%;}}\r\n\t.Titre_Events_arc a{float:left;height:50px;width:60%;font-weight:100;font-size:17px;line-height:1.2;color:#fff;text-rendering:auto;margin-top:-10px;}\r\n\t@media screen and (max-width:900px){.Titre_Events_arc a{height:30px;margin:10px 0 auto;width:100%;line-break:auto;}}\r\n\t@media screen and (max-width:900px){.Titre_Events_arc_cont{margin:0 5%;width:90%;}}\r\n\t.Image_Events_arc{float:left;width:20%;overflow:hidden;position:relative;max-height:70px;margin-top:-27px;}\r\n\t@media screen and (max-width:900px){.Image_Events_arc{float:left;max-height:150px;width:100%;margin-top:10px;}}\r\n\t.Date_Events_all_arc,.Cat_Events_arc,.Titre_Events_arc a{display:flex;justify-content:center;align-items:center;}\r\n\t.desk{display:flex;}.mob{display:none;}\r\n\t@media screen and (max-width:900px){.desk{display:none;}.mob{display:flex;}}\r\n<\/style>\r\n\r\n<div class=\"Extrait_Events_arc\">\r\n\t<div class=\"Extrait_Events_Container_arc\">\r\n\t\t4399\r\n\t\t<div class=\"Cat_Events_arc\"><div class=\"Cat_Events_arc_cont\">ANIMATION<\/div><\/div>\r\n\t\t<div class=\"Titre_Events_arc\"><div class=\"Titre_Events_arc_cont\"><a href=\"https:\/\/chateau-de-valangin.ch\/de\/kalender\/la-cuisine-au-moyen-age\/\">La cuisine au Moyen \u00c2ge<\/a><\/div><\/div>\t\t\r\n\t\t<div class=\"Image_Events_arc\"><a href=\"https:\/\/chateau-de-valangin.ch\/de\/kalender\/la-cuisine-au-moyen-age\/\"><span class=\"desk\"><img loading=\"lazy\" decoding=\"async\" width=\"300\" height=\"225\" src=\"https:\/\/chateau-de-valangin.ch\/NEWSITE\/wp-content\/uploads\/2024\/02\/marmite-et-jouets-300x225.jpg\" class=\"attachment-medium size-medium\" alt=\"la cuisine au moyen \u00e2ge, marmite et l\u00e9gumes en bois\" srcset=\"https:\/\/chateau-de-valangin.ch\/NEWSITE\/wp-content\/uploads\/2024\/02\/marmite-et-jouets-300x225.jpg 300w, https:\/\/chateau-de-valangin.ch\/NEWSITE\/wp-content\/uploads\/2024\/02\/marmite-et-jouets-1024x768.jpg 1024w, https:\/\/chateau-de-valangin.ch\/NEWSITE\/wp-content\/uploads\/2024\/02\/marmite-et-jouets-768x576.jpg 768w, https:\/\/chateau-de-valangin.ch\/NEWSITE\/wp-content\/uploads\/2024\/02\/marmite-et-jouets-1536x1152.jpg 1536w, https:\/\/chateau-de-valangin.ch\/NEWSITE\/wp-content\/uploads\/2024\/02\/marmite-et-jouets-2048x1536.jpg 2048w, https:\/\/chateau-de-valangin.ch\/NEWSITE\/wp-content\/uploads\/2024\/02\/marmite-et-jouets-100x75.jpg 100w, https:\/\/chateau-de-valangin.ch\/NEWSITE\/wp-content\/uploads\/2024\/02\/marmite-et-jouets-960x720.jpg 960w, https:\/\/chateau-de-valangin.ch\/NEWSITE\/wp-content\/uploads\/2024\/02\/marmite-et-jouets-480x360.jpg 480w, https:\/\/chateau-de-valangin.ch\/NEWSITE\/wp-content\/uploads\/2024\/02\/marmite-et-jouets-1320x990.jpg 1320w\" sizes=\"auto, (max-width:767px) 300px, 300px\" \/><\/span><span class=\"mob\"><img loading=\"lazy\" decoding=\"async\" width=\"1024\" height=\"768\" src=\"https:\/\/chateau-de-valangin.ch\/NEWSITE\/wp-content\/uploads\/2024\/02\/marmite-et-jouets-1024x768.jpg\" class=\"attachment-large size-large\" alt=\"la cuisine au moyen \u00e2ge, marmite et l\u00e9gumes en bois\" srcset=\"https:\/\/chateau-de-valangin.ch\/NEWSITE\/wp-content\/uploads\/2024\/02\/marmite-et-jouets-1024x768.jpg 1024w, https:\/\/chateau-de-valangin.ch\/NEWSITE\/wp-content\/uploads\/2024\/02\/marmite-et-jouets-300x225.jpg 300w, https:\/\/chateau-de-valangin.ch\/NEWSITE\/wp-content\/uploads\/2024\/02\/marmite-et-jouets-768x576.jpg 768w, https:\/\/chateau-de-valangin.ch\/NEWSITE\/wp-content\/uploads\/2024\/02\/marmite-et-jouets-1536x1152.jpg 1536w, https:\/\/chateau-de-valangin.ch\/NEWSITE\/wp-content\/uploads\/2024\/02\/marmite-et-jouets-2048x1536.jpg 2048w, https:\/\/chateau-de-valangin.ch\/NEWSITE\/wp-content\/uploads\/2024\/02\/marmite-et-jouets-100x75.jpg 100w, https:\/\/chateau-de-valangin.ch\/NEWSITE\/wp-content\/uploads\/2024\/02\/marmite-et-jouets-960x720.jpg 960w, https:\/\/chateau-de-valangin.ch\/NEWSITE\/wp-content\/uploads\/2024\/02\/marmite-et-jouets-480x360.jpg 480w, https:\/\/chateau-de-valangin.ch\/NEWSITE\/wp-content\/uploads\/2024\/02\/marmite-et-jouets-1320x990.jpg 1320w\" sizes=\"auto, (max-width:767px) 480px, (max-width:1024px) 100vw, 1024px\" \/><\/span><\/a><\/div>\r\n\t<\/div>\r\n<\/div><style>\r\n\t.Extrait_Events_arc{float:left;height:70px;width:100%;background-color:#590630;color:#FFF;margin-top:0px;border-radius:0px;}\r\n\t@media screen and (max-width:900px){.Extrait_Events_arc{height:210px;margin-top:30px;}}\r\n\t.Extrait_Events_Container_arc{height:70px;background-color:#590630;margin:0 auto;text-align:center;}\r\n\t@media screen and (max-width:900px){.Extrait_Events_Container_arc{height:180px;width:100%;}}\r\n\t.Extrait_Events_arc a:hover{text-decoration:none;}\r\n\t.Date_Events_all_arc{float:left;width:20%;height:70px;margin-bottom:10px;}\r\n\t@media screen and (max-width:900px){.Date_Events_all_arc{float:left;width:100%;height:70px;margin-bottom:10px;}}\r\n\t.Date_Events_1_arc{float:left;width:45%;text-align:center;margin-top:5px;}\r\n\t.Date_Events_1_2_arc{float:left;width:32%;text-align:center;margin-top:5px;}\r\n\t.Date_Events_sep_arc{float:left;text-align:center;width:10%;margin-top:-15px;}\r\n\t.Date_Events_2_arc{float:left;width:45%;text-align:center;margin-top:5px;}\r\n\t.timecss_d_arc {font-size:20px;font-weight:500;margin:0;}\r\n\t.timecss_f_arc {font-size:10px;text-transform:uppercase;margin-top:-5px;}\r\n\t.timecss_y_arc {font-size:11px;margin-top:-28px;}\r\n\t.Date_Events_sep_arc{padding-top:20px}\r\n\t.Cat_Events_arc{color:#e3c022;text-transform:uppercase;font-weight:300;letter-spacing:5px;font-size:8px;}\r\n\t@media screen and (max-width:900px){.Cat_Events_arc{float:left;height:20px;width:100%;margin:0 10px;}}\r\n\t.Cat_Events_arc{float:left;height:20px;width:60%;line-height:1.5;margin-top:7px;}\r\n\t@media screen and (max-width:900px){.Cat_Events_arc{float:left;text-align:center;height:20px;width:100%;margin:10px 0 auto;}}\r\n\t@media screen and (max-width:900px){.Cat_Events_arc_cont{margin:0 10px;width:90%;}}\r\n\t.Titre_Events_arc a{float:left;height:50px;width:60%;font-weight:100;font-size:17px;line-height:1.2;color:#fff;text-rendering:auto;margin-top:-10px;}\r\n\t@media screen and (max-width:900px){.Titre_Events_arc a{height:30px;margin:10px 0 auto;width:100%;line-break:auto;}}\r\n\t@media screen and (max-width:900px){.Titre_Events_arc_cont{margin:0 5%;width:90%;}}\r\n\t.Image_Events_arc{float:left;width:20%;overflow:hidden;position:relative;max-height:70px;margin-top:-27px;}\r\n\t@media screen and (max-width:900px){.Image_Events_arc{float:left;max-height:150px;width:100%;margin-top:10px;}}\r\n\t.Date_Events_all_arc,.Cat_Events_arc,.Titre_Events_arc a{display:flex;justify-content:center;align-items:center;}\r\n\t.desk{display:flex;}.mob{display:none;}\r\n\t@media screen and (max-width:900px){.desk{display:none;}.mob{display:flex;}}\r\n<\/style>\r\n\r\n<div class=\"Extrait_Events_arc\">\r\n\t<div class=\"Extrait_Events_Container_arc\">\r\n\t\t4400\r\n\t\t<div class=\"Cat_Events_arc\"><div class=\"Cat_Events_arc_cont\">ANIMATION<\/div><\/div>\r\n\t\t<div class=\"Titre_Events_arc\"><div class=\"Titre_Events_arc_cont\"><a href=\"https:\/\/chateau-de-valangin.ch\/de\/kalender\/sur-les-pas-de-catherine-de-watteville-2-2\/\">Sur les pas de Catherine de Watteville<\/a><\/div><\/div>\t\t\r\n\t\t<div class=\"Image_Events_arc\"><a href=\"https:\/\/chateau-de-valangin.ch\/de\/kalender\/sur-les-pas-de-catherine-de-watteville-2-2\/\"><span class=\"desk\"><img loading=\"lazy\" decoding=\"async\" width=\"300\" height=\"225\" src=\"https:\/\/chateau-de-valangin.ch\/NEWSITE\/wp-content\/uploads\/2024\/02\/catherine-de-watteville-1-300x225.jpg\" class=\"attachment-medium size-medium\" alt=\"\" srcset=\"https:\/\/chateau-de-valangin.ch\/NEWSITE\/wp-content\/uploads\/2024\/02\/catherine-de-watteville-1-300x225.jpg 300w, https:\/\/chateau-de-valangin.ch\/NEWSITE\/wp-content\/uploads\/2024\/02\/catherine-de-watteville-1-1024x768.jpg 1024w, https:\/\/chateau-de-valangin.ch\/NEWSITE\/wp-content\/uploads\/2024\/02\/catherine-de-watteville-1-768x576.jpg 768w, https:\/\/chateau-de-valangin.ch\/NEWSITE\/wp-content\/uploads\/2024\/02\/catherine-de-watteville-1-1536x1152.jpg 1536w, https:\/\/chateau-de-valangin.ch\/NEWSITE\/wp-content\/uploads\/2024\/02\/catherine-de-watteville-1-2048x1536.jpg 2048w, https:\/\/chateau-de-valangin.ch\/NEWSITE\/wp-content\/uploads\/2024\/02\/catherine-de-watteville-1-100x75.jpg 100w, https:\/\/chateau-de-valangin.ch\/NEWSITE\/wp-content\/uploads\/2024\/02\/catherine-de-watteville-1-960x720.jpg 960w, https:\/\/chateau-de-valangin.ch\/NEWSITE\/wp-content\/uploads\/2024\/02\/catherine-de-watteville-1-480x360.jpg 480w, https:\/\/chateau-de-valangin.ch\/NEWSITE\/wp-content\/uploads\/2024\/02\/catherine-de-watteville-1-1320x990.jpg 1320w\" sizes=\"auto, (max-width:767px) 300px, 300px\" \/><\/span><span class=\"mob\"><img loading=\"lazy\" decoding=\"async\" width=\"1024\" height=\"768\" src=\"https:\/\/chateau-de-valangin.ch\/NEWSITE\/wp-content\/uploads\/2024\/02\/catherine-de-watteville-1-1024x768.jpg\" class=\"attachment-large size-large\" alt=\"\" srcset=\"https:\/\/chateau-de-valangin.ch\/NEWSITE\/wp-content\/uploads\/2024\/02\/catherine-de-watteville-1-1024x768.jpg 1024w, https:\/\/chateau-de-valangin.ch\/NEWSITE\/wp-content\/uploads\/2024\/02\/catherine-de-watteville-1-300x225.jpg 300w, https:\/\/chateau-de-valangin.ch\/NEWSITE\/wp-content\/uploads\/2024\/02\/catherine-de-watteville-1-768x576.jpg 768w, https:\/\/chateau-de-valangin.ch\/NEWSITE\/wp-content\/uploads\/2024\/02\/catherine-de-watteville-1-1536x1152.jpg 1536w, https:\/\/chateau-de-valangin.ch\/NEWSITE\/wp-content\/uploads\/2024\/02\/catherine-de-watteville-1-2048x1536.jpg 2048w, https:\/\/chateau-de-valangin.ch\/NEWSITE\/wp-content\/uploads\/2024\/02\/catherine-de-watteville-1-100x75.jpg 100w, https:\/\/chateau-de-valangin.ch\/NEWSITE\/wp-content\/uploads\/2024\/02\/catherine-de-watteville-1-960x720.jpg 960w, https:\/\/chateau-de-valangin.ch\/NEWSITE\/wp-content\/uploads\/2024\/02\/catherine-de-watteville-1-480x360.jpg 480w, https:\/\/chateau-de-valangin.ch\/NEWSITE\/wp-content\/uploads\/2024\/02\/catherine-de-watteville-1-1320x990.jpg 1320w\" sizes=\"auto, (max-width:767px) 480px, (max-width:1024px) 100vw, 1024px\" \/><\/span><\/a><\/div>\r\n\t<\/div>\r\n<\/div><style>\r\n\t.Extrait_Events_arc{float:left;height:70px;width:100%;background-color:#590630;color:#FFF;margin-top:0px;border-radius:0px;}\r\n\t@media screen and (max-width:900px){.Extrait_Events_arc{height:210px;margin-top:30px;}}\r\n\t.Extrait_Events_Container_arc{height:70px;background-color:#590630;margin:0 auto;text-align:center;}\r\n\t@media screen and (max-width:900px){.Extrait_Events_Container_arc{height:180px;width:100%;}}\r\n\t.Extrait_Events_arc a:hover{text-decoration:none;}\r\n\t.Date_Events_all_arc{float:left;width:20%;height:70px;margin-bottom:10px;}\r\n\t@media screen and (max-width:900px){.Date_Events_all_arc{float:left;width:100%;height:70px;margin-bottom:10px;}}\r\n\t.Date_Events_1_arc{float:left;width:45%;text-align:center;margin-top:5px;}\r\n\t.Date_Events_1_2_arc{float:left;width:32%;text-align:center;margin-top:5px;}\r\n\t.Date_Events_sep_arc{float:left;text-align:center;width:10%;margin-top:-15px;}\r\n\t.Date_Events_2_arc{float:left;width:45%;text-align:center;margin-top:5px;}\r\n\t.timecss_d_arc {font-size:20px;font-weight:500;margin:0;}\r\n\t.timecss_f_arc {font-size:10px;text-transform:uppercase;margin-top:-5px;}\r\n\t.timecss_y_arc {font-size:11px;margin-top:-28px;}\r\n\t.Date_Events_sep_arc{padding-top:20px}\r\n\t.Cat_Events_arc{color:#e3c022;text-transform:uppercase;font-weight:300;letter-spacing:5px;font-size:8px;}\r\n\t@media screen and (max-width:900px){.Cat_Events_arc{float:left;height:20px;width:100%;margin:0 10px;}}\r\n\t.Cat_Events_arc{float:left;height:20px;width:60%;line-height:1.5;margin-top:7px;}\r\n\t@media screen and (max-width:900px){.Cat_Events_arc{float:left;text-align:center;height:20px;width:100%;margin:10px 0 auto;}}\r\n\t@media screen and (max-width:900px){.Cat_Events_arc_cont{margin:0 10px;width:90%;}}\r\n\t.Titre_Events_arc a{float:left;height:50px;width:60%;font-weight:100;font-size:17px;line-height:1.2;color:#fff;text-rendering:auto;margin-top:-10px;}\r\n\t@media screen and (max-width:900px){.Titre_Events_arc a{height:30px;margin:10px 0 auto;width:100%;line-break:auto;}}\r\n\t@media screen and (max-width:900px){.Titre_Events_arc_cont{margin:0 5%;width:90%;}}\r\n\t.Image_Events_arc{float:left;width:20%;overflow:hidden;position:relative;max-height:70px;margin-top:-27px;}\r\n\t@media screen and (max-width:900px){.Image_Events_arc{float:left;max-height:150px;width:100%;margin-top:10px;}}\r\n\t.Date_Events_all_arc,.Cat_Events_arc,.Titre_Events_arc a{display:flex;justify-content:center;align-items:center;}\r\n\t.desk{display:flex;}.mob{display:none;}\r\n\t@media screen and (max-width:900px){.desk{display:none;}.mob{display:flex;}}\r\n<\/style>\r\n\r\n<div class=\"Extrait_Events_arc\">\r\n\t<div class=\"Extrait_Events_Container_arc\">\r\n\t\t4401\r\n\t\t<div class=\"Cat_Events_arc\"><div class=\"Cat_Events_arc_cont\">ANIMATION<\/div><\/div>\r\n\t\t<div class=\"Titre_Events_arc\"><div class=\"Titre_Events_arc_cont\"><a href=\"https:\/\/chateau-de-valangin.ch\/de\/kalender\/sur-les-pas-de-catherine-de-watteville-2\/\">Sur les pas de Catherine de Watteville<\/a><\/div><\/div>\t\t\r\n\t\t<div class=\"Image_Events_arc\"><a href=\"https:\/\/chateau-de-valangin.ch\/de\/kalender\/sur-les-pas-de-catherine-de-watteville-2\/\"><span class=\"desk\"><img loading=\"lazy\" decoding=\"async\" width=\"300\" height=\"225\" src=\"https:\/\/chateau-de-valangin.ch\/NEWSITE\/wp-content\/uploads\/2024\/02\/catherine-de-watteville-1-300x225.jpg\" class=\"attachment-medium size-medium\" alt=\"\" srcset=\"https:\/\/chateau-de-valangin.ch\/NEWSITE\/wp-content\/uploads\/2024\/02\/catherine-de-watteville-1-300x225.jpg 300w, https:\/\/chateau-de-valangin.ch\/NEWSITE\/wp-content\/uploads\/2024\/02\/catherine-de-watteville-1-1024x768.jpg 1024w, https:\/\/chateau-de-valangin.ch\/NEWSITE\/wp-content\/uploads\/2024\/02\/catherine-de-watteville-1-768x576.jpg 768w, https:\/\/chateau-de-valangin.ch\/NEWSITE\/wp-content\/uploads\/2024\/02\/catherine-de-watteville-1-1536x1152.jpg 1536w, https:\/\/chateau-de-valangin.ch\/NEWSITE\/wp-content\/uploads\/2024\/02\/catherine-de-watteville-1-2048x1536.jpg 2048w, https:\/\/chateau-de-valangin.ch\/NEWSITE\/wp-content\/uploads\/2024\/02\/catherine-de-watteville-1-100x75.jpg 100w, https:\/\/chateau-de-valangin.ch\/NEWSITE\/wp-content\/uploads\/2024\/02\/catherine-de-watteville-1-960x720.jpg 960w, https:\/\/chateau-de-valangin.ch\/NEWSITE\/wp-content\/uploads\/2024\/02\/catherine-de-watteville-1-480x360.jpg 480w, https:\/\/chateau-de-valangin.ch\/NEWSITE\/wp-content\/uploads\/2024\/02\/catherine-de-watteville-1-1320x990.jpg 1320w\" sizes=\"auto, (max-width:767px) 300px, 300px\" \/><\/span><span class=\"mob\"><img loading=\"lazy\" decoding=\"async\" width=\"1024\" height=\"768\" src=\"https:\/\/chateau-de-valangin.ch\/NEWSITE\/wp-content\/uploads\/2024\/02\/catherine-de-watteville-1-1024x768.jpg\" class=\"attachment-large size-large\" alt=\"\" srcset=\"https:\/\/chateau-de-valangin.ch\/NEWSITE\/wp-content\/uploads\/2024\/02\/catherine-de-watteville-1-1024x768.jpg 1024w, https:\/\/chateau-de-valangin.ch\/NEWSITE\/wp-content\/uploads\/2024\/02\/catherine-de-watteville-1-300x225.jpg 300w, https:\/\/chateau-de-valangin.ch\/NEWSITE\/wp-content\/uploads\/2024\/02\/catherine-de-watteville-1-768x576.jpg 768w, https:\/\/chateau-de-valangin.ch\/NEWSITE\/wp-content\/uploads\/2024\/02\/catherine-de-watteville-1-1536x1152.jpg 1536w, https:\/\/chateau-de-valangin.ch\/NEWSITE\/wp-content\/uploads\/2024\/02\/catherine-de-watteville-1-2048x1536.jpg 2048w, https:\/\/chateau-de-valangin.ch\/NEWSITE\/wp-content\/uploads\/2024\/02\/catherine-de-watteville-1-100x75.jpg 100w, https:\/\/chateau-de-valangin.ch\/NEWSITE\/wp-content\/uploads\/2024\/02\/catherine-de-watteville-1-960x720.jpg 960w, https:\/\/chateau-de-valangin.ch\/NEWSITE\/wp-content\/uploads\/2024\/02\/catherine-de-watteville-1-480x360.jpg 480w, https:\/\/chateau-de-valangin.ch\/NEWSITE\/wp-content\/uploads\/2024\/02\/catherine-de-watteville-1-1320x990.jpg 1320w\" sizes=\"auto, (max-width:767px) 480px, (max-width:1024px) 100vw, 1024px\" \/><\/span><\/a><\/div>\r\n\t<\/div>\r\n<\/div><style>\r\n\t.Extrait_Events_arc{float:left;height:70px;width:100%;background-color:#590630;color:#FFF;margin-top:0px;border-radius:0px;}\r\n\t@media screen and (max-width:900px){.Extrait_Events_arc{height:210px;margin-top:30px;}}\r\n\t.Extrait_Events_Container_arc{height:70px;background-color:#590630;margin:0 auto;text-align:center;}\r\n\t@media screen and (max-width:900px){.Extrait_Events_Container_arc{height:180px;width:100%;}}\r\n\t.Extrait_Events_arc a:hover{text-decoration:none;}\r\n\t.Date_Events_all_arc{float:left;width:20%;height:70px;margin-bottom:10px;}\r\n\t@media screen and (max-width:900px){.Date_Events_all_arc{float:left;width:100%;height:70px;margin-bottom:10px;}}\r\n\t.Date_Events_1_arc{float:left;width:45%;text-align:center;margin-top:5px;}\r\n\t.Date_Events_1_2_arc{float:left;width:32%;text-align:center;margin-top:5px;}\r\n\t.Date_Events_sep_arc{float:left;text-align:center;width:10%;margin-top:-15px;}\r\n\t.Date_Events_2_arc{float:left;width:45%;text-align:center;margin-top:5px;}\r\n\t.timecss_d_arc {font-size:20px;font-weight:500;margin:0;}\r\n\t.timecss_f_arc {font-size:10px;text-transform:uppercase;margin-top:-5px;}\r\n\t.timecss_y_arc {font-size:11px;margin-top:-28px;}\r\n\t.Date_Events_sep_arc{padding-top:20px}\r\n\t.Cat_Events_arc{color:#e3c022;text-transform:uppercase;font-weight:300;letter-spacing:5px;font-size:8px;}\r\n\t@media screen and (max-width:900px){.Cat_Events_arc{float:left;height:20px;width:100%;margin:0 10px;}}\r\n\t.Cat_Events_arc{float:left;height:20px;width:60%;line-height:1.5;margin-top:7px;}\r\n\t@media screen and (max-width:900px){.Cat_Events_arc{float:left;text-align:center;height:20px;width:100%;margin:10px 0 auto;}}\r\n\t@media screen and (max-width:900px){.Cat_Events_arc_cont{margin:0 10px;width:90%;}}\r\n\t.Titre_Events_arc a{float:left;height:50px;width:60%;font-weight:100;font-size:17px;line-height:1.2;color:#fff;text-rendering:auto;margin-top:-10px;}\r\n\t@media screen and (max-width:900px){.Titre_Events_arc a{height:30px;margin:10px 0 auto;width:100%;line-break:auto;}}\r\n\t@media screen and (max-width:900px){.Titre_Events_arc_cont{margin:0 5%;width:90%;}}\r\n\t.Image_Events_arc{float:left;width:20%;overflow:hidden;position:relative;max-height:70px;margin-top:-27px;}\r\n\t@media screen and (max-width:900px){.Image_Events_arc{float:left;max-height:150px;width:100%;margin-top:10px;}}\r\n\t.Date_Events_all_arc,.Cat_Events_arc,.Titre_Events_arc a{display:flex;justify-content:center;align-items:center;}\r\n\t.desk{display:flex;}.mob{display:none;}\r\n\t@media screen and (max-width:900px){.desk{display:none;}.mob{display:flex;}}\r\n<\/style>\r\n\r\n<div class=\"Extrait_Events_arc\">\r\n\t<div class=\"Extrait_Events_Container_arc\">\r\n\t\t4403\r\n\t\t<div class=\"Cat_Events_arc\"><div class=\"Cat_Events_arc_cont\">ANIMATION und VERANSTALTUNG<\/div><\/div>\r\n\t\t<div class=\"Titre_Events_arc\"><div class=\"Titre_Events_arc_cont\"><a href=\"https:\/\/chateau-de-valangin.ch\/de\/kalender\/testament-blanc-2\/\">Testament perdu<\/a><\/div><\/div>\t\t\r\n\t\t<div class=\"Image_Events_arc\"><a href=\"https:\/\/chateau-de-valangin.ch\/de\/kalender\/testament-blanc-2\/\"><span class=\"desk\"><img loading=\"lazy\" decoding=\"async\" width=\"300\" height=\"225\" src=\"https:\/\/chateau-de-valangin.ch\/NEWSITE\/wp-content\/uploads\/2024\/02\/testament-gdv-c-300x225.jpg\" class=\"attachment-medium size-medium\" alt=\"\" srcset=\"https:\/\/chateau-de-valangin.ch\/NEWSITE\/wp-content\/uploads\/2024\/02\/testament-gdv-c-300x225.jpg 300w, https:\/\/chateau-de-valangin.ch\/NEWSITE\/wp-content\/uploads\/2024\/02\/testament-gdv-c-1024x768.jpg 1024w, https:\/\/chateau-de-valangin.ch\/NEWSITE\/wp-content\/uploads\/2024\/02\/testament-gdv-c-768x576.jpg 768w, https:\/\/chateau-de-valangin.ch\/NEWSITE\/wp-content\/uploads\/2024\/02\/testament-gdv-c-1536x1152.jpg 1536w, https:\/\/chateau-de-valangin.ch\/NEWSITE\/wp-content\/uploads\/2024\/02\/testament-gdv-c-2048x1536.jpg 2048w, https:\/\/chateau-de-valangin.ch\/NEWSITE\/wp-content\/uploads\/2024\/02\/testament-gdv-c-100x75.jpg 100w, https:\/\/chateau-de-valangin.ch\/NEWSITE\/wp-content\/uploads\/2024\/02\/testament-gdv-c-960x720.jpg 960w, https:\/\/chateau-de-valangin.ch\/NEWSITE\/wp-content\/uploads\/2024\/02\/testament-gdv-c-480x360.jpg 480w, https:\/\/chateau-de-valangin.ch\/NEWSITE\/wp-content\/uploads\/2024\/02\/testament-gdv-c-1320x990.jpg 1320w\" sizes=\"auto, (max-width:767px) 300px, 300px\" \/><\/span><span class=\"mob\"><img loading=\"lazy\" decoding=\"async\" width=\"1024\" height=\"768\" src=\"https:\/\/chateau-de-valangin.ch\/NEWSITE\/wp-content\/uploads\/2024\/02\/testament-gdv-c-1024x768.jpg\" class=\"attachment-large size-large\" alt=\"\" srcset=\"https:\/\/chateau-de-valangin.ch\/NEWSITE\/wp-content\/uploads\/2024\/02\/testament-gdv-c-1024x768.jpg 1024w, https:\/\/chateau-de-valangin.ch\/NEWSITE\/wp-content\/uploads\/2024\/02\/testament-gdv-c-300x225.jpg 300w, https:\/\/chateau-de-valangin.ch\/NEWSITE\/wp-content\/uploads\/2024\/02\/testament-gdv-c-768x576.jpg 768w, https:\/\/chateau-de-valangin.ch\/NEWSITE\/wp-content\/uploads\/2024\/02\/testament-gdv-c-1536x1152.jpg 1536w, https:\/\/chateau-de-valangin.ch\/NEWSITE\/wp-content\/uploads\/2024\/02\/testament-gdv-c-2048x1536.jpg 2048w, https:\/\/chateau-de-valangin.ch\/NEWSITE\/wp-content\/uploads\/2024\/02\/testament-gdv-c-100x75.jpg 100w, https:\/\/chateau-de-valangin.ch\/NEWSITE\/wp-content\/uploads\/2024\/02\/testament-gdv-c-960x720.jpg 960w, https:\/\/chateau-de-valangin.ch\/NEWSITE\/wp-content\/uploads\/2024\/02\/testament-gdv-c-480x360.jpg 480w, https:\/\/chateau-de-valangin.ch\/NEWSITE\/wp-content\/uploads\/2024\/02\/testament-gdv-c-1320x990.jpg 1320w\" sizes=\"auto, (max-width:767px) 480px, (max-width:1024px) 100vw, 1024px\" \/><\/span><\/a><\/div>\r\n\t<\/div>\r\n<\/div><style>\r\n\t.Extrait_Events_arc{float:left;height:70px;width:100%;background-color:#590630;color:#FFF;margin-top:0px;border-radius:0px;}\r\n\t@media screen and (max-width:900px){.Extrait_Events_arc{height:210px;margin-top:30px;}}\r\n\t.Extrait_Events_Container_arc{height:70px;background-color:#590630;margin:0 auto;text-align:center;}\r\n\t@media screen and (max-width:900px){.Extrait_Events_Container_arc{height:180px;width:100%;}}\r\n\t.Extrait_Events_arc a:hover{text-decoration:none;}\r\n\t.Date_Events_all_arc{float:left;width:20%;height:70px;margin-bottom:10px;}\r\n\t@media screen and (max-width:900px){.Date_Events_all_arc{float:left;width:100%;height:70px;margin-bottom:10px;}}\r\n\t.Date_Events_1_arc{float:left;width:45%;text-align:center;margin-top:5px;}\r\n\t.Date_Events_1_2_arc{float:left;width:32%;text-align:center;margin-top:5px;}\r\n\t.Date_Events_sep_arc{float:left;text-align:center;width:10%;margin-top:-15px;}\r\n\t.Date_Events_2_arc{float:left;width:45%;text-align:center;margin-top:5px;}\r\n\t.timecss_d_arc {font-size:20px;font-weight:500;margin:0;}\r\n\t.timecss_f_arc {font-size:10px;text-transform:uppercase;margin-top:-5px;}\r\n\t.timecss_y_arc {font-size:11px;margin-top:-28px;}\r\n\t.Date_Events_sep_arc{padding-top:20px}\r\n\t.Cat_Events_arc{color:#e3c022;text-transform:uppercase;font-weight:300;letter-spacing:5px;font-size:8px;}\r\n\t@media screen and (max-width:900px){.Cat_Events_arc{float:left;height:20px;width:100%;margin:0 10px;}}\r\n\t.Cat_Events_arc{float:left;height:20px;width:60%;line-height:1.5;margin-top:7px;}\r\n\t@media screen and (max-width:900px){.Cat_Events_arc{float:left;text-align:center;height:20px;width:100%;margin:10px 0 auto;}}\r\n\t@media screen and (max-width:900px){.Cat_Events_arc_cont{margin:0 10px;width:90%;}}\r\n\t.Titre_Events_arc a{float:left;height:50px;width:60%;font-weight:100;font-size:17px;line-height:1.2;color:#fff;text-rendering:auto;margin-top:-10px;}\r\n\t@media screen and (max-width:900px){.Titre_Events_arc a{height:30px;margin:10px 0 auto;width:100%;line-break:auto;}}\r\n\t@media screen and (max-width:900px){.Titre_Events_arc_cont{margin:0 5%;width:90%;}}\r\n\t.Image_Events_arc{float:left;width:20%;overflow:hidden;position:relative;max-height:70px;margin-top:-27px;}\r\n\t@media screen and (max-width:900px){.Image_Events_arc{float:left;max-height:150px;width:100%;margin-top:10px;}}\r\n\t.Date_Events_all_arc,.Cat_Events_arc,.Titre_Events_arc a{display:flex;justify-content:center;align-items:center;}\r\n\t.desk{display:flex;}.mob{display:none;}\r\n\t@media screen and (max-width:900px){.desk{display:none;}.mob{display:flex;}}\r\n<\/style>\r\n\r\n<div class=\"Extrait_Events_arc\">\r\n\t<div class=\"Extrait_Events_Container_arc\">\r\n\t\t4402\r\n\t\t<div class=\"Cat_Events_arc\"><div class=\"Cat_Events_arc_cont\">F\u00dcHRUNG<\/div><\/div>\r\n\t\t<div class=\"Titre_Events_arc\"><div class=\"Titre_Events_arc_cont\"><a href=\"https:\/\/chateau-de-valangin.ch\/de\/kalender\/schlossfuhrung-auf-deutsch-3\/\">Schlossf\u00fchrung auf Deutsch<\/a><\/div><\/div>\t\t\r\n\t\t<div class=\"Image_Events_arc\"><a href=\"https:\/\/chateau-de-valangin.ch\/de\/kalender\/schlossfuhrung-auf-deutsch-3\/\"><span class=\"desk\"><img loading=\"lazy\" decoding=\"async\" width=\"300\" height=\"200\" src=\"https:\/\/chateau-de-valangin.ch\/NEWSITE\/wp-content\/uploads\/2018\/12\/34-chacc82teau-de-valangin_photo-noemi-tirro-300x200.jpg\" class=\"attachment-medium size-medium\" alt=\"\" srcset=\"https:\/\/chateau-de-valangin.ch\/NEWSITE\/wp-content\/uploads\/2018\/12\/34-chacc82teau-de-valangin_photo-noemi-tirro-300x200.jpg 300w, https:\/\/chateau-de-valangin.ch\/NEWSITE\/wp-content\/uploads\/2018\/12\/34-chacc82teau-de-valangin_photo-noemi-tirro-768x513.jpg 768w, https:\/\/chateau-de-valangin.ch\/NEWSITE\/wp-content\/uploads\/2018\/12\/34-chacc82teau-de-valangin_photo-noemi-tirro-1024x684.jpg 1024w, https:\/\/chateau-de-valangin.ch\/NEWSITE\/wp-content\/uploads\/2018\/12\/34-chacc82teau-de-valangin_photo-noemi-tirro-219x146.jpg 219w, https:\/\/chateau-de-valangin.ch\/NEWSITE\/wp-content\/uploads\/2018\/12\/34-chacc82teau-de-valangin_photo-noemi-tirro-50x33.jpg 50w, https:\/\/chateau-de-valangin.ch\/NEWSITE\/wp-content\/uploads\/2018\/12\/34-chacc82teau-de-valangin_photo-noemi-tirro-112x75.jpg 112w, https:\/\/chateau-de-valangin.ch\/NEWSITE\/wp-content\/uploads\/2018\/12\/34-chacc82teau-de-valangin_photo-noemi-tirro.jpg 1200w\" sizes=\"auto, (max-width:767px) 300px, 300px\" \/><\/span><span class=\"mob\"><img loading=\"lazy\" decoding=\"async\" width=\"1024\" height=\"684\" src=\"https:\/\/chateau-de-valangin.ch\/NEWSITE\/wp-content\/uploads\/2018\/12\/34-chacc82teau-de-valangin_photo-noemi-tirro-1024x684.jpg\" class=\"attachment-large size-large\" alt=\"\" srcset=\"https:\/\/chateau-de-valangin.ch\/NEWSITE\/wp-content\/uploads\/2018\/12\/34-chacc82teau-de-valangin_photo-noemi-tirro-1024x684.jpg 1024w, https:\/\/chateau-de-valangin.ch\/NEWSITE\/wp-content\/uploads\/2018\/12\/34-chacc82teau-de-valangin_photo-noemi-tirro-300x200.jpg 300w, https:\/\/chateau-de-valangin.ch\/NEWSITE\/wp-content\/uploads\/2018\/12\/34-chacc82teau-de-valangin_photo-noemi-tirro-768x513.jpg 768w, https:\/\/chateau-de-valangin.ch\/NEWSITE\/wp-content\/uploads\/2018\/12\/34-chacc82teau-de-valangin_photo-noemi-tirro-219x146.jpg 219w, https:\/\/chateau-de-valangin.ch\/NEWSITE\/wp-content\/uploads\/2018\/12\/34-chacc82teau-de-valangin_photo-noemi-tirro-50x33.jpg 50w, https:\/\/chateau-de-valangin.ch\/NEWSITE\/wp-content\/uploads\/2018\/12\/34-chacc82teau-de-valangin_photo-noemi-tirro-112x75.jpg 112w, https:\/\/chateau-de-valangin.ch\/NEWSITE\/wp-content\/uploads\/2018\/12\/34-chacc82teau-de-valangin_photo-noemi-tirro.jpg 1200w\" sizes=\"auto, (max-width:767px) 480px, (max-width:1024px) 100vw, 1024px\" \/><\/span><\/a><\/div>\r\n\t<\/div>\r\n<\/div><style>\r\n\t.Extrait_Events_arc{float:left;height:70px;width:100%;background-color:#590630;color:#FFF;margin-top:0px;border-radius:0px;}\r\n\t@media screen and (max-width:900px){.Extrait_Events_arc{height:210px;margin-top:30px;}}\r\n\t.Extrait_Events_Container_arc{height:70px;background-color:#590630;margin:0 auto;text-align:center;}\r\n\t@media screen and (max-width:900px){.Extrait_Events_Container_arc{height:180px;width:100%;}}\r\n\t.Extrait_Events_arc a:hover{text-decoration:none;}\r\n\t.Date_Events_all_arc{float:left;width:20%;height:70px;margin-bottom:10px;}\r\n\t@media screen and (max-width:900px){.Date_Events_all_arc{float:left;width:100%;height:70px;margin-bottom:10px;}}\r\n\t.Date_Events_1_arc{float:left;width:45%;text-align:center;margin-top:5px;}\r\n\t.Date_Events_1_2_arc{float:left;width:32%;text-align:center;margin-top:5px;}\r\n\t.Date_Events_sep_arc{float:left;text-align:center;width:10%;margin-top:-15px;}\r\n\t.Date_Events_2_arc{float:left;width:45%;text-align:center;margin-top:5px;}\r\n\t.timecss_d_arc {font-size:20px;font-weight:500;margin:0;}\r\n\t.timecss_f_arc {font-size:10px;text-transform:uppercase;margin-top:-5px;}\r\n\t.timecss_y_arc {font-size:11px;margin-top:-28px;}\r\n\t.Date_Events_sep_arc{padding-top:20px}\r\n\t.Cat_Events_arc{color:#e3c022;text-transform:uppercase;font-weight:300;letter-spacing:5px;font-size:8px;}\r\n\t@media screen and (max-width:900px){.Cat_Events_arc{float:left;height:20px;width:100%;margin:0 10px;}}\r\n\t.Cat_Events_arc{float:left;height:20px;width:60%;line-height:1.5;margin-top:7px;}\r\n\t@media screen and (max-width:900px){.Cat_Events_arc{float:left;text-align:center;height:20px;width:100%;margin:10px 0 auto;}}\r\n\t@media screen and (max-width:900px){.Cat_Events_arc_cont{margin:0 10px;width:90%;}}\r\n\t.Titre_Events_arc a{float:left;height:50px;width:60%;font-weight:100;font-size:17px;line-height:1.2;color:#fff;text-rendering:auto;margin-top:-10px;}\r\n\t@media screen and (max-width:900px){.Titre_Events_arc a{height:30px;margin:10px 0 auto;width:100%;line-break:auto;}}\r\n\t@media screen and (max-width:900px){.Titre_Events_arc_cont{margin:0 5%;width:90%;}}\r\n\t.Image_Events_arc{float:left;width:20%;overflow:hidden;position:relative;max-height:70px;margin-top:-27px;}\r\n\t@media screen and (max-width:900px){.Image_Events_arc{float:left;max-height:150px;width:100%;margin-top:10px;}}\r\n\t.Date_Events_all_arc,.Cat_Events_arc,.Titre_Events_arc a{display:flex;justify-content:center;align-items:center;}\r\n\t.desk{display:flex;}.mob{display:none;}\r\n\t@media screen and (max-width:900px){.desk{display:none;}.mob{display:flex;}}\r\n<\/style>\r\n\r\n<div class=\"Extrait_Events_arc\">\r\n\t<div class=\"Extrait_Events_Container_arc\">\r\n\t\t4389\r\n\t\t<div class=\"Cat_Events_arc\"><div class=\"Cat_Events_arc_cont\">ANIMATION<\/div><\/div>\r\n\t\t<div class=\"Titre_Events_arc\"><div class=\"Titre_Events_arc_cont\"><a href=\"https:\/\/chateau-de-valangin.ch\/de\/kalender\/droles-dhistoires-au-chateau\/\">Dr\u00f4les d&#8217;histoires au ch\u00e2teau<\/a><\/div><\/div>\t\t\r\n\t\t<div class=\"Image_Events_arc\"><a href=\"https:\/\/chateau-de-valangin.ch\/de\/kalender\/droles-dhistoires-au-chateau\/\"><span class=\"desk\"><img loading=\"lazy\" decoding=\"async\" width=\"300\" height=\"225\" src=\"https:\/\/chateau-de-valangin.ch\/NEWSITE\/wp-content\/uploads\/2024\/02\/lectures-b-300x225.jpg\" class=\"attachment-medium size-medium\" alt=\"\" srcset=\"https:\/\/chateau-de-valangin.ch\/NEWSITE\/wp-content\/uploads\/2024\/02\/lectures-b-300x225.jpg 300w, https:\/\/chateau-de-valangin.ch\/NEWSITE\/wp-content\/uploads\/2024\/02\/lectures-b-1024x768.jpg 1024w, https:\/\/chateau-de-valangin.ch\/NEWSITE\/wp-content\/uploads\/2024\/02\/lectures-b-768x576.jpg 768w, https:\/\/chateau-de-valangin.ch\/NEWSITE\/wp-content\/uploads\/2024\/02\/lectures-b-1536x1152.jpg 1536w, https:\/\/chateau-de-valangin.ch\/NEWSITE\/wp-content\/uploads\/2024\/02\/lectures-b-2048x1536.jpg 2048w, https:\/\/chateau-de-valangin.ch\/NEWSITE\/wp-content\/uploads\/2024\/02\/lectures-b-100x75.jpg 100w, https:\/\/chateau-de-valangin.ch\/NEWSITE\/wp-content\/uploads\/2024\/02\/lectures-b-960x720.jpg 960w, https:\/\/chateau-de-valangin.ch\/NEWSITE\/wp-content\/uploads\/2024\/02\/lectures-b-480x360.jpg 480w, https:\/\/chateau-de-valangin.ch\/NEWSITE\/wp-content\/uploads\/2024\/02\/lectures-b-1320x990.jpg 1320w\" sizes=\"auto, (max-width:767px) 300px, 300px\" \/><\/span><span class=\"mob\"><img loading=\"lazy\" decoding=\"async\" width=\"1024\" height=\"768\" src=\"https:\/\/chateau-de-valangin.ch\/NEWSITE\/wp-content\/uploads\/2024\/02\/lectures-b-1024x768.jpg\" class=\"attachment-large size-large\" alt=\"\" srcset=\"https:\/\/chateau-de-valangin.ch\/NEWSITE\/wp-content\/uploads\/2024\/02\/lectures-b-1024x768.jpg 1024w, https:\/\/chateau-de-valangin.ch\/NEWSITE\/wp-content\/uploads\/2024\/02\/lectures-b-300x225.jpg 300w, https:\/\/chateau-de-valangin.ch\/NEWSITE\/wp-content\/uploads\/2024\/02\/lectures-b-768x576.jpg 768w, https:\/\/chateau-de-valangin.ch\/NEWSITE\/wp-content\/uploads\/2024\/02\/lectures-b-1536x1152.jpg 1536w, https:\/\/chateau-de-valangin.ch\/NEWSITE\/wp-content\/uploads\/2024\/02\/lectures-b-2048x1536.jpg 2048w, https:\/\/chateau-de-valangin.ch\/NEWSITE\/wp-content\/uploads\/2024\/02\/lectures-b-100x75.jpg 100w, https:\/\/chateau-de-valangin.ch\/NEWSITE\/wp-content\/uploads\/2024\/02\/lectures-b-960x720.jpg 960w, https:\/\/chateau-de-valangin.ch\/NEWSITE\/wp-content\/uploads\/2024\/02\/lectures-b-480x360.jpg 480w, https:\/\/chateau-de-valangin.ch\/NEWSITE\/wp-content\/uploads\/2024\/02\/lectures-b-1320x990.jpg 1320w\" sizes=\"auto, (max-width:767px) 480px, (max-width:1024px) 100vw, 1024px\" \/><\/span><\/a><\/div>\r\n\t<\/div>\r\n<\/div><style>\r\n\t.Extrait_Events_arc{float:left;height:70px;width:100%;background-color:#590630;color:#FFF;margin-top:0px;border-radius:0px;}\r\n\t@media screen and (max-width:900px){.Extrait_Events_arc{height:210px;margin-top:30px;}}\r\n\t.Extrait_Events_Container_arc{height:70px;background-color:#590630;margin:0 auto;text-align:center;}\r\n\t@media screen and (max-width:900px){.Extrait_Events_Container_arc{height:180px;width:100%;}}\r\n\t.Extrait_Events_arc a:hover{text-decoration:none;}\r\n\t.Date_Events_all_arc{float:left;width:20%;height:70px;margin-bottom:10px;}\r\n\t@media screen and (max-width:900px){.Date_Events_all_arc{float:left;width:100%;height:70px;margin-bottom:10px;}}\r\n\t.Date_Events_1_arc{float:left;width:45%;text-align:center;margin-top:5px;}\r\n\t.Date_Events_1_2_arc{float:left;width:32%;text-align:center;margin-top:5px;}\r\n\t.Date_Events_sep_arc{float:left;text-align:center;width:10%;margin-top:-15px;}\r\n\t.Date_Events_2_arc{float:left;width:45%;text-align:center;margin-top:5px;}\r\n\t.timecss_d_arc {font-size:20px;font-weight:500;margin:0;}\r\n\t.timecss_f_arc {font-size:10px;text-transform:uppercase;margin-top:-5px;}\r\n\t.timecss_y_arc {font-size:11px;margin-top:-28px;}\r\n\t.Date_Events_sep_arc{padding-top:20px}\r\n\t.Cat_Events_arc{color:#e3c022;text-transform:uppercase;font-weight:300;letter-spacing:5px;font-size:8px;}\r\n\t@media screen and (max-width:900px){.Cat_Events_arc{float:left;height:20px;width:100%;margin:0 10px;}}\r\n\t.Cat_Events_arc{float:left;height:20px;width:60%;line-height:1.5;margin-top:7px;}\r\n\t@media screen and (max-width:900px){.Cat_Events_arc{float:left;text-align:center;height:20px;width:100%;margin:10px 0 auto;}}\r\n\t@media screen and (max-width:900px){.Cat_Events_arc_cont{margin:0 10px;width:90%;}}\r\n\t.Titre_Events_arc a{float:left;height:50px;width:60%;font-weight:100;font-size:17px;line-height:1.2;color:#fff;text-rendering:auto;margin-top:-10px;}\r\n\t@media screen and (max-width:900px){.Titre_Events_arc a{height:30px;margin:10px 0 auto;width:100%;line-break:auto;}}\r\n\t@media screen and (max-width:900px){.Titre_Events_arc_cont{margin:0 5%;width:90%;}}\r\n\t.Image_Events_arc{float:left;width:20%;overflow:hidden;position:relative;max-height:70px;margin-top:-27px;}\r\n\t@media screen and (max-width:900px){.Image_Events_arc{float:left;max-height:150px;width:100%;margin-top:10px;}}\r\n\t.Date_Events_all_arc,.Cat_Events_arc,.Titre_Events_arc a{display:flex;justify-content:center;align-items:center;}\r\n\t.desk{display:flex;}.mob{display:none;}\r\n\t@media screen and (max-width:900px){.desk{display:none;}.mob{display:flex;}}\r\n<\/style>\r\n\r\n<div class=\"Extrait_Events_arc\">\r\n\t<div class=\"Extrait_Events_Container_arc\">\r\n\t\t4259\r\n\t\t<div class=\"Cat_Events_arc\"><div class=\"Cat_Events_arc_cont\">ANIMATION<\/div><\/div>\r\n\t\t<div class=\"Titre_Events_arc\"><div class=\"Titre_Events_arc_cont\"><a href=\"https:\/\/chateau-de-valangin.ch\/de\/kalender\/demonstration-de-dentellieres-2023-2-2-2-2-2-2-2-3-2\/\">Kl\u00f6pplerinnen zeigen ihre Kunst<\/a><\/div><\/div>\t\t\r\n\t\t<div class=\"Image_Events_arc\"><a href=\"https:\/\/chateau-de-valangin.ch\/de\/kalender\/demonstration-de-dentellieres-2023-2-2-2-2-2-2-2-3-2\/\"><span class=\"desk\"><img loading=\"lazy\" decoding=\"async\" width=\"300\" height=\"225\" src=\"https:\/\/chateau-de-valangin.ch\/NEWSITE\/wp-content\/uploads\/2021\/08\/img_9701-300x225.jpg\" class=\"attachment-medium size-medium\" alt=\"dentelles historiques du ch\u00e2teau et mus\u00e9e de valangin\" srcset=\"https:\/\/chateau-de-valangin.ch\/NEWSITE\/wp-content\/uploads\/2021\/08\/img_9701-300x225.jpg 300w, https:\/\/chateau-de-valangin.ch\/NEWSITE\/wp-content\/uploads\/2021\/08\/img_9701-1024x768.jpg 1024w, https:\/\/chateau-de-valangin.ch\/NEWSITE\/wp-content\/uploads\/2021\/08\/img_9701-768x576.jpg 768w, https:\/\/chateau-de-valangin.ch\/NEWSITE\/wp-content\/uploads\/2021\/08\/img_9701-1536x1152.jpg 1536w, https:\/\/chateau-de-valangin.ch\/NEWSITE\/wp-content\/uploads\/2021\/08\/img_9701-2048x1536.jpg 2048w, https:\/\/chateau-de-valangin.ch\/NEWSITE\/wp-content\/uploads\/2021\/08\/img_9701-195x146.jpg 195w, https:\/\/chateau-de-valangin.ch\/NEWSITE\/wp-content\/uploads\/2021\/08\/img_9701-50x38.jpg 50w, https:\/\/chateau-de-valangin.ch\/NEWSITE\/wp-content\/uploads\/2021\/08\/img_9701-100x75.jpg 100w, https:\/\/chateau-de-valangin.ch\/NEWSITE\/wp-content\/uploads\/2021\/08\/img_9701-960x720.jpg 960w, https:\/\/chateau-de-valangin.ch\/NEWSITE\/wp-content\/uploads\/2021\/08\/img_9701-1320x990.jpg 1320w\" sizes=\"auto, (max-width:767px) 300px, 300px\" \/><\/span><span class=\"mob\"><img loading=\"lazy\" decoding=\"async\" width=\"1024\" height=\"768\" src=\"https:\/\/chateau-de-valangin.ch\/NEWSITE\/wp-content\/uploads\/2021\/08\/img_9701-1024x768.jpg\" class=\"attachment-large size-large\" alt=\"dentelles historiques du ch\u00e2teau et mus\u00e9e de valangin\" srcset=\"https:\/\/chateau-de-valangin.ch\/NEWSITE\/wp-content\/uploads\/2021\/08\/img_9701-1024x768.jpg 1024w, https:\/\/chateau-de-valangin.ch\/NEWSITE\/wp-content\/uploads\/2021\/08\/img_9701-300x225.jpg 300w, https:\/\/chateau-de-valangin.ch\/NEWSITE\/wp-content\/uploads\/2021\/08\/img_9701-768x576.jpg 768w, https:\/\/chateau-de-valangin.ch\/NEWSITE\/wp-content\/uploads\/2021\/08\/img_9701-1536x1152.jpg 1536w, https:\/\/chateau-de-valangin.ch\/NEWSITE\/wp-content\/uploads\/2021\/08\/img_9701-2048x1536.jpg 2048w, https:\/\/chateau-de-valangin.ch\/NEWSITE\/wp-content\/uploads\/2021\/08\/img_9701-195x146.jpg 195w, https:\/\/chateau-de-valangin.ch\/NEWSITE\/wp-content\/uploads\/2021\/08\/img_9701-50x38.jpg 50w, https:\/\/chateau-de-valangin.ch\/NEWSITE\/wp-content\/uploads\/2021\/08\/img_9701-100x75.jpg 100w, https:\/\/chateau-de-valangin.ch\/NEWSITE\/wp-content\/uploads\/2021\/08\/img_9701-960x720.jpg 960w, https:\/\/chateau-de-valangin.ch\/NEWSITE\/wp-content\/uploads\/2021\/08\/img_9701-1320x990.jpg 1320w\" sizes=\"auto, (max-width:767px) 480px, (max-width:1024px) 100vw, 1024px\" \/><\/span><\/a><\/div>\r\n\t<\/div>\r\n<\/div><style>\r\n\t.Extrait_Events_arc{float:left;height:70px;width:100%;background-color:#590630;color:#FFF;margin-top:0px;border-radius:0px;}\r\n\t@media screen and (max-width:900px){.Extrait_Events_arc{height:210px;margin-top:30px;}}\r\n\t.Extrait_Events_Container_arc{height:70px;background-color:#590630;margin:0 auto;text-align:center;}\r\n\t@media screen and (max-width:900px){.Extrait_Events_Container_arc{height:180px;width:100%;}}\r\n\t.Extrait_Events_arc a:hover{text-decoration:none;}\r\n\t.Date_Events_all_arc{float:left;width:20%;height:70px;margin-bottom:10px;}\r\n\t@media screen and (max-width:900px){.Date_Events_all_arc{float:left;width:100%;height:70px;margin-bottom:10px;}}\r\n\t.Date_Events_1_arc{float:left;width:45%;text-align:center;margin-top:5px;}\r\n\t.Date_Events_1_2_arc{float:left;width:32%;text-align:center;margin-top:5px;}\r\n\t.Date_Events_sep_arc{float:left;text-align:center;width:10%;margin-top:-15px;}\r\n\t.Date_Events_2_arc{float:left;width:45%;text-align:center;margin-top:5px;}\r\n\t.timecss_d_arc {font-size:20px;font-weight:500;margin:0;}\r\n\t.timecss_f_arc {font-size:10px;text-transform:uppercase;margin-top:-5px;}\r\n\t.timecss_y_arc {font-size:11px;margin-top:-28px;}\r\n\t.Date_Events_sep_arc{padding-top:20px}\r\n\t.Cat_Events_arc{color:#e3c022;text-transform:uppercase;font-weight:300;letter-spacing:5px;font-size:8px;}\r\n\t@media screen and (max-width:900px){.Cat_Events_arc{float:left;height:20px;width:100%;margin:0 10px;}}\r\n\t.Cat_Events_arc{float:left;height:20px;width:60%;line-height:1.5;margin-top:7px;}\r\n\t@media screen and (max-width:900px){.Cat_Events_arc{float:left;text-align:center;height:20px;width:100%;margin:10px 0 auto;}}\r\n\t@media screen and (max-width:900px){.Cat_Events_arc_cont{margin:0 10px;width:90%;}}\r\n\t.Titre_Events_arc a{float:left;height:50px;width:60%;font-weight:100;font-size:17px;line-height:1.2;color:#fff;text-rendering:auto;margin-top:-10px;}\r\n\t@media screen and (max-width:900px){.Titre_Events_arc a{height:30px;margin:10px 0 auto;width:100%;line-break:auto;}}\r\n\t@media screen and (max-width:900px){.Titre_Events_arc_cont{margin:0 5%;width:90%;}}\r\n\t.Image_Events_arc{float:left;width:20%;overflow:hidden;position:relative;max-height:70px;margin-top:-27px;}\r\n\t@media screen and (max-width:900px){.Image_Events_arc{float:left;max-height:150px;width:100%;margin-top:10px;}}\r\n\t.Date_Events_all_arc,.Cat_Events_arc,.Titre_Events_arc a{display:flex;justify-content:center;align-items:center;}\r\n\t.desk{display:flex;}.mob{display:none;}\r\n\t@media screen and (max-width:900px){.desk{display:none;}.mob{display:flex;}}\r\n<\/style>\r\n\r\n<div class=\"Extrait_Events_arc\">\r\n\t<div class=\"Extrait_Events_Container_arc\">\r\n\t\t4388\r\n\t\t<div class=\"Cat_Events_arc\"><div class=\"Cat_Events_arc_cont\">ANIMATION<\/div><\/div>\r\n\t\t<div class=\"Titre_Events_arc\"><div class=\"Titre_Events_arc_cont\"><a href=\"https:\/\/chateau-de-valangin.ch\/de\/kalender\/sur-les-pas-de-catherine-de-watteville\/\">Sur les pas de Catherine de Watteville<\/a><\/div><\/div>\t\t\r\n\t\t<div class=\"Image_Events_arc\"><a href=\"https:\/\/chateau-de-valangin.ch\/de\/kalender\/sur-les-pas-de-catherine-de-watteville\/\"><span class=\"desk\"><img loading=\"lazy\" decoding=\"async\" width=\"300\" height=\"225\" src=\"https:\/\/chateau-de-valangin.ch\/NEWSITE\/wp-content\/uploads\/2024\/02\/catherine-de-watteville-1-300x225.jpg\" class=\"attachment-medium size-medium\" alt=\"\" srcset=\"https:\/\/chateau-de-valangin.ch\/NEWSITE\/wp-content\/uploads\/2024\/02\/catherine-de-watteville-1-300x225.jpg 300w, https:\/\/chateau-de-valangin.ch\/NEWSITE\/wp-content\/uploads\/2024\/02\/catherine-de-watteville-1-1024x768.jpg 1024w, https:\/\/chateau-de-valangin.ch\/NEWSITE\/wp-content\/uploads\/2024\/02\/catherine-de-watteville-1-768x576.jpg 768w, https:\/\/chateau-de-valangin.ch\/NEWSITE\/wp-content\/uploads\/2024\/02\/catherine-de-watteville-1-1536x1152.jpg 1536w, https:\/\/chateau-de-valangin.ch\/NEWSITE\/wp-content\/uploads\/2024\/02\/catherine-de-watteville-1-2048x1536.jpg 2048w, https:\/\/chateau-de-valangin.ch\/NEWSITE\/wp-content\/uploads\/2024\/02\/catherine-de-watteville-1-100x75.jpg 100w, https:\/\/chateau-de-valangin.ch\/NEWSITE\/wp-content\/uploads\/2024\/02\/catherine-de-watteville-1-960x720.jpg 960w, https:\/\/chateau-de-valangin.ch\/NEWSITE\/wp-content\/uploads\/2024\/02\/catherine-de-watteville-1-480x360.jpg 480w, https:\/\/chateau-de-valangin.ch\/NEWSITE\/wp-content\/uploads\/2024\/02\/catherine-de-watteville-1-1320x990.jpg 1320w\" sizes=\"auto, (max-width:767px) 300px, 300px\" \/><\/span><span class=\"mob\"><img loading=\"lazy\" decoding=\"async\" width=\"1024\" height=\"768\" src=\"https:\/\/chateau-de-valangin.ch\/NEWSITE\/wp-content\/uploads\/2024\/02\/catherine-de-watteville-1-1024x768.jpg\" class=\"attachment-large size-large\" alt=\"\" srcset=\"https:\/\/chateau-de-valangin.ch\/NEWSITE\/wp-content\/uploads\/2024\/02\/catherine-de-watteville-1-1024x768.jpg 1024w, https:\/\/chateau-de-valangin.ch\/NEWSITE\/wp-content\/uploads\/2024\/02\/catherine-de-watteville-1-300x225.jpg 300w, https:\/\/chateau-de-valangin.ch\/NEWSITE\/wp-content\/uploads\/2024\/02\/catherine-de-watteville-1-768x576.jpg 768w, https:\/\/chateau-de-valangin.ch\/NEWSITE\/wp-content\/uploads\/2024\/02\/catherine-de-watteville-1-1536x1152.jpg 1536w, https:\/\/chateau-de-valangin.ch\/NEWSITE\/wp-content\/uploads\/2024\/02\/catherine-de-watteville-1-2048x1536.jpg 2048w, https:\/\/chateau-de-valangin.ch\/NEWSITE\/wp-content\/uploads\/2024\/02\/catherine-de-watteville-1-100x75.jpg 100w, https:\/\/chateau-de-valangin.ch\/NEWSITE\/wp-content\/uploads\/2024\/02\/catherine-de-watteville-1-960x720.jpg 960w, https:\/\/chateau-de-valangin.ch\/NEWSITE\/wp-content\/uploads\/2024\/02\/catherine-de-watteville-1-480x360.jpg 480w, https:\/\/chateau-de-valangin.ch\/NEWSITE\/wp-content\/uploads\/2024\/02\/catherine-de-watteville-1-1320x990.jpg 1320w\" sizes=\"auto, (max-width:767px) 480px, (max-width:1024px) 100vw, 1024px\" \/><\/span><\/a><\/div>\r\n\t<\/div>\r\n<\/div><style>\r\n\t.Extrait_Events_arc{float:left;height:70px;width:100%;background-color:#590630;color:#FFF;margin-top:0px;border-radius:0px;}\r\n\t@media screen and (max-width:900px){.Extrait_Events_arc{height:210px;margin-top:30px;}}\r\n\t.Extrait_Events_Container_arc{height:70px;background-color:#590630;margin:0 auto;text-align:center;}\r\n\t@media screen and (max-width:900px){.Extrait_Events_Container_arc{height:180px;width:100%;}}\r\n\t.Extrait_Events_arc a:hover{text-decoration:none;}\r\n\t.Date_Events_all_arc{float:left;width:20%;height:70px;margin-bottom:10px;}\r\n\t@media screen and (max-width:900px){.Date_Events_all_arc{float:left;width:100%;height:70px;margin-bottom:10px;}}\r\n\t.Date_Events_1_arc{float:left;width:45%;text-align:center;margin-top:5px;}\r\n\t.Date_Events_1_2_arc{float:left;width:32%;text-align:center;margin-top:5px;}\r\n\t.Date_Events_sep_arc{float:left;text-align:center;width:10%;margin-top:-15px;}\r\n\t.Date_Events_2_arc{float:left;width:45%;text-align:center;margin-top:5px;}\r\n\t.timecss_d_arc {font-size:20px;font-weight:500;margin:0;}\r\n\t.timecss_f_arc {font-size:10px;text-transform:uppercase;margin-top:-5px;}\r\n\t.timecss_y_arc {font-size:11px;margin-top:-28px;}\r\n\t.Date_Events_sep_arc{padding-top:20px}\r\n\t.Cat_Events_arc{color:#e3c022;text-transform:uppercase;font-weight:300;letter-spacing:5px;font-size:8px;}\r\n\t@media screen and (max-width:900px){.Cat_Events_arc{float:left;height:20px;width:100%;margin:0 10px;}}\r\n\t.Cat_Events_arc{float:left;height:20px;width:60%;line-height:1.5;margin-top:7px;}\r\n\t@media screen and (max-width:900px){.Cat_Events_arc{float:left;text-align:center;height:20px;width:100%;margin:10px 0 auto;}}\r\n\t@media screen and (max-width:900px){.Cat_Events_arc_cont{margin:0 10px;width:90%;}}\r\n\t.Titre_Events_arc a{float:left;height:50px;width:60%;font-weight:100;font-size:17px;line-height:1.2;color:#fff;text-rendering:auto;margin-top:-10px;}\r\n\t@media screen and (max-width:900px){.Titre_Events_arc a{height:30px;margin:10px 0 auto;width:100%;line-break:auto;}}\r\n\t@media screen and (max-width:900px){.Titre_Events_arc_cont{margin:0 5%;width:90%;}}\r\n\t.Image_Events_arc{float:left;width:20%;overflow:hidden;position:relative;max-height:70px;margin-top:-27px;}\r\n\t@media screen and (max-width:900px){.Image_Events_arc{float:left;max-height:150px;width:100%;margin-top:10px;}}\r\n\t.Date_Events_all_arc,.Cat_Events_arc,.Titre_Events_arc a{display:flex;justify-content:center;align-items:center;}\r\n\t.desk{display:flex;}.mob{display:none;}\r\n\t@media screen and (max-width:900px){.desk{display:none;}.mob{display:flex;}}\r\n<\/style>\r\n\r\n<div class=\"Extrait_Events_arc\">\r\n\t<div class=\"Extrait_Events_Container_arc\">\r\n\t\t4386\r\n\t\t<div class=\"Cat_Events_arc\"><div class=\"Cat_Events_arc_cont\">ANIMATION und WORKSHOP<\/div><\/div>\r\n\t\t<div class=\"Titre_Events_arc\"><div class=\"Titre_Events_arc_cont\"><a href=\"https:\/\/chateau-de-valangin.ch\/de\/kalender\/cest-comment-un-chateau\/\">C&#8217;est comment un ch\u00e2teau?<\/a><\/div><\/div>\t\t\r\n\t\t<div class=\"Image_Events_arc\"><a href=\"https:\/\/chateau-de-valangin.ch\/de\/kalender\/cest-comment-un-chateau\/\"><span class=\"desk\"><img loading=\"lazy\" decoding=\"async\" width=\"300\" height=\"225\" src=\"https:\/\/chateau-de-valangin.ch\/NEWSITE\/wp-content\/uploads\/2024\/02\/chateau-fort-pour-tout-petits-c-300x225.jpg\" class=\"attachment-medium size-medium\" alt=\"Ch\u00e2teau de Valangin, atelier pour enfants de 0 \u00e0 4 ans\" srcset=\"https:\/\/chateau-de-valangin.ch\/NEWSITE\/wp-content\/uploads\/2024\/02\/chateau-fort-pour-tout-petits-c-300x225.jpg 300w, https:\/\/chateau-de-valangin.ch\/NEWSITE\/wp-content\/uploads\/2024\/02\/chateau-fort-pour-tout-petits-c-1024x768.jpg 1024w, https:\/\/chateau-de-valangin.ch\/NEWSITE\/wp-content\/uploads\/2024\/02\/chateau-fort-pour-tout-petits-c-768x576.jpg 768w, https:\/\/chateau-de-valangin.ch\/NEWSITE\/wp-content\/uploads\/2024\/02\/chateau-fort-pour-tout-petits-c-1536x1152.jpg 1536w, https:\/\/chateau-de-valangin.ch\/NEWSITE\/wp-content\/uploads\/2024\/02\/chateau-fort-pour-tout-petits-c-2048x1536.jpg 2048w, https:\/\/chateau-de-valangin.ch\/NEWSITE\/wp-content\/uploads\/2024\/02\/chateau-fort-pour-tout-petits-c-100x75.jpg 100w, https:\/\/chateau-de-valangin.ch\/NEWSITE\/wp-content\/uploads\/2024\/02\/chateau-fort-pour-tout-petits-c-960x720.jpg 960w, https:\/\/chateau-de-valangin.ch\/NEWSITE\/wp-content\/uploads\/2024\/02\/chateau-fort-pour-tout-petits-c-480x360.jpg 480w, https:\/\/chateau-de-valangin.ch\/NEWSITE\/wp-content\/uploads\/2024\/02\/chateau-fort-pour-tout-petits-c-1320x990.jpg 1320w\" sizes=\"auto, (max-width:767px) 300px, 300px\" \/><\/span><span class=\"mob\"><img loading=\"lazy\" decoding=\"async\" width=\"1024\" height=\"768\" src=\"https:\/\/chateau-de-valangin.ch\/NEWSITE\/wp-content\/uploads\/2024\/02\/chateau-fort-pour-tout-petits-c-1024x768.jpg\" class=\"attachment-large size-large\" alt=\"Ch\u00e2teau de Valangin, atelier pour enfants de 0 \u00e0 4 ans\" srcset=\"https:\/\/chateau-de-valangin.ch\/NEWSITE\/wp-content\/uploads\/2024\/02\/chateau-fort-pour-tout-petits-c-1024x768.jpg 1024w, https:\/\/chateau-de-valangin.ch\/NEWSITE\/wp-content\/uploads\/2024\/02\/chateau-fort-pour-tout-petits-c-300x225.jpg 300w, https:\/\/chateau-de-valangin.ch\/NEWSITE\/wp-content\/uploads\/2024\/02\/chateau-fort-pour-tout-petits-c-768x576.jpg 768w, https:\/\/chateau-de-valangin.ch\/NEWSITE\/wp-content\/uploads\/2024\/02\/chateau-fort-pour-tout-petits-c-1536x1152.jpg 1536w, https:\/\/chateau-de-valangin.ch\/NEWSITE\/wp-content\/uploads\/2024\/02\/chateau-fort-pour-tout-petits-c-2048x1536.jpg 2048w, https:\/\/chateau-de-valangin.ch\/NEWSITE\/wp-content\/uploads\/2024\/02\/chateau-fort-pour-tout-petits-c-100x75.jpg 100w, https:\/\/chateau-de-valangin.ch\/NEWSITE\/wp-content\/uploads\/2024\/02\/chateau-fort-pour-tout-petits-c-960x720.jpg 960w, https:\/\/chateau-de-valangin.ch\/NEWSITE\/wp-content\/uploads\/2024\/02\/chateau-fort-pour-tout-petits-c-480x360.jpg 480w, https:\/\/chateau-de-valangin.ch\/NEWSITE\/wp-content\/uploads\/2024\/02\/chateau-fort-pour-tout-petits-c-1320x990.jpg 1320w\" sizes=\"auto, (max-width:767px) 480px, (max-width:1024px) 100vw, 1024px\" \/><\/span><\/a><\/div>\r\n\t<\/div>\r\n<\/div><style>\r\n\t.Extrait_Events_arc{float:left;height:70px;width:100%;background-color:#590630;color:#FFF;margin-top:0px;border-radius:0px;}\r\n\t@media screen and (max-width:900px){.Extrait_Events_arc{height:210px;margin-top:30px;}}\r\n\t.Extrait_Events_Container_arc{height:70px;background-color:#590630;margin:0 auto;text-align:center;}\r\n\t@media screen and (max-width:900px){.Extrait_Events_Container_arc{height:180px;width:100%;}}\r\n\t.Extrait_Events_arc a:hover{text-decoration:none;}\r\n\t.Date_Events_all_arc{float:left;width:20%;height:70px;margin-bottom:10px;}\r\n\t@media screen and (max-width:900px){.Date_Events_all_arc{float:left;width:100%;height:70px;margin-bottom:10px;}}\r\n\t.Date_Events_1_arc{float:left;width:45%;text-align:center;margin-top:5px;}\r\n\t.Date_Events_1_2_arc{float:left;width:32%;text-align:center;margin-top:5px;}\r\n\t.Date_Events_sep_arc{float:left;text-align:center;width:10%;margin-top:-15px;}\r\n\t.Date_Events_2_arc{float:left;width:45%;text-align:center;margin-top:5px;}\r\n\t.timecss_d_arc {font-size:20px;font-weight:500;margin:0;}\r\n\t.timecss_f_arc {font-size:10px;text-transform:uppercase;margin-top:-5px;}\r\n\t.timecss_y_arc {font-size:11px;margin-top:-28px;}\r\n\t.Date_Events_sep_arc{padding-top:20px}\r\n\t.Cat_Events_arc{color:#e3c022;text-transform:uppercase;font-weight:300;letter-spacing:5px;font-size:8px;}\r\n\t@media screen and (max-width:900px){.Cat_Events_arc{float:left;height:20px;width:100%;margin:0 10px;}}\r\n\t.Cat_Events_arc{float:left;height:20px;width:60%;line-height:1.5;margin-top:7px;}\r\n\t@media screen and (max-width:900px){.Cat_Events_arc{float:left;text-align:center;height:20px;width:100%;margin:10px 0 auto;}}\r\n\t@media screen and (max-width:900px){.Cat_Events_arc_cont{margin:0 10px;width:90%;}}\r\n\t.Titre_Events_arc a{float:left;height:50px;width:60%;font-weight:100;font-size:17px;line-height:1.2;color:#fff;text-rendering:auto;margin-top:-10px;}\r\n\t@media screen and (max-width:900px){.Titre_Events_arc a{height:30px;margin:10px 0 auto;width:100%;line-break:auto;}}\r\n\t@media screen and (max-width:900px){.Titre_Events_arc_cont{margin:0 5%;width:90%;}}\r\n\t.Image_Events_arc{float:left;width:20%;overflow:hidden;position:relative;max-height:70px;margin-top:-27px;}\r\n\t@media screen and (max-width:900px){.Image_Events_arc{float:left;max-height:150px;width:100%;margin-top:10px;}}\r\n\t.Date_Events_all_arc,.Cat_Events_arc,.Titre_Events_arc a{display:flex;justify-content:center;align-items:center;}\r\n\t.desk{display:flex;}.mob{display:none;}\r\n\t@media screen and (max-width:900px){.desk{display:none;}.mob{display:flex;}}\r\n<\/style>\r\n\r\n<div class=\"Extrait_Events_arc\">\r\n\t<div class=\"Extrait_Events_Container_arc\">\r\n\t\t4350\r\n\t\t<div class=\"Cat_Events_arc\"><div class=\"Cat_Events_arc_cont\">F\u00dcHRUNG<\/div><\/div>\r\n\t\t<div class=\"Titre_Events_arc\"><div class=\"Titre_Events_arc_cont\"><a href=\"https:\/\/chateau-de-valangin.ch\/de\/kalender\/schlossfuhrung-auf-deutsch-2\/\">Schlossf\u00fchrung auf Deutsch<\/a><\/div><\/div>\t\t\r\n\t\t<div class=\"Image_Events_arc\"><a href=\"https:\/\/chateau-de-valangin.ch\/de\/kalender\/schlossfuhrung-auf-deutsch-2\/\"><span class=\"desk\"><img loading=\"lazy\" decoding=\"async\" width=\"300\" height=\"200\" src=\"https:\/\/chateau-de-valangin.ch\/NEWSITE\/wp-content\/uploads\/2022\/02\/cor1791-300x200.jpg\" class=\"attachment-medium size-medium\" alt=\"\" srcset=\"https:\/\/chateau-de-valangin.ch\/NEWSITE\/wp-content\/uploads\/2022\/02\/cor1791-300x200.jpg 300w, https:\/\/chateau-de-valangin.ch\/NEWSITE\/wp-content\/uploads\/2022\/02\/cor1791-1024x683.jpg 1024w, https:\/\/chateau-de-valangin.ch\/NEWSITE\/wp-content\/uploads\/2022\/02\/cor1791-768x512.jpg 768w, https:\/\/chateau-de-valangin.ch\/NEWSITE\/wp-content\/uploads\/2022\/02\/cor1791-1536x1024.jpg 1536w, https:\/\/chateau-de-valangin.ch\/NEWSITE\/wp-content\/uploads\/2022\/02\/cor1791-2048x1365.jpg 2048w, https:\/\/chateau-de-valangin.ch\/NEWSITE\/wp-content\/uploads\/2022\/02\/cor1791-219x146.jpg 219w, https:\/\/chateau-de-valangin.ch\/NEWSITE\/wp-content\/uploads\/2022\/02\/cor1791-50x33.jpg 50w, https:\/\/chateau-de-valangin.ch\/NEWSITE\/wp-content\/uploads\/2022\/02\/cor1791-113x75.jpg 113w, https:\/\/chateau-de-valangin.ch\/NEWSITE\/wp-content\/uploads\/2022\/02\/cor1791-1320x880.jpg 1320w\" sizes=\"auto, (max-width:767px) 300px, 300px\" \/><\/span><span class=\"mob\"><img loading=\"lazy\" decoding=\"async\" width=\"1024\" height=\"683\" src=\"https:\/\/chateau-de-valangin.ch\/NEWSITE\/wp-content\/uploads\/2022\/02\/cor1791-1024x683.jpg\" class=\"attachment-large size-large\" alt=\"\" srcset=\"https:\/\/chateau-de-valangin.ch\/NEWSITE\/wp-content\/uploads\/2022\/02\/cor1791-1024x683.jpg 1024w, https:\/\/chateau-de-valangin.ch\/NEWSITE\/wp-content\/uploads\/2022\/02\/cor1791-300x200.jpg 300w, https:\/\/chateau-de-valangin.ch\/NEWSITE\/wp-content\/uploads\/2022\/02\/cor1791-768x512.jpg 768w, https:\/\/chateau-de-valangin.ch\/NEWSITE\/wp-content\/uploads\/2022\/02\/cor1791-1536x1024.jpg 1536w, https:\/\/chateau-de-valangin.ch\/NEWSITE\/wp-content\/uploads\/2022\/02\/cor1791-2048x1365.jpg 2048w, https:\/\/chateau-de-valangin.ch\/NEWSITE\/wp-content\/uploads\/2022\/02\/cor1791-219x146.jpg 219w, https:\/\/chateau-de-valangin.ch\/NEWSITE\/wp-content\/uploads\/2022\/02\/cor1791-50x33.jpg 50w, https:\/\/chateau-de-valangin.ch\/NEWSITE\/wp-content\/uploads\/2022\/02\/cor1791-113x75.jpg 113w, https:\/\/chateau-de-valangin.ch\/NEWSITE\/wp-content\/uploads\/2022\/02\/cor1791-1320x880.jpg 1320w\" sizes=\"auto, (max-width:767px) 480px, (max-width:1024px) 100vw, 1024px\" \/><\/span><\/a><\/div>\r\n\t<\/div>\r\n<\/div><style>\r\n\t.Extrait_Events_arc{float:left;height:70px;width:100%;background-color:#590630;color:#FFF;margin-top:0px;border-radius:0px;}\r\n\t@media screen and (max-width:900px){.Extrait_Events_arc{height:210px;margin-top:30px;}}\r\n\t.Extrait_Events_Container_arc{height:70px;background-color:#590630;margin:0 auto;text-align:center;}\r\n\t@media screen and (max-width:900px){.Extrait_Events_Container_arc{height:180px;width:100%;}}\r\n\t.Extrait_Events_arc a:hover{text-decoration:none;}\r\n\t.Date_Events_all_arc{float:left;width:20%;height:70px;margin-bottom:10px;}\r\n\t@media screen and (max-width:900px){.Date_Events_all_arc{float:left;width:100%;height:70px;margin-bottom:10px;}}\r\n\t.Date_Events_1_arc{float:left;width:45%;text-align:center;margin-top:5px;}\r\n\t.Date_Events_1_2_arc{float:left;width:32%;text-align:center;margin-top:5px;}\r\n\t.Date_Events_sep_arc{float:left;text-align:center;width:10%;margin-top:-15px;}\r\n\t.Date_Events_2_arc{float:left;width:45%;text-align:center;margin-top:5px;}\r\n\t.timecss_d_arc {font-size:20px;font-weight:500;margin:0;}\r\n\t.timecss_f_arc {font-size:10px;text-transform:uppercase;margin-top:-5px;}\r\n\t.timecss_y_arc {font-size:11px;margin-top:-28px;}\r\n\t.Date_Events_sep_arc{padding-top:20px}\r\n\t.Cat_Events_arc{color:#e3c022;text-transform:uppercase;font-weight:300;letter-spacing:5px;font-size:8px;}\r\n\t@media screen and (max-width:900px){.Cat_Events_arc{float:left;height:20px;width:100%;margin:0 10px;}}\r\n\t.Cat_Events_arc{float:left;height:20px;width:60%;line-height:1.5;margin-top:7px;}\r\n\t@media screen and (max-width:900px){.Cat_Events_arc{float:left;text-align:center;height:20px;width:100%;margin:10px 0 auto;}}\r\n\t@media screen and (max-width:900px){.Cat_Events_arc_cont{margin:0 10px;width:90%;}}\r\n\t.Titre_Events_arc a{float:left;height:50px;width:60%;font-weight:100;font-size:17px;line-height:1.2;color:#fff;text-rendering:auto;margin-top:-10px;}\r\n\t@media screen and (max-width:900px){.Titre_Events_arc a{height:30px;margin:10px 0 auto;width:100%;line-break:auto;}}\r\n\t@media screen and (max-width:900px){.Titre_Events_arc_cont{margin:0 5%;width:90%;}}\r\n\t.Image_Events_arc{float:left;width:20%;overflow:hidden;position:relative;max-height:70px;margin-top:-27px;}\r\n\t@media screen and (max-width:900px){.Image_Events_arc{float:left;max-height:150px;width:100%;margin-top:10px;}}\r\n\t.Date_Events_all_arc,.Cat_Events_arc,.Titre_Events_arc a{display:flex;justify-content:center;align-items:center;}\r\n\t.desk{display:flex;}.mob{display:none;}\r\n\t@media screen and (max-width:900px){.desk{display:none;}.mob{display:flex;}}\r\n<\/style>\r\n\r\n<div class=\"Extrait_Events_arc\">\r\n\t<div class=\"Extrait_Events_Container_arc\">\r\n\t\t4345\r\n\t\t<div class=\"Cat_Events_arc\"><div class=\"Cat_Events_arc_cont\">ANIMATION<\/div><\/div>\r\n\t\t<div class=\"Titre_Events_arc\"><div class=\"Titre_Events_arc_cont\"><a href=\"https:\/\/chateau-de-valangin.ch\/de\/kalender\/enquetes-bizarres-et-rallyes-mysterieux-2\/\">Enqu\u00eates bizarres et rallyes myst\u00e9rieux<\/a><\/div><\/div>\t\t\r\n\t\t<div class=\"Image_Events_arc\"><a href=\"https:\/\/chateau-de-valangin.ch\/de\/kalender\/enquetes-bizarres-et-rallyes-mysterieux-2\/\"><span class=\"desk\"><img loading=\"lazy\" decoding=\"async\" width=\"300\" height=\"200\" src=\"https:\/\/chateau-de-valangin.ch\/NEWSITE\/wp-content\/uploads\/2018\/12\/32-chacc82teau-de-valangin_photo-noemi-tirro-300x200.jpg\" class=\"attachment-medium size-medium\" alt=\"\" srcset=\"https:\/\/chateau-de-valangin.ch\/NEWSITE\/wp-content\/uploads\/2018\/12\/32-chacc82teau-de-valangin_photo-noemi-tirro-300x200.jpg 300w, https:\/\/chateau-de-valangin.ch\/NEWSITE\/wp-content\/uploads\/2018\/12\/32-chacc82teau-de-valangin_photo-noemi-tirro-768x513.jpg 768w, https:\/\/chateau-de-valangin.ch\/NEWSITE\/wp-content\/uploads\/2018\/12\/32-chacc82teau-de-valangin_photo-noemi-tirro-1024x684.jpg 1024w, https:\/\/chateau-de-valangin.ch\/NEWSITE\/wp-content\/uploads\/2018\/12\/32-chacc82teau-de-valangin_photo-noemi-tirro-219x146.jpg 219w, https:\/\/chateau-de-valangin.ch\/NEWSITE\/wp-content\/uploads\/2018\/12\/32-chacc82teau-de-valangin_photo-noemi-tirro-50x33.jpg 50w, https:\/\/chateau-de-valangin.ch\/NEWSITE\/wp-content\/uploads\/2018\/12\/32-chacc82teau-de-valangin_photo-noemi-tirro-112x75.jpg 112w, https:\/\/chateau-de-valangin.ch\/NEWSITE\/wp-content\/uploads\/2018\/12\/32-chacc82teau-de-valangin_photo-noemi-tirro.jpg 1200w\" sizes=\"auto, (max-width:767px) 300px, 300px\" \/><\/span><span class=\"mob\"><img loading=\"lazy\" decoding=\"async\" width=\"1024\" height=\"684\" src=\"https:\/\/chateau-de-valangin.ch\/NEWSITE\/wp-content\/uploads\/2018\/12\/32-chacc82teau-de-valangin_photo-noemi-tirro-1024x684.jpg\" class=\"attachment-large size-large\" alt=\"\" srcset=\"https:\/\/chateau-de-valangin.ch\/NEWSITE\/wp-content\/uploads\/2018\/12\/32-chacc82teau-de-valangin_photo-noemi-tirro-1024x684.jpg 1024w, https:\/\/chateau-de-valangin.ch\/NEWSITE\/wp-content\/uploads\/2018\/12\/32-chacc82teau-de-valangin_photo-noemi-tirro-300x200.jpg 300w, https:\/\/chateau-de-valangin.ch\/NEWSITE\/wp-content\/uploads\/2018\/12\/32-chacc82teau-de-valangin_photo-noemi-tirro-768x513.jpg 768w, https:\/\/chateau-de-valangin.ch\/NEWSITE\/wp-content\/uploads\/2018\/12\/32-chacc82teau-de-valangin_photo-noemi-tirro-219x146.jpg 219w, https:\/\/chateau-de-valangin.ch\/NEWSITE\/wp-content\/uploads\/2018\/12\/32-chacc82teau-de-valangin_photo-noemi-tirro-50x33.jpg 50w, https:\/\/chateau-de-valangin.ch\/NEWSITE\/wp-content\/uploads\/2018\/12\/32-chacc82teau-de-valangin_photo-noemi-tirro-112x75.jpg 112w, https:\/\/chateau-de-valangin.ch\/NEWSITE\/wp-content\/uploads\/2018\/12\/32-chacc82teau-de-valangin_photo-noemi-tirro.jpg 1200w\" sizes=\"auto, (max-width:767px) 480px, (max-width:1024px) 100vw, 1024px\" \/><\/span><\/a><\/div>\r\n\t<\/div>\r\n<\/div><style>\r\n\t.Extrait_Events_arc{float:left;height:70px;width:100%;background-color:#590630;color:#FFF;margin-top:0px;border-radius:0px;}\r\n\t@media screen and (max-width:900px){.Extrait_Events_arc{height:210px;margin-top:30px;}}\r\n\t.Extrait_Events_Container_arc{height:70px;background-color:#590630;margin:0 auto;text-align:center;}\r\n\t@media screen and (max-width:900px){.Extrait_Events_Container_arc{height:180px;width:100%;}}\r\n\t.Extrait_Events_arc a:hover{text-decoration:none;}\r\n\t.Date_Events_all_arc{float:left;width:20%;height:70px;margin-bottom:10px;}\r\n\t@media screen and (max-width:900px){.Date_Events_all_arc{float:left;width:100%;height:70px;margin-bottom:10px;}}\r\n\t.Date_Events_1_arc{float:left;width:45%;text-align:center;margin-top:5px;}\r\n\t.Date_Events_1_2_arc{float:left;width:32%;text-align:center;margin-top:5px;}\r\n\t.Date_Events_sep_arc{float:left;text-align:center;width:10%;margin-top:-15px;}\r\n\t.Date_Events_2_arc{float:left;width:45%;text-align:center;margin-top:5px;}\r\n\t.timecss_d_arc {font-size:20px;font-weight:500;margin:0;}\r\n\t.timecss_f_arc {font-size:10px;text-transform:uppercase;margin-top:-5px;}\r\n\t.timecss_y_arc {font-size:11px;margin-top:-28px;}\r\n\t.Date_Events_sep_arc{padding-top:20px}\r\n\t.Cat_Events_arc{color:#e3c022;text-transform:uppercase;font-weight:300;letter-spacing:5px;font-size:8px;}\r\n\t@media screen and (max-width:900px){.Cat_Events_arc{float:left;height:20px;width:100%;margin:0 10px;}}\r\n\t.Cat_Events_arc{float:left;height:20px;width:60%;line-height:1.5;margin-top:7px;}\r\n\t@media screen and (max-width:900px){.Cat_Events_arc{float:left;text-align:center;height:20px;width:100%;margin:10px 0 auto;}}\r\n\t@media screen and (max-width:900px){.Cat_Events_arc_cont{margin:0 10px;width:90%;}}\r\n\t.Titre_Events_arc a{float:left;height:50px;width:60%;font-weight:100;font-size:17px;line-height:1.2;color:#fff;text-rendering:auto;margin-top:-10px;}\r\n\t@media screen and (max-width:900px){.Titre_Events_arc a{height:30px;margin:10px 0 auto;width:100%;line-break:auto;}}\r\n\t@media screen and (max-width:900px){.Titre_Events_arc_cont{margin:0 5%;width:90%;}}\r\n\t.Image_Events_arc{float:left;width:20%;overflow:hidden;position:relative;max-height:70px;margin-top:-27px;}\r\n\t@media screen and (max-width:900px){.Image_Events_arc{float:left;max-height:150px;width:100%;margin-top:10px;}}\r\n\t.Date_Events_all_arc,.Cat_Events_arc,.Titre_Events_arc a{display:flex;justify-content:center;align-items:center;}\r\n\t.desk{display:flex;}.mob{display:none;}\r\n\t@media screen and (max-width:900px){.desk{display:none;}.mob{display:flex;}}\r\n<\/style>\r\n\r\n<div class=\"Extrait_Events_arc\">\r\n\t<div class=\"Extrait_Events_Container_arc\">\r\n\t\t4348\r\n\t\t<div class=\"Cat_Events_arc\"><div class=\"Cat_Events_arc_cont\">ANIMATION und VERANSTALTUNG<\/div><\/div>\r\n\t\t<div class=\"Titre_Events_arc\"><div class=\"Titre_Events_arc_cont\"><a href=\"https:\/\/chateau-de-valangin.ch\/de\/kalender\/testament-blanc\/\">Testament perdu<\/a><\/div><\/div>\t\t\r\n\t\t<div class=\"Image_Events_arc\"><a href=\"https:\/\/chateau-de-valangin.ch\/de\/kalender\/testament-blanc\/\"><span class=\"desk\"><img loading=\"lazy\" decoding=\"async\" width=\"300\" height=\"225\" src=\"https:\/\/chateau-de-valangin.ch\/NEWSITE\/wp-content\/uploads\/2024\/02\/testament-gdv-c-300x225.jpg\" class=\"attachment-medium size-medium\" alt=\"\" srcset=\"https:\/\/chateau-de-valangin.ch\/NEWSITE\/wp-content\/uploads\/2024\/02\/testament-gdv-c-300x225.jpg 300w, https:\/\/chateau-de-valangin.ch\/NEWSITE\/wp-content\/uploads\/2024\/02\/testament-gdv-c-1024x768.jpg 1024w, https:\/\/chateau-de-valangin.ch\/NEWSITE\/wp-content\/uploads\/2024\/02\/testament-gdv-c-768x576.jpg 768w, https:\/\/chateau-de-valangin.ch\/NEWSITE\/wp-content\/uploads\/2024\/02\/testament-gdv-c-1536x1152.jpg 1536w, https:\/\/chateau-de-valangin.ch\/NEWSITE\/wp-content\/uploads\/2024\/02\/testament-gdv-c-2048x1536.jpg 2048w, https:\/\/chateau-de-valangin.ch\/NEWSITE\/wp-content\/uploads\/2024\/02\/testament-gdv-c-100x75.jpg 100w, https:\/\/chateau-de-valangin.ch\/NEWSITE\/wp-content\/uploads\/2024\/02\/testament-gdv-c-960x720.jpg 960w, https:\/\/chateau-de-valangin.ch\/NEWSITE\/wp-content\/uploads\/2024\/02\/testament-gdv-c-480x360.jpg 480w, https:\/\/chateau-de-valangin.ch\/NEWSITE\/wp-content\/uploads\/2024\/02\/testament-gdv-c-1320x990.jpg 1320w\" sizes=\"auto, (max-width:767px) 300px, 300px\" \/><\/span><span class=\"mob\"><img loading=\"lazy\" decoding=\"async\" width=\"1024\" height=\"768\" src=\"https:\/\/chateau-de-valangin.ch\/NEWSITE\/wp-content\/uploads\/2024\/02\/testament-gdv-c-1024x768.jpg\" class=\"attachment-large size-large\" alt=\"\" srcset=\"https:\/\/chateau-de-valangin.ch\/NEWSITE\/wp-content\/uploads\/2024\/02\/testament-gdv-c-1024x768.jpg 1024w, https:\/\/chateau-de-valangin.ch\/NEWSITE\/wp-content\/uploads\/2024\/02\/testament-gdv-c-300x225.jpg 300w, https:\/\/chateau-de-valangin.ch\/NEWSITE\/wp-content\/uploads\/2024\/02\/testament-gdv-c-768x576.jpg 768w, https:\/\/chateau-de-valangin.ch\/NEWSITE\/wp-content\/uploads\/2024\/02\/testament-gdv-c-1536x1152.jpg 1536w, https:\/\/chateau-de-valangin.ch\/NEWSITE\/wp-content\/uploads\/2024\/02\/testament-gdv-c-2048x1536.jpg 2048w, https:\/\/chateau-de-valangin.ch\/NEWSITE\/wp-content\/uploads\/2024\/02\/testament-gdv-c-100x75.jpg 100w, https:\/\/chateau-de-valangin.ch\/NEWSITE\/wp-content\/uploads\/2024\/02\/testament-gdv-c-960x720.jpg 960w, https:\/\/chateau-de-valangin.ch\/NEWSITE\/wp-content\/uploads\/2024\/02\/testament-gdv-c-480x360.jpg 480w, https:\/\/chateau-de-valangin.ch\/NEWSITE\/wp-content\/uploads\/2024\/02\/testament-gdv-c-1320x990.jpg 1320w\" sizes=\"auto, (max-width:767px) 480px, (max-width:1024px) 100vw, 1024px\" \/><\/span><\/a><\/div>\r\n\t<\/div>\r\n<\/div><style>\r\n\t.Extrait_Events_arc{float:left;height:70px;width:100%;background-color:#590630;color:#FFF;margin-top:0px;border-radius:0px;}\r\n\t@media screen and (max-width:900px){.Extrait_Events_arc{height:210px;margin-top:30px;}}\r\n\t.Extrait_Events_Container_arc{height:70px;background-color:#590630;margin:0 auto;text-align:center;}\r\n\t@media screen and (max-width:900px){.Extrait_Events_Container_arc{height:180px;width:100%;}}\r\n\t.Extrait_Events_arc a:hover{text-decoration:none;}\r\n\t.Date_Events_all_arc{float:left;width:20%;height:70px;margin-bottom:10px;}\r\n\t@media screen and (max-width:900px){.Date_Events_all_arc{float:left;width:100%;height:70px;margin-bottom:10px;}}\r\n\t.Date_Events_1_arc{float:left;width:45%;text-align:center;margin-top:5px;}\r\n\t.Date_Events_1_2_arc{float:left;width:32%;text-align:center;margin-top:5px;}\r\n\t.Date_Events_sep_arc{float:left;text-align:center;width:10%;margin-top:-15px;}\r\n\t.Date_Events_2_arc{float:left;width:45%;text-align:center;margin-top:5px;}\r\n\t.timecss_d_arc {font-size:20px;font-weight:500;margin:0;}\r\n\t.timecss_f_arc {font-size:10px;text-transform:uppercase;margin-top:-5px;}\r\n\t.timecss_y_arc {font-size:11px;margin-top:-28px;}\r\n\t.Date_Events_sep_arc{padding-top:20px}\r\n\t.Cat_Events_arc{color:#e3c022;text-transform:uppercase;font-weight:300;letter-spacing:5px;font-size:8px;}\r\n\t@media screen and (max-width:900px){.Cat_Events_arc{float:left;height:20px;width:100%;margin:0 10px;}}\r\n\t.Cat_Events_arc{float:left;height:20px;width:60%;line-height:1.5;margin-top:7px;}\r\n\t@media screen and (max-width:900px){.Cat_Events_arc{float:left;text-align:center;height:20px;width:100%;margin:10px 0 auto;}}\r\n\t@media screen and (max-width:900px){.Cat_Events_arc_cont{margin:0 10px;width:90%;}}\r\n\t.Titre_Events_arc a{float:left;height:50px;width:60%;font-weight:100;font-size:17px;line-height:1.2;color:#fff;text-rendering:auto;margin-top:-10px;}\r\n\t@media screen and (max-width:900px){.Titre_Events_arc a{height:30px;margin:10px 0 auto;width:100%;line-break:auto;}}\r\n\t@media screen and (max-width:900px){.Titre_Events_arc_cont{margin:0 5%;width:90%;}}\r\n\t.Image_Events_arc{float:left;width:20%;overflow:hidden;position:relative;max-height:70px;margin-top:-27px;}\r\n\t@media screen and (max-width:900px){.Image_Events_arc{float:left;max-height:150px;width:100%;margin-top:10px;}}\r\n\t.Date_Events_all_arc,.Cat_Events_arc,.Titre_Events_arc a{display:flex;justify-content:center;align-items:center;}\r\n\t.desk{display:flex;}.mob{display:none;}\r\n\t@media screen and (max-width:900px){.desk{display:none;}.mob{display:flex;}}\r\n<\/style>\r\n\r\n<div class=\"Extrait_Events_arc\">\r\n\t<div class=\"Extrait_Events_Container_arc\">\r\n\t\t4344\r\n\t\t<div class=\"Cat_Events_arc\"><div class=\"Cat_Events_arc_cont\">ANIMATION<\/div><\/div>\r\n\t\t<div class=\"Titre_Events_arc\"><div class=\"Titre_Events_arc_cont\"><a href=\"https:\/\/chateau-de-valangin.ch\/de\/kalender\/enquetes-bizarres-et-rallyes-mysterieux\/\">Enqu\u00eates bizarres et rallyes myst\u00e9rieux<\/a><\/div><\/div>\t\t\r\n\t\t<div class=\"Image_Events_arc\"><a href=\"https:\/\/chateau-de-valangin.ch\/de\/kalender\/enquetes-bizarres-et-rallyes-mysterieux\/\"><span class=\"desk\"><img loading=\"lazy\" decoding=\"async\" width=\"300\" height=\"200\" src=\"https:\/\/chateau-de-valangin.ch\/NEWSITE\/wp-content\/uploads\/2018\/12\/32-chacc82teau-de-valangin_photo-noemi-tirro-300x200.jpg\" class=\"attachment-medium size-medium\" alt=\"\" srcset=\"https:\/\/chateau-de-valangin.ch\/NEWSITE\/wp-content\/uploads\/2018\/12\/32-chacc82teau-de-valangin_photo-noemi-tirro-300x200.jpg 300w, https:\/\/chateau-de-valangin.ch\/NEWSITE\/wp-content\/uploads\/2018\/12\/32-chacc82teau-de-valangin_photo-noemi-tirro-768x513.jpg 768w, https:\/\/chateau-de-valangin.ch\/NEWSITE\/wp-content\/uploads\/2018\/12\/32-chacc82teau-de-valangin_photo-noemi-tirro-1024x684.jpg 1024w, https:\/\/chateau-de-valangin.ch\/NEWSITE\/wp-content\/uploads\/2018\/12\/32-chacc82teau-de-valangin_photo-noemi-tirro-219x146.jpg 219w, https:\/\/chateau-de-valangin.ch\/NEWSITE\/wp-content\/uploads\/2018\/12\/32-chacc82teau-de-valangin_photo-noemi-tirro-50x33.jpg 50w, https:\/\/chateau-de-valangin.ch\/NEWSITE\/wp-content\/uploads\/2018\/12\/32-chacc82teau-de-valangin_photo-noemi-tirro-112x75.jpg 112w, https:\/\/chateau-de-valangin.ch\/NEWSITE\/wp-content\/uploads\/2018\/12\/32-chacc82teau-de-valangin_photo-noemi-tirro.jpg 1200w\" sizes=\"auto, (max-width:767px) 300px, 300px\" \/><\/span><span class=\"mob\"><img loading=\"lazy\" decoding=\"async\" width=\"1024\" height=\"684\" src=\"https:\/\/chateau-de-valangin.ch\/NEWSITE\/wp-content\/uploads\/2018\/12\/32-chacc82teau-de-valangin_photo-noemi-tirro-1024x684.jpg\" class=\"attachment-large size-large\" alt=\"\" srcset=\"https:\/\/chateau-de-valangin.ch\/NEWSITE\/wp-content\/uploads\/2018\/12\/32-chacc82teau-de-valangin_photo-noemi-tirro-1024x684.jpg 1024w, https:\/\/chateau-de-valangin.ch\/NEWSITE\/wp-content\/uploads\/2018\/12\/32-chacc82teau-de-valangin_photo-noemi-tirro-300x200.jpg 300w, https:\/\/chateau-de-valangin.ch\/NEWSITE\/wp-content\/uploads\/2018\/12\/32-chacc82teau-de-valangin_photo-noemi-tirro-768x513.jpg 768w, https:\/\/chateau-de-valangin.ch\/NEWSITE\/wp-content\/uploads\/2018\/12\/32-chacc82teau-de-valangin_photo-noemi-tirro-219x146.jpg 219w, https:\/\/chateau-de-valangin.ch\/NEWSITE\/wp-content\/uploads\/2018\/12\/32-chacc82teau-de-valangin_photo-noemi-tirro-50x33.jpg 50w, https:\/\/chateau-de-valangin.ch\/NEWSITE\/wp-content\/uploads\/2018\/12\/32-chacc82teau-de-valangin_photo-noemi-tirro-112x75.jpg 112w, https:\/\/chateau-de-valangin.ch\/NEWSITE\/wp-content\/uploads\/2018\/12\/32-chacc82teau-de-valangin_photo-noemi-tirro.jpg 1200w\" sizes=\"auto, (max-width:767px) 480px, (max-width:1024px) 100vw, 1024px\" \/><\/span><\/a><\/div>\r\n\t<\/div>\r\n<\/div><style>\r\n\t.Extrait_Events_arc{float:left;height:70px;width:100%;background-color:#590630;color:#FFF;margin-top:0px;border-radius:0px;}\r\n\t@media screen and (max-width:900px){.Extrait_Events_arc{height:210px;margin-top:30px;}}\r\n\t.Extrait_Events_Container_arc{height:70px;background-color:#590630;margin:0 auto;text-align:center;}\r\n\t@media screen and (max-width:900px){.Extrait_Events_Container_arc{height:180px;width:100%;}}\r\n\t.Extrait_Events_arc a:hover{text-decoration:none;}\r\n\t.Date_Events_all_arc{float:left;width:20%;height:70px;margin-bottom:10px;}\r\n\t@media screen and (max-width:900px){.Date_Events_all_arc{float:left;width:100%;height:70px;margin-bottom:10px;}}\r\n\t.Date_Events_1_arc{float:left;width:45%;text-align:center;margin-top:5px;}\r\n\t.Date_Events_1_2_arc{float:left;width:32%;text-align:center;margin-top:5px;}\r\n\t.Date_Events_sep_arc{float:left;text-align:center;width:10%;margin-top:-15px;}\r\n\t.Date_Events_2_arc{float:left;width:45%;text-align:center;margin-top:5px;}\r\n\t.timecss_d_arc {font-size:20px;font-weight:500;margin:0;}\r\n\t.timecss_f_arc {font-size:10px;text-transform:uppercase;margin-top:-5px;}\r\n\t.timecss_y_arc {font-size:11px;margin-top:-28px;}\r\n\t.Date_Events_sep_arc{padding-top:20px}\r\n\t.Cat_Events_arc{color:#e3c022;text-transform:uppercase;font-weight:300;letter-spacing:5px;font-size:8px;}\r\n\t@media screen and (max-width:900px){.Cat_Events_arc{float:left;height:20px;width:100%;margin:0 10px;}}\r\n\t.Cat_Events_arc{float:left;height:20px;width:60%;line-height:1.5;margin-top:7px;}\r\n\t@media screen and (max-width:900px){.Cat_Events_arc{float:left;text-align:center;height:20px;width:100%;margin:10px 0 auto;}}\r\n\t@media screen and (max-width:900px){.Cat_Events_arc_cont{margin:0 10px;width:90%;}}\r\n\t.Titre_Events_arc a{float:left;height:50px;width:60%;font-weight:100;font-size:17px;line-height:1.2;color:#fff;text-rendering:auto;margin-top:-10px;}\r\n\t@media screen and (max-width:900px){.Titre_Events_arc a{height:30px;margin:10px 0 auto;width:100%;line-break:auto;}}\r\n\t@media screen and (max-width:900px){.Titre_Events_arc_cont{margin:0 5%;width:90%;}}\r\n\t.Image_Events_arc{float:left;width:20%;overflow:hidden;position:relative;max-height:70px;margin-top:-27px;}\r\n\t@media screen and (max-width:900px){.Image_Events_arc{float:left;max-height:150px;width:100%;margin-top:10px;}}\r\n\t.Date_Events_all_arc,.Cat_Events_arc,.Titre_Events_arc a{display:flex;justify-content:center;align-items:center;}\r\n\t.desk{display:flex;}.mob{display:none;}\r\n\t@media screen and (max-width:900px){.desk{display:none;}.mob{display:flex;}}\r\n<\/style>\r\n\r\n<div class=\"Extrait_Events_arc\">\r\n\t<div class=\"Extrait_Events_Container_arc\">\r\n\t\t4341\r\n\t\t<div class=\"Cat_Events_arc\"><div class=\"Cat_Events_arc_cont\">ANIMATION<\/div><\/div>\r\n\t\t<div class=\"Titre_Events_arc\"><div class=\"Titre_Events_arc_cont\"><a href=\"https:\/\/chateau-de-valangin.ch\/de\/kalender\/une-course-aux-fuseaux\/\">Eine Suche nach &#8230; Kl\u00f6ppeln<\/a><\/div><\/div>\t\t\r\n\t\t<div class=\"Image_Events_arc\"><a href=\"https:\/\/chateau-de-valangin.ch\/de\/kalender\/une-course-aux-fuseaux\/\"><span class=\"desk\"><img loading=\"lazy\" decoding=\"async\" width=\"300\" height=\"200\" src=\"https:\/\/chateau-de-valangin.ch\/NEWSITE\/wp-content\/uploads\/2018\/12\/03-chacc82teau-de-valangin_photo-noemi-tirro-300x200.jpg\" class=\"attachment-medium size-medium\" alt=\"\" srcset=\"https:\/\/chateau-de-valangin.ch\/NEWSITE\/wp-content\/uploads\/2018\/12\/03-chacc82teau-de-valangin_photo-noemi-tirro-300x200.jpg 300w, https:\/\/chateau-de-valangin.ch\/NEWSITE\/wp-content\/uploads\/2018\/12\/03-chacc82teau-de-valangin_photo-noemi-tirro-768x512.jpg 768w, https:\/\/chateau-de-valangin.ch\/NEWSITE\/wp-content\/uploads\/2018\/12\/03-chacc82teau-de-valangin_photo-noemi-tirro-1024x683.jpg 1024w, https:\/\/chateau-de-valangin.ch\/NEWSITE\/wp-content\/uploads\/2018\/12\/03-chacc82teau-de-valangin_photo-noemi-tirro-219x146.jpg 219w, https:\/\/chateau-de-valangin.ch\/NEWSITE\/wp-content\/uploads\/2018\/12\/03-chacc82teau-de-valangin_photo-noemi-tirro-50x33.jpg 50w, https:\/\/chateau-de-valangin.ch\/NEWSITE\/wp-content\/uploads\/2018\/12\/03-chacc82teau-de-valangin_photo-noemi-tirro-112x75.jpg 112w, https:\/\/chateau-de-valangin.ch\/NEWSITE\/wp-content\/uploads\/2018\/12\/03-chacc82teau-de-valangin_photo-noemi-tirro-1320x881.jpg 1320w\" sizes=\"auto, (max-width:767px) 300px, 300px\" \/><\/span><span class=\"mob\"><img loading=\"lazy\" decoding=\"async\" width=\"1024\" height=\"683\" src=\"https:\/\/chateau-de-valangin.ch\/NEWSITE\/wp-content\/uploads\/2018\/12\/03-chacc82teau-de-valangin_photo-noemi-tirro-1024x683.jpg\" class=\"attachment-large size-large\" alt=\"\" srcset=\"https:\/\/chateau-de-valangin.ch\/NEWSITE\/wp-content\/uploads\/2018\/12\/03-chacc82teau-de-valangin_photo-noemi-tirro-1024x683.jpg 1024w, https:\/\/chateau-de-valangin.ch\/NEWSITE\/wp-content\/uploads\/2018\/12\/03-chacc82teau-de-valangin_photo-noemi-tirro-300x200.jpg 300w, https:\/\/chateau-de-valangin.ch\/NEWSITE\/wp-content\/uploads\/2018\/12\/03-chacc82teau-de-valangin_photo-noemi-tirro-768x512.jpg 768w, https:\/\/chateau-de-valangin.ch\/NEWSITE\/wp-content\/uploads\/2018\/12\/03-chacc82teau-de-valangin_photo-noemi-tirro-219x146.jpg 219w, https:\/\/chateau-de-valangin.ch\/NEWSITE\/wp-content\/uploads\/2018\/12\/03-chacc82teau-de-valangin_photo-noemi-tirro-50x33.jpg 50w, https:\/\/chateau-de-valangin.ch\/NEWSITE\/wp-content\/uploads\/2018\/12\/03-chacc82teau-de-valangin_photo-noemi-tirro-112x75.jpg 112w, https:\/\/chateau-de-valangin.ch\/NEWSITE\/wp-content\/uploads\/2018\/12\/03-chacc82teau-de-valangin_photo-noemi-tirro-1320x881.jpg 1320w\" sizes=\"auto, (max-width:767px) 480px, (max-width:1024px) 100vw, 1024px\" \/><\/span><\/a><\/div>\r\n\t<\/div>\r\n<\/div><style>\r\n\t.Extrait_Events_arc{float:left;height:70px;width:100%;background-color:#590630;color:#FFF;margin-top:0px;border-radius:0px;}\r\n\t@media screen and (max-width:900px){.Extrait_Events_arc{height:210px;margin-top:30px;}}\r\n\t.Extrait_Events_Container_arc{height:70px;background-color:#590630;margin:0 auto;text-align:center;}\r\n\t@media screen and (max-width:900px){.Extrait_Events_Container_arc{height:180px;width:100%;}}\r\n\t.Extrait_Events_arc a:hover{text-decoration:none;}\r\n\t.Date_Events_all_arc{float:left;width:20%;height:70px;margin-bottom:10px;}\r\n\t@media screen and (max-width:900px){.Date_Events_all_arc{float:left;width:100%;height:70px;margin-bottom:10px;}}\r\n\t.Date_Events_1_arc{float:left;width:45%;text-align:center;margin-top:5px;}\r\n\t.Date_Events_1_2_arc{float:left;width:32%;text-align:center;margin-top:5px;}\r\n\t.Date_Events_sep_arc{float:left;text-align:center;width:10%;margin-top:-15px;}\r\n\t.Date_Events_2_arc{float:left;width:45%;text-align:center;margin-top:5px;}\r\n\t.timecss_d_arc {font-size:20px;font-weight:500;margin:0;}\r\n\t.timecss_f_arc {font-size:10px;text-transform:uppercase;margin-top:-5px;}\r\n\t.timecss_y_arc {font-size:11px;margin-top:-28px;}\r\n\t.Date_Events_sep_arc{padding-top:20px}\r\n\t.Cat_Events_arc{color:#e3c022;text-transform:uppercase;font-weight:300;letter-spacing:5px;font-size:8px;}\r\n\t@media screen and (max-width:900px){.Cat_Events_arc{float:left;height:20px;width:100%;margin:0 10px;}}\r\n\t.Cat_Events_arc{float:left;height:20px;width:60%;line-height:1.5;margin-top:7px;}\r\n\t@media screen and (max-width:900px){.Cat_Events_arc{float:left;text-align:center;height:20px;width:100%;margin:10px 0 auto;}}\r\n\t@media screen and (max-width:900px){.Cat_Events_arc_cont{margin:0 10px;width:90%;}}\r\n\t.Titre_Events_arc a{float:left;height:50px;width:60%;font-weight:100;font-size:17px;line-height:1.2;color:#fff;text-rendering:auto;margin-top:-10px;}\r\n\t@media screen and (max-width:900px){.Titre_Events_arc a{height:30px;margin:10px 0 auto;width:100%;line-break:auto;}}\r\n\t@media screen and (max-width:900px){.Titre_Events_arc_cont{margin:0 5%;width:90%;}}\r\n\t.Image_Events_arc{float:left;width:20%;overflow:hidden;position:relative;max-height:70px;margin-top:-27px;}\r\n\t@media screen and (max-width:900px){.Image_Events_arc{float:left;max-height:150px;width:100%;margin-top:10px;}}\r\n\t.Date_Events_all_arc,.Cat_Events_arc,.Titre_Events_arc a{display:flex;justify-content:center;align-items:center;}\r\n\t.desk{display:flex;}.mob{display:none;}\r\n\t@media screen and (max-width:900px){.desk{display:none;}.mob{display:flex;}}\r\n<\/style>\r\n\r\n<div class=\"Extrait_Events_arc\">\r\n\t<div class=\"Extrait_Events_Container_arc\">\r\n\t\t4258\r\n\t\t<div class=\"Cat_Events_arc\"><div class=\"Cat_Events_arc_cont\">ANIMATION<\/div><\/div>\r\n\t\t<div class=\"Titre_Events_arc\"><div class=\"Titre_Events_arc_cont\"><a href=\"https:\/\/chateau-de-valangin.ch\/de\/kalender\/demonstration-de-dentellieres-2023-2-2-2-2-2-2-2-3\/\">Kl\u00f6pplerinnen zeigen ihre Kunst<\/a><\/div><\/div>\t\t\r\n\t\t<div class=\"Image_Events_arc\"><a href=\"https:\/\/chateau-de-valangin.ch\/de\/kalender\/demonstration-de-dentellieres-2023-2-2-2-2-2-2-2-3\/\"><span class=\"desk\"><img loading=\"lazy\" decoding=\"async\" width=\"300\" height=\"225\" src=\"https:\/\/chateau-de-valangin.ch\/NEWSITE\/wp-content\/uploads\/2021\/08\/img_9154-300x225.jpg\" class=\"attachment-medium size-medium\" alt=\"Dentelli\u00e8res, dentelles\" srcset=\"https:\/\/chateau-de-valangin.ch\/NEWSITE\/wp-content\/uploads\/2021\/08\/img_9154-300x225.jpg 300w, https:\/\/chateau-de-valangin.ch\/NEWSITE\/wp-content\/uploads\/2021\/08\/img_9154-1024x768.jpg 1024w, https:\/\/chateau-de-valangin.ch\/NEWSITE\/wp-content\/uploads\/2021\/08\/img_9154-768x576.jpg 768w, https:\/\/chateau-de-valangin.ch\/NEWSITE\/wp-content\/uploads\/2021\/08\/img_9154-1536x1152.jpg 1536w, https:\/\/chateau-de-valangin.ch\/NEWSITE\/wp-content\/uploads\/2021\/08\/img_9154-2048x1536.jpg 2048w, https:\/\/chateau-de-valangin.ch\/NEWSITE\/wp-content\/uploads\/2021\/08\/img_9154-195x146.jpg 195w, https:\/\/chateau-de-valangin.ch\/NEWSITE\/wp-content\/uploads\/2021\/08\/img_9154-50x38.jpg 50w, https:\/\/chateau-de-valangin.ch\/NEWSITE\/wp-content\/uploads\/2021\/08\/img_9154-100x75.jpg 100w, https:\/\/chateau-de-valangin.ch\/NEWSITE\/wp-content\/uploads\/2021\/08\/img_9154-960x720.jpg 960w, https:\/\/chateau-de-valangin.ch\/NEWSITE\/wp-content\/uploads\/2021\/08\/img_9154-1320x990.jpg 1320w\" sizes=\"auto, (max-width:767px) 300px, 300px\" \/><\/span><span class=\"mob\"><img loading=\"lazy\" decoding=\"async\" width=\"1024\" height=\"768\" src=\"https:\/\/chateau-de-valangin.ch\/NEWSITE\/wp-content\/uploads\/2021\/08\/img_9154-1024x768.jpg\" class=\"attachment-large size-large\" alt=\"Dentelli\u00e8res, dentelles\" srcset=\"https:\/\/chateau-de-valangin.ch\/NEWSITE\/wp-content\/uploads\/2021\/08\/img_9154-1024x768.jpg 1024w, https:\/\/chateau-de-valangin.ch\/NEWSITE\/wp-content\/uploads\/2021\/08\/img_9154-300x225.jpg 300w, https:\/\/chateau-de-valangin.ch\/NEWSITE\/wp-content\/uploads\/2021\/08\/img_9154-768x576.jpg 768w, https:\/\/chateau-de-valangin.ch\/NEWSITE\/wp-content\/uploads\/2021\/08\/img_9154-1536x1152.jpg 1536w, https:\/\/chateau-de-valangin.ch\/NEWSITE\/wp-content\/uploads\/2021\/08\/img_9154-2048x1536.jpg 2048w, https:\/\/chateau-de-valangin.ch\/NEWSITE\/wp-content\/uploads\/2021\/08\/img_9154-195x146.jpg 195w, https:\/\/chateau-de-valangin.ch\/NEWSITE\/wp-content\/uploads\/2021\/08\/img_9154-50x38.jpg 50w, https:\/\/chateau-de-valangin.ch\/NEWSITE\/wp-content\/uploads\/2021\/08\/img_9154-100x75.jpg 100w, https:\/\/chateau-de-valangin.ch\/NEWSITE\/wp-content\/uploads\/2021\/08\/img_9154-960x720.jpg 960w, https:\/\/chateau-de-valangin.ch\/NEWSITE\/wp-content\/uploads\/2021\/08\/img_9154-1320x990.jpg 1320w\" sizes=\"auto, (max-width:767px) 480px, (max-width:1024px) 100vw, 1024px\" \/><\/span><\/a><\/div>\r\n\t<\/div>\r\n<\/div><style>\r\n\t.Extrait_Events_arc{float:left;height:70px;width:100%;background-color:#590630;color:#FFF;margin-top:0px;border-radius:0px;}\r\n\t@media screen and (max-width:900px){.Extrait_Events_arc{height:210px;margin-top:30px;}}\r\n\t.Extrait_Events_Container_arc{height:70px;background-color:#590630;margin:0 auto;text-align:center;}\r\n\t@media screen and (max-width:900px){.Extrait_Events_Container_arc{height:180px;width:100%;}}\r\n\t.Extrait_Events_arc a:hover{text-decoration:none;}\r\n\t.Date_Events_all_arc{float:left;width:20%;height:70px;margin-bottom:10px;}\r\n\t@media screen and (max-width:900px){.Date_Events_all_arc{float:left;width:100%;height:70px;margin-bottom:10px;}}\r\n\t.Date_Events_1_arc{float:left;width:45%;text-align:center;margin-top:5px;}\r\n\t.Date_Events_1_2_arc{float:left;width:32%;text-align:center;margin-top:5px;}\r\n\t.Date_Events_sep_arc{float:left;text-align:center;width:10%;margin-top:-15px;}\r\n\t.Date_Events_2_arc{float:left;width:45%;text-align:center;margin-top:5px;}\r\n\t.timecss_d_arc {font-size:20px;font-weight:500;margin:0;}\r\n\t.timecss_f_arc {font-size:10px;text-transform:uppercase;margin-top:-5px;}\r\n\t.timecss_y_arc {font-size:11px;margin-top:-28px;}\r\n\t.Date_Events_sep_arc{padding-top:20px}\r\n\t.Cat_Events_arc{color:#e3c022;text-transform:uppercase;font-weight:300;letter-spacing:5px;font-size:8px;}\r\n\t@media screen and (max-width:900px){.Cat_Events_arc{float:left;height:20px;width:100%;margin:0 10px;}}\r\n\t.Cat_Events_arc{float:left;height:20px;width:60%;line-height:1.5;margin-top:7px;}\r\n\t@media screen and (max-width:900px){.Cat_Events_arc{float:left;text-align:center;height:20px;width:100%;margin:10px 0 auto;}}\r\n\t@media screen and (max-width:900px){.Cat_Events_arc_cont{margin:0 10px;width:90%;}}\r\n\t.Titre_Events_arc a{float:left;height:50px;width:60%;font-weight:100;font-size:17px;line-height:1.2;color:#fff;text-rendering:auto;margin-top:-10px;}\r\n\t@media screen and (max-width:900px){.Titre_Events_arc a{height:30px;margin:10px 0 auto;width:100%;line-break:auto;}}\r\n\t@media screen and (max-width:900px){.Titre_Events_arc_cont{margin:0 5%;width:90%;}}\r\n\t.Image_Events_arc{float:left;width:20%;overflow:hidden;position:relative;max-height:70px;margin-top:-27px;}\r\n\t@media screen and (max-width:900px){.Image_Events_arc{float:left;max-height:150px;width:100%;margin-top:10px;}}\r\n\t.Date_Events_all_arc,.Cat_Events_arc,.Titre_Events_arc a{display:flex;justify-content:center;align-items:center;}\r\n\t.desk{display:flex;}.mob{display:none;}\r\n\t@media screen and (max-width:900px){.desk{display:none;}.mob{display:flex;}}\r\n<\/style>\r\n\r\n<div class=\"Extrait_Events_arc\">\r\n\t<div class=\"Extrait_Events_Container_arc\">\r\n\t\t4339\r\n\t\t<div class=\"Cat_Events_arc\"><div class=\"Cat_Events_arc_cont\">VERANSTALTUNG und VORTRAG<\/div><\/div>\r\n\t\t<div class=\"Titre_Events_arc\"><div class=\"Titre_Events_arc_cont\"><a href=\"https:\/\/chateau-de-valangin.ch\/de\/kalender\/lalimentation-au-moyen-age\/\">L&#8217;alimentation au Moyen Age<\/a><\/div><\/div>\t\t\r\n\t\t<div class=\"Image_Events_arc\"><a href=\"https:\/\/chateau-de-valangin.ch\/de\/kalender\/lalimentation-au-moyen-age\/\"><span class=\"desk\"><img loading=\"lazy\" decoding=\"async\" width=\"300\" height=\"144\" src=\"https:\/\/chateau-de-valangin.ch\/NEWSITE\/wp-content\/uploads\/2024\/02\/legumes-16e-siecle-1-300x144.png\" class=\"attachment-medium size-medium\" alt=\"\" srcset=\"https:\/\/chateau-de-valangin.ch\/NEWSITE\/wp-content\/uploads\/2024\/02\/legumes-16e-siecle-1-300x144.png 300w, https:\/\/chateau-de-valangin.ch\/NEWSITE\/wp-content\/uploads\/2024\/02\/legumes-16e-siecle-1-1024x491.png 1024w, https:\/\/chateau-de-valangin.ch\/NEWSITE\/wp-content\/uploads\/2024\/02\/legumes-16e-siecle-1-768x368.png 768w, https:\/\/chateau-de-valangin.ch\/NEWSITE\/wp-content\/uploads\/2024\/02\/legumes-16e-siecle-1-150x72.png 150w, https:\/\/chateau-de-valangin.ch\/NEWSITE\/wp-content\/uploads\/2024\/02\/legumes-16e-siecle-1-1280x617.png 1280w, https:\/\/chateau-de-valangin.ch\/NEWSITE\/wp-content\/uploads\/2024\/02\/legumes-16e-siecle-1-480x230.png 480w, https:\/\/chateau-de-valangin.ch\/NEWSITE\/wp-content\/uploads\/2024\/02\/legumes-16e-siecle-1.png 1287w\" sizes=\"auto, (max-width:767px) 300px, 300px\" \/><\/span><span class=\"mob\"><img loading=\"lazy\" decoding=\"async\" width=\"1024\" height=\"491\" src=\"https:\/\/chateau-de-valangin.ch\/NEWSITE\/wp-content\/uploads\/2024\/02\/legumes-16e-siecle-1-1024x491.png\" class=\"attachment-large size-large\" alt=\"\" srcset=\"https:\/\/chateau-de-valangin.ch\/NEWSITE\/wp-content\/uploads\/2024\/02\/legumes-16e-siecle-1-1024x491.png 1024w, https:\/\/chateau-de-valangin.ch\/NEWSITE\/wp-content\/uploads\/2024\/02\/legumes-16e-siecle-1-300x144.png 300w, https:\/\/chateau-de-valangin.ch\/NEWSITE\/wp-content\/uploads\/2024\/02\/legumes-16e-siecle-1-768x368.png 768w, https:\/\/chateau-de-valangin.ch\/NEWSITE\/wp-content\/uploads\/2024\/02\/legumes-16e-siecle-1-150x72.png 150w, https:\/\/chateau-de-valangin.ch\/NEWSITE\/wp-content\/uploads\/2024\/02\/legumes-16e-siecle-1-480x230.png 480w, https:\/\/chateau-de-valangin.ch\/NEWSITE\/wp-content\/uploads\/2024\/02\/legumes-16e-siecle-1.png 1287w\" sizes=\"auto, (max-width:767px) 480px, (max-width:1024px) 100vw, 1024px\" \/><\/span><\/a><\/div>\r\n\t<\/div>\r\n<\/div><style>\r\n\t.Extrait_Events_arc{float:left;height:70px;width:100%;background-color:#590630;color:#FFF;margin-top:0px;border-radius:0px;}\r\n\t@media screen and (max-width:900px){.Extrait_Events_arc{height:210px;margin-top:30px;}}\r\n\t.Extrait_Events_Container_arc{height:70px;background-color:#590630;margin:0 auto;text-align:center;}\r\n\t@media screen and (max-width:900px){.Extrait_Events_Container_arc{height:180px;width:100%;}}\r\n\t.Extrait_Events_arc a:hover{text-decoration:none;}\r\n\t.Date_Events_all_arc{float:left;width:20%;height:70px;margin-bottom:10px;}\r\n\t@media screen and (max-width:900px){.Date_Events_all_arc{float:left;width:100%;height:70px;margin-bottom:10px;}}\r\n\t.Date_Events_1_arc{float:left;width:45%;text-align:center;margin-top:5px;}\r\n\t.Date_Events_1_2_arc{float:left;width:32%;text-align:center;margin-top:5px;}\r\n\t.Date_Events_sep_arc{float:left;text-align:center;width:10%;margin-top:-15px;}\r\n\t.Date_Events_2_arc{float:left;width:45%;text-align:center;margin-top:5px;}\r\n\t.timecss_d_arc {font-size:20px;font-weight:500;margin:0;}\r\n\t.timecss_f_arc {font-size:10px;text-transform:uppercase;margin-top:-5px;}\r\n\t.timecss_y_arc {font-size:11px;margin-top:-28px;}\r\n\t.Date_Events_sep_arc{padding-top:20px}\r\n\t.Cat_Events_arc{color:#e3c022;text-transform:uppercase;font-weight:300;letter-spacing:5px;font-size:8px;}\r\n\t@media screen and (max-width:900px){.Cat_Events_arc{float:left;height:20px;width:100%;margin:0 10px;}}\r\n\t.Cat_Events_arc{float:left;height:20px;width:60%;line-height:1.5;margin-top:7px;}\r\n\t@media screen and (max-width:900px){.Cat_Events_arc{float:left;text-align:center;height:20px;width:100%;margin:10px 0 auto;}}\r\n\t@media screen and (max-width:900px){.Cat_Events_arc_cont{margin:0 10px;width:90%;}}\r\n\t.Titre_Events_arc a{float:left;height:50px;width:60%;font-weight:100;font-size:17px;line-height:1.2;color:#fff;text-rendering:auto;margin-top:-10px;}\r\n\t@media screen and (max-width:900px){.Titre_Events_arc a{height:30px;margin:10px 0 auto;width:100%;line-break:auto;}}\r\n\t@media screen and (max-width:900px){.Titre_Events_arc_cont{margin:0 5%;width:90%;}}\r\n\t.Image_Events_arc{float:left;width:20%;overflow:hidden;position:relative;max-height:70px;margin-top:-27px;}\r\n\t@media screen and (max-width:900px){.Image_Events_arc{float:left;max-height:150px;width:100%;margin-top:10px;}}\r\n\t.Date_Events_all_arc,.Cat_Events_arc,.Titre_Events_arc a{display:flex;justify-content:center;align-items:center;}\r\n\t.desk{display:flex;}.mob{display:none;}\r\n\t@media screen and (max-width:900px){.desk{display:none;}.mob{display:flex;}}\r\n<\/style>\r\n\r\n<div class=\"Extrait_Events_arc\">\r\n\t<div class=\"Extrait_Events_Container_arc\">\r\n\t\t4337\r\n\t\t<div class=\"Cat_Events_arc\"><div class=\"Cat_Events_arc_cont\">F\u00dcHRUNG und VERANSTALTUNG<\/div><\/div>\r\n\t\t<div class=\"Titre_Events_arc\"><div class=\"Titre_Events_arc_cont\"><a href=\"https:\/\/chateau-de-valangin.ch\/de\/kalender\/valangin-au-feminin-3-femmes-3-vies-3-siecles\/\">Valangin au f\u00e9minin.   3 femmes &#8211; 3 vies &#8211; 3 si\u00e8cles<\/a><\/div><\/div>\t\t\r\n\t\t<div class=\"Image_Events_arc\"><a href=\"https:\/\/chateau-de-valangin.ch\/de\/kalender\/valangin-au-feminin-3-femmes-3-vies-3-siecles\/\"><span class=\"desk\"><img loading=\"lazy\" decoding=\"async\" width=\"214\" height=\"300\" src=\"https:\/\/chateau-de-valangin.ch\/NEWSITE\/wp-content\/uploads\/2024\/02\/dossier-val_ofeminin_a5_def-214x300.jpg\" class=\"attachment-medium size-medium\" alt=\"\" srcset=\"https:\/\/chateau-de-valangin.ch\/NEWSITE\/wp-content\/uploads\/2024\/02\/dossier-val_ofeminin_a5_def-214x300.jpg 214w, https:\/\/chateau-de-valangin.ch\/NEWSITE\/wp-content\/uploads\/2024\/02\/dossier-val_ofeminin_a5_def-730x1024.jpg 730w, https:\/\/chateau-de-valangin.ch\/NEWSITE\/wp-content\/uploads\/2024\/02\/dossier-val_ofeminin_a5_def-768x1077.jpg 768w, https:\/\/chateau-de-valangin.ch\/NEWSITE\/wp-content\/uploads\/2024\/02\/dossier-val_ofeminin_a5_def-1095x1536.jpg 1095w, https:\/\/chateau-de-valangin.ch\/NEWSITE\/wp-content\/uploads\/2024\/02\/dossier-val_ofeminin_a5_def-1460x2048.jpg 1460w, https:\/\/chateau-de-valangin.ch\/NEWSITE\/wp-content\/uploads\/2024\/02\/dossier-val_ofeminin_a5_def-53x75.jpg 53w, https:\/\/chateau-de-valangin.ch\/NEWSITE\/wp-content\/uploads\/2024\/02\/dossier-val_ofeminin_a5_def-480x673.jpg 480w, https:\/\/chateau-de-valangin.ch\/NEWSITE\/wp-content\/uploads\/2024\/02\/dossier-val_ofeminin_a5_def-1320x1851.jpg 1320w, https:\/\/chateau-de-valangin.ch\/NEWSITE\/wp-content\/uploads\/2024\/02\/dossier-val_ofeminin_a5_def.jpg 1819w\" sizes=\"auto, (max-width:767px) 214px, 214px\" \/><\/span><span class=\"mob\"><img loading=\"lazy\" decoding=\"async\" width=\"730\" height=\"1024\" src=\"https:\/\/chateau-de-valangin.ch\/NEWSITE\/wp-content\/uploads\/2024\/02\/dossier-val_ofeminin_a5_def-730x1024.jpg\" class=\"attachment-large size-large\" alt=\"\" srcset=\"https:\/\/chateau-de-valangin.ch\/NEWSITE\/wp-content\/uploads\/2024\/02\/dossier-val_ofeminin_a5_def-730x1024.jpg 730w, https:\/\/chateau-de-valangin.ch\/NEWSITE\/wp-content\/uploads\/2024\/02\/dossier-val_ofeminin_a5_def-214x300.jpg 214w, https:\/\/chateau-de-valangin.ch\/NEWSITE\/wp-content\/uploads\/2024\/02\/dossier-val_ofeminin_a5_def-768x1077.jpg 768w, https:\/\/chateau-de-valangin.ch\/NEWSITE\/wp-content\/uploads\/2024\/02\/dossier-val_ofeminin_a5_def-1095x1536.jpg 1095w, https:\/\/chateau-de-valangin.ch\/NEWSITE\/wp-content\/uploads\/2024\/02\/dossier-val_ofeminin_a5_def-1460x2048.jpg 1460w, https:\/\/chateau-de-valangin.ch\/NEWSITE\/wp-content\/uploads\/2024\/02\/dossier-val_ofeminin_a5_def-53x75.jpg 53w, https:\/\/chateau-de-valangin.ch\/NEWSITE\/wp-content\/uploads\/2024\/02\/dossier-val_ofeminin_a5_def-480x673.jpg 480w, https:\/\/chateau-de-valangin.ch\/NEWSITE\/wp-content\/uploads\/2024\/02\/dossier-val_ofeminin_a5_def-1320x1851.jpg 1320w, https:\/\/chateau-de-valangin.ch\/NEWSITE\/wp-content\/uploads\/2024\/02\/dossier-val_ofeminin_a5_def.jpg 1819w\" sizes=\"auto, (max-width:767px) 480px, 730px\" \/><\/span><\/a><\/div>\r\n\t<\/div>\r\n<\/div><style>\r\n\t.Extrait_Events_arc{float:left;height:70px;width:100%;background-color:#590630;color:#FFF;margin-top:0px;border-radius:0px;}\r\n\t@media screen and (max-width:900px){.Extrait_Events_arc{height:210px;margin-top:30px;}}\r\n\t.Extrait_Events_Container_arc{height:70px;background-color:#590630;margin:0 auto;text-align:center;}\r\n\t@media screen and (max-width:900px){.Extrait_Events_Container_arc{height:180px;width:100%;}}\r\n\t.Extrait_Events_arc a:hover{text-decoration:none;}\r\n\t.Date_Events_all_arc{float:left;width:20%;height:70px;margin-bottom:10px;}\r\n\t@media screen and (max-width:900px){.Date_Events_all_arc{float:left;width:100%;height:70px;margin-bottom:10px;}}\r\n\t.Date_Events_1_arc{float:left;width:45%;text-align:center;margin-top:5px;}\r\n\t.Date_Events_1_2_arc{float:left;width:32%;text-align:center;margin-top:5px;}\r\n\t.Date_Events_sep_arc{float:left;text-align:center;width:10%;margin-top:-15px;}\r\n\t.Date_Events_2_arc{float:left;width:45%;text-align:center;margin-top:5px;}\r\n\t.timecss_d_arc {font-size:20px;font-weight:500;margin:0;}\r\n\t.timecss_f_arc {font-size:10px;text-transform:uppercase;margin-top:-5px;}\r\n\t.timecss_y_arc {font-size:11px;margin-top:-28px;}\r\n\t.Date_Events_sep_arc{padding-top:20px}\r\n\t.Cat_Events_arc{color:#e3c022;text-transform:uppercase;font-weight:300;letter-spacing:5px;font-size:8px;}\r\n\t@media screen and (max-width:900px){.Cat_Events_arc{float:left;height:20px;width:100%;margin:0 10px;}}\r\n\t.Cat_Events_arc{float:left;height:20px;width:60%;line-height:1.5;margin-top:7px;}\r\n\t@media screen and (max-width:900px){.Cat_Events_arc{float:left;text-align:center;height:20px;width:100%;margin:10px 0 auto;}}\r\n\t@media screen and (max-width:900px){.Cat_Events_arc_cont{margin:0 10px;width:90%;}}\r\n\t.Titre_Events_arc a{float:left;height:50px;width:60%;font-weight:100;font-size:17px;line-height:1.2;color:#fff;text-rendering:auto;margin-top:-10px;}\r\n\t@media screen and (max-width:900px){.Titre_Events_arc a{height:30px;margin:10px 0 auto;width:100%;line-break:auto;}}\r\n\t@media screen and (max-width:900px){.Titre_Events_arc_cont{margin:0 5%;width:90%;}}\r\n\t.Image_Events_arc{float:left;width:20%;overflow:hidden;position:relative;max-height:70px;margin-top:-27px;}\r\n\t@media screen and (max-width:900px){.Image_Events_arc{float:left;max-height:150px;width:100%;margin-top:10px;}}\r\n\t.Date_Events_all_arc,.Cat_Events_arc,.Titre_Events_arc a{display:flex;justify-content:center;align-items:center;}\r\n\t.desk{display:flex;}.mob{display:none;}\r\n\t@media screen and (max-width:900px){.desk{display:none;}.mob{display:flex;}}\r\n<\/style>\r\n\r\n<div class=\"Extrait_Events_arc\">\r\n\t<div class=\"Extrait_Events_Container_arc\">\r\n\t\t4256\r\n\t\t<div class=\"Cat_Events_arc\"><div class=\"Cat_Events_arc_cont\">VERANSTALTUNG<\/div><\/div>\r\n\t\t<div class=\"Titre_Events_arc\"><div class=\"Titre_Events_arc_cont\"><a href=\"https:\/\/chateau-de-valangin.ch\/de\/kalender\/ouverture-du-chateau-3\/\">Saisoner\u00f6ffnung 2024<\/a><\/div><\/div>\t\t\r\n\t\t<div class=\"Image_Events_arc\"><a href=\"https:\/\/chateau-de-valangin.ch\/de\/kalender\/ouverture-du-chateau-3\/\"><span class=\"desk\"><img loading=\"lazy\" decoding=\"async\" width=\"300\" height=\"200\" src=\"https:\/\/chateau-de-valangin.ch\/NEWSITE\/wp-content\/uploads\/2019\/02\/canon_0006-300x200.jpg\" class=\"attachment-medium size-medium\" alt=\"\" srcset=\"https:\/\/chateau-de-valangin.ch\/NEWSITE\/wp-content\/uploads\/2019\/02\/canon_0006-300x200.jpg 300w, https:\/\/chateau-de-valangin.ch\/NEWSITE\/wp-content\/uploads\/2019\/02\/canon_0006-768x511.jpg 768w, https:\/\/chateau-de-valangin.ch\/NEWSITE\/wp-content\/uploads\/2019\/02\/canon_0006-1024x682.jpg 1024w, https:\/\/chateau-de-valangin.ch\/NEWSITE\/wp-content\/uploads\/2019\/02\/canon_0006-219x146.jpg 219w, https:\/\/chateau-de-valangin.ch\/NEWSITE\/wp-content\/uploads\/2019\/02\/canon_0006-50x33.jpg 50w, https:\/\/chateau-de-valangin.ch\/NEWSITE\/wp-content\/uploads\/2019\/02\/canon_0006-113x75.jpg 113w, https:\/\/chateau-de-valangin.ch\/NEWSITE\/wp-content\/uploads\/2019\/02\/canon_0006-1320x879.jpg 1320w, https:\/\/chateau-de-valangin.ch\/NEWSITE\/wp-content\/uploads\/2019\/02\/canon_0006.jpg 1616w\" sizes=\"auto, (max-width:767px) 300px, 300px\" \/><\/span><span class=\"mob\"><img loading=\"lazy\" decoding=\"async\" width=\"1024\" height=\"682\" src=\"https:\/\/chateau-de-valangin.ch\/NEWSITE\/wp-content\/uploads\/2019\/02\/canon_0006-1024x682.jpg\" class=\"attachment-large size-large\" alt=\"\" srcset=\"https:\/\/chateau-de-valangin.ch\/NEWSITE\/wp-content\/uploads\/2019\/02\/canon_0006-1024x682.jpg 1024w, https:\/\/chateau-de-valangin.ch\/NEWSITE\/wp-content\/uploads\/2019\/02\/canon_0006-300x200.jpg 300w, https:\/\/chateau-de-valangin.ch\/NEWSITE\/wp-content\/uploads\/2019\/02\/canon_0006-768x511.jpg 768w, https:\/\/chateau-de-valangin.ch\/NEWSITE\/wp-content\/uploads\/2019\/02\/canon_0006-219x146.jpg 219w, https:\/\/chateau-de-valangin.ch\/NEWSITE\/wp-content\/uploads\/2019\/02\/canon_0006-50x33.jpg 50w, https:\/\/chateau-de-valangin.ch\/NEWSITE\/wp-content\/uploads\/2019\/02\/canon_0006-113x75.jpg 113w, https:\/\/chateau-de-valangin.ch\/NEWSITE\/wp-content\/uploads\/2019\/02\/canon_0006-1320x879.jpg 1320w, https:\/\/chateau-de-valangin.ch\/NEWSITE\/wp-content\/uploads\/2019\/02\/canon_0006.jpg 1616w\" sizes=\"auto, (max-width:767px) 480px, (max-width:1024px) 100vw, 1024px\" \/><\/span><\/a><\/div>\r\n\t<\/div>\r\n<\/div><style>\r\n\t.Extrait_Events_arc{float:left;height:70px;width:100%;background-color:#590630;color:#FFF;margin-top:0px;border-radius:0px;}\r\n\t@media screen and (max-width:900px){.Extrait_Events_arc{height:210px;margin-top:30px;}}\r\n\t.Extrait_Events_Container_arc{height:70px;background-color:#590630;margin:0 auto;text-align:center;}\r\n\t@media screen and (max-width:900px){.Extrait_Events_Container_arc{height:180px;width:100%;}}\r\n\t.Extrait_Events_arc a:hover{text-decoration:none;}\r\n\t.Date_Events_all_arc{float:left;width:20%;height:70px;margin-bottom:10px;}\r\n\t@media screen and (max-width:900px){.Date_Events_all_arc{float:left;width:100%;height:70px;margin-bottom:10px;}}\r\n\t.Date_Events_1_arc{float:left;width:45%;text-align:center;margin-top:5px;}\r\n\t.Date_Events_1_2_arc{float:left;width:32%;text-align:center;margin-top:5px;}\r\n\t.Date_Events_sep_arc{float:left;text-align:center;width:10%;margin-top:-15px;}\r\n\t.Date_Events_2_arc{float:left;width:45%;text-align:center;margin-top:5px;}\r\n\t.timecss_d_arc {font-size:20px;font-weight:500;margin:0;}\r\n\t.timecss_f_arc {font-size:10px;text-transform:uppercase;margin-top:-5px;}\r\n\t.timecss_y_arc {font-size:11px;margin-top:-28px;}\r\n\t.Date_Events_sep_arc{padding-top:20px}\r\n\t.Cat_Events_arc{color:#e3c022;text-transform:uppercase;font-weight:300;letter-spacing:5px;font-size:8px;}\r\n\t@media screen and (max-width:900px){.Cat_Events_arc{float:left;height:20px;width:100%;margin:0 10px;}}\r\n\t.Cat_Events_arc{float:left;height:20px;width:60%;line-height:1.5;margin-top:7px;}\r\n\t@media screen and (max-width:900px){.Cat_Events_arc{float:left;text-align:center;height:20px;width:100%;margin:10px 0 auto;}}\r\n\t@media screen and (max-width:900px){.Cat_Events_arc_cont{margin:0 10px;width:90%;}}\r\n\t.Titre_Events_arc a{float:left;height:50px;width:60%;font-weight:100;font-size:17px;line-height:1.2;color:#fff;text-rendering:auto;margin-top:-10px;}\r\n\t@media screen and (max-width:900px){.Titre_Events_arc a{height:30px;margin:10px 0 auto;width:100%;line-break:auto;}}\r\n\t@media screen and (max-width:900px){.Titre_Events_arc_cont{margin:0 5%;width:90%;}}\r\n\t.Image_Events_arc{float:left;width:20%;overflow:hidden;position:relative;max-height:70px;margin-top:-27px;}\r\n\t@media screen and (max-width:900px){.Image_Events_arc{float:left;max-height:150px;width:100%;margin-top:10px;}}\r\n\t.Date_Events_all_arc,.Cat_Events_arc,.Titre_Events_arc a{display:flex;justify-content:center;align-items:center;}\r\n\t.desk{display:flex;}.mob{display:none;}\r\n\t@media screen and (max-width:900px){.desk{display:none;}.mob{display:flex;}}\r\n<\/style>\r\n\r\n<div class=\"Extrait_Events_arc\">\r\n\t<div class=\"Extrait_Events_Container_arc\">\r\n\t\t4243\r\n\t\t<div class=\"Cat_Events_arc\"><div class=\"Cat_Events_arc_cont\">ANIMATION<\/div><\/div>\r\n\t\t<div class=\"Titre_Events_arc\"><div class=\"Titre_Events_arc_cont\"><a href=\"https:\/\/chateau-de-valangin.ch\/de\/kalender\/valangin-a-la-lueur-dune-lanterne-2\/\">Valangin \u00e0 la lueur d&#8217;une lanterne<\/a><\/div><\/div>\t\t\r\n\t\t<div class=\"Image_Events_arc\"><a href=\"https:\/\/chateau-de-valangin.ch\/de\/kalender\/valangin-a-la-lueur-dune-lanterne-2\/\"><span class=\"desk\"><\/span><span class=\"mob\"><\/span><\/a><\/div>\r\n\t<\/div>\r\n<\/div><style>\r\n\t.Extrait_Events_arc{float:left;height:70px;width:100%;background-color:#590630;color:#FFF;margin-top:0px;border-radius:0px;}\r\n\t@media screen and (max-width:900px){.Extrait_Events_arc{height:210px;margin-top:30px;}}\r\n\t.Extrait_Events_Container_arc{height:70px;background-color:#590630;margin:0 auto;text-align:center;}\r\n\t@media screen and (max-width:900px){.Extrait_Events_Container_arc{height:180px;width:100%;}}\r\n\t.Extrait_Events_arc a:hover{text-decoration:none;}\r\n\t.Date_Events_all_arc{float:left;width:20%;height:70px;margin-bottom:10px;}\r\n\t@media screen and (max-width:900px){.Date_Events_all_arc{float:left;width:100%;height:70px;margin-bottom:10px;}}\r\n\t.Date_Events_1_arc{float:left;width:45%;text-align:center;margin-top:5px;}\r\n\t.Date_Events_1_2_arc{float:left;width:32%;text-align:center;margin-top:5px;}\r\n\t.Date_Events_sep_arc{float:left;text-align:center;width:10%;margin-top:-15px;}\r\n\t.Date_Events_2_arc{float:left;width:45%;text-align:center;margin-top:5px;}\r\n\t.timecss_d_arc {font-size:20px;font-weight:500;margin:0;}\r\n\t.timecss_f_arc {font-size:10px;text-transform:uppercase;margin-top:-5px;}\r\n\t.timecss_y_arc {font-size:11px;margin-top:-28px;}\r\n\t.Date_Events_sep_arc{padding-top:20px}\r\n\t.Cat_Events_arc{color:#e3c022;text-transform:uppercase;font-weight:300;letter-spacing:5px;font-size:8px;}\r\n\t@media screen and (max-width:900px){.Cat_Events_arc{float:left;height:20px;width:100%;margin:0 10px;}}\r\n\t.Cat_Events_arc{float:left;height:20px;width:60%;line-height:1.5;margin-top:7px;}\r\n\t@media screen and (max-width:900px){.Cat_Events_arc{float:left;text-align:center;height:20px;width:100%;margin:10px 0 auto;}}\r\n\t@media screen and (max-width:900px){.Cat_Events_arc_cont{margin:0 10px;width:90%;}}\r\n\t.Titre_Events_arc a{float:left;height:50px;width:60%;font-weight:100;font-size:17px;line-height:1.2;color:#fff;text-rendering:auto;margin-top:-10px;}\r\n\t@media screen and (max-width:900px){.Titre_Events_arc a{height:30px;margin:10px 0 auto;width:100%;line-break:auto;}}\r\n\t@media screen and (max-width:900px){.Titre_Events_arc_cont{margin:0 5%;width:90%;}}\r\n\t.Image_Events_arc{float:left;width:20%;overflow:hidden;position:relative;max-height:70px;margin-top:-27px;}\r\n\t@media screen and (max-width:900px){.Image_Events_arc{float:left;max-height:150px;width:100%;margin-top:10px;}}\r\n\t.Date_Events_all_arc,.Cat_Events_arc,.Titre_Events_arc a{display:flex;justify-content:center;align-items:center;}\r\n\t.desk{display:flex;}.mob{display:none;}\r\n\t@media screen and (max-width:900px){.desk{display:none;}.mob{display:flex;}}\r\n<\/style>\r\n\r\n<div class=\"Extrait_Events_arc\">\r\n\t<div class=\"Extrait_Events_Container_arc\">\r\n\t\t2886\r\n\t\t<div class=\"Cat_Events_arc\"><div class=\"Cat_Events_arc_cont\">VERANSTALTUNG<\/div><\/div>\r\n\t\t<div class=\"Titre_Events_arc\"><div class=\"Titre_Events_arc_cont\"><a href=\"https:\/\/chateau-de-valangin.ch\/de\/kalender\/test-agenda-event\/\">Schloss Er\u00f6ffnung<\/a><\/div><\/div>\t\t\r\n\t\t<div class=\"Image_Events_arc\"><a href=\"https:\/\/chateau-de-valangin.ch\/de\/kalender\/test-agenda-event\/\"><span class=\"desk\"><\/span><span class=\"mob\"><\/span><\/a><\/div>\r\n\t<\/div>\r\n<\/div><style>\r\n\t.Extrait_Events_arc{float:left;height:70px;width:100%;background-color:#590630;color:#FFF;margin-top:0px;border-radius:0px;}\r\n\t@media screen and (max-width:900px){.Extrait_Events_arc{height:210px;margin-top:30px;}}\r\n\t.Extrait_Events_Container_arc{height:70px;background-color:#590630;margin:0 auto;text-align:center;}\r\n\t@media screen and (max-width:900px){.Extrait_Events_Container_arc{height:180px;width:100%;}}\r\n\t.Extrait_Events_arc a:hover{text-decoration:none;}\r\n\t.Date_Events_all_arc{float:left;width:20%;height:70px;margin-bottom:10px;}\r\n\t@media screen and (max-width:900px){.Date_Events_all_arc{float:left;width:100%;height:70px;margin-bottom:10px;}}\r\n\t.Date_Events_1_arc{float:left;width:45%;text-align:center;margin-top:5px;}\r\n\t.Date_Events_1_2_arc{float:left;width:32%;text-align:center;margin-top:5px;}\r\n\t.Date_Events_sep_arc{float:left;text-align:center;width:10%;margin-top:-15px;}\r\n\t.Date_Events_2_arc{float:left;width:45%;text-align:center;margin-top:5px;}\r\n\t.timecss_d_arc {font-size:20px;font-weight:500;margin:0;}\r\n\t.timecss_f_arc {font-size:10px;text-transform:uppercase;margin-top:-5px;}\r\n\t.timecss_y_arc {font-size:11px;margin-top:-28px;}\r\n\t.Date_Events_sep_arc{padding-top:20px}\r\n\t.Cat_Events_arc{color:#e3c022;text-transform:uppercase;font-weight:300;letter-spacing:5px;font-size:8px;}\r\n\t@media screen and (max-width:900px){.Cat_Events_arc{float:left;height:20px;width:100%;margin:0 10px;}}\r\n\t.Cat_Events_arc{float:left;height:20px;width:60%;line-height:1.5;margin-top:7px;}\r\n\t@media screen and (max-width:900px){.Cat_Events_arc{float:left;text-align:center;height:20px;width:100%;margin:10px 0 auto;}}\r\n\t@media screen and (max-width:900px){.Cat_Events_arc_cont{margin:0 10px;width:90%;}}\r\n\t.Titre_Events_arc a{float:left;height:50px;width:60%;font-weight:100;font-size:17px;line-height:1.2;color:#fff;text-rendering:auto;margin-top:-10px;}\r\n\t@media screen and (max-width:900px){.Titre_Events_arc a{height:30px;margin:10px 0 auto;width:100%;line-break:auto;}}\r\n\t@media screen and (max-width:900px){.Titre_Events_arc_cont{margin:0 5%;width:90%;}}\r\n\t.Image_Events_arc{float:left;width:20%;overflow:hidden;position:relative;max-height:70px;margin-top:-27px;}\r\n\t@media screen and (max-width:900px){.Image_Events_arc{float:left;max-height:150px;width:100%;margin-top:10px;}}\r\n\t.Date_Events_all_arc,.Cat_Events_arc,.Titre_Events_arc a{display:flex;justify-content:center;align-items:center;}\r\n\t.desk{display:flex;}.mob{display:none;}\r\n\t@media screen and (max-width:900px){.desk{display:none;}.mob{display:flex;}}\r\n<\/style>\r\n\r\n<div class=\"Extrait_Events_arc\">\r\n\t<div class=\"Extrait_Events_Container_arc\">\r\n\t\t2794\r\n\t\t<div class=\"Cat_Events_arc\"><div class=\"Cat_Events_arc_cont\">VERANSTALTUNG<\/div><\/div>\r\n\t\t<div class=\"Titre_Events_arc\"><div class=\"Titre_Events_arc_cont\"><a href=\"https:\/\/chateau-de-valangin.ch\/de\/kalender\/ceci-est-mon-titre\/\">Geschichte(n)spaziergang<\/a><\/div><\/div>\t\t\r\n\t\t<div class=\"Image_Events_arc\"><a href=\"https:\/\/chateau-de-valangin.ch\/de\/kalender\/ceci-est-mon-titre\/\"><span class=\"desk\"><\/span><span class=\"mob\"><\/span><\/a><\/div>\r\n\t<\/div>\r\n<\/div>[\/vc_column_text]<\/div><\/div>\n\n\t\t\t<\/div>[\/vc_column_inner][\/vc_row_inner][\/vc_column][\/vc_row][vc_row][vc_column css=&#8220;.vc_custom_1518177542142{margin-top: -35px !important;margin-bottom: -35px !important;}&#8220;]<div class=\"templatera_shortcode\"><div class=\"vc_row wpb_row vc_row-fluid vc_row-o-content-middle vc_row-flex\"><div class=\"wpb_column vc_column_container vc_col-sm-12\"><div class=\"vc_column-inner\"><div class=\"wpb_wrapper\"><div id=\"ultimate-heading-39586a9642def1a68\" class=\"uvc-heading ult-adjust-bottom-margin ultimate-heading-39586a9642def1a68 uvc-116 \" data-hspacer=\"no_spacer\"  data-halign=\"center\" style=\"text-align:center\"><div class=\"uvc-heading-spacer no_spacer\" style=\"top\"><\/div><div class=\"uvc-main-heading ult-responsive\"  data-ultimate-target='.uvc-heading.ultimate-heading-39586a9642def1a68 h3'  data-responsive-json-new='{\"font-size\":\"\",\"line-height\":\"\"}' ><h3 style=\"font-weight:normal;color:#818693;\">Newsletter<\/h3><\/div><div class=\"uvc-sub-heading ult-responsive\"  data-ultimate-target='.uvc-heading.ultimate-heading-39586a9642def1a68 .uvc-sub-heading '  data-responsive-json-new='{\"font-size\":\"\",\"line-height\":\"\"}'  style=\"font-weight:normal;color:#ffffff;margin-top:20px;\">\r\n<p style=\"text-align: center;\">BLEIBEN SIE AUF DEM LAUFENDEN, ABONNIEREN SIE UNSEREN NEWSLETTER!\r\n(Bemerkung: der Newsletter ist Franz\u00f6sisch)<\/p>\r\n<\/div><\/div>\n\t<div class=\"wpb_text_column wpb_content_element\" >\n\t\t<div class=\"wpb_wrapper\">\n\t\t\t<p><center>  \n  \n  <div class=\"\n    mailpoet_form_popup_overlay\n      \"><\/div>\n  <div\n    id=\"mailpoet_form_2\"\n    class=\"\n      mailpoet_form\n      mailpoet_form_shortcode\n      mailpoet_form_position_\n      mailpoet_form_animation_\n    \"\n      >\n\n    <style type=\"text\/css\">\n     #mailpoet_form_2 .mailpoet_form {  }\n#mailpoet_form_2 .mailpoet_paragraph {  }\n#mailpoet_form_2 .mailpoet_segment_label, #mailpoet_form_2 .mailpoet_text_label, #mailpoet_form_2 .mailpoet_textarea_label, #mailpoet_form_2 .mailpoet_select_label, #mailpoet_form_2 .mailpoet_radio_label, #mailpoet_form_2 .mailpoet_checkbox_label, #mailpoet_form_2 .mailpoet_list_label, #mailpoet_form_2 .mailpoet_date_label {  }\n#mailpoet_form_2 .mailpoet_text, #mailpoet_form_2 .mailpoet_textarea, #mailpoet_form_2 .mailpoet_select, #mailpoet_form_2 .mailpoet_date_month, #mailpoet_form_2 .mailpoet_date_day, #mailpoet_form_2 .mailpoet_date_year, #mailpoet_form_2 .mailpoet_date {  }\n#mailpoet_form_2 .mailpoet_text, #mailpoet_form_2 .mailpoet_textarea {  }\n#mailpoet_form_2 .mailpoet_checkbox {  }\n#mailpoet_form_2 .mailpoet_submit input {  }\n#mailpoet_form_2 .mailpoet_divider {  }\n#mailpoet_form_2 .mailpoet_message {  }\n#mailpoet_form_2 .mailpoet_validate_success { color: #468847; }\n#mailpoet_form_2 .mailpoet_validate_error { color: #b94a48; }#mailpoet_form_2{border-radius: 0px;text-align: left;}#mailpoet_form_2 form.mailpoet_form {padding: 20px;}#mailpoet_form_2{width: 100%;}#mailpoet_form_2 .mailpoet_message {margin: 0; padding: 0 20px;}#mailpoet_form_2 .mailpoet_paragraph.last {margin-bottom: 0} @media (max-width: 500px) {#mailpoet_form_2 {background-image: none;}} @media (min-width: 500px) {#mailpoet_form_2 .last .mailpoet_paragraph:last-child {margin-bottom: 0}}  @media (max-width: 500px) {#mailpoet_form_2 .mailpoet_form_column:last-child .mailpoet_paragraph:last-child {margin-bottom: 0}} \n    <\/style>\n\n    <form\n      target=\"_self\"\n      method=\"post\"\n      action=\"https:\/\/chateau-de-valangin.ch\/NEWSITE\/wp-admin\/admin-post.php?action=mailpoet_subscription_form\"\n      class=\"mailpoet_form mailpoet_form_form mailpoet_form_shortcode\"\n      novalidate\n      data-delay=\"\"\n      data-exit-intent-enabled=\"\"\n      data-trigger-mode=\"\"\n      data-click-trigger-selector=\"\"\n      data-font-family=\"\"\n      data-cookie-expiration-time=\"\"\n    >\n      <input type=\"hidden\" name=\"data[form_id]\" value=\"2\" \/>\n      <input type=\"hidden\" name=\"token\" value=\"11d1dc5a37\" \/>\n      <input type=\"hidden\" name=\"api_version\" value=\"v1\" \/>\n      <input type=\"hidden\" name=\"endpoint\" value=\"subscribers\" \/>\n      <input type=\"hidden\" name=\"mailpoet_method\" value=\"subscribe\" \/>\n\n      <label class=\"mailpoet_hp_email_label\" style=\"display: none !important;\">Bitte dieses Feld leer lassen<input type=\"email\" name=\"data[email]\"\/><\/label><div class=\"mailpoet_paragraph \"><input type=\"email\" autocomplete=\"email\" class=\"mailpoet_text\" id=\"form_email_2\" name=\"data[form_field_NTVkYTQ0Y2ZlMjY3X2VtYWls]\" title=\"E-mail\" value=\"\" style=\"padding:5px;margin: 0 auto 0 0;\" data-automation-id=\"form_email\"  placeholder=\"E-mail *\" aria-label=\"E-mail *\" data-parsley-errors-container=\".mailpoet_error_11xmm\" data-parsley-required=\"true\" required aria-required=\"true\" data-parsley-minlength=\"6\" data-parsley-maxlength=\"150\" data-parsley-type-message=\"Dieser Wert sollte eine g\u00fcltige E-Mail-Adresse sein.\" data-parsley-required-message=\"Dieses Feld wird ben\u00f6tigt.\"\/><span class=\"mailpoet_error_11xmm\"><\/span><\/div>\n<div class=\"mailpoet_paragraph \"><input type=\"submit\" class=\"mailpoet_submit\" value=\"ABONNIEREN\" data-automation-id=\"subscribe-submit-button\" style=\"padding:5px;margin: 0 auto 0 0;border-color:transparent;\" \/><span class=\"mailpoet_form_loading\"><span class=\"mailpoet_bounce1\"><\/span><span class=\"mailpoet_bounce2\"><\/span><span class=\"mailpoet_bounce3\"><\/span><\/span><\/div>\n\n      <div class=\"mailpoet_message\">\n        <p class=\"mailpoet_validate_success\"\n                style=\"display:none;\"\n                >Bitte \u00fcberpr\u00fcfen Sie Ihren Posteingang, um Ihr Abonnement zu best\u00e4tigen. Sehen Sie ggf. auch im Spamordner nach.\n        <\/p>\n        <p class=\"mailpoet_validate_error\"\n                style=\"display:none;\"\n                >        <\/p>\n      <\/div>\n    <\/form>\n\n      <\/div>\n\n  <\/center><\/p>\n\n\t\t<\/div>\n\t<\/div>\n<\/div><\/div><\/div><\/div><!-- Row Backgrounds --><div class=\"upb_color\" data-bg-override=\"full\" data-bg-color=\"rgba(89,6,48,0.96)\" data-fadeout=\"\" data-fadeout-percentage=\"30\" data-parallax-content=\"\" data-parallax-content-sense=\"30\" data-row-effect-mobile-disable=\"true\" data-img-parallax-mobile-disable=\"true\" data-rtl=\"false\"  data-custom-vc-row=\"\"  data-vc=\"7.9\"  data-is_old_vc=\"\"  data-theme-support=\"\"   data-overlay=\"true\" data-overlay-color=\"rgba(89,6,48,0.96)\" data-overlay-pattern=\"\" data-overlay-pattern-opacity=\"0.9\" data-overlay-pattern-size=\"\" data-overlay-pattern-attachment=\"scroll\"    ><\/div><\/div>[\/vc_column][\/vc_row]<\/p>\n<\/div>","protected":false},"excerpt":{"rendered":"Newsletter BLEIBEN SIE AUF DEM LAUFENDEN, ABONNIEREN SIE UNSEREN NEWSLETTER! (Bemerkung: der Newsletter ist Franz\u00f6sisch) Bitte dieses Feld leer lassen Bitte \u00fcberpr\u00fcfen Sie Ihren Posteingang, um<span class=\"excerpt-hellip\"> [\u2026]<\/span>","protected":false},"author":1,"featured_media":0,"parent":0,"menu_order":0,"comment_status":"closed","ping_status":"closed","template":"","meta":{"footnotes":""},"class_list":["post-2423","page","type-page","status-publish","hentry"],"_links":{"self":[{"href":"https:\/\/chateau-de-valangin.ch\/de\/wp-json\/wp\/v2\/pages\/2423","targetHints":{"allow":["GET"]}}],"collection":[{"href":"https:\/\/chateau-de-valangin.ch\/de\/wp-json\/wp\/v2\/pages"}],"about":[{"href":"https:\/\/chateau-de-valangin.ch\/de\/wp-json\/wp\/v2\/types\/page"}],"author":[{"embeddable":true,"href":"https:\/\/chateau-de-valangin.ch\/de\/wp-json\/wp\/v2\/users\/1"}],"replies":[{"embeddable":true,"href":"https:\/\/chateau-de-valangin.ch\/de\/wp-json\/wp\/v2\/comments?post=2423"}],"version-history":[{"count":14,"href":"https:\/\/chateau-de-valangin.ch\/de\/wp-json\/wp\/v2\/pages\/2423\/revisions"}],"predecessor-version":[{"id":4896,"href":"https:\/\/chateau-de-valangin.ch\/de\/wp-json\/wp\/v2\/pages\/2423\/revisions\/4896"}],"wp:attachment":[{"href":"https:\/\/chateau-de-valangin.ch\/de\/wp-json\/wp\/v2\/media?parent=2423"}],"curies":[{"name":"wp","href":"https:\/\/api.w.org\/{rel}","templated":true}]}}