{"id":4796,"date":"2025-05-14T16:11:43","date_gmt":"2025-05-14T14:11:43","guid":{"rendered":"https:\/\/chateau-de-valangin.ch\/expositions\/televiseurs-portables-sylvain-paroz\/"},"modified":"2025-05-14T16:11:43","modified_gmt":"2025-05-14T14:11:43","slug":"televiseurs-portables-sylvain-paroz","status":"publish","type":"expositions","link":"https:\/\/chateau-de-valangin.ch\/de\/austellungen\/televiseurs-portables-sylvain-paroz\/","title":{"rendered":"T\u00e9l\u00e9viseurs portables: une r\u00e9volution en poche"},"content":{"rendered":"<p>\u00c0 partir des ann\u00e9es 1970, les fabricants d\u2019\u00e9lectronique commencent \u00e0 miniaturiser les t\u00e9l\u00e9viseurs, afin de les rendre transportables. Si ces appareils permettent de suivre les \u00e9missions en dehors du salon, ils posent aussi de nouveaux d\u00e9fis techniques. En effet, les \u00e9crans LCD passifs et les tubes cathodiques compacts offrent une qualit\u00e9 d\u2019image encore limit\u00e9e.<\/p>\n<p>Dans les ann\u00e9es 1960, Sony d\u00e9veloppe la technologie Trinitron. Cette innovation am\u00e9liore nettement la nettet\u00e9 et le contraste et positionne la marque comme un acteur cl\u00e9 du march\u00e9 des t\u00e9l\u00e9viseurs portables.<\/p>\n<p>La vitrine pr\u00e9sente une s\u00e9lection d\u2019appareils r\u00e9unis par Sylvain Paroz, passionn\u00e9 d\u2019\u00e9lectronique et d\u2019audiovisuel depuis l\u2019enfance. Il d\u00e9monte, assemble, compare et conserve. Une partie de sa collection est visible au ch\u00e2teau et mus\u00e9e de Valangin.<\/p>\n<p>La vitrine peut \u00eatre visit\u00e9e durant les heures d\u2019ouverture du mus\u00e9e.<\/p>\n","protected":false},"menu_order":0,"template":"","expositions_categories":[60],"class_list":["post-4796","expositions","type-expositions","status-publish","hentry","exposition_categories-vitrine-du-collectionneur-de"],"banner_expo":false,"date_debut_expo":"2025-03-01","date_fin_expo":"2025-10-31","horaire_debut_expo":"","horaire_fin_expo":"","prix_adulte_expo":"","prix_enfant_expo":"","prix_famille_expo":"","details_expo":"","inscription_expo":"","informations_expo":"","visuel_expo":false,"complement":"","_links":{"self":[{"href":"https:\/\/chateau-de-valangin.ch\/de\/wp-json\/wp\/v2\/expositions\/4796","targetHints":{"allow":["GET"]}}],"collection":[{"href":"https:\/\/chateau-de-valangin.ch\/de\/wp-json\/wp\/v2\/expositions"}],"about":[{"href":"https:\/\/chateau-de-valangin.ch\/de\/wp-json\/wp\/v2\/types\/expositions"}],"wp:attachment":[{"href":"https:\/\/chateau-de-valangin.ch\/de\/wp-json\/wp\/v2\/media?parent=4796"}],"wp:term":[{"taxonomy":"exposition_categories","embeddable":true,"href":"https:\/\/chateau-de-valangin.ch\/de\/wp-json\/wp\/v2\/expositions_categories?post=4796"}],"curies":[{"name":"wp","href":"https:\/\/api.w.org\/{rel}","templated":true}]}}