{"id":4933,"date":"2026-05-15T12:12:36","date_gmt":"2026-05-15T10:12:36","guid":{"rendered":"https:\/\/chateau-de-valangin.ch\/?post_type=agenda&#038;p=4933"},"modified":"2026-05-15T18:16:42","modified_gmt":"2026-05-15T16:16:42","slug":"tag-der-museen-2026","status":"publish","type":"agenda","link":"https:\/\/chateau-de-valangin.ch\/de\/kalender\/tag-der-museen-2026\/","title":{"rendered":"Tag der Museen 2026"},"content":{"rendered":"<p class=\"font_8 wixui-rich-text__text\"><span class=\"wixui-rich-text__text\"><strong><em>Bitte beachten Sie, dass die F\u00fchrungen und die Spiele in Franz\u00f6sischer Sprache stattfinden.\u00a0<\/em><\/strong><\/span><\/p>\n<p class=\"font_8 wixui-rich-text__text\"><span class=\"wixui-rich-text__text\">La Nuit et le Jour des Mus\u00e9es invitent le public \u00e0 d\u00e9couvrir gratuitement les expositions des mus\u00e9es du canton de Neuch\u00e2tel et \u00e0 participer aux nombreuses animations mises en place sp\u00e9cialement pour l\u2019occasion.<\/span><\/p>\n<p>Visites\u00a0 l&#8217;exposition &#8222;<a href=\"https:\/\/chateau-de-valangin.ch\/expositions\/a-feu-et-a-sang-laffaire-de-neuchatel\/\">\u00c0 feu &amp; \u00e0 sang. 1856, le r\u00e9publique en p\u00e9ril<\/a>&#8220; et du souterrain.<\/p>\n<p><img loading=\"lazy\" decoding=\"async\" class=\"aligncenter wp-image-4176\" src=\"https:\/\/chateau-de-valangin.ch\/NEWSITE\/wp-content\/uploads\/2024\/01\/favicon.svg\" alt=\"icon\" width=\"15\" height=\"25\" \/><\/p>\n<p><strong><span style=\"font-size: 14pt;\">RALLYE ROYALISTE<br \/>\n<span style=\"font-size: 11pt;\">(11h00 &#8211; 17h00, dernier d\u00e9part \u00e0 16h15)<\/span><\/span><\/strong><\/p>\n<p data-start=\"0\" data-end=\"168\">Durant toute la journ\u00e9e, explorez l\u2019exposition temporaire \u00ab \u00c0 feu &amp; \u00e0 sang \u2013 1856, la R\u00e9publique en p\u00e9ril \u00bb \u00e0 travers un parcours sp\u00e9cialement con\u00e7u pour les enfants.<\/p>\n<p data-start=\"170\" data-end=\"410\" data-is-last-node=\"\" data-is-only-node=\"\">Questions, observations et petits d\u00e9tails \u00e0 rep\u00e9rer permettent de d\u00e9couvrir autrement l\u2019Affaire de Neuch\u00e2tel et les \u00e9v\u00e9nements de 1856. Ouvrez l\u2019\u0153il : de petits personnages jaunes se sont gliss\u00e9s dans l\u2019exposition\u2026 \u00e0 vous de les retrouver !<\/p>\n<p data-start=\"170\" data-end=\"410\" data-is-last-node=\"\" data-is-only-node=\"\"><img loading=\"lazy\" decoding=\"async\" class=\"aligncenter wp-image-4176\" src=\"https:\/\/chateau-de-valangin.ch\/NEWSITE\/wp-content\/uploads\/2024\/01\/favicon.svg\" alt=\"icon\" width=\"15\" height=\"25\" \/><\/p>\n<p><strong><span style=\"font-size: 14pt;\">DEMONSTRATION DE DENTELLI\u00c8RES<br \/>\n<span style=\"font-size: 11pt;\">(14h00 &#8211; 17h00, derni\u00e8re entr\u00e9e \u00e0 16h30)<\/span><\/span><\/strong><\/p>\n<p data-start=\"0\" data-end=\"150\">Assistez \u00e0 une d\u00e9monstration de dentelli\u00e8res et d\u00e9couvrez un savoir-faire qui a profond\u00e9ment marqu\u00e9 l\u2019histoire et l\u2019\u00e9conomie du canton de Neuch\u00e2tel.<\/p>\n<p data-start=\"152\" data-end=\"362\" data-is-last-node=\"\" data-is-only-node=\"\">Au fil des gestes pr\u00e9cis et du travail des fuseaux, les dentelli\u00e8res pr\u00e9sentent les techniques traditionnelles de la dentelle aux fuseaux, longtemps pratiqu\u00e9e dans les Montagnes neuch\u00e2teloises et le Val-de-Ruz.<\/p>\n<p data-start=\"152\" data-end=\"362\" data-is-last-node=\"\" data-is-only-node=\"\"><img loading=\"lazy\" decoding=\"async\" class=\"aligncenter wp-image-4176\" src=\"https:\/\/chateau-de-valangin.ch\/NEWSITE\/wp-content\/uploads\/2024\/01\/favicon.svg\" alt=\"icon\" width=\"15\" height=\"25\" \/><\/p>\n<p><strong><span style=\"font-size: 14pt;\">VISITE GUID\u00c9E DE L&#8217;EXPOSITION TEMPORAIRE &#8222;\u00c0 FEU ET \u00c0 SANG&#8220;<br \/>\n<span style=\"font-size: 11pt;\">(11h00 &#8211; 13h30 &#8211; 14h30 &#8211; sur r\u00e9servation)<\/span><\/span><\/strong><\/p>\n<p data-start=\"0\" data-end=\"173\">Participez \u00e0 une visite guid\u00e9e express de l\u2019exposition temporaire \u00ab \u00c0 feu et \u00e0 sang ! La R\u00e9publique en p\u00e9ril \u00bb en compagnie de la directrice-conservatrice Camille J\u00e9quier.<\/p>\n<p data-start=\"175\" data-end=\"475\" data-is-last-node=\"\" data-is-only-node=\"\">Cette pr\u00e9sentation propose un aper\u00e7u des \u00e9v\u00e9nements de 1856, lorsque des partisans du roi de Prusse tentent de renverser la jeune R\u00e9publique neuch\u00e2teloise. Une plong\u00e9e dans un \u00e9pisode longtemps rest\u00e9 discret de l\u2019histoire cantonale, entre tensions politiques, affrontements arm\u00e9s et enjeux europ\u00e9ens.<\/p>\n<ul>\n<li data-start=\"175\" data-end=\"475\">11h00 (r\u00e9servation r\u00e9quise, places limit\u00e9es)<\/li>\n<li data-start=\"175\" data-end=\"475\">13h30 (r\u00e9servation r\u00e9quise, places limit\u00e9es)<\/li>\n<li data-start=\"175\" data-end=\"475\">14h30 (r\u00e9servation r\u00e9quise, places limit\u00e9es)<\/li>\n<\/ul>\n<p><img loading=\"lazy\" decoding=\"async\" class=\"aligncenter wp-image-4176\" src=\"https:\/\/chateau-de-valangin.ch\/NEWSITE\/wp-content\/uploads\/2024\/01\/favicon.svg\" alt=\"icon\" width=\"15\" height=\"25\" \/><\/p>\n<p data-start=\"170\" data-end=\"410\" data-is-last-node=\"\" data-is-only-node=\"\"><span style=\"font-size: 14pt;\"><strong>VISITE GUID\u00c9E DU SOUTERRAIN<\/strong><\/span><br \/>\n<strong>(11h30 &#8211; 14h00 &#8211; 15h00 &#8211; sur r\u00e9servation)\u00a0<\/strong><\/p>\n<p data-start=\"0\" data-end=\"126\">D\u00e9couvrez un espace habituellement ferm\u00e9 au public : le \u00ab souterrain \u00bb du ch\u00e2teau de Valangin\u2026 qui n\u2019en est pas vraiment un.<\/p>\n<p data-start=\"128\" data-end=\"433\">Cette visite permet d\u2019explorer les parties basses du ch\u00e2teau et d\u2019en apprendre davantage sur les dispositifs de d\u00e9fense mis en place au 15e si\u00e8cle par les seigneurs de Valangin-Aarberg. Entre passages \u00e9troits, murs \u00e9pais et architecture d\u00e9fensive, le parcours offre un autre regard sur l\u2019histoire du site.<\/p>\n<p data-start=\"435\" data-end=\"575\" data-is-last-node=\"\" data-is-only-node=\"\">R\u00e9servation obligatoire par e-mail \u00e0 <a class=\"decorated-link cursor-pointer\" rel=\"noopener\" data-start=\"472\" data-end=\"499\">info@chateau-de-valangin.ch<\/a> ou par t\u00e9l\u00e9phone au 032 857 23 83 (r\u00e9pondeur).<\/p>\n<ul>\n<li data-start=\"175\" data-end=\"475\">11h30 (r\u00e9servation r\u00e9quise, places limit\u00e9es)<\/li>\n<li data-start=\"175\" data-end=\"475\">14h00 (r\u00e9servation r\u00e9quise, places limit\u00e9es)<\/li>\n<li data-start=\"175\" data-end=\"475\">15h00 (r\u00e9servation r\u00e9quise, places limit\u00e9es)<\/li>\n<\/ul>\n<p data-start=\"435\" data-end=\"575\" data-is-last-node=\"\" data-is-only-node=\"\">Merci de pr\u00e9voir de bonnes chaussures.<\/p>\n","protected":false},"template":"","agenda_categories":[47,42],"class_list":["post-4933","agenda","type-agenda","status-publish","hentry","agenda_categories-animation-de","agenda_categories-veranstaltung"],"banner_event":{"ID":"4951","post_author":"4","post_date":"2026-05-15 18:04:34","post_date_gmt":"2026-05-15 16:04:34","post_content":"la nuit et le jour des mus\u00e9es neuch\u00e2telois 2026","post_title":"jour et nuit des musees neuchatelois 2026","post_excerpt":"la nuit et le jour des mus\u00e9es neuch\u00e2telois 2026","post_status":"inherit","comment_status":"closed","ping_status":"closed","post_password":"","post_name":"jour-et-nuit-des-musees-neuchatelois-2026-2","to_ping":"","pinged":"","post_modified":"2026-05-15 18:15:59","post_modified_gmt":"2026-05-15 16:15:59","post_content_filtered":"","post_parent":"4933","guid":"https:\/\/chateau-de-valangin.ch\/NEWSITE\/wp-content\/uploads\/2026\/05\/jour-et-nuit-des-musees-neuchatelois-2026.png","menu_order":"0","post_type":"attachment","post_mime_type":"image\/png","comment_count":"0","translation_id":"1732","element_type":"post_attachment","element_id":"4951","trid":"4177","language_code":"de","source_language_code":"fr","id":"3","code":"de","english_name":"German","major":"1","active":"1","default_locale":"de_DE","tag":"de-de","encode_url":"0","country":null,"pod_item_id":"4951"},"date_debut_event":"2026-05-24","date_fin_event":"2026-05-24","horaire_debut_event":"11h00","horaire_fin_event":"17h00","prix_adulte_event":"","prix_enfant_event":"","prix_famille_event":"","details_event":"","inscription_event":"Obligatorisch unter info@chateau-de-valangin.ch","informations_event":"Gratis Eintritt, Reservation f\u00fcr die F\u00fchrungen obligatorisch","visuel_events":false,"complement":"<a href=\"https:\/\/www.museesneuchatelois.ch\/nuit-et-jour-des-mus%C3%A9es\" target=\"_blank\" rel=\"noopener\">https:\/\/www.museesneuchatelois.ch\/<\/a>","_links":{"self":[{"href":"https:\/\/chateau-de-valangin.ch\/de\/wp-json\/wp\/v2\/agenda\/4933","targetHints":{"allow":["GET"]}}],"collection":[{"href":"https:\/\/chateau-de-valangin.ch\/de\/wp-json\/wp\/v2\/agenda"}],"about":[{"href":"https:\/\/chateau-de-valangin.ch\/de\/wp-json\/wp\/v2\/types\/agenda"}],"wp:attachment":[{"href":"https:\/\/chateau-de-valangin.ch\/de\/wp-json\/wp\/v2\/media?parent=4933"}],"wp:term":[{"taxonomy":"agenda_categories","embeddable":true,"href":"https:\/\/chateau-de-valangin.ch\/de\/wp-json\/wp\/v2\/agenda_categories?post=4933"}],"curies":[{"name":"wp","href":"https:\/\/api.w.org\/{rel}","templated":true}]}}