{"id":4725,"date":"2025-02-18T17:26:49","date_gmt":"2025-02-18T16:26:49","guid":{"rendered":"https:\/\/chateau-de-valangin.ch\/agenda\/journee-des-musees-2025\/"},"modified":"2025-04-09T16:43:36","modified_gmt":"2025-04-09T14:43:36","slug":"journee-des-musees-2025","status":"publish","type":"agenda","link":"https:\/\/chateau-de-valangin.ch\/de\/kalender\/journee-des-musees-2025\/","title":{"rendered":"Journ\u00e9e des mus\u00e9es 2025"},"content":{"rendered":"<p>La nouvelle exposition temporaire &#8222;Au poil. Une histoire chevelue et poilue&#8220; vous emm\u00e8ne dans un voyage \u00e0 travers l&#8217;histoire culturelle des cheveux, de la barbe et des poils corporels. Du symbole de force et de pouvoir aux normes sociales et aux tendances de la mode, les poils ont toujours \u00e9t\u00e9 l&#8217;expression de l&#8217;identit\u00e9, du statut et m\u00eame de la contestation.<\/p>\n<p>Des fers \u00e0 friser, des bigoudis en cuir, des m\u00e8ches postiches et autres objets sortis de nos collections aborderont ces diff\u00e9rentes th\u00e9matiques, objets li\u00e9s, entre autre, aux soins capillaires et pileux. De m\u00eame qu\u2019une vaste collection de voiles, chapeaux et autres couvre-chefs, dont une coiffe neuch\u00e2teloise en plumes d\u2019autruche du 17e si\u00e8cle, sera expos\u00e9e. Un espace d\u00e9di\u00e9 aux m\u00e9tiers li\u00e9s \u00e0 la chevelure et aux poils tels barbiers, \u00e9tuveurs, esth\u00e9ticiennes, perruquiers, coiffeurs et coiffeuses proposera \u00e9galement des outils et des objets bien sp\u00e9cifiques.<\/p>\n<p>Une artiste bernoise, Franziska Santschi (<a href=\"https:\/\/www.hairwork.ch\/\" target=\"_blank\" rel=\"noopener\">Hairwork<\/a>) se consacre depuis pr\u00e8s de 30 ans \u00e0 un art rare et ancien: la cr\u00e9ation de bijoux avec des cheveux humains. Elle nous montrera comment elle fabrique des bijoux et des dentelles aux fuseaux \u00e0 partir de cheveux.<\/p>\n<p>Des activit\u00e9s pour petits et grands seront propos\u00e9es de quoi faire dresser les poils sur la t\u00eate et mettre les cheveux en bataille.<\/p>\n<p>11h30+14h+15h30 Visite guid\u00e9e de l\u2019exposition \u00ab\u00a0 Au poil. Une histoire poilue et chevelue \u00bb. Rendez-vous \u00e0 l\u2019entr\u00e9e (env. 45 min).<\/p>\n<p>&nbsp;<\/p>\n<p>&nbsp;<\/p>\n","protected":false},"template":"","agenda_categories":[47,42],"class_list":["post-4725","agenda","type-agenda","status-publish","hentry","agenda_categories-animation-de","agenda_categories-veranstaltung"],"banner_event":false,"date_debut_event":"2025-05-18","date_fin_event":"2025-05-18","horaire_debut_event":"11h00","horaire_fin_event":"17h00","prix_adulte_event":"","prix_enfant_event":"","prix_famille_event":"","details_event":"","inscription_event":"","informations_event":"Entr\u00e9e libre","visuel_events":false,"complement":"<a href=\"https:\/\/www.museesneuchatelois.ch\/nuit-et-jour-des-mus%C3%A9es\" target=\"_blank\" rel=\"noopener\">https:\/\/www.museesneuchatelois.ch\/<\/a>","_links":{"self":[{"href":"https:\/\/chateau-de-valangin.ch\/de\/wp-json\/wp\/v2\/agenda\/4725","targetHints":{"allow":["GET"]}}],"collection":[{"href":"https:\/\/chateau-de-valangin.ch\/de\/wp-json\/wp\/v2\/agenda"}],"about":[{"href":"https:\/\/chateau-de-valangin.ch\/de\/wp-json\/wp\/v2\/types\/agenda"}],"wp:attachment":[{"href":"https:\/\/chateau-de-valangin.ch\/de\/wp-json\/wp\/v2\/media?parent=4725"}],"wp:term":[{"taxonomy":"agenda_categories","embeddable":true,"href":"https:\/\/chateau-de-valangin.ch\/de\/wp-json\/wp\/v2\/agenda_categories?post=4725"}],"curies":[{"name":"wp","href":"https:\/\/api.w.org\/{rel}","templated":true}]}}