{"id":4723,"date":"2025-02-18T17:47:16","date_gmt":"2025-02-18T16:47:16","guid":{"rendered":"https:\/\/chateau-de-valangin.ch\/agenda\/fete-de-la-dentelle\/"},"modified":"2025-08-13T19:00:37","modified_gmt":"2025-08-13T17:00:37","slug":"fete-de-la-dentelle","status":"publish","type":"agenda","link":"https:\/\/chateau-de-valangin.ch\/de\/kalender\/fete-de-la-dentelle\/","title":{"rendered":"F\u00eate de la dentelle"},"content":{"rendered":"<p><strong>Le 17 ao\u00fbt 2025 :<\/strong> <strong>F\u00eate de la dentelle au ch\u00e2teau de Valangin. <\/strong><\/p>\n<p><strong>Th\u00e8me : &#8222;Une histoire de poils et de cheveux&#8220;<\/strong><\/p>\n<p>Le dimanche 17 ao\u00fbt 2025, le Ch\u00e2teau et Mus\u00e9e de Valangin sera enti\u00e8rement consacr\u00e9 \u00e0 la dentelle au fuseau de 11h \u00e0 17h.<\/p>\n<p>Les visiteurs pourront observer des artisans lors de d\u00e9monstrations en direct, d\u00e9couvrir une petite exposition sp\u00e9ciale sur le th\u00e8me des expressions \u00ab poilues \u00bb et acheter des dentelles faites \u00e0 la main.<\/p>\n<p>Une journ\u00e9e vari\u00e9e pour celles et ceux qui appr\u00e9cient l&#8217;artisanat traditionnel et l&#8217;atmosph\u00e8re historique.<\/p>\n","protected":false},"template":"","agenda_categories":[47,42],"class_list":["post-4723","agenda","type-agenda","status-publish","hentry","agenda_categories-animation-de","agenda_categories-veranstaltung"],"banner_event":false,"date_debut_event":"2025-08-17","date_fin_event":"2025-08-17","horaire_debut_event":"11h00","horaire_fin_event":"17h00","prix_adulte_event":"","prix_enfant_event":"","prix_famille_event":"","details_event":"Prix d'entr\u00e9e habituel","inscription_event":"","informations_event":"","visuel_events":false,"complement":"<a href=\"https:\/\/www.dentelleneuch.ch\/\" target=\"_blank\" rel=\"noopener\">Dentelli\u00e8res du pays de Neuch\u00e2tel<\/a>","_links":{"self":[{"href":"https:\/\/chateau-de-valangin.ch\/de\/wp-json\/wp\/v2\/agenda\/4723","targetHints":{"allow":["GET"]}}],"collection":[{"href":"https:\/\/chateau-de-valangin.ch\/de\/wp-json\/wp\/v2\/agenda"}],"about":[{"href":"https:\/\/chateau-de-valangin.ch\/de\/wp-json\/wp\/v2\/types\/agenda"}],"wp:attachment":[{"href":"https:\/\/chateau-de-valangin.ch\/de\/wp-json\/wp\/v2\/media?parent=4723"}],"wp:term":[{"taxonomy":"agenda_categories","embeddable":true,"href":"https:\/\/chateau-de-valangin.ch\/de\/wp-json\/wp\/v2\/agenda_categories?post=4723"}],"curies":[{"name":"wp","href":"https:\/\/api.w.org\/{rel}","templated":true}]}}