{"id":4668,"date":"2025-01-29T14:36:10","date_gmt":"2025-01-29T13:36:10","guid":{"rendered":"https:\/\/chateau-de-valangin.ch\/agenda\/demonstration-de-dentellieres-juillet-2025\/"},"modified":"2025-01-29T15:27:14","modified_gmt":"2025-01-29T14:27:14","slug":"demonstration-de-dentellieres-juillet-2025","status":"publish","type":"agenda","link":"https:\/\/chateau-de-valangin.ch\/de\/kalender\/demonstration-de-dentellieres-juillet-2025\/","title":{"rendered":"Kl\u00f6pplerinnen zeigen ihre Kunst Juli 2025"},"content":{"rendered":"<p><strong>Die Kunst des Kl\u00f6ppelns live erleben im Ch\u00e2teau et Mus\u00e9e de Valangin<\/strong><\/p>\n<p>Kl\u00f6ppeln ist eine traditionsreiche Handwerkskunst, die Geschichte, Pr\u00e4zision und Kreativit\u00e4t vereint. Jeden letzten Sonntag im Monat l\u00e4dt das Ch\u00e2teau et Mus\u00e9e de Valangin in Zusammenarbeit mit der <a href=\"https:\/\/www.dentelleneuch.ch\/\" target=\"_blank\" rel=\"noopener\">Association des Dentelli\u00e8res du Pays de Neuch\u00e2tel<\/a> dazu ein, die faszinierende Welt der Kl\u00f6ppelkunst hautnah zu erleben.<\/p>\n<p><strong>Ein lebendiges Erbe der Neuenburger Geschichte<\/strong><\/p>\n<p>Die Kl\u00f6ppelspitze hat in der Region Neuenburg eine lange Tradition. Bereits im 16. Jahrhundert brachten fl\u00e4mische Fl\u00fcchtlinge erste Kl\u00f6ppeltechniken in die Schweiz. Nach der Aufhebung des Edikts von Nantes 1685 kamen zahlreiche Hugenotten nach Neuenburg, die ihre handwerklichen Fertigkeiten und Kl\u00f6ppeltechniken mitbrachten. In den folgenden Jahrzehnten erlebte die Spitzenproduktion einen beispiellosen Aufschwung. Die feinen Spitzen aus Neuenburg wurden nach Europa, der restlichen Schweiz und sogar in die Neue Welt exportiert.<\/p>\n<p>Spitzen waren einst ein Luxus, der dem Adel und sp\u00e4ter auch dem B\u00fcrgertum vorbehalten war \u2013 ein Statussymbol, das von Wohlstand und Eleganz erz\u00e4hlte. Heute ist das Kl\u00f6ppeln ein lebendiges Kunsthandwerk, das mit viel Leidenschaft weitergegeben wird.<\/p>\n<p><strong>Die Association des Dentelli\u00e8res du Pays de Neuch\u00e2tel \u2013 H\u00fcterinnen der Tradition<\/strong><\/p>\n<p>Die 2002 gegr\u00fcndete Association des Dentelli\u00e8res du Pays de Neuch\u00e2tel hat es sich zur Aufgabe gemacht, dieses kulturelle Erbe zu bewahren und weiterzuentwickeln. Mit rund 80 Mitgliedern engagiert sich der Verein f\u00fcr die F\u00f6rderung und Weitergabe der Kl\u00f6ppelkunst. Regelm\u00e4ssige Kurse, kreative Workshops und gesellige Treffen bieten Interessierten die M\u00f6glichkeit, diese faszinierende Welt kennenzulernen.<\/p>\n<p>Neben dem Austausch untereinander und mit anderen Vereinen liegt ein besonderer Fokus auf der Weitergabe des Handwerks. Vom Anf\u00e4nger bis zur erfahrenen Kl\u00f6pplerin \u2013 f\u00fcr jede Hand und jeden Geschmack gibt es passende Angebote.<\/p>\n<p><strong>Live-Demonstrationen im Ch\u00e2teau et Mus\u00e9e de Valangin<\/strong><\/p>\n<p>Jeden letzten Sonntag im Monat haben Besucherinnen und Besucher des Ch\u00e2teaus et Mus\u00e9e de Valangin die Gelegenheit, den geschickten Fingern der Kl\u00f6pplerinnen zuzusehen, w\u00e4hrend sie filigrane Muster erschaffen und Geschichten \u00fcber ihre Kunst teilen. Die Demonstrationen sind nicht nur eine Freude zum Zuschauen, sondern auch die M\u00f6glichkeit, Fragen zu stellen und mehr \u00fcber die Techniken, Geschichte und Bedeutung der Kl\u00f6ppelkunst zu erfahren.<\/p>\n<p><strong>Seien Sie dabei!<\/strong><\/p>\n<p>Entdecken Sie w\u00e4hrend Ihres Besuchs in unserem Schloss und Museum die Welt der Kl\u00f6ppelspitze und lassen Sie sich von der Leidenschaft und dem K\u00f6nnen der Kl\u00f6pplerinnen anstecken.<\/p>\n<p>Die Demonstrationen finden jeden letzten Sonntag im Monat im Ch\u00e2teau et Mus\u00e9e de Valangin statt. Wir freuen uns auf Ihren Besuch!<\/p>\n","protected":false},"template":"","agenda_categories":[47],"class_list":["post-4668","agenda","type-agenda","status-publish","hentry","agenda_categories-animation-de"],"banner_event":{"ID":"4657","post_author":"3","post_date":"2025-01-29 14:35:15","post_date_gmt":"2025-01-29 13:35:15","post_content":"d\u00e9monstration de dentelli\u00e8res ","post_title":"d\u00e9monstration de dentelli\u00e8res","post_excerpt":"d\u00e9monstration de dentelli\u00e8res ","post_status":"inherit","comment_status":"closed","ping_status":"closed","post_password":"","post_name":"20240728_152306-2","to_ping":"","pinged":"","post_modified":"2025-01-29 15:27:07","post_modified_gmt":"2025-01-29 14:27:07","post_content_filtered":"","post_parent":"4668","guid":"https:\/\/chateau-de-valangin.ch\/NEWSITE\/wp-content\/uploads\/2025\/01\/20240728_152306.jpg","menu_order":"0","post_type":"attachment","post_mime_type":"image\/jpeg","comment_count":"0","translation_id":"1510","element_type":"post_attachment","element_id":"4657","trid":"4069","language_code":"de","source_language_code":"fr","id":"3","code":"de","english_name":"German","major":"1","active":"1","default_locale":"de_DE","tag":"de-de","encode_url":"0","country":null,"pod_item_id":"4657"},"date_debut_event":"2025-07-27","date_fin_event":"2025-07-27","horaire_debut_event":"14h","horaire_fin_event":"17h","prix_adulte_event":"","prix_enfant_event":"","prix_famille_event":"","details_event":"Compris dans le prix d'entr\u00e9e","inscription_event":"","informations_event":"","visuel_events":false,"complement":"","_links":{"self":[{"href":"https:\/\/chateau-de-valangin.ch\/de\/wp-json\/wp\/v2\/agenda\/4668","targetHints":{"allow":["GET"]}}],"collection":[{"href":"https:\/\/chateau-de-valangin.ch\/de\/wp-json\/wp\/v2\/agenda"}],"about":[{"href":"https:\/\/chateau-de-valangin.ch\/de\/wp-json\/wp\/v2\/types\/agenda"}],"wp:attachment":[{"href":"https:\/\/chateau-de-valangin.ch\/de\/wp-json\/wp\/v2\/media?parent=4668"}],"wp:term":[{"taxonomy":"agenda_categories","embeddable":true,"href":"https:\/\/chateau-de-valangin.ch\/de\/wp-json\/wp\/v2\/agenda_categories?post=4668"}],"curies":[{"name":"wp","href":"https:\/\/api.w.org\/{rel}","templated":true}]}}