{"id":4557,"date":"2024-07-13T15:27:03","date_gmt":"2024-07-13T13:27:03","guid":{"rendered":"https:\/\/chateau-de-valangin.ch\/agenda\/comment-decrire-ces-objets-avec-step2blind\/"},"modified":"2024-07-13T15:36:34","modified_gmt":"2024-07-13T13:36:34","slug":"comment-decrire-ces-objets-avec-step2blind","status":"publish","type":"agenda","link":"https:\/\/chateau-de-valangin.ch\/de\/kalender\/comment-decrire-ces-objets-avec-step2blind\/","title":{"rendered":"Comment d\u00e9crire ces objets? (avec step2blind)"},"content":{"rendered":"<div class=\"tribe-events-single-event-description tribe-events-content\">\n<p>Faites rena\u00eetre les objets du Ch\u00e2teau et mus\u00e9e de Valangin dans votre imaginaire, le temps d\u2019une visite. Les yeux band\u00e9s, vous serez guid\u00e9s dans l\u2019exposition et d\u00e9couvrirez la sc\u00e9nographie et les objets gr\u00e2ces \u00e0 vos sens.<\/p>\n<p><strong>step2blind vous propose une visite diff\u00e9rente, surprenante permettant de &#8222;voir&#8220; notre mus\u00e9e autrement.<\/strong><\/p>\n<p>Cette visite se fait en partie avec des lunettes noires. Avec les yeux band\u00e9s, les participant-e-s sont amen\u00e9-e-s \u00e0 toucher, sentir, ressentir, voir avec leurs mains et leurs oreilles. C\u2019est l\u2019occasion pour eux de \u201cvoir\u201d notre mus\u00e9e diff\u00e9remment, d\u2019\u00eatre attentif \u00e0 d\u2019autres d\u00e9tails, d\u2019autres bruits et d\u2019autres sensations. Un m\u00eame lieu est ainsi per\u00e7u diff\u00e9remment.<\/p>\n<p>2 visites : de 14h15 \u00e0 15h15 et de 16h15 \u00e0 17h15<\/p>\n<p><a href=\"https:\/\/www.step2blind.ch\/event\/comment-decrire-ces-objets\/\" target=\"_blank\" rel=\"noopener\">Les d\u00e9tails suivront sur le site de step2blind.<\/a><\/p>\n<hr \/>\n<p>Diese Veranstaltung ist auf Franz\u00f6sisch<\/p>\n<\/div>\n","protected":false},"template":"","agenda_categories":[47,46],"class_list":["post-4557","agenda","type-agenda","status-publish","hentry","agenda_categories-animation-de","agenda_categories-workshop"],"banner_event":{"ID":"4552","post_author":"3","post_date":"2024-07-13 15:20:19","post_date_gmt":"2024-07-13 13:20:19","post_content":"une personne aux yeux band\u00e9s examine un cadre photo en bois \u00e0 l'aide de ses mains","post_title":"15","post_excerpt":"une personne aux yeux band\u00e9s examine un cadre photo en bois \u00e0 l'aide de ses mains","post_status":"inherit","comment_status":"closed","ping_status":"closed","post_password":"","post_name":"15-2","to_ping":"","pinged":"","post_modified":"2024-07-13 15:22:55","post_modified_gmt":"2024-07-13 13:22:55","post_content_filtered":"","post_parent":"4557","guid":"https:\/\/chateau-de-valangin.ch\/NEWSITE\/wp-content\/uploads\/2024\/07\/15.png","menu_order":"0","post_type":"attachment","post_mime_type":"image\/png","comment_count":"0","translation_id":"1420","element_type":"post_attachment","element_id":"4552","trid":"4027","language_code":"de","source_language_code":"fr","id":"3","code":"de","english_name":"German","major":"1","active":"1","default_locale":"de_DE","tag":"de-de","encode_url":"0","country":null,"pod_item_id":"4552"},"date_debut_event":"2024-09-28","date_fin_event":"2024-09-28","horaire_debut_event":"14:15","horaire_fin_event":"17:15 Uhr","prix_adulte_event":"","prix_enfant_event":"","prix_famille_event":"","details_event":"inscription obligatoire, les places sont limit\u00e9es","inscription_event":"","informations_event":"2 visites guid\u00e9es, la premi\u00e8re \u00e0 14h15, la deuxi\u00e8me \u00e0 16h15 - Diese Veranstaltung ist auf Franz\u00f6sisch","visuel_events":false,"complement":"","_links":{"self":[{"href":"https:\/\/chateau-de-valangin.ch\/de\/wp-json\/wp\/v2\/agenda\/4557","targetHints":{"allow":["GET"]}}],"collection":[{"href":"https:\/\/chateau-de-valangin.ch\/de\/wp-json\/wp\/v2\/agenda"}],"about":[{"href":"https:\/\/chateau-de-valangin.ch\/de\/wp-json\/wp\/v2\/types\/agenda"}],"wp:attachment":[{"href":"https:\/\/chateau-de-valangin.ch\/de\/wp-json\/wp\/v2\/media?parent=4557"}],"wp:term":[{"taxonomy":"agenda_categories","embeddable":true,"href":"https:\/\/chateau-de-valangin.ch\/de\/wp-json\/wp\/v2\/agenda_categories?post=4557"}],"curies":[{"name":"wp","href":"https:\/\/api.w.org\/{rel}","templated":true}]}}