{"id":4397,"date":"2024-04-10T11:37:48","date_gmt":"2024-04-10T09:37:48","guid":{"rendered":"https:\/\/chateau-de-valangin.ch\/agenda\/la-nuit-des-musees\/"},"modified":"2024-04-10T18:33:42","modified_gmt":"2024-04-10T16:33:42","slug":"la-nuit-des-musees","status":"publish","type":"agenda","link":"https:\/\/chateau-de-valangin.ch\/de\/kalender\/la-nuit-des-musees\/","title":{"rendered":"Die Nacht der Museen"},"content":{"rendered":"<p>Im Rahmen der <a href=\"https:\/\/chateau-de-valangin.ch\/de\/austellungen\/valangin-au-feminin-3-femmes-3-vies-3-siecles\/\">Wechselausstellung &#8222;Valangin au f\u00e9minin &#8211; 3 Frauen, 3 Leben, 3 Jahrhunderte&#8220;<\/a> bieten wir eine buchst\u00e4bliche R\u00fcckblende: das Schloss und der Ort werden in die Nacht getaucht. Gehen Sie im Schein der &#8222;Fackel&#8220; durch das Schloss gehen und bekommen Sie einen Eindruck davon, wie M\u00e4nner und Frauen vor der Einf\u00fchrung der elektrischen Beleuchtung gelebt haben. Bei F\u00fchrungen durch den Ort (auf Franz\u00f6sisch) erfahren Sie mehr \u00fcber die Geschichte der Beleuchtung und \u00fcber die kleinen Details, die &#8222;anst\u00e4ndigen Leute&#8220; vom &#8222;P\u00f6bel&#8220; unterscheiden. Es ist auch eine Gelegenheit, sich ein Bild davon zu machen, wie das Leben im St\u00e4dtchen Valangin organisiert war.<\/p>\n<p>Unsere diesj\u00e4hrige Wechselausstellung bietet einen Blick auf das Alltagsleben anhand der Lebensl\u00e4ufe von Guillemette de Vergy, Katharina von Wattenwyl und Julie L&#8217;Eplattenier. Diese drei Frauen, die in verschiedenen Jahrhunderten lebten und aus unterschiedlichen sozialen Schichten stammten, sind mit der gro\u00dfen Geschichte in Ber\u00fchrung gekommen, w\u00e4hrend sie ihre eigene lebten.<\/p>\n","protected":false},"template":"","agenda_categories":[58,59,42],"class_list":["post-4397","agenda","type-agenda","status-publish","hentry","agenda_categories-visite-de","agenda_categories-kulturerbe","agenda_categories-veranstaltung"],"banner_event":{"ID":"3229","post_author":"1","post_date":"2018-12-26 14:32:10","post_date_gmt":"2018-12-26 14:32:10","post_content":"","post_title":"20-chateau-de-valangin_photo-noemi-tirro","post_excerpt":"","post_status":"inherit","comment_status":"closed","ping_status":"closed","post_password":"","post_name":"20-chateau-de-valangin_photo-noemi-tirro-2","to_ping":"","pinged":"","post_modified":"2024-04-10 18:28:29","post_modified_gmt":"2024-04-10 16:28:29","post_content_filtered":"","post_parent":"4397","guid":"http:\/\/chateau-de-valangin.ch\/NEWSITE\/wp-content\/uploads\/2018\/12\/20-chacc82teau-de-valangin_photo-noemi-tirro.jpg","menu_order":"0","post_type":"attachment","post_mime_type":"image\/jpeg","comment_count":"0","translation_id":"557","element_type":"post_attachment","element_id":"3229","trid":"3490","language_code":"de","source_language_code":"fr","id":"3","code":"de","english_name":"German","major":"1","active":"1","default_locale":"de_DE","tag":"de-de","encode_url":"0","country":null,"pod_item_id":"3229"},"date_debut_event":"2024-05-18","date_fin_event":"2024-05-18","horaire_debut_event":"18:00","horaire_fin_event":"22:00 Uhr","prix_adulte_event":"10.-","prix_enfant_event":"5.-","prix_famille_event":"","details_event":"Drei F\u00fchrungen im St\u00e4dtchen, um 18:30 \/ 19:00 \/ 20:30. Freie Besichtigung des Schlosses von 18:00 bis 22:00 Uhr","inscription_event":"Anmeldung obligatorisch f\u00fcr die F\u00fchrungen.","informations_event":"Die F\u00fchrungen finden auf Franz\u00f6sisch statt","visuel_events":false,"complement":"","_links":{"self":[{"href":"https:\/\/chateau-de-valangin.ch\/de\/wp-json\/wp\/v2\/agenda\/4397","targetHints":{"allow":["GET"]}}],"collection":[{"href":"https:\/\/chateau-de-valangin.ch\/de\/wp-json\/wp\/v2\/agenda"}],"about":[{"href":"https:\/\/chateau-de-valangin.ch\/de\/wp-json\/wp\/v2\/types\/agenda"}],"wp:attachment":[{"href":"https:\/\/chateau-de-valangin.ch\/de\/wp-json\/wp\/v2\/media?parent=4397"}],"wp:term":[{"taxonomy":"agenda_categories","embeddable":true,"href":"https:\/\/chateau-de-valangin.ch\/de\/wp-json\/wp\/v2\/agenda_categories?post=4397"}],"curies":[{"name":"wp","href":"https:\/\/api.w.org\/{rel}","templated":true}]}}